{"id":150,"date":"2012-10-23T22:01:59","date_gmt":"2012-10-23T20:01:59","guid":{"rendered":"http:\/\/ampa.ielesvinyes.net\/stage1\/?page_id=150"},"modified":"2020-02-05T07:18:36","modified_gmt":"2020-02-05T06:18:36","slug":"preguntes-frequents-afa","status":"publish","type":"page","link":"https:\/\/agora.xtec.cat\/ielesvinyes\/afa-les-vinyes\/preguntes-frequents-afa\/","title":{"rendered":"AFA: Preguntes Freq\u00fcents"},"content":{"rendered":"<p lang=\"ca-ES\" style=\"text-align: justify;\"><span style=\"color: #a4a53c;\"><strong>\u00a0<span style=\"font-size: small; font-family: 'Trebuchet MS', sans-serif;\">1. QUE \u00c9S L\u2019AFA?<\/span><\/strong><\/span><\/p>\n<p style=\"text-align: justify;\">L\u2019AFA (Associaci\u00f3 de Fam\u00edlies d\u2019Alumnes) Les Vinyes, \u00e9s una entitat sense afany de lucre que agrupa les fam\u00edlies dels alumnes de tots els cicles : Infantil, Prim\u00e0ria i Secund\u00e0ria (ESO) de l\u2019Institut-Escola.<\/p>\n<p style=\"text-align: justify;\">Est\u00e0 reconeguda legalment en el Registre d\u2019associacions i les seves funcions estan regulades per un Decret de la Generalitat de Catalunya.<\/p>\n<p style=\"text-align: justify;\">L&#8217;objectiu fonamental de l\u2019AFA \u00e9s contribuir a la millora de la qualitat de l\u2019ensenyament que reben els nostres fills i filles, donant prioritat a l\u2019educaci\u00f3, valors i integraci\u00f3. El seu funcionament es basa en el di\u00e0leg i en la col\u00b7laboraci\u00f3 entre pares i mares, direcci\u00f3 de l&#8217;escola, mestres i professors\/es.<\/p>\n<p lang=\"ca-ES\" style=\"text-align: justify;\"><span style=\"color: #a4a53c;\"><strong>\u00a0<span style=\"font-size: small; font-family: 'Trebuchet MS', sans-serif;\">2. QU\u00c8 FA\u00a0L&#8217;AFA?<\/span><\/strong><\/span><\/p>\n<ul>\n<li style=\"text-align: justify;\">Fa tot el possible per oferir serveis b\u00e0sics que ajuden a conciliar vida familiar i laboral (acollida, menjador i extraescolars).<\/li>\n<li style=\"text-align: justify;\">\u00c9s el principal interlocutor que tenen els mestres, professors\/es i l\u2019equip directiu per a tractar\u00a0els temes que afecten a tot el col\u00b7lectiu de fam\u00edlies i el projecte de centre.<\/li>\n<li style=\"text-align: justify;\">Permet a les fam\u00edlies reflexionar i opinar sobre el funcionament quotidi\u00e0 de l\u2019Institut-Escola i sobre temes educatius d\u2019abast m\u00e9s general.<\/li>\n<li style=\"text-align: justify;\">Administra i gestiona els recursos que aporten els socis i s\u00f2cies.<\/li>\n<li style=\"text-align: justify;\">Participa en la presa de decisions i en el govern de l\u2019IE mitjan\u00e7ant un representant en el <strong><span style=\"color: #0c97c9;\">Consell Escolar<\/span><\/strong> <em><a href=\"https:\/\/agora.xtec.cat\/ielesvinyes\/afa-les-vinyes\/afa-qui-som\/afa-qui-som-ojectius\/consell-escolar\/\"><img loading=\"lazy\" decoding=\"async\" class=\"alignnone wp-image-5552\" src=\"https:\/\/agora.xtec.cat\/ielesvinyes\/wp-content\/uploads\/usu1433\/2020\/02\/anar-a.png\" alt=\"\" width=\"18\" height=\"18\" srcset=\"https:\/\/agora.xtec.cat\/ielesvinyes\/wp-content\/uploads\/usu1433\/2020\/02\/anar-a.png 512w, https:\/\/agora.xtec.cat\/ielesvinyes\/wp-content\/uploads\/usu1433\/2020\/02\/anar-a-150x150.png 150w, https:\/\/agora.xtec.cat\/ielesvinyes\/wp-content\/uploads\/usu1433\/2020\/02\/anar-a-300x300.png 300w\" sizes=\"auto, (max-width: 18px) 100vw, 18px\" \/><\/a><\/em> del Centre.<\/li>\n<li style=\"text-align: justify;\">Coordina el menjador escolar juntament amb la direcci\u00f3 del centre, l&#8217;acollida matinal i les activitats extraescolars.<\/li>\n<li style=\"text-align: justify;\">Organitza i col\u00b7labora en festes i esdeveniments de l\u2018Institut-Escola.<\/li>\n<\/ul>\n<p style=\"text-align: justify;\"><strong><span style=\"color: #a4a53c;\"><span style=\"font-size: small; font-family: 'Trebuchet MS', sans-serif;\">3.\u00a0<\/span><\/span><\/strong><strong><span style=\"color: #a4a53c;\"><span style=\"font-size: small; font-family: 'Trebuchet MS', sans-serif;\">QUINS S\u00d3N ELS OBJECTIUS DE L&#8217;AFA?<\/span><\/span><\/strong><\/p>\n<ul>\n<li style=\"text-align: justify;\">Promoure la participaci\u00f3 de les fam\u00edlies per integrar-los en la comunitat educativa del Centre.<\/li>\n<li style=\"text-align: justify;\">Oferir serveis que facilitin la conciliaci\u00f3 familiar i\u00a0laboral.<\/li>\n<li style=\"text-align: justify;\">Col\u00b7laborar, organitzar i promoure activitats educatives i l\u00fadiques de l\u2019Institut-Escola.<\/li>\n<li style=\"text-align: justify;\">Aconseguir recursos econ\u00f2mics i materials per la millora del Centre.<\/li>\n<li style=\"text-align: justify;\">Representar a les fam\u00edlies en el <strong><span style=\"color: #0c97c9;\">Consell Escolar<\/span><\/strong> <em><a href=\"https:\/\/agora.xtec.cat\/ielesvinyes\/afa-les-vinyes\/afa-qui-som\/afa-qui-som-ojectius\/consell-escolar\/\"><img loading=\"lazy\" decoding=\"async\" class=\"alignnone wp-image-5552\" src=\"https:\/\/agora.xtec.cat\/ielesvinyes\/wp-content\/uploads\/usu1433\/2020\/02\/anar-a.png\" alt=\"\" width=\"18\" height=\"18\" srcset=\"https:\/\/agora.xtec.cat\/ielesvinyes\/wp-content\/uploads\/usu1433\/2020\/02\/anar-a.png 512w, https:\/\/agora.xtec.cat\/ielesvinyes\/wp-content\/uploads\/usu1433\/2020\/02\/anar-a-150x150.png 150w, https:\/\/agora.xtec.cat\/ielesvinyes\/wp-content\/uploads\/usu1433\/2020\/02\/anar-a-300x300.png 300w\" sizes=\"auto, (max-width: 18px) 100vw, 18px\" \/><\/a><\/em> de l\u2019Institut-Escola i en el <strong><span style=\"color: #0c97c9;\">Consell Escolar Municipal <em><a href=\"https:\/\/agora.xtec.cat\/ielesvinyes\/afa-les-vinyes\/afa-qui-som\/afa-qui-som-ojectius\/consell-escolar-municipal\/\"><img loading=\"lazy\" decoding=\"async\" class=\"alignnone wp-image-5552\" src=\"https:\/\/agora.xtec.cat\/ielesvinyes\/wp-content\/uploads\/usu1433\/2020\/02\/anar-a.png\" alt=\"\" width=\"18\" height=\"18\" srcset=\"https:\/\/agora.xtec.cat\/ielesvinyes\/wp-content\/uploads\/usu1433\/2020\/02\/anar-a.png 512w, https:\/\/agora.xtec.cat\/ielesvinyes\/wp-content\/uploads\/usu1433\/2020\/02\/anar-a-150x150.png 150w, https:\/\/agora.xtec.cat\/ielesvinyes\/wp-content\/uploads\/usu1433\/2020\/02\/anar-a-300x300.png 300w\" sizes=\"auto, (max-width: 18px) 100vw, 18px\" \/><\/a><\/em><\/span><\/strong>.<\/li>\n<li style=\"text-align: justify;\">Comunicar i intercanviar opinions amb la resta d\u2019entitats.<\/li>\n<\/ul>\n<p lang=\"ca-ES\" style=\"text-align: justify;\"><strong><span style=\"font-size: small; font-family: 'Trebuchet MS', sans-serif; color: #a4a53c;\">4. QUI FORMA\u00a0LA JUNTA DIRECTIVA?<\/span><\/strong><\/p>\n<p style=\"text-align: justify;\">La Junta Directiva est\u00e0 formada per: un president\/a, un vicepresident\/a, un tresorer\/a, un secretari\/a i un nombre indeterminat de vocals en representaci\u00f3 de\u00a0\u00a0les diferents comissions i grups de treball.<\/p>\n<p lang=\"ca-ES\" style=\"text-align: justify;\"><strong><span style=\"font-size: small; font-family: 'Trebuchet MS', sans-serif; color: #a4a53c;\">5. QUINS AVANTATGES DIRECTES TENIM PER SER SOCIS DE L\u2019AFA?<\/span><\/strong><\/p>\n<p style=\"text-align: justify;\">Sent socis podeu fer \u00fas dels serveis d&#8217;acollida i extraescolars, gestionats i coordinats per l&#8217;AFA.<\/p>\n<p style=\"text-align: justify;\">Podreu participar directament en tots els esdeveniments i activitats promogudes per l&#8217;AFA.<\/p>\n<p style=\"text-align: justify;\">Tindreu veu a totes les reunions i assemblees de socis per a donar el vostre parer i fer les aportacions que considereu oportunes.<\/p>\n<p lang=\"ca-ES\" style=\"text-align: justify;\"><strong><span style=\"font-size: small; font-family: 'Trebuchet MS', sans-serif; color: #a4a53c;\">6. COM PODEM SER SOCIS DE L&#8217;AFA?<\/span><\/strong><\/p>\n<p style=\"text-align: justify;\">Molt senzill. Nom\u00e9s cal:<\/p>\n<ol style=\"text-align: justify;\">\n<li>Fer l&#8217;ingr\u00e9s de la quota anual de soci, de 25 \u20ac per fam\u00edlia, a un dels nostres comptes bancaris <a href=\"https:\/\/agora.xtec.cat\/ielesvinyes\/wp-content\/uploads\/usu1433\/2020\/02\/N%C3%BAmeros-de-compte-bancari.png\" target=\"_blank\" rel=\"noopener noreferrer\"><img loading=\"lazy\" decoding=\"async\" class=\"alignnone wp-image-4668\" src=\"https:\/\/agora.xtec.cat\/ielesvinyes\/wp-content\/uploads\/usu1433\/2019\/12\/pdf.jpg\" alt=\"\" width=\"30\" height=\"33\" \/><\/a> indicant com a refer\u00e8ncia: SOCI+NOM ALUMNE+CURS QUE FAR\u00c0<\/li>\n<li>Omplir el full d&#8217;inscripci\u00f3 <a href=\"https:\/\/agora.xtec.cat\/ielesvinyes\/wp-content\/uploads\/usu1433\/2020\/02\/Formulari-inscripci\u00f3-AFA-amb-LOPD.pdf\" target=\"_blank\" rel=\"noopener noreferrer\"><img loading=\"lazy\" decoding=\"async\" class=\"alignnone wp-image-4668\" src=\"https:\/\/agora.xtec.cat\/ielesvinyes\/wp-content\/uploads\/usu1433\/2019\/12\/pdf.jpg\" alt=\"\" width=\"30\" height=\"33\" \/><\/a>\u00a0, adjuntant el comprovant de pagament, i enviar-ho a l&#8217;adre\u00e7a <em>afa@ielesvinyes.net<\/em> o deixar-lo a la b\u00fastia de l&#8217;AFA, que trobareu a la consergeria del Centre.<\/li>\n<\/ol>\n<p style=\"text-align: justify;\"><strong><span style=\"color: #a4a53c;\"><span style=\"font-size: small; font-family: 'Trebuchet MS', sans-serif;\">7. A QU\u00c8 ES DESTINEN ELS DINERS DE LA QUOTA DE SOCI?<\/span><\/span><\/strong><\/p>\n<p style=\"text-align: justify;\">Amb les quotes de tots els socis\u00a0i les subvencions que peri\u00f2dicament anem sol\u00b7licitant,\u00a0gestionem tots els serveis que oferim i fem la previsi\u00f3 per a futures despeses.<\/p>\n<p style=\"text-align: justify;\">Col\u00b7laborem amb el centre, fent aportacions econ\u00f2miques que es destinen a la millora dels equipaments, materials, recursos&#8230; per ajudar a cobrir les necessitats que es van generant durant el curs. <em>(Pots consultar les aportacions que hem anat fent a l&#8217;apartat <\/em><strong><span style=\"color: #0c97c9;\">Economia <a href=\"https:\/\/agora.xtec.cat\/ielesvinyes\/afa-les-vinyes\/economia-afa\/\"><img loading=\"lazy\" decoding=\"async\" class=\"alignnone wp-image-5552\" src=\"https:\/\/agora.xtec.cat\/ielesvinyes\/wp-content\/uploads\/usu1433\/2020\/02\/anar-a.png\" alt=\"\" width=\"18\" height=\"18\" srcset=\"https:\/\/agora.xtec.cat\/ielesvinyes\/wp-content\/uploads\/usu1433\/2020\/02\/anar-a.png 512w, https:\/\/agora.xtec.cat\/ielesvinyes\/wp-content\/uploads\/usu1433\/2020\/02\/anar-a-150x150.png 150w, https:\/\/agora.xtec.cat\/ielesvinyes\/wp-content\/uploads\/usu1433\/2020\/02\/anar-a-300x300.png 300w\" sizes=\"auto, (max-width: 18px) 100vw, 18px\" \/><\/a><\/span><\/strong>)<\/p>\n<p style=\"text-align: justify;\">Organitzem activitats per a potenciar la relaci\u00f3 fam\u00edlia-escola i cohesionar la comunitat educativa (Castanyada, Sant Jordi, Festa de fi de curs, tallers, xerrades&#8230;)<\/p>\n<p style=\"text-align: justify;\">A m\u00e9s de les quotes, l\u2019AFA treballa per aconseguir altres fonts de finan\u00e7ament com s\u00f3n les subvencions que destina l&#8217;Ajuntament de Castellbisbal per a l&#8217;adquisici\u00f3 de material escolar i cobrir en part projectes com ara l&#8217;<strong>Empowering Oral English<\/strong> <em>(que t\u00e9 com a <\/em><span style=\"font-family: inherit; font-size: 1em;\"><em>objectiu la millora del nivell d&#8217;angl\u00e8s dels nostres infants)<\/em>, el <strong>Projecte Alexandria<\/strong> <em>(que vol donar un nou enfoc a la biblioteca del Centre)<\/em> i el <strong>Projecte Pati<\/strong> <em>(que omplir\u00e0 de diversi\u00f3 els nostres espais de lleure)<\/em>.<\/span><\/p>\n<p lang=\"ca-ES\" style=\"text-align: justify;\"><strong><span style=\"color: #a4a53c;\">8<span style=\"font-size: small; font-family: 'Trebuchet MS', sans-serif;\">. COM PODEM MODIFICAR LES DADES QUE HEM DONAT A L\u2019AFA?<\/span><\/span><\/strong><\/p>\n<p lang=\"ca-ES\" style=\"text-align: justify;\">Enviant un correu a l\u2019adre\u00e7a de l\u2019AFA (<a href=\"mailto:afa@ielesvinyes.net\">afa@ielesvinyes.net<\/a>) sol\u00b7licitant la modificaci\u00f3 de les dades.<\/p>\n<p lang=\"ca-ES\" style=\"text-align: justify;\"><strong><span style=\"color: #a4a53c;\"><span style=\"font-family: 'Trebuchet MS', sans-serif;\"><span style=\"font-size: small;\">9. COM PODEM DONAR-NOS DE BAIXA DE L\u2019AFA?<\/span><\/span><\/span><\/strong><\/p>\n<p lang=\"ca-ES\" style=\"text-align: justify;\">Enviant un correu a l\u2019adre\u00e7a de l\u2019AFA (<a href=\"mailto:afa@ielesvinyes.net\">afa@ielesvinyes.net<\/a>) sol\u00b7licitant la baixa.<\/p>\n<p lang=\"ca-ES\" style=\"text-align: justify;\"><strong><span style=\"color: #a4a53c;\"><span style=\"font-family: 'Trebuchet MS', sans-serif;\"><span style=\"font-size: small;\">10. PROTECCI\u00d3 DE LA IMATGE DELS INFANTS, L&#8217;AFA NECESSITA AUTORITZACI\u00d3 PER FER SERVIR LES IMATGES\u00a0<\/span><\/span><span style=\"font-size: small; font-family: 'Trebuchet MS', sans-serif;\">O T\u00c9 PROU AMB L\u2019AUTORITZACI\u00d3 A L\u2019ESCOLA?<\/span><\/span><\/strong><\/p>\n<p style=\"text-align: justify;\"><span style=\"color: #4a4a4a;\"><span style=\"font-family: 'Trebuchet MS', sans-serif;\">Si l&#8217;AFA vol utilitzar les imatges que pugui tenir dels alumnes, per penjar-les a internet o per fer, per exemple, un calendari o llibre que tingui un preu de venda en tindr\u00e0 prou amb\u00a0\u00a0<\/span><\/span><span style=\"color: #4a4a4a;\"><span style=\"font-family: 'Trebuchet MS', sans-serif;\">l\u2019autoritzaci\u00f3 de drets d&#8217;imatges que firmen els pares al centre al inici de curs<\/span><\/span><span style=\"color: #4a4a4a;\"><span style=\"font-family: 'Trebuchet MS', sans-serif;\">. Tot i aix\u00ed, al full d&#8217;inscripci\u00f3 que ompliu anualment les fam\u00edlies trobareu un espai per donar el vostre consentiment, o no, per fer \u00fas de les imatges del vostre fill\/a.<\/span><\/span><\/p>\n<p lang=\"ca-ES\" style=\"text-align: justify;\"><span style=\"color: #a4a53c;\"><strong><span style=\"font-family: 'Trebuchet MS', sans-serif;\"><span style=\"font-size: small;\">11. L&#8217;AFA COMPLEIX LA NORMATIVA ACTUAL DE PROTECCI\u00d3 DE DADES?<\/span><\/span><\/strong><\/span><\/p>\n<p lang=\"ca-ES\" style=\"text-align: justify;\"><span style=\"color: #4a4a4a;\"><span style=\"font-family: 'Trebuchet MS', sans-serif;\">L&#8217;AFA est\u00e0 adherida al Codi Tipus de la FAPAC i actualment est\u00e0 treballant per implementar correctament tots els processos derivats del tractament de dades\u00a0personals.<\/span><\/span><\/p>\n<p lang=\"ca-ES\">\n","protected":false},"excerpt":{"rendered":"<p>\u00a01. QUE \u00c9S L\u2019AFA? L\u2019AFA (Associaci\u00f3 de Fam\u00edlies d\u2019Alumnes) Les Vinyes, \u00e9s una entitat sense afany de lucre que agrupa les fam\u00edlies dels alumnes de tots els cicles : Infantil, Prim\u00e0ria i Secund\u00e0ria (ESO) de l\u2019Institut-Escola. Est\u00e0 reconeguda legalment en el Registre d\u2019associacions i les seves funcions estan regulades per un Decret de la Generalitat [&hellip;]<\/p>\n","protected":false},"author":52,"featured_media":0,"parent":5243,"menu_order":5,"comment_status":"closed","ping_status":"closed","template":"","meta":{"_bbp_topic_count":0,"_bbp_reply_count":0,"_bbp_total_topic_count":0,"_bbp_total_reply_count":0,"_bbp_voice_count":0,"_bbp_anonymous_reply_count":0,"_bbp_topic_count_hidden":0,"_bbp_reply_count_hidden":0,"_bbp_forum_subforum_count":0,"site-sidebar-layout":"default","site-content-layout":"","ast-site-content-layout":"","site-content-style":"default","site-sidebar-style":"default","ast-global-header-display":"","ast-banner-title-visibility":"","ast-main-header-display":"","ast-hfb-above-header-display":"","ast-hfb-below-header-display":"","ast-hfb-mobile-header-display":"","site-post-title":"","ast-breadcrumbs-content":"","ast-featured-img":"","footer-sml-layout":"","theme-transparent-header-meta":"","adv-header-id-meta":"","stick-header-meta":"","header-above-stick-meta":"","header-main-stick-meta":"","header-below-stick-meta":"","astra-migrate-meta-layouts":"default","ast-page-background-enabled":"default","ast-page-background-meta":{"desktop":{"background-color":"var(--ast-global-color-4)","background-image":"","background-repeat":"repeat","background-position":"center center","background-size":"auto","background-attachment":"scroll","background-type":"","background-media":"","overlay-type":"","overlay-color":"","overlay-opacity":"","overlay-gradient":""},"tablet":{"background-color":"","background-image":"","background-repeat":"repeat","background-position":"center center","background-size":"auto","background-attachment":"scroll","background-type":"","background-media":"","overlay-type":"","overlay-color":"","overlay-opacity":"","overlay-gradient":""},"mobile":{"background-color":"","background-image":"","background-repeat":"repeat","background-position":"center center","background-size":"auto","background-attachment":"scroll","background-type":"","background-media":"","overlay-type":"","overlay-color":"","overlay-opacity":"","overlay-gradient":""}},"ast-content-background-meta":{"desktop":{"background-color":"var(--ast-global-color-5)","background-image":"","background-repeat":"repeat","background-position":"center center","background-size":"auto","background-attachment":"scroll","background-type":"","background-media":"","overlay-type":"","overlay-color":"","overlay-opacity":"","overlay-gradient":""},"tablet":{"background-color":"var(--ast-global-color-5)","background-image":"","background-repeat":"repeat","background-position":"center center","background-size":"auto","background-attachment":"scroll","background-type":"","background-media":"","overlay-type":"","overlay-color":"","overlay-opacity":"","overlay-gradient":""},"mobile":{"background-color":"var(--ast-global-color-5)","background-image":"","background-repeat":"repeat","background-position":"center center","background-size":"auto","background-attachment":"scroll","background-type":"","background-media":"","overlay-type":"","overlay-color":"","overlay-opacity":"","overlay-gradient":""}},"footnotes":""},"class_list":["post-150","page","type-page","status-publish","hentry"],"post_mailing_queue_ids":[],"_links":{"self":[{"href":"https:\/\/agora.xtec.cat\/ielesvinyes\/wp-json\/wp\/v2\/pages\/150","targetHints":{"allow":["GET"]}}],"collection":[{"href":"https:\/\/agora.xtec.cat\/ielesvinyes\/wp-json\/wp\/v2\/pages"}],"about":[{"href":"https:\/\/agora.xtec.cat\/ielesvinyes\/wp-json\/wp\/v2\/types\/page"}],"author":[{"embeddable":true,"href":"https:\/\/agora.xtec.cat\/ielesvinyes\/wp-json\/wp\/v2\/users\/52"}],"replies":[{"embeddable":true,"href":"https:\/\/agora.xtec.cat\/ielesvinyes\/wp-json\/wp\/v2\/comments?post=150"}],"version-history":[{"count":3,"href":"https:\/\/agora.xtec.cat\/ielesvinyes\/wp-json\/wp\/v2\/pages\/150\/revisions"}],"predecessor-version":[{"id":5559,"href":"https:\/\/agora.xtec.cat\/ielesvinyes\/wp-json\/wp\/v2\/pages\/150\/revisions\/5559"}],"up":[{"embeddable":true,"href":"https:\/\/agora.xtec.cat\/ielesvinyes\/wp-json\/wp\/v2\/pages\/5243"}],"wp:attachment":[{"href":"https:\/\/agora.xtec.cat\/ielesvinyes\/wp-json\/wp\/v2\/media?parent=150"}],"curies":[{"name":"wp","href":"https:\/\/api.w.org\/{rel}","templated":true}]}}