{"id":650,"date":"2020-12-10T18:26:06","date_gmt":"2020-12-10T17:26:06","guid":{"rendered":"https:\/\/agora.xtec.cat\/iejacintverdaguer\/?page_id=650"},"modified":"2024-09-05T18:14:14","modified_gmt":"2024-09-05T16:14:14","slug":"equip-directiu","status":"publish","type":"page","link":"https:\/\/agora.xtec.cat\/iejacintverdaguer\/equip-directiu\/","title":{"rendered":"Equip directiu"},"content":{"rendered":"<article class=\"item\">\n<div class=\"content clearfix\">\n<table style=\"width: 969px;\">\n<tbody>\n<tr>\n<td style=\"width: 141.438px; text-align: center;\"><strong>Coordinadora pedag\u00f2gica ESO<\/strong><\/td>\n<td style=\"width: 134.422px; text-align: center;\"><strong>Cap d&#8217;estudis ESO<\/strong><\/td>\n<td style=\"width: 128.391px; text-align: center;\"><strong>Secretaria<\/strong><\/td>\n<td style=\"width: 128.391px; text-align: center;\"><strong>Direcci\u00f3<\/strong><\/td>\n<td style=\"width: 135.422px; text-align: center;\"><strong>Coordinadora pedag\u00f2gica prim\u00e0ria<\/strong><\/td>\n<td style=\"width: 116.359px; text-align: center;\"><strong>\u00a0Cap d&#8217;estudis INF-PRI<\/strong><\/td>\n<td style=\"width: 166.578px; text-align: center;\"><strong>Cap d&#8217;estudis adjunt INF-PRI<\/strong><\/td>\n<\/tr>\n<tr>\n<td style=\"width: 141.438px; text-align: center;\">Elisabet Forns Puigmart\u00ed<\/td>\n<td style=\"width: 134.422px; text-align: center;\">Llu\u00eds Rius Roman<\/td>\n<td style=\"width: 128.391px; text-align: center;\">Anna Guilera Rico<\/td>\n<td style=\"width: 128.391px; text-align: center;\">Albert Sasot Mateus<\/td>\n<td style=\"width: 135.422px; text-align: center;\">N\u00faria Amer Cat\u00e0<\/td>\n<td style=\"width: 116.359px; text-align: center;\">Gl\u00f2ria Cid Castillo<\/td>\n<td style=\"width: 166.578px; text-align: center;\">Antonio Jos\u00e9 Garc\u00eda L\u00f3pez<\/td>\n<\/tr>\n<\/tbody>\n<\/table>\n<\/div>\n<\/article>\n","protected":false},"excerpt":{"rendered":"<p>Coordinadora pedag\u00f2gica ESO<br \/>\nCap d&#8217;estudis ESO<br \/>\nSecretaria<br \/>\nDirecci\u00f3<br \/>\nCoordinadora pedag\u00f2gica prim\u00e0ria<br \/>\n\u00a0Cap d&#8217;estudis INF-PRI<br \/>\nCap d&#8217;estudis adjunt INF-PRI<\/p>\n<p>Elisabet Forns Puigmart\u00ed<br \/>\nLlu\u00eds Rius Roman<br \/>\nAnna Guilera Rico<br \/>\nAlbert Sasot Mateus<br \/>\nN\u00faria Amer Cat\u00e0<br \/>\nGl\u00f2ria Cid Castillo<br \/>\nAntonio Jos\u00e9 Garc\u00eda L\u00f3pez<\/p>\n","protected":false},"author":1,"featured_media":0,"parent":0,"menu_order":0,"comment_status":"closed","ping_status":"closed","template":"","meta":{"_bbp_topic_count":0,"_bbp_reply_count":0,"_bbp_total_topic_count":0,"_bbp_total_reply_count":0,"_bbp_voice_count":0,"_bbp_anonymous_reply_count":0,"_bbp_topic_count_hidden":0,"_bbp_reply_count_hidden":0,"_bbp_forum_subforum_count":0,"footnotes":""},"class_list":["post-650","page","type-page","status-publish","hentry"],"post_mailing_queue_ids":[],"_links":{"self":[{"href":"https:\/\/agora.xtec.cat\/iejacintverdaguer\/wp-json\/wp\/v2\/pages\/650","targetHints":{"allow":["GET"]}}],"collection":[{"href":"https:\/\/agora.xtec.cat\/iejacintverdaguer\/wp-json\/wp\/v2\/pages"}],"about":[{"href":"https:\/\/agora.xtec.cat\/iejacintverdaguer\/wp-json\/wp\/v2\/types\/page"}],"author":[{"embeddable":true,"href":"https:\/\/agora.xtec.cat\/iejacintverdaguer\/wp-json\/wp\/v2\/users\/1"}],"replies":[{"embeddable":true,"href":"https:\/\/agora.xtec.cat\/iejacintverdaguer\/wp-json\/wp\/v2\/comments?post=650"}],"version-history":[{"count":4,"href":"https:\/\/agora.xtec.cat\/iejacintverdaguer\/wp-json\/wp\/v2\/pages\/650\/revisions"}],"predecessor-version":[{"id":1677,"href":"https:\/\/agora.xtec.cat\/iejacintverdaguer\/wp-json\/wp\/v2\/pages\/650\/revisions\/1677"}],"wp:attachment":[{"href":"https:\/\/agora.xtec.cat\/iejacintverdaguer\/wp-json\/wp\/v2\/media?parent=650"}],"curies":[{"name":"wp","href":"https:\/\/api.w.org\/{rel}","templated":true}]}}