{"id":1635,"date":"2016-09-28T10:56:44","date_gmt":"2016-09-28T09:56:44","guid":{"rendered":"http:\/\/agora.xtec.cat\/iedelprat\/?page_id=1635"},"modified":"2019-01-17T12:41:54","modified_gmt":"2019-01-17T11:41:54","slug":"educacio-visual-i-plastica","status":"publish","type":"page","link":"https:\/\/agora.xtec.cat\/iedelprat\/audiovisuals\/educacio-visual-i-plastica\/","title":{"rendered":"Educaci\u00f3 Visual i Pl\u00e0stica"},"content":{"rendered":"<p>Recull d&#8217;activitats creades per l&#8217;alumnat a les classes d&#8217;Educaci\u00f3 Visual i Pl\u00e0stica.<\/p>\n<h3>CONTINUEM TREBALLANT CER\u00c0MICA<\/h3>\n<p>L&#8217;alumnat de 1r i 2n d&#8217;ESO ha realitzat porta espelmes decoratius.<\/p>\n<p><a href=\"https:\/\/agora.xtec.cat\/iedelprat\/wp-content\/uploads\/usu210\/2019\/01\/20190117_112550.jpg\"><img loading=\"lazy\" decoding=\"async\" class=\"alignnone size-large wp-image-9886\" src=\"https:\/\/agora.xtec.cat\/iedelprat\/wp-content\/uploads\/usu210\/2019\/01\/20190117_112550-1024x768.jpg\" alt=\"\" width=\"1024\" height=\"768\" srcset=\"https:\/\/agora.xtec.cat\/iedelprat\/wp-content\/uploads\/usu210\/2019\/01\/20190117_112550-1024x768.jpg 1024w, https:\/\/agora.xtec.cat\/iedelprat\/wp-content\/uploads\/usu210\/2019\/01\/20190117_112550-300x225.jpg 300w, https:\/\/agora.xtec.cat\/iedelprat\/wp-content\/uploads\/usu210\/2019\/01\/20190117_112550-768x576.jpg 768w, https:\/\/agora.xtec.cat\/iedelprat\/wp-content\/uploads\/usu210\/2019\/01\/20190117_112550-200x150.jpg 200w\" sizes=\"auto, (max-width: 1024px) 100vw, 1024px\" \/><\/a> <a href=\"https:\/\/agora.xtec.cat\/iedelprat\/wp-content\/uploads\/usu210\/2019\/01\/20190117_113010.jpg\"><img loading=\"lazy\" decoding=\"async\" class=\"alignnone size-large wp-image-9887\" src=\"https:\/\/agora.xtec.cat\/iedelprat\/wp-content\/uploads\/usu210\/2019\/01\/20190117_113010-1024x768.jpg\" alt=\"\" width=\"1024\" height=\"768\" srcset=\"https:\/\/agora.xtec.cat\/iedelprat\/wp-content\/uploads\/usu210\/2019\/01\/20190117_113010-1024x768.jpg 1024w, https:\/\/agora.xtec.cat\/iedelprat\/wp-content\/uploads\/usu210\/2019\/01\/20190117_113010-300x225.jpg 300w, https:\/\/agora.xtec.cat\/iedelprat\/wp-content\/uploads\/usu210\/2019\/01\/20190117_113010-768x576.jpg 768w, https:\/\/agora.xtec.cat\/iedelprat\/wp-content\/uploads\/usu210\/2019\/01\/20190117_113010-200x150.jpg 200w\" sizes=\"auto, (max-width: 1024px) 100vw, 1024px\" \/><\/a> <a href=\"https:\/\/agora.xtec.cat\/iedelprat\/wp-content\/uploads\/usu210\/2019\/01\/20190117_113053.jpg\"><img loading=\"lazy\" decoding=\"async\" class=\"alignnone size-large wp-image-9888\" src=\"https:\/\/agora.xtec.cat\/iedelprat\/wp-content\/uploads\/usu210\/2019\/01\/20190117_113053-1024x768.jpg\" alt=\"\" width=\"1024\" height=\"768\" srcset=\"https:\/\/agora.xtec.cat\/iedelprat\/wp-content\/uploads\/usu210\/2019\/01\/20190117_113053-1024x768.jpg 1024w, https:\/\/agora.xtec.cat\/iedelprat\/wp-content\/uploads\/usu210\/2019\/01\/20190117_113053-300x225.jpg 300w, https:\/\/agora.xtec.cat\/iedelprat\/wp-content\/uploads\/usu210\/2019\/01\/20190117_113053-768x576.jpg 768w, https:\/\/agora.xtec.cat\/iedelprat\/wp-content\/uploads\/usu210\/2019\/01\/20190117_113053-200x150.jpg 200w\" sizes=\"auto, (max-width: 1024px) 100vw, 1024px\" \/><\/a> <a href=\"https:\/\/agora.xtec.cat\/iedelprat\/wp-content\/uploads\/usu210\/2019\/01\/20190117_113121.jpg\"><img loading=\"lazy\" decoding=\"async\" class=\"alignnone size-large wp-image-9889\" src=\"https:\/\/agora.xtec.cat\/iedelprat\/wp-content\/uploads\/usu210\/2019\/01\/20190117_113121-1024x768.jpg\" alt=\"\" width=\"1024\" height=\"768\" srcset=\"https:\/\/agora.xtec.cat\/iedelprat\/wp-content\/uploads\/usu210\/2019\/01\/20190117_113121-1024x768.jpg 1024w, https:\/\/agora.xtec.cat\/iedelprat\/wp-content\/uploads\/usu210\/2019\/01\/20190117_113121-300x225.jpg 300w, https:\/\/agora.xtec.cat\/iedelprat\/wp-content\/uploads\/usu210\/2019\/01\/20190117_113121-768x576.jpg 768w, https:\/\/agora.xtec.cat\/iedelprat\/wp-content\/uploads\/usu210\/2019\/01\/20190117_113121-200x150.jpg 200w\" sizes=\"auto, (max-width: 1024px) 100vw, 1024px\" \/><\/a> <a href=\"https:\/\/agora.xtec.cat\/iedelprat\/wp-content\/uploads\/usu210\/2019\/01\/20190117_113152.jpg\"><img loading=\"lazy\" decoding=\"async\" class=\"alignnone size-large wp-image-9890\" src=\"https:\/\/agora.xtec.cat\/iedelprat\/wp-content\/uploads\/usu210\/2019\/01\/20190117_113152-1024x768.jpg\" alt=\"\" width=\"1024\" height=\"768\" srcset=\"https:\/\/agora.xtec.cat\/iedelprat\/wp-content\/uploads\/usu210\/2019\/01\/20190117_113152-1024x768.jpg 1024w, https:\/\/agora.xtec.cat\/iedelprat\/wp-content\/uploads\/usu210\/2019\/01\/20190117_113152-300x225.jpg 300w, https:\/\/agora.xtec.cat\/iedelprat\/wp-content\/uploads\/usu210\/2019\/01\/20190117_113152-768x576.jpg 768w, https:\/\/agora.xtec.cat\/iedelprat\/wp-content\/uploads\/usu210\/2019\/01\/20190117_113152-200x150.jpg 200w\" sizes=\"auto, (max-width: 1024px) 100vw, 1024px\" \/><\/a> <a href=\"https:\/\/agora.xtec.cat\/iedelprat\/wp-content\/uploads\/usu210\/2019\/01\/20190117_113325.jpg\"><img loading=\"lazy\" decoding=\"async\" class=\"alignnone size-large wp-image-9891\" src=\"https:\/\/agora.xtec.cat\/iedelprat\/wp-content\/uploads\/usu210\/2019\/01\/20190117_113325-1024x768.jpg\" alt=\"\" width=\"1024\" height=\"768\" srcset=\"https:\/\/agora.xtec.cat\/iedelprat\/wp-content\/uploads\/usu210\/2019\/01\/20190117_113325-1024x768.jpg 1024w, https:\/\/agora.xtec.cat\/iedelprat\/wp-content\/uploads\/usu210\/2019\/01\/20190117_113325-300x225.jpg 300w, https:\/\/agora.xtec.cat\/iedelprat\/wp-content\/uploads\/usu210\/2019\/01\/20190117_113325-768x576.jpg 768w, https:\/\/agora.xtec.cat\/iedelprat\/wp-content\/uploads\/usu210\/2019\/01\/20190117_113325-200x150.jpg 200w\" sizes=\"auto, (max-width: 1024px) 100vw, 1024px\" \/><\/a> <a href=\"https:\/\/agora.xtec.cat\/iedelprat\/wp-content\/uploads\/usu210\/2019\/01\/20190117_113925.jpg\"><img loading=\"lazy\" decoding=\"async\" class=\"alignnone size-large wp-image-9892\" src=\"https:\/\/agora.xtec.cat\/iedelprat\/wp-content\/uploads\/usu210\/2019\/01\/20190117_113925-1024x768.jpg\" alt=\"\" width=\"1024\" height=\"768\" srcset=\"https:\/\/agora.xtec.cat\/iedelprat\/wp-content\/uploads\/usu210\/2019\/01\/20190117_113925-1024x768.jpg 1024w, https:\/\/agora.xtec.cat\/iedelprat\/wp-content\/uploads\/usu210\/2019\/01\/20190117_113925-300x225.jpg 300w, https:\/\/agora.xtec.cat\/iedelprat\/wp-content\/uploads\/usu210\/2019\/01\/20190117_113925-768x576.jpg 768w, https:\/\/agora.xtec.cat\/iedelprat\/wp-content\/uploads\/usu210\/2019\/01\/20190117_113925-200x150.jpg 200w, https:\/\/agora.xtec.cat\/iedelprat\/wp-content\/uploads\/usu210\/2019\/01\/20190117_113925.jpg 1032w\" sizes=\"auto, (max-width: 1024px) 100vw, 1024px\" \/><\/a> <a href=\"https:\/\/agora.xtec.cat\/iedelprat\/wp-content\/uploads\/usu210\/2019\/01\/20190117_114220.jpg\"><img loading=\"lazy\" decoding=\"async\" class=\"alignnone size-large wp-image-9893\" src=\"https:\/\/agora.xtec.cat\/iedelprat\/wp-content\/uploads\/usu210\/2019\/01\/20190117_114220-1024x768.jpg\" alt=\"\" width=\"1024\" height=\"768\" srcset=\"https:\/\/agora.xtec.cat\/iedelprat\/wp-content\/uploads\/usu210\/2019\/01\/20190117_114220-1024x768.jpg 1024w, https:\/\/agora.xtec.cat\/iedelprat\/wp-content\/uploads\/usu210\/2019\/01\/20190117_114220-300x225.jpg 300w, https:\/\/agora.xtec.cat\/iedelprat\/wp-content\/uploads\/usu210\/2019\/01\/20190117_114220-768x576.jpg 768w, https:\/\/agora.xtec.cat\/iedelprat\/wp-content\/uploads\/usu210\/2019\/01\/20190117_114220-200x150.jpg 200w\" sizes=\"auto, (max-width: 1024px) 100vw, 1024px\" \/><\/a> <a href=\"https:\/\/agora.xtec.cat\/iedelprat\/wp-content\/uploads\/usu210\/2019\/01\/20190117_114257.jpg\"><img loading=\"lazy\" decoding=\"async\" class=\"alignnone size-large wp-image-9894\" src=\"https:\/\/agora.xtec.cat\/iedelprat\/wp-content\/uploads\/usu210\/2019\/01\/20190117_114257-1024x768.jpg\" alt=\"\" width=\"1024\" height=\"768\" srcset=\"https:\/\/agora.xtec.cat\/iedelprat\/wp-content\/uploads\/usu210\/2019\/01\/20190117_114257-1024x768.jpg 1024w, https:\/\/agora.xtec.cat\/iedelprat\/wp-content\/uploads\/usu210\/2019\/01\/20190117_114257-300x225.jpg 300w, https:\/\/agora.xtec.cat\/iedelprat\/wp-content\/uploads\/usu210\/2019\/01\/20190117_114257-768x576.jpg 768w, https:\/\/agora.xtec.cat\/iedelprat\/wp-content\/uploads\/usu210\/2019\/01\/20190117_114257-200x150.jpg 200w\" sizes=\"auto, (max-width: 1024px) 100vw, 1024px\" \/><\/a><\/p>\n<h3>S\u00edmbols de l&#8217;\u00cdndia<\/h3>\n<div><\/div>\n<div>L&#8217;alumnat USEE est\u00e0 treballant l&#8217;\u00cdndia. A pl\u00e0stica hem buscat s\u00edmbols representatius de la seva cultura per reproduir-los en cer\u00e0mica.<\/div>\n<div><\/div>\n<div><\/div>\n<div><a href=\"https:\/\/agora.xtec.cat\/iedelprat\/wp-content\/uploads\/usu210\/2018\/10\/20181011_120230.jpg\"><img loading=\"lazy\" decoding=\"async\" class=\"alignnone size-thumbnail wp-image-9539\" src=\"https:\/\/agora.xtec.cat\/iedelprat\/wp-content\/uploads\/usu210\/2018\/10\/20181011_120230-150x150.jpg\" alt=\"\" width=\"150\" height=\"150\" \/><\/a> <a href=\"https:\/\/agora.xtec.cat\/iedelprat\/wp-content\/uploads\/usu210\/2018\/10\/20181011_120316.jpg\"><img loading=\"lazy\" decoding=\"async\" class=\"alignnone size-thumbnail wp-image-9538\" src=\"https:\/\/agora.xtec.cat\/iedelprat\/wp-content\/uploads\/usu210\/2018\/10\/20181011_120316-150x150.jpg\" alt=\"\" width=\"150\" height=\"150\" \/><\/a> <a href=\"https:\/\/agora.xtec.cat\/iedelprat\/wp-content\/uploads\/usu210\/2018\/10\/20181011_120303.jpg\"><img loading=\"lazy\" decoding=\"async\" class=\"alignnone size-thumbnail wp-image-9537\" src=\"https:\/\/agora.xtec.cat\/iedelprat\/wp-content\/uploads\/usu210\/2018\/10\/20181011_120303-150x150.jpg\" alt=\"\" width=\"150\" height=\"150\" \/><\/a> <a href=\"https:\/\/agora.xtec.cat\/iedelprat\/wp-content\/uploads\/usu210\/2018\/10\/20181011_120254.jpg\"><img loading=\"lazy\" decoding=\"async\" class=\"alignnone size-thumbnail wp-image-9536\" src=\"https:\/\/agora.xtec.cat\/iedelprat\/wp-content\/uploads\/usu210\/2018\/10\/20181011_120254-150x150.jpg\" alt=\"\" width=\"150\" height=\"150\" \/><\/a><\/div>\n<div><\/div>\n<h3>Mussol de cer\u00e0mica<\/h3>\n<div><\/div>\n<div>L&#8217;alumnat de 1r d&#8217;ESO han modelat amb argila un mussol i posteriorment l&#8217;han esmaltat.<\/div>\n<div>Hem realitzat dues coccions al forn: la primera per fer el biscuit (1000\u00b0) i la segona per vitrificar l&#8217;esmalt cer\u00e0mic (1100\u00b0).<\/div>\n<div><\/div>\n<div><\/div>\n<div><a href=\"https:\/\/agora.xtec.cat\/iedelprat\/wp-content\/uploads\/usu210\/2018\/10\/20181011_120022.jpg\"><img loading=\"lazy\" decoding=\"async\" class=\"alignnone size-thumbnail wp-image-9535\" src=\"https:\/\/agora.xtec.cat\/iedelprat\/wp-content\/uploads\/usu210\/2018\/10\/20181011_120022-150x150.jpg\" alt=\"\" width=\"150\" height=\"150\" \/><\/a> <a href=\"https:\/\/agora.xtec.cat\/iedelprat\/wp-content\/uploads\/usu210\/2018\/10\/20181011_115943.jpg\"><img loading=\"lazy\" decoding=\"async\" class=\"alignnone size-thumbnail wp-image-9534\" src=\"https:\/\/agora.xtec.cat\/iedelprat\/wp-content\/uploads\/usu210\/2018\/10\/20181011_115943-150x150.jpg\" alt=\"\" width=\"150\" height=\"150\" \/><\/a> <a href=\"https:\/\/agora.xtec.cat\/iedelprat\/wp-content\/uploads\/usu210\/2018\/10\/20181011_115926.jpg\"><img loading=\"lazy\" decoding=\"async\" class=\"alignnone size-thumbnail wp-image-9533\" src=\"https:\/\/agora.xtec.cat\/iedelprat\/wp-content\/uploads\/usu210\/2018\/10\/20181011_115926-150x150.jpg\" alt=\"\" width=\"150\" height=\"150\" \/><\/a> <a href=\"https:\/\/agora.xtec.cat\/iedelprat\/wp-content\/uploads\/usu210\/2018\/10\/20181011_115906.jpg\"><img loading=\"lazy\" decoding=\"async\" class=\"alignnone size-thumbnail wp-image-9532\" src=\"https:\/\/agora.xtec.cat\/iedelprat\/wp-content\/uploads\/usu210\/2018\/10\/20181011_115906-150x150.jpg\" alt=\"\" width=\"150\" height=\"150\" \/><\/a> <a href=\"https:\/\/agora.xtec.cat\/iedelprat\/wp-content\/uploads\/usu210\/2018\/10\/20181011_115612.jpg\"><img loading=\"lazy\" decoding=\"async\" class=\"alignnone size-thumbnail wp-image-9531\" src=\"https:\/\/agora.xtec.cat\/iedelprat\/wp-content\/uploads\/usu210\/2018\/10\/20181011_115612-150x150.jpg\" alt=\"\" width=\"150\" height=\"150\" \/><\/a><\/div>\n<p>&nbsp;<\/p>\n<h3>Tapissos<\/h3>\n<p>L&#8217;alumnat de 2n d&#8217;ESO ha contruit tel.lers per teixir tapissos.<\/p>\n<p><a href=\"https:\/\/agora.xtec.cat\/iedelprat\/wp-content\/uploads\/usu210\/2018\/10\/20181005_130948.jpg\"><img loading=\"lazy\" decoding=\"async\" class=\"alignnone size-thumbnail wp-image-9543\" src=\"https:\/\/agora.xtec.cat\/iedelprat\/wp-content\/uploads\/usu210\/2018\/10\/20181005_130948-150x150.jpg\" alt=\"\" width=\"150\" height=\"150\" \/><\/a> <a href=\"https:\/\/agora.xtec.cat\/iedelprat\/wp-content\/uploads\/usu210\/2018\/10\/20181005_130939.jpg\"><img loading=\"lazy\" decoding=\"async\" class=\"alignnone size-thumbnail wp-image-9542\" src=\"https:\/\/agora.xtec.cat\/iedelprat\/wp-content\/uploads\/usu210\/2018\/10\/20181005_130939-150x150.jpg\" alt=\"\" width=\"150\" height=\"150\" \/><\/a> <a href=\"https:\/\/agora.xtec.cat\/iedelprat\/wp-content\/uploads\/usu210\/2018\/10\/20181005_133639.jpg\"><img loading=\"lazy\" decoding=\"async\" class=\"alignnone size-thumbnail wp-image-9540\" src=\"https:\/\/agora.xtec.cat\/iedelprat\/wp-content\/uploads\/usu210\/2018\/10\/20181005_133639-150x150.jpg\" alt=\"\" width=\"150\" height=\"150\" \/><\/a> <a href=\"https:\/\/agora.xtec.cat\/iedelprat\/wp-content\/uploads\/usu210\/2018\/10\/20181005_130930.jpg\"><img loading=\"lazy\" decoding=\"async\" class=\"alignnone size-thumbnail wp-image-9541\" src=\"https:\/\/agora.xtec.cat\/iedelprat\/wp-content\/uploads\/usu210\/2018\/10\/20181005_130930-150x150.jpg\" alt=\"\" width=\"150\" height=\"150\" \/><\/a><\/p>\n<h3>La Commedia dell&#8217;Arte<\/h3>\n<div><\/div>\n<div>L&#8217;alumnat de 4t d&#8217;ESO ha estudiat la commedia dell&#8217;arte i les seves m\u00e0scares.<\/div>\n<div>Hem realitzat m\u00e0scares decoratives amb escaiola, fent moltlles directes de les nostres cares.<\/div>\n<div><\/div>\n<div><\/div>\n<div>\u00a0<a href=\"https:\/\/agora.xtec.cat\/iedelprat\/wp-content\/uploads\/usu210\/2018\/10\/20180925_120212.jpg\"><img loading=\"lazy\" decoding=\"async\" class=\"alignnone size-thumbnail wp-image-9551\" src=\"https:\/\/agora.xtec.cat\/iedelprat\/wp-content\/uploads\/usu210\/2018\/10\/20180925_120212-150x150.jpg\" alt=\"\" width=\"150\" height=\"150\" \/><\/a> <a href=\"https:\/\/agora.xtec.cat\/iedelprat\/wp-content\/uploads\/usu210\/2018\/10\/20180925_120127.jpg\"><img loading=\"lazy\" decoding=\"async\" class=\"alignnone size-thumbnail wp-image-9550\" src=\"https:\/\/agora.xtec.cat\/iedelprat\/wp-content\/uploads\/usu210\/2018\/10\/20180925_120127-150x150.jpg\" alt=\"\" width=\"150\" height=\"150\" \/><\/a> <a href=\"https:\/\/agora.xtec.cat\/iedelprat\/wp-content\/uploads\/usu210\/2018\/10\/20180925_120117.jpg\"><img loading=\"lazy\" decoding=\"async\" class=\"alignnone size-thumbnail wp-image-9549\" src=\"https:\/\/agora.xtec.cat\/iedelprat\/wp-content\/uploads\/usu210\/2018\/10\/20180925_120117-150x150.jpg\" alt=\"\" width=\"150\" height=\"150\" \/><\/a> <a href=\"https:\/\/agora.xtec.cat\/iedelprat\/wp-content\/uploads\/usu210\/2018\/10\/20181018_114105.jpg\"><img loading=\"lazy\" decoding=\"async\" class=\"alignnone size-thumbnail wp-image-9548\" src=\"https:\/\/agora.xtec.cat\/iedelprat\/wp-content\/uploads\/usu210\/2018\/10\/20181018_114105-150x150.jpg\" alt=\"\" width=\"150\" height=\"150\" \/><\/a> <a href=\"https:\/\/agora.xtec.cat\/iedelprat\/wp-content\/uploads\/usu210\/2018\/10\/20181018_113954.jpg\"><img loading=\"lazy\" decoding=\"async\" class=\"alignnone size-thumbnail wp-image-9546\" src=\"https:\/\/agora.xtec.cat\/iedelprat\/wp-content\/uploads\/usu210\/2018\/10\/20181018_113954-150x150.jpg\" alt=\"\" width=\"150\" height=\"150\" \/><\/a> <a href=\"https:\/\/agora.xtec.cat\/iedelprat\/wp-content\/uploads\/usu210\/2018\/10\/20181018_113824.jpg\"><img loading=\"lazy\" decoding=\"async\" class=\"alignnone size-thumbnail wp-image-9545\" src=\"https:\/\/agora.xtec.cat\/iedelprat\/wp-content\/uploads\/usu210\/2018\/10\/20181018_113824-150x150.jpg\" alt=\"\" width=\"150\" height=\"150\" \/><\/a> <a href=\"https:\/\/agora.xtec.cat\/iedelprat\/wp-content\/uploads\/usu210\/2018\/10\/20180925_1210120.jpg\"><img loading=\"lazy\" decoding=\"async\" class=\"alignnone size-thumbnail wp-image-9544\" src=\"https:\/\/agora.xtec.cat\/iedelprat\/wp-content\/uploads\/usu210\/2018\/10\/20180925_1210120-150x150.jpg\" alt=\"\" width=\"150\" height=\"150\" \/><\/a><\/div>\n<div><\/div>\n<h3>Roses i tapissos literaris<\/h3>\n<p>L&#8217;alumnat de primer i segon d&#8217;ESO han realitzat roses de feltre i tapissos amb tires de paper decoratiu i amb text per presentar al concurs art\u00edstic de Sant Jordi 2017.<\/p>\n<p><a href=\"http:\/\/agora.xtec.cat\/iedelprat\/wp-content\/uploads\/usu210\/2017\/05\/20170427_143950.redimensionada.jpg\"><img loading=\"lazy\" decoding=\"async\" class=\"alignleft wp-image-2592 size-thumbnail\" src=\"http:\/\/agora.xtec.cat\/iedelprat\/wp-content\/uploads\/usu210\/2017\/05\/20170427_143950.redimensionada-150x150.jpg\" alt=\"20170427_143950.redimensionada\" width=\"150\" height=\"150\" \/><\/a><a href=\"http:\/\/agora.xtec.cat\/iedelprat\/wp-content\/uploads\/usu210\/2017\/05\/20170427_143959.redimensionada.jpg\"><img loading=\"lazy\" decoding=\"async\" class=\"size-thumbnail wp-image-2591 aligncenter\" src=\"http:\/\/agora.xtec.cat\/iedelprat\/wp-content\/uploads\/usu210\/2017\/05\/20170427_143959.redimensionada-150x150.jpg\" alt=\"20170427_143959.redimensionada\" width=\"150\" height=\"150\" \/><\/a><\/p>\n<p><a href=\"http:\/\/agora.xtec.cat\/iedelprat\/wp-content\/uploads\/usu210\/2017\/05\/20170427_144011.redimensionada.jpg\"><img loading=\"lazy\" decoding=\"async\" class=\"size-thumbnail wp-image-2590 alignleft\" src=\"http:\/\/agora.xtec.cat\/iedelprat\/wp-content\/uploads\/usu210\/2017\/05\/20170427_144011.redimensionada-150x150.jpg\" alt=\"20170427_144011.redimensionada\" width=\"150\" height=\"150\" \/><\/a><a href=\"http:\/\/agora.xtec.cat\/iedelprat\/wp-content\/uploads\/usu210\/2017\/05\/20170427_144029.redimensionada.jpg\"><img loading=\"lazy\" decoding=\"async\" class=\"size-thumbnail wp-image-2589 aligncenter\" src=\"http:\/\/agora.xtec.cat\/iedelprat\/wp-content\/uploads\/usu210\/2017\/05\/20170427_144029.redimensionada-150x150.jpg\" alt=\"20170427_144029.redimensionada\" width=\"150\" height=\"150\" \/><\/a><\/p>\n<h4>2n ESO<\/h4>\n<p>Els alumnes de 2n d&#8217;ESO han treballat els artistes: Joan Mir\u00f3 i Ren\u00e9 Magritte.<\/p>\n<p>&nbsp;<\/p>\n<h4><\/h4>\n<p><a href=\"http:\/\/agora.xtec.cat\/iedelprat\/wp-content\/uploads\/usu210\/2016\/11\/IMG-20161108-WA0002.jpg\"><img loading=\"lazy\" decoding=\"async\" class=\"wp-image-1921 size-thumbnail alignleft\" src=\"http:\/\/agora.xtec.cat\/iedelprat\/wp-content\/uploads\/usu210\/2016\/11\/IMG-20161108-WA0002-150x150.jpg\" alt=\"img-20161108-wa0002\" width=\"150\" height=\"150\" \/><\/a><\/p>\n<p><a href=\"http:\/\/agora.xtec.cat\/iedelprat\/wp-content\/uploads\/usu210\/2016\/11\/IMG-20161108-WA0022.jpg\"><img loading=\"lazy\" decoding=\"async\" class=\"alignleft wp-image-1919 size-thumbnail\" src=\"http:\/\/agora.xtec.cat\/iedelprat\/wp-content\/uploads\/usu210\/2016\/11\/IMG-20161108-WA0022-150x150.jpg\" alt=\"img-20161108-wa0022\" width=\"150\" height=\"150\" \/><\/a><\/p>\n<p><a href=\"http:\/\/agora.xtec.cat\/iedelprat\/wp-content\/uploads\/usu210\/2016\/11\/IMG-20161108-WA0007.jpg\"><img loading=\"lazy\" decoding=\"async\" class=\"wp-image-1918 size-thumbnail alignleft\" src=\"http:\/\/agora.xtec.cat\/iedelprat\/wp-content\/uploads\/usu210\/2016\/11\/IMG-20161108-WA0007-150x150.jpg\" alt=\"img-20161108-wa0007\" width=\"150\" height=\"150\" \/><\/a><\/p>\n<p>&nbsp;<\/p>\n<p>&nbsp;<\/p>\n<p>&nbsp;<\/p>\n<p>&nbsp;<\/p>\n<p><img loading=\"lazy\" decoding=\"async\" class=\"wp-image-1917 size-thumbnail alignnone\" src=\"http:\/\/agora.xtec.cat\/iedelprat\/wp-content\/uploads\/usu210\/2016\/11\/IMG-20161108-WA0001-150x150.jpg\" alt=\"img-20161108-wa0001\" width=\"150\" height=\"150\" \/>\u00a0 \u00a0\u00a0<a href=\"http:\/\/agora.xtec.cat\/iedelprat\/wp-content\/uploads\/usu210\/2016\/11\/IMG-20161108-WA0011.jpg\"><img loading=\"lazy\" decoding=\"async\" class=\"wp-image-1916 size-thumbnail alignnone\" src=\"http:\/\/agora.xtec.cat\/iedelprat\/wp-content\/uploads\/usu210\/2016\/11\/IMG-20161108-WA0011-150x150.jpg\" alt=\"img-20161108-wa0011\" width=\"150\" height=\"150\" \/><\/a>\u00a0 \u00a0\u00a0<a href=\"http:\/\/agora.xtec.cat\/iedelprat\/wp-content\/uploads\/usu210\/2016\/11\/IMG-20161108-WA0008.jpg\"><img loading=\"lazy\" decoding=\"async\" class=\"wp-image-1920 size-thumbnail alignnone\" src=\"http:\/\/agora.xtec.cat\/iedelprat\/wp-content\/uploads\/usu210\/2016\/11\/IMG-20161108-WA0008-150x150.jpg\" alt=\"img-20161108-wa0008\" width=\"150\" height=\"150\" \/><\/a><\/p>\n<p>&nbsp;<\/p>\n<p>&nbsp;<\/p>\n<p>&nbsp;<\/p>\n<h4><\/h4>\n<h4><\/h4>\n<h4>1r Prim\u00e0ria<\/h4>\n<p>Les sirenes i els tritons de 1r. han fet un arbre de la tardor molt especial i divertit a pl\u00e0stica. Mireu!!!<\/p>\n<p><a href=\"http:\/\/agora.xtec.cat\/iedelprat\/wp-content\/uploads\/usu210\/2016\/11\/petita1.jpg\"><img loading=\"lazy\" decoding=\"async\" class=\"wp-image-1884 alignleft\" src=\"http:\/\/agora.xtec.cat\/iedelprat\/wp-content\/uploads\/usu210\/2016\/11\/petita1.jpg\" alt=\"petita1\" width=\"299\" height=\"167\" \/><\/a><\/p>\n<p><a href=\"http:\/\/agora.xtec.cat\/iedelprat\/wp-content\/uploads\/usu210\/2016\/11\/petita2.jpg\"><img loading=\"lazy\" decoding=\"async\" class=\"wp-image-1886 alignright\" src=\"http:\/\/agora.xtec.cat\/iedelprat\/wp-content\/uploads\/usu210\/2016\/11\/petita2.jpg\" alt=\"petita2\" width=\"299\" height=\"167\" \/><\/a><\/p>\n<p>&nbsp;<\/p>\n<p>&nbsp;<\/p>\n<p>&nbsp;<\/p>\n<p>&nbsp;<\/p>\n<p><img loading=\"lazy\" decoding=\"async\" class=\"wp-image-1849 aligncenter\" src=\"http:\/\/agora.xtec.cat\/iedelprat\/wp-content\/uploads\/usu210\/2016\/11\/20161103_1540161-1024x576.jpg\" alt=\"20161103_1540161\" width=\"380\" height=\"213\" srcset=\"https:\/\/agora.xtec.cat\/iedelprat\/wp-content\/uploads\/usu210\/2016\/11\/20161103_1540161-1024x576.jpg 1024w, https:\/\/agora.xtec.cat\/iedelprat\/wp-content\/uploads\/usu210\/2016\/11\/20161103_1540161-300x169.jpg 300w, https:\/\/agora.xtec.cat\/iedelprat\/wp-content\/uploads\/usu210\/2016\/11\/20161103_1540161-768x432.jpg 768w\" sizes=\"auto, (max-width: 380px) 100vw, 380px\" \/><\/p>\n<p>El tronc i les branques s\u00f3n la nostra m\u00e0, i les fulles ditades amb els colors de la tardor. Us agrada?<\/p>\n<h4>2n ESO<\/h4>\n<p>L&#8217;alumnat de 2n ESO est\u00e0 treballant el tema de la percepci\u00f3 humana.<\/p>\n<div>Entre les diferents activitats, aquesta \u00e9s la representaci\u00f3 art\u00edstica d&#8217;un ull.<\/div>\n<div>.<\/div>\n<div><a href=\"http:\/\/agora.xtec.cat\/iedelprat\/wp-content\/uploads\/usu210\/2016\/09\/IMG_20160922_145113.jpg\"><img loading=\"lazy\" decoding=\"async\" class=\"aligncenter wp-image-1657 size-large\" src=\"http:\/\/agora.xtec.cat\/iedelprat\/wp-content\/uploads\/usu210\/2016\/09\/IMG_20160922_145113-1024x576.jpg\" alt=\"img_20160922_145113\" width=\"1024\" height=\"576\" srcset=\"https:\/\/agora.xtec.cat\/iedelprat\/wp-content\/uploads\/usu210\/2016\/09\/IMG_20160922_145113-1024x576.jpg 1024w, https:\/\/agora.xtec.cat\/iedelprat\/wp-content\/uploads\/usu210\/2016\/09\/IMG_20160922_145113-300x169.jpg 300w, https:\/\/agora.xtec.cat\/iedelprat\/wp-content\/uploads\/usu210\/2016\/09\/IMG_20160922_145113-768x432.jpg 768w\" sizes=\"auto, (max-width: 1024px) 100vw, 1024px\" \/><\/a><a href=\"http:\/\/agora.xtec.cat\/iedelprat\/wp-content\/uploads\/usu210\/2016\/09\/IMG_20160922_145139.jpg\"><img loading=\"lazy\" decoding=\"async\" class=\"alignright wp-image-1653 size-medium\" src=\"http:\/\/agora.xtec.cat\/iedelprat\/wp-content\/uploads\/usu210\/2016\/09\/IMG_20160922_145139-300x169.jpg\" width=\"300\" height=\"169\" srcset=\"https:\/\/agora.xtec.cat\/iedelprat\/wp-content\/uploads\/usu210\/2016\/09\/IMG_20160922_145139-300x169.jpg 300w, https:\/\/agora.xtec.cat\/iedelprat\/wp-content\/uploads\/usu210\/2016\/09\/IMG_20160922_145139-768x432.jpg 768w, https:\/\/agora.xtec.cat\/iedelprat\/wp-content\/uploads\/usu210\/2016\/09\/IMG_20160922_145139-1024x576.jpg 1024w\" sizes=\"auto, (max-width: 300px) 100vw, 300px\" \/><\/a><\/div>\n<div><a href=\"http:\/\/agora.xtec.cat\/iedelprat\/wp-content\/uploads\/usu210\/2016\/09\/IMG_20160922_145122.jpg\"><img loading=\"lazy\" decoding=\"async\" class=\"alignleft wp-image-1656 size-medium\" src=\"http:\/\/agora.xtec.cat\/iedelprat\/wp-content\/uploads\/usu210\/2016\/09\/IMG_20160922_145122-300x169.jpg\" width=\"300\" height=\"169\" srcset=\"https:\/\/agora.xtec.cat\/iedelprat\/wp-content\/uploads\/usu210\/2016\/09\/IMG_20160922_145122-300x169.jpg 300w, https:\/\/agora.xtec.cat\/iedelprat\/wp-content\/uploads\/usu210\/2016\/09\/IMG_20160922_145122-768x432.jpg 768w, https:\/\/agora.xtec.cat\/iedelprat\/wp-content\/uploads\/usu210\/2016\/09\/IMG_20160922_145122-1024x576.jpg 1024w\" sizes=\"auto, (max-width: 300px) 100vw, 300px\" \/><\/a><a href=\"http:\/\/agora.xtec.cat\/iedelprat\/wp-content\/uploads\/usu210\/2016\/09\/IMG_20160922_145128.jpg\"><img loading=\"lazy\" decoding=\"async\" class=\"alignright wp-image-1655 size-medium\" src=\"http:\/\/agora.xtec.cat\/iedelprat\/wp-content\/uploads\/usu210\/2016\/09\/IMG_20160922_145128-300x169.jpg\" width=\"300\" height=\"169\" srcset=\"https:\/\/agora.xtec.cat\/iedelprat\/wp-content\/uploads\/usu210\/2016\/09\/IMG_20160922_145128-300x169.jpg 300w, https:\/\/agora.xtec.cat\/iedelprat\/wp-content\/uploads\/usu210\/2016\/09\/IMG_20160922_145128-768x432.jpg 768w, https:\/\/agora.xtec.cat\/iedelprat\/wp-content\/uploads\/usu210\/2016\/09\/IMG_20160922_145128-1024x576.jpg 1024w\" sizes=\"auto, (max-width: 300px) 100vw, 300px\" \/><\/a><\/div>\n<div><a href=\"http:\/\/agora.xtec.cat\/iedelprat\/wp-content\/uploads\/usu210\/2016\/09\/IMG_20160922_145147.jpg\"><img loading=\"lazy\" decoding=\"async\" class=\"alignleft wp-image-1652 size-medium\" src=\"http:\/\/agora.xtec.cat\/iedelprat\/wp-content\/uploads\/usu210\/2016\/09\/IMG_20160922_145147-300x169.jpg\" alt=\"img_20160922_145147\" width=\"300\" height=\"169\" srcset=\"https:\/\/agora.xtec.cat\/iedelprat\/wp-content\/uploads\/usu210\/2016\/09\/IMG_20160922_145147-300x169.jpg 300w, https:\/\/agora.xtec.cat\/iedelprat\/wp-content\/uploads\/usu210\/2016\/09\/IMG_20160922_145147-768x432.jpg 768w, https:\/\/agora.xtec.cat\/iedelprat\/wp-content\/uploads\/usu210\/2016\/09\/IMG_20160922_145147-1024x576.jpg 1024w\" sizes=\"auto, (max-width: 300px) 100vw, 300px\" \/><\/a><a href=\"http:\/\/agora.xtec.cat\/iedelprat\/wp-content\/uploads\/usu210\/2016\/09\/IMG_20160922_145133.jpg\"><img loading=\"lazy\" decoding=\"async\" class=\"alignleft wp-image-1654 size-medium\" src=\"http:\/\/agora.xtec.cat\/iedelprat\/wp-content\/uploads\/usu210\/2016\/09\/IMG_20160922_145133-300x169.jpg\" width=\"300\" height=\"169\" srcset=\"https:\/\/agora.xtec.cat\/iedelprat\/wp-content\/uploads\/usu210\/2016\/09\/IMG_20160922_145133-300x169.jpg 300w, https:\/\/agora.xtec.cat\/iedelprat\/wp-content\/uploads\/usu210\/2016\/09\/IMG_20160922_145133-768x432.jpg 768w, https:\/\/agora.xtec.cat\/iedelprat\/wp-content\/uploads\/usu210\/2016\/09\/IMG_20160922_145133-1024x576.jpg 1024w\" sizes=\"auto, (max-width: 300px) 100vw, 300px\" \/><\/a><a href=\"http:\/\/agora.xtec.cat\/iedelprat\/wp-content\/uploads\/usu210\/2016\/09\/IMG_20160922_145157.jpg\"><img loading=\"lazy\" decoding=\"async\" class=\"alignright wp-image-1651 size-medium\" src=\"http:\/\/agora.xtec.cat\/iedelprat\/wp-content\/uploads\/usu210\/2016\/09\/IMG_20160922_145157-300x169.jpg\" alt=\"img_20160922_145157\" width=\"300\" height=\"169\" srcset=\"https:\/\/agora.xtec.cat\/iedelprat\/wp-content\/uploads\/usu210\/2016\/09\/IMG_20160922_145157-300x169.jpg 300w, https:\/\/agora.xtec.cat\/iedelprat\/wp-content\/uploads\/usu210\/2016\/09\/IMG_20160922_145157-768x432.jpg 768w, https:\/\/agora.xtec.cat\/iedelprat\/wp-content\/uploads\/usu210\/2016\/09\/IMG_20160922_145157-1024x576.jpg 1024w\" sizes=\"auto, (max-width: 300px) 100vw, 300px\" \/><\/a><\/div>\n","protected":false},"excerpt":{"rendered":"<p>Recull d&#8217;activitats creades per l&#8217;alumnat a les classes d&#8217;Educaci\u00f3 Visual i Pl\u00e0stica.<br \/>\nCONTINUEM TREBALLANT CER\u00c0MICA<br \/>\nL&#8217;alumnat de 1r i 2n d&#8217;ESO ha realitzat porta espelmes decoratius.<br \/>\n<a href=\"https:\/\/agora.xtec.cat\/iedelprat\/wp-content\/uploads\/usu210\/2019\/01\/20190117_112550.jpg\"><\/a> <a href=\"https:\/\/agora.xtec.cat\/iedelprat\/wp-content\/uploads\/usu210\/2019\/01\/20190117_113010.jpg\"><\/a> <a href=\"https:\/\/agora.xtec.cat\/iedelprat\/wp-content\/uploads\/usu210\/2019\/01\/20190117_113053.jpg\"><\/a> <a href=\"https:\/\/agora.xtec.cat\/iedelprat\/wp-content\/uploads\/usu210\/2019\/01\/20190117_113121.jpg\"><\/a> <a href=\"https:\/\/agora.xtec.cat\/iedelprat\/wp-content\/uploads\/usu210\/2019\/01\/20190117_113152.jpg\"><\/a> <a href=\"https:\/\/agora.xtec.cat\/iedelprat\/wp-content\/uploads\/usu210\/2019\/01\/20190117_113325.jpg\"><\/a> <a href=\"https:\/\/agora.xtec.cat\/iedelprat\/wp-content\/uploads\/usu210\/2019\/01\/20190117_113925.jpg\"><\/a> <a href=\"https:\/\/agora.xtec.cat\/iedelprat\/wp-content\/uploads\/usu210\/2019\/01\/20190117_114220.jpg\"><\/a> <a href=\"https:\/\/agora.xtec.cat\/iedelprat\/wp-content\/uploads\/usu210\/2019\/01\/20190117_114257.jpg\"><\/a><br \/>\nS\u00edmbols de l&#8217;\u00cdndia<\/p>\n<p>L&#8217;alumnat USEE est\u00e0&hellip;  <a href=\"https:\/\/agora.xtec.cat\/iedelprat\/audiovisuals\/educacio-visual-i-plastica\/\" title=\"Read Educaci\u00f3 Visual i Pl\u00e0stica\">Llegeix m\u00e9s\u00bb<\/a><\/p>\n","protected":false},"author":5,"featured_media":0,"parent":908,"menu_order":4,"comment_status":"closed","ping_status":"closed","template":"","meta":{"_bbp_topic_count":0,"_bbp_reply_count":0,"_bbp_total_topic_count":0,"_bbp_total_reply_count":0,"_bbp_voice_count":0,"_bbp_anonymous_reply_count":0,"_bbp_topic_count_hidden":0,"_bbp_reply_count_hidden":0,"_bbp_forum_subforum_count":0,"footnotes":""},"class_list":["post-1635","page","type-page","status-publish","hentry"],"post_mailing_queue_ids":[],"_links":{"self":[{"href":"https:\/\/agora.xtec.cat\/iedelprat\/wp-json\/wp\/v2\/pages\/1635","targetHints":{"allow":["GET"]}}],"collection":[{"href":"https:\/\/agora.xtec.cat\/iedelprat\/wp-json\/wp\/v2\/pages"}],"about":[{"href":"https:\/\/agora.xtec.cat\/iedelprat\/wp-json\/wp\/v2\/types\/page"}],"author":[{"embeddable":true,"href":"https:\/\/agora.xtec.cat\/iedelprat\/wp-json\/wp\/v2\/users\/5"}],"replies":[{"embeddable":true,"href":"https:\/\/agora.xtec.cat\/iedelprat\/wp-json\/wp\/v2\/comments?post=1635"}],"version-history":[{"count":4,"href":"https:\/\/agora.xtec.cat\/iedelprat\/wp-json\/wp\/v2\/pages\/1635\/revisions"}],"predecessor-version":[{"id":9896,"href":"https:\/\/agora.xtec.cat\/iedelprat\/wp-json\/wp\/v2\/pages\/1635\/revisions\/9896"}],"up":[{"embeddable":true,"href":"https:\/\/agora.xtec.cat\/iedelprat\/wp-json\/wp\/v2\/pages\/908"}],"wp:attachment":[{"href":"https:\/\/agora.xtec.cat\/iedelprat\/wp-json\/wp\/v2\/media?parent=1635"}],"curies":[{"name":"wp","href":"https:\/\/api.w.org\/{rel}","templated":true}]}}