{"id":2342,"date":"2023-07-13T10:49:38","date_gmt":"2023-07-13T08:49:38","guid":{"rendered":"https:\/\/agora.xtec.cat\/iecamboverges\/?page_id=2342"},"modified":"2026-08-03T10:37:20","modified_gmt":"2026-08-03T08:37:20","slug":"enllacos-dinteres","status":"publish","type":"page","link":"https:\/\/agora.xtec.cat\/iecamboverges\/salut\/enllacos-dinteres\/","title":{"rendered":"Enlla\u00e7os d&#8217;inter\u00e8s"},"content":{"rendered":"\n<figure class=\"wp-block-table\"><table class=\"has-fixed-layout\"><tbody><tr><td class=\"has-text-align-left\" data-align=\"left\"><strong><a href=\"https:\/\/families.dipsalut.cat\/\">Dipsalut &#8211; Habilitats per la vida a casa<\/a><br><\/strong><br><img loading=\"lazy\" decoding=\"async\" width=\"200\" height=\"99\" class=\"wp-image-3669\" style=\"width: 200px;\" src=\"https:\/\/agora.xtec.cat\/iecamboverges\/wp-content\/uploads\/usu1863\/2026\/07\/family.png\" alt=\"\" srcset=\"https:\/\/agora.xtec.cat\/iecamboverges\/wp-content\/uploads\/usu1863\/2026\/07\/family.png 1121w, https:\/\/agora.xtec.cat\/iecamboverges\/wp-content\/uploads\/usu1863\/2026\/07\/family-300x149.png 300w, https:\/\/agora.xtec.cat\/iecamboverges\/wp-content\/uploads\/usu1863\/2026\/07\/family-1024x508.png 1024w, https:\/\/agora.xtec.cat\/iecamboverges\/wp-content\/uploads\/usu1863\/2026\/07\/family-768x381.png 768w\" sizes=\"auto, (max-width: 200px) 100vw, 200px\" \/> <br><br>Un espai amb recursos, orientacions i activitats per acompanyar la crian\u00e7a i promoure el benestar d&#8217;infants, adolescents i les seves fam\u00edlies. Hi trobareu articles, materials pr\u00e0ctics, c\u00e0psules formatives i eines elaborades per professionals per afrontar els reptes del dia a dia amb confian\u00e7a i suport.<\/td><\/tr><tr><td class=\"has-text-align-left\" data-align=\"left\"><a href=\"http:\/\/familiaiescola.gencat.cat\/ca\/\" target=\"_blank\" rel=\"noopener noreferrer\">Fam\u00edlia i escola<\/a><br><br><img loading=\"lazy\" decoding=\"async\" width=\"150\" height=\"149\" class=\"wp-image-3672\" style=\"width: 150px;\" src=\"https:\/\/agora.xtec.cat\/iecamboverges\/wp-content\/uploads\/usu1863\/2026\/07\/fie.png\" alt=\"\" srcset=\"https:\/\/agora.xtec.cat\/iecamboverges\/wp-content\/uploads\/usu1863\/2026\/07\/fie.png 333w, https:\/\/agora.xtec.cat\/iecamboverges\/wp-content\/uploads\/usu1863\/2026\/07\/fie-300x298.png 300w, https:\/\/agora.xtec.cat\/iecamboverges\/wp-content\/uploads\/usu1863\/2026\/07\/fie-150x150.png 150w\" sizes=\"auto, (max-width: 150px) 100vw, 150px\" \/><br><br>Aquest espai ofereix eines amb la voluntat de facilitar la participaci\u00f3 de les fam\u00edlies en la vida escolar dels fills i filles i guiar-les en l&#8217;acompanyament de la seva educaci\u00f3, i promoure&#8217;n, com a conseq\u00fc\u00e8ncia, l&#8217;\u00e8xit educatiu. Hi trobareu una diversitat de tem\u00e0tiques d&#8217;inter\u00e8s educatiu, vinculades a orientacions, recomanacions, enquestes de coneixement i formacions, a fi que fam\u00edlies i escola sumin en la tasca compartida de l&#8217;educaci\u00f3 dels infants i joves.<\/td><\/tr><tr><td class=\"has-text-align-left\" data-align=\"left\"><a href=\"https:\/\/educacio.gencat.cat\/web\/.content\/home\/departament\/publicacions\/monografies\/mon-digital\/guia-families-menys-pantalles\/guia-families.pdf\">Menys pantalla, m\u00e9s vida (guia per a fam\u00edlies)<\/a><br><br><img loading=\"lazy\" decoding=\"async\" width=\"150\" height=\"107\" class=\"wp-image-3674\" style=\"width: 150px;\" src=\"https:\/\/agora.xtec.cat\/iecamboverges\/wp-content\/uploads\/usu1863\/2026\/07\/pantalla.png\" alt=\"\" srcset=\"https:\/\/agora.xtec.cat\/iecamboverges\/wp-content\/uploads\/usu1863\/2026\/07\/pantalla.png 445w, https:\/\/agora.xtec.cat\/iecamboverges\/wp-content\/uploads\/usu1863\/2026\/07\/pantalla-300x214.png 300w\" sizes=\"auto, (max-width: 150px) 100vw, 150px\" \/><br><br>La guia <strong>&#8220;Menys pantalla, m\u00e9s vida&#8221;<\/strong> ofereix orientacions i recomanacions per fomentar un \u00fas saludable de les pantalles durant la inf\u00e0ncia i l&#8217;adolesc\u00e8ncia. Hi trobar\u00e0s consells pr\u00e0ctics per establir h\u00e0bits digitals equilibrats, promoure alternatives de lleure actiu i afavorir el desenvolupament f\u00edsic, emocional i social dels infants i joves. Un recurs \u00fatil per a les fam\u00edlies en l&#8217;acompanyament de l&#8217;\u00fas de la tecnologia en el dia a dia.<\/td><\/tr><tr><td class=\"has-text-align-left\" data-align=\"left\"><a href=\"https:\/\/canalsalut.gencat.cat\/ca\/vida-saludable\/etapes-de-la-vida\/infants-adolescencia\/index.html\" target=\"_blank\" rel=\"noreferrer noopener\">Inf\u00e0ncia i adolesc\u00e8ncia<\/a><br><br><img loading=\"lazy\" decoding=\"async\" width=\"166\" height=\"73\" class=\"wp-image-3675\" style=\"width: 166px;\" src=\"https:\/\/agora.xtec.cat\/iecamboverges\/wp-content\/uploads\/usu1863\/2026\/07\/adoles.png\" alt=\"\" srcset=\"https:\/\/agora.xtec.cat\/iecamboverges\/wp-content\/uploads\/usu1863\/2026\/07\/adoles.png 950w, https:\/\/agora.xtec.cat\/iecamboverges\/wp-content\/uploads\/usu1863\/2026\/07\/adoles-300x132.png 300w, https:\/\/agora.xtec.cat\/iecamboverges\/wp-content\/uploads\/usu1863\/2026\/07\/adoles-768x337.png 768w\" sizes=\"auto, (max-width: 166px) 100vw, 166px\" \/> <br><br>La inf\u00e0ncia \u00e9s l\u2019etapa de la vida en qu\u00e8 la prevenci\u00f3 en l\u2019\u00e0mbit de la salut \u00e9s m\u00e9s important. L\u2019adquisici\u00f3 d\u2019uns h\u00e0bits saludables des de l\u2019inici, aix\u00ed com la detecci\u00f3 preco\u00e7 i el tractament dels problemes de salut, millorar\u00e0 el benestar i la qualitat de vida dels infants i adolescents durant l\u2019edat adulta. Aprendre a identificar les necessitats dels infants \u00e9s fonamental per poder proporcionar-los l\u2019atenci\u00f3 necess\u00e0ria i ajudar-los a cr\u00e9ixer en un entorn afectiu, saludable i segur.<\/td><\/tr><tr><td class=\"has-text-align-left\" data-align=\"left\"><a href=\"http:\/\/canalsalut.gencat.cat\/ca\/detalls\/article\/Polls-00001\" target=\"_blank\" rel=\"noopener noreferrer\">Polls<\/a><br><br><img loading=\"lazy\" decoding=\"async\" width=\"150\" height=\"165\" class=\"wp-image-3679\" style=\"width: 150px;\" src=\"https:\/\/agora.xtec.cat\/iecamboverges\/wp-content\/uploads\/usu1863\/2026\/07\/polls.png\" alt=\"\" srcset=\"https:\/\/agora.xtec.cat\/iecamboverges\/wp-content\/uploads\/usu1863\/2026\/07\/polls.png 414w, https:\/\/agora.xtec.cat\/iecamboverges\/wp-content\/uploads\/usu1863\/2026\/07\/polls-273x300.png 273w\" sizes=\"auto, (max-width: 150px) 100vw, 150px\" \/><br><br>Els polls s\u00f3n una situaci\u00f3 habitual entre els infants en edat escolar. En aquest espai hi trobareu informaci\u00f3 \u00fatil per identificar-los, con\u00e8ixer com es transmeten, aplicar el tractament adequat i seguir les mesures de prevenci\u00f3 recomanades per evitar nous contagis. Una guia pr\u00e0ctica per actuar amb tranquil\u00b7litat i efic\u00e0cia.<\/td><\/tr><tr><td class=\"has-text-align-left\" data-align=\"left\"><a href=\"https:\/\/canalsalut.gencat.cat\/ca\/salut-a-z\/m\/maltractaments-infancia-adolescencia\/index.html\">Maltractaments a la inf\u00e0ncia i adolesc\u00e8ncia<\/a><br><br><img loading=\"lazy\" decoding=\"async\" width=\"175\" height=\"115\" class=\"wp-image-3680\" style=\"width: 175px;\" src=\"https:\/\/agora.xtec.cat\/iecamboverges\/wp-content\/uploads\/usu1863\/2026\/07\/infants.png\" alt=\"\" srcset=\"https:\/\/agora.xtec.cat\/iecamboverges\/wp-content\/uploads\/usu1863\/2026\/07\/infants.png 449w, https:\/\/agora.xtec.cat\/iecamboverges\/wp-content\/uploads\/usu1863\/2026\/07\/infants-300x197.png 300w\" sizes=\"auto, (max-width: 175px) 100vw, 175px\" \/><br><br>La protecci\u00f3 dels infants i adolescents \u00e9s responsabilitat de tota la societat. En aquest espai trobareu informaci\u00f3 per con\u00e8ixer qu\u00e8 s\u00f3n els maltractaments, identificar-ne els senyals d&#8217;alerta, con\u00e8ixer els factors de risc i saber com actuar davant una possible situaci\u00f3 de viol\u00e8ncia. Tamb\u00e9 hi hi harecursos i serveis d&#8217;ajuda per promoure el bon tracte i garantir el benestar dels infants i adolescents.<\/td><\/tr><tr><td class=\"has-text-align-left\" data-align=\"left\"><a href=\"https:\/\/educacio.gencat.cat\/ca\/arees-actuacio\/families\/recursos\/enquestes\/\" target=\"_blank\" rel=\"noreferrer noopener\">Enquestes d&#8217;autoconeixement<\/a><br><br><img loading=\"lazy\" decoding=\"async\" width=\"180\" height=\"90\" class=\"wp-image-3755\" style=\"width: 180px;\" src=\"https:\/\/agora.xtec.cat\/iecamboverges\/wp-content\/uploads\/usu1863\/2026\/08\/rubric.png\" alt=\"\" srcset=\"https:\/\/agora.xtec.cat\/iecamboverges\/wp-content\/uploads\/usu1863\/2026\/08\/rubric.png 847w, https:\/\/agora.xtec.cat\/iecamboverges\/wp-content\/uploads\/usu1863\/2026\/08\/rubric-300x151.png 300w, https:\/\/agora.xtec.cat\/iecamboverges\/wp-content\/uploads\/usu1863\/2026\/08\/rubric-768x385.png 768w\" sizes=\"auto, (max-width: 180px) 100vw, 180px\" \/><br><br>Aquestes enquestes del Departament d&#8217;Educaci\u00f3 i Formaci\u00f3 Professional pretenen ajudar-vos, com a fam\u00edlies, a valorar el vostre nivell d&#8217;implicaci\u00f3 sobre diferents aspectes de l&#8217;educaci\u00f3 dels vostres fills. A partir de les respostes, podreu obtenir els punts forts de les vostres actuacions com a educadors i aquells altres aspectes que podr\u00edeu millorar.<br><\/td><\/tr><\/tbody><\/table><\/figure>\n\n\n","protected":false},"excerpt":{"rendered":"<p>Dipsalut &#8211; Habilitats per la vida a casa Un espai amb recursos, orientacions i activitats per acompanyar la crian\u00e7a i promoure el benestar d&#8217;infants, adolescents i les seves fam\u00edlies. Hi trobareu articles, materials pr\u00e0ctics, c\u00e0psules formatives i eines elaborades per professionals per afrontar els reptes del dia a dia amb confian\u00e7a i suport. Fam\u00edlia i [&hellip;]<\/p>\n","protected":false},"author":1,"featured_media":0,"parent":38,"menu_order":0,"comment_status":"closed","ping_status":"closed","template":"","meta":{"_bbp_topic_count":0,"_bbp_reply_count":0,"_bbp_total_topic_count":0,"_bbp_total_reply_count":0,"_bbp_voice_count":0,"_bbp_anonymous_reply_count":0,"_bbp_topic_count_hidden":0,"_bbp_reply_count_hidden":0,"_bbp_forum_subforum_count":0,"site-sidebar-layout":"default","site-content-layout":"","ast-site-content-layout":"default","site-content-style":"default","site-sidebar-style":"default","ast-global-header-display":"","ast-banner-title-visibility":"","ast-main-header-display":"","ast-hfb-above-header-display":"","ast-hfb-below-header-display":"","ast-hfb-mobile-header-display":"","site-post-title":"","ast-breadcrumbs-content":"","ast-featured-img":"","footer-sml-layout":"","theme-transparent-header-meta":"","adv-header-id-meta":"","stick-header-meta":"","header-above-stick-meta":"","header-main-stick-meta":"","header-below-stick-meta":"","astra-migrate-meta-layouts":"set","ast-page-background-enabled":"default","ast-page-background-meta":{"desktop":{"background-color":"var(--ast-global-color-4)","background-image":"","background-repeat":"repeat","background-position":"center center","background-size":"auto","background-attachment":"scroll","background-type":"","background-media":"","overlay-type":"","overlay-color":"","overlay-opacity":"","overlay-gradient":""},"tablet":{"background-color":"","background-image":"","background-repeat":"repeat","background-position":"center center","background-size":"auto","background-attachment":"scroll","background-type":"","background-media":"","overlay-type":"","overlay-color":"","overlay-opacity":"","overlay-gradient":""},"mobile":{"background-color":"","background-image":"","background-repeat":"repeat","background-position":"center center","background-size":"auto","background-attachment":"scroll","background-type":"","background-media":"","overlay-type":"","overlay-color":"","overlay-opacity":"","overlay-gradient":""}},"ast-content-background-meta":{"desktop":{"background-color":"var(--ast-global-color-5)","background-image":"","background-repeat":"repeat","background-position":"center center","background-size":"auto","background-attachment":"scroll","background-type":"","background-media":"","overlay-type":"","overlay-color":"","overlay-opacity":"","overlay-gradient":""},"tablet":{"background-color":"var(--ast-global-color-5)","background-image":"","background-repeat":"repeat","background-position":"center center","background-size":"auto","background-attachment":"scroll","background-type":"","background-media":"","overlay-type":"","overlay-color":"","overlay-opacity":"","overlay-gradient":""},"mobile":{"background-color":"var(--ast-global-color-5)","background-image":"","background-repeat":"repeat","background-position":"center center","background-size":"auto","background-attachment":"scroll","background-type":"","background-media":"","overlay-type":"","overlay-color":"","overlay-opacity":"","overlay-gradient":""}},"footnotes":""},"class_list":["post-2342","page","type-page","status-publish","hentry"],"post_mailing_queue_ids":[],"_links":{"self":[{"href":"https:\/\/agora.xtec.cat\/iecamboverges\/wp-json\/wp\/v2\/pages\/2342","targetHints":{"allow":["GET"]}}],"collection":[{"href":"https:\/\/agora.xtec.cat\/iecamboverges\/wp-json\/wp\/v2\/pages"}],"about":[{"href":"https:\/\/agora.xtec.cat\/iecamboverges\/wp-json\/wp\/v2\/types\/page"}],"author":[{"embeddable":true,"href":"https:\/\/agora.xtec.cat\/iecamboverges\/wp-json\/wp\/v2\/users\/1"}],"replies":[{"embeddable":true,"href":"https:\/\/agora.xtec.cat\/iecamboverges\/wp-json\/wp\/v2\/comments?post=2342"}],"version-history":[{"count":6,"href":"https:\/\/agora.xtec.cat\/iecamboverges\/wp-json\/wp\/v2\/pages\/2342\/revisions"}],"predecessor-version":[{"id":3757,"href":"https:\/\/agora.xtec.cat\/iecamboverges\/wp-json\/wp\/v2\/pages\/2342\/revisions\/3757"}],"up":[{"embeddable":true,"href":"https:\/\/agora.xtec.cat\/iecamboverges\/wp-json\/wp\/v2\/pages\/38"}],"wp:attachment":[{"href":"https:\/\/agora.xtec.cat\/iecamboverges\/wp-json\/wp\/v2\/media?parent=2342"}],"curies":[{"name":"wp","href":"https:\/\/api.w.org\/{rel}","templated":true}]}}