{"id":25013,"date":"2025-05-28T10:51:19","date_gmt":"2025-05-28T08:51:19","guid":{"rendered":"https:\/\/agora.xtec.cat\/iecadaques\/?page_id=25013"},"modified":"2025-05-28T10:54:30","modified_gmt":"2025-05-28T08:54:30","slug":"gestio-economica","status":"publish","type":"page","link":"https:\/\/agora.xtec.cat\/iecadaques\/secretaria\/gestio-economica\/","title":{"rendered":"Gesti\u00f3 econ\u00f2mica"},"content":{"rendered":"<p data-start=\"137\" data-end=\"315\">En aquest apartat es detalla la informaci\u00f3 relativa a les <strong data-start=\"195\" data-end=\"220\">donacions volunt\u00e0ries<\/strong> que realitzen les fam\u00edlies a trav\u00e9s del centre educatiu per a finalitats solid\u00e0ries i socials.<\/p>\n<p data-start=\"317\" data-end=\"424\">De manera regular, l\u2019escola canalitza aportacions destinades a organitzacions sense \u00e0nim de lucre, com ara:<\/p>\n<ul data-start=\"426\" data-end=\"538\">\n<li data-start=\"426\" data-end=\"459\">\n<p data-start=\"428\" data-end=\"459\"><strong data-start=\"428\" data-end=\"459\">ONG locals i internacionals<\/strong><\/p>\n<\/li>\n<li data-start=\"460\" data-end=\"499\">\n<p data-start=\"462\" data-end=\"499\"><strong data-start=\"462\" data-end=\"499\">Campanyes puntuals de solidaritat<\/strong><\/p>\n<\/li>\n<li data-start=\"500\" data-end=\"538\">\n<p data-start=\"502\" data-end=\"538\"><strong data-start=\"502\" data-end=\"522\">La Marat\u00f3 de TV3<\/strong>, entre d\u2019altres<\/p>\n<\/li>\n<\/ul>\n<p data-start=\"540\" data-end=\"674\">Aquestes accions formen part del comprom\u00eds del centre amb els valors de <strong data-start=\"612\" data-end=\"673\">la cooperaci\u00f3, la solidaritat i la responsabilitat social<\/strong>.<\/p>\n<p data-start=\"676\" data-end=\"831\">Totes les aportacions es gestionen amb <strong data-start=\"715\" data-end=\"732\">transpar\u00e8ncia<\/strong> i es publicaran peri\u00f2dicament perqu\u00e8 les fam\u00edlies i la comunitat educativa en puguin fer seguiment.<\/p>\n","protected":false},"excerpt":{"rendered":"<p>En aquest apartat es detalla la informaci\u00f3 relativa a les donacions volunt\u00e0ries que realitzen les fam\u00edlies a trav\u00e9s del centre educatiu per a finalitats solid\u00e0ries i socials.<br \/>\nDe manera regular, l\u2019escola canalitza aportacions destinades a organitzacions sense \u00e0nim de lucre, com ara:<\/p>\n<ul data-start=\"426\" data-end=\"538\">\n<li data-start=\"426\" data-end=\"459\">\nONG&hellip;  <a href=\"https:\/\/agora.xtec.cat\/iecadaques\/secretaria\/gestio-economica\/\" title=\"Read Gesti\u00f3 econ\u00f2mica\">Llegeix m\u00e9s\u00bb<\/a><\/p>\n","protected":false},"author":26,"featured_media":0,"parent":81,"menu_order":0,"comment_status":"closed","ping_status":"closed","template":"","meta":{"_bbp_topic_count":0,"_bbp_reply_count":0,"_bbp_total_topic_count":0,"_bbp_total_reply_count":0,"_bbp_voice_count":0,"_bbp_anonymous_reply_count":0,"_bbp_topic_count_hidden":0,"_bbp_reply_count_hidden":0,"_bbp_forum_subforum_count":0,"footnotes":""},"class_list":["post-25013","page","type-page","status-publish","hentry"],"post_mailing_queue_ids":[],"_links":{"self":[{"href":"https:\/\/agora.xtec.cat\/iecadaques\/wp-json\/wp\/v2\/pages\/25013","targetHints":{"allow":["GET"]}}],"collection":[{"href":"https:\/\/agora.xtec.cat\/iecadaques\/wp-json\/wp\/v2\/pages"}],"about":[{"href":"https:\/\/agora.xtec.cat\/iecadaques\/wp-json\/wp\/v2\/types\/page"}],"author":[{"embeddable":true,"href":"https:\/\/agora.xtec.cat\/iecadaques\/wp-json\/wp\/v2\/users\/26"}],"replies":[{"embeddable":true,"href":"https:\/\/agora.xtec.cat\/iecadaques\/wp-json\/wp\/v2\/comments?post=25013"}],"version-history":[{"count":1,"href":"https:\/\/agora.xtec.cat\/iecadaques\/wp-json\/wp\/v2\/pages\/25013\/revisions"}],"predecessor-version":[{"id":25014,"href":"https:\/\/agora.xtec.cat\/iecadaques\/wp-json\/wp\/v2\/pages\/25013\/revisions\/25014"}],"up":[{"embeddable":true,"href":"https:\/\/agora.xtec.cat\/iecadaques\/wp-json\/wp\/v2\/pages\/81"}],"wp:attachment":[{"href":"https:\/\/agora.xtec.cat\/iecadaques\/wp-json\/wp\/v2\/media?parent=25013"}],"curies":[{"name":"wp","href":"https:\/\/api.w.org\/{rel}","templated":true}]}}