{"id":18408,"date":"2020-09-29T18:44:15","date_gmt":"2020-09-29T16:44:15","guid":{"rendered":"https:\/\/agora.xtec.cat\/iecadaques\/?page_id=18408"},"modified":"2021-03-09T11:33:16","modified_gmt":"2021-03-09T10:33:16","slug":"pla-convivencia","status":"publish","type":"page","link":"https:\/\/agora.xtec.cat\/iecadaques\/projecte-educatiu\/pec\/pla-convivencia\/","title":{"rendered":"Pla de Conviv\u00e8ncia"},"content":{"rendered":"<p>El Pla de Conviv\u00e8ncia recull les mesures de promoci\u00f3 de la conviv\u00e8ncia, els mecanismes per a la resoluci\u00f3 pac\u00edfica dels conflictes, especialment la mediaci\u00f3, aix\u00ed com les mesures i actuacions d\u2019intervenci\u00f3 educativa aplicables en cas d\u2019incompliment de les normes d\u2019organitzaci\u00f3 i funcionament del centre.<\/p>\n<h5>Pla de Conviv\u00e8ncia de l&#8217;Escola<\/h5>\n<p><object style=\"width: 800px; height: 600px;\" data=\"https:\/\/docs.google.com\/gview?embedded=true&amp;url=https:\/\/agora.xtec.cat\/iecadaques\/wp-content\/uploads\/usu1969\/2020\/12\/PdC-Escola.pdf\" width=\"300\" height=\"150\"><\/object><\/p>\n<h5>Pla de Conviv\u00e8ncia de l&#8217;Institut<\/h5>\n<p><object style=\"width: 800px; height: 600px;\" data=\"https:\/\/docs.google.com\/gview?embedded=true&amp;url=https:\/\/agora.xtec.cat\/iecadaques\/wp-content\/uploads\/usu1969\/2021\/03\/projecte-conviv\u00e8ncia_compressed.pdf\" width=\" width=\"300\" height=\"150\"><\/object><\/p>\n","protected":false},"excerpt":{"rendered":"<p>El Pla de Conviv\u00e8ncia recull les mesures de promoci\u00f3 de la conviv\u00e8ncia, els mecanismes per a la resoluci\u00f3 pac\u00edfica dels conflictes, especialment la mediaci\u00f3, aix\u00ed com les mesures i actuacions d\u2019intervenci\u00f3 educativa aplicables en cas d\u2019incompliment de les normes d\u2019organitzaci\u00f3 i funcionament del centre.<br \/>\nPla de&hellip;  <a href=\"https:\/\/agora.xtec.cat\/iecadaques\/projecte-educatiu\/pec\/pla-convivencia\/\" title=\"Read Pla de Conviv\u00e8ncia\">Llegeix m\u00e9s\u00bb<\/a><\/p>\n","protected":false},"author":1,"featured_media":0,"parent":712,"menu_order":3,"comment_status":"closed","ping_status":"closed","template":"","meta":{"_bbp_topic_count":0,"_bbp_reply_count":0,"_bbp_total_topic_count":0,"_bbp_total_reply_count":0,"_bbp_voice_count":0,"_bbp_anonymous_reply_count":0,"_bbp_topic_count_hidden":0,"_bbp_reply_count_hidden":0,"_bbp_forum_subforum_count":0,"footnotes":""},"class_list":["post-18408","page","type-page","status-publish","hentry"],"post_mailing_queue_ids":[],"_links":{"self":[{"href":"https:\/\/agora.xtec.cat\/iecadaques\/wp-json\/wp\/v2\/pages\/18408","targetHints":{"allow":["GET"]}}],"collection":[{"href":"https:\/\/agora.xtec.cat\/iecadaques\/wp-json\/wp\/v2\/pages"}],"about":[{"href":"https:\/\/agora.xtec.cat\/iecadaques\/wp-json\/wp\/v2\/types\/page"}],"author":[{"embeddable":true,"href":"https:\/\/agora.xtec.cat\/iecadaques\/wp-json\/wp\/v2\/users\/1"}],"replies":[{"embeddable":true,"href":"https:\/\/agora.xtec.cat\/iecadaques\/wp-json\/wp\/v2\/comments?post=18408"}],"version-history":[{"count":3,"href":"https:\/\/agora.xtec.cat\/iecadaques\/wp-json\/wp\/v2\/pages\/18408\/revisions"}],"predecessor-version":[{"id":21612,"href":"https:\/\/agora.xtec.cat\/iecadaques\/wp-json\/wp\/v2\/pages\/18408\/revisions\/21612"}],"up":[{"embeddable":true,"href":"https:\/\/agora.xtec.cat\/iecadaques\/wp-json\/wp\/v2\/pages\/712"}],"wp:attachment":[{"href":"https:\/\/agora.xtec.cat\/iecadaques\/wp-json\/wp\/v2\/media?parent=18408"}],"curies":[{"name":"wp","href":"https:\/\/api.w.org\/{rel}","templated":true}]}}