{"id":28,"date":"2014-09-18T12:29:35","date_gmt":"2014-09-18T10:29:35","guid":{"rendered":"http:\/\/agora.xtec.cat\/iebarnola\/?page_id=28"},"modified":"2026-01-13T13:37:53","modified_gmt":"2026-01-13T12:37:53","slug":"consell-escolar","status":"publish","type":"page","link":"https:\/\/agora.xtec.cat\/iebarnola\/lescola\/consell-escolar\/","title":{"rendered":"Consell escolar"},"content":{"rendered":"<div>\n<p>&nbsp;<\/p>\n<\/div>\n<table class=\"alignleft\" style=\"height: 599px; width: 72.5776%;\" border=\"1\" width=\"500\" cellspacing=\"0\" cellpadding=\"0\">\n<tbody>\n<tr style=\"height: 31px;\">\n<td style=\"height: 31px; width: 50.1014%;\" valign=\"top\"><b><span lang=\"CA\">Nom i Cognom<\/span><\/b><\/td>\n<td style=\"height: 31px; width: 130.572%;\" valign=\"top\"><b><span lang=\"CA\">C\u00e0rrec<\/span><\/b><\/td>\n<\/tr>\n<tr style=\"height: 31px;\">\n<td style=\"height: 31px; width: 50.1014%;\" valign=\"top\"><span lang=\"CA\">Ricard L\u00f3pez Mu\u00f1oz<br \/>\n<\/span><\/td>\n<td style=\"height: 31px; width: 130.572%;\" valign=\"top\"><span lang=\"CA\">President<\/span><\/td>\n<\/tr>\n<tr style=\"height: 31px;\">\n<td style=\"height: 31px; width: 50.1014%;\" valign=\"top\"><span lang=\"CA\">Marc Arola Codina<\/span><\/td>\n<td style=\"height: 31px; width: 130.572%;\" valign=\"top\"><span lang=\"CA\">Cap d\u2019estudis<\/span><\/td>\n<\/tr>\n<tr style=\"height: 31px;\">\n<td style=\"height: 31px; width: 50.1014%;\" valign=\"top\">Eva Codina Jim\u00e9nez<\/td>\n<td style=\"height: 31px; width: 130.572%;\" valign=\"top\"><span lang=\"CA\">Secret\u00e0ria<\/span><\/td>\n<\/tr>\n<tr style=\"height: 31px;\">\n<td style=\"height: 31px; width: 50.1014%;\" valign=\"top\"><span lang=\"CA\">Sergi Grau Torrent<br \/>\n<\/span><\/td>\n<td style=\"height: 31px; width: 130.572%;\" valign=\"top\"><span lang=\"CA\">Representant Ajuntament<\/span><\/td>\n<\/tr>\n<tr style=\"height: 31px;\">\n<td style=\"height: 31px; width: 50.1014%;\" valign=\"top\"><span lang=\"CA\">Roser Mauri Obradors<br \/>\n<\/span><\/td>\n<td style=\"height: 31px; width: 130.572%;\" valign=\"top\"><span lang=\"CA\">Representant PAS<\/span><\/td>\n<\/tr>\n<tr style=\"height: 33px;\">\n<td style=\"width: 50.1014%; height: 33px;\"><span lang=\"CA\"><span lang=\"CA\">Laia Mesas Antonio<\/span><\/span><\/td>\n<td style=\"width: 130.572%; height: 33px;\"><span lang=\"CA\">Coordinadora Pedag\u00f2gica. Representant sector docent (Referent COCOBE)<\/span><\/td>\n<\/tr>\n<tr style=\"height: 31px;\">\n<td style=\"height: 31px; width: 50.1014%;\" valign=\"top\"><span lang=\"CA\"><span lang=\"CA\">Eva Tasc\u00f3n Cotillas (2023 &#8211; 2027)<\/span><br \/>\n<\/span><\/td>\n<td style=\"height: 31px; width: 130.572%;\" valign=\"top\"><span lang=\"CA\">Representant sector docent<\/span><\/td>\n<\/tr>\n<tr style=\"height: 31px;\">\n<td style=\"height: 31px; width: 50.1014%;\" valign=\"top\"><span lang=\"CA\">Anna Oliveras Sala (2023 &#8211; 2027)<br \/>\n<\/span><\/td>\n<td style=\"height: 31px; width: 130.572%;\" valign=\"top\"><span lang=\"CA\">Representant sector docent<\/span><\/td>\n<\/tr>\n<tr style=\"height: 31px;\">\n<td style=\"height: 31px; width: 50.1014%;\" valign=\"top\"><span lang=\"CA\">Merc\u00e8 Guiteras Puig (2023 &#8211; 2027)<br \/>\n<\/span><\/td>\n<td style=\"height: 31px; width: 130.572%;\" valign=\"top\"><span lang=\"CA\">Representant sector docent<\/span><\/td>\n<\/tr>\n<tr style=\"height: 31px;\">\n<td style=\"height: 31px; width: 50.1014%;\" valign=\"top\"><span lang=\"CA\">\u00c8lia Hinojosa Cots (2025 &#8211; 2029)<\/span><\/td>\n<td style=\"height: 31px; width: 130.572%;\" valign=\"top\"><span lang=\"CA\">Representant sector docent\u00a0<\/span><\/td>\n<\/tr>\n<tr style=\"height: 31px;\">\n<td style=\"height: 31px; width: 50.1014%;\" valign=\"top\">Jes\u00fas Ruiz Sojo (2025 &#8211; 2029)<\/td>\n<td style=\"height: 31px; width: 130.572%;\" valign=\"top\"><span lang=\"CA\">Representant sector docent<\/span><\/td>\n<\/tr>\n<tr>\n<td style=\"width: 50.1014%;\">Anna Membrives P\u00e9rez (2025-2029)<\/td>\n<td style=\"width: 130.572%;\"><span lang=\"CA\">Representant sector docent<\/span><\/td>\n<\/tr>\n<tr style=\"height: 31px;\">\n<td style=\"height: 31px; width: 50.1014%;\" valign=\"top\"><span lang=\"CA\">S\u00f2nia Valent\u00ed Molviedro (2025-2029)<\/span><\/td>\n<td style=\"height: 31px; width: 130.572%;\" valign=\"top\"><span lang=\"CA\">Representant sector fam\u00edlies<\/span><\/td>\n<\/tr>\n<tr style=\"height: 31px;\">\n<td style=\"height: 31px; width: 50.1014%;\" valign=\"top\"><span lang=\"CA\">Al\u00edcia Vil\u00e0 Casas (2025 &#8211; 2029)<\/span><\/td>\n<td style=\"height: 31px; width: 130.572%;\" valign=\"top\"><span lang=\"CA\">Representant sector fam\u00edlies<\/span><\/td>\n<\/tr>\n<tr style=\"height: 33px;\">\n<td style=\"width: 50.1014%; height: 33px;\">Jordi Vall Carrillo (2023 &#8211; 2027)<\/td>\n<td style=\"width: 130.572%; height: 33px;\"><span lang=\"CA\">Representant sector fam\u00edlies<\/span><\/td>\n<\/tr>\n<tr style=\"height: 33px;\">\n<td style=\"width: 50.1014%; height: 33px;\">Montse Gramunt Camprub\u00ed (2023 &#8211; 2027)<\/td>\n<td style=\"width: 130.572%; height: 33px;\"><span lang=\"CA\">Representant sector fam\u00edlies<\/span><\/td>\n<\/tr>\n<tr style=\"height: 31px;\">\n<td style=\"height: 31px; width: 50.1014%;\" valign=\"top\"><span lang=\"CA\">Queralt Casals Vilalta<br \/>\n<\/span><\/td>\n<td style=\"height: 31px; width: 130.572%;\" valign=\"top\"><span lang=\"CA\">Representant \u00a0AFA<\/span><\/td>\n<\/tr>\n<tr style=\"height: 33px;\">\n<td style=\"width: 50.1014%; height: 33px;\"><span lang=\"CA\">Maria Obradors L\u00f3pez<\/span><\/td>\n<td style=\"width: 130.572%; height: 33px;\">Representant sector alumnat<\/td>\n<\/tr>\n<tr style=\"height: 33px;\">\n<td style=\"width: 50.1014%; height: 33px;\"><span lang=\"CA\">Ferran Escal\u00e9 Oliva<br \/>\n<\/span><\/td>\n<td style=\"width: 130.572%; height: 33px;\">Representant sector alumnat<\/td>\n<\/tr>\n<\/tbody>\n<\/table>\n<p>&nbsp;<\/p>\n<p>&nbsp;<\/p>\n<p>&nbsp;<\/p>\n<p>&nbsp;<\/p>\n<p>&nbsp;<\/p>\n<p>&nbsp;<\/p>\n<p>&nbsp;<\/p>\n<p>&nbsp;<\/p>\n<p>&nbsp;<\/p>\n<p>&nbsp;<\/p>\n<p>&nbsp;<\/p>\n<p>&nbsp;<\/p>\n<p>&nbsp;<\/p>\n<p>&nbsp;<\/p>\n<p>&nbsp;<\/p>\n<p>&nbsp;<\/p>\n<p>*Referent COCOBE: S\u2019estableix, segons directrius del Departament d&#8217;Educaci\u00f3,\u00a0 la figura COCOBE: Coordinadors\/es de coeducaci\u00f3, conviv\u00e8ncia i benestar dels centres docents de Prim\u00e0ria i de Secund\u00e0ria.<\/p>\n<p>Enlla\u00e7 a : <a href=\"https:\/\/agora.xtec.cat\/iebarnola\/wp-content\/uploads\/usu1586\/2026\/01\/Consell-Escolar-IE-Barnola-2025.pdf\">Consell Escolar IE Barnola &#8211; 2025<\/a><\/p>\n<p>Enlla\u00e7 a document: <a href=\"https:\/\/agora.xtec.cat\/iebarnola\/wp-content\/uploads\/usu1586\/2025\/02\/Infografia-Acords-de-CE_compressed.pdf\">Infografia Acords de CE_compressed<\/a><\/p>\n<p>&nbsp;<\/p>\n","protected":false},"excerpt":{"rendered":"<p>&nbsp; Nom i Cognom C\u00e0rrec Ricard L\u00f3pez Mu\u00f1oz President Marc Arola Codina Cap d\u2019estudis Eva Codina Jim\u00e9nez Secret\u00e0ria Sergi Grau Torrent Representant Ajuntament Roser Mauri Obradors Representant PAS Laia Mesas Antonio Coordinadora Pedag\u00f2gica. Representant sector docent (Referent COCOBE) Eva Tasc\u00f3n Cotillas (2023 &#8211; 2027) Representant sector docent Anna Oliveras Sala (2023 &#8211; 2027) Representant sector [&hellip;]<\/p>\n","protected":false},"author":1,"featured_media":0,"parent":22,"menu_order":40,"comment_status":"closed","ping_status":"closed","template":"page-templates\/side-menu.php","meta":{"_bbp_topic_count":0,"_bbp_reply_count":0,"_bbp_total_topic_count":0,"_bbp_total_reply_count":0,"_bbp_voice_count":0,"_bbp_anonymous_reply_count":0,"_bbp_topic_count_hidden":0,"_bbp_reply_count_hidden":0,"_bbp_forum_subforum_count":0,"site-sidebar-layout":"default","site-content-layout":"","ast-site-content-layout":"","site-content-style":"default","site-sidebar-style":"default","ast-global-header-display":"","ast-banner-title-visibility":"","ast-main-header-display":"","ast-hfb-above-header-display":"","ast-hfb-below-header-display":"","ast-hfb-mobile-header-display":"","site-post-title":"","ast-breadcrumbs-content":"","ast-featured-img":"","footer-sml-layout":"","theme-transparent-header-meta":"","adv-header-id-meta":"","stick-header-meta":"","header-above-stick-meta":"","header-main-stick-meta":"","header-below-stick-meta":"","astra-migrate-meta-layouts":"default","ast-page-background-enabled":"default","ast-page-background-meta":{"desktop":{"background-color":"var(--ast-global-color-4)","background-image":"","background-repeat":"repeat","background-position":"center center","background-size":"auto","background-attachment":"scroll","background-type":"","background-media":"","overlay-type":"","overlay-color":"","overlay-opacity":"","overlay-gradient":""},"tablet":{"background-color":"","background-image":"","background-repeat":"repeat","background-position":"center center","background-size":"auto","background-attachment":"scroll","background-type":"","background-media":"","overlay-type":"","overlay-color":"","overlay-opacity":"","overlay-gradient":""},"mobile":{"background-color":"","background-image":"","background-repeat":"repeat","background-position":"center center","background-size":"auto","background-attachment":"scroll","background-type":"","background-media":"","overlay-type":"","overlay-color":"","overlay-opacity":"","overlay-gradient":""}},"ast-content-background-meta":{"desktop":{"background-color":"var(--ast-global-color-5)","background-image":"","background-repeat":"repeat","background-position":"center center","background-size":"auto","background-attachment":"scroll","background-type":"","background-media":"","overlay-type":"","overlay-color":"","overlay-opacity":"","overlay-gradient":""},"tablet":{"background-color":"var(--ast-global-color-5)","background-image":"","background-repeat":"repeat","background-position":"center center","background-size":"auto","background-attachment":"scroll","background-type":"","background-media":"","overlay-type":"","overlay-color":"","overlay-opacity":"","overlay-gradient":""},"mobile":{"background-color":"var(--ast-global-color-5)","background-image":"","background-repeat":"repeat","background-position":"center center","background-size":"auto","background-attachment":"scroll","background-type":"","background-media":"","overlay-type":"","overlay-color":"","overlay-opacity":"","overlay-gradient":""}},"footnotes":""},"class_list":["post-28","page","type-page","status-publish","hentry"],"post_mailing_queue_ids":[],"_links":{"self":[{"href":"https:\/\/agora.xtec.cat\/iebarnola\/wp-json\/wp\/v2\/pages\/28","targetHints":{"allow":["GET"]}}],"collection":[{"href":"https:\/\/agora.xtec.cat\/iebarnola\/wp-json\/wp\/v2\/pages"}],"about":[{"href":"https:\/\/agora.xtec.cat\/iebarnola\/wp-json\/wp\/v2\/types\/page"}],"author":[{"embeddable":true,"href":"https:\/\/agora.xtec.cat\/iebarnola\/wp-json\/wp\/v2\/users\/1"}],"replies":[{"embeddable":true,"href":"https:\/\/agora.xtec.cat\/iebarnola\/wp-json\/wp\/v2\/comments?post=28"}],"version-history":[{"count":7,"href":"https:\/\/agora.xtec.cat\/iebarnola\/wp-json\/wp\/v2\/pages\/28\/revisions"}],"predecessor-version":[{"id":18705,"href":"https:\/\/agora.xtec.cat\/iebarnola\/wp-json\/wp\/v2\/pages\/28\/revisions\/18705"}],"up":[{"embeddable":true,"href":"https:\/\/agora.xtec.cat\/iebarnola\/wp-json\/wp\/v2\/pages\/22"}],"wp:attachment":[{"href":"https:\/\/agora.xtec.cat\/iebarnola\/wp-json\/wp\/v2\/media?parent=28"}],"curies":[{"name":"wp","href":"https:\/\/api.w.org\/{rel}","templated":true}]}}