{"id":5572,"date":"2023-10-16T16:12:02","date_gmt":"2023-10-16T14:12:02","guid":{"rendered":"https:\/\/agora.xtec.cat\/ieaoriolmartorell\/?page_id=5572"},"modified":"2023-11-10T15:37:59","modified_gmt":"2023-11-10T14:37:59","slug":"concert-participatiu_nadal-2023","status":"publish","type":"page","link":"https:\/\/agora.xtec.cat\/ieaoriolmartorell\/musica\/concert-participatiu_nadal-2023\/","title":{"rendered":"CONCERT PARTICIPATIU_NADAL 2023"},"content":{"rendered":"<p><img loading=\"lazy\" decoding=\"async\" class=\"size-full wp-image-5577 alignnone\" src=\"https:\/\/agora.xtec.cat\/ieaoriolmartorell\/wp-content\/uploads\/usu167\/2023\/10\/THE-NEXT-FUTURE-Baner-horitzontal-1024-x-400-px-3.png\" alt=\"\" width=\"1024\" height=\"400\" srcset=\"https:\/\/agora.xtec.cat\/ieaoriolmartorell\/wp-content\/uploads\/usu167\/2023\/10\/THE-NEXT-FUTURE-Baner-horitzontal-1024-x-400-px-3.png 1024w, https:\/\/agora.xtec.cat\/ieaoriolmartorell\/wp-content\/uploads\/usu167\/2023\/10\/THE-NEXT-FUTURE-Baner-horitzontal-1024-x-400-px-3-300x117.png 300w, https:\/\/agora.xtec.cat\/ieaoriolmartorell\/wp-content\/uploads\/usu167\/2023\/10\/THE-NEXT-FUTURE-Baner-horitzontal-1024-x-400-px-3-768x300.png 768w\" sizes=\"auto, (max-width: 1024px) 100vw, 1024px\" \/><\/p>\n<p>El Concert Participatiu de l&#8217;IEA Oriol Martorell \u00e9s un esdeveniment de centre del qual, any rere any, i coincidint amb la proximitat de Nadal, vol aglutinar i convidar a tota la comunitat educativa, des d&#8217;alumnes, professors, pares i mares, exalumnes i amics, a viure l&#8217;experi\u00e8ncia de participar en un gran concert amb orquestra i cor. Tot el centre viu i es contagia d&#8217;aquest esdeveniment, que va agafant m\u00e9s protagonisme i del qual, cada cop m\u00e9s, hi participa m\u00e9s gent per poder cantar amb el magn\u00edfic cor i orquestra i aix\u00ed poder viure en primera persona l&#8217;experi\u00e8ncia \u00fanica i irrepetible de compartir entre els m\u00e9s propers un esdeveniment inoblidable.<\/p>\n<p>Esperem que en gaudiu molt\u00edssim, d&#8217;aquest Concert Participatiu!<\/p>\n<p>&nbsp;<\/p>\n<hr \/>\n<h6>L&#8217;OBRA<\/h6>\n<hr \/>\n<h6>\u00a0<span style=\"font-weight: 400;\">La proposta d\u2019enguany \u00e9s el <\/span><strong><i>Magnificat<\/i><\/strong><span style=\"font-weight: 400;\"> en si bemoll major, del compositor <a href=\"https:\/\/ca.wikipedia.org\/wiki\/Francesco_Durante\"><em><strong>Francesco Durante<\/strong> <\/em><\/a>(1684-1755).<\/span><\/h6>\n<p><span style=\"font-weight: 400;\">\u00a0<\/span><span style=\"font-weight: 400;\">L\u2019obra consta de les seg\u00fcents parts:\u00a0<\/span><\/p>\n<table style=\"width: 57.1436%; height: 198px;\">\n<tbody>\n<tr style=\"height: 33px;\">\n<td style=\"width: 38.9671%; height: 33px;\"><span style=\"font-weight: 400;\">1. Magnificat<\/span><\/td>\n<td style=\"width: 55.4545%; height: 33px;\"><span style=\"font-weight: 400;\">Cor mixt i orquestra<\/span><\/td>\n<td style=\"width: 57.6616%;\"><a href=\"https:\/\/youtu.be\/fWS7lxo8deY?si=wVqStxD9T4I9Bndb\"><em>ESCOLTA&#8217;L<\/em><\/a><\/td>\n<\/tr>\n<tr style=\"height: 33px;\">\n<td style=\"width: 38.9671%; height: 33px;\"><span style=\"font-weight: 400;\">2. Et misericordia<\/span><\/td>\n<td style=\"width: 55.4545%; height: 33px;\"><span style=\"font-weight: 400;\">Soprano, contralt, cor mixt i orquestra<\/span><\/td>\n<td style=\"width: 57.6616%;\"><a href=\"https:\/\/youtu.be\/Itywefz8phI?si=Uqska6wLJfVPvy9A\"><span style=\"font-weight: 400;\"><em>ESCOLTA&#8217;L<\/em><\/span><\/a><\/td>\n<\/tr>\n<tr style=\"height: 33px;\">\n<td style=\"width: 38.9671%; height: 33px;\"><span style=\"font-weight: 400;\">3. Deposittus potentes<\/span><\/td>\n<td style=\"width: 55.4545%; height: 33px;\"><span style=\"font-weight: 400;\">Cor mixt i orquestra<\/span><\/td>\n<td style=\"width: 57.6616%;\"><a href=\"https:\/\/youtu.be\/jftbl56u2Mk?si=Md_PoWjFHmWOc2RC\"><span style=\"font-weight: 400;\"><em>ESCOLTA&#8217;L<\/em><\/span><\/a><\/td>\n<\/tr>\n<tr style=\"height: 33px;\">\n<td style=\"width: 38.9671%; height: 33px;\"><span style=\"font-weight: 400;\">4. Suscepit Israel<\/span><\/td>\n<td style=\"width: 55.4545%; height: 33px;\"><span style=\"font-weight: 400;\">Tenor, baix i orquestra<\/span><\/td>\n<td style=\"width: 57.6616%;\"><a href=\"https:\/\/youtu.be\/6FgRyzUhVvo?si=ORrRNPZ-cFbIF-JC\"><span style=\"font-weight: 400;\"><em>ESCOLTA&#8217;L<\/em><\/span><\/a><\/td>\n<\/tr>\n<tr style=\"height: 33px;\">\n<td style=\"width: 38.9671%; height: 33px;\"><span style=\"font-weight: 400;\">5. Sicut locutus est<\/span><\/td>\n<td style=\"width: 55.4545%; height: 33px;\"><span style=\"font-weight: 400;\">Cor mixt i orquestra<\/span><\/td>\n<td style=\"width: 57.6616%;\"><a href=\"https:\/\/youtu.be\/1vl83wPpSPI?si=oHkOzZpl8ysRR4xF\"><span style=\"font-weight: 400;\"><em>ESCOLTA&#8217;L<\/em><\/span><\/a><\/td>\n<\/tr>\n<tr style=\"height: 33px;\">\n<td style=\"width: 38.9671%; height: 33px;\"><span style=\"font-weight: 400;\">6. Sicut erat in principio<\/span><\/td>\n<td style=\"width: 55.4545%; height: 33px;\"><span style=\"font-weight: 400;\">Cor mixt i orquestra<\/span><\/td>\n<td style=\"width: 57.6616%;\"><a href=\"https:\/\/youtu.be\/Fghdj-ZVSww?si=XA7kGWmWtWM-mWso\"><span style=\"font-weight: 400;\"><em>ESCOLTA&#8217;L<\/em><\/span><\/a><\/td>\n<\/tr>\n<\/tbody>\n<\/table>\n<h6><\/h6>\n<p>Lletra en llat\u00ed i en catal\u00e0 del <em><strong>Magnificat\u00a0<a href=\"https:\/\/drive.google.com\/file\/d\/1w2gClUkd1Ajy-3oKa7XSsQRR6uETuVUD\/view?usp=sharing\">\u00a0<\/a><\/strong><a href=\"https:\/\/drive.google.com\/file\/d\/1w2gClUkd1Ajy-3oKa7XSsQRR6uETuVUD\/view?usp=sharing\">veure document&gt;&gt;<\/a><\/em><\/p>\n<p><span style=\"font-weight: 400;\">Per tal de poder-nos desitjar unes bones festes de Nadal, cantarem tots plegats la nadala <\/span><i><span style=\"font-weight: 400;\"><strong>El noi de la mare<\/strong>.<\/span><\/i> <span style=\"font-weight: 400;\">(Molt aviat compartirem amb vosaltres la partitura).<\/span><\/p>\n<p>&nbsp;<\/p>\n<hr \/>\n<h6>CALENDARI<\/h6>\n<hr \/>\n<p><b>Dissabte 16 de desembre<\/b><span style=\"font-weight: 400;\">, assaig general a l\u2019edifici de secund\u00e0ria, de les 9.30 h a les 13.30 h.<\/span><\/p>\n<p><span style=\"font-weight: 400;\">Donada la complexitat de l\u2019activitat en un sol assaig, \u00e9s obligat\u00f2ria\u00a0 l\u2019assist\u00e8ncia per a poder participar en el concert.<\/span><\/p>\n<p><b>Dimecres 20 de desembre<\/b><span style=\"font-weight: 400;\">, assaig general a partir de les 17.30 h (m\u00e9s endavant concretarem amb detall cada franja hor\u00e0ria de la convocat\u00f2ria)\u00a0 i concert a les 19.45 h a la Bas\u00edlica de Santa Maria del Pi de Barcelona.<\/span><\/p>\n<p><span style=\"font-weight: 400;\">Com ja sabeu, si us engresqueu a participar en aquesta activitat, \u00e9s important tenir els coneixements musicals que us permetin llegir la partitura.<\/span><\/p>\n<hr \/>\n<h6>\u00a0PARTICIPAR COM A CANTAIRE<\/h6>\n<hr \/>\n<p>Si voleu participar en aquest concert, cal enviar un correu abans del dia <strong>25 de novembre<\/strong> indicant el vostre nom i la relaci\u00f3 que teniu amb l\u2019escola. Si sou pares d\u2019alumnes actuals, escriviu tamb\u00e9 el nom i el curs del vostre fill o filla.<\/p>\n<p>Tamb\u00e9 cal que ens digueu quina \u00e9s la vostra veu: <em><strong>soprano<\/strong><\/em>, <strong><em>contralt<\/em><\/strong>, <strong><em>tenor<\/em> <\/strong>o <strong><em>baix<\/em><\/strong>.<\/p>\n<p style=\"text-align: center;\"><b>Correu: concertparticipatiu@ieaoriolmartorell.cat<\/b><\/p>\n<p style=\"text-align: center;\">Tenim previst no passar de 50 cantaires per corda. Per tant, acceptarem les sol\u00b7licituds fins a arribar a aquest nombre de participants. Un cop inscrits, us farem arribar les partitures.<\/p>\n<hr \/>\n<h6>RECURSOS AUDIOVISUALS<\/h6>\n<hr \/>\n<h6><iframe loading=\"lazy\" title=\"YouTube video player\" src=\"\/\/www.youtube.com\/embed\/videoseries?si=JVKduLg6WmXpkkda&amp;list=PLE0E236600F06FF55\" width=\"560\" height=\"315\" frameborder=\"0\" allowfullscreen=\"allowfullscreen\"><\/iframe><\/h6>\n<p><iframe loading=\"lazy\" title=\"YouTube video player\" src=\"\/\/www.youtube.com\/embed\/qcW2Yk2afc8?si=KxabXYcfbjUz9Fnz\" width=\"560\" height=\"315\" frameborder=\"0\" allowfullscreen=\"allowfullscreen\"><\/iframe><\/p>\n<hr \/>\n<h6>Concert Participatiu 2022<\/h6>\n<hr \/>\n<h6><iframe loading=\"lazy\" title=\"YouTube video player\" src=\"\/\/www.youtube.com\/embed\/a4CmheoB0Dk?si=-jh-cmXLWWJwptKr\" width=\"560\" height=\"315\" frameborder=\"0\" allowfullscreen=\"allowfullscreen\"><\/iframe><\/h6>\n<hr \/>\n<h6>#ConcertParticipatiu_OM #GaudeixdelOriol #TheNextFuture<\/h6>\n","protected":false},"excerpt":{"rendered":"<p>El Concert Participatiu de l&#8217;IEA Oriol Martorell \u00e9s un esdeveniment de centre del qual, any rere any, i coincidint amb la proximitat de Nadal, vol aglutinar i convidar a tota la comunitat educativa, des d&#8217;alumnes, professors, pares i mares, exalumnes i amics, a viure l&#8217;experi\u00e8ncia&hellip;  <a href=\"https:\/\/agora.xtec.cat\/ieaoriolmartorell\/musica\/concert-participatiu_nadal-2023\/\" title=\"Read CONCERT PARTICIPATIU_NADAL 2023\">Llegeix m\u00e9s\u00bb<\/a><\/p>\n","protected":false},"author":3,"featured_media":0,"parent":514,"menu_order":1,"comment_status":"closed","ping_status":"closed","template":"","meta":{"_bbp_topic_count":0,"_bbp_reply_count":0,"_bbp_total_topic_count":0,"_bbp_total_reply_count":0,"_bbp_voice_count":0,"_bbp_anonymous_reply_count":0,"_bbp_topic_count_hidden":0,"_bbp_reply_count_hidden":0,"_bbp_forum_subforum_count":0,"footnotes":""},"class_list":["post-5572","page","type-page","status-publish","hentry"],"post_mailing_queue_ids":[],"_links":{"self":[{"href":"https:\/\/agora.xtec.cat\/ieaoriolmartorell\/wp-json\/wp\/v2\/pages\/5572","targetHints":{"allow":["GET"]}}],"collection":[{"href":"https:\/\/agora.xtec.cat\/ieaoriolmartorell\/wp-json\/wp\/v2\/pages"}],"about":[{"href":"https:\/\/agora.xtec.cat\/ieaoriolmartorell\/wp-json\/wp\/v2\/types\/page"}],"author":[{"embeddable":true,"href":"https:\/\/agora.xtec.cat\/ieaoriolmartorell\/wp-json\/wp\/v2\/users\/3"}],"replies":[{"embeddable":true,"href":"https:\/\/agora.xtec.cat\/ieaoriolmartorell\/wp-json\/wp\/v2\/comments?post=5572"}],"version-history":[{"count":6,"href":"https:\/\/agora.xtec.cat\/ieaoriolmartorell\/wp-json\/wp\/v2\/pages\/5572\/revisions"}],"predecessor-version":[{"id":5598,"href":"https:\/\/agora.xtec.cat\/ieaoriolmartorell\/wp-json\/wp\/v2\/pages\/5572\/revisions\/5598"}],"up":[{"embeddable":true,"href":"https:\/\/agora.xtec.cat\/ieaoriolmartorell\/wp-json\/wp\/v2\/pages\/514"}],"wp:attachment":[{"href":"https:\/\/agora.xtec.cat\/ieaoriolmartorell\/wp-json\/wp\/v2\/media?parent=5572"}],"curies":[{"name":"wp","href":"https:\/\/api.w.org\/{rel}","templated":true}]}}