{"id":6173,"date":"2022-10-13T16:27:26","date_gmt":"2022-10-13T14:27:26","guid":{"rendered":"https:\/\/agora.xtec.cat\/ieangeldetobies\/?page_id=6173"},"modified":"2025-10-10T12:26:11","modified_gmt":"2025-10-10T10:26:11","slug":"radio-tobies","status":"publish","type":"page","link":"https:\/\/agora.xtec.cat\/ieangeldetobies\/el-nostre-alumnat\/radio-tobies\/","title":{"rendered":"R\u00e0dio Tobies"},"content":{"rendered":"<p><a href=\"https:\/\/agora.xtec.cat\/ieangeldetobies\/wp-content\/uploads\/usu1448\/2022\/10\/Copia-de-Banner-estiu-2022.png\"><img loading=\"lazy\" decoding=\"async\" class=\"alignleft wp-image-6174 size-full\" src=\"https:\/\/agora.xtec.cat\/ieangeldetobies\/wp-content\/uploads\/usu1448\/2022\/10\/Copia-de-Banner-estiu-2022.png\" alt=\"\" width=\"3008\" height=\"447\" srcset=\"https:\/\/agora.xtec.cat\/ieangeldetobies\/wp-content\/uploads\/usu1448\/2022\/10\/Copia-de-Banner-estiu-2022.png 3008w, https:\/\/agora.xtec.cat\/ieangeldetobies\/wp-content\/uploads\/usu1448\/2022\/10\/Copia-de-Banner-estiu-2022-300x45.png 300w, https:\/\/agora.xtec.cat\/ieangeldetobies\/wp-content\/uploads\/usu1448\/2022\/10\/Copia-de-Banner-estiu-2022-1024x152.png 1024w, https:\/\/agora.xtec.cat\/ieangeldetobies\/wp-content\/uploads\/usu1448\/2022\/10\/Copia-de-Banner-estiu-2022-768x114.png 768w, https:\/\/agora.xtec.cat\/ieangeldetobies\/wp-content\/uploads\/usu1448\/2022\/10\/Copia-de-Banner-estiu-2022-1536x228.png 1536w, https:\/\/agora.xtec.cat\/ieangeldetobies\/wp-content\/uploads\/usu1448\/2022\/10\/Copia-de-Banner-estiu-2022-2048x304.png 2048w\" sizes=\"auto, (max-width: 3008px) 100vw, 3008px\" \/><\/a><\/p>\n<h3><\/h3>\n<p><iframe loading=\"lazy\" src=\"https:\/\/www.ivoox.com\/player_es_podcast_2525542_zp_1.html?c1=1c7c9b\" width=\"300%\" height=\"400\" frameborder=\"0\" scrolling=\"no\" allowfullscreen=\"allowfullscreen\"><span data-mce-type=\"bookmark\" style=\"display: inline-block; width: 0px; overflow: hidden; line-height: 0;\" class=\"mce_SELRES_start\">\ufeff<\/span><span data-mce-type=\"bookmark\" style=\"display: inline-block; width: 0px; overflow: hidden; line-height: 0;\" class=\"mce_SELRES_start\">\ufeff<\/span><span data-mce-type=\"bookmark\" style=\"display: inline-block; width: 0px; overflow: hidden; line-height: 0;\" class=\"mce_SELRES_start\">\ufeff<\/span><\/iframe><\/p>\n<h3><span style=\"color: #0000ff;\"><strong>CURS 2023-24<\/strong><\/span><\/h3>\n<!--[if lt IE 9]><script>document.createElement('audio');<\/script><![endif]-->\n<audio class=\"wp-audio-shortcode\" id=\"audio-6173-1\" preload=\"none\" style=\"width: 100%;\" controls=\"controls\"><source type=\"audio\/mpeg\" src=\"https:\/\/agora.xtec.cat\/ieangeldetobies\/wp-content\/uploads\/usu1448\/2024\/06\/Erasmus-Media-Zoom-catala-2.mp3?_=1\" \/><a href=\"https:\/\/agora.xtec.cat\/ieangeldetobies\/wp-content\/uploads\/usu1448\/2024\/06\/Erasmus-Media-Zoom-catala-2.mp3\">https:\/\/agora.xtec.cat\/ieangeldetobies\/wp-content\/uploads\/usu1448\/2024\/06\/Erasmus-Media-Zoom-catala-2.mp3<\/a><\/audio>\n<p>Erasmus Media Zoom &#8211; catal\u00e0<\/p>\n<audio class=\"wp-audio-shortcode\" id=\"audio-6173-2\" preload=\"none\" style=\"width: 100%;\" controls=\"controls\"><source type=\"audio\/mpeg\" src=\"https:\/\/agora.xtec.cat\/ieangeldetobies\/wp-content\/uploads\/usu1448\/2024\/06\/Erasmus-Media-Zoom-angles-2-1.mp3?_=2\" \/><a href=\"https:\/\/agora.xtec.cat\/ieangeldetobies\/wp-content\/uploads\/usu1448\/2024\/06\/Erasmus-Media-Zoom-angles-2-1.mp3\">https:\/\/agora.xtec.cat\/ieangeldetobies\/wp-content\/uploads\/usu1448\/2024\/06\/Erasmus-Media-Zoom-angles-2-1.mp3<\/a><\/audio>\n<div>Erasmus Media Zoom &#8211; angl\u00e8s<\/div>\n<audio class=\"wp-audio-shortcode\" id=\"audio-6173-3\" preload=\"none\" style=\"width: 100%;\" controls=\"controls\"><source type=\"audio\/mpeg\" src=\"https:\/\/agora.xtec.cat\/ieangeldetobies\/wp-content\/uploads\/usu1448\/2024\/05\/Biblioteca-4t-A.mp3?_=3\" \/><a href=\"https:\/\/agora.xtec.cat\/ieangeldetobies\/wp-content\/uploads\/usu1448\/2024\/05\/Biblioteca-4t-A.mp3\">https:\/\/agora.xtec.cat\/ieangeldetobies\/wp-content\/uploads\/usu1448\/2024\/05\/Biblioteca-4t-A.mp3<\/a><\/audio>\n<p>La biblioteca de l&#8217;escola -4t A<\/p>\n<audio class=\"wp-audio-shortcode\" id=\"audio-6173-4\" preload=\"none\" style=\"width: 100%;\" controls=\"controls\"><source type=\"audio\/mpeg\" src=\"https:\/\/agora.xtec.cat\/ieangeldetobies\/wp-content\/uploads\/usu1448\/2024\/05\/La-Clika-3r-B.mp3?_=4\" \/><a href=\"https:\/\/agora.xtec.cat\/ieangeldetobies\/wp-content\/uploads\/usu1448\/2024\/05\/La-Clika-3r-B.mp3\">https:\/\/agora.xtec.cat\/ieangeldetobies\/wp-content\/uploads\/usu1448\/2024\/05\/La-Clika-3r-B.mp3<\/a><\/audio>\n<p>La Clika -3r B<\/p>\n<audio class=\"wp-audio-shortcode\" id=\"audio-6173-5\" preload=\"none\" style=\"width: 100%;\" controls=\"controls\"><source type=\"audio\/mpeg\" src=\"https:\/\/agora.xtec.cat\/ieangeldetobies\/wp-content\/uploads\/usu1448\/2024\/04\/Teatre-Peter-Pan.mp3?_=5\" \/><a href=\"https:\/\/agora.xtec.cat\/ieangeldetobies\/wp-content\/uploads\/usu1448\/2024\/04\/Teatre-Peter-Pan.mp3\">https:\/\/agora.xtec.cat\/ieangeldetobies\/wp-content\/uploads\/usu1448\/2024\/04\/Teatre-Peter-Pan.mp3<\/a><\/audio>\n<p>Teatre Peter Pan- 4t A<\/p>\n<audio class=\"wp-audio-shortcode\" id=\"audio-6173-6\" preload=\"none\" style=\"width: 100%;\" controls=\"controls\"><source type=\"audio\/mpeg\" src=\"https:\/\/agora.xtec.cat\/ieangeldetobies\/wp-content\/uploads\/usu1448\/2024\/04\/Penell-3r-B.mp3?_=6\" \/><a href=\"https:\/\/agora.xtec.cat\/ieangeldetobies\/wp-content\/uploads\/usu1448\/2024\/04\/Penell-3r-B.mp3\">https:\/\/agora.xtec.cat\/ieangeldetobies\/wp-content\/uploads\/usu1448\/2024\/04\/Penell-3r-B.mp3<\/a><\/audio>\n<p>Penell- 3r B<\/p>\n<audio class=\"wp-audio-shortcode\" id=\"audio-6173-7\" preload=\"none\" style=\"width: 100%;\" controls=\"controls\"><source type=\"audio\/mpeg\" src=\"https:\/\/agora.xtec.cat\/ieangeldetobies\/wp-content\/uploads\/usu1448\/2024\/04\/Cruyff-Courts-6e-B.mp3?_=7\" \/><a href=\"https:\/\/agora.xtec.cat\/ieangeldetobies\/wp-content\/uploads\/usu1448\/2024\/04\/Cruyff-Courts-6e-B.mp3\">https:\/\/agora.xtec.cat\/ieangeldetobies\/wp-content\/uploads\/usu1448\/2024\/04\/Cruyff-Courts-6e-B.mp3<\/a><\/audio>\n<p>Cruyff Courts -6\u00e8 B<\/p>\n<audio class=\"wp-audio-shortcode\" id=\"audio-6173-8\" preload=\"none\" style=\"width: 100%;\" controls=\"controls\"><source type=\"audio\/mpeg\" src=\"https:\/\/agora.xtec.cat\/ieangeldetobies\/wp-content\/uploads\/usu1448\/2024\/03\/Dia-mundial-de-la-poesia-3r-i-5e.mp3?_=8\" \/><a href=\"https:\/\/agora.xtec.cat\/ieangeldetobies\/wp-content\/uploads\/usu1448\/2024\/03\/Dia-mundial-de-la-poesia-3r-i-5e.mp3\">https:\/\/agora.xtec.cat\/ieangeldetobies\/wp-content\/uploads\/usu1448\/2024\/03\/Dia-mundial-de-la-poesia-3r-i-5e.mp3<\/a><\/audio>\n<p>Dia mundial de la poesia 3r i 5\u00e8<\/p>\n<audio class=\"wp-audio-shortcode\" id=\"audio-6173-9\" preload=\"none\" style=\"width: 100%;\" controls=\"controls\"><source type=\"audio\/mpeg\" src=\"https:\/\/agora.xtec.cat\/ieangeldetobies\/wp-content\/uploads\/usu1448\/2024\/03\/8-Marc.mp3?_=9\" \/><a href=\"https:\/\/agora.xtec.cat\/ieangeldetobies\/wp-content\/uploads\/usu1448\/2024\/03\/8-Marc.mp3\">https:\/\/agora.xtec.cat\/ieangeldetobies\/wp-content\/uploads\/usu1448\/2024\/03\/8-Marc.mp3<\/a><\/audio>\n<p>8 de mar\u00e7- Carta a una dona especial per a mi (5\u00e8 B)<\/p>\n<audio class=\"wp-audio-shortcode\" id=\"audio-6173-10\" preload=\"none\" style=\"width: 100%;\" controls=\"controls\"><source type=\"audio\/mpeg\" src=\"https:\/\/agora.xtec.cat\/ieangeldetobies\/wp-content\/uploads\/usu1448\/2024\/02\/Estrenem-classes-3r.mp3?_=10\" \/><a href=\"https:\/\/agora.xtec.cat\/ieangeldetobies\/wp-content\/uploads\/usu1448\/2024\/02\/Estrenem-classes-3r.mp3\">https:\/\/agora.xtec.cat\/ieangeldetobies\/wp-content\/uploads\/usu1448\/2024\/02\/Estrenem-classes-3r.mp3<\/a><\/audio>\n<p>Estrenem classes!- 3r<\/p>\n<audio class=\"wp-audio-shortcode\" id=\"audio-6173-11\" preload=\"none\" style=\"width: 100%;\" controls=\"controls\"><source type=\"audio\/mpeg\" src=\"https:\/\/agora.xtec.cat\/ieangeldetobies\/wp-content\/uploads\/usu1448\/2024\/02\/21-de-febrer-Dia-internacional-de-les-llengues-maternes.mp3?_=11\" \/><a href=\"https:\/\/agora.xtec.cat\/ieangeldetobies\/wp-content\/uploads\/usu1448\/2024\/02\/21-de-febrer-Dia-internacional-de-les-llengues-maternes.mp3\">https:\/\/agora.xtec.cat\/ieangeldetobies\/wp-content\/uploads\/usu1448\/2024\/02\/21-de-febrer-Dia-internacional-de-les-llengues-maternes.mp3<\/a><\/audio>\n<p>21 de febrer- Dia internacional de les lleng\u00fces maternes<\/p>\n<audio class=\"wp-audio-shortcode\" id=\"audio-6173-12\" preload=\"none\" style=\"width: 100%;\" controls=\"controls\"><source type=\"audio\/mpeg\" src=\"https:\/\/agora.xtec.cat\/ieangeldetobies\/wp-content\/uploads\/usu1448\/2024\/02\/Bona-nit-5e.mp3?_=12\" \/><a href=\"https:\/\/agora.xtec.cat\/ieangeldetobies\/wp-content\/uploads\/usu1448\/2024\/02\/Bona-nit-5e.mp3\">https:\/\/agora.xtec.cat\/ieangeldetobies\/wp-content\/uploads\/usu1448\/2024\/02\/Bona-nit-5e.mp3<\/a><\/audio>\n<p>Bona nit- 5\u00e8<\/p>\n<audio class=\"wp-audio-shortcode\" id=\"audio-6173-13\" preload=\"none\" style=\"width: 100%;\" controls=\"controls\"><source type=\"audio\/mpeg\" src=\"https:\/\/agora.xtec.cat\/ieangeldetobies\/wp-content\/uploads\/usu1448\/2024\/02\/Carnaval-rua-3r-5e.mp3?_=13\" \/><a href=\"https:\/\/agora.xtec.cat\/ieangeldetobies\/wp-content\/uploads\/usu1448\/2024\/02\/Carnaval-rua-3r-5e.mp3\">https:\/\/agora.xtec.cat\/ieangeldetobies\/wp-content\/uploads\/usu1448\/2024\/02\/Carnaval-rua-3r-5e.mp3<\/a><\/audio>\n<p>Rua de Carnaval 3r-5\u00e8<\/p>\n<audio class=\"wp-audio-shortcode\" id=\"audio-6173-14\" preload=\"none\" style=\"width: 100%;\" controls=\"controls\"><source type=\"audio\/mpeg\" src=\"https:\/\/agora.xtec.cat\/ieangeldetobies\/wp-content\/uploads\/usu1448\/2024\/02\/Sortida-dijous-gras-4t.mp3?_=14\" \/><a href=\"https:\/\/agora.xtec.cat\/ieangeldetobies\/wp-content\/uploads\/usu1448\/2024\/02\/Sortida-dijous-gras-4t.mp3\">https:\/\/agora.xtec.cat\/ieangeldetobies\/wp-content\/uploads\/usu1448\/2024\/02\/Sortida-dijous-gras-4t.mp3<\/a><\/audio>\n<p>Sortida de Dijous Gras- 4t<\/p>\n<audio class=\"wp-audio-shortcode\" id=\"audio-6173-15\" preload=\"none\" style=\"width: 100%;\" controls=\"controls\"><source type=\"audio\/mpeg\" src=\"https:\/\/agora.xtec.cat\/ieangeldetobies\/wp-content\/uploads\/usu1448\/2024\/02\/Sortida-Dijous-Gras-5e.mp3?_=15\" \/><a href=\"https:\/\/agora.xtec.cat\/ieangeldetobies\/wp-content\/uploads\/usu1448\/2024\/02\/Sortida-Dijous-Gras-5e.mp3\">https:\/\/agora.xtec.cat\/ieangeldetobies\/wp-content\/uploads\/usu1448\/2024\/02\/Sortida-Dijous-Gras-5e.mp3<\/a><\/audio>\n<p>Sortida de Dijous Gras- 5\u00e8<\/p>\n<audio class=\"wp-audio-shortcode\" id=\"audio-6173-16\" preload=\"none\" style=\"width: 100%;\" controls=\"controls\"><source type=\"audio\/mpeg\" src=\"https:\/\/agora.xtec.cat\/ieangeldetobies\/wp-content\/uploads\/usu1448\/2024\/02\/Setmana-de-carnaval.mp3?_=16\" \/><a href=\"https:\/\/agora.xtec.cat\/ieangeldetobies\/wp-content\/uploads\/usu1448\/2024\/02\/Setmana-de-carnaval.mp3\">https:\/\/agora.xtec.cat\/ieangeldetobies\/wp-content\/uploads\/usu1448\/2024\/02\/Setmana-de-carnaval.mp3<\/a><\/audio>\n<p>Setmana de carnaval 3r Bi 5\u00e8 A<\/p>\n<audio class=\"wp-audio-shortcode\" id=\"audio-6173-17\" preload=\"none\" style=\"width: 100%;\" controls=\"controls\"><source type=\"audio\/mpeg\" src=\"https:\/\/agora.xtec.cat\/ieangeldetobies\/wp-content\/uploads\/usu1448\/2024\/02\/Mascares-de-5e.mp3?_=17\" \/><a href=\"https:\/\/agora.xtec.cat\/ieangeldetobies\/wp-content\/uploads\/usu1448\/2024\/02\/Mascares-de-5e.mp3\">https:\/\/agora.xtec.cat\/ieangeldetobies\/wp-content\/uploads\/usu1448\/2024\/02\/Mascares-de-5e.mp3<\/a><\/audio>\n<p>M\u00e0scares &#8211; 5\u00e8<\/p>\n<audio class=\"wp-audio-shortcode\" id=\"audio-6173-18\" preload=\"none\" style=\"width: 100%;\" controls=\"controls\"><source type=\"audio\/mpeg\" src=\"https:\/\/agora.xtec.cat\/ieangeldetobies\/wp-content\/uploads\/usu1448\/2024\/02\/Projecte-la-veu-de-la-Terra-6e.mp3?_=18\" \/><a href=\"https:\/\/agora.xtec.cat\/ieangeldetobies\/wp-content\/uploads\/usu1448\/2024\/02\/Projecte-la-veu-de-la-Terra-6e.mp3\">https:\/\/agora.xtec.cat\/ieangeldetobies\/wp-content\/uploads\/usu1448\/2024\/02\/Projecte-la-veu-de-la-Terra-6e.mp3<\/a><\/audio>\n<p>Projecte &#8220;La veu de la Terra&#8221;- 6\u00e8<\/p>\n<audio class=\"wp-audio-shortcode\" id=\"audio-6173-19\" preload=\"none\" style=\"width: 100%;\" controls=\"controls\"><source type=\"audio\/mpeg\" src=\"https:\/\/agora.xtec.cat\/ieangeldetobies\/wp-content\/uploads\/usu1448\/2024\/01\/Sortida-6e-Pau-Casals.mp3?_=19\" \/><a href=\"https:\/\/agora.xtec.cat\/ieangeldetobies\/wp-content\/uploads\/usu1448\/2024\/01\/Sortida-6e-Pau-Casals.mp3\">https:\/\/agora.xtec.cat\/ieangeldetobies\/wp-content\/uploads\/usu1448\/2024\/01\/Sortida-6e-Pau-Casals.mp3<\/a><\/audio>\n<p>Sortida Pau Casals &#8211; 6\u00e8<\/p>\n<audio class=\"wp-audio-shortcode\" id=\"audio-6173-20\" preload=\"none\" style=\"width: 100%;\" controls=\"controls\"><source type=\"audio\/mpeg\" src=\"https:\/\/agora.xtec.cat\/ieangeldetobies\/wp-content\/uploads\/usu1448\/2024\/01\/Natacio-3r.mp3?_=20\" \/><a href=\"https:\/\/agora.xtec.cat\/ieangeldetobies\/wp-content\/uploads\/usu1448\/2024\/01\/Natacio-3r.mp3\">https:\/\/agora.xtec.cat\/ieangeldetobies\/wp-content\/uploads\/usu1448\/2024\/01\/Natacio-3r.mp3<\/a><\/audio>\n<p>Nataci\u00f3 3r<\/p>\n<audio class=\"wp-audio-shortcode\" id=\"audio-6173-21\" preload=\"none\" style=\"width: 100%;\" controls=\"controls\"><source type=\"audio\/mpeg\" src=\"https:\/\/agora.xtec.cat\/ieangeldetobies\/wp-content\/uploads\/usu1448\/2024\/01\/Ruta-de-la-ceramica-6e.mp3?_=21\" \/><a href=\"https:\/\/agora.xtec.cat\/ieangeldetobies\/wp-content\/uploads\/usu1448\/2024\/01\/Ruta-de-la-ceramica-6e.mp3\">https:\/\/agora.xtec.cat\/ieangeldetobies\/wp-content\/uploads\/usu1448\/2024\/01\/Ruta-de-la-ceramica-6e.mp3<\/a><\/audio>\n<p>Ruta de la cer\u00e0mica- 6\u00e8<\/p>\n<audio class=\"wp-audio-shortcode\" id=\"audio-6173-22\" preload=\"none\" style=\"width: 100%;\" controls=\"controls\"><source type=\"audio\/mpeg\" src=\"https:\/\/agora.xtec.cat\/ieangeldetobies\/wp-content\/uploads\/usu1448\/2024\/01\/Cantir-coronat-2n.mp3?_=22\" \/><a href=\"https:\/\/agora.xtec.cat\/ieangeldetobies\/wp-content\/uploads\/usu1448\/2024\/01\/Cantir-coronat-2n.mp3\">https:\/\/agora.xtec.cat\/ieangeldetobies\/wp-content\/uploads\/usu1448\/2024\/01\/Cantir-coronat-2n.mp3<\/a><\/audio>\n<p>C\u00e0ntir coronat -2n<\/p>\n<audio class=\"wp-audio-shortcode\" id=\"audio-6173-23\" preload=\"none\" style=\"width: 100%;\" controls=\"controls\"><source type=\"audio\/mpeg\" src=\"https:\/\/agora.xtec.cat\/ieangeldetobies\/wp-content\/uploads\/usu1448\/2024\/01\/Poemes-2n-2.mp3?_=23\" \/><a href=\"https:\/\/agora.xtec.cat\/ieangeldetobies\/wp-content\/uploads\/usu1448\/2024\/01\/Poemes-2n-2.mp3\">https:\/\/agora.xtec.cat\/ieangeldetobies\/wp-content\/uploads\/usu1448\/2024\/01\/Poemes-2n-2.mp3<\/a><\/audio>\n<audio class=\"wp-audio-shortcode\" id=\"audio-6173-24\" preload=\"none\" style=\"width: 100%;\" controls=\"controls\"><source type=\"audio\/mpeg\" src=\"https:\/\/agora.xtec.cat\/ieangeldetobies\/wp-content\/uploads\/usu1448\/2024\/01\/Poemes-2n-4.mp3?_=24\" \/><a href=\"https:\/\/agora.xtec.cat\/ieangeldetobies\/wp-content\/uploads\/usu1448\/2024\/01\/Poemes-2n-4.mp3\">https:\/\/agora.xtec.cat\/ieangeldetobies\/wp-content\/uploads\/usu1448\/2024\/01\/Poemes-2n-4.mp3<\/a><\/audio>\n<audio class=\"wp-audio-shortcode\" id=\"audio-6173-25\" preload=\"none\" style=\"width: 100%;\" controls=\"controls\"><source type=\"audio\/mpeg\" src=\"https:\/\/agora.xtec.cat\/ieangeldetobies\/wp-content\/uploads\/usu1448\/2024\/01\/Poemes-2n-3.mp3?_=25\" \/><a href=\"https:\/\/agora.xtec.cat\/ieangeldetobies\/wp-content\/uploads\/usu1448\/2024\/01\/Poemes-2n-3.mp3\">https:\/\/agora.xtec.cat\/ieangeldetobies\/wp-content\/uploads\/usu1448\/2024\/01\/Poemes-2n-3.mp3<\/a><\/audio>\n<p>Poemes 2n<\/p>\n<audio class=\"wp-audio-shortcode\" id=\"audio-6173-26\" preload=\"none\" style=\"width: 100%;\" controls=\"controls\"><source type=\"audio\/mpeg\" src=\"https:\/\/agora.xtec.cat\/ieangeldetobies\/wp-content\/uploads\/usu1448\/2023\/12\/Activitats-nadalenques.mp3?_=26\" \/><a href=\"https:\/\/agora.xtec.cat\/ieangeldetobies\/wp-content\/uploads\/usu1448\/2023\/12\/Activitats-nadalenques.mp3\">https:\/\/agora.xtec.cat\/ieangeldetobies\/wp-content\/uploads\/usu1448\/2023\/12\/Activitats-nadalenques.mp3<\/a><\/audio>\n<p>Activitats nadalenques 5\u00e8 i 6\u00e8<\/p>\n<audio class=\"wp-audio-shortcode\" id=\"audio-6173-27\" preload=\"none\" style=\"width: 100%;\" controls=\"controls\"><source type=\"audio\/mpeg\" src=\"https:\/\/agora.xtec.cat\/ieangeldetobies\/wp-content\/uploads\/usu1448\/2023\/12\/Yasmina-Canovas.mp3?_=27\" \/><a href=\"https:\/\/agora.xtec.cat\/ieangeldetobies\/wp-content\/uploads\/usu1448\/2023\/12\/Yasmina-Canovas.mp3\">https:\/\/agora.xtec.cat\/ieangeldetobies\/wp-content\/uploads\/usu1448\/2023\/12\/Yasmina-Canovas.mp3<\/a><\/audio>\n<p>Entrevista Yasmina C\u00e0novas- 6\u00e8<\/p>\n<audio class=\"wp-audio-shortcode\" id=\"audio-6173-28\" preload=\"none\" style=\"width: 100%;\" controls=\"controls\"><source type=\"audio\/mpeg\" src=\"https:\/\/agora.xtec.cat\/ieangeldetobies\/wp-content\/uploads\/usu1448\/2023\/12\/Poemes-2n-vegetals-1.mp3?_=28\" \/><a href=\"https:\/\/agora.xtec.cat\/ieangeldetobies\/wp-content\/uploads\/usu1448\/2023\/12\/Poemes-2n-vegetals-1.mp3\">https:\/\/agora.xtec.cat\/ieangeldetobies\/wp-content\/uploads\/usu1448\/2023\/12\/Poemes-2n-vegetals-1.mp3<\/a><\/audio>\n<p>Poemes (1) 2n<\/p>\n<audio class=\"wp-audio-shortcode\" id=\"audio-6173-29\" preload=\"none\" style=\"width: 100%;\" controls=\"controls\"><source type=\"audio\/mpeg\" src=\"https:\/\/agora.xtec.cat\/ieangeldetobies\/wp-content\/uploads\/usu1448\/2023\/11\/25-N.mp3?_=29\" \/><a href=\"https:\/\/agora.xtec.cat\/ieangeldetobies\/wp-content\/uploads\/usu1448\/2023\/11\/25-N.mp3\">https:\/\/agora.xtec.cat\/ieangeldetobies\/wp-content\/uploads\/usu1448\/2023\/11\/25-N.mp3<\/a><\/audio>\n<p>25N<\/p>\n<audio class=\"wp-audio-shortcode\" id=\"audio-6173-30\" preload=\"none\" style=\"width: 100%;\" controls=\"controls\"><source type=\"audio\/mpeg\" src=\"https:\/\/agora.xtec.cat\/ieangeldetobies\/wp-content\/uploads\/usu1448\/2023\/11\/Agents-rurals-Ratpenat-6e.mp3?_=30\" \/><a href=\"https:\/\/agora.xtec.cat\/ieangeldetobies\/wp-content\/uploads\/usu1448\/2023\/11\/Agents-rurals-Ratpenat-6e.mp3\">https:\/\/agora.xtec.cat\/ieangeldetobies\/wp-content\/uploads\/usu1448\/2023\/11\/Agents-rurals-Ratpenat-6e.mp3<\/a><\/audio>\n<p>Agents rurals (Ratpenat)- 6\u00e8<\/p>\n<audio class=\"wp-audio-shortcode\" id=\"audio-6173-31\" preload=\"none\" style=\"width: 100%;\" controls=\"controls\"><source type=\"audio\/mpeg\" src=\"https:\/\/agora.xtec.cat\/ieangeldetobies\/wp-content\/uploads\/usu1448\/2023\/11\/Projecte-mosquit-tigre-5e.mp3?_=31\" \/><a href=\"https:\/\/agora.xtec.cat\/ieangeldetobies\/wp-content\/uploads\/usu1448\/2023\/11\/Projecte-mosquit-tigre-5e.mp3\">https:\/\/agora.xtec.cat\/ieangeldetobies\/wp-content\/uploads\/usu1448\/2023\/11\/Projecte-mosquit-tigre-5e.mp3<\/a><\/audio>\n<p>Projecte del Mosquit Tigre- 5\u00e8<\/p>\n<audio class=\"wp-audio-shortcode\" id=\"audio-6173-32\" preload=\"none\" style=\"width: 100%;\" controls=\"controls\"><source type=\"audio\/mpeg\" src=\"https:\/\/agora.xtec.cat\/ieangeldetobies\/wp-content\/uploads\/usu1448\/2023\/11\/Manifest-Dona-la-nota-amb-Mirall-de-Pau-1.mp3?_=32\" \/><a href=\"https:\/\/agora.xtec.cat\/ieangeldetobies\/wp-content\/uploads\/usu1448\/2023\/11\/Manifest-Dona-la-nota-amb-Mirall-de-Pau-1.mp3\">https:\/\/agora.xtec.cat\/ieangeldetobies\/wp-content\/uploads\/usu1448\/2023\/11\/Manifest-Dona-la-nota-amb-Mirall-de-Pau-1.mp3<\/a><\/audio>\n<p>Manifest Dona la nota i la\u00a0Coral de l&#8217;IE \u00c0ngel de Tobies pel dia de Santa Cec\u00edlia<\/p>\n<audio class=\"wp-audio-shortcode\" id=\"audio-6173-33\" preload=\"none\" style=\"width: 100%;\" controls=\"controls\"><source type=\"audio\/mpeg\" src=\"https:\/\/agora.xtec.cat\/ieangeldetobies\/wp-content\/uploads\/usu1448\/2023\/11\/Canco-de-l1-al-que-6e-B.mp3?_=33\" \/><a href=\"https:\/\/agora.xtec.cat\/ieangeldetobies\/wp-content\/uploads\/usu1448\/2023\/11\/Canco-de-l1-al-que-6e-B.mp3\">https:\/\/agora.xtec.cat\/ieangeldetobies\/wp-content\/uploads\/usu1448\/2023\/11\/Canco-de-l1-al-que-6e-B.mp3<\/a><\/audio>\n<p>Can\u00e7\u00f3 de l&#8217;1 al qu\u00e8- 6\u00e8 B<\/p>\n<audio class=\"wp-audio-shortcode\" id=\"audio-6173-34\" preload=\"none\" style=\"width: 100%;\" controls=\"controls\"><source type=\"audio\/mpeg\" src=\"https:\/\/agora.xtec.cat\/ieangeldetobies\/wp-content\/uploads\/usu1448\/2023\/11\/Castanyada-2023.mp3?_=34\" \/><a href=\"https:\/\/agora.xtec.cat\/ieangeldetobies\/wp-content\/uploads\/usu1448\/2023\/11\/Castanyada-2023.mp3\">https:\/\/agora.xtec.cat\/ieangeldetobies\/wp-content\/uploads\/usu1448\/2023\/11\/Castanyada-2023.mp3<\/a><\/audio>\n<p>Castanyada 2023- 6\u00e8 B i 6\u00e8 C<\/p>\n<audio class=\"wp-audio-shortcode\" id=\"audio-6173-35\" preload=\"none\" style=\"width: 100%;\" controls=\"controls\"><source type=\"audio\/mpeg\" src=\"https:\/\/agora.xtec.cat\/ieangeldetobies\/wp-content\/uploads\/usu1448\/2023\/10\/Viatge-al-centre-de-la-terra.mp3?_=35\" \/><a href=\"https:\/\/agora.xtec.cat\/ieangeldetobies\/wp-content\/uploads\/usu1448\/2023\/10\/Viatge-al-centre-de-la-terra.mp3\">https:\/\/agora.xtec.cat\/ieangeldetobies\/wp-content\/uploads\/usu1448\/2023\/10\/Viatge-al-centre-de-la-terra.mp3<\/a><\/audio>\n<p>Viatge al centre de la Terra- 6\u00e8 C<\/p>\n<audio class=\"wp-audio-shortcode\" id=\"audio-6173-36\" preload=\"none\" style=\"width: 100%;\" controls=\"controls\"><source type=\"audio\/mpeg\" src=\"https:\/\/agora.xtec.cat\/ieangeldetobies\/wp-content\/uploads\/usu1448\/2023\/10\/La-platja-6e-B.mp3?_=36\" \/><a href=\"https:\/\/agora.xtec.cat\/ieangeldetobies\/wp-content\/uploads\/usu1448\/2023\/10\/La-platja-6e-B.mp3\">https:\/\/agora.xtec.cat\/ieangeldetobies\/wp-content\/uploads\/usu1448\/2023\/10\/La-platja-6e-B.mp3<\/a><\/audio>\n<p>Benvinguda curs 23-24 i Can\u00e7\u00f3 &#8220;La platja&#8221;- 6\u00e8 B<\/p>\n<h3><span style=\"color: #0000ff;\"><strong>CURS 2022-23<\/strong><\/span><\/h3>\n<audio class=\"wp-audio-shortcode\" id=\"audio-6173-37\" preload=\"none\" style=\"width: 100%;\" controls=\"controls\"><source type=\"audio\/mpeg\" src=\"https:\/\/agora.xtec.cat\/ieangeldetobies\/wp-content\/uploads\/usu1448\/2023\/06\/Activitats-finals-de-les-Cooperatives-de-6e.mp3?_=37\" \/><a href=\"https:\/\/agora.xtec.cat\/ieangeldetobies\/wp-content\/uploads\/usu1448\/2023\/06\/Activitats-finals-de-les-Cooperatives-de-6e.mp3\">https:\/\/agora.xtec.cat\/ieangeldetobies\/wp-content\/uploads\/usu1448\/2023\/06\/Activitats-finals-de-les-Cooperatives-de-6e.mp3<\/a><\/audio>\n<p>Activitats finals de les cooperatives de 6\u00e8<\/p>\n<audio class=\"wp-audio-shortcode\" id=\"audio-6173-38\" preload=\"none\" style=\"width: 100%;\" controls=\"controls\"><source type=\"audio\/mpeg\" src=\"https:\/\/agora.xtec.cat\/ieangeldetobies\/wp-content\/uploads\/usu1448\/2023\/06\/Riuet-CS.mp3?_=38\" \/><a href=\"https:\/\/agora.xtec.cat\/ieangeldetobies\/wp-content\/uploads\/usu1448\/2023\/06\/Riuet-CS.mp3\">https:\/\/agora.xtec.cat\/ieangeldetobies\/wp-content\/uploads\/usu1448\/2023\/06\/Riuet-CS.mp3<\/a><\/audio>\n<p>Riuet de cicle superior (5\u00e8 C)<\/p>\n<audio class=\"wp-audio-shortcode\" id=\"audio-6173-39\" preload=\"none\" style=\"width: 100%;\" controls=\"controls\"><source type=\"audio\/mpeg\" src=\"https:\/\/agora.xtec.cat\/ieangeldetobies\/wp-content\/uploads\/usu1448\/2023\/06\/Mercadet-Tobies-Craft.mp3?_=39\" \/><a href=\"https:\/\/agora.xtec.cat\/ieangeldetobies\/wp-content\/uploads\/usu1448\/2023\/06\/Mercadet-Tobies-Craft.mp3\">https:\/\/agora.xtec.cat\/ieangeldetobies\/wp-content\/uploads\/usu1448\/2023\/06\/Mercadet-Tobies-Craft.mp3<\/a><\/audio>\n<audio class=\"wp-audio-shortcode\" id=\"audio-6173-40\" preload=\"none\" style=\"width: 100%;\" controls=\"controls\"><source type=\"audio\/mpeg\" src=\"https:\/\/agora.xtec.cat\/ieangeldetobies\/wp-content\/uploads\/usu1448\/2023\/06\/Mercadet-6e-B.mp3?_=40\" \/><a href=\"https:\/\/agora.xtec.cat\/ieangeldetobies\/wp-content\/uploads\/usu1448\/2023\/06\/Mercadet-6e-B.mp3\">https:\/\/agora.xtec.cat\/ieangeldetobies\/wp-content\/uploads\/usu1448\/2023\/06\/Mercadet-6e-B.mp3<\/a><\/audio>\n<p>Mercadet de 6\u00e8<\/p>\n<audio class=\"wp-audio-shortcode\" id=\"audio-6173-41\" preload=\"none\" style=\"width: 100%;\" controls=\"controls\"><source type=\"audio\/mpeg\" src=\"https:\/\/agora.xtec.cat\/ieangeldetobies\/wp-content\/uploads\/usu1448\/2023\/05\/MILLA-PRIMRIA-1.mp3?_=41\" \/><a href=\"https:\/\/agora.xtec.cat\/ieangeldetobies\/wp-content\/uploads\/usu1448\/2023\/05\/MILLA-PRIMRIA-1.mp3\">https:\/\/agora.xtec.cat\/ieangeldetobies\/wp-content\/uploads\/usu1448\/2023\/05\/MILLA-PRIMRIA-1.mp3<\/a><\/audio>\n<p>Retransmissi\u00f3 Milla Infantil<\/p>\n<audio class=\"wp-audio-shortcode\" id=\"audio-6173-42\" preload=\"none\" style=\"width: 100%;\" controls=\"controls\"><source type=\"audio\/mpeg\" src=\"https:\/\/agora.xtec.cat\/ieangeldetobies\/wp-content\/uploads\/usu1448\/2023\/05\/MILLA-INFANTIL.mp3?_=42\" \/><a href=\"https:\/\/agora.xtec.cat\/ieangeldetobies\/wp-content\/uploads\/usu1448\/2023\/05\/MILLA-INFANTIL.mp3\">https:\/\/agora.xtec.cat\/ieangeldetobies\/wp-content\/uploads\/usu1448\/2023\/05\/MILLA-INFANTIL.mp3<\/a><\/audio>\n<p>Retransmissi\u00f3 Milla Infantil<\/p>\n<audio class=\"wp-audio-shortcode\" id=\"audio-6173-43\" preload=\"none\" style=\"width: 100%;\" controls=\"controls\"><source type=\"audio\/mpeg\" src=\"https:\/\/agora.xtec.cat\/ieangeldetobies\/wp-content\/uploads\/usu1448\/2023\/05\/Milla-ESO-1.mp3?_=43\" \/><a href=\"https:\/\/agora.xtec.cat\/ieangeldetobies\/wp-content\/uploads\/usu1448\/2023\/05\/Milla-ESO-1.mp3\">https:\/\/agora.xtec.cat\/ieangeldetobies\/wp-content\/uploads\/usu1448\/2023\/05\/Milla-ESO-1.mp3<\/a><\/audio>\n<p>Retransmissi\u00f3 Milla ESO<\/p>\n<audio class=\"wp-audio-shortcode\" id=\"audio-6173-44\" preload=\"none\" style=\"width: 100%;\" controls=\"controls\"><source type=\"audio\/mpeg\" src=\"https:\/\/agora.xtec.cat\/ieangeldetobies\/wp-content\/uploads\/usu1448\/2023\/05\/Canco-pau-3r-A.mp3?_=44\" \/><a href=\"https:\/\/agora.xtec.cat\/ieangeldetobies\/wp-content\/uploads\/usu1448\/2023\/05\/Canco-pau-3r-A.mp3\">https:\/\/agora.xtec.cat\/ieangeldetobies\/wp-content\/uploads\/usu1448\/2023\/05\/Canco-pau-3r-A.mp3<\/a><\/audio>\n<p>Can\u00e7\u00f3 per la pau &#8211; 3r A<\/p>\n<audio class=\"wp-audio-shortcode\" id=\"audio-6173-45\" preload=\"none\" style=\"width: 100%;\" controls=\"controls\"><source type=\"audio\/mpeg\" src=\"https:\/\/agora.xtec.cat\/ieangeldetobies\/wp-content\/uploads\/usu1448\/2023\/05\/Xarxes-socials-5e.mp3?_=45\" \/><a href=\"https:\/\/agora.xtec.cat\/ieangeldetobies\/wp-content\/uploads\/usu1448\/2023\/05\/Xarxes-socials-5e.mp3\">https:\/\/agora.xtec.cat\/ieangeldetobies\/wp-content\/uploads\/usu1448\/2023\/05\/Xarxes-socials-5e.mp3<\/a><\/audio>\n<p>Xarxes socials 5\u00e8<\/p>\n<audio class=\"wp-audio-shortcode\" id=\"audio-6173-46\" preload=\"none\" style=\"width: 100%;\" controls=\"controls\"><source type=\"audio\/mpeg\" src=\"https:\/\/agora.xtec.cat\/ieangeldetobies\/wp-content\/uploads\/usu1448\/2023\/05\/Activitat-balls-3r.mp3?_=46\" \/><a href=\"https:\/\/agora.xtec.cat\/ieangeldetobies\/wp-content\/uploads\/usu1448\/2023\/05\/Activitat-balls-3r.mp3\">https:\/\/agora.xtec.cat\/ieangeldetobies\/wp-content\/uploads\/usu1448\/2023\/05\/Activitat-balls-3r.mp3<\/a><\/audio>\n<p>Activitat balls 3r<\/p>\n<audio class=\"wp-audio-shortcode\" id=\"audio-6173-47\" preload=\"none\" style=\"width: 100%;\" controls=\"controls\"><source type=\"audio\/mpeg\" src=\"https:\/\/agora.xtec.cat\/ieangeldetobies\/wp-content\/uploads\/usu1448\/2023\/04\/Dita-mes-de-maig.mp3?_=47\" \/><a href=\"https:\/\/agora.xtec.cat\/ieangeldetobies\/wp-content\/uploads\/usu1448\/2023\/04\/Dita-mes-de-maig.mp3\">https:\/\/agora.xtec.cat\/ieangeldetobies\/wp-content\/uploads\/usu1448\/2023\/04\/Dita-mes-de-maig.mp3<\/a><\/audio>\n<p>Dita del mes de maig &#8211; 2n B<\/p>\n<audio class=\"wp-audio-shortcode\" id=\"audio-6173-48\" preload=\"none\" style=\"width: 100%;\" controls=\"controls\"><source type=\"audio\/mpeg\" src=\"https:\/\/agora.xtec.cat\/ieangeldetobies\/wp-content\/uploads\/usu1448\/2023\/04\/Activitats-de-3r.mp3?_=48\" \/><a href=\"https:\/\/agora.xtec.cat\/ieangeldetobies\/wp-content\/uploads\/usu1448\/2023\/04\/Activitats-de-3r.mp3\">https:\/\/agora.xtec.cat\/ieangeldetobies\/wp-content\/uploads\/usu1448\/2023\/04\/Activitats-de-3r.mp3<\/a><\/audio>\n<p>Activitats de 3r<\/p>\n<audio class=\"wp-audio-shortcode\" id=\"audio-6173-49\" preload=\"none\" style=\"width: 100%;\" controls=\"controls\"><source type=\"audio\/mpeg\" src=\"https:\/\/agora.xtec.cat\/ieangeldetobies\/wp-content\/uploads\/usu1448\/2023\/04\/Entrevista-Cruyff-Court-6e-1.mp3?_=49\" \/><a href=\"https:\/\/agora.xtec.cat\/ieangeldetobies\/wp-content\/uploads\/usu1448\/2023\/04\/Entrevista-Cruyff-Court-6e-1.mp3\">https:\/\/agora.xtec.cat\/ieangeldetobies\/wp-content\/uploads\/usu1448\/2023\/04\/Entrevista-Cruyff-Court-6e-1.mp3<\/a><\/audio>\n<p>Cruyff Court- 6\u00e8<\/p>\n<audio class=\"wp-audio-shortcode\" id=\"audio-6173-50\" preload=\"none\" style=\"width: 100%;\" controls=\"controls\"><source type=\"audio\/mpeg\" src=\"https:\/\/agora.xtec.cat\/ieangeldetobies\/wp-content\/uploads\/usu1448\/2023\/04\/Elles-llibre-Recomanacio-per-Sant-Jordi-6e.mp3?_=50\" \/><a href=\"https:\/\/agora.xtec.cat\/ieangeldetobies\/wp-content\/uploads\/usu1448\/2023\/04\/Elles-llibre-Recomanacio-per-Sant-Jordi-6e.mp3\">https:\/\/agora.xtec.cat\/ieangeldetobies\/wp-content\/uploads\/usu1448\/2023\/04\/Elles-llibre-Recomanacio-per-Sant-Jordi-6e.mp3<\/a><\/audio>\n<p>Elles (libre)- Recomanaci\u00f3 per Sant Jordi- 6\u00e8<\/p>\n<audio class=\"wp-audio-shortcode\" id=\"audio-6173-51\" preload=\"none\" style=\"width: 100%;\" controls=\"controls\"><source type=\"audio\/mpeg\" src=\"https:\/\/agora.xtec.cat\/ieangeldetobies\/wp-content\/uploads\/usu1448\/2023\/04\/Aigues-Tomovi-3r.mp3?_=51\" \/><a href=\"https:\/\/agora.xtec.cat\/ieangeldetobies\/wp-content\/uploads\/usu1448\/2023\/04\/Aigues-Tomovi-3r.mp3\">https:\/\/agora.xtec.cat\/ieangeldetobies\/wp-content\/uploads\/usu1448\/2023\/04\/Aigues-Tomovi-3r.mp3<\/a><\/audio>\n<p>Aig\u00fces Tomov\u00ed &#8211; 3r B<\/p>\n<audio class=\"wp-audio-shortcode\" id=\"audio-6173-52\" preload=\"none\" style=\"width: 100%;\" controls=\"controls\"><source type=\"audio\/mpeg\" src=\"https:\/\/agora.xtec.cat\/ieangeldetobies\/wp-content\/uploads\/usu1448\/2023\/04\/Natacio-3r-A.mp3?_=52\" \/><a href=\"https:\/\/agora.xtec.cat\/ieangeldetobies\/wp-content\/uploads\/usu1448\/2023\/04\/Natacio-3r-A.mp3\">https:\/\/agora.xtec.cat\/ieangeldetobies\/wp-content\/uploads\/usu1448\/2023\/04\/Natacio-3r-A.mp3<\/a><\/audio>\n<p>Nataci\u00f3- 3r A<\/p>\n<audio class=\"wp-audio-shortcode\" id=\"audio-6173-53\" preload=\"none\" style=\"width: 100%;\" controls=\"controls\"><source type=\"audio\/mpeg\" src=\"https:\/\/agora.xtec.cat\/ieangeldetobies\/wp-content\/uploads\/usu1448\/2023\/04\/Dita-del-mes-dabril.mp3?_=53\" \/><a href=\"https:\/\/agora.xtec.cat\/ieangeldetobies\/wp-content\/uploads\/usu1448\/2023\/04\/Dita-del-mes-dabril.mp3\">https:\/\/agora.xtec.cat\/ieangeldetobies\/wp-content\/uploads\/usu1448\/2023\/04\/Dita-del-mes-dabril.mp3<\/a><\/audio>\n<p>Dita del mes d&#8217;abril &#8211; 2n B<\/p>\n<audio class=\"wp-audio-shortcode\" id=\"audio-6173-54\" preload=\"none\" style=\"width: 100%;\" controls=\"controls\"><source type=\"audio\/mpeg\" src=\"https:\/\/agora.xtec.cat\/ieangeldetobies\/wp-content\/uploads\/usu1448\/2023\/04\/Comiat-2n-trimestre-5e.mp3?_=54\" \/><a href=\"https:\/\/agora.xtec.cat\/ieangeldetobies\/wp-content\/uploads\/usu1448\/2023\/04\/Comiat-2n-trimestre-5e.mp3\">https:\/\/agora.xtec.cat\/ieangeldetobies\/wp-content\/uploads\/usu1448\/2023\/04\/Comiat-2n-trimestre-5e.mp3<\/a><\/audio>\n<p>Comiat 2n trimestre- 5\u00e8<\/p>\n<audio class=\"wp-audio-shortcode\" id=\"audio-6173-55\" preload=\"none\" style=\"width: 100%;\" controls=\"controls\"><source type=\"audio\/mpeg\" src=\"https:\/\/agora.xtec.cat\/ieangeldetobies\/wp-content\/uploads\/usu1448\/2023\/03\/La-primavera.mp3?_=55\" \/><a href=\"https:\/\/agora.xtec.cat\/ieangeldetobies\/wp-content\/uploads\/usu1448\/2023\/03\/La-primavera.mp3\">https:\/\/agora.xtec.cat\/ieangeldetobies\/wp-content\/uploads\/usu1448\/2023\/03\/La-primavera.mp3<\/a><\/audio>\n<p>Ha arribat la primavera 5\u00e8A- 5\u00e8 C- 6\u00e8 A<\/p>\n<audio class=\"wp-audio-shortcode\" id=\"audio-6173-56\" preload=\"none\" style=\"width: 100%;\" controls=\"controls\"><source type=\"audio\/mpeg\" src=\"https:\/\/agora.xtec.cat\/ieangeldetobies\/wp-content\/uploads\/usu1448\/2023\/03\/Cercles-6e-A.mp3?_=56\" \/><a href=\"https:\/\/agora.xtec.cat\/ieangeldetobies\/wp-content\/uploads\/usu1448\/2023\/03\/Cercles-6e-A.mp3\">https:\/\/agora.xtec.cat\/ieangeldetobies\/wp-content\/uploads\/usu1448\/2023\/03\/Cercles-6e-A.mp3<\/a><\/audio>\n<p>Cercles restauratius- 6\u00e8 A<\/p>\n<audio class=\"wp-audio-shortcode\" id=\"audio-6173-57\" preload=\"none\" style=\"width: 100%;\" controls=\"controls\"><source type=\"audio\/mpeg\" src=\"https:\/\/agora.xtec.cat\/ieangeldetobies\/wp-content\/uploads\/usu1448\/2023\/03\/Teatre-4t.mp3?_=57\" \/><a href=\"https:\/\/agora.xtec.cat\/ieangeldetobies\/wp-content\/uploads\/usu1448\/2023\/03\/Teatre-4t.mp3\">https:\/\/agora.xtec.cat\/ieangeldetobies\/wp-content\/uploads\/usu1448\/2023\/03\/Teatre-4t.mp3<\/a><\/audio>\n<p>Teatre 4t<\/p>\n<audio class=\"wp-audio-shortcode\" id=\"audio-6173-58\" preload=\"none\" style=\"width: 100%;\" controls=\"controls\"><source type=\"audio\/mpeg\" src=\"https:\/\/agora.xtec.cat\/ieangeldetobies\/wp-content\/uploads\/usu1448\/2023\/02\/Dita-mes-de-marc.mp3?_=58\" \/><a href=\"https:\/\/agora.xtec.cat\/ieangeldetobies\/wp-content\/uploads\/usu1448\/2023\/02\/Dita-mes-de-marc.mp3\">https:\/\/agora.xtec.cat\/ieangeldetobies\/wp-content\/uploads\/usu1448\/2023\/02\/Dita-mes-de-marc.mp3<\/a><\/audio>\n<p>Dita del mar\u00e7- 2n B<\/p>\n<audio class=\"wp-audio-shortcode\" id=\"audio-6173-59\" preload=\"none\" style=\"width: 100%;\" controls=\"controls\"><source type=\"audio\/mpeg\" src=\"https:\/\/agora.xtec.cat\/ieangeldetobies\/wp-content\/uploads\/usu1448\/2023\/02\/Projecte-reciclatge-3r-B.mp3?_=59\" \/><a href=\"https:\/\/agora.xtec.cat\/ieangeldetobies\/wp-content\/uploads\/usu1448\/2023\/02\/Projecte-reciclatge-3r-B.mp3\">https:\/\/agora.xtec.cat\/ieangeldetobies\/wp-content\/uploads\/usu1448\/2023\/02\/Projecte-reciclatge-3r-B.mp3<\/a><\/audio>\n<p>Projecte Reciclatge 3r B<\/p>\n<audio class=\"wp-audio-shortcode\" id=\"audio-6173-60\" preload=\"none\" style=\"width: 100%;\" controls=\"controls\"><source type=\"audio\/mpeg\" src=\"https:\/\/agora.xtec.cat\/ieangeldetobies\/wp-content\/uploads\/usu1448\/2023\/02\/Dia-internacional-de-les-llengues-maternes.mp3?_=60\" \/><a href=\"https:\/\/agora.xtec.cat\/ieangeldetobies\/wp-content\/uploads\/usu1448\/2023\/02\/Dia-internacional-de-les-llengues-maternes.mp3\">https:\/\/agora.xtec.cat\/ieangeldetobies\/wp-content\/uploads\/usu1448\/2023\/02\/Dia-internacional-de-les-llengues-maternes.mp3<\/a><\/audio>\n<p>21 de febrer- Dia internacional de les lleng\u00fces maternes &#8211; Can\u00e7ons Bressol en \u00e0rab (5\u00e8 B) i en ucra\u00efn\u00e8s (6\u00e8 A)<\/p>\n<audio class=\"wp-audio-shortcode\" id=\"audio-6173-61\" preload=\"none\" style=\"width: 100%;\" controls=\"controls\"><source type=\"audio\/mpeg\" src=\"https:\/\/agora.xtec.cat\/ieangeldetobies\/wp-content\/uploads\/usu1448\/2023\/02\/Ordres-de-carnaval.mp3?_=61\" \/><a href=\"https:\/\/agora.xtec.cat\/ieangeldetobies\/wp-content\/uploads\/usu1448\/2023\/02\/Ordres-de-carnaval.mp3\">https:\/\/agora.xtec.cat\/ieangeldetobies\/wp-content\/uploads\/usu1448\/2023\/02\/Ordres-de-carnaval.mp3<\/a><\/audio>\n<p>Ordres de Carnaval &#8211; 5\u00e8<\/p>\n<audio class=\"wp-audio-shortcode\" id=\"audio-6173-62\" preload=\"none\" style=\"width: 100%;\" controls=\"controls\"><source type=\"audio\/mpeg\" src=\"https:\/\/agora.xtec.cat\/ieangeldetobies\/wp-content\/uploads\/usu1448\/2023\/02\/dita-febrer.mp3?_=62\" \/><a href=\"https:\/\/agora.xtec.cat\/ieangeldetobies\/wp-content\/uploads\/usu1448\/2023\/02\/dita-febrer.mp3\">https:\/\/agora.xtec.cat\/ieangeldetobies\/wp-content\/uploads\/usu1448\/2023\/02\/dita-febrer.mp3<\/a><\/audio>\n<p>Dita de febrer- 2n B<\/p>\n<audio class=\"wp-audio-shortcode\" id=\"audio-6173-63\" preload=\"none\" style=\"width: 100%;\" controls=\"controls\"><source type=\"audio\/mpeg\" src=\"https:\/\/agora.xtec.cat\/ieangeldetobies\/wp-content\/uploads\/usu1448\/2023\/02\/Entrevista-Visita-1.mp3?_=63\" \/><a href=\"https:\/\/agora.xtec.cat\/ieangeldetobies\/wp-content\/uploads\/usu1448\/2023\/02\/Entrevista-Visita-1.mp3\">https:\/\/agora.xtec.cat\/ieangeldetobies\/wp-content\/uploads\/usu1448\/2023\/02\/Entrevista-Visita-1.mp3<\/a><\/audio>\n<p>Entrevista a mestres que visiten R\u00e0dio Tobies<\/p>\n<audio class=\"wp-audio-shortcode\" id=\"audio-6173-64\" preload=\"none\" style=\"width: 100%;\" controls=\"controls\"><source type=\"audio\/mpeg\" src=\"https:\/\/agora.xtec.cat\/ieangeldetobies\/wp-content\/uploads\/usu1448\/2023\/01\/Dita-mes-de-gener.mp3?_=64\" \/><a href=\"https:\/\/agora.xtec.cat\/ieangeldetobies\/wp-content\/uploads\/usu1448\/2023\/01\/Dita-mes-de-gener.mp3\">https:\/\/agora.xtec.cat\/ieangeldetobies\/wp-content\/uploads\/usu1448\/2023\/01\/Dita-mes-de-gener.mp3<\/a><\/audio>\n<p>Dita del mes de gener- 2n B<\/p>\n<audio class=\"wp-audio-shortcode\" id=\"audio-6173-65\" preload=\"none\" style=\"width: 100%;\" controls=\"controls\"><source type=\"audio\/mpeg\" src=\"https:\/\/agora.xtec.cat\/ieangeldetobies\/wp-content\/uploads\/usu1448\/2023\/01\/Comiat-alumnat-ucraines.mp3?_=65\" \/><a href=\"https:\/\/agora.xtec.cat\/ieangeldetobies\/wp-content\/uploads\/usu1448\/2023\/01\/Comiat-alumnat-ucraines.mp3\">https:\/\/agora.xtec.cat\/ieangeldetobies\/wp-content\/uploads\/usu1448\/2023\/01\/Comiat-alumnat-ucraines.mp3<\/a><\/audio>\n<p>Comiat alumnes refugiats &#8211; 6\u00e8 A<\/p>\n<audio class=\"wp-audio-shortcode\" id=\"audio-6173-66\" preload=\"none\" style=\"width: 100%;\" controls=\"controls\"><source type=\"audio\/mpeg\" src=\"https:\/\/agora.xtec.cat\/ieangeldetobies\/wp-content\/uploads\/usu1448\/2023\/01\/Inspira-6e-B.mp3?_=66\" \/><a href=\"https:\/\/agora.xtec.cat\/ieangeldetobies\/wp-content\/uploads\/usu1448\/2023\/01\/Inspira-6e-B.mp3\">https:\/\/agora.xtec.cat\/ieangeldetobies\/wp-content\/uploads\/usu1448\/2023\/01\/Inspira-6e-B.mp3<\/a><\/audio>\n<p>Activitat Inspira -6\u00e8 B<\/p>\n<audio class=\"wp-audio-shortcode\" id=\"audio-6173-67\" preload=\"none\" style=\"width: 100%;\" controls=\"controls\"><source type=\"audio\/mpeg\" src=\"https:\/\/agora.xtec.cat\/ieangeldetobies\/wp-content\/uploads\/usu1448\/2023\/01\/Cantania-6e.mp3?_=67\" \/><a href=\"https:\/\/agora.xtec.cat\/ieangeldetobies\/wp-content\/uploads\/usu1448\/2023\/01\/Cantania-6e.mp3\">https:\/\/agora.xtec.cat\/ieangeldetobies\/wp-content\/uploads\/usu1448\/2023\/01\/Cantania-6e.mp3<\/a><\/audio>\n<p>Cant\u00e0nia- 6\u00e8 A<\/p>\n<audio class=\"wp-audio-shortcode\" id=\"audio-6173-68\" preload=\"none\" style=\"width: 100%;\" controls=\"controls\"><source type=\"audio\/mpeg\" src=\"https:\/\/agora.xtec.cat\/ieangeldetobies\/wp-content\/uploads\/usu1448\/2023\/01\/Festival-de-Nadal-6e-B.mp3?_=68\" \/><a href=\"https:\/\/agora.xtec.cat\/ieangeldetobies\/wp-content\/uploads\/usu1448\/2023\/01\/Festival-de-Nadal-6e-B.mp3\">https:\/\/agora.xtec.cat\/ieangeldetobies\/wp-content\/uploads\/usu1448\/2023\/01\/Festival-de-Nadal-6e-B.mp3<\/a><\/audio>\n<p>Assaig i Festival de Nadal- 6\u00e8 B<\/p>\n<audio class=\"wp-audio-shortcode\" id=\"audio-6173-69\" preload=\"none\" style=\"width: 100%;\" controls=\"controls\"><source type=\"audio\/mpeg\" src=\"https:\/\/agora.xtec.cat\/ieangeldetobies\/wp-content\/uploads\/usu1448\/2023\/01\/Dia-de-lagraiment.mp3?_=69\" \/><a href=\"https:\/\/agora.xtec.cat\/ieangeldetobies\/wp-content\/uploads\/usu1448\/2023\/01\/Dia-de-lagraiment.mp3\">https:\/\/agora.xtec.cat\/ieangeldetobies\/wp-content\/uploads\/usu1448\/2023\/01\/Dia-de-lagraiment.mp3<\/a><\/audio>\n<p>Dia internacional de l&#8217;agra\u00efment- 5\u00e8 A<\/p>\n<audio class=\"wp-audio-shortcode\" id=\"audio-6173-70\" preload=\"none\" style=\"width: 100%;\" controls=\"controls\"><source type=\"audio\/mpeg\" src=\"https:\/\/agora.xtec.cat\/ieangeldetobies\/wp-content\/uploads\/usu1448\/2022\/12\/Tio.mp3?_=70\" \/><a href=\"https:\/\/agora.xtec.cat\/ieangeldetobies\/wp-content\/uploads\/usu1448\/2022\/12\/Tio.mp3\">https:\/\/agora.xtec.cat\/ieangeldetobies\/wp-content\/uploads\/usu1448\/2022\/12\/Tio.mp3<\/a><\/audio>\n<p>Ti\u00f3 a l&#8217;aula d&#8217;acollida de 5\u00e8<\/p>\n<audio class=\"wp-audio-shortcode\" id=\"audio-6173-71\" preload=\"none\" style=\"width: 100%;\" controls=\"controls\"><source type=\"audio\/mpeg\" src=\"https:\/\/agora.xtec.cat\/ieangeldetobies\/wp-content\/uploads\/usu1448\/2022\/12\/Chromebooks-5e-i-6e.mp3?_=71\" \/><a href=\"https:\/\/agora.xtec.cat\/ieangeldetobies\/wp-content\/uploads\/usu1448\/2022\/12\/Chromebooks-5e-i-6e.mp3\">https:\/\/agora.xtec.cat\/ieangeldetobies\/wp-content\/uploads\/usu1448\/2022\/12\/Chromebooks-5e-i-6e.mp3<\/a><\/audio>\n<p>Arriben els Chromebooks a 5\u00e8 i 6\u00e8<\/p>\n<audio class=\"wp-audio-shortcode\" id=\"audio-6173-72\" preload=\"none\" style=\"width: 100%;\" controls=\"controls\"><source type=\"audio\/mpeg\" src=\"https:\/\/agora.xtec.cat\/ieangeldetobies\/wp-content\/uploads\/usu1448\/2022\/12\/Canco-Coral-Torna-a-ser-Nadal-5e-B.mp3?_=72\" \/><a href=\"https:\/\/agora.xtec.cat\/ieangeldetobies\/wp-content\/uploads\/usu1448\/2022\/12\/Canco-Coral-Torna-a-ser-Nadal-5e-B.mp3\">https:\/\/agora.xtec.cat\/ieangeldetobies\/wp-content\/uploads\/usu1448\/2022\/12\/Canco-Coral-Torna-a-ser-Nadal-5e-B.mp3<\/a><\/audio>\n<p>Can\u00e7\u00f3 &#8220;Torna a ser nadal&#8221; de 5\u00e8B<\/p>\n<audio class=\"wp-audio-shortcode\" id=\"audio-6173-73\" preload=\"none\" style=\"width: 100%;\" controls=\"controls\"><source type=\"audio\/mpeg\" src=\"https:\/\/agora.xtec.cat\/ieangeldetobies\/wp-content\/uploads\/usu1448\/2022\/12\/Tobies-Craft.mp3?_=73\" \/><a href=\"https:\/\/agora.xtec.cat\/ieangeldetobies\/wp-content\/uploads\/usu1448\/2022\/12\/Tobies-Craft.mp3\">https:\/\/agora.xtec.cat\/ieangeldetobies\/wp-content\/uploads\/usu1448\/2022\/12\/Tobies-Craft.mp3<\/a><\/audio>\n<p>Tobies Craft<\/p>\n<audio class=\"wp-audio-shortcode\" id=\"audio-6173-74\" preload=\"none\" style=\"width: 100%;\" controls=\"controls\"><source type=\"audio\/mpeg\" src=\"https:\/\/agora.xtec.cat\/ieangeldetobies\/wp-content\/uploads\/usu1448\/2022\/11\/Empremedoria-6e.mp3?_=74\" \/><a href=\"https:\/\/agora.xtec.cat\/ieangeldetobies\/wp-content\/uploads\/usu1448\/2022\/11\/Empremedoria-6e.mp3\">https:\/\/agora.xtec.cat\/ieangeldetobies\/wp-content\/uploads\/usu1448\/2022\/11\/Empremedoria-6e.mp3<\/a><\/audio>\n<p>Projecte emprenedoria 6\u00e8<\/p>\n<audio class=\"wp-audio-shortcode\" id=\"audio-6173-75\" preload=\"none\" style=\"width: 100%;\" controls=\"controls\"><source type=\"audio\/mpeg\" src=\"https:\/\/agora.xtec.cat\/ieangeldetobies\/wp-content\/uploads\/usu1448\/2022\/11\/Noticia-mossos-6e-internet-segura.mp3?_=75\" \/><a href=\"https:\/\/agora.xtec.cat\/ieangeldetobies\/wp-content\/uploads\/usu1448\/2022\/11\/Noticia-mossos-6e-internet-segura.mp3\">https:\/\/agora.xtec.cat\/ieangeldetobies\/wp-content\/uploads\/usu1448\/2022\/11\/Noticia-mossos-6e-internet-segura.mp3<\/a><\/audio>\n<p>Internet segura amb els Mossos d&#8217;Esquadra<\/p>\n<audio class=\"wp-audio-shortcode\" id=\"audio-6173-76\" preload=\"none\" style=\"width: 100%;\" controls=\"controls\"><source type=\"audio\/mpeg\" src=\"https:\/\/agora.xtec.cat\/ieangeldetobies\/wp-content\/uploads\/usu1448\/2022\/11\/Quadre-de-Munch.mp3?_=76\" \/><a href=\"https:\/\/agora.xtec.cat\/ieangeldetobies\/wp-content\/uploads\/usu1448\/2022\/11\/Quadre-de-Munch.mp3\">https:\/\/agora.xtec.cat\/ieangeldetobies\/wp-content\/uploads\/usu1448\/2022\/11\/Quadre-de-Munch.mp3<\/a><\/audio>\n<p>Pl\u00e0stica quadre El Crit de Munch- 6\u00e8<\/p>\n<audio class=\"wp-audio-shortcode\" id=\"audio-6173-77\" preload=\"none\" style=\"width: 100%;\" controls=\"controls\"><source type=\"audio\/mpeg\" src=\"https:\/\/agora.xtec.cat\/ieangeldetobies\/wp-content\/uploads\/usu1448\/2022\/11\/Supermercat.mp3?_=77\" \/><a href=\"https:\/\/agora.xtec.cat\/ieangeldetobies\/wp-content\/uploads\/usu1448\/2022\/11\/Supermercat.mp3\">https:\/\/agora.xtec.cat\/ieangeldetobies\/wp-content\/uploads\/usu1448\/2022\/11\/Supermercat.mp3<\/a><\/audio>\n<p>Treballem &#8220;Supermercat&#8221; de Lildami<\/p>\n<audio class=\"wp-audio-shortcode\" id=\"audio-6173-78\" preload=\"none\" style=\"width: 100%;\" controls=\"controls\"><source type=\"audio\/mpeg\" src=\"https:\/\/agora.xtec.cat\/ieangeldetobies\/wp-content\/uploads\/usu1448\/2022\/11\/Manualitat-6e-B.mp3?_=78\" \/><a href=\"https:\/\/agora.xtec.cat\/ieangeldetobies\/wp-content\/uploads\/usu1448\/2022\/11\/Manualitat-6e-B.mp3\">https:\/\/agora.xtec.cat\/ieangeldetobies\/wp-content\/uploads\/usu1448\/2022\/11\/Manualitat-6e-B.mp3<\/a><\/audio>\n<p>Manualitat de tardor a 6\u00e8B<\/p>\n<audio class=\"wp-audio-shortcode\" id=\"audio-6173-79\" preload=\"none\" style=\"width: 100%;\" controls=\"controls\"><source type=\"audio\/mpeg\" src=\"https:\/\/agora.xtec.cat\/ieangeldetobies\/wp-content\/uploads\/usu1448\/2022\/11\/Cordes-5e.mp3?_=79\" \/><a href=\"https:\/\/agora.xtec.cat\/ieangeldetobies\/wp-content\/uploads\/usu1448\/2022\/11\/Cordes-5e.mp3\">https:\/\/agora.xtec.cat\/ieangeldetobies\/wp-content\/uploads\/usu1448\/2022\/11\/Cordes-5e.mp3<\/a><\/audio>\n<p>Cordes a 5\u00e8<\/p>\n<audio class=\"wp-audio-shortcode\" id=\"audio-6173-80\" preload=\"none\" style=\"width: 100%;\" controls=\"controls\"><source type=\"audio\/mpeg\" src=\"https:\/\/agora.xtec.cat\/ieangeldetobies\/wp-content\/uploads\/usu1448\/2022\/11\/La-gran-esmaxada-5e-B.mp3?_=80\" \/><a href=\"https:\/\/agora.xtec.cat\/ieangeldetobies\/wp-content\/uploads\/usu1448\/2022\/11\/La-gran-esmaxada-5e-B.mp3\">https:\/\/agora.xtec.cat\/ieangeldetobies\/wp-content\/uploads\/usu1448\/2022\/11\/La-gran-esmaxada-5e-B.mp3<\/a><\/audio>\n<p>La gran esmaixada 5\u00e8B (04\/11\/2022)<\/p>\n<audio class=\"wp-audio-shortcode\" id=\"audio-6173-81\" preload=\"none\" style=\"width: 100%;\" controls=\"controls\"><source type=\"audio\/mpeg\" src=\"https:\/\/agora.xtec.cat\/ieangeldetobies\/wp-content\/uploads\/usu1448\/2022\/10\/Castanyada-den-Rikus-5e.mp3?_=81\" \/><a href=\"https:\/\/agora.xtec.cat\/ieangeldetobies\/wp-content\/uploads\/usu1448\/2022\/10\/Castanyada-den-Rikus-5e.mp3\">https:\/\/agora.xtec.cat\/ieangeldetobies\/wp-content\/uploads\/usu1448\/2022\/10\/Castanyada-den-Rikus-5e.mp3<\/a><\/audio>\n<p>La Castanyada d&#8217;en Rikus 5\u00e8 (28\/10\/2022)<\/p>\n<audio class=\"wp-audio-shortcode\" id=\"audio-6173-82\" preload=\"none\" style=\"width: 100%;\" controls=\"controls\"><source type=\"audio\/mpeg\" src=\"https:\/\/agora.xtec.cat\/ieangeldetobies\/wp-content\/uploads\/usu1448\/2022\/10\/Panellets-5e-B.mp3?_=82\" \/><a href=\"https:\/\/agora.xtec.cat\/ieangeldetobies\/wp-content\/uploads\/usu1448\/2022\/10\/Panellets-5e-B.mp3\">https:\/\/agora.xtec.cat\/ieangeldetobies\/wp-content\/uploads\/usu1448\/2022\/10\/Panellets-5e-B.mp3<\/a><\/audio>\n<p>Panellets a 5\u00e8B<\/p>\n<audio class=\"wp-audio-shortcode\" id=\"audio-6173-83\" preload=\"none\" style=\"width: 100%;\" controls=\"controls\"><source type=\"audio\/mpeg\" src=\"https:\/\/agora.xtec.cat\/ieangeldetobies\/wp-content\/uploads\/usu1448\/2022\/10\/Vacunes-6e-A.mp3?_=83\" \/><a href=\"https:\/\/agora.xtec.cat\/ieangeldetobies\/wp-content\/uploads\/usu1448\/2022\/10\/Vacunes-6e-A.mp3\">https:\/\/agora.xtec.cat\/ieangeldetobies\/wp-content\/uploads\/usu1448\/2022\/10\/Vacunes-6e-A.mp3<\/a><\/audio>\n<p>Vacunes a 6\u00e8 (23\/10\/22)<\/p>\n<audio class=\"wp-audio-shortcode\" id=\"audio-6173-84\" preload=\"none\" style=\"width: 100%;\" controls=\"controls\"><source type=\"audio\/mpeg\" src=\"https:\/\/agora.xtec.cat\/ieangeldetobies\/wp-content\/uploads\/usu1448\/2022\/10\/Benvinguts-a-Radio-Tobies-22-23.mp3?_=84\" \/><a href=\"https:\/\/agora.xtec.cat\/ieangeldetobies\/wp-content\/uploads\/usu1448\/2022\/10\/Benvinguts-a-Radio-Tobies-22-23.mp3\">https:\/\/agora.xtec.cat\/ieangeldetobies\/wp-content\/uploads\/usu1448\/2022\/10\/Benvinguts-a-Radio-Tobies-22-23.mp3<\/a><\/audio>\n<p>Benvinguts al nou curs<\/p>\n<p><strong>RECULL DE PUBLICACIONS DEL CURS 2021-22<\/strong><\/p>\n<audio class=\"wp-audio-shortcode\" id=\"audio-6173-85\" preload=\"none\" style=\"width: 100%;\" controls=\"controls\"><source type=\"audio\/mpeg\" src=\"https:\/\/agora.xtec.cat\/ieangeldetobies\/wp-content\/uploads\/usu1448\/2022\/06\/Final-de-curs.mp3?_=85\" \/><a href=\"https:\/\/agora.xtec.cat\/ieangeldetobies\/wp-content\/uploads\/usu1448\/2022\/06\/Final-de-curs.mp3\">https:\/\/agora.xtec.cat\/ieangeldetobies\/wp-content\/uploads\/usu1448\/2022\/06\/Final-de-curs.mp3<\/a><\/audio>\n<p>FINAL DE CURS<\/p>\n<audio class=\"wp-audio-shortcode\" id=\"audio-6173-86\" preload=\"none\" style=\"width: 100%;\" controls=\"controls\"><source type=\"audio\/mpeg\" src=\"https:\/\/agora.xtec.cat\/ieangeldetobies\/wp-content\/uploads\/usu1448\/2022\/05\/Portaventura-Definitiu-2-1.mp3?_=86\" \/><a href=\"https:\/\/agora.xtec.cat\/ieangeldetobies\/wp-content\/uploads\/usu1448\/2022\/05\/Portaventura-Definitiu-2-1.mp3\">https:\/\/agora.xtec.cat\/ieangeldetobies\/wp-content\/uploads\/usu1448\/2022\/05\/Portaventura-Definitiu-2-1.mp3<\/a><\/audio>\n<p>EL CICLE DELS GRANS ANEM A PORT AVENTURA<\/p>\n<audio class=\"wp-audio-shortcode\" id=\"audio-6173-87\" preload=\"none\" style=\"width: 100%;\" controls=\"controls\"><source type=\"audio\/mpeg\" src=\"https:\/\/agora.xtec.cat\/ieangeldetobies\/wp-content\/uploads\/usu1448\/2022\/06\/Finalistes-Sant-Jordi-5e-B.mp3?_=87\" \/><a href=\"https:\/\/agora.xtec.cat\/ieangeldetobies\/wp-content\/uploads\/usu1448\/2022\/06\/Finalistes-Sant-Jordi-5e-B.mp3\">https:\/\/agora.xtec.cat\/ieangeldetobies\/wp-content\/uploads\/usu1448\/2022\/06\/Finalistes-Sant-Jordi-5e-B.mp3<\/a><\/audio>\n<audio class=\"wp-audio-shortcode\" id=\"audio-6173-88\" preload=\"none\" style=\"width: 100%;\" controls=\"controls\"><source type=\"audio\/mpeg\" src=\"https:\/\/agora.xtec.cat\/ieangeldetobies\/wp-content\/uploads\/usu1448\/2022\/05\/Finalistes-Sant-Jordi-5e-A.mp3?_=88\" \/><a href=\"https:\/\/agora.xtec.cat\/ieangeldetobies\/wp-content\/uploads\/usu1448\/2022\/05\/Finalistes-Sant-Jordi-5e-A.mp3\">https:\/\/agora.xtec.cat\/ieangeldetobies\/wp-content\/uploads\/usu1448\/2022\/05\/Finalistes-Sant-Jordi-5e-A.mp3<\/a><\/audio>\n<p>FINALISTES DE SANT JORDI A 5\u00e8<\/p>\n<audio class=\"wp-audio-shortcode\" id=\"audio-6173-89\" preload=\"none\" style=\"width: 100%;\" controls=\"controls\"><source type=\"audio\/mpeg\" src=\"https:\/\/agora.xtec.cat\/ieangeldetobies\/wp-content\/uploads\/usu1448\/2022\/05\/Sortida-Recerkids.mp3?_=89\" \/><a href=\"https:\/\/agora.xtec.cat\/ieangeldetobies\/wp-content\/uploads\/usu1448\/2022\/05\/Sortida-Recerkids.mp3\">https:\/\/agora.xtec.cat\/ieangeldetobies\/wp-content\/uploads\/usu1448\/2022\/05\/Sortida-Recerkids.mp3<\/a><\/audio>\n<p>PARTICIPEM AL RECERKIDS<\/p>\n<audio class=\"wp-audio-shortcode\" id=\"audio-6173-90\" preload=\"none\" style=\"width: 100%;\" controls=\"controls\"><source type=\"audio\/mpeg\" src=\"https:\/\/agora.xtec.cat\/ieangeldetobies\/wp-content\/uploads\/usu1448\/2022\/05\/Sortida-Depuradora-daigues.mp3?_=90\" \/><a href=\"https:\/\/agora.xtec.cat\/ieangeldetobies\/wp-content\/uploads\/usu1448\/2022\/05\/Sortida-Depuradora-daigues.mp3\">https:\/\/agora.xtec.cat\/ieangeldetobies\/wp-content\/uploads\/usu1448\/2022\/05\/Sortida-Depuradora-daigues.mp3<\/a><\/audio>\n<p>ANEM A LA DEPURADORA<\/p>\n<audio class=\"wp-audio-shortcode\" id=\"audio-6173-91\" preload=\"none\" style=\"width: 100%;\" controls=\"controls\"><source type=\"audio\/mpeg\" src=\"https:\/\/agora.xtec.cat\/ieangeldetobies\/wp-content\/uploads\/usu1448\/2022\/05\/Sortida-5e-Museu-dhistoria.mp3?_=91\" \/><a href=\"https:\/\/agora.xtec.cat\/ieangeldetobies\/wp-content\/uploads\/usu1448\/2022\/05\/Sortida-5e-Museu-dhistoria.mp3\">https:\/\/agora.xtec.cat\/ieangeldetobies\/wp-content\/uploads\/usu1448\/2022\/05\/Sortida-5e-Museu-dhistoria.mp3<\/a><\/audio>\n<p>5\u00e8 VA AL MUSEU D&#8217;HIST\u00d2RIA (MAIG 2022)<\/p>\n<audio class=\"wp-audio-shortcode\" id=\"audio-6173-92\" preload=\"none\" style=\"width: 100%;\" controls=\"controls\"><source type=\"audio\/mpeg\" src=\"https:\/\/agora.xtec.cat\/ieangeldetobies\/wp-content\/uploads\/usu1448\/2022\/05\/Arribada-alumnes-Ucrainesos-5e-A.mp3?_=92\" \/><a href=\"https:\/\/agora.xtec.cat\/ieangeldetobies\/wp-content\/uploads\/usu1448\/2022\/05\/Arribada-alumnes-Ucrainesos-5e-A.mp3\">https:\/\/agora.xtec.cat\/ieangeldetobies\/wp-content\/uploads\/usu1448\/2022\/05\/Arribada-alumnes-Ucrainesos-5e-A.mp3<\/a><\/audio>\n<p>ARRIBEN ELS COMPANYS UCRA\u00cfNESOS<\/p>\n<audio class=\"wp-audio-shortcode\" id=\"audio-6173-93\" preload=\"none\" style=\"width: 100%;\" controls=\"controls\"><source type=\"audio\/mpeg\" src=\"https:\/\/agora.xtec.cat\/ieangeldetobies\/wp-content\/uploads\/usu1448\/2022\/04\/Poema-propi-Hanan-5e-B.mp3?_=93\" \/><a href=\"https:\/\/agora.xtec.cat\/ieangeldetobies\/wp-content\/uploads\/usu1448\/2022\/04\/Poema-propi-Hanan-5e-B.mp3\">https:\/\/agora.xtec.cat\/ieangeldetobies\/wp-content\/uploads\/usu1448\/2022\/04\/Poema-propi-Hanan-5e-B.mp3<\/a><\/audio>\n<p>POEMA PROPI (8 D&#8217;ABRIL)<\/p>\n<audio class=\"wp-audio-shortcode\" id=\"audio-6173-94\" preload=\"none\" style=\"width: 100%;\" controls=\"controls\"><source type=\"audio\/mpeg\" src=\"https:\/\/agora.xtec.cat\/ieangeldetobies\/wp-content\/uploads\/usu1448\/2022\/03\/Poema-desconegut-6e-A-Definitiu.mp3?_=94\" \/><a href=\"https:\/\/agora.xtec.cat\/ieangeldetobies\/wp-content\/uploads\/usu1448\/2022\/03\/Poema-desconegut-6e-A-Definitiu.mp3\">https:\/\/agora.xtec.cat\/ieangeldetobies\/wp-content\/uploads\/usu1448\/2022\/03\/Poema-desconegut-6e-A-Definitiu.mp3<\/a><\/audio>\n<p>POEMA DESCONEGUT (15 DE MAR\u00c7 2022)<\/p>\n<audio class=\"wp-audio-shortcode\" id=\"audio-6173-95\" preload=\"none\" style=\"width: 100%;\" controls=\"controls\"><source type=\"audio\/mpeg\" src=\"https:\/\/agora.xtec.cat\/ieangeldetobies\/wp-content\/uploads\/usu1448\/2022\/03\/8-de-marc-Definitiu.mp3?_=95\" \/><a href=\"https:\/\/agora.xtec.cat\/ieangeldetobies\/wp-content\/uploads\/usu1448\/2022\/03\/8-de-marc-Definitiu.mp3\">https:\/\/agora.xtec.cat\/ieangeldetobies\/wp-content\/uploads\/usu1448\/2022\/03\/8-de-marc-Definitiu.mp3<\/a><\/audio>\n<p>8 DE MAR\u00c7<\/p>\n<audio class=\"wp-audio-shortcode\" id=\"audio-6173-96\" preload=\"none\" style=\"width: 100%;\" controls=\"controls\"><source type=\"audio\/mpeg\" src=\"https:\/\/agora.xtec.cat\/ieangeldetobies\/wp-content\/uploads\/usu1448\/2022\/03\/Efemeride-1-de-marc-de-2022.mp3?_=96\" \/><a href=\"https:\/\/agora.xtec.cat\/ieangeldetobies\/wp-content\/uploads\/usu1448\/2022\/03\/Efemeride-1-de-marc-de-2022.mp3\">https:\/\/agora.xtec.cat\/ieangeldetobies\/wp-content\/uploads\/usu1448\/2022\/03\/Efemeride-1-de-marc-de-2022.mp3<\/a><\/audio>\n<p>EFEM\u00c8RIDE 1 DE MAR\u00c7<\/p>\n<audio class=\"wp-audio-shortcode\" id=\"audio-6173-97\" preload=\"none\" style=\"width: 100%;\" controls=\"controls\"><source type=\"audio\/mpeg\" src=\"https:\/\/agora.xtec.cat\/ieangeldetobies\/wp-content\/uploads\/usu1448\/2022\/02\/Passaparaula-5e-A.mp3?_=97\" \/><a href=\"https:\/\/agora.xtec.cat\/ieangeldetobies\/wp-content\/uploads\/usu1448\/2022\/02\/Passaparaula-5e-A.mp3\">https:\/\/agora.xtec.cat\/ieangeldetobies\/wp-content\/uploads\/usu1448\/2022\/02\/Passaparaula-5e-A.mp3<\/a><\/audio>\n<p>PASSAPARAULA (FEBRER 2022)<\/p>\n","protected":false},"excerpt":{"rendered":"<p>\ufeff\ufeff\ufeff CURS 2023-24 Erasmus Media Zoom &#8211; catal\u00e0 Erasmus Media Zoom &#8211; angl\u00e8s La biblioteca de l&#8217;escola -4t A La [&hellip;]<\/p>\n","protected":false},"author":1,"featured_media":0,"parent":87,"menu_order":0,"comment_status":"closed","ping_status":"closed","template":"","meta":{"_bbp_topic_count":0,"_bbp_reply_count":0,"_bbp_total_topic_count":0,"_bbp_total_reply_count":0,"_bbp_voice_count":0,"_bbp_anonymous_reply_count":0,"_bbp_topic_count_hidden":0,"_bbp_reply_count_hidden":0,"_bbp_forum_subforum_count":0,"site-sidebar-layout":"default","site-content-layout":"","ast-site-content-layout":"default","site-content-style":"default","site-sidebar-style":"default","ast-global-header-display":"","ast-banner-title-visibility":"","ast-main-header-display":"","ast-hfb-above-header-display":"","ast-hfb-below-header-display":"","ast-hfb-mobile-header-display":"","site-post-title":"","ast-breadcrumbs-content":"","ast-featured-img":"","footer-sml-layout":"","theme-transparent-header-meta":"","adv-header-id-meta":"","stick-header-meta":"","header-above-stick-meta":"","header-main-stick-meta":"","header-below-stick-meta":"","astra-migrate-meta-layouts":"set","ast-page-background-enabled":"default","ast-page-background-meta":{"desktop":{"background-color":"var(--ast-global-color-4)","background-image":"","background-repeat":"repeat","background-position":"center center","background-size":"auto","background-attachment":"scroll","background-type":"","background-media":"","overlay-type":"","overlay-color":"","overlay-opacity":"","overlay-gradient":""},"tablet":{"background-color":"","background-image":"","background-repeat":"repeat","background-position":"center center","background-size":"auto","background-attachment":"scroll","background-type":"","background-media":"","overlay-type":"","overlay-color":"","overlay-opacity":"","overlay-gradient":""},"mobile":{"background-color":"","background-image":"","background-repeat":"repeat","background-position":"center center","background-size":"auto","background-attachment":"scroll","background-type":"","background-media":"","overlay-type":"","overlay-color":"","overlay-opacity":"","overlay-gradient":""}},"ast-content-background-meta":{"desktop":{"background-color":"var(--ast-global-color-5)","background-image":"","background-repeat":"repeat","background-position":"center center","background-size":"auto","background-attachment":"scroll","background-type":"","background-media":"","overlay-type":"","overlay-color":"","overlay-opacity":"","overlay-gradient":""},"tablet":{"background-color":"var(--ast-global-color-5)","background-image":"","background-repeat":"repeat","background-position":"center center","background-size":"auto","background-attachment":"scroll","background-type":"","background-media":"","overlay-type":"","overlay-color":"","overlay-opacity":"","overlay-gradient":""},"mobile":{"background-color":"var(--ast-global-color-5)","background-image":"","background-repeat":"repeat","background-position":"center center","background-size":"auto","background-attachment":"scroll","background-type":"","background-media":"","overlay-type":"","overlay-color":"","overlay-opacity":"","overlay-gradient":""}},"footnotes":""},"class_list":["post-6173","page","type-page","status-publish","hentry"],"post_mailing_queue_ids":[],"_links":{"self":[{"href":"https:\/\/agora.xtec.cat\/ieangeldetobies\/wp-json\/wp\/v2\/pages\/6173","targetHints":{"allow":["GET"]}}],"collection":[{"href":"https:\/\/agora.xtec.cat\/ieangeldetobies\/wp-json\/wp\/v2\/pages"}],"about":[{"href":"https:\/\/agora.xtec.cat\/ieangeldetobies\/wp-json\/wp\/v2\/types\/page"}],"author":[{"embeddable":true,"href":"https:\/\/agora.xtec.cat\/ieangeldetobies\/wp-json\/wp\/v2\/users\/1"}],"replies":[{"embeddable":true,"href":"https:\/\/agora.xtec.cat\/ieangeldetobies\/wp-json\/wp\/v2\/comments?post=6173"}],"version-history":[{"count":6,"href":"https:\/\/agora.xtec.cat\/ieangeldetobies\/wp-json\/wp\/v2\/pages\/6173\/revisions"}],"predecessor-version":[{"id":10608,"href":"https:\/\/agora.xtec.cat\/ieangeldetobies\/wp-json\/wp\/v2\/pages\/6173\/revisions\/10608"}],"up":[{"embeddable":true,"href":"https:\/\/agora.xtec.cat\/ieangeldetobies\/wp-json\/wp\/v2\/pages\/87"}],"wp:attachment":[{"href":"https:\/\/agora.xtec.cat\/ieangeldetobies\/wp-json\/wp\/v2\/media?parent=6173"}],"curies":[{"name":"wp","href":"https:\/\/api.w.org\/{rel}","templated":true}]}}