{"id":13,"date":"2014-09-12T11:05:02","date_gmt":"2014-09-12T11:05:02","guid":{"rendered":"http:\/\/agora.xtec.cat\/ie-martamata\/?page_id=13"},"modified":"2026-03-04T23:23:27","modified_gmt":"2026-03-04T22:23:27","slug":"avis","status":"publish","type":"page","link":"https:\/\/agora.xtec.cat\/ie-martamata\/","title":{"rendered":"BENVINGUTS I BENVINGUDES A L&#8217;IE MARTA MATA"},"content":{"rendered":"<h4>\u00a0<\/h4>\n<h4><strong>QUINA \u00c9S LA NOSTRA FILOSOFIA?<\/strong><\/h4>\n<h5 style=\"text-align: center;\">\u00a0<\/h5>\n<div>\n<p style=\"text-align: justify;\"><span style=\"font-weight: 400;\">L\u2019Institut Escola Marta Mata, t\u00e9 com a principal prop\u00f2sit donar eines als infants i joves perqu\u00e8 creixin en dignitat desenvolupant compet\u00e8ncies per la vida sent els principals protagonistes dels seus propis aprenentatges.\u00a0<\/span><\/p>\n<p style=\"text-align: justify;\"><span style=\"font-weight: 400;\">Els adults, acompanyants i guies de l\u2019aprenentatge en el seu viatge, som els encarregats de donar estrat\u00e8gies i propostes en uns espais preparats i adequats per tal que aix\u00f2 sigui possible.<\/span><\/p>\n<p style=\"text-align: justify;\"><span style=\"font-weight: 400;\">Entenem el centre com una comunitat d\u2019aprenentatge, volem que tots els seus membres siguin part\u00edcips del projecte.<\/span><\/p>\n<p style=\"text-align: justify;\"><span style=\"font-weight: 400;\">Creiem en un aprenentatge vivencial tenint en compte el desenvolupament i el ritme de cada un dels nostres infants i joves. Per aix\u00f2, volem ajudar al desenvolupament global de l\u2019alumnat acompanyant-lo d\u2019una manera amorosa i respectuosa.<\/span><\/p>\n<p><a style=\"color: #2795b6;\" href=\"https:\/\/agora.xtec.cat\/ie-martamata\/wp-content\/uploads\/usu703\/2023\/02\/IEMM.jpg\"><img loading=\"lazy\" decoding=\"async\" class=\"size-full wp-image-1796 aligncenter\" src=\"https:\/\/agora.xtec.cat\/ie-martamata\/wp-content\/uploads\/usu703\/2023\/02\/IEMM.jpg\" alt=\"\" width=\"225\" height=\"225\" srcset=\"https:\/\/agora.xtec.cat\/ie-martamata\/wp-content\/uploads\/usu703\/2023\/02\/IEMM.jpg 225w, https:\/\/agora.xtec.cat\/ie-martamata\/wp-content\/uploads\/usu703\/2023\/02\/IEMM-150x150.jpg 150w\" sizes=\"auto, (max-width: 225px) 100vw, 225px\" \/><\/a><\/p>\n<h4 style=\"text-align: center;\"><i><span style=\"font-weight: 400;\">\u201c<\/span><\/i><i><span style=\"font-weight: 400;\">D\u2019alguna manera l\u2019educaci\u00f3 ha de proporcionar els mapes d\u2019un m\u00f3n complex aix\u00ed com la br\u00faixola que permet navegar-hi\u201d<\/span><\/i><\/h4>\n<h4 style=\"text-align: center;\">\u00a0<\/h4>\n<h4 style=\"text-align: center;\"><i><span style=\"font-weight: 400;\">&#8211; La educaci\u00f3n encierra un tesoro, 1996:75 &#8211;<\/span><\/i><\/h4>\n<h5 style=\"text-align: center;\">\u00a0<\/h5>\n<\/div>\n\n\n<h3>\u00daltimes not\u00edcies<\/h3>\n<p>\u00a0<\/p>\n\n\n<div class=\"wp-block-getwid-instagram\">\n            <div class=\"wp-block-getwid-instagram__wrapper has-3-columns\">\n                <div class=\"wp-block-getwid-instagram__item\">\n\t<div class=\"wp-block-getwid-instagram__media-wrapper\">\n\t\t<a class=\"wp-block-getwid-instagram__media-link\" target=\"_blank\" href=\"https:\/\/www.instagram.com\/p\/DcwMg6GOGp1\/\">\n\t\t\t\t\t\t\t<img decoding=\"async\" class=\"wp-block-getwid-instagram__media\" src=\"https:\/\/scontent-lhr6-2.cdninstagram.com\/v\/t51.82787-15\/791096599_18064950113727482_6309709649162681590_n.webp?stp=dst-jpg_e35_tt6&#038;_nc_cat=109&#038;ccb=7-5&#038;_nc_sid=18de74&#038;efg=eyJlZmdfdGFnIjoiRkVFRC5iZXN0X2ltYWdlX3VybGdlbi5DMyJ9&#038;_nc_ohc=fEbdelKpcNMQ7kNvwEfpMZu&#038;_nc_oc=AdpkBzQ2kzNMrPCPbXhXTeqL8qT715wmG8gFfGYXmyLi5wUnlxQHi64Ut2A1CXTW2pc&#038;_nc_zt=23&#038;_nc_ht=scontent-lhr6-2.cdninstagram.com&#038;edm=ANo9K5cEAAAA&#038;_nc_gid=OwAFtqFrXmRGHhz0BoMh2Q&#038;_nc_tpa=Q5bMBQLMQytYyRxFoprPfEhwGxqx38090AjmZQKnZ_yMYu3VMf3CpV22Wlq-HxNpY_daEb_6i1kCT4DyCA&#038;oh=00_AQJfInqOG437rT1bjXPOynKIKrrLr1I_u7HIteIaVnfB2w&#038;oe=6AA372EB\" alt=\"Tot l&#039;equip IEMM us donem la benvinguda al nou curs 26-27, ja hem comen\u00e7at a posar-ho tot a punt per tots vosaltres. Tenim moltes ganes de retrobar-nos i compartir junts nous moments. Carregueu piles. #IEMM\"\/>\n\t\t\t\t\t<\/a>\n\t<\/div>\n<\/div><div class=\"wp-block-getwid-instagram__item\">\n\t<div class=\"wp-block-getwid-instagram__media-wrapper\">\n\t\t<a class=\"wp-block-getwid-instagram__media-link\" target=\"_blank\" href=\"https:\/\/www.instagram.com\/p\/DZxSdJ4gLy0\/\">\n\t\t\t\t\t\t\t<img decoding=\"async\" class=\"wp-block-getwid-instagram__media\" src=\"https:\/\/scontent-lhr11-1.cdninstagram.com\/v\/t51.82787-15\/727772793_18053993873727482_7959715978171279455_n.webp?stp=dst-jpg_e35_tt6&#038;_nc_cat=100&#038;ccb=7-5&#038;_nc_sid=18de74&#038;efg=eyJlZmdfdGFnIjoiQ0FST1VTRUxfSVRFTS5iZXN0X2ltYWdlX3VybGdlbi5DMyJ9&#038;_nc_ohc=5y6kF8TzApgQ7kNvwFLWM9B&#038;_nc_oc=AdogLmDOqTlBkj_LcbIgpXJaJWNnST165xpwm2pDQHRIkIyiw5uGYXk0bJyAeOz4Mis&#038;_nc_zt=23&#038;_nc_ht=scontent-lhr11-1.cdninstagram.com&#038;edm=ANo9K5cEAAAA&#038;_nc_gid=OwAFtqFrXmRGHhz0BoMh2Q&#038;_nc_tpa=Q5bMBQKfcpFO_54Ch6Xc4DlV4Ltucstn76atfn73QIbh2qh0S711gWm-QtdgyBtRSD5RIDictNXsLxe4DA&#038;oh=00_AQICcUV9nnAKIjI1oBx4WzdEOFesC3whCSzj5_lnFxXgNQ&#038;oe=6AA392D8\" alt=\"Aix\u00ed tanquem el curs 25-26, encarant la calor anant a la piscina, al riu o fent jocs d&#039;aigua i tot ben amanitzat amb un gelat o esmorzar. Un plaer haver compartit aprenentatges junts durant aquest curs. Bones vacances, ens retrobem pel setembre! #iemm\"\/>\n\t\t\t\t\t<\/a>\n\t<\/div>\n<\/div><div class=\"wp-block-getwid-instagram__item\">\n\t<div class=\"wp-block-getwid-instagram__media-wrapper\">\n\t\t<a class=\"wp-block-getwid-instagram__media-link\" target=\"_blank\" href=\"https:\/\/www.instagram.com\/p\/DZvdxQEOqFQ\/\">\n\t\t\t\t\t\t\t<img decoding=\"async\" class=\"wp-block-getwid-instagram__media\" src=\"https:\/\/scontent-lhr11-1.cdninstagram.com\/v\/t51.82787-15\/727799263_18053896421727482_895259671836095793_n.webp?stp=dst-jpg_e35_tt6&#038;_nc_cat=107&#038;ccb=7-5&#038;_nc_sid=18de74&#038;efg=eyJlZmdfdGFnIjoiRkVFRC5iZXN0X2ltYWdlX3VybGdlbi5DMyJ9&#038;_nc_ohc=guhA3RlXyDsQ7kNvwFIrcvM&#038;_nc_oc=AdpNWUSNVubmCQumOW7En1IhRlpCi2pa7idsUZudwEf8kAHIHzYJYQEwcSD2BlcyVw4&#038;_nc_zt=23&#038;_nc_ht=scontent-lhr11-1.cdninstagram.com&#038;edm=ANo9K5cEAAAA&#038;_nc_gid=OwAFtqFrXmRGHhz0BoMh2Q&#038;_nc_tpa=Q5bMBQLvrklzdAboK16hIPT4k7tZq_XLjfdTgWGTPtZnF-pYCwUPxJqj9HGETrwj4zs8gILp2p4dADeNaA&#038;oh=00_AQKeqcEzvXcU7PX66xlKT94acZAGHDdBEJ9N1xs81Z9GUg&#038;oe=6AA3748C\" alt=\"Comiat graduaci\u00f3 de 4t de #SecIEMM. Avui els protagon\u00edstes han sigut la promoci\u00f3 2010. Molta sort a la nova etapa. Sigueu valents\/es tot el qu\u00e8 decidiu us far\u00e0 cr\u00e9ixer com a persones. Gr\u00e0cies @afa_iemartamata Endavant!\"\/>\n\t\t\t\t\t<\/a>\n\t<\/div>\n<\/div><div class=\"wp-block-getwid-instagram__item\">\n\t<div class=\"wp-block-getwid-instagram__media-wrapper\">\n\t\t<a class=\"wp-block-getwid-instagram__media-link\" target=\"_blank\" href=\"https:\/\/www.instagram.com\/p\/DZuodE8gPnM\/\">\n\t\t\t\t\t\t\t<img decoding=\"async\" class=\"wp-block-getwid-instagram__media\" src=\"https:\/\/scontent-lhr11-1.cdninstagram.com\/v\/t51.82787-15\/727799192_18053841218727482_6247211383168390114_n.webp?stp=dst-jpg_e35_tt6&#038;_nc_cat=107&#038;ccb=7-5&#038;_nc_sid=18de74&#038;efg=eyJlZmdfdGFnIjoiQ0FST1VTRUxfSVRFTS5iZXN0X2ltYWdlX3VybGdlbi5DMyJ9&#038;_nc_ohc=sP3UJQ5ibhAQ7kNvwFF9lnc&#038;_nc_oc=AdpMbvOC3iVDMuUwyCwspG4AeYuYkdg8t76caC7GW1XKYP2JTjsN-TBHYZO-n2x_Tu8&#038;_nc_zt=23&#038;_nc_ht=scontent-lhr11-1.cdninstagram.com&#038;edm=ANo9K5cEAAAA&#038;_nc_gid=OwAFtqFrXmRGHhz0BoMh2Q&#038;_nc_tpa=Q5bMBQLUqBvrkgm3q3d1uTjCWMtRUdWDQSvHZ7XjhbAxbk4R9oqco3iZDAD0wJAiddX760Wuy07OL9u20g&#038;oh=00_AQKs-REieeEv6GcxzkPJjRqBG3yJTpKH_SlNKJBgCT17vA&#038;oe=6AA36E10\" alt=\"Avui els m\u00e9s grans del centre inicien el final del cam\u00ed al Marta Mata. Per celebrar-ho tots els infants i joves junt amb docents hem volgut ser-hi presents. Endavant promo 2010 viviu els somnis per fer-los realitat. #SecIEMM Moments bonics que es viuen en un institut escola.\"\/>\n\t\t\t\t\t<\/a>\n\t<\/div>\n<\/div><div class=\"wp-block-getwid-instagram__item\">\n\t<div class=\"wp-block-getwid-instagram__media-wrapper\">\n\t\t<a class=\"wp-block-getwid-instagram__media-link\" target=\"_blank\" href=\"https:\/\/www.instagram.com\/p\/DZunkLZAFY2\/\">\n\t\t\t\t\t\t\t<img decoding=\"async\" class=\"wp-block-getwid-instagram__media\" src=\"https:\/\/scontent-lhr11-1.cdninstagram.com\/v\/t51.82787-15\/727772833_18053840300727482_810164594326939389_n.webp?stp=dst-jpg_e35_tt6&#038;_nc_cat=101&#038;ccb=7-5&#038;_nc_sid=18de74&#038;efg=eyJlZmdfdGFnIjoiQ0FST1VTRUxfSVRFTS5iZXN0X2ltYWdlX3VybGdlbi5DMyJ9&#038;_nc_ohc=SvCt6KkzpBYQ7kNvwEsHK5E&#038;_nc_oc=AdpE8v6Kj3VaO-ZkIof4Utgk5ohEARI3Hb57zWQ6nr-0xIcSsGirBEf1ABdi5YAk_mU&#038;_nc_zt=23&#038;_nc_ht=scontent-lhr11-1.cdninstagram.com&#038;edm=ANo9K5cEAAAA&#038;_nc_gid=OwAFtqFrXmRGHhz0BoMh2Q&#038;_nc_tpa=Q5bMBQJcVjE7uzAUkHPqYsXyXSeoPjAsCSLr7uE_KR9vU3cU_OApKldtFFMqgka6PooITZ4VuxsPAN_kOw&#038;oh=00_AQIRApu1lPR2f-5FSxtYDz183g6ppnZGVPzpHh1UUA6MTw&#038;oe=6AA36072\" alt=\"Els grans de la comunitat de petits fan un pas m\u00e9s i arriben a la comunitat de mitjans on els reben amb xerinola i jocs. Benvinguts a la nova comunitat petits. #InfIEMM #PriIEMM\"\/>\n\t\t\t\t\t<\/a>\n\t<\/div>\n<\/div><div class=\"wp-block-getwid-instagram__item\">\n\t<div class=\"wp-block-getwid-instagram__media-wrapper\">\n\t\t<a class=\"wp-block-getwid-instagram__media-link\" target=\"_blank\" href=\"https:\/\/www.instagram.com\/p\/DZp-O6KAAuY\/\">\n\t\t\t\t\t\t\t<img decoding=\"async\" class=\"wp-block-getwid-instagram__media\" src=\"https:\/\/scontent-lhr11-1.cdninstagram.com\/v\/t51.82787-15\/723999543_18053596010727482_6701618657249672218_n.webp?stp=dst-jpg_e35_tt6&#038;_nc_cat=110&#038;ccb=7-5&#038;_nc_sid=18de74&#038;efg=eyJlZmdfdGFnIjoiQ0FST1VTRUxfSVRFTS5iZXN0X2ltYWdlX3VybGdlbi5DMyJ9&#038;_nc_ohc=MG4ZFdMCmEcQ7kNvwFITsvT&#038;_nc_oc=AdrR_1Y-U9OEoLfZ91Wf48Sfro2Pj3ovQRMVTiQtb8ERQK_hcqpchI3UZtG8FrJ2hSo&#038;_nc_zt=23&#038;_nc_ht=scontent-lhr11-1.cdninstagram.com&#038;edm=ANo9K5cEAAAA&#038;_nc_gid=OwAFtqFrXmRGHhz0BoMh2Q&#038;_nc_tpa=Q5bMBQLWtSFke3P5soliHS7QA8X2023hnrZuWXM3ofFPYZXEDNigQcVuweg6eIhm5BhNA8B6swXQ8ufF7Q&#038;oh=00_AQJ5LlJz903etN9Sm4LouuHdz2G4cm8lhFnGknmI0g_eVQ&#038;oe=6AA364E6\" alt=\"Pas d&#039;etapa de 6\u00e8 de #PriIEMM a 1r de #SecIEMM. Tanquem hist\u00f2ries i en comencem d&#039;altres.\"\/>\n\t\t\t\t\t<\/a>\n\t<\/div>\n<\/div><\/div>\n        <\/div>","protected":false},"excerpt":{"rendered":"<p>\u00a0 QUINA \u00c9S LA NOSTRA FILOSOFIA? \u00a0 L\u2019Institut Escola Marta Mata, t\u00e9 com a principal prop\u00f2sit donar eines als infants i joves perqu\u00e8 creixin en dignitat desenvolupant compet\u00e8ncies per la vida sent els principals protagonistes dels seus propis aprenentatges.\u00a0 Els adults, acompanyants i guies de l\u2019aprenentatge en el seu viatge, som els encarregats de donar [&hellip;]<\/p>\n","protected":false},"author":1,"featured_media":0,"parent":7,"menu_order":0,"comment_status":"closed","ping_status":"closed","template":"","meta":{"_bbp_topic_count":0,"_bbp_reply_count":0,"_bbp_total_topic_count":0,"_bbp_total_reply_count":0,"_bbp_voice_count":0,"_bbp_anonymous_reply_count":0,"_bbp_topic_count_hidden":0,"_bbp_reply_count_hidden":0,"_bbp_forum_subforum_count":0,"site-sidebar-layout":"default","site-content-layout":"","ast-site-content-layout":"default","site-content-style":"default","site-sidebar-style":"default","ast-global-header-display":"","ast-banner-title-visibility":"","ast-main-header-display":"","ast-hfb-above-header-display":"","ast-hfb-below-header-display":"","ast-hfb-mobile-header-display":"","site-post-title":"","ast-breadcrumbs-content":"","ast-featured-img":"","footer-sml-layout":"","theme-transparent-header-meta":"default","adv-header-id-meta":"","stick-header-meta":"","header-above-stick-meta":"","header-main-stick-meta":"","header-below-stick-meta":"","astra-migrate-meta-layouts":"set","ast-page-background-enabled":"default","ast-page-background-meta":{"desktop":{"background-color":"var(--ast-global-color-4)","background-image":"","background-repeat":"repeat","background-position":"center center","background-size":"auto","background-attachment":"scroll","background-type":"","background-media":"","overlay-type":"","overlay-color":"","overlay-opacity":"","overlay-gradient":""},"tablet":{"background-color":"","background-image":"","background-repeat":"repeat","background-position":"center center","background-size":"auto","background-attachment":"scroll","background-type":"","background-media":"","overlay-type":"","overlay-color":"","overlay-opacity":"","overlay-gradient":""},"mobile":{"background-color":"","background-image":"","background-repeat":"repeat","background-position":"center center","background-size":"auto","background-attachment":"scroll","background-type":"","background-media":"","overlay-type":"","overlay-color":"","overlay-opacity":"","overlay-gradient":""}},"ast-content-background-meta":{"desktop":{"background-color":"var(--ast-global-color-5)","background-image":"","background-repeat":"repeat","background-position":"center center","background-size":"auto","background-attachment":"scroll","background-type":"","background-media":"","overlay-type":"","overlay-color":"","overlay-opacity":"","overlay-gradient":""},"tablet":{"background-color":"var(--ast-global-color-5)","background-image":"","background-repeat":"repeat","background-position":"center center","background-size":"auto","background-attachment":"scroll","background-type":"","background-media":"","overlay-type":"","overlay-color":"","overlay-opacity":"","overlay-gradient":""},"mobile":{"background-color":"var(--ast-global-color-5)","background-image":"","background-repeat":"repeat","background-position":"center center","background-size":"auto","background-attachment":"scroll","background-type":"","background-media":"","overlay-type":"","overlay-color":"","overlay-opacity":"","overlay-gradient":""}},"footnotes":""},"class_list":["post-13","page","type-page","status-publish","hentry"],"post_mailing_queue_ids":[],"_links":{"self":[{"href":"https:\/\/agora.xtec.cat\/ie-martamata\/wp-json\/wp\/v2\/pages\/13","targetHints":{"allow":["GET"]}}],"collection":[{"href":"https:\/\/agora.xtec.cat\/ie-martamata\/wp-json\/wp\/v2\/pages"}],"about":[{"href":"https:\/\/agora.xtec.cat\/ie-martamata\/wp-json\/wp\/v2\/types\/page"}],"author":[{"embeddable":true,"href":"https:\/\/agora.xtec.cat\/ie-martamata\/wp-json\/wp\/v2\/users\/1"}],"replies":[{"embeddable":true,"href":"https:\/\/agora.xtec.cat\/ie-martamata\/wp-json\/wp\/v2\/comments?post=13"}],"version-history":[{"count":5,"href":"https:\/\/agora.xtec.cat\/ie-martamata\/wp-json\/wp\/v2\/pages\/13\/revisions"}],"predecessor-version":[{"id":2971,"href":"https:\/\/agora.xtec.cat\/ie-martamata\/wp-json\/wp\/v2\/pages\/13\/revisions\/2971"}],"up":[{"embeddable":true,"href":"https:\/\/agora.xtec.cat\/ie-martamata\/wp-json\/wp\/v2\/pages\/7"}],"wp:attachment":[{"href":"https:\/\/agora.xtec.cat\/ie-martamata\/wp-json\/wp\/v2\/media?parent=13"}],"curies":[{"name":"wp","href":"https:\/\/api.w.org\/{rel}","templated":true}]}}