{"id":1784,"date":"2019-12-09T16:21:34","date_gmt":"2019-12-09T15:21:34","guid":{"rendered":"http:\/\/agora.xtec.cat\/ceip-elpigros\/?page_id=1784"},"modified":"2026-02-04T17:37:15","modified_gmt":"2026-02-04T16:37:15","slug":"consell-escolar","status":"publish","type":"page","link":"https:\/\/agora.xtec.cat\/ie-elpigros-santcebria\/lescola\/gestio-de-centre\/consell-escolar\/","title":{"rendered":"Consell Escolar"},"content":{"rendered":"<p><strong>COM EST\u00c0 FORMAT?<\/strong><\/p>\n<p>El consell escolar est\u00e0 format per representants dels docents, representants de les fam\u00edlies, de l&#8217;alumnat d&#8217;ESO i un representant de l\u2019administraci\u00f3 local. Les fam\u00edlies trien, mitjan\u00e7ant votaci\u00f3, els seus representants quan es convoquen eleccions. \u00c9s molt important participar en aquestes eleccions i con\u00e8ixer les persones que es presenten perqu\u00e8 despr\u00e9s prendran decisions que afecten el funcionament general del centre (horaris, quotes, programes educatius \u2026).<\/p>\n<p>L\u2019Associaci\u00f3 de fam\u00edlies tamb\u00e9 hi t\u00e9 un representant que es tria d\u2019entre els membres de la Junta.<\/p>\n<p>La composici\u00f3 del consell escolar \u00e9s:<\/p>\n<table style=\"border-collapse: collapse; width: 100%;\">\n<tbody>\n<tr>\n<td style=\"width: 100%;\">\n<p style=\"text-align: center;\"><strong>CONSELL ESCOLAR<\/strong><\/p>\n<p><strong>Directora, Caps d&#8217;Estudis i Secret\u00e0ria<\/strong><\/p>\n<p><strong>Docents:<\/strong> V\u00edctor C\u00f3rdoba, Camil Peris, Isaure S\u00e1nchez, Roser Godino, Anna Laguna i Meritxell Mustar\u00f3s<\/p>\n<p><strong>Alumnes:<\/strong> Yann Moya i Toni Rubio<\/p>\n<p><strong>Fam\u00edlies:<\/strong> Marina Barriendos, Elena Antol\u00edn i S\u00edlvia Vall\u00e8s<\/p>\n<p><strong>Representant AFA:<\/strong> Marta Obrador<\/p>\n<p><strong>Representant Ajuntament:<\/strong> Anna Rodon<\/p>\n<p><strong>Representant PAS:<\/strong> Nat\u00e0lia S\u00e1nchez<\/td>\n<\/tr>\n<\/tbody>\n<\/table>\n<p>&nbsp;<\/p>\n<p><strong>ACORDS PRESOS EN EL CONSELL ESCOLAR<\/strong><\/p>\n<p>CURS 25-26<\/p>\n<p><a href=\"https:\/\/agora.xtec.cat\/ie-elpigros-santcebria\/wp-content\/uploads\/usu931\/2026\/02\/ACORDS_CE_14OCT.pdf\">ACORDS_CE_14OCT<\/a><\/p>\n<p><a href=\"https:\/\/agora.xtec.cat\/ie-elpigros-santcebria\/wp-content\/uploads\/usu931\/2026\/02\/ACORDS_CE_1DES.pdf\">ACORDS_CE_1DES<\/a><\/p>\n<p>&nbsp;<\/p>\n<p>CURS 24-25<\/p>\n<p><a href=\"https:\/\/agora.xtec.cat\/ie-elpigros-santcebria\/wp-content\/uploads\/usu931\/2025\/02\/Acords_CE_29-10.pdf\">Acords_CE_OCTUBRE 2024<\/a><\/p>\n<p><a href=\"https:\/\/agora.xtec.cat\/ie-elpigros-santcebria\/wp-content\/uploads\/usu931\/2025\/06\/Acords_CE_Febrer.pdf\">Acords_CE_Febrer 2025<\/a><\/p>\n<p><a href=\"https:\/\/agora.xtec.cat\/ie-elpigros-santcebria\/wp-content\/uploads\/usu931\/2025\/07\/Acords_CE_25JUNY.pdf\">Acords_CE_2Juny 2025<\/a><\/p>\n<p><a href=\"https:\/\/agora.xtec.cat\/ie-elpigros-santcebria\/wp-content\/uploads\/usu931\/2025\/07\/Acords_CE_25Juny_2025.pdf\">Acords_CE_25Juny_2025<\/a><\/p>\n<p>&nbsp;<\/p>\n<p>CURS 23-24<\/p>\n<p><a href=\"https:\/\/agora.xtec.cat\/ie-elpigros-santcebria\/wp-content\/uploads\/usu931\/2024\/03\/ACORDS_CE_OCTUBRE-2023.pdf\">ACORDS_CE_OCTUBRE 2023<\/a><\/p>\n<p><a href=\"https:\/\/agora.xtec.cat\/ie-elpigros-santcebria\/wp-content\/uploads\/usu931\/2024\/02\/Acords_CE_DESEMBRE23.pdf\">ACORDS_CE_DESEMBRE 2023<\/a><\/p>\n<p><a href=\"https:\/\/agora.xtec.cat\/ie-elpigros-santcebria\/wp-content\/uploads\/usu931\/2024\/07\/Acords_CE_29gener.pdf\">Acords_CE_GENER 2024<\/a><\/p>\n<p><a href=\"https:\/\/agora.xtec.cat\/ie-elpigros-santcebria\/wp-content\/uploads\/usu931\/2024\/07\/Acords_CE_5juny.pdf\">Acords_CE_JUNY 2024<\/a><\/p>\n<p><a href=\"https:\/\/agora.xtec.cat\/ie-elpigros-santcebria\/wp-content\/uploads\/usu931\/2024\/12\/Acords_CE_Juliol24.pdf\">Acords_CE_JULIOL 2024<\/a><\/p>\n<p>CURS 22-23<\/p>\n<p><a href=\"https:\/\/agora.xtec.cat\/ie-elpigros-santcebria\/wp-content\/uploads\/usu931\/2022\/10\/acords-12-9-22-2.pdf\">ACORDS_CE_SETEMBRE_22-23<\/a><\/p>\n<p><a href=\"https:\/\/agora.xtec.cat\/ie-elpigros-santcebria\/wp-content\/uploads\/usu931\/2023\/02\/ACORDS11210.pdf\">ACORDS_CE_OCTUBRE_22-23<\/a><\/p>\n<p><a href=\"https:\/\/agora.xtec.cat\/ie-elpigros-santcebria\/wp-content\/uploads\/usu931\/2023\/06\/gener.pdf\">ACORDS_CE_GENER_2023<\/a><\/p>\n<p><a href=\"https:\/\/agora.xtec.cat\/ie-elpigros-santcebria\/wp-content\/uploads\/usu931\/2023\/06\/acords-consell-escolar.pdf\">ACORDS_CE_ABRIL_2023<\/a><\/p>\n<p>CURS 21-22<\/p>\n<p><a href=\"https:\/\/agora.xtec.cat\/ie-elpigros-santcebria\/wp-content\/uploads\/usu931\/2021\/10\/Escaneig0021.pdf\">ACORDS_CE_SETEMBRE_21_22<\/a><\/p>\n<p><a style=\"color: #2795b6;\" href=\"https:\/\/agora.xtec.cat\/ie-elpigros-santcebria\/wp-content\/uploads\/usu931\/2021\/11\/Escaneig0027.pdf\">ACORDS_CE_OCTUBRE_21-22<\/a><\/p>\n<p><a href=\"http:\/\/ACORDS_CE_MAR\u00c7-MAIG_21-22\">Acords_CE_NOVEMBRE_21-22<\/a><\/p>\n<p><a href=\"https:\/\/agora.xtec.cat\/ie-elpigros-santcebria\/wp-content\/uploads\/usu931\/2022\/06\/Escaneig0043.pdf\">ACORDS_CE_MAR\u00c7\/MAIG_21-22<\/a><\/p>\n<p>CURS 20-21<\/p>\n<p><a href=\"https:\/\/agora.xtec.cat\/ie-elpigros-santcebria\/wp-content\/uploads\/usu931\/2020\/11\/Acords_CE_SETEMBRE_20-21.pdf\">Acords_CE_SETEMBRE_20-21<\/a><\/p>\n<p><a href=\"https:\/\/agora.xtec.cat\/ie-elpigros-santcebria\/wp-content\/uploads\/usu931\/2021\/02\/Acords_CE_NOVEMBRE_20_21.pdf\">Acords_CE_NOVEMBRE_20_21<\/a><\/p>\n<p><a href=\"https:\/\/agora.xtec.cat\/ie-elpigros-santcebria\/wp-content\/uploads\/usu931\/2021\/04\/Acords_CE_GENER_20_21.pdf\">Acords_CE_GENER_20_21<\/a><\/p>\n<p><a href=\"https:\/\/agora.xtec.cat\/ie-elpigros-santcebria\/wp-content\/uploads\/usu931\/2021\/07\/ACORDS-CONSELL-13-ABRIL.pdf\">ACORDS_CE_ABRIL_20_21<\/a><\/p>\n<p><a href=\"https:\/\/agora.xtec.cat\/ie-elpigros-santcebria\/wp-content\/uploads\/usu931\/2021\/07\/ACORDS_CE_JUNY-.pdf\">ACORDS_CE_JUNY_20_21<\/a><\/p>\n<p>CURS 19-20<\/p>\n<ul>\n<li><a href=\"https:\/\/agora.xtec.cat\/ceip-elpigros\/wp-content\/uploads\/usu931\/2020\/02\/SIM-080258020021309050.pdf\" target=\"_blank\" rel=\"noopener noreferrer\">Acords Consell Escolar (04\/12\/2019)<\/a><\/li>\n<li><a href=\"https:\/\/agora.xtec.cat\/ceip-elpigros\/wp-content\/uploads\/usu931\/2020\/01\/ACORDS-PRIMER-CONSELL-ESCOLAR.pdf\" target=\"_blank\" rel=\"noopener noreferrer\">Acords Consell Escolar (19\/10\/2019)<\/a><\/li>\n<li><a href=\"https:\/\/drive.google.com\/file\/d\/1PLP8ClDtn3f1N9BjIvR7jAXy3cFSbozF\/view?usp=sharing\">Acords Consell Escolar (2n i 3r trimestre del 2019-2020)<\/a><\/li>\n<\/ul>\n<p>&nbsp;<\/p>\n<p>&nbsp;<\/p>\n<p>&nbsp;<\/p>\n<p>&nbsp;<\/p>\n<p>&nbsp;<\/p>\n<p>&nbsp;<\/p>\n","protected":false},"excerpt":{"rendered":"<p>COM EST\u00c0 FORMAT? El consell escolar est\u00e0 format per representants dels docents, representants de les fam\u00edlies, de l&#8217;alumnat d&#8217;ESO i un representant de l\u2019administraci\u00f3 local. Les fam\u00edlies trien, mitjan\u00e7ant votaci\u00f3, els seus representants quan es convoquen eleccions. \u00c9s molt important participar en aquestes eleccions i con\u00e8ixer les persones que es presenten perqu\u00e8 despr\u00e9s prendran decisions [&hellip;]<\/p>\n","protected":false},"author":1,"featured_media":0,"parent":1781,"menu_order":2,"comment_status":"closed","ping_status":"closed","template":"","meta":{"_bbp_topic_count":0,"_bbp_reply_count":0,"_bbp_total_topic_count":0,"_bbp_total_reply_count":0,"_bbp_voice_count":0,"_bbp_anonymous_reply_count":0,"_bbp_topic_count_hidden":0,"_bbp_reply_count_hidden":0,"_bbp_forum_subforum_count":0,"site-sidebar-layout":"default","site-content-layout":"","ast-site-content-layout":"","site-content-style":"default","site-sidebar-style":"default","ast-global-header-display":"","ast-banner-title-visibility":"","ast-main-header-display":"","ast-hfb-above-header-display":"","ast-hfb-below-header-display":"","ast-hfb-mobile-header-display":"","site-post-title":"","ast-breadcrumbs-content":"","ast-featured-img":"","footer-sml-layout":"","theme-transparent-header-meta":"","adv-header-id-meta":"","stick-header-meta":"","header-above-stick-meta":"","header-main-stick-meta":"","header-below-stick-meta":"","astra-migrate-meta-layouts":"default","ast-page-background-enabled":"default","ast-page-background-meta":{"desktop":{"background-color":"var(--ast-global-color-4)","background-image":"","background-repeat":"repeat","background-position":"center center","background-size":"auto","background-attachment":"scroll","background-type":"","background-media":"","overlay-type":"","overlay-color":"","overlay-opacity":"","overlay-gradient":""},"tablet":{"background-color":"","background-image":"","background-repeat":"repeat","background-position":"center center","background-size":"auto","background-attachment":"scroll","background-type":"","background-media":"","overlay-type":"","overlay-color":"","overlay-opacity":"","overlay-gradient":""},"mobile":{"background-color":"","background-image":"","background-repeat":"repeat","background-position":"center center","background-size":"auto","background-attachment":"scroll","background-type":"","background-media":"","overlay-type":"","overlay-color":"","overlay-opacity":"","overlay-gradient":""}},"ast-content-background-meta":{"desktop":{"background-color":"var(--ast-global-color-5)","background-image":"","background-repeat":"repeat","background-position":"center center","background-size":"auto","background-attachment":"scroll","background-type":"","background-media":"","overlay-type":"","overlay-color":"","overlay-opacity":"","overlay-gradient":""},"tablet":{"background-color":"var(--ast-global-color-5)","background-image":"","background-repeat":"repeat","background-position":"center center","background-size":"auto","background-attachment":"scroll","background-type":"","background-media":"","overlay-type":"","overlay-color":"","overlay-opacity":"","overlay-gradient":""},"mobile":{"background-color":"var(--ast-global-color-5)","background-image":"","background-repeat":"repeat","background-position":"center center","background-size":"auto","background-attachment":"scroll","background-type":"","background-media":"","overlay-type":"","overlay-color":"","overlay-opacity":"","overlay-gradient":""}},"footnotes":""},"class_list":["post-1784","page","type-page","status-publish","hentry"],"post_mailing_queue_ids":[],"_links":{"self":[{"href":"https:\/\/agora.xtec.cat\/ie-elpigros-santcebria\/wp-json\/wp\/v2\/pages\/1784","targetHints":{"allow":["GET"]}}],"collection":[{"href":"https:\/\/agora.xtec.cat\/ie-elpigros-santcebria\/wp-json\/wp\/v2\/pages"}],"about":[{"href":"https:\/\/agora.xtec.cat\/ie-elpigros-santcebria\/wp-json\/wp\/v2\/types\/page"}],"author":[{"embeddable":true,"href":"https:\/\/agora.xtec.cat\/ie-elpigros-santcebria\/wp-json\/wp\/v2\/users\/1"}],"replies":[{"embeddable":true,"href":"https:\/\/agora.xtec.cat\/ie-elpigros-santcebria\/wp-json\/wp\/v2\/comments?post=1784"}],"version-history":[{"count":6,"href":"https:\/\/agora.xtec.cat\/ie-elpigros-santcebria\/wp-json\/wp\/v2\/pages\/1784\/revisions"}],"predecessor-version":[{"id":3357,"href":"https:\/\/agora.xtec.cat\/ie-elpigros-santcebria\/wp-json\/wp\/v2\/pages\/1784\/revisions\/3357"}],"up":[{"embeddable":true,"href":"https:\/\/agora.xtec.cat\/ie-elpigros-santcebria\/wp-json\/wp\/v2\/pages\/1781"}],"wp:attachment":[{"href":"https:\/\/agora.xtec.cat\/ie-elpigros-santcebria\/wp-json\/wp\/v2\/media?parent=1784"}],"curies":[{"name":"wp","href":"https:\/\/api.w.org\/{rel}","templated":true}]}}