{"id":580,"date":"2020-07-09T20:30:40","date_gmt":"2020-07-09T18:30:40","guid":{"rendered":"https:\/\/agora.xtec.cat\/ie-elcabreres\/?page_id=580"},"modified":"2026-03-10T13:27:18","modified_gmt":"2026-03-10T12:27:18","slug":"lliure-circulacio","status":"publish","type":"page","link":"https:\/\/agora.xtec.cat\/ie-elcabreres\/projectes\/lliure-circulacio\/","title":{"rendered":"Espais d&#8217;aprenentatge: Ambients, Lliure circulaci\u00f3 i Optatives."},"content":{"rendered":"<p>El centre aposta per les metodologies innovadores amb l\u2019objectiu d\u2019oferir al nostre alumnat el m\u00e0xim d\u2019oportunitats d\u2019\u00e8xit. Els diferents espais d&#8217;aprenentatge permeten la personalitzaci\u00f3 de l\u2019aprenentatge, respecten els diferents ritmes de desenvolupament, alhora que afavoreixen l&#8217;autonomia dels infants i joves.<\/p>\n<h4><strong>Ambients a Infantil<\/strong><\/h4>\n<p><span style=\"font-weight: 400;\">Tres dies a la setmana, l\u2019alumnat de 3 a 5 anys s&#8217;organitzen per ambients d\u2019aprenentatge.<\/span><\/p>\n<p><span style=\"font-weight: 400;\">Es converteixen en el constructor del seu propi aprenentatge a partir del joc, la investigaci\u00f3 i les relacions amb els companys\/es, explorant amb llibertat segons els seus interessos i motivacions. S\u00f3n ells i elles qui prenen les decisions i cerquen les seves pr\u00f2pies estrat\u00e8gies per trobar les solucions davant de reptes i situacions que s\u2019anir\u00e0 trobant. L&#8217;adult es presenta com un guia i observador.<\/span><\/p>\n<p><span style=\"font-weight: 400;\">Algunes de les propostes que actualment troben s\u00f3n:\u00a0<\/span><\/p>\n<ul>\n<li style=\"font-weight: 400;\" aria-level=\"1\"><span style=\"font-weight: 400;\">Ambient cient\u00edfic<\/span><\/li>\n<li style=\"font-weight: 400;\" aria-level=\"1\"><span style=\"font-weight: 400;\">Ambient de manetes<\/span><\/li>\n<li style=\"font-weight: 400;\" aria-level=\"1\"><span style=\"font-weight: 400;\">Ambient art\u00edstic<\/span><\/li>\n<li style=\"font-weight: 400;\" aria-level=\"1\"><span style=\"font-weight: 400;\">Ambient de moviment<\/span><\/li>\n<\/ul>\n<p><i><span style=\"font-weight: 400;\">\u201cEls infants necessiten molta llibertat per indagar, provar, equivocar-se i corregir. Per triar on i amb qui volen invertir la seva curiositat, les seves emocions; per apreciar els infinits recursos de les mans, de la vista, de l\u2019o\u00efda, de les formes, dels sons dels colors.\u201d <\/span><\/i><span style=\"font-weight: 400;\">Loris Malaguzzi (2005)<\/span><\/p>\n<div>\r\n\t<div class=\"slideshow_container slideshow_container_style-light\" style=\"height: 300px; \" data-slideshow-id=\"8121\" data-style-name=\"style-light\" data-style-version=\"2.3.1\" >\r\n\r\n\t\t\t\t\t<div class=\"slideshow_loading_icon\"><\/div>\r\n\t\t\r\n\t\t<div class=\"slideshow_content\" style=\"display: none;\">\r\n\r\n\t\t\t<div class=\"slideshow_view\">\r\n\t\t\t\t<div class=\"slideshow_slide slideshow_slide_image\">\r\n\t\t\t\t\t\t\t\t\t\t\t<img src=\"https:\/\/agora.xtec.cat\/ie-elcabreres\/wp-content\/uploads\/usu2186\/2023\/03\/1666154561953.jpg\" alt=\"1666154561953\" width=\"1496\" height=\"2000\" \/>\r\n\t\t\t\t\t\t\t\t\t\t<div class=\"slideshow_description_box slideshow_transparent\">\r\n\t\t\t\t\t\t<div class=\"slideshow_title\">1666154561953<\/div>\t\t\t\t\t\t\t\t\t\t\t<\/div>\r\n\t\t\t\t<\/div>\r\n\r\n\t\t\t\t\t\t<div style=\"clear: both;\"><\/div><\/div><div class=\"slideshow_view\">\r\n\t\t\t\t<div class=\"slideshow_slide slideshow_slide_image\">\r\n\t\t\t\t\t\t\t\t\t\t\t<img src=\"https:\/\/agora.xtec.cat\/ie-elcabreres\/wp-content\/uploads\/usu2186\/2023\/03\/436bbcaf-66c1-4954-b916-4a0e0b3c9842.jpg\" alt=\"436bbcaf-66c1-4954-b916-4a0e0b3c9842\" width=\"768\" height=\"1024\" \/>\r\n\t\t\t\t\t\t\t\t\t\t<div class=\"slideshow_description_box slideshow_transparent\">\r\n\t\t\t\t\t\t<div class=\"slideshow_title\">436bbcaf-66c1-4954-b916-4a0e0b3c9842<\/div>\t\t\t\t\t\t\t\t\t\t\t<\/div>\r\n\t\t\t\t<\/div>\r\n\r\n\t\t\t\t\t\t<div style=\"clear: both;\"><\/div><\/div><div class=\"slideshow_view\">\r\n\t\t\t\t<div class=\"slideshow_slide slideshow_slide_image\">\r\n\t\t\t\t\t\t\t\t\t\t\t<img src=\"https:\/\/agora.xtec.cat\/ie-elcabreres\/wp-content\/uploads\/usu2186\/2023\/03\/1666154561963.jpg\" alt=\"1666154561963\" width=\"1496\" height=\"2000\" \/>\r\n\t\t\t\t\t\t\t\t\t\t<div class=\"slideshow_description_box slideshow_transparent\">\r\n\t\t\t\t\t\t<div class=\"slideshow_title\">1666154561963<\/div>\t\t\t\t\t\t\t\t\t\t\t<\/div>\r\n\t\t\t\t<\/div>\r\n\r\n\t\t\t\t\t\t<div style=\"clear: both;\"><\/div><\/div><div class=\"slideshow_view\">\r\n\t\t\t\t<div class=\"slideshow_slide slideshow_slide_image\">\r\n\t\t\t\t\t\t\t\t\t\t\t<img src=\"https:\/\/agora.xtec.cat\/ie-elcabreres\/wp-content\/uploads\/usu2186\/2023\/03\/IMG-20221011-WA0050-1-scaled.jpeg\" alt=\"IMG-20221011-WA0050\" width=\"1440\" height=\"2560\" \/>\r\n\t\t\t\t\t\t\t\t\t\t<div class=\"slideshow_description_box slideshow_transparent\">\r\n\t\t\t\t\t\t<div class=\"slideshow_title\">IMG-20221011-WA0050<\/div>\t\t\t\t\t\t\t\t\t\t\t<\/div>\r\n\t\t\t\t<\/div>\r\n\r\n\t\t\t\t\t\t<div style=\"clear: both;\"><\/div><\/div><div class=\"slideshow_view\">\r\n\t\t\t\t<div class=\"slideshow_slide slideshow_slide_image\">\r\n\t\t\t\t\t\t\t\t\t\t\t<img src=\"https:\/\/agora.xtec.cat\/ie-elcabreres\/wp-content\/uploads\/usu2186\/2023\/03\/PHOTO-2022-11-17-14-43-04.jpg\" alt=\"PHOTO-2022-11-17-14-43-04\" width=\"512\" height=\"384\" \/>\r\n\t\t\t\t\t\t\t\t\t\t<div class=\"slideshow_description_box slideshow_transparent\">\r\n\t\t\t\t\t\t<div class=\"slideshow_title\">PHOTO-2022-11-17-14-43-04<\/div>\t\t\t\t\t\t\t\t\t\t\t<\/div>\r\n\t\t\t\t<\/div>\r\n\r\n\t\t\t\t\t\t<div style=\"clear: both;\"><\/div><\/div><div class=\"slideshow_view\">\r\n\t\t\t\t<div class=\"slideshow_slide slideshow_slide_image\">\r\n\t\t\t\t\t\t\t\t\t\t\t<img src=\"https:\/\/agora.xtec.cat\/ie-elcabreres\/wp-content\/uploads\/usu2186\/2023\/03\/PHOTO-2022-11-03-18-01-01.jpg\" alt=\"PHOTO-2022-11-03-18-01-01\" width=\"512\" height=\"384\" \/>\r\n\t\t\t\t\t\t\t\t\t\t<div class=\"slideshow_description_box slideshow_transparent\">\r\n\t\t\t\t\t\t<div class=\"slideshow_title\">PHOTO-2022-11-03-18-01-01<\/div>\t\t\t\t\t\t\t\t\t\t\t<\/div>\r\n\t\t\t\t<\/div>\r\n\r\n\t\t\t\t\t\t<div style=\"clear: both;\"><\/div><\/div><div class=\"slideshow_view\">\r\n\t\t\t\t<div class=\"slideshow_slide slideshow_slide_image\">\r\n\t\t\t\t\t\t\t\t\t\t\t<img src=\"https:\/\/agora.xtec.cat\/ie-elcabreres\/wp-content\/uploads\/usu2186\/2023\/03\/PHOTO-2022-11-03-12-48-27.jpg\" alt=\"PHOTO-2022-11-03-12-48-27\" width=\"512\" height=\"384\" \/>\r\n\t\t\t\t\t\t\t\t\t\t<div class=\"slideshow_description_box slideshow_transparent\">\r\n\t\t\t\t\t\t<div class=\"slideshow_title\">PHOTO-2022-11-03-12-48-27<\/div>\t\t\t\t\t\t\t\t\t\t\t<\/div>\r\n\t\t\t\t<\/div>\r\n\r\n\t\t\t\t\t\t<div style=\"clear: both;\"><\/div><\/div><div class=\"slideshow_view\">\r\n\t\t\t\t<div class=\"slideshow_slide slideshow_slide_image\">\r\n\t\t\t\t\t\t\t\t\t\t\t<img src=\"https:\/\/agora.xtec.cat\/ie-elcabreres\/wp-content\/uploads\/usu2186\/2023\/03\/IMG-20221011-WA0050-scaled.jpeg\" alt=\"IMG-20221011-WA0050\" width=\"1440\" height=\"2560\" \/>\r\n\t\t\t\t\t\t\t\t\t\t<div class=\"slideshow_description_box slideshow_transparent\">\r\n\t\t\t\t\t\t<div class=\"slideshow_title\">IMG-20221011-WA0050<\/div>\t\t\t\t\t\t\t\t\t\t\t<\/div>\r\n\t\t\t\t<\/div>\r\n\r\n\t\t\t\t\t\t<div style=\"clear: both;\"><\/div><\/div>\r\n\t\t<\/div>\r\n\r\n\t\t<div class=\"slideshow_controlPanel slideshow_transparent\" style=\"display: none;\"><ul><li class=\"slideshow_togglePlay\" data-play-text=\"Visualitza\" data-pause-text=\"Pausa\"><\/li><\/ul><\/div>\r\n\r\n\t\t<div class=\"slideshow_button slideshow_previous slideshow_transparent\" role=\"button\" data-previous-text=\"Anterior\" style=\"display: none;\"><\/div>\r\n\t\t<div class=\"slideshow_button slideshow_next slideshow_transparent\" role=\"button\" data-next-text=\"Seg\u00fcent\" style=\"display: none;\"><\/div>\r\n\r\n\t\t<div class=\"slideshow_pagination\" style=\"display: none;\" data-go-to-text=\"V\u00e9s a la diapositiva\"><div class=\"slideshow_pagination_center\"><\/div><\/div>\r\n\r\n\t\t<!-- WordPress Slideshow Version 2.3.1 -->\r\n\r\n\t\t\t<\/div>\r\n\r\n<\/div>\n<h4><\/h4>\n<h4><strong>Lliure circulaci\u00f3 a Prim\u00e0ria<\/strong><\/h4>\n<p><span style=\"font-size: medium;\">L&#8217;alumnat de mitjans durant dues franges hor\u00e0ries i el de grans i joves una vegada a la setmana, realitzen propostes de lliure elecci\u00f3. \u00c9s una de les activitats en les quals apostem pels agrupaments flexibles, barrejant alumnat de les diferents edats.<\/span><\/p>\n<p><span style=\"font-size: medium;\"> Ells decideixen qu\u00e8 volen fer i escullen entre un ventall de propostes matem\u00e0tiques, art\u00edstiques i ling\u00fc\u00edstiques.<br \/>\n<\/span><\/p>\n<p><span style=\"font-size: medium;\">Es tracta d&#8217;una metodologia que complementa el treball dels diferents \u00e0mbits (matem\u00e0tic, ling\u00fc\u00edstic i art\u00edstic) i alhora pret\u00e9n col\u00b7laborar en l&#8217;assoliment dels seg\u00fcents objectius:<\/span><\/p>\n<ul>\n<li dir=\"ltr\">\n<p dir=\"ltr\"><span style=\"font-family: arial, sans-serif; font-size: medium;\">Fomentar la compet\u00e8ncia d\u2019Aprendre a aprendre de l\u2019alumnat tot incentivant la seva autonomia, iniciativa personal i autoregulaci\u00f3 dels seus aprenentatges.<\/span><\/p>\n<\/li>\n<li dir=\"ltr\">\n<p dir=\"ltr\"><span style=\"font-family: arial, sans-serif; font-size: medium;\">Respectar els ritmes de treball i d\u2019aprenentatge, donant una atenci\u00f3 m\u00e9s personalitzada a cada infant.<\/span><\/p>\n<\/li>\n<li dir=\"ltr\">\n<p dir=\"ltr\"><span style=\"font-family: arial, sans-serif; font-size: medium;\">Canviar din\u00e0miques enriquint-se del treball amb companys\/es de diferents edats.<\/span><\/p>\n<\/li>\n<li dir=\"ltr\">\n<p dir=\"ltr\"><span style=\"font-family: arial, sans-serif; font-size: medium;\">Fomentar el respecte vers els companys, materials i espais.<\/span><span style=\"font-family: arial, sans-serif; font-size: medium;\">\r\n\t<div class=\"slideshow_container slideshow_container_style-light\" style=\"height: 300px; \" data-slideshow-id=\"8117\" data-style-name=\"style-light\" data-style-version=\"2.3.1\" >\r\n\r\n\t\t\t\t\t<div class=\"slideshow_loading_icon\"><\/div>\r\n\t\t\r\n\t\t<div class=\"slideshow_content\" style=\"display: none;\">\r\n\r\n\t\t\t<div class=\"slideshow_view\">\r\n\t\t\t\t<div class=\"slideshow_slide slideshow_slide_image\">\r\n\t\t\t\t\t\t\t\t\t\t\t<img src=\"https:\/\/agora.xtec.cat\/ie-elcabreres\/wp-content\/uploads\/usu2186\/2023\/03\/1671801657477.jpg\" alt=\"1671801657477\" width=\"2040\" height=\"1536\" \/>\r\n\t\t\t\t\t\t\t\t\t\t<div class=\"slideshow_description_box slideshow_transparent\">\r\n\t\t\t\t\t\t<div class=\"slideshow_title\">1671801657477<\/div>\t\t\t\t\t\t\t\t\t\t\t<\/div>\r\n\t\t\t\t<\/div>\r\n\r\n\t\t\t\t\t\t<div style=\"clear: both;\"><\/div><\/div><div class=\"slideshow_view\">\r\n\t\t\t\t<div class=\"slideshow_slide slideshow_slide_image\">\r\n\t\t\t\t\t\t\t\t\t\t\t<img src=\"https:\/\/agora.xtec.cat\/ie-elcabreres\/wp-content\/uploads\/usu2186\/2023\/03\/IMG_20230113_153231-e1774356916748.jpg\" alt=\"IMG_20230113_153231\" width=\"2040\" height=\"1030\" \/>\r\n\t\t\t\t\t\t\t\t\t\t<div class=\"slideshow_description_box slideshow_transparent\">\r\n\t\t\t\t\t\t<div class=\"slideshow_title\">IMG_20230113_153231<\/div>\t\t\t\t\t\t\t\t\t\t\t<\/div>\r\n\t\t\t\t<\/div>\r\n\r\n\t\t\t\t\t\t<div style=\"clear: both;\"><\/div><\/div><div class=\"slideshow_view\">\r\n\t\t\t\t<div class=\"slideshow_slide slideshow_slide_image\">\r\n\t\t\t\t\t\t\t\t\t\t\t<img src=\"https:\/\/agora.xtec.cat\/ie-elcabreres\/wp-content\/uploads\/usu2186\/2023\/03\/20230302_152653.jpg\" alt=\"20230302_152653\" width=\"1302\" height=\"2312\" \/>\r\n\t\t\t\t\t\t\t\t\t\t<div class=\"slideshow_description_box slideshow_transparent\">\r\n\t\t\t\t\t\t<div class=\"slideshow_title\">20230302_152653<\/div>\t\t\t\t\t\t\t\t\t\t\t<\/div>\r\n\t\t\t\t<\/div>\r\n\r\n\t\t\t\t\t\t<div style=\"clear: both;\"><\/div><\/div><div class=\"slideshow_view\">\r\n\t\t\t\t<div class=\"slideshow_slide slideshow_slide_image\">\r\n\t\t\t\t\t\t\t\t\t\t\t<img src=\"https:\/\/agora.xtec.cat\/ie-elcabreres\/wp-content\/uploads\/usu2186\/2023\/03\/20230302_152657.jpg\" alt=\"20230302_152657\" width=\"1302\" height=\"2312\" \/>\r\n\t\t\t\t\t\t\t\t\t\t<div class=\"slideshow_description_box slideshow_transparent\">\r\n\t\t\t\t\t\t<div class=\"slideshow_title\">20230302_152657<\/div>\t\t\t\t\t\t\t\t\t\t\t<\/div>\r\n\t\t\t\t<\/div>\r\n\r\n\t\t\t\t\t\t<div style=\"clear: both;\"><\/div><\/div><div class=\"slideshow_view\">\r\n\t\t\t\t<div class=\"slideshow_slide slideshow_slide_image\">\r\n\t\t\t\t\t\t\t\t\t\t\t<img src=\"https:\/\/agora.xtec.cat\/ie-elcabreres\/wp-content\/uploads\/usu2186\/2023\/03\/IMG_20230113_153004-e1774357024767.jpg\" alt=\"IMG_20230113_153004\" width=\"2040\" height=\"928\" \/>\r\n\t\t\t\t\t\t\t\t\t\t<div class=\"slideshow_description_box slideshow_transparent\">\r\n\t\t\t\t\t\t<div class=\"slideshow_title\">IMG_20230113_153004<\/div>\t\t\t\t\t\t\t\t\t\t\t<\/div>\r\n\t\t\t\t<\/div>\r\n\r\n\t\t\t\t\t\t<div style=\"clear: both;\"><\/div><\/div><div class=\"slideshow_view\">\r\n\t\t\t\t<div class=\"slideshow_slide slideshow_slide_image\">\r\n\t\t\t\t\t\t\t\t\t\t\t<img src=\"https:\/\/agora.xtec.cat\/ie-elcabreres\/wp-content\/uploads\/usu2186\/2023\/03\/20230213_113906.jpg\" alt=\"20230213_113906\" width=\"2016\" height=\"1512\" \/>\r\n\t\t\t\t\t\t\t\t\t\t<div class=\"slideshow_description_box slideshow_transparent\">\r\n\t\t\t\t\t\t<div class=\"slideshow_title\">20230213_113906<\/div>\t\t\t\t\t\t\t\t\t\t\t<\/div>\r\n\t\t\t\t<\/div>\r\n\r\n\t\t\t\t\t\t<div style=\"clear: both;\"><\/div><\/div><div class=\"slideshow_view\">\r\n\t\t\t\t<div class=\"slideshow_slide slideshow_slide_image\">\r\n\t\t\t\t\t\t\t\t\t\t\t<img src=\"https:\/\/agora.xtec.cat\/ie-elcabreres\/wp-content\/uploads\/usu2186\/2023\/03\/20230213_113615.jpg\" alt=\"20230213_113615\" width=\"1512\" height=\"2016\" \/>\r\n\t\t\t\t\t\t\t\t\t\t<div class=\"slideshow_description_box slideshow_transparent\">\r\n\t\t\t\t\t\t<div class=\"slideshow_title\">20230213_113615<\/div>\t\t\t\t\t\t\t\t\t\t\t<\/div>\r\n\t\t\t\t<\/div>\r\n\r\n\t\t\t\t\t\t<div style=\"clear: both;\"><\/div><\/div><div class=\"slideshow_view\">\r\n\t\t\t\t<div class=\"slideshow_slide slideshow_slide_image\">\r\n\t\t\t\t\t\t\t\t\t\t\t<img src=\"https:\/\/agora.xtec.cat\/ie-elcabreres\/wp-content\/uploads\/usu2186\/2023\/03\/20230302_161756.jpg\" alt=\"20230302_161756\" width=\"1302\" height=\"2312\" \/>\r\n\t\t\t\t\t\t\t\t\t\t<div class=\"slideshow_description_box slideshow_transparent\">\r\n\t\t\t\t\t\t<div class=\"slideshow_title\">20230302_161756<\/div>\t\t\t\t\t\t\t\t\t\t\t<\/div>\r\n\t\t\t\t<\/div>\r\n\r\n\t\t\t\t\t\t<div style=\"clear: both;\"><\/div><\/div>\r\n\t\t<\/div>\r\n\r\n\t\t<div class=\"slideshow_controlPanel slideshow_transparent\" style=\"display: none;\"><ul><li class=\"slideshow_togglePlay\" data-play-text=\"Visualitza\" data-pause-text=\"Pausa\"><\/li><\/ul><\/div>\r\n\r\n\t\t<div class=\"slideshow_button slideshow_previous slideshow_transparent\" role=\"button\" data-previous-text=\"Anterior\" style=\"display: none;\"><\/div>\r\n\t\t<div class=\"slideshow_button slideshow_next slideshow_transparent\" role=\"button\" data-next-text=\"Seg\u00fcent\" style=\"display: none;\"><\/div>\r\n\r\n\t\t<div class=\"slideshow_pagination\" style=\"display: none;\" data-go-to-text=\"V\u00e9s a la diapositiva\"><div class=\"slideshow_pagination_center\"><\/div><\/div>\r\n\r\n\t\t<!-- WordPress Slideshow Version 2.3.1 -->\r\n\r\n\t\t\t<\/div>\r\n\r\n<\/span><\/p>\n<\/li>\n<\/ul>\n<p>&nbsp;<\/p>\n<h4><strong>Optatives<\/strong><\/h4>\n<p>La franja d\u2019optatives \u00e9s compartida entre l\u2019alumnat de 6\u00e8 i 1r d\u2019ESO. Aquesta franja es desenvolupa durant dues hores setmanals, l&#8217;alumnat ha d&#8217;escollir dues optatives una es desenvolupar\u00e0 durant el primer quadrimestre, i una altra, al segon quadrimestre.<\/p>\n<p>Aquest curs l&#8217;oferta d&#8217;optatives ha estat:<\/p>\n<p><span style=\"text-decoration: underline;\">Franc\u00e8s:<\/span> introducci\u00f3 al franc\u00e8s. Tenen l\u2019oportunitat de con\u00e8ixer una altra llengua europea molt propera, la qual els servir\u00e0 en un futur, tant a nivell personal com professional.<\/p>\n<p><span style=\"text-decoration: underline;\">R\u00e0dio:<\/span> l\u2019objectiu \u00e9s que, per grups, creen i dissenyen el seu propi programa de r\u00e0dio i\/o de podcasts a partir de models i exemples. L\u2019optativa persegueix la millora de la compet\u00e8ncia oral i escrita, les estrat\u00e8gies de comunicaci\u00f3 i ling\u00fc\u00edstiques, aix\u00ed com la compet\u00e8ncia digital. Es treballa a partir de diferents estrat\u00e8gies i recursos digitals per poder produir missatges orals i programes radiof\u00f2nics.<\/p>\n<p><span style=\"text-decoration: underline;\">Moviment i escena:<\/span> en aquesta optativa es treballen diferents maneres d\u2019expressar i comunicar pensaments, sentiments, emocions i idees a trav\u00e9s de diferents t\u00e8cniques i habilitats. Per a fer-ho, duem a terme activitats de treball dram\u00e0tic, musical i d\u2019expressi\u00f3 corporal. D\u2019aquesta manera, es desenvolupen estrat\u00e8gies per tal de v\u00e8ncer la vergonya, expressar-se davant d\u2019un p\u00fablic, con\u00e8ixer i representar diferents emocions i sentiments amb el cos, entre d\u2019altres.<\/p>\n<p><span style=\"text-decoration: underline;\">Sketchup:<\/span> \u00e9s un programa de disseny gr\u00e0fic i modelat en tres dimensions (3D), que serveix, no nom\u00e9s per desenvolupar compet\u00e8ncies digitals, sin\u00f3 tamb\u00e9 per treballar la creativitat en el disseny de les diferents propostes i consolidar molts continguts matem\u00e0tics.<\/p>\n","protected":false},"excerpt":{"rendered":"<p>El centre aposta per les metodologies innovadores amb l\u2019objectiu d\u2019oferir al nostre alumnat el m\u00e0xim d\u2019oportunitats d\u2019\u00e8xit. Els diferents espais d&#8217;aprenentatge permeten la personalitzaci\u00f3 de l\u2019aprenentatge, respecten els diferents ritmes de desenvolupament, alhora que afavoreixen l&#8217;autonomia dels infants i joves. Ambients a Infantil Tres dies a la setmana, l\u2019alumnat de 3 a 5 anys s&#8217;organitzen [&hellip;]<\/p>\n","protected":false},"author":4,"featured_media":0,"parent":566,"menu_order":2,"comment_status":"closed","ping_status":"closed","template":"","meta":{"_bbp_topic_count":0,"_bbp_reply_count":0,"_bbp_total_topic_count":0,"_bbp_total_reply_count":0,"_bbp_voice_count":0,"_bbp_anonymous_reply_count":0,"_bbp_topic_count_hidden":0,"_bbp_reply_count_hidden":0,"_bbp_forum_subforum_count":0,"site-sidebar-layout":"default","site-content-layout":"","ast-site-content-layout":"default","site-content-style":"default","site-sidebar-style":"default","ast-global-header-display":"","ast-banner-title-visibility":"","ast-main-header-display":"","ast-hfb-above-header-display":"","ast-hfb-below-header-display":"","ast-hfb-mobile-header-display":"","site-post-title":"","ast-breadcrumbs-content":"","ast-featured-img":"","footer-sml-layout":"","theme-transparent-header-meta":"default","adv-header-id-meta":"","stick-header-meta":"","header-above-stick-meta":"","header-main-stick-meta":"","header-below-stick-meta":"","astra-migrate-meta-layouts":"set","ast-page-background-enabled":"default","ast-page-background-meta":{"desktop":{"background-color":"var(--ast-global-color-4)","background-image":"","background-repeat":"repeat","background-position":"center center","background-size":"auto","background-attachment":"scroll","background-type":"","background-media":"","overlay-type":"","overlay-color":"","overlay-opacity":"","overlay-gradient":""},"tablet":{"background-color":"","background-image":"","background-repeat":"repeat","background-position":"center center","background-size":"auto","background-attachment":"scroll","background-type":"","background-media":"","overlay-type":"","overlay-color":"","overlay-opacity":"","overlay-gradient":""},"mobile":{"background-color":"","background-image":"","background-repeat":"repeat","background-position":"center center","background-size":"auto","background-attachment":"scroll","background-type":"","background-media":"","overlay-type":"","overlay-color":"","overlay-opacity":"","overlay-gradient":""}},"ast-content-background-meta":{"desktop":{"background-color":"var(--ast-global-color-5)","background-image":"","background-repeat":"repeat","background-position":"center center","background-size":"auto","background-attachment":"scroll","background-type":"","background-media":"","overlay-type":"","overlay-color":"","overlay-opacity":"","overlay-gradient":""},"tablet":{"background-color":"var(--ast-global-color-5)","background-image":"","background-repeat":"repeat","background-position":"center center","background-size":"auto","background-attachment":"scroll","background-type":"","background-media":"","overlay-type":"","overlay-color":"","overlay-opacity":"","overlay-gradient":""},"mobile":{"background-color":"var(--ast-global-color-5)","background-image":"","background-repeat":"repeat","background-position":"center center","background-size":"auto","background-attachment":"scroll","background-type":"","background-media":"","overlay-type":"","overlay-color":"","overlay-opacity":"","overlay-gradient":""}},"footnotes":""},"class_list":["post-580","page","type-page","status-publish","hentry"],"post_mailing_queue_ids":[],"_links":{"self":[{"href":"https:\/\/agora.xtec.cat\/ie-elcabreres\/wp-json\/wp\/v2\/pages\/580","targetHints":{"allow":["GET"]}}],"collection":[{"href":"https:\/\/agora.xtec.cat\/ie-elcabreres\/wp-json\/wp\/v2\/pages"}],"about":[{"href":"https:\/\/agora.xtec.cat\/ie-elcabreres\/wp-json\/wp\/v2\/types\/page"}],"author":[{"embeddable":true,"href":"https:\/\/agora.xtec.cat\/ie-elcabreres\/wp-json\/wp\/v2\/users\/4"}],"replies":[{"embeddable":true,"href":"https:\/\/agora.xtec.cat\/ie-elcabreres\/wp-json\/wp\/v2\/comments?post=580"}],"version-history":[{"count":7,"href":"https:\/\/agora.xtec.cat\/ie-elcabreres\/wp-json\/wp\/v2\/pages\/580\/revisions"}],"predecessor-version":[{"id":12940,"href":"https:\/\/agora.xtec.cat\/ie-elcabreres\/wp-json\/wp\/v2\/pages\/580\/revisions\/12940"}],"up":[{"embeddable":true,"href":"https:\/\/agora.xtec.cat\/ie-elcabreres\/wp-json\/wp\/v2\/pages\/566"}],"wp:attachment":[{"href":"https:\/\/agora.xtec.cat\/ie-elcabreres\/wp-json\/wp\/v2\/media?parent=580"}],"curies":[{"name":"wp","href":"https:\/\/api.w.org\/{rel}","templated":true}]}}