{"id":522,"date":"2020-07-06T12:34:56","date_gmt":"2020-07-06T10:34:56","guid":{"rendered":"https:\/\/agora.xtec.cat\/ie-elcabreres\/?page_id=522"},"modified":"2024-01-23T13:56:36","modified_gmt":"2024-01-23T12:56:36","slug":"projecte-de-direccio","status":"publish","type":"page","link":"https:\/\/agora.xtec.cat\/ie-elcabreres\/projecte-educatiu\/projecte-de-direccio\/","title":{"rendered":"Projecte de direcci\u00f3"},"content":{"rendered":"<p><span style=\"font-weight: 400;\">Compartim un objectiu com\u00fa; <\/span><b>oferir oportunitats d\u2019aprenentatge per tothom<\/b><span style=\"font-weight: 400;\">.\u00a0<\/span><\/p>\n<p><span style=\"font-weight: 400;\">Volem fer cr\u00e9ixer un centre per tothom i on es garanteixi l\u2019equitat i la igualtat d\u2019oportunitats per a l\u2019\u00e8xit educatiu. Tenim l\u2019enc\u00e0rrec de fer cr\u00e9ixer el projecte d\u2019Institut Escola progressivament durant el nostre mandat, creant teixit i vincles entre els nostres alumnes des dels 3 als 16 anys i contribuir en el seu desenvolupament integral. El comprom\u00eds d\u2019una d\u2019educaci\u00f3 activa.<\/span><\/p>\n<p><span style=\"font-weight: 400;\">Volem un Institut Escola on tot l\u2019alumnat pugui participar i aprendre. Un proc\u00e9s de millora constant en el qual s\u2019hi ha d&#8217;involucrar tota la comunitat educativa.<\/span><\/p>\n<p><span style=\"font-weight: 400;\">Els <\/span><b>principis pedag\u00f2gics<\/b><span style=\"font-weight: 400;\"> del nostre PdD es fonamenten en els 7 principis de l\u2019aprenentatge de l\u2019OCDE (Centre for Educational Research and Innovation) publicats <\/span><span style=\"font-weight: 400;\">a <\/span><b>\u201c<\/b><a href=\"http:\/\/www.oecd.org\/education\/ceri\/50300814.pdf\"><span style=\"font-weight: 400;\">The nature of learning: using research to inspire practice<\/span><\/a><b>, 2010\u201d<\/b><span style=\"font-weight: 400;\">:<\/span><\/p>\n<ul>\n<li style=\"font-weight: 400;\" aria-level=\"1\"><i><span style=\"font-weight: 400;\">Els nois i noies s\u00f3n el centre de l\u2019aprenentatge<\/span><\/i><span style=\"font-weight: 400;\">. L\u2019alumnat \u00e9s el protagonista en la construcci\u00f3 del seu propi coneixement.\u00a0<\/span><\/li>\n<li style=\"font-weight: 400;\" aria-level=\"1\"><i><span style=\"font-weight: 400;\">L\u2019aprenentatge \u00e9s de naturalesa social<\/span><\/i><span style=\"font-weight: 400;\">. La interacci\u00f3, el di\u00e0leg, la cooperaci\u00f3, la corresponsabilitat\u2026 s\u00f3n elements claus per a aprofundir en els sabers.<\/span><\/li>\n<li style=\"font-weight: 400;\" aria-level=\"1\"><i><span style=\"font-weight: 400;\">Les emocions s\u00f3n part integral de l\u2019aprenentatge<\/span><\/i><span style=\"font-weight: 400;\">. Tot aprenentatge ha d\u2019estar lligat a la part emocional perqu\u00e8 siguin aprenentatges significatius i duradors.<\/span><\/li>\n<li style=\"font-weight: 400;\" aria-level=\"1\"><i><span style=\"font-weight: 400;\">L\u2019aprenentatge ha de tenir en compte les difer\u00e8ncies individuals. <\/span><\/i><span style=\"font-weight: 400;\">Oportunitats d\u2019aprenentatge per tothom i afavorir la personalitzaci\u00f3 d\u2019aquest.<\/span><\/li>\n<li style=\"font-weight: 400;\" aria-level=\"1\"><i><span style=\"font-weight: 400;\">L\u2019esfor\u00e7 \u00e9s la clau de l\u2019aprenentatge.<\/span><\/i><span style=\"font-weight: 400;\"> Afany de superaci\u00f3 sense c\u00e0rrega.<\/span><\/li>\n<li style=\"font-weight: 400;\" aria-level=\"1\"><i><span style=\"font-weight: 400;\">Avaluaci\u00f3 continuada per afavorir l\u2019aprenentatge.<\/span><\/i><span style=\"font-weight: 400;\"> Amb feedback per poder avan\u00e7ar.<\/span><\/li>\n<li style=\"font-weight: 400;\" aria-level=\"1\"><i><span style=\"font-weight: 400;\">Aprendre amb la construcci\u00f3 de connexions horitzontals<\/span><\/i><span style=\"font-weight: 400;\">. Tenint en compte els seus coneixements previs.<\/span><\/li>\n<\/ul>\n<p><span style=\"font-weight: 400;\">La nostra intenci\u00f3 \u00e9s <\/span><b>seguir avan\u00e7ant amb el canvi metodol\u00f2gic<\/b><span style=\"font-weight: 400;\">. Volem donar continu\u00eftat als projectes d\u2019\u00e8xit del centre i consolidar els iniciats en els darrers anys a l\u2019educaci\u00f3 Infantil i Prim\u00e0ria, com s\u00f3n el <\/span><b>treball per ambients i els espais de lliure circulaci\u00f3.<\/b><span style=\"font-weight: 400;\"> Metodologies en les que l\u2019esfor\u00e7 personal en sigui una eina vital, prenent especial rellev\u00e0ncia el <\/span><b>treball per projectes<\/b><span style=\"font-weight: 400;\"> i els <\/span><b>agrupaments flexibles i el treball cooperatiu.<\/b><span style=\"font-weight: 400;\"> Potenciant la <\/span><b>participaci\u00f3 equitativa<\/b><span style=\"font-weight: 400;\"> de tot l\u2019alumnat, treballant la seva autoconfian\u00e7a, el <\/span><b>lideratge compartit<\/b><span style=\"font-weight: 400;\"> i la <\/span><b>responsabilitat individual<\/b><span style=\"font-weight: 400;\">. La cooperaci\u00f3 i l\u2019ajuda m\u00fatua possibiliten l\u2019assoliment de cotes m\u00e9s altes en l\u2019aprenentatge, i els ha de permetre aprendre m\u00e9s coses i aprendre-les millor.<\/span><\/p>\n<p><span style=\"font-weight: 400;\">Aquests aprenentatges aniran acompanyants amb eines que permetin <\/span><b>la reflexi\u00f3<\/b><span style=\"font-weight: 400;\">, <\/span><b>el debat<\/b><span style=\"font-weight: 400;\"> i <\/span><b>ser conscients del propi proc\u00e9s d\u2019aprenentatge<\/b><span style=\"font-weight: 400;\">.\u00a0<\/span><\/p>\n<p><span style=\"font-weight: 400;\">Volem educar <\/span><b>persones creatives<\/b><span style=\"font-weight: 400;\">, sense por a equivocar-se, capaces de veure la realitat amb una mirada oberta i saber-li donar respostes de manera diferent. Una creativitat treballada en tots els seus llenguatges (pl\u00e0stics, orals, musicals, escrits\u2026) per a la millora de l\u2019aprenentatge global.<\/span><\/p>\n<p><a href=\"https:\/\/agora.xtec.cat\/ie-elcabreres\/wp-content\/uploads\/usu2186\/2023\/03\/Captura2.jpg\"><img loading=\"lazy\" decoding=\"async\" class=\"size-large wp-image-8087 aligncenter\" src=\"https:\/\/agora.xtec.cat\/ie-elcabreres\/wp-content\/uploads\/usu2186\/2023\/03\/Captura2.jpg\" alt=\"\" width=\"426\" height=\"252\" srcset=\"https:\/\/agora.xtec.cat\/ie-elcabreres\/wp-content\/uploads\/usu2186\/2023\/03\/Captura2.jpg 426w, https:\/\/agora.xtec.cat\/ie-elcabreres\/wp-content\/uploads\/usu2186\/2023\/03\/Captura2-300x177.jpg 300w\" sizes=\"auto, (max-width: 426px) 100vw, 426px\" \/><\/a><\/p>\n<p><span style=\"font-weight: 400;\">Tal i com ens marca el nou curr\u00edculum, centrarem la nostra tasca tenint en compte els 6 vectors de l\u2019educaci\u00f3 b\u00e0sica:<\/span><\/p>\n<ol>\n<li style=\"font-weight: 400;\" aria-level=\"1\"><span style=\"font-weight: 400;\">Oferir<\/span><b> aprenentatges competencials, funcionals i significatius<\/b><span style=\"font-weight: 400;\"> que perduren al llarg del temps i es poden utilitzar en entorns diferents, permetent resoldre problemes en tot tipus de context.<\/span><\/li>\n<li style=\"font-weight: 400;\" aria-level=\"1\"><span style=\"font-weight: 400;\">Treballar la<\/span><b> coeducaci\u00f3<\/b><span style=\"font-weight: 400;\"> per fer efectiva l\u2019educaci\u00f3 integral de les persones, trencant\u00a0 amb els estereotips de g\u00e8nere, les desigualtats i discriminacions per ra\u00f3 de sexe.<\/span><\/li>\n<li style=\"font-weight: 400;\" aria-level=\"1\"><span style=\"font-weight: 400;\">Incorporar el disseny universal i <\/span><b>la personalitzaci\u00f3 dels aprenentatge<\/b><span style=\"font-weight: 400;\">s per a l\u2019equitat educativa.\u00a0<\/span><\/li>\n<li style=\"font-weight: 400;\" aria-level=\"1\"><span style=\"font-weight: 400;\">Oferir <\/span><b>qualitat en l\u2019educaci\u00f3 de les lleng\u00fces,<\/b><span style=\"font-weight: 400;\"> comprendre la realitat, expressar el pensament, raonar i compartir el coneixement de manera oberta i respectuosa per aprendre a relacionar-nos amb els altres en un context pluriling\u00fce i intercultural.<\/span><\/li>\n<li style=\"font-weight: 400;\" aria-level=\"1\"><span style=\"font-weight: 400;\">Promoure<\/span><b> la ciutadania democr\u00e0tica i la consci\u00e8ncia global<\/b><span style=\"font-weight: 400;\"> amb voluntat d\u2019educar <\/span><b>persones cr\u00edtiques i compromeses<\/b><span style=\"font-weight: 400;\"> en la millora del seu entorn des d\u2019una consci\u00e8ncia local\/global i assolir una societat m\u00e9s justa, democr\u00e0tica i equitativa. Persones capaces de promoure canvis i afrontar els reptes que impliqui, preparades per treballar en equip amb respecte i actitud constructiva.<\/span><\/li>\n<li style=\"font-weight: 400;\" aria-level=\"1\"><span style=\"font-weight: 400;\">Vetllar pel <\/span><b>benestar emocional<\/b><span style=\"font-weight: 400;\"> dels nostres alumnes (sentir-se b\u00e9, en harmonia i amb tranquil\u00b7litat) per a fer front a les dificultats i superar-les. <a href=\"https:\/\/agora.xtec.cat\/ie-elcabreres\/wp-content\/uploads\/usu2186\/2023\/03\/Captura-1.jpg\"><img loading=\"lazy\" decoding=\"async\" class=\"size-full wp-image-8086 aligncenter\" src=\"https:\/\/agora.xtec.cat\/ie-elcabreres\/wp-content\/uploads\/usu2186\/2023\/03\/Captura-1.jpg\" alt=\"\" width=\"392\" height=\"372\" srcset=\"https:\/\/agora.xtec.cat\/ie-elcabreres\/wp-content\/uploads\/usu2186\/2023\/03\/Captura-1.jpg 392w, https:\/\/agora.xtec.cat\/ie-elcabreres\/wp-content\/uploads\/usu2186\/2023\/03\/Captura-1-300x285.jpg 300w\" sizes=\"auto, (max-width: 392px) 100vw, 392px\" \/><\/a><\/span><\/li>\n<\/ol>\n<p><iframe loading=\"lazy\" src=\"https:\/\/drive.google.com\/file\/d\/1yktFpGUem_QKQXLyPr1FlZn5DRFPs1V5\/preview\" width=\"480\" height=\"700\"><\/iframe><\/p>\n","protected":false},"excerpt":{"rendered":"<p>Compartim un objectiu com\u00fa; oferir oportunitats d\u2019aprenentatge per tothom.\u00a0 Volem fer cr\u00e9ixer un centre per tothom i on es garanteixi l\u2019equitat i la igualtat d\u2019oportunitats per a l\u2019\u00e8xit educatiu. Tenim l\u2019enc\u00e0rrec de fer cr\u00e9ixer el projecte d\u2019Institut Escola progressivament durant el nostre mandat, creant teixit i vincles entre els nostres alumnes des dels 3 als [&hellip;]<\/p>\n","protected":false},"author":4,"featured_media":0,"parent":64,"menu_order":20,"comment_status":"closed","ping_status":"closed","template":"page-templates\/side-menu.php","meta":{"_bbp_topic_count":0,"_bbp_reply_count":0,"_bbp_total_topic_count":0,"_bbp_total_reply_count":0,"_bbp_voice_count":0,"_bbp_anonymous_reply_count":0,"_bbp_topic_count_hidden":0,"_bbp_reply_count_hidden":0,"_bbp_forum_subforum_count":0,"site-sidebar-layout":"default","site-content-layout":"","ast-site-content-layout":"","site-content-style":"default","site-sidebar-style":"default","ast-global-header-display":"","ast-banner-title-visibility":"","ast-main-header-display":"","ast-hfb-above-header-display":"","ast-hfb-below-header-display":"","ast-hfb-mobile-header-display":"","site-post-title":"","ast-breadcrumbs-content":"","ast-featured-img":"","footer-sml-layout":"","theme-transparent-header-meta":"","adv-header-id-meta":"","stick-header-meta":"","header-above-stick-meta":"","header-main-stick-meta":"","header-below-stick-meta":"","astra-migrate-meta-layouts":"default","ast-page-background-enabled":"default","ast-page-background-meta":{"desktop":{"background-color":"var(--ast-global-color-4)","background-image":"","background-repeat":"repeat","background-position":"center center","background-size":"auto","background-attachment":"scroll","background-type":"","background-media":"","overlay-type":"","overlay-color":"","overlay-opacity":"","overlay-gradient":""},"tablet":{"background-color":"","background-image":"","background-repeat":"repeat","background-position":"center center","background-size":"auto","background-attachment":"scroll","background-type":"","background-media":"","overlay-type":"","overlay-color":"","overlay-opacity":"","overlay-gradient":""},"mobile":{"background-color":"","background-image":"","background-repeat":"repeat","background-position":"center center","background-size":"auto","background-attachment":"scroll","background-type":"","background-media":"","overlay-type":"","overlay-color":"","overlay-opacity":"","overlay-gradient":""}},"ast-content-background-meta":{"desktop":{"background-color":"var(--ast-global-color-5)","background-image":"","background-repeat":"repeat","background-position":"center center","background-size":"auto","background-attachment":"scroll","background-type":"","background-media":"","overlay-type":"","overlay-color":"","overlay-opacity":"","overlay-gradient":""},"tablet":{"background-color":"var(--ast-global-color-5)","background-image":"","background-repeat":"repeat","background-position":"center center","background-size":"auto","background-attachment":"scroll","background-type":"","background-media":"","overlay-type":"","overlay-color":"","overlay-opacity":"","overlay-gradient":""},"mobile":{"background-color":"var(--ast-global-color-5)","background-image":"","background-repeat":"repeat","background-position":"center center","background-size":"auto","background-attachment":"scroll","background-type":"","background-media":"","overlay-type":"","overlay-color":"","overlay-opacity":"","overlay-gradient":""}},"footnotes":""},"class_list":["post-522","page","type-page","status-publish","hentry"],"post_mailing_queue_ids":[],"_links":{"self":[{"href":"https:\/\/agora.xtec.cat\/ie-elcabreres\/wp-json\/wp\/v2\/pages\/522","targetHints":{"allow":["GET"]}}],"collection":[{"href":"https:\/\/agora.xtec.cat\/ie-elcabreres\/wp-json\/wp\/v2\/pages"}],"about":[{"href":"https:\/\/agora.xtec.cat\/ie-elcabreres\/wp-json\/wp\/v2\/types\/page"}],"author":[{"embeddable":true,"href":"https:\/\/agora.xtec.cat\/ie-elcabreres\/wp-json\/wp\/v2\/users\/4"}],"replies":[{"embeddable":true,"href":"https:\/\/agora.xtec.cat\/ie-elcabreres\/wp-json\/wp\/v2\/comments?post=522"}],"version-history":[{"count":6,"href":"https:\/\/agora.xtec.cat\/ie-elcabreres\/wp-json\/wp\/v2\/pages\/522\/revisions"}],"predecessor-version":[{"id":9718,"href":"https:\/\/agora.xtec.cat\/ie-elcabreres\/wp-json\/wp\/v2\/pages\/522\/revisions\/9718"}],"up":[{"embeddable":true,"href":"https:\/\/agora.xtec.cat\/ie-elcabreres\/wp-json\/wp\/v2\/pages\/64"}],"wp:attachment":[{"href":"https:\/\/agora.xtec.cat\/ie-elcabreres\/wp-json\/wp\/v2\/media?parent=522"}],"curies":[{"name":"wp","href":"https:\/\/api.w.org\/{rel}","templated":true}]}}