{"id":502,"date":"2020-07-06T12:20:47","date_gmt":"2020-07-06T10:20:47","guid":{"rendered":"https:\/\/agora.xtec.cat\/ie-elcabreres\/?page_id=502"},"modified":"2025-09-23T13:44:48","modified_gmt":"2025-09-23T11:44:48","slug":"equip-del-centre","status":"publish","type":"page","link":"https:\/\/agora.xtec.cat\/ie-elcabreres\/lescola\/qui-som\/equip-del-centre\/","title":{"rendered":"Equip del centre"},"content":{"rendered":"<p>&nbsp;<\/p>\n<table style=\"width: 56.8018%; border-style: hidden; border-color: #faf7f7; height: 169px;\">\n<tbody>\n<tr style=\"height: 31px;\">\n<td style=\"width: 46.0437%; border-style: hidden; height: 31px;\"><strong>EQUIP DIRECTIU<\/strong><\/td>\n<td style=\"width: 66.9046%; border-style: hidden; height: 31px;\"><\/td>\n<\/tr>\n<tr style=\"height: 31px;\">\n<td style=\"width: 46.0437%; border-style: hidden; height: 63px;\">Direcci\u00f3<\/td>\n<td style=\"width: 66.9046%; border-style: hidden; height: 63px;\">Esther Dalmau Palomar<\/td>\n<\/tr>\n<tr style=\"height: 31px;\">\n<td style=\"width: 46.0437%; border-style: hidden; height: 10px;\">Cap d&#8217;estudis<\/td>\n<td style=\"width: 66.9046%; border-style: hidden; height: 10px;\"><span style=\"background-color: #f9f9f9;\">Ia Camps Canela<\/span><\/td>\n<\/tr>\n<tr style=\"height: 55px;\">\n<td style=\"width: 46.0437%; border-style: hidden; height: 55px;\"><span style=\"background-color: #ffffff;\">Coordinadora pedag\u00f2gica<\/span><\/td>\n<td style=\"width: 66.9046%; border-style: hidden; height: 55px;\"><span style=\"background-color: #f9f9f9;\"><span style=\"background-color: #ffffff;\">Cristina Bertran Prat<\/span><br \/>\n<\/span><\/td>\n<\/tr>\n<tr style=\"height: 31px;\">\n<td style=\"width: 46.0437%; border-style: hidden; height: 10px;\">Secret\u00e0ria<\/td>\n<td style=\"width: 66.9046%; border-style: hidden; height: 10px;\">Mireia Mota Canals<\/td>\n<\/tr>\n<\/tbody>\n<\/table>\n<p>&nbsp;<\/p>\n<table style=\"height: 635px; width: 69.32%; border-style: hidden;\" width=\"411\">\n<tbody>\n<tr style=\"height: 31px;\">\n<td style=\"width: 38.6859%; border-style: hidden; height: 31px;\"><strong>GRUPS DE REFER\u00c8NCIA<\/strong><\/td>\n<td style=\"width: 95.9921%; border-style: hidden; height: 31px;\"><\/td>\n<\/tr>\n<tr style=\"height: 31px;\">\n<td style=\"width: 38.6859%; border-style: hidden; height: 31px;\">Infantil &#8211; 1<\/td>\n<td style=\"width: 95.9921%; border-style: hidden; height: 31px;\"><span style=\"background-color: #ffffff;\">Neus L\u00f3pez Cucala\u00a0<\/span><\/td>\n<\/tr>\n<tr style=\"height: 31px;\">\n<td style=\"width: 38.6859%; border-style: hidden; height: 31px;\">Infantil &#8211; 2<\/td>\n<td style=\"width: 95.9921%; border-style: hidden; height: 31px;\">Imma Terricabras Jutglar<\/td>\n<\/tr>\n<tr style=\"height: 31px;\">\n<td style=\"width: 38.6859%; border-style: hidden; height: 31px;\">Infantil &#8211; 3<\/td>\n<td style=\"width: 95.9921%; border-style: hidden; height: 31px;\">Anna Vilaregut Matavacas<\/td>\n<\/tr>\n<tr style=\"height: 31px;\">\n<td style=\"width: 38.6859%; border-style: hidden; height: 31px;\">Codoc\u00e8ncia a Petits<\/td>\n<td style=\"width: 95.9921%; border-style: hidden; height: 31px;\">\u013angrid Colom Garcia \/ Maria Alonso Masanas<\/td>\n<\/tr>\n<tr style=\"height: 31px;\">\n<td style=\"width: 38.6859%; border-style: hidden; height: 31px;\">Primer<\/td>\n<td style=\"width: 95.9921%; border-style: hidden; height: 31px;\">M\u00f2nica Pons Camps<\/td>\n<\/tr>\n<tr style=\"height: 31px;\">\n<td style=\"width: 38.6859%; border-style: hidden; height: 31px;\">Segon<\/td>\n<td style=\"width: 95.9921%; border-style: hidden; height: 31px;\">Mireia Font Prat<\/td>\n<\/tr>\n<tr style=\"height: 31px;\">\n<td style=\"width: 38.6859%; border-style: hidden; height: 31px;\">Tercer<\/td>\n<td style=\"width: 95.9921%; border-style: hidden; height: 31px;\">Oriol Cirera Vall<\/td>\n<\/tr>\n<tr style=\"height: 31px;\">\n<td style=\"width: 38.6859%; border-style: hidden; height: 31px;\">Codoc\u00e8ncia a Mitjans<\/td>\n<td style=\"width: 95.9921%; border-style: hidden; height: 31px;\">Mireia Mota Canals \/ Esther Dalmau Palomar<\/td>\n<\/tr>\n<tr style=\"height: 31px;\">\n<td style=\"width: 38.6859%; border-style: hidden; height: 31px;\">Quart<\/td>\n<td style=\"width: 95.9921%; border-style: hidden; height: 31px;\">Sara Escuchas Abajo<\/td>\n<\/tr>\n<tr style=\"height: 31px;\">\n<td style=\"width: 38.6859%; border-style: hidden; height: 30px;\">Cinqu\u00e8<\/td>\n<td style=\"width: 95.9921%; border-style: hidden; height: 30px;\"><span style=\"background-color: #f9f9f9;\">Anna Bargu\u00e9s Villena<\/span><\/td>\n<\/tr>\n<tr style=\"height: 31px;\">\n<td style=\"width: 38.6859%; border-style: hidden; height: 31px;\">Sis\u00e8<\/td>\n<td style=\"width: 95.9921%; border-style: hidden; height: 31px;\">\u00c0lex Sala Juanola<\/td>\n<\/tr>\n<tr style=\"height: 31px;\">\n<td style=\"width: 38.6859%; border-style: hidden; height: 31px;\">Codoc\u00e8ncia a Grans<\/td>\n<td style=\"width: 95.9921%; border-style: hidden; height: 31px;\">Esther Dalmau Palomar \/ Ia Camps Canela, M\u00f2nica Carde\u00f1a Franquesa \/ Sandra Aparicio Martin<\/td>\n<\/tr>\n<tr style=\"height: 31px;\">\n<td style=\"width: 38.6859%; border-style: hidden; height: 31px;\">Primer ESO<\/td>\n<td style=\"width: 95.9921%; border-style: hidden; height: 31px;\">Sandra Madirolas Papell \/ M\u00f2nica Carde\u00f1a Franquesa<\/td>\n<\/tr>\n<tr style=\"height: 31px;\">\n<td style=\"width: 38.6859%; border-style: hidden; height: 31px;\">Segon ESO<\/td>\n<td style=\"width: 95.9921%; border-style: hidden; height: 31px;\">Alba Parareda Pallar\u00e8s \/ Sandra Aparicio Martin<\/td>\n<\/tr>\n<tr style=\"height: 47px;\">\n<td style=\"width: 38.6859%; border-style: hidden; height: 47px;\">Tercer ESO<\/td>\n<td style=\"width: 95.9921%; border-style: hidden; height: 47px;\">Xavier Aranda Bassas \/ Sara Mas Boixaderas \/ Marina Sabat\u00e9 Escal\u00e9<\/td>\n<\/tr>\n<tr style=\"height: 31px;\">\n<td style=\"width: 38.6859%; border-style: hidden; height: 31px;\">\u00c0mbit social<\/td>\n<td style=\"width: 95.9921%; border-style: hidden; height: 31px;\">Cristina Bertran Prat i M\u00f2nica Carde\u00f1a Franquesa<\/td>\n<\/tr>\n<tr style=\"height: 31px;\">\n<td style=\"width: 38.6859%; border-style: hidden; height: 31px;\">\u00c0mbit ling\u00fc\u00edstic<\/td>\n<td style=\"width: 95.9921%; border-style: hidden; height: 31px;\">Alba Parareda Pallar\u00e9s \/ Sandra Madirolas Papell \/ Marina Sabat\u00e9 Escal\u00e9 \/ Sandra Aparicio Martin<\/td>\n<\/tr>\n<tr style=\"height: 31px;\">\n<td style=\"width: 38.6859%; border-style: hidden; height: 31px;\">\u00c0mbit STEM<\/td>\n<td style=\"width: 95.9921%; border-style: hidden; height: 31px;\">Sara Mas Boixader \/ Pere Oms Molist \/ Xavier Aranda Bassas<\/td>\n<\/tr>\n<tr style=\"height: 31px;\">\n<td style=\"width: 38.6859%; border-style: hidden; height: 31px;\">\u00c0mbit Expressi\u00f3<\/td>\n<td style=\"width: 95.9921%; border-style: hidden; height: 31px;\">\u00a0Ia Camps Canela \/ Sandra Madirolas Papell \/ Bernat Riera Comajoan \/ Sandra Aparicio Martin<\/td>\n<\/tr>\n<\/tbody>\n<\/table>\n<p>&nbsp;<\/p>\n<p>&nbsp;<\/p>\n<table style=\"width: 88.0709%; border-style: hidden; height: 264px;\">\n<tbody>\n<tr style=\"height: 30px;\">\n<td style=\"width: 30.6561%; border-style: hidden; height: 30px;\"><strong>MESTRES ESPECIALISTES<\/strong><\/td>\n<td style=\"width: 123.606%; border-style: hidden; height: 30px;\"><\/td>\n<\/tr>\n<tr style=\"height: 29px;\">\n<td style=\"width: 30.6561%; border-style: hidden; height: 29px;\">Educaci\u00f3 Musical<\/td>\n<td style=\"width: 123.606%; border-style: hidden; height: 29px;\">Bernat Riera Comajoan \/ Maria Alonso Masanas<\/td>\n<\/tr>\n<tr style=\"height: 29px;\">\n<td style=\"width: 30.6561%; border-style: hidden; height: 29px;\">Llengua Anglesa<\/td>\n<td style=\"width: 123.606%; border-style: hidden; height: 29px;\">Mireia Font Prat \/ Laura Ojeda Padullers<\/td>\n<\/tr>\n<tr style=\"height: 29px;\">\n<td style=\"width: 30.6561%; border-style: hidden; height: 29px;\">Atenci\u00f3 a la diversitat<\/td>\n<td style=\"width: 123.606%; border-style: hidden; height: 29px;\">Cristina Bertran Prat \/ \u00cdngrid Colom Garc\u00eda \/ Maica Corominas Arum\u00ed<\/td>\n<\/tr>\n<tr style=\"height: 29px;\">\n<td style=\"width: 30.6561%; border-style: hidden; height: 29px;\">Educaci\u00f3 F\u00edsica<\/td>\n<td style=\"width: 123.606%; border-style: hidden; height: 29px;\">Oriol Cirera Vall \/ Ia Camps Canela \/ Sara Escuchas Abajo<\/td>\n<\/tr>\n<tr style=\"height: 59px;\">\n<td style=\"width: 30.6561%; border-style: hidden; height: 59px;\">Religi\u00f3 i suports<\/td>\n<td style=\"width: 123.606%; border-style: hidden; height: 59px;\">Cristina Caballeria Mir\u00f3<\/td>\n<\/tr>\n<tr style=\"height: 59px;\">\n<td style=\"width: 30.6561%; border-style: hidden; height: 59px;\">Auxiliar d&#8217;Educaci\u00f3 Especial<\/td>\n<td style=\"width: 123.606%; border-style: hidden; height: 59px;\">Teresa Farr\u00e9s Saderra \/ Albert Miarons Carabasa<\/td>\n<\/tr>\n<\/tbody>\n<\/table>\n<p>&nbsp;<\/p>\n<table style=\"border-style: hidden; width: 97.2427%; height: 476px;\" width=\"716\">\n<tbody>\n<tr style=\"height: 29px;\">\n<td style=\"width: 27.7166%; border-style: hidden; height: 29px;\"><strong>SERVEIS EDUCATIUS<\/strong><\/td>\n<td style=\"width: 71.4477%; border-style: hidden; height: 29px;\"><\/td>\n<\/tr>\n<tr style=\"height: 29px;\">\n<td style=\"width: 27.7166%; border-style: hidden; height: 29px;\">Equip Assessorament Psicopedag\u00f2gic<\/td>\n<td style=\"width: 71.4477%; border-style: hidden; height: 29px;\"><\/td>\n<\/tr>\n<tr style=\"height: 93px;\">\n<td style=\"width: 27.7166%; border-style: hidden; height: 93px;\">Equip d\u2019Assessorament de Llengua i Cohesi\u00f3 Social<\/p>\n<p>&nbsp;<\/td>\n<td style=\"width: 71.4477%; border-style: hidden; height: 93px;\"><\/td>\n<\/tr>\n<tr style=\"height: 29px;\">\n<td style=\"width: 27.7166%; border-style: hidden; height: 29px;\"><strong>PERSONAL D\u2019ADMINISTRACI\u00d3 I SERVEIS<\/strong><\/td>\n<td style=\"width: 71.4477%; border-style: hidden; height: 29px;\"><\/td>\n<\/tr>\n<tr style=\"height: 29px;\">\n<td style=\"width: 27.7166%; border-style: hidden; height: 29px;\">Administraci\u00f3<\/td>\n<td style=\"width: 71.4477%; border-style: hidden; height: 29px;\">Judit Serradell Pons<\/td>\n<\/tr>\n<tr style=\"height: 29px;\">\n<td style=\"width: 27.7166%; border-style: hidden; height: 29px;\">Manteniment<\/td>\n<td style=\"width: 71.4477%; border-style: hidden; height: 29px;\">Joan Miarons Redorta<\/td>\n<\/tr>\n<tr style=\"height: 29px;\">\n<td style=\"width: 27.7166%; border-style: hidden; height: 29px;\">Administrativa AFA<\/td>\n<td style=\"width: 71.4477%; border-style: hidden; height: 29px;\">Montse Leiva Mart\u00ednez<\/td>\n<\/tr>\n<tr style=\"height: 93px;\">\n<td style=\"width: 27.7166%; border-style: hidden; height: 93px;\">&nbsp;<\/p>\n<p><strong>ESPAI DE MIGDIA I SERVEI DE NETEJA\u00a0<\/strong><\/td>\n<td style=\"border-style: hidden; height: 93px; width: 71.4477%;\"><\/td>\n<\/tr>\n<tr style=\"height: 29px;\">\n<td style=\"width: 27.7166%; border-style: hidden; height: 29px;\">Cuinera<\/td>\n<td style=\"border-style: hidden; height: 29px; width: 71.4477%;\"><span style=\"font-weight: 400;\">Liliana Dumitrascu Jereghi \/ Mari Paz Contreras Barrera<\/span><\/td>\n<\/tr>\n<tr style=\"height: 29px;\">\n<td style=\"width: 27.7166%; border-style: hidden; height: 29px;\">Ajudant de cuina<\/td>\n<td style=\"border-style: hidden; height: 29px; width: 71.4477%;\"><span style=\"font-weight: 400;\">Iva Vetina Ivanova<\/span><\/td>\n<\/tr>\n<tr style=\"height: 29px;\">\n<td style=\"width: 27.7166%; border-style: hidden; height: 29px;\">Monitores de menjador<\/td>\n<td style=\"border-style: hidden; height: 29px; width: 71.4477%;\">Montse Leiva Mart\u00ednez, Carme Comajoan Padr\u00f3s, In\u00e9s Famada Tarr\u00e9s, Teresa Farr\u00e9s Saderra, Alba Capdevila Auselle, Albert Miarons Carbasa i Assumpta Prat Feu.<\/td>\n<\/tr>\n<tr style=\"height: 29px;\">\n<td style=\"width: 27.7166%; border-style: hidden; height: 29px;\">Neteja<\/td>\n<td style=\"border-style: hidden; height: 29px; width: 71.4477%;\">Imma Coscoy Gorchs, Kady Kande.<\/td>\n<\/tr>\n<\/tbody>\n<\/table>\n<p>&nbsp;<\/p>\n","protected":false},"excerpt":{"rendered":"<p>&nbsp; EQUIP DIRECTIU Direcci\u00f3 Esther Dalmau Palomar Cap d&#8217;estudis Ia Camps Canela Coordinadora pedag\u00f2gica Cristina Bertran Prat Secret\u00e0ria Mireia Mota Canals &nbsp; GRUPS DE REFER\u00c8NCIA Infantil &#8211; 1 Neus L\u00f3pez Cucala\u00a0 Infantil &#8211; 2 Imma Terricabras Jutglar Infantil &#8211; 3 Anna Vilaregut Matavacas Codoc\u00e8ncia a Petits \u013angrid Colom Garcia \/ Maria Alonso Masanas Primer M\u00f2nica [&hellip;]<\/p>\n","protected":false},"author":4,"featured_media":0,"parent":500,"menu_order":11,"comment_status":"closed","ping_status":"closed","template":"page-templates\/side-menu.php","meta":{"_bbp_topic_count":0,"_bbp_reply_count":0,"_bbp_total_topic_count":0,"_bbp_total_reply_count":0,"_bbp_voice_count":0,"_bbp_anonymous_reply_count":0,"_bbp_topic_count_hidden":0,"_bbp_reply_count_hidden":0,"_bbp_forum_subforum_count":0,"site-sidebar-layout":"default","site-content-layout":"","ast-site-content-layout":"","site-content-style":"default","site-sidebar-style":"default","ast-global-header-display":"","ast-banner-title-visibility":"","ast-main-header-display":"","ast-hfb-above-header-display":"","ast-hfb-below-header-display":"","ast-hfb-mobile-header-display":"","site-post-title":"","ast-breadcrumbs-content":"","ast-featured-img":"","footer-sml-layout":"","theme-transparent-header-meta":"","adv-header-id-meta":"","stick-header-meta":"","header-above-stick-meta":"","header-main-stick-meta":"","header-below-stick-meta":"","astra-migrate-meta-layouts":"default","ast-page-background-enabled":"default","ast-page-background-meta":{"desktop":{"background-color":"var(--ast-global-color-4)","background-image":"","background-repeat":"repeat","background-position":"center center","background-size":"auto","background-attachment":"scroll","background-type":"","background-media":"","overlay-type":"","overlay-color":"","overlay-opacity":"","overlay-gradient":""},"tablet":{"background-color":"","background-image":"","background-repeat":"repeat","background-position":"center center","background-size":"auto","background-attachment":"scroll","background-type":"","background-media":"","overlay-type":"","overlay-color":"","overlay-opacity":"","overlay-gradient":""},"mobile":{"background-color":"","background-image":"","background-repeat":"repeat","background-position":"center center","background-size":"auto","background-attachment":"scroll","background-type":"","background-media":"","overlay-type":"","overlay-color":"","overlay-opacity":"","overlay-gradient":""}},"ast-content-background-meta":{"desktop":{"background-color":"var(--ast-global-color-5)","background-image":"","background-repeat":"repeat","background-position":"center center","background-size":"auto","background-attachment":"scroll","background-type":"","background-media":"","overlay-type":"","overlay-color":"","overlay-opacity":"","overlay-gradient":""},"tablet":{"background-color":"var(--ast-global-color-5)","background-image":"","background-repeat":"repeat","background-position":"center center","background-size":"auto","background-attachment":"scroll","background-type":"","background-media":"","overlay-type":"","overlay-color":"","overlay-opacity":"","overlay-gradient":""},"mobile":{"background-color":"var(--ast-global-color-5)","background-image":"","background-repeat":"repeat","background-position":"center center","background-size":"auto","background-attachment":"scroll","background-type":"","background-media":"","overlay-type":"","overlay-color":"","overlay-opacity":"","overlay-gradient":""}},"footnotes":""},"class_list":["post-502","page","type-page","status-publish","hentry"],"post_mailing_queue_ids":[],"_links":{"self":[{"href":"https:\/\/agora.xtec.cat\/ie-elcabreres\/wp-json\/wp\/v2\/pages\/502","targetHints":{"allow":["GET"]}}],"collection":[{"href":"https:\/\/agora.xtec.cat\/ie-elcabreres\/wp-json\/wp\/v2\/pages"}],"about":[{"href":"https:\/\/agora.xtec.cat\/ie-elcabreres\/wp-json\/wp\/v2\/types\/page"}],"author":[{"embeddable":true,"href":"https:\/\/agora.xtec.cat\/ie-elcabreres\/wp-json\/wp\/v2\/users\/4"}],"replies":[{"embeddable":true,"href":"https:\/\/agora.xtec.cat\/ie-elcabreres\/wp-json\/wp\/v2\/comments?post=502"}],"version-history":[{"count":9,"href":"https:\/\/agora.xtec.cat\/ie-elcabreres\/wp-json\/wp\/v2\/pages\/502\/revisions"}],"predecessor-version":[{"id":12263,"href":"https:\/\/agora.xtec.cat\/ie-elcabreres\/wp-json\/wp\/v2\/pages\/502\/revisions\/12263"}],"up":[{"embeddable":true,"href":"https:\/\/agora.xtec.cat\/ie-elcabreres\/wp-json\/wp\/v2\/pages\/500"}],"wp:attachment":[{"href":"https:\/\/agora.xtec.cat\/ie-elcabreres\/wp-json\/wp\/v2\/media?parent=502"}],"curies":[{"name":"wp","href":"https:\/\/api.w.org\/{rel}","templated":true}]}}