{"id":4603,"date":"2021-07-02T17:53:21","date_gmt":"2021-07-02T15:53:21","guid":{"rendered":"https:\/\/agora.xtec.cat\/ie-elcabreres\/?page_id=4603"},"modified":"2021-07-02T17:53:21","modified_gmt":"2021-07-02T15:53:21","slug":"sant-julia-de-cabrera","status":"publish","type":"page","link":"https:\/\/agora.xtec.cat\/ie-elcabreres\/sant-julia-de-cabrera\/","title":{"rendered":"SANT JULI\u00c0 DE CABRERA"},"content":{"rendered":"<section id=\"h.p_a7hKKr9G31m2\" class=\"yaqOZd\">\n<div class=\"mYVXT\">\n<div class=\"LS81yb VICjCf\" tabindex=\"-1\">\n<div class=\"hJDwNd-AhqUyc-uQSCkd purZT-AhqUyc-II5mzb pSzOP-AhqUyc-qWD73c JNdkSc\">\n<div class=\"JNdkSc-SmKAyb\">\n<div class=\"\">\n<div class=\"oKdM2c Kzv0Me\">\n<div id=\"h.p_aFguDis231my\" class=\"hJDwNd-AhqUyc-uQSCkd jXK9ad D2fZ2 OjCsFc wHaque GNzUNc\">\n<div class=\"jXK9ad-SmKAyb\">\n<div>\n<table>\n<tbody>\n<tr>\n<td><a href=\"https:\/\/agora.xtec.cat\/ie-elcabreres\/wp-content\/uploads\/usu2186\/2021\/07\/santjulia4.png\"><img loading=\"lazy\" decoding=\"async\" class=\"alignnone  wp-image-4606\" src=\"https:\/\/agora.xtec.cat\/ie-elcabreres\/wp-content\/uploads\/usu2186\/2021\/07\/santjulia4.png\" alt=\"\" width=\"274\" height=\"184\" srcset=\"https:\/\/agora.xtec.cat\/ie-elcabreres\/wp-content\/uploads\/usu2186\/2021\/07\/santjulia4.png 446w, https:\/\/agora.xtec.cat\/ie-elcabreres\/wp-content\/uploads\/usu2186\/2021\/07\/santjulia4-300x202.png 300w\" sizes=\"auto, (max-width: 274px) 100vw, 274px\" \/><\/a><\/td>\n<td><a href=\"https:\/\/agora.xtec.cat\/ie-elcabreres\/wp-content\/uploads\/usu2186\/2021\/07\/santjulia1.png\"><img loading=\"lazy\" decoding=\"async\" class=\"alignnone  wp-image-4604\" src=\"https:\/\/agora.xtec.cat\/ie-elcabreres\/wp-content\/uploads\/usu2186\/2021\/07\/santjulia1.png\" alt=\"\" width=\"171\" height=\"128\" srcset=\"https:\/\/agora.xtec.cat\/ie-elcabreres\/wp-content\/uploads\/usu2186\/2021\/07\/santjulia1.png 685w, https:\/\/agora.xtec.cat\/ie-elcabreres\/wp-content\/uploads\/usu2186\/2021\/07\/santjulia1-300x225.png 300w, https:\/\/agora.xtec.cat\/ie-elcabreres\/wp-content\/uploads\/usu2186\/2021\/07\/santjulia1-200x150.png 200w\" sizes=\"auto, (max-width: 171px) 100vw, 171px\" \/><\/a><\/td>\n<td><a href=\"https:\/\/agora.xtec.cat\/ie-elcabreres\/wp-content\/uploads\/usu2186\/2021\/07\/santjulia2-1.png\"><img loading=\"lazy\" decoding=\"async\" class=\"alignnone  wp-image-4608\" src=\"https:\/\/agora.xtec.cat\/ie-elcabreres\/wp-content\/uploads\/usu2186\/2021\/07\/santjulia2-1.png\" alt=\"\" width=\"264\" height=\"152\" srcset=\"https:\/\/agora.xtec.cat\/ie-elcabreres\/wp-content\/uploads\/usu2186\/2021\/07\/santjulia2-1.png 682w, https:\/\/agora.xtec.cat\/ie-elcabreres\/wp-content\/uploads\/usu2186\/2021\/07\/santjulia2-1-300x172.png 300w\" sizes=\"auto, (max-width: 264px) 100vw, 264px\" \/><\/a><\/td>\n<td><a href=\"https:\/\/agora.xtec.cat\/ie-elcabreres\/wp-content\/uploads\/usu2186\/2021\/07\/santjulia3.png\"><img loading=\"lazy\" decoding=\"async\" class=\"alignnone  wp-image-4607\" src=\"https:\/\/agora.xtec.cat\/ie-elcabreres\/wp-content\/uploads\/usu2186\/2021\/07\/santjulia3.png\" alt=\"\" width=\"133\" height=\"184\" srcset=\"https:\/\/agora.xtec.cat\/ie-elcabreres\/wp-content\/uploads\/usu2186\/2021\/07\/santjulia3.png 391w, https:\/\/agora.xtec.cat\/ie-elcabreres\/wp-content\/uploads\/usu2186\/2021\/07\/santjulia3-216x300.png 216w\" sizes=\"auto, (max-width: 133px) 100vw, 133px\" \/><\/a><\/td>\n<\/tr>\n<tr>\n<td>Esgl\u00e9sia de Sant Juli\u00e0 de Cabrera<\/td>\n<td><\/td>\n<td>Entorn<\/td>\n<td>Campanes<\/td>\n<\/tr>\n<\/tbody>\n<\/table>\n<hr \/>\n<p><a href=\"https:\/\/agora.xtec.cat\/ie-elcabreres\/wp-content\/uploads\/usu2186\/2021\/07\/cat.jpg\"><img loading=\"lazy\" decoding=\"async\" class=\" wp-image-4559\" src=\"https:\/\/agora.xtec.cat\/ie-elcabreres\/wp-content\/uploads\/usu2186\/2021\/07\/cat.jpg\" alt=\"\" width=\"72\" height=\"47\" srcset=\"https:\/\/agora.xtec.cat\/ie-elcabreres\/wp-content\/uploads\/usu2186\/2021\/07\/cat.jpg 612w, https:\/\/agora.xtec.cat\/ie-elcabreres\/wp-content\/uploads\/usu2186\/2021\/07\/cat-300x195.jpg 300w\" sizes=\"auto, (max-width: 72px) 100vw, 72px\" \/><\/a><\/p>\n<\/div>\n<div class=\"tyJCtd mGzaTb baZpAe\">\n<div><\/div>\n<div class=\"CjVfdc\">Es tracta d\u2019un ve\u00efnat molt disseminat, situat al peu de la serra de Cabrera, format per masies a\u00efllades, agrupades al voltant del que va ser la seva parr\u00f2quia: l\u2019esgl\u00e9sia de St. Juli\u00e0 de Cabrera i del Prat de St. Juli\u00e0.<\/div>\n<div id=\"h.p_UOz204-SeHz5\" class=\"GV3q8e aP9Z7e\"><\/div>\n<div class=\"CjVfdc\">\n<div class=\"PPhIP rviiZ\">\n<div class=\"U26fgb mUbCce fKz7Od LRAOtb Znu9nd M9Bg4d\" role=\"presentation\" aria-describedby=\"h.p_UOz204-SeHz5\" aria-label=\"Copia l'enlla\u00e7 del t\u00edtol\" aria-disabled=\"false\" data-tooltip=\"Copia l'enlla\u00e7 del t\u00edtol\" aria-hidden=\"true\" data-tooltip-position=\"top\" data-tooltip-vertical-offset=\"12\" data-tooltip-horizontal-offset=\"0\">\n<div class=\"VTBa7b MbhUzd\"><\/div>\n<\/div>\n<\/div>\n<p>L\u2019esgl\u00e9sia de St. Juli\u00e0 data del 1050, i va haver de ser modificada despr\u00e9s dels terratr\u00e8mols del 1428. Conserva de l\u2019obra primitiva dos absis.<\/p><\/div>\n<div id=\"h.p_nZyRbJxteHz8\" class=\"GV3q8e aP9Z7e\"><\/div>\n<div class=\"CjVfdc\">\n<div class=\"PPhIP rviiZ\">\n<div class=\"U26fgb mUbCce fKz7Od LRAOtb Znu9nd M9Bg4d\" role=\"presentation\" aria-describedby=\"h.p_nZyRbJxteHz8\" aria-label=\"Copia l'enlla\u00e7 del t\u00edtol\" aria-disabled=\"false\" data-tooltip=\"Copia l'enlla\u00e7 del t\u00edtol\" aria-hidden=\"true\" data-tooltip-position=\"top\" data-tooltip-vertical-offset=\"12\" data-tooltip-horizontal-offset=\"0\">\n<div class=\"VTBa7b MbhUzd\"><\/div>\n<\/div>\n<\/div>\n<p>Des d\u2019aqu\u00ed surten molts camins cap al santuari de la mare de D\u00e9u de Cabrera, ermita que es va ensorrar el 1428 i que va tornar a ser al\u00e7ada el 1611 i modificada posteriorment el segle XVIII. Est\u00e0 situada just al cim de la serra de Cabrera (1311 m) pel que es pot considerar un mirador privilegiat tant d\u2019Osona com de la Garrotxa. Queden al cim de la serra de Cabrera, vestigis del que havia estat el castell de Cabrera, bressol de la nissaga dels Cabrera.<\/p><\/div>\n<\/div>\n<\/div>\n<\/div>\n<\/div>\n<\/div>\n<\/div>\n<\/div>\n<\/div>\n<\/div>\n<\/section>\n<section id=\"h.p_uwK8Pfp44_cy\" class=\"yaqOZd\">\n<div class=\"IFuOkc\"><\/div>\n<div class=\"mYVXT\">\n<div class=\"LS81yb VICjCf\" tabindex=\"-1\">\n<div class=\"hJDwNd-AhqUyc-uQSCkd purZT-AhqUyc-II5mzb pSzOP-AhqUyc-qWD73c JNdkSc\">\n<div class=\"JNdkSc-SmKAyb\">\n<div class=\"\">\n<div class=\"oKdM2c Kzv0Me\">\n<div id=\"h.p_snhROSOb4_cv\" class=\"hJDwNd-AhqUyc-uQSCkd jXK9ad D2fZ2 OjCsFc wHaque GNzUNc\">\n<div class=\"jXK9ad-SmKAyb\">\n<div class=\"tyJCtd mGzaTb baZpAe\">\n<div id=\"h.p_60V73rmw5AZd\" class=\"GV3q8e aP9Z7e\"><\/div>\n<div class=\"CjVfdc\">\n<div class=\"PPhIP rviiZ\">\n<div class=\"U26fgb mUbCce fKz7Od LRAOtb Znu9nd M9Bg4d\" role=\"presentation\" aria-describedby=\"h.p_60V73rmw5AZd\" aria-label=\"Copia l'enlla\u00e7 del t\u00edtol\" aria-disabled=\"false\" data-tooltip=\"Copia l'enlla\u00e7 del t\u00edtol\" aria-hidden=\"true\" data-tooltip-position=\"top\" data-tooltip-vertical-offset=\"12\" data-tooltip-horizontal-offset=\"0\">\n<div class=\"VTBa7b MbhUzd\"><\/div>\n<\/div>\n<\/div>\n<hr \/>\n<p><a href=\"https:\/\/agora.xtec.cat\/ie-elcabreres\/wp-content\/uploads\/usu2186\/2021\/07\/CAS.jpg\"><img loading=\"lazy\" decoding=\"async\" class=\"alignnone  wp-image-4560\" src=\"https:\/\/agora.xtec.cat\/ie-elcabreres\/wp-content\/uploads\/usu2186\/2021\/07\/CAS.jpg\" alt=\"\" width=\"80\" height=\"50\" \/><\/a><\/div>\n<div id=\"h.p_oHgUT8Lqv7dC\" class=\"GV3q8e aP9Z7e\"><\/div>\n<div class=\"CjVfdc\">\n<div class=\"PPhIP rviiZ\">\n<div class=\"U26fgb mUbCce fKz7Od LRAOtb Znu9nd M9Bg4d\" role=\"presentation\" aria-describedby=\"h.p_oHgUT8Lqv7dC\" aria-label=\"Copia l'enlla\u00e7 del t\u00edtol\" aria-disabled=\"false\" data-tooltip=\"Copia l'enlla\u00e7 del t\u00edtol\" aria-hidden=\"true\" data-tooltip-position=\"top\" data-tooltip-vertical-offset=\"12\" data-tooltip-horizontal-offset=\"0\">\n<div class=\"VTBa7b MbhUzd\"><\/div>\n<\/div>\n<\/div>\n<p>Se trata de un vecindario muy diseminado, situado al pie de la sierra de Cabrera, formado por mas\u00edas aisladas, agrupadas alrededor de lo que fue su parroquia: la iglesia de St. Juli\u00e0 de Cabrera y del Prat de St. Juli\u00e1.<\/p><\/div>\n<div id=\"h.p_hnaFTecFeaJI\" class=\"GV3q8e aP9Z7e\"><\/div>\n<div class=\"CjVfdc\">\n<div class=\"PPhIP rviiZ\">\n<div class=\"U26fgb mUbCce fKz7Od LRAOtb Znu9nd M9Bg4d\" role=\"presentation\" aria-describedby=\"h.p_hnaFTecFeaJI\" aria-label=\"Copia l'enlla\u00e7 del t\u00edtol\" aria-disabled=\"false\" data-tooltip=\"Copia l'enlla\u00e7 del t\u00edtol\" aria-hidden=\"true\" data-tooltip-position=\"top\" data-tooltip-vertical-offset=\"12\" data-tooltip-horizontal-offset=\"0\">\n<div class=\"VTBa7b MbhUzd\"><\/div>\n<\/div>\n<\/div>\n<p>La iglesia de St. Juli\u00e0 fecha del 1050, y tuvo que ser modificada despu\u00e9s de los terremotos de 1428. Conserva de la obra primitiva dos \u00e1bsides.<\/p><\/div>\n<div id=\"h.p_TZO9l0_gedBW\" class=\"GV3q8e aP9Z7e\"><\/div>\n<div class=\"CjVfdc\">\n<div class=\"PPhIP rviiZ\">\n<div class=\"U26fgb mUbCce fKz7Od LRAOtb Znu9nd M9Bg4d\" role=\"presentation\" aria-describedby=\"h.p_TZO9l0_gedBW\" aria-label=\"Copia l'enlla\u00e7 del t\u00edtol\" aria-disabled=\"false\" data-tooltip=\"Copia l'enlla\u00e7 del t\u00edtol\" aria-hidden=\"true\" data-tooltip-position=\"top\" data-tooltip-vertical-offset=\"12\" data-tooltip-horizontal-offset=\"0\">\n<div class=\"VTBa7b MbhUzd\"><\/div>\n<\/div>\n<\/div>\n<p>Desde aqu\u00ed salen muchos caminos hacia el santuario de la Virgen de Cabrera, ermita que se derrumb\u00f3 en 1428 y que volvi\u00f3 a ser alzada en 1611 y modificada posteriormente el siglo XVIII. Est\u00e1 situada justo en la cima de la sierra de Cabrera (1311 m) por lo que se puede considerar un mirador privilegiado tanto de Osona como de la Garrotxa. Quedan en la cima de la sierra de Cabrera, vestigios de lo que hab\u00eda sido el castillo de Cabrera, cuna del linaje de los Cabrera .<\/p><\/div>\n<\/div>\n<\/div>\n<\/div>\n<\/div>\n<\/div>\n<\/div>\n<\/div>\n<\/div>\n<\/div>\n<\/section>\n<section id=\"h.p_GSgS0MuOYiFY\" class=\"yaqOZd\">\n<div class=\"IFuOkc\"><\/div>\n<div class=\"mYVXT\">\n<div class=\"LS81yb VICjCf\" tabindex=\"-1\">\n<div class=\"hJDwNd-AhqUyc-uQSCkd purZT-AhqUyc-II5mzb pSzOP-AhqUyc-qWD73c JNdkSc\">\n<div class=\"JNdkSc-SmKAyb\">\n<div class=\"\">\n<div class=\"oKdM2c Kzv0Me\">\n<div id=\"h.p_53EV2Y4YYiFH\" class=\"hJDwNd-AhqUyc-uQSCkd jXK9ad D2fZ2 OjCsFc wHaque GNzUNc\">\n<div class=\"jXK9ad-SmKAyb\">\n<div class=\"tyJCtd mGzaTb baZpAe\">\n<div id=\"h.p_ush7bRn1YiFT\" class=\"GV3q8e aP9Z7e\"><\/div>\n<div class=\"CjVfdc\">\n<hr \/>\n<p><a href=\"https:\/\/agora.xtec.cat\/ie-elcabreres\/wp-content\/uploads\/usu2186\/2021\/07\/ENG.jpg\"><img loading=\"lazy\" decoding=\"async\" class=\"alignnone  wp-image-4561\" src=\"https:\/\/agora.xtec.cat\/ie-elcabreres\/wp-content\/uploads\/usu2186\/2021\/07\/ENG.jpg\" alt=\"\" width=\"81\" height=\"43\" srcset=\"https:\/\/agora.xtec.cat\/ie-elcabreres\/wp-content\/uploads\/usu2186\/2021\/07\/ENG.jpg 626w, https:\/\/agora.xtec.cat\/ie-elcabreres\/wp-content\/uploads\/usu2186\/2021\/07\/ENG-300x158.jpg 300w\" sizes=\"auto, (max-width: 81px) 100vw, 81px\" \/><\/a><\/div>\n<div id=\"h.p_IuSzGbnawLDb\" class=\"GV3q8e aP9Z7e\"><\/div>\n<div class=\"CjVfdc\">\n<div class=\"PPhIP rviiZ\">\n<div class=\"U26fgb mUbCce fKz7Od LRAOtb Znu9nd M9Bg4d\" role=\"presentation\" aria-describedby=\"h.p_IuSzGbnawLDb\" aria-label=\"Copia l'enlla\u00e7 del t\u00edtol\" aria-disabled=\"false\" data-tooltip=\"Copia l'enlla\u00e7 del t\u00edtol\" aria-hidden=\"true\" data-tooltip-position=\"top\" data-tooltip-vertical-offset=\"12\" data-tooltip-horizontal-offset=\"0\">\n<div class=\"VTBa7b MbhUzd\"><\/div>\n<\/div>\n<\/div>\n<p>It is a very disseminated neighborhood, located at the foot of the Serra de Cabrera, formed by isolated farmhouses, grouped around what was his parish: the church of St. Juli\u00e0 de Cabrera i del Prat de St. Juli\u00e0.<\/p><\/div>\n<div id=\"h.p_30rJQ0EZZFxf\" class=\"GV3q8e aP9Z7e\"><\/div>\n<div class=\"CjVfdc\">\n<div class=\"PPhIP rviiZ\">\n<div class=\"U26fgb mUbCce fKz7Od LRAOtb Znu9nd M9Bg4d\" role=\"presentation\" aria-describedby=\"h.p_30rJQ0EZZFxf\" aria-label=\"Copia l'enlla\u00e7 del t\u00edtol\" aria-disabled=\"false\" data-tooltip=\"Copia l'enlla\u00e7 del t\u00edtol\" aria-hidden=\"true\" data-tooltip-position=\"top\" data-tooltip-vertical-offset=\"12\" data-tooltip-horizontal-offset=\"0\">\n<div class=\"VTBa7b MbhUzd\"><\/div>\n<\/div>\n<\/div>\n<p>The church of St. Juli\u00e0 dates from 1050, and had to be modified after the earthquakes of 1428. It preserves the primitive work of two apses.<\/p><\/div>\n<div id=\"h.p_V3eJrrtFZFxh\" class=\"GV3q8e aP9Z7e\"><\/div>\n<div class=\"CjVfdc\">\n<div class=\"PPhIP rviiZ\">\n<div class=\"U26fgb mUbCce fKz7Od LRAOtb Znu9nd M9Bg4d eB48Hf\" role=\"presentation\" aria-describedby=\"h.p_V3eJrrtFZFxh\" aria-label=\"Copia l'enlla\u00e7 del t\u00edtol\" aria-disabled=\"false\" data-tooltip=\"Copia l'enlla\u00e7 del t\u00edtol\" aria-hidden=\"true\" data-tooltip-position=\"top\" data-tooltip-vertical-offset=\"12\" data-tooltip-horizontal-offset=\"0\">\n<div class=\"VTBa7b MbhUzd\"><\/div>\n<\/div>\n<\/div>\n<p>From here, there are many paths to the Sanctuary of the mother of God of Cabrera, a hermitage that collapsed in 1428 and was again raised in 1611 and later modified in the 18th century. It is located at the top of the Serra de Cabrera (1311 m), which can be considered a privileged viewpoint of both Osona and La Garrotxa. At the top of the Serra de Cabrera there are vestiges of what had been the Castle of Cabrera, the birthplace of the Cabrera family.<\/p><\/div>\n<\/div>\n<\/div>\n<\/div>\n<\/div>\n<\/div>\n<\/div>\n<\/div>\n<\/div>\n<\/div>\n<\/section>\n","protected":false},"excerpt":{"rendered":"<p>Esgl\u00e9sia de Sant Juli\u00e0 de Cabrera Entorn Campanes Es tracta d\u2019un ve\u00efnat molt disseminat, situat al peu de la serra de Cabrera, format per masies a\u00efllades, agrupades al voltant del que va ser la seva parr\u00f2quia: l\u2019esgl\u00e9sia de St. Juli\u00e0 de Cabrera i del Prat de St. Juli\u00e0. L\u2019esgl\u00e9sia de St. Juli\u00e0 data del 1050, [&hellip;]<\/p>\n","protected":false},"author":6,"featured_media":0,"parent":0,"menu_order":0,"comment_status":"closed","ping_status":"closed","template":"","meta":{"_bbp_topic_count":0,"_bbp_reply_count":0,"_bbp_total_topic_count":0,"_bbp_total_reply_count":0,"_bbp_voice_count":0,"_bbp_anonymous_reply_count":0,"_bbp_topic_count_hidden":0,"_bbp_reply_count_hidden":0,"_bbp_forum_subforum_count":0,"site-sidebar-layout":"default","site-content-layout":"","ast-site-content-layout":"","site-content-style":"default","site-sidebar-style":"default","ast-global-header-display":"","ast-banner-title-visibility":"","ast-main-header-display":"","ast-hfb-above-header-display":"","ast-hfb-below-header-display":"","ast-hfb-mobile-header-display":"","site-post-title":"","ast-breadcrumbs-content":"","ast-featured-img":"","footer-sml-layout":"","theme-transparent-header-meta":"","adv-header-id-meta":"","stick-header-meta":"","header-above-stick-meta":"","header-main-stick-meta":"","header-below-stick-meta":"","astra-migrate-meta-layouts":"default","ast-page-background-enabled":"default","ast-page-background-meta":{"desktop":{"background-color":"var(--ast-global-color-4)","background-image":"","background-repeat":"repeat","background-position":"center center","background-size":"auto","background-attachment":"scroll","background-type":"","background-media":"","overlay-type":"","overlay-color":"","overlay-opacity":"","overlay-gradient":""},"tablet":{"background-color":"","background-image":"","background-repeat":"repeat","background-position":"center center","background-size":"auto","background-attachment":"scroll","background-type":"","background-media":"","overlay-type":"","overlay-color":"","overlay-opacity":"","overlay-gradient":""},"mobile":{"background-color":"","background-image":"","background-repeat":"repeat","background-position":"center center","background-size":"auto","background-attachment":"scroll","background-type":"","background-media":"","overlay-type":"","overlay-color":"","overlay-opacity":"","overlay-gradient":""}},"ast-content-background-meta":{"desktop":{"background-color":"var(--ast-global-color-5)","background-image":"","background-repeat":"repeat","background-position":"center center","background-size":"auto","background-attachment":"scroll","background-type":"","background-media":"","overlay-type":"","overlay-color":"","overlay-opacity":"","overlay-gradient":""},"tablet":{"background-color":"var(--ast-global-color-5)","background-image":"","background-repeat":"repeat","background-position":"center center","background-size":"auto","background-attachment":"scroll","background-type":"","background-media":"","overlay-type":"","overlay-color":"","overlay-opacity":"","overlay-gradient":""},"mobile":{"background-color":"var(--ast-global-color-5)","background-image":"","background-repeat":"repeat","background-position":"center center","background-size":"auto","background-attachment":"scroll","background-type":"","background-media":"","overlay-type":"","overlay-color":"","overlay-opacity":"","overlay-gradient":""}},"footnotes":""},"class_list":["post-4603","page","type-page","status-publish","hentry"],"post_mailing_queue_ids":[],"_links":{"self":[{"href":"https:\/\/agora.xtec.cat\/ie-elcabreres\/wp-json\/wp\/v2\/pages\/4603","targetHints":{"allow":["GET"]}}],"collection":[{"href":"https:\/\/agora.xtec.cat\/ie-elcabreres\/wp-json\/wp\/v2\/pages"}],"about":[{"href":"https:\/\/agora.xtec.cat\/ie-elcabreres\/wp-json\/wp\/v2\/types\/page"}],"author":[{"embeddable":true,"href":"https:\/\/agora.xtec.cat\/ie-elcabreres\/wp-json\/wp\/v2\/users\/6"}],"replies":[{"embeddable":true,"href":"https:\/\/agora.xtec.cat\/ie-elcabreres\/wp-json\/wp\/v2\/comments?post=4603"}],"version-history":[{"count":1,"href":"https:\/\/agora.xtec.cat\/ie-elcabreres\/wp-json\/wp\/v2\/pages\/4603\/revisions"}],"predecessor-version":[{"id":4611,"href":"https:\/\/agora.xtec.cat\/ie-elcabreres\/wp-json\/wp\/v2\/pages\/4603\/revisions\/4611"}],"wp:attachment":[{"href":"https:\/\/agora.xtec.cat\/ie-elcabreres\/wp-json\/wp\/v2\/media?parent=4603"}],"curies":[{"name":"wp","href":"https:\/\/api.w.org\/{rel}","templated":true}]}}