{"id":637,"date":"2021-03-25T10:05:21","date_gmt":"2021-03-25T09:05:21","guid":{"rendered":"https:\/\/agora.xtec.cat\/iabarcelona\/?page_id=637"},"modified":"2021-04-12T13:36:17","modified_gmt":"2021-04-12T11:36:17","slug":"cicle-formatiu-grau-mitja-comercialitzacio-de-productes-alimentaris","status":"publish","type":"page","link":"https:\/\/agora.xtec.cat\/iabarcelona\/formacio\/cfgm-cicles-formatius-grau-mitja\/cicle-formatiu-grau-mitja-comercialitzacio-de-productes-alimentaris\/","title":{"rendered":"Cicle Formatiu Grau Mitj\u00e0 Comercialitzaci\u00f3 de Productes Alimentaris"},"content":{"rendered":"<p><a href=\"https:\/\/agora.xtec.cat\/iabarcelona\/wp-content\/uploads\/usu2506\/2021\/03\/CFGM_Comerc.jpg\"><img decoding=\"async\" class=\"size-full wp-image-831 alignleft\" src=\"https:\/\/agora.xtec.cat\/iabarcelona\/wp-content\/uploads\/usu2506\/2021\/03\/CFGM_Comerc.jpg\" alt=\"Collage d'imatges amb productes alimentaris: verdura, pa, carn i peix\" width=\"287\" \/><\/a>A les instal\u00b7lacions del nostre Institut:<\/p>\n<ul>\n<li>Preparar\u00e0s i condicionar\u00e0s per a la venda tot tipus d\u2019aliments frescos com productes carnis, peix, fruites i verdures, pa i productes de pastisseria.<\/li>\n<li>Dissenyar\u00e0s t\u00e8cniques de comercialitzaci\u00f3 i m\u00e0rqueting per publicitar i promocionar els productes elaborats.<\/li>\n<li>Crear\u00e0s una botiga online (comer\u00e7 electr\u00f2nic).<\/li>\n<li>Al segon curs podr\u00e0s optar per cursar part del Curr\u00edculum Formatiu en una empresa del sector mitjan\u00e7ant la modalitat dual.<\/li>\n<\/ul>\n<p style=\"clear: both; margin-top: 40px; margin-bottom: 40px; text-align: center;\"><a class=\"button normal\" style=\"padding: 1em; font-weight: 400; margin: 0.3em; color: white !important; background-color: #333333; border: none;\" href=\"https:\/\/agora.xtec.cat\/iabarcelona\/formacio\/cfgm-cicles-formatius-grau-mitja\/preinscripcio-i-matricula-cicles-formatius-de-grau-mitja\/\" rel=\"noopener noreferrer\">Preinscripci\u00f3 i matr\u00edcula<\/a><\/p>\n<hr \/>\n<h2 id=\"saber_mes\">Sortides professionals<\/h2>\n<p>Com a t\u00e8cnic en Comercialitzaci\u00f3 de Productes Alimentaris podr\u00e0s treballar en botigues d\u2019alimentaci\u00f3, f\u00edsiques o online, al detall o en els departaments corresponents de grans superf\u00edcies.<\/p>\n<h2>Sortides acad\u00e8miques<\/h2>\n<p>Amb aquests estudis s\u2019obt\u00e9 el t\u00edtol de t\u00e8cnic o t\u00e8cnica, que permet accedir al batxillerat i\/o a un cicle de grau superior de formaci\u00f3 professional.<\/p>\n<h2>Qu\u00e8 estudiar\u00e0s, contingut<\/h2>\n<ul>\n<li>Constituci\u00f3 de petits negocis alimentaris<\/li>\n<li>Mercadot\u00e8cnia del comer\u00e7 alimentari<\/li>\n<li>Dinamitzaci\u00f3 del punt de venda en comer\u00e7os alimentaris<\/li>\n<li>Atenci\u00f3 comercial en negocis alimentaris<\/li>\n<li>Seguretat i qualitat alimentaria en el comer\u00e7<\/li>\n<li>Preparaci\u00f3 i condicionament de productes frescos i transformats<\/li>\n<li>Log\u00edstica de productes alimentaris<\/li>\n<li>Comer\u00e7 electr\u00f2nic en negocis alimentaris<\/li>\n<li>Ofim\u00e0tica aplicada al comer\u00e7 alimentari<\/li>\n<li>Gesti\u00f3 d&#8217;un comer\u00e7 alimentari<\/li>\n<li>Angl\u00e8s<\/li>\n<li>Formaci\u00f3 i orientaci\u00f3 laboral.<\/li>\n<li>S\u00edntesi<\/li>\n<li>Formaci\u00f3 en centres de treball.<\/li>\n<\/ul>\n<h2>Durada<\/h2>\n<p>Dos cursos<\/p>\n<h2>Tens m\u00e9s dubtes?<\/h2>\n<p>Si vols m\u00e9s informaci\u00f3, consulta el web del Departament d\u2019Educaci\u00f3 o envia\u2019ns un missatge mitjan\u00e7ant el <a href=\"https:\/\/agora.xtec.cat\/iabarcelona\/secretaria\/contacte\/\">formulari de contacte<\/a>.<\/p>\n<p>&nbsp;<\/p>\n","protected":false},"excerpt":{"rendered":"<p><a href=\"https:\/\/agora.xtec.cat\/iabarcelona\/wp-content\/uploads\/usu2506\/2021\/03\/CFGM_Comerc.jpg\"><\/a>A les instal\u00b7lacions del nostre Institut:<\/p>\n<ul>\n<li>Preparar\u00e0s i condicionar\u00e0s per a la venda tot tipus d\u2019aliments frescos com productes carnis, peix, fruites i verdures, pa i productes de pastisseria.<\/li>\n<li>Dissenyar\u00e0s t\u00e8cniques de comercialitzaci\u00f3 i m\u00e0rqueting per publicitar i promocionar els productes elaborats.<\/li>\n<li>Crear\u00e0s una botiga online (comer\u00e7&hellip;  <a href=\"https:\/\/agora.xtec.cat\/iabarcelona\/formacio\/cfgm-cicles-formatius-grau-mitja\/cicle-formatiu-grau-mitja-comercialitzacio-de-productes-alimentaris\/\" title=\"Read Cicle Formatiu Grau Mitj\u00e0 Comercialitzaci\u00f3 de Productes Alimentaris\">Llegeix m\u00e9s\u00bb<\/a><br \/>\n","protected":false},"author":1,"featured_media":0,"parent":566,"menu_order":3,"comment_status":"closed","ping_status":"closed","template":"page-templates\/side-menu.php","meta":{"_bbp_topic_count":0,"_bbp_reply_count":0,"_bbp_total_topic_count":0,"_bbp_total_reply_count":0,"_bbp_voice_count":0,"_bbp_anonymous_reply_count":0,"_bbp_topic_count_hidden":0,"_bbp_reply_count_hidden":0,"_bbp_forum_subforum_count":0,"footnotes":""},"class_list":["post-637","page","type-page","status-publish","hentry"],"post_mailing_queue_ids":[],"_links":{"self":[{"href":"https:\/\/agora.xtec.cat\/iabarcelona\/wp-json\/wp\/v2\/pages\/637","targetHints":{"allow":["GET"]}}],"collection":[{"href":"https:\/\/agora.xtec.cat\/iabarcelona\/wp-json\/wp\/v2\/pages"}],"about":[{"href":"https:\/\/agora.xtec.cat\/iabarcelona\/wp-json\/wp\/v2\/types\/page"}],"author":[{"embeddable":true,"href":"https:\/\/agora.xtec.cat\/iabarcelona\/wp-json\/wp\/v2\/users\/1"}],"replies":[{"embeddable":true,"href":"https:\/\/agora.xtec.cat\/iabarcelona\/wp-json\/wp\/v2\/comments?post=637"}],"version-history":[{"count":3,"href":"https:\/\/agora.xtec.cat\/iabarcelona\/wp-json\/wp\/v2\/pages\/637\/revisions"}],"predecessor-version":[{"id":986,"href":"https:\/\/agora.xtec.cat\/iabarcelona\/wp-json\/wp\/v2\/pages\/637\/revisions\/986"}],"up":[{"embeddable":true,"href":"https:\/\/agora.xtec.cat\/iabarcelona\/wp-json\/wp\/v2\/pages\/566"}],"wp:attachment":[{"href":"https:\/\/agora.xtec.cat\/iabarcelona\/wp-json\/wp\/v2\/media?parent=637"}],"curies":[{"name":"wp","href":"https:\/\/api.w.org\/{rel}","templated":true}]}}