{"id":21,"date":"2014-09-17T16:14:14","date_gmt":"2014-09-17T16:14:14","guid":{"rendered":"http:\/\/agora.xtec.cat\/iabarcelona\/?page_id=21"},"modified":"2023-05-18T09:31:53","modified_gmt":"2023-05-18T07:31:53","slug":"on-som","status":"publish","type":"page","link":"https:\/\/agora.xtec.cat\/iabarcelona\/linstitut\/on-som\/","title":{"rendered":"On som"},"content":{"rendered":"<p><strong>Institut dels Aliments de Barcelona<br \/>\n<\/strong><a href=\"mailto:iabarcelona@xtec.cat\">iabarcelona@xtec.cat<\/a><\/p>\n<p>Com arribar?<\/p>\n<h3>Amb transport p\u00fablic<\/h3>\n<p class=\"primer\"><strong>Metro \u00a0 <img loading=\"lazy\" decoding=\"async\" id=\"dimg_1\" class=\"\" src=\"https:\/\/encrypted-tbn0.gstatic.com\/images?q=tbn:ANd9GcRFyAC_4BzSNh3GNFwFRVsEqjhoCZx0kB3n6cQbJAPNjQ&amp;s\" alt=\"Obras de la L9 en Can Zam: Ajuntament de Santa Coloma de ...\" width=\"60\" height=\"60\" data-atf=\"1\" data-frt=\"0\" \/><br \/>\n<\/strong><\/p>\n<p>L\u00ednia 9 sud: La parada de metro Mercabarna es troba a la porta K del recinte. El recorregut de la l\u00ednia va de Zona Universit\u00e0ria fins a la Terminal 1 de l\u2019Aeroport. (<a class=\"external\" href=\"http:\/\/www.tmb.cat\/ca\/l9-sud\" target=\"_blank\" rel=\"noopener noreferrer\">+informaci\u00f3<\/a>)<\/p>\n<p class=\"primer\"><strong>Autob\u00fas<\/strong><\/p>\n<p>L\u00ednia 109: Des de l&#8217;Estaci\u00f3 de Sants o la Pla\u00e7a Espanya (Barcelona). (<a class=\"external\" href=\"http:\/\/www.tmb.cat\/ca\/linia-de-bus\/-\/bus\/109\" target=\"_blank\" rel=\"noopener noreferrer\">+informaci\u00f3<\/a>)<\/p>\n<p>L\u00ednia 21: Des de l&#8217;avinguda del Paral\u00b7lel (Barcelona). (<a class=\"external\" href=\"http:\/\/www.tmb.cat\/ca\/linia-de-bus\/-\/bus\/21\" target=\"_blank\" rel=\"noopener noreferrer\">+informaci\u00f3<\/a>)<\/p>\n<p>N1 (Bus Nocturn): Des de la Pla\u00e7a Catalunya o Pla\u00e7a Espanya. (<a class=\"external\" href=\"http:\/\/www.ambmobilitat.cat\/Principales\/TiraLinea.aspx?linea=217\" target=\"_blank\" rel=\"noopener noreferrer\">+informaci\u00f3<\/a>)<\/p>\n<p>&nbsp;<\/p>\n<h3>Altres correspond\u00e8ncies:<\/h3>\n<p><strong>-Rodalies R2 fins el Prat (+2 parades de metro L9)-<img loading=\"lazy\" decoding=\"async\" class=\"rg_i Q4LuWd\" src=\"https:\/\/encrypted-tbn0.gstatic.com\/images?q=tbn:ANd9GcTQVgQ2FlUAnfQOB0sxryHEiQS4UbnzKC4gCw&amp;usqp=CAU\" alt=\"R2 Rodalies \ud83e\udd16 (@rod2cat) \/ Twitter\" width=\"67\" height=\"67\" data-ils=\"4\" \/><\/strong><\/p>\n<p><strong>-Ferrocarrils FGC fins pla\u00e7a Europa- L\u00ednies Llobregat-Anoia<\/strong><strong><img loading=\"lazy\" decoding=\"async\" class=\"r48jcc pT0Scc iPVvYb\" src=\"https:\/\/upload.wikimedia.org\/wikipedia\/commons\/thumb\/c\/cf\/Ferrocarrils_de_la_Generalitat_de_Catalunya_logo_%282019%29.svg\/1200px-Ferrocarrils_de_la_Generalitat_de_Catalunya_logo_%282019%29.svg.png\" alt=\"Ferrocarriles de la Generalidad de Catalu\u00f1a - Wikipedia, la enciclopedia  libre\" width=\"122\" height=\"71\" aria-hidden=\"false\" \/><\/strong><\/p>\n<p><strong> (+ 3 parades metro L9)<\/strong><\/p>\n<table style=\"border-collapse: collapse; width: 100%;\">\n<tbody>\n<tr>\n<td style=\"width: 50%;\">\n<div class=\"w-image align_none\">\n<div class=\"w-image-h\"><img loading=\"lazy\" decoding=\"async\" class=\"attachment-large size-large\" src=\"https:\/\/www.fgc.cat\/wp-content\/uploads\/2020\/06\/icons-45-px-lines-fgc-l-8.png\" alt=\"Logo L8\" width=\"45\" height=\"45\" \/><\/div>\n<\/div>\n<div class=\"w-text us_custom_7e2c19ef has_text_color\"><a class=\"w-text-h\" href=\"https:\/\/www.fgc.cat\/xarxa-fgc\/l-llobregat-anoia\/l8-barcelona-placa-espanya-moli-nou\/\"><span class=\"w-text-value\">Barcelona Pl.Espanya \u2013 Mol\u00ed Nou<\/span><\/a><\/div>\n<\/td>\n<td style=\"width: 50%;\">\n<div class=\"w-hwrapper us_custom_5fe7000a align_none valign_middle\">\n<div class=\"w-image align_none\">\n<div class=\"w-image-h\"><img loading=\"lazy\" decoding=\"async\" class=\"attachment-large size-large\" src=\"https:\/\/www.fgc.cat\/wp-content\/uploads\/2020\/06\/icons-45-px-lines-fgc-s-3.png\" alt=\"Logo S3\" width=\"45\" height=\"45\" \/><\/div>\n<\/div>\n<div class=\"w-text us_custom_7e2c19ef has_text_color\"><a class=\"w-text-h\" href=\"https:\/\/www.fgc.cat\/xarxa-fgc\/l-llobregat-anoia\/s3-barcelona-placa-espanya-can-ros\/\"><span class=\"w-text-value\">Barcelona Pl. Espanya \u2013 Can Ros<\/span><\/a><\/div>\n<\/div>\n<\/td>\n<\/tr>\n<tr>\n<td style=\"width: 50%;\">\n<div class=\"w-hwrapper us_custom_5fe7000a align_none valign_middle\">\n<div class=\"w-image align_none\">\n<div class=\"w-image-h\"><img loading=\"lazy\" decoding=\"async\" class=\"attachment-large size-large\" src=\"https:\/\/www.fgc.cat\/wp-content\/uploads\/2020\/06\/icons-45-px-lines-fgc-s-4.png\" alt=\"Logo S4\" width=\"45\" height=\"45\" \/><\/div>\n<\/div>\n<div class=\"w-text us_custom_7e2c19ef has_text_color\"><a class=\"w-text-h\" href=\"https:\/\/www.fgc.cat\/xarxa-fgc\/l-llobregat-anoia\/s4-barcelona-placa-espanya-olesa-de-montserrat\/\"><span class=\"w-text-value\">Barcelona Pl.Espanya \u2013 Olesa de Montserrat<\/span><\/a><\/div>\n<\/div>\n<\/td>\n<td style=\"width: 50%;\">\n<div class=\"w-hwrapper us_custom_5fe7000a align_none valign_middle\">\n<div class=\"w-image align_none\">\n<div class=\"w-image-h\"><img loading=\"lazy\" decoding=\"async\" class=\"attachment-large size-large\" src=\"https:\/\/www.fgc.cat\/wp-content\/uploads\/2020\/06\/icons-45-px-lines-fgc-s-8.png\" alt=\"Logo S8\" width=\"45\" height=\"45\" \/><\/div>\n<\/div>\n<div class=\"w-text us_custom_7e2c19ef has_text_color\"><a class=\"w-text-h\" href=\"https:\/\/www.fgc.cat\/xarxa-fgc\/l-llobregat-anoia\/s8-barcelona-placa-espanya-martorell-enllac\/\"><span class=\"w-text-value\">Barcelona Pl.Espanya \u2013 Martorell-Enlla\u00e7<\/span><\/a><\/div>\n<\/div>\n<div class=\"vc_empty_space\"><\/div>\n<\/td>\n<\/tr>\n<tr>\n<td style=\"width: 50%;\">\n<div class=\"w-hwrapper us_custom_5fe7000a align_none valign_middle\">\n<div class=\"w-image align_none\">\n<div class=\"w-image-h\"><img loading=\"lazy\" decoding=\"async\" class=\"attachment-large size-large\" src=\"https:\/\/www.fgc.cat\/wp-content\/uploads\/2020\/06\/icons-45-px-lines-fgc-s-9.png\" alt=\"Logo S9\" width=\"45\" height=\"45\" \/><\/div>\n<\/div>\n<div class=\"w-text us_custom_7e2c19ef has_text_color\"><a class=\"w-text-h\" href=\"https:\/\/www.fgc.cat\/xarxa-fgc\/l-llobregat-anoia\/s9-barcelona-placa-espanya-quatre-camins\/\"><span class=\"w-text-value\">Barcelona Pl. Espanya \u2013 Quatre Camins<\/span><\/a><\/div>\n<\/div>\n<div class=\"vc_empty_space\"><\/div>\n<\/td>\n<td style=\"width: 50%;\">\n<div class=\"w-hwrapper us_custom_5fe7000a align_none valign_middle\">\n<div class=\"w-image align_none\">\n<div class=\"w-image-h\"><img loading=\"lazy\" decoding=\"async\" class=\"attachment-large size-large\" src=\"https:\/\/www.fgc.cat\/wp-content\/uploads\/2020\/06\/icons-45-px-lines-fgc-r-5.png\" alt=\"Logo R5\" width=\"45\" height=\"45\" \/><\/div>\n<\/div>\n<div class=\"w-text us_custom_7e2c19ef has_text_color\"><a class=\"w-text-h\" href=\"https:\/\/www.fgc.cat\/xarxa-fgc\/l-llobregat-anoia\/r5-barcelona-placa-espanya-manresa\/\"><span class=\"w-text-value\">Barcelona Pl.Espanya \u2013 Manresa<\/span><\/a><\/div>\n<\/div>\n<\/td>\n<\/tr>\n<tr>\n<td style=\"width: 50%;\">\n<div class=\"w-hwrapper us_custom_5fe7000a align_none valign_middle\">\n<div class=\"w-image align_none\">\n<div class=\"w-image-h\"><img loading=\"lazy\" decoding=\"async\" class=\"attachment-large size-large\" src=\"https:\/\/www.fgc.cat\/wp-content\/uploads\/2020\/06\/icons-45-px-lines-fgc-r-50.png\" alt=\"Logo R50\" width=\"45\" height=\"45\" \/><\/div>\n<\/div>\n<div class=\"w-text us_custom_7e2c19ef has_text_color\"><a class=\"w-text-h\" href=\"https:\/\/www.fgc.cat\/xarxa-fgc\/l-llobregat-anoia\/r50-barcelona-placa-espanya-manresa\/\"><span class=\"w-text-value\">Barcelona Pl.Espanya \u2013 Manresa<\/span><\/a><\/div>\n<\/div>\n<\/td>\n<td style=\"width: 50%;\">\n<div class=\"w-hwrapper us_custom_5fe7000a align_none valign_middle\">\n<div class=\"w-image align_none\">\n<div class=\"w-image-h\"><img loading=\"lazy\" decoding=\"async\" class=\"attachment-large size-large\" src=\"https:\/\/www.fgc.cat\/wp-content\/uploads\/2020\/06\/icons-45-px-lines-fgc-r-6.png\" alt=\"Logo R6\" width=\"45\" height=\"45\" \/><\/div>\n<\/div>\n<div class=\"w-text us_custom_7e2c19ef has_text_color\"><a class=\"w-text-h\" href=\"https:\/\/www.fgc.cat\/xarxa-fgc\/l-llobregat-anoia\/r6-barcelona-placa-espanya-igualada\/\"><span class=\"w-text-value\">Barcelona Pl.Espanya \u2013 Igualada<\/span><\/a><\/div>\n<\/div>\n<div class=\"vc_empty_space\"><\/div>\n<\/td>\n<\/tr>\n<\/tbody>\n<\/table>\n<div class=\"w-hwrapper us_custom_5fe7000a align_none valign_middle\">\n<div class=\"w-image align_none\">\n<div class=\"w-image-h\"><img loading=\"lazy\" decoding=\"async\" class=\"attachment-large size-large\" src=\"https:\/\/www.fgc.cat\/wp-content\/uploads\/2020\/06\/icons-45-px-lines-fgc-r-60.png\" alt=\"Logo R60\" width=\"45\" height=\"45\" \/><\/div>\n<\/div>\n<div class=\"w-text us_custom_7e2c19ef has_text_color\"><a class=\"w-text-h\" href=\"https:\/\/www.fgc.cat\/xarxa-fgc\/l-llobregat-anoia\/r60-barcelona-placa-espanya-igualada\/\"><span class=\"w-text-value\">Barcelona Pl.Espanya \u2013 Igualada<\/span><\/a><\/div>\n<\/div>\n<p>&nbsp;<\/p>\n<p><strong>Seu 1:<\/strong><br \/>\nC\/ Major de Mercabarna 76<br \/>\n08040 Barcelona<br \/>\n<iframe loading=\"lazy\" style=\"border: 0;\" src=\"https:\/\/www.google.com\/maps\/embed?pb=!1m14!1m8!1m3!1d2995.966413303637!2d2.1124254!3d41.3313437!3m2!1i1024!2i768!4f13.1!3m3!1m2!1s0x12a49f360135fd69%3A0x78a6796f94cdd576!2sInstitut%20dels%20Aliments%20de%20Barcelona!5e0!3m2!1sca!2ses!4v1669069665558!5m2!1sca!2ses\" width=\"600\" height=\"450\" allowfullscreen=\"allowfullscreen\"><\/iframe><\/p>\n<p><strong>Seu 2:<\/strong><br \/>\nC\/ Longitudinal 4 num 22<br \/>\n08040 Barcelona<br \/>\n<iframe loading=\"lazy\" style=\"border: 0;\" src=\"https:\/\/www.google.com\/maps\/embed?pb=!1m14!1m8!1m3!1d2995.966413303637!2d2.1124254!3d41.3313437!3m2!1i1024!2i768!4f13.1!3m3!1m2!1s0x0%3A0x1c350d02d8baee71!2sInstitut%20dels%20Aliments%20-%20Aula%20Botiga!5e0!3m2!1sca!2ses!4v1669069836605!5m2!1sca!2ses\" width=\"600\" height=\"450\" allowfullscreen=\"allowfullscreen\"><\/iframe><\/p>\n<p><strong>Seu 3:<\/strong><br \/>\nC\/ Major de Mercabarna 110<br \/>\n08040 Barcelona<\/p>\n","protected":false},"excerpt":{"rendered":"<p>Institut dels Aliments de Barcelona<br \/>\n<a href=\"mailto:iabarcelona@xtec.cat\">iabarcelona@xtec.cat<\/a><br \/>\nCom arribar?<br \/>\nAmb transport p\u00fablic<br \/>\nMetro \u00a0 <\/p>\n<p>L\u00ednia 9 sud: La parada de metro Mercabarna es troba a la porta K del recinte. El recorregut de la l\u00ednia va de Zona Universit\u00e0ria fins a la Terminal 1 de l\u2019Aeroport. (<a class=\"external\" href=\"http:\/\/www.tmb.cat\/ca\/l9-sud\"&hellip;  <a href=\"https:\/\/agora.xtec.cat\/iabarcelona\/linstitut\/on-som\/\" title=\"Read On som\">Llegeix m\u00e9s\u00bb<\/a><\/p>\n","protected":false},"author":1,"featured_media":0,"parent":737,"menu_order":10,"comment_status":"closed","ping_status":"closed","template":"page-templates\/side-menu.php","meta":{"_bbp_topic_count":0,"_bbp_reply_count":0,"_bbp_total_topic_count":0,"_bbp_total_reply_count":0,"_bbp_voice_count":0,"_bbp_anonymous_reply_count":0,"_bbp_topic_count_hidden":0,"_bbp_reply_count_hidden":0,"_bbp_forum_subforum_count":0,"footnotes":""},"class_list":["post-21","page","type-page","status-publish","hentry"],"post_mailing_queue_ids":[],"_links":{"self":[{"href":"https:\/\/agora.xtec.cat\/iabarcelona\/wp-json\/wp\/v2\/pages\/21","targetHints":{"allow":["GET"]}}],"collection":[{"href":"https:\/\/agora.xtec.cat\/iabarcelona\/wp-json\/wp\/v2\/pages"}],"about":[{"href":"https:\/\/agora.xtec.cat\/iabarcelona\/wp-json\/wp\/v2\/types\/page"}],"author":[{"embeddable":true,"href":"https:\/\/agora.xtec.cat\/iabarcelona\/wp-json\/wp\/v2\/users\/1"}],"replies":[{"embeddable":true,"href":"https:\/\/agora.xtec.cat\/iabarcelona\/wp-json\/wp\/v2\/comments?post=21"}],"version-history":[{"count":4,"href":"https:\/\/agora.xtec.cat\/iabarcelona\/wp-json\/wp\/v2\/pages\/21\/revisions"}],"predecessor-version":[{"id":12618,"href":"https:\/\/agora.xtec.cat\/iabarcelona\/wp-json\/wp\/v2\/pages\/21\/revisions\/12618"}],"up":[{"embeddable":true,"href":"https:\/\/agora.xtec.cat\/iabarcelona\/wp-json\/wp\/v2\/pages\/737"}],"wp:attachment":[{"href":"https:\/\/agora.xtec.cat\/iabarcelona\/wp-json\/wp\/v2\/media?parent=21"}],"curies":[{"name":"wp","href":"https:\/\/api.w.org\/{rel}","templated":true}]}}