{"id":2710,"date":"2022-10-21T13:32:44","date_gmt":"2022-10-21T11:32:44","guid":{"rendered":"https:\/\/agora.xtec.cat\/escsantnicolau\/?page_id=2710"},"modified":"2022-10-21T13:48:51","modified_gmt":"2022-10-21T11:48:51","slug":"ajudam-a-creixer-cicle-inicial","status":"publish","type":"page","link":"https:\/\/agora.xtec.cat\/escsantnicolau\/lescola\/ajudam-a-creixer-cicle-inicial\/","title":{"rendered":"Ajuda\u2019m a cr\u00e9ixer"},"content":{"rendered":"<p><strong><u>Ajuda\u2019m a cr\u00e9ixer. Cicle Inicial.<\/u><\/strong><\/p>\n<p>Mares i pares, \u00e0vies i avis, tietes i tiets, al llarg d\u2019aquests dos anys m\u2019heu d\u2019ajudar a<\/p>\n<p>SER RESPONSABLE DE:<\/p>\n<p>\u2013\u00a0\u00a0\u00a0\u00a0\u00a0\u00a0\u00a0\u00a0\u00a0\u00a0\u00a0\u00a0\u00a0 La motxilla i el material escolar,\u00a0 i a portar l\u2019equip d\u2019educaci\u00f3 f\u00edsica i l\u2019esmorzar.<\/p>\n<p>A SABER FER:<\/p>\n<p>\u2013\u00a0\u00a0\u00a0\u00a0\u00a0\u00a0\u00a0\u00a0\u00a0\u00a0\u00a0\u00a0\u00a0 Vestir-me i despullar-me sol, cordar-me les sabates tot\/a sol\/a, menjar de tot i utilitzar els coberts correctament en un temps adequat.<\/p>\n<p>\u2013\u00a0\u00a0\u00a0\u00a0\u00a0\u00a0\u00a0\u00a0\u00a0\u00a0\u00a0\u00a0\u00a0 Dormir a la meva habitaci\u00f3 de a deu hores cada dia.<\/p>\n<p>\u2013\u00a0\u00a0\u00a0\u00a0\u00a0\u00a0\u00a0\u00a0\u00a0\u00a0\u00a0\u00a0\u00a0 A deixar la roba ben posada i al lloc que li correspongui.<\/p>\n<p>\u2013\u00a0\u00a0\u00a0\u00a0\u00a0\u00a0\u00a0\u00a0\u00a0\u00a0\u00a0\u00a0\u00a0 Endre\u00e7ar les joguines despr\u00e9s de jugar sense que ning\u00fa m\u2019ho demani.<\/p>\n<p>\u2013\u00a0\u00a0\u00a0\u00a0\u00a0\u00a0\u00a0\u00a0\u00a0\u00a0\u00a0\u00a0\u00a0 Col\u00b7laborar en les tasques de casa.<\/p>\n<p>\u2013\u00a0\u00a0\u00a0\u00a0\u00a0\u00a0\u00a0\u00a0\u00a0\u00a0\u00a0\u00a0\u00a0 A ser amable i demanar les coses \u201csi us plau\u201d i donar les \u201cgr\u00e0cies\u201d.<\/p>\n<p>\u2013\u00a0\u00a0\u00a0\u00a0\u00a0\u00a0\u00a0\u00a0\u00a0\u00a0\u00a0\u00a0\u00a0 Aprendre\u2019m la meva adre\u00e7a i els tel\u00e8fons dels pares.<\/p>\n<p>\u2013\u00a0\u00a0\u00a0\u00a0\u00a0\u00a0\u00a0\u00a0\u00a0\u00a0\u00a0\u00a0\u00a0 A fer-me responsable dels deures disposant d\u2019un espai de treball on pugui estar tranquil\/la, ben il\u00b7luminat i amb els estris necessaris per realitzar-los.<\/p>\n<p>\u2013\u00a0\u00a0\u00a0\u00a0\u00a0\u00a0\u00a0\u00a0\u00a0\u00a0\u00a0\u00a0\u00a0 A ser cur\u00f3s\/a i a recordar-me de les informacions de l\u2019escola.<\/p>\n<p>\u2013\u00a0\u00a0\u00a0\u00a0\u00a0\u00a0\u00a0\u00a0\u00a0\u00a0\u00a0\u00a0\u00a0 A anar a l\u2019escola amb un vestuari c\u00f2mode i adequat, ben cal\u00e7at i sense complements que em puguin distreure.<\/p>\n<p><strong>Ajuda\u2019m a cr\u00e9ixer. Cicle Mitj\u00e0.<\/strong><\/p>\n<p>Pares i mares, avis i \u00e0vies, tietes i tiets, al llarg d\u2019aquests dos anys m\u2019heu d\u2019ajudar a ASSOLIR ELS H\u00c0BITS seg\u00fcents\u2026<\/p>\n<p>\u2013\u00a0\u00a0\u00a0\u00a0\u00a0\u00a0\u00a0\u00a0\u00a0\u00a0\u00a0\u00a0\u00a0 He d\u2019aprendre a organitzar-me correctament la carpeta. No cal que me l\u2019ordeneu vosaltres perqu\u00e8 llavors no ho sabr\u00e9 fer sol\/a. Ajuda\u2019m a aprendre\u2019n, gr\u00e0cies.<\/p>\n<p>\u2013\u00a0\u00a0\u00a0\u00a0\u00a0\u00a0\u00a0\u00a0\u00a0\u00a0\u00a0\u00a0\u00a0 A partit de 3r ja necessito el meu estoig personal de treball. \u00c9s important que aprengui a revisar el material per tenir-lo a punt a l\u2019hora de treballar i renovar tot all\u00f2 que falti.<\/p>\n<p>\u2013\u00a0\u00a0\u00a0\u00a0\u00a0\u00a0\u00a0\u00a0\u00a0\u00a0\u00a0\u00a0\u00a0 A casa he de tenir un horari per poder-lo mirar cada dia, aix\u00ed sabr\u00e9 qu\u00e8 haig de portar cada dia a la meva motxilla i quan he de preparar l\u2019equipament d\u2019educaci\u00f3 f\u00edsica.<\/p>\n<p>\u2013\u00a0\u00a0\u00a0\u00a0\u00a0\u00a0\u00a0\u00a0\u00a0\u00a0\u00a0\u00a0\u00a0 Per tal que aprengui a organitzar-me el material, veureu que tot t\u00e9 etiquetes amb el meu nom i si no en t\u00e9 demanar-ho al tutor\/a.<\/p>\n<p>\u2013\u00a0\u00a0\u00a0\u00a0\u00a0\u00a0\u00a0\u00a0\u00a0\u00a0\u00a0\u00a0\u00a0 L\u2019equipament d\u2019educaci\u00f3 f\u00edsica, aix\u00ed com jaquetes i abrics els he de portar marcats amb el nom i si tinc una veta llarga ho podr\u00e9 penjar millor.<\/p>\n<p>\u2013\u00a0\u00a0\u00a0\u00a0\u00a0\u00a0\u00a0\u00a0\u00a0\u00a0\u00a0\u00a0\u00a0 No cal que em recordeu els deures que he de fer. Recordeu-me que miri l\u2019agenda, ja que tot ha d\u2019estar apuntat. He d\u2019aprendre a fer-me responsable. Si no faig els deures, a l\u2019escola ja em recordaran quines s\u00f3n les meves obligacions.<\/p>\n<p>\u2013\u00a0\u00a0\u00a0\u00a0\u00a0\u00a0\u00a0\u00a0\u00a0\u00a0\u00a0\u00a0\u00a0 Els deures s\u00f3n tasques que ja hem treballat a l\u2019escola i els he de saber fer sol\/a. Si tinc algun dubte ja us ho preguntar\u00e9.<\/p>\n<p>\u2013\u00a0\u00a0\u00a0\u00a0\u00a0\u00a0\u00a0\u00a0\u00a0\u00a0\u00a0\u00a0\u00a0 \u00c9s important trobar un lloc tranquil a casa per tal de realitzar els deures amb l\u2019atenci\u00f3 adequada.<\/p>\n<p>\u2013\u00a0\u00a0\u00a0\u00a0\u00a0\u00a0\u00a0\u00a0\u00a0\u00a0\u00a0\u00a0\u00a0 Deixeu-me portar la meva motxilla, carpeta o material d\u2019educaci\u00f3 f\u00edsica, \u00e9s la meva responsabilitat.<\/p>\n<p><strong>Ajuda\u2019m a cr\u00e9ixer. Cicle Superior.<\/strong><\/p>\n<p>Pares i mares, avis i \u00e0vies, tietes i tiets, al llarg d\u2019aquests dos anys m\u2019heu d\u2019ajudar a ASSOLIR ELS H\u00c0BITS seg\u00fcents\u2026<\/p>\n<p>\u2013\u00a0\u00a0\u00a0\u00a0\u00a0\u00a0\u00a0\u00a0\u00a0\u00a0\u00a0\u00a0\u00a0 Potenciar el meu esfor\u00e7 i dedicaci\u00f3 a la feina de l\u2019escola i a complir amb les meves obligacions.<\/p>\n<p>\u2013\u00a0\u00a0\u00a0\u00a0\u00a0\u00a0\u00a0\u00a0\u00a0\u00a0\u00a0\u00a0\u00a0 Acostumar-me a preguntar els dubtes que tinc, i assegurar-me que he ent\u00e8s b\u00e9 all\u00f2 que he de fer.<\/p>\n<p>\u2013\u00a0\u00a0\u00a0\u00a0\u00a0\u00a0\u00a0\u00a0\u00a0\u00a0\u00a0\u00a0\u00a0 Estar atent\/a, i aprofitar el temps.<\/p>\n<p>\u2013\u00a0\u00a0\u00a0\u00a0\u00a0\u00a0\u00a0\u00a0\u00a0\u00a0\u00a0\u00a0\u00a0 Fer les coses que toquen, estar en silenci i ajudar sempre que calgui.<\/p>\n<p>\u2013\u00a0\u00a0\u00a0\u00a0\u00a0\u00a0\u00a0\u00a0\u00a0\u00a0\u00a0\u00a0\u00a0 Comportar-me b\u00e9 i amb educaci\u00f3.<\/p>\n<p>\u2013\u00a0\u00a0\u00a0\u00a0\u00a0\u00a0\u00a0\u00a0\u00a0\u00a0\u00a0\u00a0\u00a0 Reflexionar sobre el que ha passat si arriben notes de l\u2019Escola.<\/p>\n<p>\u2013\u00a0\u00a0\u00a0\u00a0\u00a0\u00a0\u00a0\u00a0\u00a0\u00a0\u00a0\u00a0\u00a0 No esperar que em justifiqueu quan no compleixi amb les meves responsabilitats: fer els deures, estudiar, portar el material i dossiers necessaris per fer la classe\u2026<\/p>\n<p>\u2013\u00a0\u00a0\u00a0\u00a0\u00a0\u00a0\u00a0\u00a0\u00a0\u00a0\u00a0\u00a0\u00a0 Fer un bon \u00fas, amb el vostre ajut, de l\u2019ordinador, d\u2019Internet i del tel\u00e8fon.<\/p>\n<p>\u2013\u00a0\u00a0\u00a0\u00a0\u00a0\u00a0\u00a0\u00a0\u00a0\u00a0\u00a0\u00a0\u00a0 Dormir prou per descansar les hores necess\u00e0ries ( 10 hores aproximadament ).<\/p>\n<p>\u2013\u00a0\u00a0\u00a0\u00a0\u00a0\u00a0\u00a0\u00a0\u00a0\u00a0\u00a0\u00a0\u00a0 Planificar la setmana per fer els deures i treballs a l\u2019agenda. Si em reviseu l\u2019agenda de tant en tant, estareu assabentats de la feina que tinc.<\/p>\n<p>\u2013\u00a0\u00a0\u00a0\u00a0\u00a0\u00a0\u00a0\u00a0\u00a0\u00a0\u00a0\u00a0\u00a0 Aprendre que hi ha aspectes sobre els quals els adults teniu l\u2019\u00faltima paraula i que no es poden negociar. Hi ha d\u2019altres aspectes, per\u00f2, que en podem parlar i arribar a acords.<\/p>\n<p>\u2013\u00a0\u00a0\u00a0\u00a0\u00a0\u00a0\u00a0\u00a0\u00a0\u00a0\u00a0\u00a0\u00a0 Posar molta atenci\u00f3 quan m\u2019ensenyeu els l\u00edmits.<\/p>\n","protected":false},"excerpt":{"rendered":"<p>Ajuda\u2019m a cr\u00e9ixer. Cicle Inicial.<br \/>\nMares i pares, \u00e0vies i avis, tietes i tiets, al llarg d\u2019aquests dos anys m\u2019heu d\u2019ajudar a<br \/>\nSER RESPONSABLE DE:<br \/>\n\u2013\u00a0\u00a0\u00a0\u00a0\u00a0\u00a0\u00a0\u00a0\u00a0\u00a0\u00a0\u00a0\u00a0 La motxilla i el material escolar,\u00a0 i a portar l\u2019equip d\u2019educaci\u00f3 f\u00edsica i l\u2019esmorzar.<br \/>\nA SABER FER:<br \/>\n\u2013\u00a0\u00a0\u00a0\u00a0\u00a0\u00a0\u00a0\u00a0\u00a0\u00a0\u00a0\u00a0\u00a0 Vestir-me i despullar-me sol, cordar-me les&hellip;  <a href=\"https:\/\/agora.xtec.cat\/escsantnicolau\/lescola\/ajudam-a-creixer-cicle-inicial\/\" title=\"Read Ajuda\u2019m a cr\u00e9ixer\">Llegeix m\u00e9s\u00bb<\/a><\/p>\n","protected":false},"author":1,"featured_media":0,"parent":22,"menu_order":0,"comment_status":"closed","ping_status":"closed","template":"","meta":{"_bbp_topic_count":0,"_bbp_reply_count":0,"_bbp_total_topic_count":0,"_bbp_total_reply_count":0,"_bbp_voice_count":0,"_bbp_anonymous_reply_count":0,"_bbp_topic_count_hidden":0,"_bbp_reply_count_hidden":0,"_bbp_forum_subforum_count":0,"footnotes":""},"class_list":["post-2710","page","type-page","status-publish","hentry"],"post_mailing_queue_ids":[],"_links":{"self":[{"href":"https:\/\/agora.xtec.cat\/escsantnicolau\/wp-json\/wp\/v2\/pages\/2710","targetHints":{"allow":["GET"]}}],"collection":[{"href":"https:\/\/agora.xtec.cat\/escsantnicolau\/wp-json\/wp\/v2\/pages"}],"about":[{"href":"https:\/\/agora.xtec.cat\/escsantnicolau\/wp-json\/wp\/v2\/types\/page"}],"author":[{"embeddable":true,"href":"https:\/\/agora.xtec.cat\/escsantnicolau\/wp-json\/wp\/v2\/users\/1"}],"replies":[{"embeddable":true,"href":"https:\/\/agora.xtec.cat\/escsantnicolau\/wp-json\/wp\/v2\/comments?post=2710"}],"version-history":[{"count":2,"href":"https:\/\/agora.xtec.cat\/escsantnicolau\/wp-json\/wp\/v2\/pages\/2710\/revisions"}],"predecessor-version":[{"id":2712,"href":"https:\/\/agora.xtec.cat\/escsantnicolau\/wp-json\/wp\/v2\/pages\/2710\/revisions\/2712"}],"up":[{"embeddable":true,"href":"https:\/\/agora.xtec.cat\/escsantnicolau\/wp-json\/wp\/v2\/pages\/22"}],"wp:attachment":[{"href":"https:\/\/agora.xtec.cat\/escsantnicolau\/wp-json\/wp\/v2\/media?parent=2710"}],"curies":[{"name":"wp","href":"https:\/\/api.w.org\/{rel}","templated":true}]}}