{"id":896,"date":"2022-02-05T15:41:26","date_gmt":"2022-02-05T14:41:26","guid":{"rendered":"https:\/\/agora.xtec.cat\/escolaverntallat\/?page_id=896"},"modified":"2023-11-12T19:11:43","modified_gmt":"2023-11-12T18:11:43","slug":"ampa","status":"publish","type":"page","link":"https:\/\/agora.xtec.cat\/escolaverntallat\/ampa\/","title":{"rendered":"AFA"},"content":{"rendered":"<p><span style=\"text-decoration: underline;\"><strong><a href=\"https:\/\/agora.xtec.cat\/escolaverntallat\/wp-content\/uploads\/usu2647\/2022\/11\/Logo_Afa-e1669390317144.jpeg\"><img loading=\"lazy\" decoding=\"async\" class=\"alignnone wp-image-1536\" src=\"https:\/\/agora.xtec.cat\/escolaverntallat\/wp-content\/uploads\/usu2647\/2022\/11\/Logo_Afa-e1669390317144-1024x446.jpeg\" alt=\"\" width=\"156\" height=\"68\" srcset=\"https:\/\/agora.xtec.cat\/escolaverntallat\/wp-content\/uploads\/usu2647\/2022\/11\/Logo_Afa-e1669390317144-1024x446.jpeg 1024w, https:\/\/agora.xtec.cat\/escolaverntallat\/wp-content\/uploads\/usu2647\/2022\/11\/Logo_Afa-e1669390317144-300x131.jpeg 300w, https:\/\/agora.xtec.cat\/escolaverntallat\/wp-content\/uploads\/usu2647\/2022\/11\/Logo_Afa-e1669390317144-768x335.jpeg 768w, https:\/\/agora.xtec.cat\/escolaverntallat\/wp-content\/uploads\/usu2647\/2022\/11\/Logo_Afa-e1669390317144.jpeg 1063w\" sizes=\"auto, (max-width: 156px) 100vw, 156px\" \/><\/a><\/strong><\/span><\/p>\n<h3><span style=\"color: #000080;\"><strong>L&#8217;AFA<\/strong><\/span><\/h3>\n<p>L&#8217;Associaci\u00f3 de Fam\u00edlies\u00a0 (AFA) de l&#8217;Escola Verntallat est\u00e0 formada per totes les fam\u00edlies dels alumnes de l&#8217;Escola Verntallat. Si voleu tenir una mica m\u00e9s d&#8217;informaci\u00f3 podeu accedir al seg\u00fcent <a href=\"https:\/\/agora.xtec.cat\/escolaverntallat\/wp-content\/uploads\/usu2647\/2023\/11\/Que-es-una-AFA-2023-24.pdf\" target=\"_blank\" rel=\"noopener\"><span style=\"color: #0000ff;\">document<\/span>.<\/a><\/p>\n<p>Les reunions per poder parlar i organitzar les tasques es fan el primer dijous de cada m\u00e9s a les 21:00 del vespre. Per motius de la pand\u00e8mia, aquest curs les fem telem\u00e0tiques, per\u00f2 esperem que ben aviat puguem tornar a fer-les presencials a l&#8217;escola.<\/p>\n<p>No cal dir, que tots hi esteu convidats.<\/p>\n<p>Mentre es facin les reunions telem\u00e0tiques, si voleu rebre l&#8217;enlla\u00e7 a la reuni\u00f3, envieu un correu a<span style=\"color: #0000ff;\"> <a style=\"color: #0000ff;\" href=\"mailto:infoafaverntallat@gmail.com\"><span style=\"color: #0000ff;\">infoafaverntallat@gmail.com<\/span><\/a>.<\/span><\/p>\n<p>Un dels projectes de comunicaci\u00f3 entre les fam\u00edlies \u00e9s el Projecte de pares delegats, un sistema de comunicaci\u00f3 entre les fam\u00edlies, l&#8217;AFA i l&#8217;escola que ja fa uns quants anys que est\u00e0 en funcionament. Si en voleu tenir m\u00e9s informaci\u00f3, cliqueu sobre el seg\u00fcent<a href=\"https:\/\/agora.xtec.cat\/escolaverntallat\/wp-content\/uploads\/usu2647\/2023\/11\/2023-24_Projecte_pares-i-mares_delegades.pdf\" target=\"_blank\" rel=\"noopener\"><span style=\"color: #0000ff;\"> document<\/span>.<\/a><\/p>\n<h3><span style=\"color: #000080;\">DOCUMENTS DE FUNCIONAMENT\u00a0<\/span><\/h3>\n<p>En aquest apartat, trobareu tots els documents necessaris per poder inscriure, donar de baixa, canviar dades, &#8230; dels diferents serveis que ofereix l&#8217;AFA.<\/p>\n<ul>\n<li style=\"list-style-type: none;\">\n<ul>\n<li>Documents d&#8217;inscripcions:\n<ul>\n<li><span style=\"color: #0000ff;\"><a style=\"color: #0000ff;\" href=\"https:\/\/agora.xtec.cat\/escolaverntallat\/wp-content\/uploads\/usu2647\/2023\/11\/Full-d_alta-menjador-2023-24.pdf\" target=\"_blank\" rel=\"noopener\"><span style=\"color: #0000ff;\">Inscripci\u00f3<\/span> <span style=\"color: #0000ff;\">al menjador<\/span><\/a><\/span><\/li>\n<li><span style=\"color: #0000ff;\"><a style=\"color: #0000ff;\" href=\"https:\/\/agora.xtec.cat\/escolaverntallat\/wp-content\/uploads\/usu2647\/2023\/11\/Full-inscripcio-acollida-2023-24.pdf\" target=\"_blank\" rel=\"noopener\"><span style=\"color: #0000ff;\">Inscripci\u00f3 acollida<\/span><\/a><\/span><\/li>\n<\/ul>\n<\/li>\n<li>Documents de baixa\n<ul>\n<li><span style=\"color: #0000ff;\"><a style=\"color: #0000ff;\" href=\"https:\/\/agora.xtec.cat\/escolaverntallat\/wp-content\/uploads\/usu2647\/2023\/11\/Baixa-Menjador-2023-24.pdf\" target=\"_blank\" rel=\"noopener\"><span style=\"color: #0000ff;\">Baixa<\/span> <span style=\"color: #0000ff;\">de menjador<\/span><\/a><\/span><\/li>\n<\/ul>\n<\/li>\n<li>Canvis de dades\n<ul>\n<li><span style=\"color: #0000ff;\"><a style=\"color: #0000ff;\" href=\"https:\/\/agora.xtec.cat\/escolaverntallat\/wp-content\/uploads\/usu2647\/2023\/11\/Canvi-numero-de-compte-Extraescolars-2023-24.pdf\" target=\"_blank\" rel=\"noopener\"><span style=\"color: #0000ff;\">Canvi<\/span> <span style=\"color: #0000ff;\">de n\u00famero<\/span> <span style=\"color: #0000ff;\">de compte<\/span><\/a><\/span><\/li>\n<\/ul>\n<\/li>\n<li>Gesti\u00f3 de dades\n<ul>\n<li><span style=\"color: #0000ff;\"><a style=\"color: #0000ff;\" href=\"https:\/\/agora.xtec.cat\/escolaverntallat\/wp-content\/uploads\/usu2647\/2023\/11\/Drets-d_imatge_2023-24-.pdf\" target=\"_blank\" rel=\"noopener\"><span style=\"color: #0000ff;\">Drets d&#8217;imatge<\/span><\/a><\/span><\/li>\n<\/ul>\n<\/li>\n<\/ul>\n<\/li>\n<\/ul>\n<p>Si us voleu posar en contacte amb nosaltres teniu diferents vies:<\/p>\n<p>Envieu un correu a <span style=\"color: #0000ff;\"><a style=\"color: #0000ff;\" href=\"mailto:extraescolarsverntallat@gmail.com\"><span style=\"color: #0000ff;\">extraescolarsverntallat@gmail.com<\/span><\/a><\/span> si teniu qualsevol consulta relacionada amb les extraescolars: Noves altes, baixes, dubtes o informaci\u00f3 de les activitats, &#8230;<\/p>\n<p>Si teniu qualsevol consulta relacionada amb temes administratius ja sigui\u00a0 informaci\u00f3\/reclamaci\u00f3 de rebuts, canvis n\u00famero de compte, altes i baixes de menjador i\/o\u00a0 acollida podeu enviar un correu electr\u00f2nic a\u00a0<span style=\"color: #0000ff;\"><a style=\"color: #0000ff;\" href=\"mailto:afaverntallat@gmail.com\"><span style=\"color: #0000ff;\">afaverntallat@gmail.com<\/span><\/a><\/span> o trucar al tel\u00e8fon <span style=\"font-family: inherit; font-size: 1em;\">618.642.360.\u00a0<\/span><\/p>\n<p>A m\u00e9s, tamb\u00e9 tenim el correu <a href=\"mailto:infoafaverntallat@gmail.com\"><span style=\"color: #0000ff;\">infoafaverntallat@gmail.com<\/span><\/a>, per tal de demanar:<\/p>\n<ul>\n<li style=\"list-style-type: none;\">\n<ul>\n<li><span style=\"font-family: inherit; font-size: 1em;\">Informaci\u00f3 general d&#8217;AFA ( protocols, funcionament AFA, reunions i com formar-ne part )<\/span><\/li>\n<li>Documents que cal omplir anualment ( drets d&#8217;imatge, inscripcions acollides i menjador)<\/li>\n<li>Consultes de les informacions que es passen via WhatsApp a trav\u00e9s dels delegats de cada curs<\/li>\n<li>Consultes o dubtes sobre els men\u00fas de menjador<\/li>\n<li>Qualsevol proposta o problema que us pugueu trobar a nivell de funcionament.<\/li>\n<\/ul>\n<\/li>\n<\/ul>\n<p>Pel correcte funcionament de l&#8217;AFA, ens organitzem en comissions que preparen totes les diferents tasques.<\/p>\n<h3><span style=\"color: #000080;\"><strong>LES COMISSIONS<\/strong><\/span><\/h3>\n<p>El llistat de les diferents comissions, juntament amb les seves tasques, \u00e9s el seg\u00fcent (cliqueu per veure la informaci\u00f3):<\/p>\n<ul>\n<li style=\"list-style-type: none;\">\n<ul>\n<li><span style=\"color: #0000ff;\"><a style=\"color: #0000ff;\" href=\"https:\/\/agora.xtec.cat\/escolaverntallat\/wp-content\/uploads\/usu2647\/2023\/11\/Comissio-Extraescolars-23-24.pdf\"><span style=\"color: #0000ff;\">Comissi\u00f3<\/span> <span style=\"color: #0000ff;\">d&#8217;extraescolars<\/span><\/a><\/span><\/li>\n<li><span style=\"color: #0000ff;\"><a style=\"color: #0000ff;\" href=\"https:\/\/agora.xtec.cat\/escolaverntallat\/wp-content\/uploads\/usu2647\/2023\/11\/Comissio-de-festes-23-24.pdf\"><span style=\"color: #0000ff;\">Comissi\u00f3 de festes<\/span><\/a><\/span><\/li>\n<li><span style=\"color: #0000ff;\"><a style=\"color: #0000ff;\" href=\"https:\/\/agora.xtec.cat\/escolaverntallat\/wp-content\/uploads\/usu2647\/2023\/11\/Comissio-de-menjador-23-24.pdf\"><span style=\"color: #0000ff;\">Comissi\u00f3 de menjador<\/span><\/a><\/span><\/li>\n<li><span style=\"color: #0000ff;\"><a style=\"color: #0000ff;\" href=\"https:\/\/agora.xtec.cat\/escolaverntallat\/wp-content\/uploads\/usu2647\/2023\/11\/Comissio-pedagogica-23-24.pdf\"><span style=\"color: #0000ff;\">Comissi\u00f3 pedag\u00f2gica<\/span><\/a><\/span><\/li>\n<li><a href=\"https:\/\/agora.xtec.cat\/escolaverntallat\/wp-content\/uploads\/usu2647\/2023\/11\/Comissio-de-socialitzacio-23-24.pdf\"><span style=\"color: #0000ff;\">Comissi\u00f3 de socialitzaci\u00f3<\/span><\/a><\/li>\n<\/ul>\n<\/li>\n<\/ul>\n<h3><span style=\"color: #000080;\">ELS MENUS<\/span><\/h3>\n<p>El menjador \u00e9s un moment molt important del dia i \u00e9s per aquest motiu que l&#8217;AFA es preocupa per aquest temps. Un aspecte clau d&#8217;aquest temps \u00e9s el menjar que servim als nostres fills.<\/p>\n<p>El funcionament del menjador queda clarament definit en el seg\u00fcent <span style=\"color: #0000ff;\"><a style=\"color: #0000ff;\" href=\"https:\/\/agora.xtec.cat\/escolaverntallat\/wp-content\/uploads\/usu2647\/2023\/11\/PLA-FUNCIONAMENT-MENJADOR-2023-24.pdf\" target=\"_blank\" rel=\"noopener\">document<\/a><\/span><\/p>\n<p>Us posem el men\u00fa de cada temporada, juntament amb la proposta de sopars corresponents. Recordeu que aquest any, el men\u00fa de primavera comen\u00e7ar\u00e0 el 4 d&#8217;abril.<\/p>\n<ul>\n<li style=\"list-style-type: none;\">\n<ul>\n<li style=\"list-style-type: none;\">\n<ul>\n<li><a href=\"https:\/\/agora.xtec.cat\/escolaverntallat\/wp-content\/uploads\/usu2647\/2023\/11\/MENUS-proposta-sopar-Primavera-Estiu-2023-24.pdf\" target=\"_blank\" rel=\"noopener\"><span style=\"color: #0000ff;\">Men\u00fa de primavera-estiu + propostes de sopar<\/span>.<\/a><\/li>\n<li><a href=\"https:\/\/agora.xtec.cat\/escolaverntallat\/wp-content\/uploads\/usu2647\/2023\/11\/MENUS-proposta-sopar-Tardor-hivern-2023-24.pdf\" target=\"_blank\" rel=\"noopener\"><span style=\"color: #0000ff;\">Men\u00fa de tardor hivern + propostes de sopar<\/span>.<\/a><\/li>\n<\/ul>\n<\/li>\n<\/ul>\n<\/li>\n<\/ul>\n<h3><span style=\"color: #000080;\">ELS XANDALLS<\/span><\/h3>\n<p>Una de les tasques de l&#8217;AMPA, \u00e9s al gesti\u00f3 dels xandalls de l&#8217;escola. En el nostre cas, l&#8217;empresa que se n&#8217;encarrega de fer-los i de gestionar la seva compra \u00e9s <a href=\"https:\/\/www.miasdisseny.com\/\" target=\"_blank\" rel=\"noopener\"><strong>MIA&#8217;S DISSENY.<\/strong><\/a><\/p>\n<p>Us adjuntem un document amb les instruccions per tal de poder comprar-los en el seg\u00fcent <a href=\"https:\/\/agora.xtec.cat\/escolaverntallat\/wp-content\/uploads\/usu2647\/2023\/11\/Compra-xandalls-curs-2023-24.pdf\" target=\"_blank\" rel=\"noopener\"><span style=\"color: #0000ff;\">link<\/span><\/a> i tamb\u00e9 us deixem els preus de l&#8217;equipament esportiu en el seg\u00fcent <a href=\"https:\/\/agora.xtec.cat\/escolaverntallat\/wp-content\/uploads\/usu2647\/2022\/03\/Comanda-pares-2022-23.pdf\" target=\"_blank\" rel=\"noopener\"><span style=\"color: #0000ff;\">enlla\u00e7<\/span><\/a><\/p>\n<p>A m\u00e9s, si teniu qualsevol dubte, els hi podeu fer arribar:<\/p>\n<p style=\"padding-left: 80px;\">Tel\u00e8fon: 972 29 09 16<\/p>\n<p style=\"padding-left: 80px;\">Correu electr\u00f2nic: mia@miasdisseny.com<\/p>\n<h3><span style=\"color: #333399;\">LES FESTES DE L&#8217;AFA<\/span><\/h3>\n<h5>Des de l&#8217;AFA, promovem la celebraci\u00f3 de festes de la nostra escola, com la castanyada i la festa de final de curs. Aqu\u00ed us posem unes quantes fotos d&#8217;aquests dies:<\/h5>\n\r\n\t<div class=\"slideshow_container slideshow_container_style-light\" style=\"height: 300px; \" data-slideshow-id=\"1197\" data-style-name=\"style-light\" data-style-version=\"2.3.1\" >\r\n\r\n\t\t\t\t\t<div class=\"slideshow_loading_icon\"><\/div>\r\n\t\t\r\n\t\t<div class=\"slideshow_content\" style=\"display: none;\">\r\n\r\n\t\t\t<div class=\"slideshow_view\">\r\n\t\t\t\t<div class=\"slideshow_slide slideshow_slide_image\">\r\n\t\t\t\t\t\t\t\t\t\t\t<img src=\"https:\/\/agora.xtec.cat\/escolaverntallat\/wp-content\/uploads\/usu2647\/2022\/04\/20211029_131657.jpg\" alt=\"20211029_131657\" width=\"807\" height=\"392\" \/>\r\n\t\t\t\t\t\t\t\t\t\t<div class=\"slideshow_description_box slideshow_transparent\">\r\n\t\t\t\t\t\t<div class=\"slideshow_title\">20211029_131657<\/div>\t\t\t\t\t\t\t\t\t\t\t<\/div>\r\n\t\t\t\t<\/div>\r\n\r\n\t\t\t\t\t\t<div style=\"clear: both;\"><\/div><\/div><div class=\"slideshow_view\">\r\n\t\t\t\t<div class=\"slideshow_slide slideshow_slide_image\">\r\n\t\t\t\t\t\t\t\t\t\t\t<img src=\"https:\/\/agora.xtec.cat\/escolaverntallat\/wp-content\/uploads\/usu2647\/2022\/04\/20211029_115739.jpg\" alt=\"20211029_115739\" width=\"807\" height=\"392\" \/>\r\n\t\t\t\t\t\t\t\t\t\t<div class=\"slideshow_description_box slideshow_transparent\">\r\n\t\t\t\t\t\t<div class=\"slideshow_title\">20211029_115739<\/div>\t\t\t\t\t\t\t\t\t\t\t<\/div>\r\n\t\t\t\t<\/div>\r\n\r\n\t\t\t\t\t\t<div style=\"clear: both;\"><\/div><\/div><div class=\"slideshow_view\">\r\n\t\t\t\t<div class=\"slideshow_slide slideshow_slide_image\">\r\n\t\t\t\t\t\t\t\t\t\t\t<img src=\"https:\/\/agora.xtec.cat\/escolaverntallat\/wp-content\/uploads\/usu2647\/2022\/04\/20191030_144641.jpg\" alt=\"20191030_144641\" width=\"807\" height=\"392\" \/>\r\n\t\t\t\t\t\t\t\t\t\t<div class=\"slideshow_description_box slideshow_transparent\">\r\n\t\t\t\t\t\t<div class=\"slideshow_title\">20191030_144641<\/div>\t\t\t\t\t\t\t\t\t\t\t<\/div>\r\n\t\t\t\t<\/div>\r\n\r\n\t\t\t\t\t\t<div style=\"clear: both;\"><\/div><\/div><div class=\"slideshow_view\">\r\n\t\t\t\t<div class=\"slideshow_slide slideshow_slide_image\">\r\n\t\t\t\t\t\t\t\t\t\t\t<img src=\"https:\/\/agora.xtec.cat\/escolaverntallat\/wp-content\/uploads\/usu2647\/2022\/04\/20191030_112746.jpg\" alt=\"20191030_112746\" width=\"196\" height=\"404\" \/>\r\n\t\t\t\t\t\t\t\t\t\t<div class=\"slideshow_description_box slideshow_transparent\">\r\n\t\t\t\t\t\t<div class=\"slideshow_title\">20191030_112746<\/div>\t\t\t\t\t\t\t\t\t\t\t<\/div>\r\n\t\t\t\t<\/div>\r\n\r\n\t\t\t\t\t\t<div style=\"clear: both;\"><\/div><\/div><div class=\"slideshow_view\">\r\n\t\t\t\t<div class=\"slideshow_slide slideshow_slide_image\">\r\n\t\t\t\t\t\t\t\t\t\t\t<img src=\"https:\/\/agora.xtec.cat\/escolaverntallat\/wp-content\/uploads\/usu2647\/2022\/04\/20191030_112726.jpg\" alt=\"20191030_112726\" width=\"196\" height=\"404\" \/>\r\n\t\t\t\t\t\t\t\t\t\t<div class=\"slideshow_description_box slideshow_transparent\">\r\n\t\t\t\t\t\t<div class=\"slideshow_title\">20191030_112726<\/div>\t\t\t\t\t\t\t\t\t\t\t<\/div>\r\n\t\t\t\t<\/div>\r\n\r\n\t\t\t\t\t\t<div style=\"clear: both;\"><\/div><\/div><div class=\"slideshow_view\">\r\n\t\t\t\t<div class=\"slideshow_slide slideshow_slide_image\">\r\n\t\t\t\t\t\t\t\t\t\t\t<img src=\"https:\/\/agora.xtec.cat\/escolaverntallat\/wp-content\/uploads\/usu2647\/2022\/04\/20191030_103842.jpg\" alt=\"20191030_103842\" width=\"404\" height=\"196\" \/>\r\n\t\t\t\t\t\t\t\t\t\t<div class=\"slideshow_description_box slideshow_transparent\">\r\n\t\t\t\t\t\t<div class=\"slideshow_title\">20191030_103842<\/div>\t\t\t\t\t\t\t\t\t\t\t<\/div>\r\n\t\t\t\t<\/div>\r\n\r\n\t\t\t\t\t\t<div style=\"clear: both;\"><\/div><\/div><div class=\"slideshow_view\">\r\n\t\t\t\t<div class=\"slideshow_slide slideshow_slide_image\">\r\n\t\t\t\t\t\t\t\t\t\t\t<img src=\"https:\/\/agora.xtec.cat\/escolaverntallat\/wp-content\/uploads\/usu2647\/2022\/04\/20190614_204200.jpg\" alt=\"20190614_204200\" width=\"532\" height=\"299\" \/>\r\n\t\t\t\t\t\t\t\t\t\t<div class=\"slideshow_description_box slideshow_transparent\">\r\n\t\t\t\t\t\t<div class=\"slideshow_title\">20190614_204200<\/div>\t\t\t\t\t\t\t\t\t\t\t<\/div>\r\n\t\t\t\t<\/div>\r\n\r\n\t\t\t\t\t\t<div style=\"clear: both;\"><\/div><\/div><div class=\"slideshow_view\">\r\n\t\t\t\t<div class=\"slideshow_slide slideshow_slide_image\">\r\n\t\t\t\t\t\t\t\t\t\t\t<img src=\"https:\/\/agora.xtec.cat\/escolaverntallat\/wp-content\/uploads\/usu2647\/2022\/04\/20190614_192010.jpg\" alt=\"20190614_192010\" width=\"532\" height=\"299\" \/>\r\n\t\t\t\t\t\t\t\t\t\t<div class=\"slideshow_description_box slideshow_transparent\">\r\n\t\t\t\t\t\t<div class=\"slideshow_title\">20190614_192010<\/div>\t\t\t\t\t\t\t\t\t\t\t<\/div>\r\n\t\t\t\t<\/div>\r\n\r\n\t\t\t\t\t\t<div style=\"clear: both;\"><\/div><\/div><div class=\"slideshow_view\">\r\n\t\t\t\t<div class=\"slideshow_slide slideshow_slide_image\">\r\n\t\t\t\t\t\t\t\t\t\t\t<img src=\"https:\/\/agora.xtec.cat\/escolaverntallat\/wp-content\/uploads\/usu2647\/2022\/04\/20190614_191956.jpg\" alt=\"20190614_191956\" width=\"532\" height=\"299\" \/>\r\n\t\t\t\t\t\t\t\t\t\t<div class=\"slideshow_description_box slideshow_transparent\">\r\n\t\t\t\t\t\t<div class=\"slideshow_title\">20190614_191956<\/div>\t\t\t\t\t\t\t\t\t\t\t<\/div>\r\n\t\t\t\t<\/div>\r\n\r\n\t\t\t\t\t\t<div style=\"clear: both;\"><\/div><\/div><div class=\"slideshow_view\">\r\n\t\t\t\t<div class=\"slideshow_slide slideshow_slide_image\">\r\n\t\t\t\t\t\t\t\t\t\t\t<img src=\"https:\/\/agora.xtec.cat\/escolaverntallat\/wp-content\/uploads\/usu2647\/2022\/04\/20190614_191939.jpg\" alt=\"20190614_191939\" width=\"532\" height=\"299\" \/>\r\n\t\t\t\t\t\t\t\t\t\t<div class=\"slideshow_description_box slideshow_transparent\">\r\n\t\t\t\t\t\t<div class=\"slideshow_title\">20190614_191939<\/div>\t\t\t\t\t\t\t\t\t\t\t<\/div>\r\n\t\t\t\t<\/div>\r\n\r\n\t\t\t\t\t\t<div style=\"clear: both;\"><\/div><\/div><div class=\"slideshow_view\">\r\n\t\t\t\t<div class=\"slideshow_slide slideshow_slide_image\">\r\n\t\t\t\t\t\t\t\t\t\t\t<img src=\"https:\/\/agora.xtec.cat\/escolaverntallat\/wp-content\/uploads\/usu2647\/2022\/04\/20190614_190013.jpg\" alt=\"20190614_190013\" width=\"532\" height=\"299\" \/>\r\n\t\t\t\t\t\t\t\t\t\t<div class=\"slideshow_description_box slideshow_transparent\">\r\n\t\t\t\t\t\t<div class=\"slideshow_title\">20190614_190013<\/div>\t\t\t\t\t\t\t\t\t\t\t<\/div>\r\n\t\t\t\t<\/div>\r\n\r\n\t\t\t\t\t\t<div style=\"clear: both;\"><\/div><\/div><div class=\"slideshow_view\">\r\n\t\t\t\t<div class=\"slideshow_slide slideshow_slide_image\">\r\n\t\t\t\t\t\t\t\t\t\t\t<img src=\"https:\/\/agora.xtec.cat\/escolaverntallat\/wp-content\/uploads\/usu2647\/2022\/04\/20181031_101638.jpg\" alt=\"20181031_101638\" width=\"532\" height=\"299\" \/>\r\n\t\t\t\t\t\t\t\t\t\t<div class=\"slideshow_description_box slideshow_transparent\">\r\n\t\t\t\t\t\t<div class=\"slideshow_title\">20181031_101638<\/div>\t\t\t\t\t\t\t\t\t\t\t<\/div>\r\n\t\t\t\t<\/div>\r\n\r\n\t\t\t\t\t\t<div style=\"clear: both;\"><\/div><\/div><div class=\"slideshow_view\">\r\n\t\t\t\t<div class=\"slideshow_slide slideshow_slide_image\">\r\n\t\t\t\t\t\t\t\t\t\t\t<img src=\"https:\/\/agora.xtec.cat\/escolaverntallat\/wp-content\/uploads\/usu2647\/2022\/04\/20181031_101626.jpg\" alt=\"20181031_101626\" width=\"532\" height=\"299\" \/>\r\n\t\t\t\t\t\t\t\t\t\t<div class=\"slideshow_description_box slideshow_transparent\">\r\n\t\t\t\t\t\t<div class=\"slideshow_title\">20181031_101626<\/div>\t\t\t\t\t\t\t\t\t\t\t<\/div>\r\n\t\t\t\t<\/div>\r\n\r\n\t\t\t\t\t\t<div style=\"clear: both;\"><\/div><\/div><div class=\"slideshow_view\">\r\n\t\t\t\t<div class=\"slideshow_slide slideshow_slide_image\">\r\n\t\t\t\t\t\t\t\t\t\t\t<img src=\"https:\/\/agora.xtec.cat\/escolaverntallat\/wp-content\/uploads\/usu2647\/2022\/04\/20180615_201030.jpg\" alt=\"20180615_201030\" width=\"532\" height=\"299\" \/>\r\n\t\t\t\t\t\t\t\t\t\t<div class=\"slideshow_description_box slideshow_transparent\">\r\n\t\t\t\t\t\t<div class=\"slideshow_title\">20180615_201030<\/div>\t\t\t\t\t\t\t\t\t\t\t<\/div>\r\n\t\t\t\t<\/div>\r\n\r\n\t\t\t\t\t\t<div style=\"clear: both;\"><\/div><\/div><div class=\"slideshow_view\">\r\n\t\t\t\t<div class=\"slideshow_slide slideshow_slide_image\">\r\n\t\t\t\t\t\t\t\t\t\t\t<img src=\"https:\/\/agora.xtec.cat\/escolaverntallat\/wp-content\/uploads\/usu2647\/2022\/04\/20180615_200412.jpg\" alt=\"20180615_200412\" width=\"532\" height=\"299\" \/>\r\n\t\t\t\t\t\t\t\t\t\t<div class=\"slideshow_description_box slideshow_transparent\">\r\n\t\t\t\t\t\t<div class=\"slideshow_title\">20180615_200412<\/div>\t\t\t\t\t\t\t\t\t\t\t<\/div>\r\n\t\t\t\t<\/div>\r\n\r\n\t\t\t\t\t\t<div style=\"clear: both;\"><\/div><\/div><div class=\"slideshow_view\">\r\n\t\t\t\t<div class=\"slideshow_slide slideshow_slide_image\">\r\n\t\t\t\t\t\t\t\t\t\t\t<img src=\"https:\/\/agora.xtec.cat\/escolaverntallat\/wp-content\/uploads\/usu2647\/2022\/04\/20180615_194103.jpg\" alt=\"20180615_194103\" width=\"532\" height=\"299\" \/>\r\n\t\t\t\t\t\t\t\t\t\t<div class=\"slideshow_description_box slideshow_transparent\">\r\n\t\t\t\t\t\t<div class=\"slideshow_title\">20180615_194103<\/div>\t\t\t\t\t\t\t\t\t\t\t<\/div>\r\n\t\t\t\t<\/div>\r\n\r\n\t\t\t\t\t\t<div style=\"clear: both;\"><\/div><\/div><div class=\"slideshow_view\">\r\n\t\t\t\t<div class=\"slideshow_slide slideshow_slide_image\">\r\n\t\t\t\t\t\t\t\t\t\t\t<img src=\"https:\/\/agora.xtec.cat\/escolaverntallat\/wp-content\/uploads\/usu2647\/2022\/04\/20180615_194023.jpg\" alt=\"20180615_194023\" width=\"532\" height=\"299\" \/>\r\n\t\t\t\t\t\t\t\t\t\t<div class=\"slideshow_description_box slideshow_transparent\">\r\n\t\t\t\t\t\t<div class=\"slideshow_title\">20180615_194023<\/div>\t\t\t\t\t\t\t\t\t\t\t<\/div>\r\n\t\t\t\t<\/div>\r\n\r\n\t\t\t\t\t\t<div style=\"clear: both;\"><\/div><\/div><div class=\"slideshow_view\">\r\n\t\t\t\t<div class=\"slideshow_slide slideshow_slide_image\">\r\n\t\t\t\t\t\t\t\t\t\t\t<img src=\"https:\/\/agora.xtec.cat\/escolaverntallat\/wp-content\/uploads\/usu2647\/2022\/04\/20180615_193213.jpg\" alt=\"20180615_193213\" width=\"532\" height=\"299\" \/>\r\n\t\t\t\t\t\t\t\t\t\t<div class=\"slideshow_description_box slideshow_transparent\">\r\n\t\t\t\t\t\t<div class=\"slideshow_title\">20180615_193213<\/div>\t\t\t\t\t\t\t\t\t\t\t<\/div>\r\n\t\t\t\t<\/div>\r\n\r\n\t\t\t\t\t\t<div style=\"clear: both;\"><\/div><\/div><div class=\"slideshow_view\">\r\n\t\t\t\t<div class=\"slideshow_slide slideshow_slide_image\">\r\n\t\t\t\t\t\t\t\t\t\t\t<img src=\"https:\/\/agora.xtec.cat\/escolaverntallat\/wp-content\/uploads\/usu2647\/2022\/04\/20171031_110341.jpg\" alt=\"20171031_110341\" width=\"532\" height=\"299\" \/>\r\n\t\t\t\t\t\t\t\t\t\t<div class=\"slideshow_description_box slideshow_transparent\">\r\n\t\t\t\t\t\t<div class=\"slideshow_title\">20171031_110341<\/div>\t\t\t\t\t\t\t\t\t\t\t<\/div>\r\n\t\t\t\t<\/div>\r\n\r\n\t\t\t\t\t\t<div style=\"clear: both;\"><\/div><\/div><div class=\"slideshow_view\">\r\n\t\t\t\t<div class=\"slideshow_slide slideshow_slide_image\">\r\n\t\t\t\t\t\t\t\t\t\t\t<img src=\"https:\/\/agora.xtec.cat\/escolaverntallat\/wp-content\/uploads\/usu2647\/2022\/04\/20171031_100832.jpg\" alt=\"20171031_100832\" width=\"532\" height=\"299\" \/>\r\n\t\t\t\t\t\t\t\t\t\t<div class=\"slideshow_description_box slideshow_transparent\">\r\n\t\t\t\t\t\t<div class=\"slideshow_title\">20171031_100832<\/div>\t\t\t\t\t\t\t\t\t\t\t<\/div>\r\n\t\t\t\t<\/div>\r\n\r\n\t\t\t\t\t\t<div style=\"clear: both;\"><\/div><\/div>\r\n\t\t<\/div>\r\n\r\n\t\t<div class=\"slideshow_controlPanel slideshow_transparent\" style=\"display: none;\"><ul><li class=\"slideshow_togglePlay\" data-play-text=\"Visualitza\" data-pause-text=\"Pausa\"><\/li><\/ul><\/div>\r\n\r\n\t\t<div class=\"slideshow_button slideshow_previous slideshow_transparent\" role=\"button\" data-previous-text=\"Anterior\" style=\"display: none;\"><\/div>\r\n\t\t<div class=\"slideshow_button slideshow_next slideshow_transparent\" role=\"button\" data-next-text=\"Seg\u00fcent\" style=\"display: none;\"><\/div>\r\n\r\n\t\t<div class=\"slideshow_pagination\" style=\"display: none;\" data-go-to-text=\"V\u00e9s a la diapositiva\"><div class=\"slideshow_pagination_center\"><\/div><\/div>\r\n\r\n\t\t<!-- WordPress Slideshow Version 2.3.1 -->\r\n\r\n\t\t\t<\/div>\r\n\r\n\n","protected":false},"excerpt":{"rendered":"<p>L&#8217;AFA L&#8217;Associaci\u00f3 de Fam\u00edlies\u00a0 (AFA) de l&#8217;Escola Verntallat est\u00e0 formada per totes les fam\u00edlies dels alumnes de l&#8217;Escola Verntallat. Si voleu tenir una mica m\u00e9s d&#8217;informaci\u00f3 podeu accedir al seg\u00fcent document. Les reunions per poder parlar i organitzar les tasques es fan el primer dijous de cada m\u00e9s a les 21:00 del vespre. Per motius [&hellip;]<\/p>\n","protected":false},"author":3,"featured_media":0,"parent":0,"menu_order":0,"comment_status":"closed","ping_status":"closed","template":"","meta":{"_bbp_topic_count":0,"_bbp_reply_count":0,"_bbp_total_topic_count":0,"_bbp_total_reply_count":0,"_bbp_voice_count":0,"_bbp_anonymous_reply_count":0,"_bbp_topic_count_hidden":0,"_bbp_reply_count_hidden":0,"_bbp_forum_subforum_count":0,"site-sidebar-layout":"default","site-content-layout":"","ast-site-content-layout":"","site-content-style":"default","site-sidebar-style":"default","ast-global-header-display":"","ast-banner-title-visibility":"","ast-main-header-display":"","ast-hfb-above-header-display":"","ast-hfb-below-header-display":"","ast-hfb-mobile-header-display":"","site-post-title":"","ast-breadcrumbs-content":"","ast-featured-img":"","footer-sml-layout":"","theme-transparent-header-meta":"","adv-header-id-meta":"","stick-header-meta":"","header-above-stick-meta":"","header-main-stick-meta":"","header-below-stick-meta":"","astra-migrate-meta-layouts":"default","ast-page-background-enabled":"default","ast-page-background-meta":{"desktop":{"background-color":"var(--ast-global-color-4)","background-image":"","background-repeat":"repeat","background-position":"center center","background-size":"auto","background-attachment":"scroll","background-type":"","background-media":"","overlay-type":"","overlay-color":"","overlay-opacity":"","overlay-gradient":""},"tablet":{"background-color":"","background-image":"","background-repeat":"repeat","background-position":"center center","background-size":"auto","background-attachment":"scroll","background-type":"","background-media":"","overlay-type":"","overlay-color":"","overlay-opacity":"","overlay-gradient":""},"mobile":{"background-color":"","background-image":"","background-repeat":"repeat","background-position":"center center","background-size":"auto","background-attachment":"scroll","background-type":"","background-media":"","overlay-type":"","overlay-color":"","overlay-opacity":"","overlay-gradient":""}},"ast-content-background-meta":{"desktop":{"background-color":"var(--ast-global-color-5)","background-image":"","background-repeat":"repeat","background-position":"center center","background-size":"auto","background-attachment":"scroll","background-type":"","background-media":"","overlay-type":"","overlay-color":"","overlay-opacity":"","overlay-gradient":""},"tablet":{"background-color":"var(--ast-global-color-5)","background-image":"","background-repeat":"repeat","background-position":"center center","background-size":"auto","background-attachment":"scroll","background-type":"","background-media":"","overlay-type":"","overlay-color":"","overlay-opacity":"","overlay-gradient":""},"mobile":{"background-color":"var(--ast-global-color-5)","background-image":"","background-repeat":"repeat","background-position":"center center","background-size":"auto","background-attachment":"scroll","background-type":"","background-media":"","overlay-type":"","overlay-color":"","overlay-opacity":"","overlay-gradient":""}},"footnotes":""},"class_list":["post-896","page","type-page","status-publish","hentry"],"post_mailing_queue_ids":[],"_links":{"self":[{"href":"https:\/\/agora.xtec.cat\/escolaverntallat\/wp-json\/wp\/v2\/pages\/896","targetHints":{"allow":["GET"]}}],"collection":[{"href":"https:\/\/agora.xtec.cat\/escolaverntallat\/wp-json\/wp\/v2\/pages"}],"about":[{"href":"https:\/\/agora.xtec.cat\/escolaverntallat\/wp-json\/wp\/v2\/types\/page"}],"author":[{"embeddable":true,"href":"https:\/\/agora.xtec.cat\/escolaverntallat\/wp-json\/wp\/v2\/users\/3"}],"replies":[{"embeddable":true,"href":"https:\/\/agora.xtec.cat\/escolaverntallat\/wp-json\/wp\/v2\/comments?post=896"}],"version-history":[{"count":6,"href":"https:\/\/agora.xtec.cat\/escolaverntallat\/wp-json\/wp\/v2\/pages\/896\/revisions"}],"predecessor-version":[{"id":1973,"href":"https:\/\/agora.xtec.cat\/escolaverntallat\/wp-json\/wp\/v2\/pages\/896\/revisions\/1973"}],"wp:attachment":[{"href":"https:\/\/agora.xtec.cat\/escolaverntallat\/wp-json\/wp\/v2\/media?parent=896"}],"curies":[{"name":"wp","href":"https:\/\/api.w.org\/{rel}","templated":true}]}}