{"id":26,"date":"2014-09-18T12:24:32","date_gmt":"2014-09-18T11:24:32","guid":{"rendered":"http:\/\/agora.xtec.cat\/escolaverd\/?page_id=26"},"modified":"2024-04-22T19:28:48","modified_gmt":"2024-04-22T17:28:48","slug":"historia","status":"publish","type":"page","link":"https:\/\/agora.xtec.cat\/escolaverd\/historia\/","title":{"rendered":"Hist\u00f2ria"},"content":{"rendered":"<p>El 23 d\u2019abril de 1933, en Miquel Santal\u00f3, alcalde republic\u00e0 de Girona, va inaugurar les Escoles <a href=\"https:\/\/agora.xtec.cat\/escolaverd\/wp-content\/uploads\/usu2386\/2024\/04\/escola-antiga.jpg\"><img loading=\"lazy\" decoding=\"async\" class=\" wp-image-26506 alignright\" src=\"https:\/\/agora.xtec.cat\/escolaverd\/wp-content\/uploads\/usu2386\/2024\/04\/escola-antiga.jpg\" alt=\"\" width=\"334\" height=\"224\" \/><\/a>de la Merc\u00e8. S\u2019anomenaven aix\u00ed perqu\u00e8 estaven situades al barri de l\u2019Eixample de la Merc\u00e8. La seva construcci\u00f3 va servir per donar un impuls al barri que tot just comen\u00e7ava a desenvolupar-se. Les va dissenyar l\u2019arquitecte municipal Ricard Giralt Casades\u00fas. L\u2019obra \u00e9s d\u2019estil racionalista i es caracteritza per tenir unes l\u00ednies senzilles, rectes i ser molt funcional. La fa\u00e7ana de l\u2019escola t\u00e9 unes escultures de nens nus o angelets (PUTTI) sobre la porta de l\u2019entrada i en l\u2019angle que d\u00f3na al pati.<\/p>\n<p>Poc temps despr\u00e9s de la inauguraci\u00f3 va prendre el nom de grup escolar \u201cRamon Turr\u00f3\u201d. Constava de 3 graus m\u00e9s un de preparatori de formaci\u00f3 professional i un parvulari. Els primers anys escolaritzava nens i nenes, per\u00f2 a partir del 1939 passa a ser un col\u00b7legi de nenes i no tornar\u00e0 a ser mixt fins a l\u2019any 1964. Tamb\u00e9 en aquesta data li van tornar a canviar el nom i va passar a dir-se \u201cBisbe Lorenzana\u201d. Ara b\u00e9, l<a style=\"color: #2795b6;\" href=\"https:\/\/agora.xtec.cat\/escolaverd\/wp-content\/uploads\/usu2386\/2024\/04\/biblioteca.jpg\"><img loading=\"lazy\" decoding=\"async\" class=\" wp-image-26507 alignleft\" src=\"https:\/\/agora.xtec.cat\/escolaverd\/wp-content\/uploads\/usu2386\/2024\/04\/biblioteca.jpg\" alt=\"\" width=\"346\" height=\"228\" \/><\/a>a gent del barri el coneixia amb el nom de col\u00b7legi Verd, ja que la fa\u00e7ana sempre ha estat pintada d\u2019aquest color. Aix\u00ed que a principis dels 90 el Departament d\u2019Ensenyament, a petici\u00f3 del Consell Escolar del centre, va acceptar el canvi de nom pel de col\u00b7legi Verd.<\/p>\n<p>&nbsp;<\/p>\n<p>A principis dels 70, per tal de satisfer la demanda d\u2019escolaritzaci\u00f3 degut a l\u2019enorme creixement del barri, l\u2019escola va ampliar-se fins a disposar de 20 aules i m\u00e9s de 700 alumnes matriculats.<\/p>\n<p>Als anys 90 va comen\u00e7ar una nova renovaci\u00f3. Es varen anar reduint classes fins a quedar 9 grups-classe: 3 d\u2019educaci\u00f3 infantil i 6 de prim\u00e0ria, amb un total de 225 alumnes aproximadament.<\/p>\n<p>Posteriorment, el Departament d\u2019Ensenyament va engegar un pla de reforma i adequaci\u00f3 que en diferents fases va comportar la construcci\u00f3 d\u2019un porxo cobert, la reforma de la cuina, menjador i gimn\u00e0s, l\u2019eliminaci\u00f3 de barreres arquitect\u00f2niques, l\u2019arranjament del pati, la introducci\u00f3 de mesures d\u2019emerg\u00e8ncia a tot l\u2019edifici i la millora del sistema de calefacci\u00f3.<\/p>\n<p>El primer trimestre del curs 2023-2024 es va fer un canvi de totes les finestres de l&#8217;edifici que li van donar la imatge actual. Tamb\u00e9 es van instal\u00b7lar una malla de protecci\u00f3 a totes les finestres que donaven al pati. L&#8217;obra es va finan\u00e7ar amb fons europeus.<\/p>\n","protected":false},"excerpt":{"rendered":"<p>El 23 d\u2019abril de 1933, en Miquel Santal\u00f3, alcalde republic\u00e0 de Girona, va inaugurar les Escoles de la Merc\u00e8. S\u2019anomenaven aix\u00ed perqu\u00e8 estaven situades al barri de l\u2019Eixample de la Merc\u00e8. La seva construcci\u00f3 va servir per donar un impuls al barri que tot just comen\u00e7ava a desenvolupar-se. Les va dissenyar l\u2019arquitecte municipal Ricard Giralt [&hellip;]<\/p>\n","protected":false},"author":1,"featured_media":0,"parent":0,"menu_order":20,"comment_status":"closed","ping_status":"closed","template":"page-templates\/side-menu.php","meta":{"_bbp_topic_count":0,"_bbp_reply_count":0,"_bbp_total_topic_count":0,"_bbp_total_reply_count":0,"_bbp_voice_count":0,"_bbp_anonymous_reply_count":0,"_bbp_topic_count_hidden":0,"_bbp_reply_count_hidden":0,"_bbp_forum_subforum_count":0,"site-sidebar-layout":"default","site-content-layout":"","ast-site-content-layout":"","site-content-style":"default","site-sidebar-style":"default","ast-global-header-display":"","ast-banner-title-visibility":"","ast-main-header-display":"","ast-hfb-above-header-display":"","ast-hfb-below-header-display":"","ast-hfb-mobile-header-display":"","site-post-title":"","ast-breadcrumbs-content":"","ast-featured-img":"","footer-sml-layout":"","theme-transparent-header-meta":"","adv-header-id-meta":"","stick-header-meta":"","header-above-stick-meta":"","header-main-stick-meta":"","header-below-stick-meta":"","astra-migrate-meta-layouts":"default","ast-page-background-enabled":"default","ast-page-background-meta":{"desktop":{"background-color":"var(--ast-global-color-4)","background-image":"","background-repeat":"repeat","background-position":"center center","background-size":"auto","background-attachment":"scroll","background-type":"","background-media":"","overlay-type":"","overlay-color":"","overlay-opacity":"","overlay-gradient":""},"tablet":{"background-color":"","background-image":"","background-repeat":"repeat","background-position":"center center","background-size":"auto","background-attachment":"scroll","background-type":"","background-media":"","overlay-type":"","overlay-color":"","overlay-opacity":"","overlay-gradient":""},"mobile":{"background-color":"","background-image":"","background-repeat":"repeat","background-position":"center center","background-size":"auto","background-attachment":"scroll","background-type":"","background-media":"","overlay-type":"","overlay-color":"","overlay-opacity":"","overlay-gradient":""}},"ast-content-background-meta":{"desktop":{"background-color":"var(--ast-global-color-5)","background-image":"","background-repeat":"repeat","background-position":"center center","background-size":"auto","background-attachment":"scroll","background-type":"","background-media":"","overlay-type":"","overlay-color":"","overlay-opacity":"","overlay-gradient":""},"tablet":{"background-color":"var(--ast-global-color-5)","background-image":"","background-repeat":"repeat","background-position":"center center","background-size":"auto","background-attachment":"scroll","background-type":"","background-media":"","overlay-type":"","overlay-color":"","overlay-opacity":"","overlay-gradient":""},"mobile":{"background-color":"var(--ast-global-color-5)","background-image":"","background-repeat":"repeat","background-position":"center center","background-size":"auto","background-attachment":"scroll","background-type":"","background-media":"","overlay-type":"","overlay-color":"","overlay-opacity":"","overlay-gradient":""}},"footnotes":""},"class_list":["post-26","page","type-page","status-publish","hentry"],"post_mailing_queue_ids":[],"_links":{"self":[{"href":"https:\/\/agora.xtec.cat\/escolaverd\/wp-json\/wp\/v2\/pages\/26","targetHints":{"allow":["GET"]}}],"collection":[{"href":"https:\/\/agora.xtec.cat\/escolaverd\/wp-json\/wp\/v2\/pages"}],"about":[{"href":"https:\/\/agora.xtec.cat\/escolaverd\/wp-json\/wp\/v2\/types\/page"}],"author":[{"embeddable":true,"href":"https:\/\/agora.xtec.cat\/escolaverd\/wp-json\/wp\/v2\/users\/1"}],"replies":[{"embeddable":true,"href":"https:\/\/agora.xtec.cat\/escolaverd\/wp-json\/wp\/v2\/comments?post=26"}],"version-history":[{"count":5,"href":"https:\/\/agora.xtec.cat\/escolaverd\/wp-json\/wp\/v2\/pages\/26\/revisions"}],"predecessor-version":[{"id":26508,"href":"https:\/\/agora.xtec.cat\/escolaverd\/wp-json\/wp\/v2\/pages\/26\/revisions\/26508"}],"wp:attachment":[{"href":"https:\/\/agora.xtec.cat\/escolaverd\/wp-json\/wp\/v2\/media?parent=26"}],"curies":[{"name":"wp","href":"https:\/\/api.w.org\/{rel}","templated":true}]}}