{"id":7496,"date":"2025-12-03T15:56:08","date_gmt":"2025-12-03T14:56:08","guid":{"rendered":"https:\/\/agora.xtec.cat\/escolavalldaura\/?page_id=7496"},"modified":"2026-04-29T09:36:55","modified_gmt":"2026-04-29T07:36:55","slug":"preinscripcio-25-26","status":"publish","type":"page","link":"https:\/\/agora.xtec.cat\/escolavalldaura\/preinscripcio-25-26\/","title":{"rendered":"Preinscripci\u00f3 26-27"},"content":{"rendered":"\n<figure class=\"wp-block-image size-large\"><a href=\"https:\/\/agora.xtec.cat\/escolavalldaura\/wp-content\/uploads\/usu1912\/2026\/03\/JORNADES-DE-PORTES-OBERTES-5-1.png\"><img loading=\"lazy\" decoding=\"async\" width=\"1024\" height=\"424\" src=\"https:\/\/agora.xtec.cat\/escolavalldaura\/wp-content\/uploads\/usu1912\/2026\/03\/JORNADES-DE-PORTES-OBERTES-5-1-1024x424.png\" alt=\"\" class=\"wp-image-7585\" srcset=\"https:\/\/agora.xtec.cat\/escolavalldaura\/wp-content\/uploads\/usu1912\/2026\/03\/JORNADES-DE-PORTES-OBERTES-5-1-1024x424.png 1024w, https:\/\/agora.xtec.cat\/escolavalldaura\/wp-content\/uploads\/usu1912\/2026\/03\/JORNADES-DE-PORTES-OBERTES-5-1-300x124.png 300w, https:\/\/agora.xtec.cat\/escolavalldaura\/wp-content\/uploads\/usu1912\/2026\/03\/JORNADES-DE-PORTES-OBERTES-5-1-768x318.png 768w, https:\/\/agora.xtec.cat\/escolavalldaura\/wp-content\/uploads\/usu1912\/2026\/03\/JORNADES-DE-PORTES-OBERTES-5-1-1536x636.png 1536w, https:\/\/agora.xtec.cat\/escolavalldaura\/wp-content\/uploads\/usu1912\/2026\/03\/JORNADES-DE-PORTES-OBERTES-5-1.png 2000w\" sizes=\"auto, (max-width: 1024px) 100vw, 1024px\" \/><\/a><\/figure>\n\n\n\n<ul class=\"wp-block-list\">\n<li>Sol\u00b7licitud preinscripci\u00f3:\n<ul class=\"wp-block-list\">\n<li><a href=\"https:\/\/preinscripcio.gencat.cat\/ca\/estudis\/infantil-3-6\/inici\/\" data-type=\"link\" data-id=\"https:\/\/preinscripcio.gencat.cat\/ca\/estudis\/infantil-3-6\/inici\/\">INFANTIL I PRIM\u00c0RIA&nbsp;<\/a><\/li>\n\n\n\n<li><a href=\"https:\/\/preinscripcio.gencat.cat\/ca\/estudis\/eso\/inici\/\" data-type=\"link\" data-id=\"https:\/\/preinscripcio.gencat.cat\/ca\/estudis\/eso\/inici\/\">ESO<\/a>. En el seg\u00fcent <a href=\"https:\/\/www.manresa.cat\/web\/menu\/16560-adscripcions-dels-centres-de-primaria-als-centres-de-secundaria\" data-type=\"link\" data-id=\"https:\/\/www.manresa.cat\/web\/menu\/16560-adscripcions-dels-centres-de-primaria-als-centres-de-secundaria\">enlla\u00e7<\/a> podeu veure els centres adscrits<\/li>\n<\/ul>\n<\/li>\n\n\n\n<li>Us compartim l&#8217;<a href=\"https:\/\/www.manresa.cat\/web\/menu\/4356-preinscripcio-escolar\" data-type=\"link\" data-id=\"https:\/\/web.manresa.cat\/media\/docs\/docsArticle\/17239\/cartell_xerrades_informatives_26-27.pdf\">enlla\u00e7<\/a> a la web de l&#8217;ajuntament amb tota la informaci\u00f3 del proc\u00e9s de preinscripci\u00f3<\/li>\n\n\n\n<li><a href=\"https:\/\/agora.xtec.cat\/escolavalldaura\/wp-content\/uploads\/usu1912\/2026\/03\/INFORME_OFERTA_OME_INFORME_OFERTA.pdf\" data-type=\"link\" data-id=\"https:\/\/agora.xtec.cat\/escolavalldaura\/wp-content\/uploads\/usu1912\/2026\/03\/INFORME_OFERTA_OME_INFORME_OFERTA.pdf\">Oferta inicial: 3 Mar\u00e7<\/a><\/li>\n\n\n\n<li><a href=\"https:\/\/agora.xtec.cat\/escolavalldaura\/wp-content\/uploads\/usu1912\/2026\/04\/INFORME_BAREM_PROVISIONAL_BAREM.pdf\">Publicaci\u00f3 llista sol\u00b7licituds puntuaci\u00f3 provisional: 15 Abril<\/a><\/li>\n\n\n\n<li><a href=\"https:\/\/agora.xtec.cat\/escolavalldaura\/wp-content\/uploads\/usu1912\/2026\/04\/INFORME_BAREM_RESOLTES_BAREM-1.pdf\" data-type=\"link\" data-id=\"https:\/\/agora.xtec.cat\/escolavalldaura\/wp-content\/uploads\/usu1912\/2026\/04\/INFORME_BAREM_RESOLTES_BAREM-1.pdf\">Publicaci\u00f3 de la llista amb la puntuaci\u00f3, resoltes les reclamacions: 23 Abril<\/a><\/li>\n\n\n\n<li>Sorteig: 28 Abril. El&nbsp;<strong>42.129&nbsp;<\/strong>\u00e9s el&nbsp;<strong>n\u00famero de desempat<\/strong><\/li>\n\n\n\n<li><a href=\"https:\/\/agora.xtec.cat\/escolavalldaura\/wp-content\/uploads\/usu1912\/2026\/04\/INFORME_BAREM_DEFINITIU_BAREM-1.pdf\" data-type=\"link\" data-id=\"https:\/\/agora.xtec.cat\/escolavalldaura\/wp-content\/uploads\/usu1912\/2026\/04\/INFORME_BAREM_DEFINITIU_BAREM-1.pdf\">Publicaci\u00f3 de la llista ordenada: 29 Abril<\/a><\/li>\n\n\n\n<li>Publicaci\u00f3 de l&#8217;oferta final: 10 Juny<\/li>\n\n\n\n<li>Publicaci\u00f3 de la llista d&#8217;admesos i la llista d&#8217;espera: 10 Juny (per\u00edode de reclamacions del 10 al 12 de juny)<\/li>\n<\/ul>\n\n\n\n<h3 class=\"wp-block-heading\">Coneix la nostra escola<\/h3>\n\n\n\n<div class=\"wp-block-group is-layout-grid wp-container-core-group-is-layout-1 wp-block-group-is-layout-grid\">\n<figure class=\"wp-block-embed is-type-video is-provider-youtube wp-block-embed-youtube wp-embed-aspect-16-9 wp-has-aspect-ratio\"><div class=\"wp-block-embed__wrapper\">\n<div class=\"ast-oembed-container \" style=\"height: 100%;\"><iframe loading=\"lazy\" title=\"UN DIA A INFANTIL A L&#039;ESCOLA VALLDAURA\" width=\"500\" height=\"281\" src=\"https:\/\/www.youtube.com\/embed\/cPXtQtk-21c?feature=oembed\" frameborder=\"0\" allow=\"accelerometer; autoplay; clipboard-write; encrypted-media; gyroscope; picture-in-picture; web-share\" referrerpolicy=\"strict-origin-when-cross-origin\" allowfullscreen><\/iframe><\/div>\n<\/div><figcaption class=\"wp-element-caption\">Un dia a infantil<\/figcaption><\/figure>\n\n\n\n<figure class=\"wp-block-embed is-type-video is-provider-youtube wp-block-embed-youtube wp-embed-aspect-16-9 wp-has-aspect-ratio wp-container-content-1\"><div class=\"wp-block-embed__wrapper\">\n<div class=\"ast-oembed-container \" style=\"height: 100%;\"><iframe loading=\"lazy\" title=\"MOMENTS DE PROJECTE\" width=\"500\" height=\"281\" src=\"https:\/\/www.youtube.com\/embed\/9Uh-elsytn8?feature=oembed\" frameborder=\"0\" allow=\"accelerometer; autoplay; clipboard-write; encrypted-media; gyroscope; picture-in-picture; web-share\" referrerpolicy=\"strict-origin-when-cross-origin\" allowfullscreen><\/iframe><\/div>\n<\/div><figcaption class=\"wp-element-caption\">Moments de projecte<\/figcaption><\/figure>\n\n\n\n<figure class=\"wp-block-embed is-type-video is-provider-youtube wp-block-embed-youtube wp-embed-aspect-16-9 wp-has-aspect-ratio\"><div class=\"wp-block-embed__wrapper\">\n<div class=\"ast-oembed-container \" style=\"height: 100%;\"><iframe loading=\"lazy\" title=\"MOMENTS D&#039;AMBIENTS\" width=\"500\" height=\"281\" src=\"https:\/\/www.youtube.com\/embed\/iRRY4YwadNM?feature=oembed\" frameborder=\"0\" allow=\"accelerometer; autoplay; clipboard-write; encrypted-media; gyroscope; picture-in-picture; web-share\" referrerpolicy=\"strict-origin-when-cross-origin\" allowfullscreen><\/iframe><\/div>\n<\/div><figcaption class=\"wp-element-caption\">Moments d&#8217;ambients<\/figcaption><\/figure>\n\n\n\n<figure class=\"wp-block-embed is-type-video is-provider-youtube wp-block-embed-youtube wp-embed-aspect-16-9 wp-has-aspect-ratio\"><div class=\"wp-block-embed__wrapper\">\n<div class=\"ast-oembed-container \" style=\"height: 100%;\"><iframe loading=\"lazy\" title=\"MOMENTS DE RIBERA\" width=\"500\" height=\"281\" src=\"https:\/\/www.youtube.com\/embed\/I4sH-z6ynZo?feature=oembed\" frameborder=\"0\" allow=\"accelerometer; autoplay; clipboard-write; encrypted-media; gyroscope; picture-in-picture; web-share\" referrerpolicy=\"strict-origin-when-cross-origin\" allowfullscreen><\/iframe><\/div>\n<\/div><figcaption class=\"wp-element-caption\">Moments de ribera<\/figcaption><\/figure>\n<\/div>\n","protected":false},"excerpt":{"rendered":"<p>Coneix la nostra escola<\/p>\n","protected":false},"author":23,"featured_media":7512,"parent":0,"menu_order":0,"comment_status":"closed","ping_status":"close","template":"","meta":{"_bbp_topic_count":0,"_bbp_reply_count":0,"_bbp_total_topic_count":0,"_bbp_total_reply_count":0,"_bbp_voice_count":0,"_bbp_anonymous_reply_count":0,"_bbp_topic_count_hidden":0,"_bbp_reply_count_hidden":0,"_bbp_forum_subforum_count":0,"site-sidebar-layout":"default","site-content-layout":"","ast-site-content-layout":"default","site-content-style":"default","site-sidebar-style":"default","ast-global-header-display":"","ast-banner-title-visibility":"","ast-main-header-display":"","ast-hfb-above-header-display":"","ast-hfb-below-header-display":"","ast-hfb-mobile-header-display":"","site-post-title":"","ast-breadcrumbs-content":"","ast-featured-img":"","footer-sml-layout":"","theme-transparent-header-meta":"","adv-header-id-meta":"","stick-header-meta":"","header-above-stick-meta":"","header-main-stick-meta":"","header-below-stick-meta":"","astra-migrate-meta-layouts":"set","ast-page-background-enabled":"default","ast-page-background-meta":{"desktop":{"background-color":"var(--ast-global-color-4)","background-image":"","background-repeat":"repeat","background-position":"center center","background-size":"auto","background-attachment":"scroll","background-type":"","background-media":"","overlay-type":"","overlay-color":"","overlay-opacity":"","overlay-gradient":""},"tablet":{"background-color":"","background-image":"","background-repeat":"repeat","background-position":"center center","background-size":"auto","background-attachment":"scroll","background-type":"","background-media":"","overlay-type":"","overlay-color":"","overlay-opacity":"","overlay-gradient":""},"mobile":{"background-color":"","background-image":"","background-repeat":"repeat","background-position":"center center","background-size":"auto","background-attachment":"scroll","background-type":"","background-media":"","overlay-type":"","overlay-color":"","overlay-opacity":"","overlay-gradient":""}},"ast-content-background-meta":{"desktop":{"background-color":"var(--ast-global-color-5)","background-image":"","background-repeat":"repeat","background-position":"center center","background-size":"auto","background-attachment":"scroll","background-type":"","background-media":"","overlay-type":"","overlay-color":"","overlay-opacity":"","overlay-gradient":""},"tablet":{"background-color":"var(--ast-global-color-5)","background-image":"","background-repeat":"repeat","background-position":"center center","background-size":"auto","background-attachment":"scroll","background-type":"","background-media":"","overlay-type":"","overlay-color":"","overlay-opacity":"","overlay-gradient":""},"mobile":{"background-color":"var(--ast-global-color-5)","background-image":"","background-repeat":"repeat","background-position":"center center","background-size":"auto","background-attachment":"scroll","background-type":"","background-media":"","overlay-type":"","overlay-color":"","overlay-opacity":"","overlay-gradient":""}},"footnotes":""},"class_list":["post-7496","page","type-page","status-publish","has-post-thumbnail","hentry"],"post_mailing_queue_ids":[],"_links":{"self":[{"href":"https:\/\/agora.xtec.cat\/escolavalldaura\/wp-json\/wp\/v2\/pages\/7496","targetHints":{"allow":["GET"]}}],"collection":[{"href":"https:\/\/agora.xtec.cat\/escolavalldaura\/wp-json\/wp\/v2\/pages"}],"about":[{"href":"https:\/\/agora.xtec.cat\/escolavalldaura\/wp-json\/wp\/v2\/types\/page"}],"author":[{"embeddable":true,"href":"https:\/\/agora.xtec.cat\/escolavalldaura\/wp-json\/wp\/v2\/users\/23"}],"replies":[{"embeddable":true,"href":"https:\/\/agora.xtec.cat\/escolavalldaura\/wp-json\/wp\/v2\/comments?post=7496"}],"version-history":[{"count":6,"href":"https:\/\/agora.xtec.cat\/escolavalldaura\/wp-json\/wp\/v2\/pages\/7496\/revisions"}],"predecessor-version":[{"id":7632,"href":"https:\/\/agora.xtec.cat\/escolavalldaura\/wp-json\/wp\/v2\/pages\/7496\/revisions\/7632"}],"wp:featuredmedia":[{"embeddable":true,"href":"https:\/\/agora.xtec.cat\/escolavalldaura\/wp-json\/wp\/v2\/media\/7512"}],"wp:attachment":[{"href":"https:\/\/agora.xtec.cat\/escolavalldaura\/wp-json\/wp\/v2\/media?parent=7496"}],"curies":[{"name":"wp","href":"https:\/\/api.w.org\/{rel}","templated":true}]}}