{"id":7304,"date":"2025-07-07T14:42:47","date_gmt":"2025-07-07T12:42:47","guid":{"rendered":"https:\/\/agora.xtec.cat\/escolavalldaura\/?page_id=7304"},"modified":"2026-01-07T19:19:07","modified_gmt":"2026-01-07T18:19:07","slug":"curs-2025-26","status":"publish","type":"page","link":"https:\/\/agora.xtec.cat\/escolavalldaura\/curs-2025-26\/","title":{"rendered":"Curs 2025-26"},"content":{"rendered":"\n<div class=\"wp-block-getwid-tabs\" data-active-tab=\"0\"><ul class=\"wp-block-getwid-tabs__nav-links\"><\/ul>\n<div class=\"wp-block-getwid-tabs__nav-link\"><span class=\"wp-block-getwid-tabs__title-wrapper\"><a href=\"#\"><span class=\"wp-block-getwid-tabs__title\">Equip educatiu<\/span><\/a><\/span><\/div><div class=\"wp-block-getwid-tabs__tab-content-wrapper\"><div class=\"wp-block-getwid-tabs__tab-content\">\n<div class=\"wp-block-getwid-accordion has-icon-left\" data-active-element=\"none\">\n<div class=\"wp-block-getwid-accordion__header-wrapper\"><span class=\"wp-block-getwid-accordion__header\"><a href=\"#\"><span class=\"wp-block-getwid-accordion__header-title\">Equip directiu<\/span><span class=\"wp-block-getwid-accordion__icon is-active\"><i class=\"fas fa-plus\"><\/i><\/span><span class=\"wp-block-getwid-accordion__icon is-passive\"><i class=\"fas fa-minus\"><\/i><\/span><\/a><\/span><\/div><div class=\"wp-block-getwid-accordion__content-wrapper\"><div class=\"wp-block-getwid-accordion__content\">\n<ul class=\"wp-block-list\">\n<li>Directora: Marta F. <\/li>\n\n\n\n<li>Cap d&#8217;estudis: Laura R. <\/li>\n\n\n\n<li>Secret\u00e0ria: L\u00eddia L. <\/li>\n<\/ul>\n<\/div><\/div>\n\n\n\n<div class=\"wp-block-getwid-accordion__header-wrapper\"><span class=\"wp-block-getwid-accordion__header\"><a href=\"#\"><span class=\"wp-block-getwid-accordion__header-title\">Infantil<\/span><span class=\"wp-block-getwid-accordion__icon is-active\"><i class=\"fas fa-plus\"><\/i><\/span><span class=\"wp-block-getwid-accordion__icon is-passive\"><i class=\"fas fa-minus\"><\/i><\/span><\/a><\/span><\/div><div class=\"wp-block-getwid-accordion__content-wrapper\"><div class=\"wp-block-getwid-accordion__content\">\n<ul class=\"wp-block-list\">\n<li>Sa\u00fccs: Ester B. i C\u00e8lia F.<\/li>\n\n\n\n<li>Oms: Elisabet F. i Judit D.<\/li>\n\n\n\n<li>Moreres: Meritxell L., Anna N. i Marta F.<\/li>\n\n\n\n<li>Suport: Andrea M.<\/li>\n<\/ul>\n<\/div><\/div>\n\n\n\n<div class=\"wp-block-getwid-accordion__header-wrapper\"><span class=\"wp-block-getwid-accordion__header\"><a href=\"#\"><span class=\"wp-block-getwid-accordion__header-title\">Prim\u00e0ria<\/span><span class=\"wp-block-getwid-accordion__icon is-active\"><i class=\"fas fa-plus\"><\/i><\/span><span class=\"wp-block-getwid-accordion__icon is-passive\"><i class=\"fas fa-minus\"><\/i><\/span><\/a><\/span><\/div><div class=\"wp-block-getwid-accordion__content-wrapper\"><div class=\"wp-block-getwid-accordion__content\">\n<ul class=\"wp-block-list\">\n<li>1r: Laura C. i Estrella M. <\/li>\n\n\n\n<li>2n: \u00c0ngels M. i S\u00f2nia S. <\/li>\n\n\n\n<li>3r: N\u00faria C.  i Clara V. <\/li>\n\n\n\n<li>4t: N\u00faria S. i Clara E. <\/li>\n\n\n\n<li>5\u00e8: Raquel V. i L\u00eddia L.<\/li>\n\n\n\n<li>6\u00e8: Anna B. i Laura R. <\/li>\n\n\n\n<li>Suports: Luc\u00eda S., Merc\u00e8 T. i Mar L.<\/li>\n<\/ul>\n<\/div><\/div>\n\n\n\n<div class=\"wp-block-getwid-accordion__header-wrapper\"><span class=\"wp-block-getwid-accordion__header\"><a href=\"#\"><span class=\"wp-block-getwid-accordion__header-title\">Especialitats<\/span><span class=\"wp-block-getwid-accordion__icon is-active\"><i class=\"fas fa-plus\"><\/i><\/span><span class=\"wp-block-getwid-accordion__icon is-passive\"><i class=\"fas fa-minus\"><\/i><\/span><\/a><\/span><\/div><div class=\"wp-block-getwid-accordion__content-wrapper\"><div class=\"wp-block-getwid-accordion__content\">\n<ul class=\"wp-block-list\">\n<li>M\u00fasica: Luc\u00eda S. <\/li>\n\n\n\n<li>Educaci\u00f3 f\u00edsica: Encarna S. <\/li>\n\n\n\n<li>Angl\u00e8s: \u00c0ngels M., Anna B., Clara V., N\u00faria C. i Laura R. <\/li>\n\n\n\n<li>Aula d&#8217;acollida: Merc\u00e8 T. <\/li>\n\n\n\n<li>Educaci\u00f3 especial: Estrella M., Elisabet F. i Mar L. <\/li>\n<\/ul>\n<\/div><\/div>\n\n\n\n<div class=\"wp-block-getwid-accordion__header-wrapper\"><span class=\"wp-block-getwid-accordion__header\"><a href=\"#\"><span class=\"wp-block-getwid-accordion__header-title\">Personal de l&#8217;escola<\/span><span class=\"wp-block-getwid-accordion__icon is-active\"><i class=\"fas fa-plus\"><\/i><\/span><span class=\"wp-block-getwid-accordion__icon is-passive\"><i class=\"fas fa-minus\"><\/i><\/span><\/a><\/span><\/div><div class=\"wp-block-getwid-accordion__content-wrapper\"><div class=\"wp-block-getwid-accordion__content\">\n<ul class=\"wp-block-list\">\n<li>TIS: Maria C.<\/li>\n\n\n\n<li>Administrativa: Ana A. <\/li>\n\n\n\n<li>Conserge: Toni G.<\/li>\n\n\n\n<li>Personal de menjador: Badia E., Cristine D., Monserrat B., Carme M., Marina F. i S\u00f2nia M.<\/li>\n\n\n\n<li>Personal de neteja:<strong>&nbsp;<\/strong>Sofia A., Rachida S. i Ruth G.<\/li>\n<\/ul>\n<\/div><\/div>\n\n\n\n<div class=\"wp-block-getwid-accordion__header-wrapper\"><span class=\"wp-block-getwid-accordion__header\"><a href=\"#\"><span class=\"wp-block-getwid-accordion__header-title\">Equips externs<\/span><span class=\"wp-block-getwid-accordion__icon is-active\"><i class=\"fas fa-plus\"><\/i><\/span><span class=\"wp-block-getwid-accordion__icon is-passive\"><i class=\"fas fa-minus\"><\/i><\/span><\/a><\/span><\/div><div class=\"wp-block-getwid-accordion__content-wrapper\"><div class=\"wp-block-getwid-accordion__content\">\n<ul class=\"wp-block-list\">\n<li>EAP: Xavi G.<\/li>\n\n\n\n<li>Fisioterapeuta: N\u00faria R.<\/li>\n\n\n\n<li>Logop\u00e8da del CREDA: Laia M. <\/li>\n<\/ul>\n<\/div><\/div>\n<\/div>\n<\/div><\/div>\n\n\n\n<div class=\"wp-block-getwid-tabs__nav-link\"><span class=\"wp-block-getwid-tabs__title-wrapper\"><a href=\"#\"><span class=\"wp-block-getwid-tabs__title\">Consell escolar<\/span><\/a><\/span><\/div><div class=\"wp-block-getwid-tabs__tab-content-wrapper\"><div class=\"wp-block-getwid-tabs__tab-content\">\n<ul class=\"wp-block-list\">\n<li>Direcci\u00f3: Marta F.<\/li>\n\n\n\n<li>Cap d\u2019Estudis: Laura R.<\/li>\n\n\n\n<li>Secret\u00e0ria: L\u00eddia L.<\/li>\n\n\n\n<li>Representants del sector mestres:\n<ul class=\"wp-block-list\">\n<li>Encarna S. <\/li>\n\n\n\n<li>Laura C.<\/li>\n\n\n\n<li>Merc\u00e8 T.<\/li>\n\n\n\n<li>N\u00faria C.<\/li>\n\n\n\n<li>Elisabet F.<\/li>\n\n\n\n<li>S\u00f2nia S.<\/li>\n<\/ul>\n<\/li>\n\n\n\n<li>Representants del sector fam\u00edlies:\n<ul class=\"wp-block-list\">\n<li>M\u00edriam A.<\/li>\n\n\n\n<li>Ibtissam E.<\/li>\n\n\n\n<li>Zakia L.<\/li>\n\n\n\n<li>Carla G.<\/li>\n\n\n\n<li>Aouatif A.<\/li>\n\n\n\n<li>Javi M. (AFI)<\/li>\n<\/ul>\n<\/li>\n\n\n\n<li>Representant de l\u2019Ajuntament: Montserrat Clotet<\/li>\n\n\n\n<li>Representant del personal PAS: Ana A.<\/li>\n\n\n\n<li>Representant del personal PAE: Andrea M.<\/li>\n<\/ul>\n<\/div><\/div>\n\n\n\n<div class=\"wp-block-getwid-tabs__nav-link\"><span class=\"wp-block-getwid-tabs__title-wrapper\"><a href=\"#\"><span class=\"wp-block-getwid-tabs__title\">Horari i calendari<\/span><\/a><\/span><\/div><div class=\"wp-block-getwid-tabs__tab-content-wrapper\"><div class=\"wp-block-getwid-tabs__tab-content\">\n<div class=\"wp-block-columns is-layout-flex wp-container-core-columns-is-layout-1 wp-block-columns-is-layout-flex\" style=\"border-style:none;border-width:0px;padding-right:0;padding-left:0\">\n<div class=\"wp-block-column is-layout-flow wp-block-column-is-layout-flow\">\n<div class=\"wp-block-getwid-icon is-aligned-center\"><div class=\"wp-block-getwid-icon__wrapper\"><i class=\"far fa-clock\"><\/i><\/div><\/div>\n\n\n\n<p class=\"has-text-align-center\"><strong>Horari<\/strong><\/p>\n\n\n\n<ul class=\"wp-block-list\">\n<li>Mat\u00ed: de 9h a 12.30h. <\/li>\n\n\n\n<li>Tarda: de 15h a 16.30h. <\/li>\n<\/ul>\n\n\n\n<p class=\"has-text-align-center\"><strong>Horari intensiva<\/strong><\/p>\n\n\n\n<ul class=\"wp-block-list\">\n<li>19 de desembre i del 8 al 19 de juny. <\/li>\n\n\n\n<li>De 9h a 13h. <\/li>\n<\/ul>\n<\/div>\n\n\n\n<div class=\"wp-block-column is-layout-flow wp-block-column-is-layout-flow\">\n<div class=\"wp-block-getwid-icon is-aligned-center\"><div class=\"wp-block-getwid-icon__wrapper\"><i class=\"fas fa-calendar-alt\"><\/i><\/div><\/div>\n\n\n\n<p class=\"has-text-align-center\"><strong>Trimestres<\/strong><\/p>\n\n\n\n<ul class=\"wp-block-list\">\n<li>1r trimestre: del 8 al 19 de desembre.<\/li>\n\n\n\n<li>2n trimestre: del 8 de gener al 27 de mar\u00e7.<\/li>\n\n\n\n<li>3r trimestre: del 7 d\u2019abril al 19 de juny.<\/li>\n<\/ul>\n<\/div>\n\n\n\n<div class=\"wp-block-column is-layout-flow wp-block-column-is-layout-flow\">\n<div class=\"wp-block-getwid-icon is-aligned-center\"><div class=\"wp-block-getwid-icon__wrapper\"><i class=\"fas fa-home\"><\/i><\/div><\/div>\n\n\n\n<p class=\"has-text-align-center\"><strong>Dies festius de lliure disposici\u00f3<\/strong><\/p>\n\n\n\n<ul class=\"wp-block-list\">\n<li>31 d\u2019octubre<\/li>\n\n\n\n<li>9 de desembre<\/li>\n\n\n\n<li>26 de gener<\/li>\n\n\n\n<li>20 de febrer<\/li>\n\n\n\n<li>13 de mar\u00e7<\/li>\n\n\n\n<li>30 d&#8217;abril<\/li>\n<\/ul>\n<\/div>\n<\/div>\n<\/div><\/div>\n<\/div>\n","protected":false},"excerpt":{"rendered":"","protected":false},"author":23,"featured_media":0,"parent":0,"menu_order":0,"comment_status":"closed","ping_status":"closed","template":"","meta":{"_bbp_topic_count":0,"_bbp_reply_count":0,"_bbp_total_topic_count":0,"_bbp_total_reply_count":0,"_bbp_voice_count":0,"_bbp_anonymous_reply_count":0,"_bbp_topic_count_hidden":0,"_bbp_reply_count_hidden":0,"_bbp_forum_subforum_count":0,"site-sidebar-layout":"default","site-content-layout":"","ast-site-content-layout":"default","site-content-style":"default","site-sidebar-style":"default","ast-global-header-display":"","ast-banner-title-visibility":"","ast-main-header-display":"","ast-hfb-above-header-display":"","ast-hfb-below-header-display":"","ast-hfb-mobile-header-display":"","site-post-title":"","ast-breadcrumbs-content":"","ast-featured-img":"","footer-sml-layout":"","theme-transparent-header-meta":"","adv-header-id-meta":"","stick-header-meta":"","header-above-stick-meta":"","header-main-stick-meta":"","header-below-stick-meta":"","astra-migrate-meta-layouts":"set","ast-page-background-enabled":"default","ast-page-background-meta":{"desktop":{"background-color":"var(--ast-global-color-4)","background-image":"","background-repeat":"repeat","background-position":"center center","background-size":"auto","background-attachment":"scroll","background-type":"","background-media":"","overlay-type":"","overlay-color":"","overlay-opacity":"","overlay-gradient":""},"tablet":{"background-color":"","background-image":"","background-repeat":"repeat","background-position":"center center","background-size":"auto","background-attachment":"scroll","background-type":"","background-media":"","overlay-type":"","overlay-color":"","overlay-opacity":"","overlay-gradient":""},"mobile":{"background-color":"","background-image":"","background-repeat":"repeat","background-position":"center center","background-size":"auto","background-attachment":"scroll","background-type":"","background-media":"","overlay-type":"","overlay-color":"","overlay-opacity":"","overlay-gradient":""}},"ast-content-background-meta":{"desktop":{"background-color":"var(--ast-global-color-5)","background-image":"","background-repeat":"repeat","background-position":"center center","background-size":"auto","background-attachment":"scroll","background-type":"","background-media":"","overlay-type":"","overlay-color":"","overlay-opacity":"","overlay-gradient":""},"tablet":{"background-color":"var(--ast-global-color-5)","background-image":"","background-repeat":"repeat","background-position":"center center","background-size":"auto","background-attachment":"scroll","background-type":"","background-media":"","overlay-type":"","overlay-color":"","overlay-opacity":"","overlay-gradient":""},"mobile":{"background-color":"var(--ast-global-color-5)","background-image":"","background-repeat":"repeat","background-position":"center center","background-size":"auto","background-attachment":"scroll","background-type":"","background-media":"","overlay-type":"","overlay-color":"","overlay-opacity":"","overlay-gradient":""}},"footnotes":""},"class_list":["post-7304","page","type-page","status-publish","hentry"],"post_mailing_queue_ids":[],"_links":{"self":[{"href":"https:\/\/agora.xtec.cat\/escolavalldaura\/wp-json\/wp\/v2\/pages\/7304","targetHints":{"allow":["GET"]}}],"collection":[{"href":"https:\/\/agora.xtec.cat\/escolavalldaura\/wp-json\/wp\/v2\/pages"}],"about":[{"href":"https:\/\/agora.xtec.cat\/escolavalldaura\/wp-json\/wp\/v2\/types\/page"}],"author":[{"embeddable":true,"href":"https:\/\/agora.xtec.cat\/escolavalldaura\/wp-json\/wp\/v2\/users\/23"}],"replies":[{"embeddable":true,"href":"https:\/\/agora.xtec.cat\/escolavalldaura\/wp-json\/wp\/v2\/comments?post=7304"}],"version-history":[{"count":6,"href":"https:\/\/agora.xtec.cat\/escolavalldaura\/wp-json\/wp\/v2\/pages\/7304\/revisions"}],"predecessor-version":[{"id":7543,"href":"https:\/\/agora.xtec.cat\/escolavalldaura\/wp-json\/wp\/v2\/pages\/7304\/revisions\/7543"}],"wp:attachment":[{"href":"https:\/\/agora.xtec.cat\/escolavalldaura\/wp-json\/wp\/v2\/media?parent=7304"}],"curies":[{"name":"wp","href":"https:\/\/api.w.org\/{rel}","templated":true}]}}