{"id":4027,"date":"2025-02-15T07:02:36","date_gmt":"2025-02-15T06:02:36","guid":{"rendered":"https:\/\/agora.xtec.cat\/escolaturodeldrac\/?page_id=4027"},"modified":"2026-03-05T16:01:40","modified_gmt":"2026-03-05T15:01:40","slug":"afa","status":"publish","type":"page","link":"https:\/\/agora.xtec.cat\/escolaturodeldrac\/afa\/","title":{"rendered":"L&#8217;AFA del Tur\u00f3 del Drac"},"content":{"rendered":"\n<div class=\"wp-block-cover aligncenter\" style=\"min-height:135px;aspect-ratio:unset;\"><span aria-hidden=\"true\" class=\"wp-block-cover__background has-background-dim\"><\/span><img loading=\"lazy\" decoding=\"async\" width=\"1024\" height=\"1024\" class=\"wp-block-cover__image-background wp-image-4040\" alt=\"\" src=\"https:\/\/agora.xtec.cat\/escolaturodeldrac\/wp-content\/uploads\/usu958\/2025\/02\/2227-1024x1024.jpg\" data-object-fit=\"cover\" srcset=\"https:\/\/agora.xtec.cat\/escolaturodeldrac\/wp-content\/uploads\/usu958\/2025\/02\/2227-1024x1024.jpg 1024w, https:\/\/agora.xtec.cat\/escolaturodeldrac\/wp-content\/uploads\/usu958\/2025\/02\/2227-300x300.jpg 300w, https:\/\/agora.xtec.cat\/escolaturodeldrac\/wp-content\/uploads\/usu958\/2025\/02\/2227-150x150.jpg 150w, https:\/\/agora.xtec.cat\/escolaturodeldrac\/wp-content\/uploads\/usu958\/2025\/02\/2227-768x768.jpg 768w, https:\/\/agora.xtec.cat\/escolaturodeldrac\/wp-content\/uploads\/usu958\/2025\/02\/2227.jpg 1200w\" sizes=\"auto, (max-width: 1024px) 100vw, 1024px\" \/><div class=\"wp-block-cover__inner-container is-layout-flow wp-block-cover-is-layout-flow\">\n<p class=\"has-text-align-center has-link-color wp-elements-5f44369333b1e711f60e366ad4b98688\" style=\"margin-top:var(--wp--preset--spacing--30);margin-right:0;margin-bottom:var(--wp--preset--spacing--30);margin-left:0;font-size:32px\"><a href=\"https:\/\/www.instagram.com\/afaturodeldrac\/\" target=\"_blank\" rel=\"noreferrer noopener\"><strong>Segueix-nos en Instagram!<\/strong><\/a><\/p>\n<\/div><\/div>\n\n\n\n<hr class=\"wp-block-separator has-alpha-channel-opacity\"\/>\n\n\n\n<blockquote class=\"wp-block-quote has-text-align-center is-layout-flow wp-block-quote-is-layout-flow\">\n<p><\/p>\n<cite>afa@turodeldrac.cat | 937 943 730 | Horari: dilluns de 9 a 10.30h, dimecres i divendres de 15 a 17.30 h<\/cite><\/blockquote>\n\n\n\n<figure class=\"wp-block-image alignright size-full is-resized is-style-default\"><a href=\"https:\/\/agora.xtec.cat\/escolaturodeldrac\/wp-content\/uploads\/usu958\/2025\/02\/afa.jpg\"><img loading=\"lazy\" decoding=\"async\" width=\"185\" height=\"180\" src=\"https:\/\/agora.xtec.cat\/escolaturodeldrac\/wp-content\/uploads\/usu958\/2025\/02\/afa.jpg\" alt=\"\" class=\"wp-image-4029\" style=\"width:116px;height:auto\"\/><\/a><\/figure>\n\n\n\n<div class=\"wp-block-getwid-toggle has-icon-left\">\n<div class=\"wp-block-getwid-toggle__row\"><div class=\"wp-block-getwid-toggle__header-wrapper\"><span class=\"wp-block-getwid-toggle__header\"><a href=\"#\"><span class=\"wp-block-getwid-toggle__header-title\">L&#8217;AFA del Tur\u00f3 del Drac<\/span><span class=\"wp-block-getwid-toggle__icon is-active\"><i class=\"fas fa-angle-down\"><\/i><\/span><span class=\"wp-block-getwid-toggle__icon is-passive\"><i class=\"fas fa-angle-up\"><\/i><\/span><\/a><\/span><\/div><div class=\"wp-block-getwid-toggle__content-wrapper\"><div class=\"wp-block-getwid-toggle__content\">\n<p>L\u2019AFA de l\u2019escola el Tur\u00f3 del Drac \u00e9s una entitat que agrupa volunt\u00e0riament a les fam\u00edlies de l\u2019escola amb la finalitat principal de promoure la participaci\u00f3 i contribuir a la millora de la qualitat de la nostra escola.<\/p>\n\n\n\n<p>Aquest recolzament el donem de moltes maneres:<\/p>\n\n\n\n<div class=\"wp-block-group is-layout-constrained wp-block-group-is-layout-constrained\">\n<ul class=\"wp-block-list\">\n<li>Organitzant activitats extraescolars i el servei d\u2019acollida<\/li>\n\n\n\n<li>Col\u00b7laborant en l\u2019organitzaci\u00f3 de les festes tradicionals del calendari escolar<\/li>\n\n\n\n<li>Impulsant la Colla gegantera del tur\u00f3 del drac i el nostre gegant Crestes<\/li>\n\n\n\n<li>Establint un di\u00e0leg amb mestres i equip directiu per tractar els temes que afecten a totes les fam\u00edlies<\/li>\n\n\n\n<li>Proposant activitats i fent suggeriments en relaci\u00f3 amb el funcionament de l\u2019escola<\/li>\n\n\n\n<li>Ajudant a l\u2019escola en la millora de les instal\u00b7lacions i l\u2019adquisici\u00f3 de materials i equipament<\/li>\n<\/ul>\n<\/div>\n<\/div><\/div><\/div>\n\n\n\n<div class=\"wp-block-getwid-toggle__row\"><div class=\"wp-block-getwid-toggle__header-wrapper\"><span class=\"wp-block-getwid-toggle__header\"><a href=\"#\"><span class=\"wp-block-getwid-toggle__header-title\">Quadre d&#8217;activitats extraescolars 2025-26<\/span><span class=\"wp-block-getwid-toggle__icon is-active\"><i class=\"fas fa-angle-down\"><\/i><\/span><span class=\"wp-block-getwid-toggle__icon is-passive\"><i class=\"fas fa-angle-up\"><\/i><\/span><\/a><\/span><\/div><div class=\"wp-block-getwid-toggle__content-wrapper\"><div class=\"wp-block-getwid-toggle__content\">\n<p><\/p>\n\n\n\n<figure class=\"wp-block-image size-large\"><a href=\"https:\/\/agora.xtec.cat\/escolaturodeldrac\/wp-content\/uploads\/usu958\/2026\/03\/extraescolars2526.jpg\"><img loading=\"lazy\" decoding=\"async\" width=\"1024\" height=\"521\" src=\"https:\/\/agora.xtec.cat\/escolaturodeldrac\/wp-content\/uploads\/usu958\/2026\/03\/extraescolars2526-1024x521.jpg\" alt=\"\" class=\"wp-image-4611\" srcset=\"https:\/\/agora.xtec.cat\/escolaturodeldrac\/wp-content\/uploads\/usu958\/2026\/03\/extraescolars2526-1024x521.jpg 1024w, https:\/\/agora.xtec.cat\/escolaturodeldrac\/wp-content\/uploads\/usu958\/2026\/03\/extraescolars2526-300x153.jpg 300w, https:\/\/agora.xtec.cat\/escolaturodeldrac\/wp-content\/uploads\/usu958\/2026\/03\/extraescolars2526-768x391.jpg 768w, https:\/\/agora.xtec.cat\/escolaturodeldrac\/wp-content\/uploads\/usu958\/2026\/03\/extraescolars2526.jpg 1271w\" sizes=\"auto, (max-width: 1024px) 100vw, 1024px\" \/><\/a><\/figure>\n<\/div><\/div><\/div>\n\n\n\n<div class=\"wp-block-getwid-toggle__row\"><div class=\"wp-block-getwid-toggle__header-wrapper\"><span class=\"wp-block-getwid-toggle__header\"><a href=\"#\"><span class=\"wp-block-getwid-toggle__header-title\">Normativa extraescolars 2025-26<\/span><span class=\"wp-block-getwid-toggle__icon is-active\"><i class=\"fas fa-angle-down\"><\/i><\/span><span class=\"wp-block-getwid-toggle__icon is-passive\"><i class=\"fas fa-angle-up\"><\/i><\/span><\/a><\/span><\/div><div class=\"wp-block-getwid-toggle__content-wrapper\"><div class=\"wp-block-getwid-toggle__content\">\n<p><strong>INSCRIPCI\u00d3<\/strong><\/p>\n\n\n\n<ol class=\"wp-block-list\">\n<li>Per inscriure\u2019s a les activitats extraescolars cal ser SOCI de l\u2019AFA i estar al corrent de tots els pagaments (quota de soci, activitats extraescolars d\u2019anys anteriors, servei d\u2019acollida, etc.).<\/li>\n\n\n\n<li>La sol\u00b7licitud de preinscripci\u00f3 a les activitats extraescolars es far\u00e0 online mitjan\u00e7ant l\u2019aplicaci\u00f3 Ampasoft.<\/li>\n\n\n\n<li>Les preinscripcions comen\u00e7aran el 1 de setembre fins el 20 de setembre i restaran obertes atenent a la disponibilitat de places de cada activitat.<\/li>\n\n\n\n<li>Totes les preinscripcions a les activitats extraescolars hauran de ser validades per l\u2019AFA, seran ateses per ordre d\u2019arribada i ser\u00e0 efectiva un cop realitzat el cobrament del primer mes.<\/li>\n\n\n\n<li>Si una activitat est\u00e0 plena i no es pot realitzar la preinscripci\u00f3 podeu enviar un correu a l\u2019AFA extraescolars@turodeldrac.cat per tal de posar-vos en llista d\u2019espera.<\/li>\n<\/ol>\n\n\n\n<p><strong>PAGAMENTS<\/strong><\/p>\n\n\n\n<ol class=\"wp-block-list\">\n<li>El cobrament del primer mes es realitzar\u00e0 el 5 d\u00b4octubre, per les preinscripcions realitzades durant el mes de setembre.<\/li>\n\n\n\n<li>Les fam\u00edlies amb t\u00edtol de fam\u00edlia nombrosa o monoparental tenen un 25% de descompte sobre el preu de l\u2019activitat. Caldr\u00e0 presentar la documentaci\u00f3 acreditativa abans del primer rebut.<\/li>\n\n\n\n<li>El pagament de les activitats es realitzar\u00e0 \u00fanicament per domiciliaci\u00f3 banc\u00e0ria, passant els cobraments mensualment, per avan\u00e7at, el dia 5 de cada mes. Es girar\u00e0 un rebut per nen\/a i activitat.<\/li>\n\n\n\n<li>Les fam\u00edlies hauran de notificar, amb suficient antelaci\u00f3, qualsevol canvi en la domiciliaci\u00f3 banc\u00e0ria per evitar devolucions. Les despeses de devoluci\u00f3 (4\u20ac) per causes alienes a l\u2019AFA aniran a c\u00e0rrec de la fam\u00edlia usu\u00e0ria de l\u2019activitat.<\/li>\n\n\n\n<li>La quota \u00e9s invariable independentment del n\u00famero de dies lectius i de l\u2019assist\u00e8ncia del nen\/a a l\u2019activitat. La no assist\u00e8ncia temporal d\u2019un participant no eximeix del pagament de la quota.<\/li>\n\n\n\n<li>En cas d\u2019impagament d\u2019alguna quota, ser\u00e0 notificat per escrit als interessats i tindran un termini de quinze dies per abonar el deute. El pagament caldr\u00e0 realitzar\u2010lo en efectiu o per transfer\u00e8ncia, incloses les despeses de devoluci\u00f3 (4\u20ac). Passat aquest termini es donar\u00e0 un av\u00eds comunicant la baixa del servei i no s\u2019acceptar\u00e0 cap nen\/a que no estigui al dia del pagament del servei de l\u2019activitat.<\/li>\n\n\n\n<li>Les activitats es financen amb a les quotes de les fam\u00edlies, amb gran prejudici per l\u2019AFA si hi ha fam\u00edlies que no paguen en el termini establert la quota que els hi correspon.<\/li>\n<\/ol>\n\n\n\n<p><strong>DESENVOLUPAMENT DE L\u2019ACTIVITAT<\/strong><\/p>\n\n\n\n<ol class=\"wp-block-list\">\n<li>El curs 2024-2025 les activitats extraescolars comen\u00e7aran el 1 d\u00b4octubre i acabaran el mes de maig.<\/li>\n\n\n\n<li>Per tal que es desenvolupi l\u2019activitat hi haur\u00e0 d\u2019haver un m\u00ednim de nens\/es inscrits, que ser\u00e0 acordat en cada cas per la junta de l\u2019AFA. Si una activitat no arriba al m\u00ednim acordat l\u2019AFA ho comunicar\u00e0 a les fam\u00edlies el mes aviat possible i retornar\u00e0 l\u2019import abonat.<\/li>\n\n\n\n<li>La programaci\u00f3 de cada activitat aix\u00ed com la distribuci\u00f3 dels nens\/es en cada grup ser\u00e0 acordada per la Junta de l\u2019AFA, el coordinador d\u2019extraescolars i el monitor\/a de l\u2019activitat.<\/li>\n\n\n\n<li>Tots els infants han de marxar de l\u2019escola acompanyats d\u2019un adult, a excepci\u00f3 de qu\u00e8 hi hagi una autoritzaci\u00f3 expressa per escrit del pare, mare o tutor\/a. Igualment cal signar l\u2019autoritzaci\u00f3 quan reculli el nen\/a una persona que no sigui el pare, mare o tutor\/a.<\/li>\n\n\n\n<li>Cada trimestre es lliurar\u00e0 un informe de l\u2019evoluci\u00f3 del nen\/a a l\u2019activitat.<\/li>\n\n\n\n<li>Qualsevol incid\u00e8ncia, dubte o suggeriments que vulgueu fer us podeu posar en contacte amb el coordinador d\u2019extraescolars presencialment o b\u00e9 a trav\u00e9s del correu electr\u00f2nic extraescolars@turodeldrac.cat<\/li>\n<\/ol>\n\n\n\n<p><strong>BAIXA DE L\u2019ACTIVITAT<\/strong><\/p>\n\n\n\n<ol class=\"wp-block-list\">\n<li>Per donar\u2010se de baixa del servei, s\u2019ha de comunicar abans del dia 10 del mes anterior per escrit a l\u2019AFA mitjan\u00e7ant el correu electr\u00f2nic afa@turodeldrac.cat si no s\u00b4avisa es cobrar\u00e0 el mes encara que no assisteixi a l\u00b4activitat. Les fam\u00edlies amb rebuts pendents no podran inscriure\u00b4s a cap activitat fins que paguin el que tenen pendent.<\/li>\n<\/ol>\n<\/div><\/div><\/div>\n\n\n\n<div class=\"wp-block-getwid-toggle__row\"><div class=\"wp-block-getwid-toggle__header-wrapper\"><span class=\"wp-block-getwid-toggle__header\"><a href=\"#\"><span class=\"wp-block-getwid-toggle__header-title\">Servei d&#8217;acollida &#8211; Mat\u00ed<\/span><span class=\"wp-block-getwid-toggle__icon is-active\"><i class=\"fas fa-angle-down\"><\/i><\/span><span class=\"wp-block-getwid-toggle__icon is-passive\"><i class=\"fas fa-angle-up\"><\/i><\/span><\/a><\/span><\/div><div class=\"wp-block-getwid-toggle__content-wrapper\"><div class=\"wp-block-getwid-toggle__content\">\n<p>El servei d\u2019acollida matinal t\u00e9 com a finalitat donar resposta a aquelles fam\u00edlies que, per diferents motius, tenen la necessitat de dur els seus fills a l\u2019escola abans del seu inici.<br>L\u2019objectiu b\u00e0sic d\u2019aquest servei \u00e9s oferir als nens i nenes un espai agradable i enriquidor mentre esperen el comen\u00e7ament de la jornada escolar, i on podran prendre l\u2019esmorzar que cal portar de casa. Per aix\u00f2, se\u2019ls proposa fer diferents activitats com dibuixar, pintar, llegir contes, fer trencaclosques, jocs de taula, de construcci\u00f3, petits tallers, escoltar m\u00fasica, etc.<\/p>\n\n\n\n<p><strong>NORMATIVA SERVEI ACOLLIDA MAT\u00cd \u2013 CURS 2024\/2025<\/strong><\/p>\n\n\n\n<ol class=\"wp-block-list\">\n<li>El servei d\u2019acollida mat\u00ed comen\u00e7a i acaba el mateix dia que el curs escolar.<\/li>\n\n\n\n<li>L\u2019horari del servei ser\u00e0 de 7:30 h a 9:00 h del mat\u00ed (l\u2019entrada es far\u00e0 abans de les 8:45 h, a partir d\u2019aquest hora no podr\u00e0 entrar cap alumne).<\/li>\n\n\n\n<li>Per inscriure\u2019s al servei fix cal ser soci de l\u2019AFA. El preu del servei \u00e9s de:<\/li>\n<\/ol>\n\n\n\n<figure class=\"wp-block-table\"><table><tbody><tr><td colspan=\"2\"><\/td><td>5 dies \/setmana<\/td><td>3 dies\/ setmana<\/td><td>Espor\u00e0dic<\/td><\/tr><tr><td>MATI:<\/td><td>7:30h a 9:00h<\/td><td>38 \u20ac\/mes*<\/td><td>23 \u20ac\/mes*<\/td><td rowspan=\"3\"><br>4 \u20ac socis AFA<br>6\u20ac no socis<\/td><\/tr><tr><td>MATI:<\/td><td>8:00h A 9:00h<\/td><td>33 \u20ac\/mes*<\/td><td>23 \u20ac\/mes*<\/td><\/tr><tr><td>MATI:<\/td><td>8:30h A 9:00h<\/td><td>23 \u20ac\/mes*<\/td><td>23\u20ac\/ mes*<\/td><\/tr><\/tbody><\/table><figcaption class=\"wp-element-caption\">*Les fam\u00edlies amb t\u00edtol de fam\u00edlia nombrosa o monoparental tenen un 25% de descompte. Caldr\u00e0 presentar la documentaci\u00f3 acreditativa abans del primer rebut.<\/figcaption><\/figure>\n\n\n\n<ol start=\"4\" class=\"wp-block-list\">\n<li>Es cobrar\u00e0 durant els 5 primers dies de cada mes (per avan\u00e7at) com les activitats extraescolars.<\/li>\n\n\n\n<li>Per fer \u00fas del servei espor\u00e0dic no cal comunicar-ho pr\u00e8viament cal pagar amb efectiu als monitors que estan fent l\u00b4acollida.<\/li>\n<\/ol>\n\n\n\n<p><strong>INCID\u00c8NCIES I BAIXA DEL SERVEI D\u2019ACOLLIDA MAT\u00cd<\/strong><\/p>\n\n\n\n<ol class=\"wp-block-list\">\n<li>No es retornar\u00e0 l\u2019import dels dies que l\u2019alumne no faci \u00fas del servei.<\/li>\n\n\n\n<li>Cal respectar els horaris establerts. Encara que no s\u2019utilitzi la totalitat del servei contractat, s\u2019ha de pagar la totalitat de la quota.<\/li>\n\n\n\n<li>En cas d\u2019impagament d\u2019alguna quota, ser\u00e0 notificada per escrit als interessats, que tindran un termini de quinze dies per liquidar el deute. El pagament caldr\u00e0 realitzar-lo en efectiu al despatx de l\u2019AFA o per transfer\u00e8ncia, incloses les despeses de devoluci\u00f3 (4\u20ac). Passat aquest termini es donar\u00e0 un av\u00eds comunicant la baixa del servei i no s\u2019acceptar\u00e0 cap nen\/a que no estigui al dia del pagament del servei.<\/li>\n\n\n\n<li>Per donar-vos de baixa del servei, ens ho heu de comunicar per escrit a l\u2019AFA (mitjan\u00e7ant correu electr\u00f2nic o a la p\u00e0gina web http:\/\/blocampa.turodeldrac.cat\/ ) com a m\u00e0xim abans del dia 10 del mes anterior, per a qu\u00e8 el mes seg\u00fcent no es cobri el rebut.<\/li>\n<\/ol>\n\n\n\n<div class=\"wp-block-columns is-layout-flex wp-container-core-columns-is-layout-1 wp-block-columns-is-layout-flex\">\n<div class=\"wp-block-column is-layout-flow wp-block-column-is-layout-flow\">\n<p class=\"has-text-align-center\">Canet de Mar, juliol de 2024 <\/p>\n<\/div>\n\n\n\n<div class=\"wp-block-column is-layout-flow wp-block-column-is-layout-flow\">\n<p class=\"has-text-align-center\">             JUNTA AFA ESCOLA TUR\u00d3 DEL DRAC<\/p>\n<\/div>\n<\/div>\n<\/div><\/div><\/div>\n\n\n\n<div class=\"wp-block-getwid-toggle__row\"><div class=\"wp-block-getwid-toggle__header-wrapper\"><span class=\"wp-block-getwid-toggle__header\"><a href=\"#\"><span class=\"wp-block-getwid-toggle__header-title\">AMPAsoft<\/span><span class=\"wp-block-getwid-toggle__icon is-active\"><i class=\"fas fa-angle-down\"><\/i><\/span><span class=\"wp-block-getwid-toggle__icon is-passive\"><i class=\"fas fa-angle-up\"><\/i><\/span><\/a><\/span><\/div><div class=\"wp-block-getwid-toggle__content-wrapper\"><div class=\"wp-block-getwid-toggle__content\">\n<p><strong>AMPAsoft<\/strong>&nbsp;\u00e9s un programa inform\u00e0tic per gestionar el dia a dia de la nostra AMPA de manera senzilla i segura. \u00c9s una eina que facilita molts tr\u00e0mits i gestions, com ara la inscripci\u00f3 a les activitats extraescolars.<br>L\u2019usuari (adre\u00e7a electr\u00f2nica que vas facilitar a l\u2019AMPA) i la contrasenya permeten consultar i modificar les dades a trav\u00e9s de l\u2019ordinador, la tauleta o el m\u00f2bil.<\/p>\n\n\n\n<p>Beneficis AMPASoft:<\/p>\n\n\n\n<ul class=\"wp-block-list\">\n<li>Gestionar les teves dades personals a trav\u00e9s de l\u2019ordinador, tauleta i m\u00f2bil de manera privada i segura<\/li>\n\n\n\n<li>Modificar i cumplimentar les dades que ara tenim a l\u2019AMPA: domicilacions banc\u00e0ries i altres dades personals, com tel\u00e8fons, nom tutors, afegir altres tutos \u2026<\/li>\n\n\n\n<li>Revisar pagament de rebuts (quotes AMPA, extraescolars, Asseguran\u00e7a)<\/li>\n\n\n\n<li>L\u2019aplicaci\u00f3 ampasoft permetr\u00e0 fer les inscripcions a les activitats (extraescolars i acollida). De moment aquesta funcionalitat encara&nbsp; no est\u00e0 disponible, per\u00f2 l\u2019activarem properament.<\/li>\n\n\n\n<li>Comoditat, seguretat i rapidesa en la gesti\u00f3 de les vostres pr\u00f2pies dades<\/li>\n\n\n\n<li>Privacitat: Cadasc\u00fa veur\u00e0 nom\u00e9s les dades de la seva fam\u00edlia, el que evitar\u00e0 haver de fer p\u00fablic els nens\/es insrits a les extraescolars<\/li>\n<\/ul>\n\n\n\n<p><\/p>\n\n\n\n<div class=\"wp-block-columns is-layout-flex wp-container-core-columns-is-layout-2 wp-block-columns-is-layout-flex\">\n<div class=\"wp-block-column is-layout-flow wp-block-column-is-layout-flow\">\n<p class=\"has-text-align-center\"><strong>Manual d&#8217;\u00fas:&nbsp;<a href=\"https:\/\/drive.google.com\/file\/d\/1c3GvLTR-2E3g0Ju3q2iAH5ETuBD4FbNJ\/view?usp=sharing\" target=\"_blank\" rel=\"noreferrer noopener\">PDF<\/a><\/strong><br><strong>Preguntes freq\u00fcents:&nbsp;<a href=\"http:\/\/blocampa.turodeldrac.cat\/p\/faqs-ampasoft.html\" target=\"_blank\" rel=\"noreferrer noopener\">FAQS<\/a><\/strong><br><strong>Accedeix:&nbsp;<a href=\"https:\/\/turodeldrac.ampasoft.net\/login\" target=\"_blank\" rel=\"noreferrer noopener\">https:\/\/turodeldrac.ampasoft.net\/login<\/a><\/strong><\/p>\n<\/div>\n\n\n\n<div class=\"wp-block-column is-layout-flow wp-block-column-is-layout-flow\">\n<figure class=\"wp-block-image aligncenter is-resized\"><img decoding=\"async\" src=\"https:\/\/blogger.googleusercontent.com\/img\/b\/R29vZ2xl\/AVvXsEjh2sXYNv0PKfh31Yar8eMucxu7kJPpVk9v1aEL4om4w8lAvon3aAOAVX6fS-GKWotFI5pb0BjzW5Jiz3Mb3YDvvCOjIbb56IUgkFz__ym52d7M1ho6aJ9I2mDTyWWSg0KdaqqLag1AnLtP\/s1600\/ampasoft.jpg\" alt=\"\" style=\"width:187px;height:auto\"\/><\/figure>\n<\/div>\n<\/div>\n<\/div><\/div><\/div>\n\n\n\n<div class=\"wp-block-getwid-toggle__row\"><div class=\"wp-block-getwid-toggle__header-wrapper\"><span class=\"wp-block-getwid-toggle__header\"><a href=\"#\"><span class=\"wp-block-getwid-toggle__header-title\">Qu\u00e8 \u00e9s l&#8217;AFA?<\/span><span class=\"wp-block-getwid-toggle__icon is-active\"><i class=\"fas fa-angle-down\"><\/i><\/span><span class=\"wp-block-getwid-toggle__icon is-passive\"><i class=\"fas fa-angle-up\"><\/i><\/span><\/a><\/span><\/div><div class=\"wp-block-getwid-toggle__content-wrapper\"><div class=\"wp-block-getwid-toggle__content\">\n<p>L\u2019AFA, Associaci\u00f3 de Fam\u00edlies d\u2019Alumnes, \u00e9s la forma m\u00e9s efectiva que tenen totes les fam\u00edlies&nbsp;d\u2019agrupar-se i organitzar-se dins del Centre Escolar. L\u2019AFA&nbsp;\u00e9s una entitat sense afany de lucre, reconeguda legalment al registre d\u2019associacions i les seves funcions estan regulades per un decret de la Generalitat de Catalunya.Des de l\u2019AFA, es pot desenvolupar una plataforma oberta a la participaci\u00f3 i reivindicaci\u00f3 de tots els aspectes referents a l\u2019educaci\u00f3, per tal d\u2019aconseguir, juntament amb els i les mestres, la millor formaci\u00f3 dels nostres fills i filles, basada en els principis propis d\u2019una societat democr\u00e0tica.<\/p>\n\n\n\n<p>La tasca de les AFA, organitzadora de serveis complementaris, col\u00b7laboradora i vigilant davant les responsabilitats de les administracions, i reivindicativa pel que fa a la qualitat de l\u2019ensenyament, esdev\u00e9\u201a cada cop m\u00e9s important en la nostra societat.<\/p>\n\n\n\n<p>Una bona gesti\u00f3 de l\u2019AFA comporta la participaci\u00f3 i la dinamitzaci\u00f3 global del Centre; per obtenir aix\u00f2, cal:<\/p>\n\n\n\n<p>\u2013 Comprom\u00eds per part dels membres actius de la junta directiva.<\/p>\n\n\n\n<p>\u2013 Col\u00b7laboraci\u00f3 i suport&nbsp;de totes les fam\u00edlies.<\/p>\n\n\n\n<p>\u2013 Di\u00e0leg i col\u00b7laboraci\u00f3 amb tots els sectors de la comunitat educativa.<\/p>\n\n\n\n<p>\u2013 Acc\u00e9s a la informaci\u00f3.<\/p>\n\n\n\n<p>\u2013 El recolzament als mestres i dels mestres.<\/p>\n\n\n\n<p>\u2013 L\u2019assessorament de federacions i d\u2019altres institucions.<\/p>\n\n\n\n<p>A m\u00e9s, l\u2019AFA :<\/p>\n\n\n\n<p>\u2013 D\u00f3na suport als familiars, mestres i alumnes i tamb\u00e9 als \u00f2rgans de govern del centre en tot all\u00f2 que contribueixi a la millora de la qualitat de l\u2019ensenyament que reben els nois i les noies.<\/p>\n\n\n\n<p>\u2013 Promou la participaci\u00f3 dels familiars&nbsp;a la comunitat educativa potenciant la seva implicaci\u00f3 en el funcionament del centre.<\/p>\n\n\n\n<p>\u2013 \u00c9s un espai de reflexi\u00f3 que permet a&nbsp;les fam\u00edlies&nbsp;reflexionar i opinar sobre el funcionament quotidi\u00e0 de l\u2019escola i sobre temes educatius d\u2019abast m\u00e9s general.<\/p>\n\n\n\n<p>\u2013 \u00c9s el principal interlocutor que tenen els mestres i els equips directius per tractar els temes que afecten a tot el col\u00b7lectiu de fam\u00edlies.<\/p>\n\n\n\n<p>\u2013 Participa en la pressa de decisions i en el govern del centre mitjan\u00e7ant un representant al consell escolar de centre.<\/p>\n\n\n\n<p>\u2013 Orienta a&nbsp;les fam\u00edlies&nbsp;en l\u2019exercici dels seus drets i obligacions com a membres d\u2019un centre educatiu sostingut amb fons p\u00fablics.<\/p>\n\n\n\n<p>\u2013 Administra i gestiona els recursos que s\u2019inverteixen en millores per a l\u2019escola i l\u2019educaci\u00f3 de tots els nens i nenes.<\/p>\n<\/div><\/div><\/div>\n<\/div>\n","protected":false},"excerpt":{"rendered":"<p>afa@turodeldrac.cat | 937 943 730 | Horari: dilluns de 9 a 10.30h, dimecres i divendres de 15 a 17.30 h<\/p>\n","protected":false},"author":5,"featured_media":4029,"parent":0,"menu_order":0,"comment_status":"closed","ping_status":"close","template":"","meta":{"_bbp_topic_count":0,"_bbp_reply_count":0,"_bbp_total_topic_count":0,"_bbp_total_reply_count":0,"_bbp_voice_count":0,"_bbp_anonymous_reply_count":0,"_bbp_topic_count_hidden":0,"_bbp_reply_count_hidden":0,"_bbp_forum_subforum_count":0,"site-sidebar-layout":"default","site-content-layout":"","ast-site-content-layout":"default","site-content-style":"default","site-sidebar-style":"default","ast-global-header-display":"","ast-banner-title-visibility":"","ast-main-header-display":"","ast-hfb-above-header-display":"","ast-hfb-below-header-display":"","ast-hfb-mobile-header-display":"","site-post-title":"","ast-breadcrumbs-content":"","ast-featured-img":"","footer-sml-layout":"","theme-transparent-header-meta":"","adv-header-id-meta":"","stick-header-meta":"","header-above-stick-meta":"","header-main-stick-meta":"","header-below-stick-meta":"","astra-migrate-meta-layouts":"set","ast-page-background-enabled":"default","ast-page-background-meta":{"desktop":{"background-color":"var(--ast-global-color-4)","background-image":"","background-repeat":"repeat","background-position":"center center","background-size":"auto","background-attachment":"scroll","background-type":"","background-media":"","overlay-type":"","overlay-color":"","overlay-opacity":"","overlay-gradient":""},"tablet":{"background-color":"","background-image":"","background-repeat":"repeat","background-position":"center center","background-size":"auto","background-attachment":"scroll","background-type":"","background-media":"","overlay-type":"","overlay-color":"","overlay-opacity":"","overlay-gradient":""},"mobile":{"background-color":"","background-image":"","background-repeat":"repeat","background-position":"center center","background-size":"auto","background-attachment":"scroll","background-type":"","background-media":"","overlay-type":"","overlay-color":"","overlay-opacity":"","overlay-gradient":""}},"ast-content-background-meta":{"desktop":{"background-color":"var(--ast-global-color-5)","background-image":"","background-repeat":"repeat","background-position":"center center","background-size":"auto","background-attachment":"scroll","background-type":"","background-media":"","overlay-type":"","overlay-color":"","overlay-opacity":"","overlay-gradient":""},"tablet":{"background-color":"var(--ast-global-color-5)","background-image":"","background-repeat":"repeat","background-position":"center center","background-size":"auto","background-attachment":"scroll","background-type":"","background-media":"","overlay-type":"","overlay-color":"","overlay-opacity":"","overlay-gradient":""},"mobile":{"background-color":"var(--ast-global-color-5)","background-image":"","background-repeat":"repeat","background-position":"center center","background-size":"auto","background-attachment":"scroll","background-type":"","background-media":"","overlay-type":"","overlay-color":"","overlay-opacity":"","overlay-gradient":""}},"footnotes":""},"class_list":["post-4027","page","type-page","status-publish","has-post-thumbnail","hentry"],"post_mailing_queue_ids":[],"_links":{"self":[{"href":"https:\/\/agora.xtec.cat\/escolaturodeldrac\/wp-json\/wp\/v2\/pages\/4027","targetHints":{"allow":["GET"]}}],"collection":[{"href":"https:\/\/agora.xtec.cat\/escolaturodeldrac\/wp-json\/wp\/v2\/pages"}],"about":[{"href":"https:\/\/agora.xtec.cat\/escolaturodeldrac\/wp-json\/wp\/v2\/types\/page"}],"author":[{"embeddable":true,"href":"https:\/\/agora.xtec.cat\/escolaturodeldrac\/wp-json\/wp\/v2\/users\/5"}],"replies":[{"embeddable":true,"href":"https:\/\/agora.xtec.cat\/escolaturodeldrac\/wp-json\/wp\/v2\/comments?post=4027"}],"version-history":[{"count":6,"href":"https:\/\/agora.xtec.cat\/escolaturodeldrac\/wp-json\/wp\/v2\/pages\/4027\/revisions"}],"predecessor-version":[{"id":4612,"href":"https:\/\/agora.xtec.cat\/escolaturodeldrac\/wp-json\/wp\/v2\/pages\/4027\/revisions\/4612"}],"wp:featuredmedia":[{"embeddable":true,"href":"https:\/\/agora.xtec.cat\/escolaturodeldrac\/wp-json\/wp\/v2\/media\/4029"}],"wp:attachment":[{"href":"https:\/\/agora.xtec.cat\/escolaturodeldrac\/wp-json\/wp\/v2\/media?parent=4027"}],"curies":[{"name":"wp","href":"https:\/\/api.w.org\/{rel}","templated":true}]}}