{"id":6142,"date":"2020-10-12T15:05:27","date_gmt":"2020-10-12T13:05:27","guid":{"rendered":"http:\/\/agora.xtec.cat\/escolataularodona\/?page_id=6142"},"modified":"2024-07-11T16:49:32","modified_gmt":"2024-07-11T14:49:32","slug":"projectes-propis-de-la-nostra-escola","status":"publish","type":"page","link":"https:\/\/agora.xtec.cat\/escolataularodona\/pagina-dinici-buida\/projecte-educatiu-2\/projectes-propis-de-la-nostra-escola\/","title":{"rendered":"Projectes propis de la nostra escola"},"content":{"rendered":"<p><img loading=\"lazy\" decoding=\"async\" class=\"aligncenter wp-image-6150 size-full\" src=\"https:\/\/agora.xtec.cat\/escolataularodona\/wp-content\/uploads\/usu722\/2020\/10\/descarga.jpeg\" alt=\"Els nostres projectes\" width=\"292\" height=\"172\" \/><\/p>\n<ul>\n<li>ATENCI\u00d3 A LA VARIABILITAT aplicant mesures universals per a tothom, dissenyant plans i mesures addicionals i\/o intensives. Equip docent d&#8217;atenci\u00f3 que contempla des de les necessitats m\u00e9s universals fins a les m\u00e9s intensives.<\/li>\n<li>PATIS INCLUSIUS, PATIS PER A TOTHOM.<\/li>\n<li>PROJECTE PLURIL\u00cdNG\u00dcE GEP, \u00e0rea de pl\u00e0stica a tota la prim\u00e0ria, rob\u00f2tica de 1r a 4t (ampliar un curs cada any) i llengua anglesa des d&#8217;EI3.<\/li>\n<li>CELEBRACI\u00d3 DE L&#8217;ENGLISH DAY.<\/li>\n<li>TREBALL DE LA M\u00daSICA, LA DANSA I EL COS, amb el cant coral a 4t i 6\u00e8, la percussi\u00f3 corporal amb el projecte TOCA TOCA a 5\u00e8 i el projecte dansem a 2n.<\/li>\n<li>FOMENT DE LA CONVIV\u00c8NCIA amb els equips per a la conviv\u00e8ncia i les tutories individualitzades Escolta&#8217;m.<\/li>\n<li>ENTORNS DIGITALS D&#8217;APRENENTATGE, a partir de 3r.<\/li>\n<li>APADRINAMENT ALUMNAT EI3 i 6\u00e8P.<\/li>\n<li>APADRINAMENT LECTOR. Alumnat d&#8217;EI5 + 3r, 1r + 4t i 2n + 5\u00e8.<\/li>\n<li>REAGRUPAMENT DE GRUPS a l\u2019inici del Cicle Mitj\u00e0.<\/li>\n<li>AMIGUES I AMICS DE L\u2019HORT. Alumnat de 4t i EI4.<\/li>\n<li>COL\u00d2NIES ESCOLARS (al final de cada cicle: EI5, 2n, 4t i 6\u00e8.<\/li>\n<\/ul>\n","protected":false},"excerpt":{"rendered":"<ul>\n<li>ATENCI\u00d3 A LA VARIABILITAT aplicant mesures universals per a tothom, dissenyant plans i mesures addicionals i\/o intensives. Equip docent d&#8217;atenci\u00f3 que contempla des de les necessitats m\u00e9s universals fins a les m\u00e9s intensives.<\/li>\n<li>PATIS INCLUSIUS, PATIS PER A TOTHOM.<\/li>\n<li>PROJECTE PLURIL\u00cdNG\u00dcE GEP, \u00e0rea de pl\u00e0stica a tota&hellip;  <a href=\"https:\/\/agora.xtec.cat\/escolataularodona\/pagina-dinici-buida\/projecte-educatiu-2\/projectes-propis-de-la-nostra-escola\/\" title=\"Read Projectes propis de la nostra escola\">Llegeix m\u00e9s\u00bb<\/a><br \/>\n","protected":false},"author":1,"featured_media":0,"parent":6156,"menu_order":2,"comment_status":"closed","ping_status":"closed","template":"page-templates\/side-menu.php","meta":{"_bbp_topic_count":0,"_bbp_reply_count":0,"_bbp_total_topic_count":0,"_bbp_total_reply_count":0,"_bbp_voice_count":0,"_bbp_anonymous_reply_count":0,"_bbp_topic_count_hidden":0,"_bbp_reply_count_hidden":0,"_bbp_forum_subforum_count":0,"footnotes":""},"class_list":["post-6142","page","type-page","status-publish","hentry"],"post_mailing_queue_ids":[],"_links":{"self":[{"href":"https:\/\/agora.xtec.cat\/escolataularodona\/wp-json\/wp\/v2\/pages\/6142","targetHints":{"allow":["GET"]}}],"collection":[{"href":"https:\/\/agora.xtec.cat\/escolataularodona\/wp-json\/wp\/v2\/pages"}],"about":[{"href":"https:\/\/agora.xtec.cat\/escolataularodona\/wp-json\/wp\/v2\/types\/page"}],"author":[{"embeddable":true,"href":"https:\/\/agora.xtec.cat\/escolataularodona\/wp-json\/wp\/v2\/users\/1"}],"replies":[{"embeddable":true,"href":"https:\/\/agora.xtec.cat\/escolataularodona\/wp-json\/wp\/v2\/comments?post=6142"}],"version-history":[{"count":5,"href":"https:\/\/agora.xtec.cat\/escolataularodona\/wp-json\/wp\/v2\/pages\/6142\/revisions"}],"predecessor-version":[{"id":9576,"href":"https:\/\/agora.xtec.cat\/escolataularodona\/wp-json\/wp\/v2\/pages\/6142\/revisions\/9576"}],"up":[{"embeddable":true,"href":"https:\/\/agora.xtec.cat\/escolataularodona\/wp-json\/wp\/v2\/pages\/6156"}],"wp:attachment":[{"href":"https:\/\/agora.xtec.cat\/escolataularodona\/wp-json\/wp\/v2\/media?parent=6142"}],"curies":[{"name":"wp","href":"https:\/\/api.w.org\/{rel}","templated":true}]}}