{"id":22,"date":"2014-09-18T12:19:57","date_gmt":"2014-09-18T11:19:57","guid":{"rendered":"http:\/\/agora.xtec.cat\/escolasuris\/?page_id=22"},"modified":"2026-07-27T20:59:08","modified_gmt":"2026-07-27T18:59:08","slug":"lescola","status":"publish","type":"page","link":"https:\/\/agora.xtec.cat\/escolasuris\/lescola\/","title":{"rendered":"L&#8217;escola"},"content":{"rendered":"<p><strong>MOTIVACI\u00d3 DE LA NOSTRA TRANSFORMACI\u00d3<\/strong><br \/>\n<em>&#8220;Tot est\u00e0 per fer, tot \u00e9s possible&#8221;<\/em><\/p>\n<p><strong>L&#8217;Escola Suris<\/strong> va comen\u00e7ar la seva activitat al 1982.<\/p>\n<p>Som un centre educatiu p\u00fablic depenent del Departament d\u2019Ensenyament de la Generalitat de Catalunya que oferta els nivells educatius de les etapes d\u2019Educaci\u00f3 Infantil i Prim\u00e0ria.<\/p>\n<p>Som una escola de doble l\u00ednia des de i3 a 6\u00e8 curs de prim\u00e0ria (dos grups per nivell) i estem adscrits als instituts d\u2019educaci\u00f3 secund\u00e0ria de la zona: <span style=\"color: #ff0000;\"><strong>[&#8230;]<\/strong><\/span><\/p>\n<p>Al Suris volem formar infants aut\u00f2noms, independents i cr\u00edtics, en un context en qu\u00e8 cadasc\u00fa pugui desenvolupar les seves capacitats i compet\u00e8ncies, plantejant-se les seves pr\u00f2pies preguntes sobre les quals investigar, seguint els criteris cient\u00edfics de l\u2019assaig i l\u2019error, del treball cooperatiu, de la manipulaci\u00f3 i els aprenentatges vivencials.<\/p>\n<p><strong>Per aix\u00f2 combinem l\u2019aprenentatge a trav\u00e9s d&#8217;alguns llibres<\/strong> (Matem\u00e0tiques, Catal\u00e0 i Angl\u00e8s) <strong>amb metodologies m\u00e9s innovadores<\/strong>, concretament, a trav\u00e9s de les <strong>capses d&#8217;aprenentatge<\/strong>.<\/p>\n<p>Els cursos d\u2019<strong>Educaci\u00f3 Infantil<\/strong> tenim els <strong>ambients d\u2019aprenentatge<\/strong> en qu\u00e8 els infants gaudeixen d\u2019aquest proc\u00e9s de creixement personal tenint en compte i respectant els seus interessos. Un espai d&#8217;aprenentatge definit com \u201cl\u2019atmosfera dissenyada o creada amb la finalitat de garantir un conjunt de factors que envolten l\u2019aprenentatge dels infants, per tal d\u2019afavorir el seu desenvolupament i comportament personal, donant la possibilitat de satisfer les seves pr\u00f2pies necessitats\u201d.<\/p>\n<p>Pel que fa a l\u2019<strong>Educaci\u00f3 Prim\u00e0ria<\/strong>, per a poder desenvolupar totes aquelles compet\u00e8ncies i sabers del curr\u00edculum que ens marca el Departament d\u2019Educaci\u00f3, a m\u00e9s a m\u00e9s del treball per projectes, fem \u00fas de les nostres <strong>capses d&#8217;aprenentatge, amb materials manipulatius i propostes\/reptes<\/strong> que els infants han de resoldre seguint unes pautes i coneixements acompanyants per els mestres.<\/p>\n","protected":false},"excerpt":{"rendered":"<p>MOTIVACI\u00d3 DE LA NOSTRA TRANSFORMACI\u00d3<br \/>\n&#8220;Tot est\u00e0 per fer, tot \u00e9s possible&#8221;<br \/>\nL&#8217;Escola Suris va comen\u00e7ar la seva activitat al 1982.<br \/>\nSom un centre educatiu p\u00fablic depenent del Departament d\u2019Ensenyament de la Generalitat de Catalunya que oferta els nivells educatius de les etapes d\u2019Educaci\u00f3 Infantil i Prim\u00e0ria.<br \/>\nSom una&hellip;  <a href=\"https:\/\/agora.xtec.cat\/escolasuris\/lescola\/\" title=\"Read L&#8217;escola\">Llegeix m\u00e9s\u00bb<\/a><\/p>\n","protected":false},"author":1,"featured_media":0,"parent":0,"menu_order":0,"comment_status":"closed","ping_status":"closed","template":"page-templates\/side-menu.php","meta":{"_bbp_topic_count":0,"_bbp_reply_count":0,"_bbp_total_topic_count":0,"_bbp_total_reply_count":0,"_bbp_voice_count":0,"_bbp_anonymous_reply_count":0,"_bbp_topic_count_hidden":0,"_bbp_reply_count_hidden":0,"_bbp_forum_subforum_count":0,"footnotes":""},"class_list":["post-22","page","type-page","status-publish","hentry"],"post_mailing_queue_ids":[],"_links":{"self":[{"href":"https:\/\/agora.xtec.cat\/escolasuris\/wp-json\/wp\/v2\/pages\/22","targetHints":{"allow":["GET"]}}],"collection":[{"href":"https:\/\/agora.xtec.cat\/escolasuris\/wp-json\/wp\/v2\/pages"}],"about":[{"href":"https:\/\/agora.xtec.cat\/escolasuris\/wp-json\/wp\/v2\/types\/page"}],"author":[{"embeddable":true,"href":"https:\/\/agora.xtec.cat\/escolasuris\/wp-json\/wp\/v2\/users\/1"}],"replies":[{"embeddable":true,"href":"https:\/\/agora.xtec.cat\/escolasuris\/wp-json\/wp\/v2\/comments?post=22"}],"version-history":[{"count":6,"href":"https:\/\/agora.xtec.cat\/escolasuris\/wp-json\/wp\/v2\/pages\/22\/revisions"}],"predecessor-version":[{"id":15621,"href":"https:\/\/agora.xtec.cat\/escolasuris\/wp-json\/wp\/v2\/pages\/22\/revisions\/15621"}],"wp:attachment":[{"href":"https:\/\/agora.xtec.cat\/escolasuris\/wp-json\/wp\/v2\/media?parent=22"}],"curies":[{"name":"wp","href":"https:\/\/api.w.org\/{rel}","templated":true}]}}