{"id":610,"date":"2019-11-08T14:37:10","date_gmt":"2019-11-08T13:37:10","guid":{"rendered":"https:\/\/agora.xtec.cat\/escolaserenavall\/?page_id=610"},"modified":"2026-02-24T09:37:07","modified_gmt":"2026-02-24T08:37:07","slug":"consell-escolar","status":"publish","type":"page","link":"https:\/\/agora.xtec.cat\/escolaserenavall\/lescola\/consell-escolar\/","title":{"rendered":"Consell Escolar"},"content":{"rendered":"<p><strong><u>COMPOSICI\u00d3<\/u><\/strong><\/p>\n<ul>\n<li><strong>President:\u00a0<\/strong>Josep M. Mart\u00edn S\u00e1nchez<\/li>\n<li><strong>Cap d\u2019Estudis: <\/strong>J\u00e9sica Ferrer Galeote<\/li>\n<li><strong>Secretari:<\/strong> Enric Garcia Ferr\u00e9<\/li>\n<li><strong>Representant de l\u2019Ajuntament: <\/strong>Joan Arnau Vergel<\/li>\n<li><strong><strong>Representants de les fam\u00edlies: <\/strong><\/strong>Meritxell Guzman<strong><strong>, <\/strong><\/strong>Carmen Herrero, Marc Palomar, Laura Pulido<\/li>\n<li><strong>Representant AFA: <\/strong>Nacho Gonz\u00e1lez<\/li>\n<li><strong>Representants dels mestres: <\/strong>N\u00faria Cols, Laia Dorda, Anna Nogueras, L\u00eddia Pradillo i N\u00faria Ruiz<\/li>\n<li><strong>Representant del PAS: <\/strong>Mireia S\u00e1nchez Lorite<\/li>\n<\/ul>\n<section id=\"h.1dc1c9bd547eee7f_26\" class=\"yaqOZd lQAHbd\">\n<div class=\"mYVXT\">\n<div class=\"LS81yb VICjCf j5pSsc db35Fc\" tabindex=\"-1\">\n<div class=\"hJDwNd-AhqUyc-uQSCkd Ft7HRd-AhqUyc-uQSCkd purZT-AhqUyc-II5mzb ZcASvf-AhqUyc-II5mzb pSzOP-AhqUyc-qWD73c Ktthjf-AhqUyc-qWD73c JNdkSc SQVYQc\">\n<div class=\"JNdkSc-SmKAyb LkDMRd\">\n<div class=\"\">\n<div class=\"oKdM2c ZZyype Kzv0Me\">\n<div id=\"h.1dc1c9bd547eee7f_29\" class=\"hJDwNd-AhqUyc-uQSCkd Ft7HRd-AhqUyc-uQSCkd jXK9ad D2fZ2 zu5uec OjCsFc dmUFtb wHaque g5GTcb\">\n<div class=\"jXK9ad-SmKAyb\">\n<div class=\"tyJCtd mGzaTb Depvyb baZpAe\">\n<p class=\"zfr3Q CDt4Ke \" dir=\"ltr\"><strong><span class=\"puwcIf C9DxTc \">COMISSIONS DE TREBALL<\/span><\/strong><\/p>\n<\/div>\n<\/div>\n<\/div>\n<\/div>\n<\/div>\n<\/div>\n<\/div>\n<\/div>\n<\/div>\n<\/section>\n<section id=\"h.291cda6acb3a141d_84\" class=\"yaqOZd qeLZfd\">\n<div class=\"IFuOkc\"><span class=\"C9DxTc \" style=\"font-size: 16px;\">Econ\u00f2mica Escola: <\/span><span class=\"C9DxTc \" style=\"font-size: 16px;\">Txema Mart\u00edn, Enric Garcia, Laia Dorda, Carmen Herrero<\/span><\/div>\n<div><\/div>\n<div class=\"mYVXT\">\n<div class=\"LS81yb VICjCf j5pSsc db35Fc\" tabindex=\"-1\">\n<div class=\"hJDwNd-AhqUyc-uQSCkd Ft7HRd-AhqUyc-uQSCkd purZT-AhqUyc-II5mzb ZcASvf-AhqUyc-II5mzb pSzOP-AhqUyc-qWD73c Ktthjf-AhqUyc-qWD73c JNdkSc SQVYQc\">\n<div class=\"JNdkSc-SmKAyb LkDMRd\">\n<div class=\"\">\n<div class=\"oKdM2c ZZyype Kzv0Me\">\n<div id=\"h.291cda6acb3a141d_87\" class=\"hJDwNd-AhqUyc-uQSCkd Ft7HRd-AhqUyc-uQSCkd jXK9ad D2fZ2 zu5uec OjCsFc dmUFtb wHaque g5GTcb\">\n<div class=\"jXK9ad-SmKAyb\">\n<div class=\"tyJCtd mGzaTb Depvyb baZpAe\">\n<p class=\"zfr3Q CDt4Ke \" dir=\"ltr\"><span class=\"C9DxTc \">COCOBE:<\/span><span class=\"C9DxTc \"> J\u00e9sica Ferrer i Anna Nogueras\u00a0<\/span><\/p>\n<p class=\"zfr3Q CDt4Ke \" dir=\"ltr\"><span class=\"C9DxTc \">Permanent:<\/span><span class=\"C9DxTc \"> Txema Mart\u00edn, Ignacio Gonz\u00e1lez, N\u00faria Ruiz i Meritxell Guzman<\/span><\/p>\n<p dir=\"ltr\"><span style=\"color: #3366ff;\"><strong><span class=\"CGqCRe C9DxTc \">CURS 2025-26<\/span><\/strong><\/span><\/p>\n<\/div>\n<\/div>\n<\/div>\n<\/div>\n<\/div>\n<section id=\"h.e70b641b4bc380d_23\" class=\"yaqOZd\">\n<div class=\"IFuOkc\"><strong><span class=\"jgG6ef C9DxTc \" style=\"font-size: 16px;\">ACORDS DEL CONSELL ESCOLAR ESTABLERTS A LA<\/span><span class=\"jgG6ef C9DxTc \" style=\"font-size: 16px;\">\u00a0SESSI\u00d3<\/span><span class=\"jgG6ef C9DxTc \" style=\"font-size: 16px;\">\u00a0DEL DIA\u00a0<\/span><span class=\"jgG6ef C9DxTc \" style=\"font-size: 16px;\">3<\/span><span class=\"jgG6ef C9DxTc \" style=\"font-size: 16px;\"> DE FEBRER<\/span><span class=\"jgG6ef C9DxTc \" style=\"font-size: 16px;\"> DE 2026<\/span><\/strong><\/div>\n<div><\/div>\n<div><span class=\"puwcIf C9DxTc \">Liquidaci\u00f3 exercici 2025<\/span><\/div>\n<\/section>\n<div><img loading=\"lazy\" decoding=\"async\" class=\"alignnone wp-image-1774 size-full\" src=\"https:\/\/agora.xtec.cat\/escolaserenavall\/wp-content\/uploads\/usu114\/2026\/02\/1.-pressupost.png\" alt=\"\" width=\"672\" height=\"682\" srcset=\"https:\/\/agora.xtec.cat\/escolaserenavall\/wp-content\/uploads\/usu114\/2026\/02\/1.-pressupost.png 672w, https:\/\/agora.xtec.cat\/escolaserenavall\/wp-content\/uploads\/usu114\/2026\/02\/1.-pressupost-296x300.png 296w\" sizes=\"auto, (max-width: 672px) 100vw, 672px\" \/><\/div>\n<section id=\"h.e70b641b4bc380d_23\" class=\"yaqOZd\">\n<div><\/div>\n<\/section>\n<\/div>\n<\/div>\n<\/div>\n<\/div>\n<\/section>\n<div class=\"IFuOkc\"><img loading=\"lazy\" decoding=\"async\" class=\"alignnone wp-image-1775 size-full\" src=\"https:\/\/agora.xtec.cat\/escolaserenavall\/wp-content\/uploads\/usu114\/2026\/02\/2.-pressuport.png\" alt=\"\" width=\"669\" height=\"902\" srcset=\"https:\/\/agora.xtec.cat\/escolaserenavall\/wp-content\/uploads\/usu114\/2026\/02\/2.-pressuport.png 669w, https:\/\/agora.xtec.cat\/escolaserenavall\/wp-content\/uploads\/usu114\/2026\/02\/2.-pressuport-223x300.png 223w\" sizes=\"auto, (max-width: 669px) 100vw, 669px\" \/><\/div>\n<div><img loading=\"lazy\" decoding=\"async\" class=\"alignnone wp-image-1776 size-full\" src=\"https:\/\/agora.xtec.cat\/escolaserenavall\/wp-content\/uploads\/usu114\/2026\/02\/3.-p.png\" alt=\"\" width=\"665\" height=\"753\" srcset=\"https:\/\/agora.xtec.cat\/escolaserenavall\/wp-content\/uploads\/usu114\/2026\/02\/3.-p.png 665w, https:\/\/agora.xtec.cat\/escolaserenavall\/wp-content\/uploads\/usu114\/2026\/02\/3.-p-265x300.png 265w\" sizes=\"auto, (max-width: 665px) 100vw, 665px\" \/><\/div>\n<div><img loading=\"lazy\" decoding=\"async\" class=\"alignnone wp-image-1777 size-full\" src=\"https:\/\/agora.xtec.cat\/escolaserenavall\/wp-content\/uploads\/usu114\/2026\/02\/4-P.png\" alt=\"\" width=\"657\" height=\"811\" srcset=\"https:\/\/agora.xtec.cat\/escolaserenavall\/wp-content\/uploads\/usu114\/2026\/02\/4-P.png 657w, https:\/\/agora.xtec.cat\/escolaserenavall\/wp-content\/uploads\/usu114\/2026\/02\/4-P-243x300.png 243w\" sizes=\"auto, (max-width: 657px) 100vw, 657px\" \/><\/div>\n<div><\/div>\n<div><span class=\"puwcIf C9DxTc \">Pressupost 202<\/span><span class=\"puwcIf C9DxTc \">5<\/span><\/div>\n<div><\/div>\n<div><img loading=\"lazy\" decoding=\"async\" class=\"alignnone wp-image-1779 size-full\" src=\"https:\/\/agora.xtec.cat\/escolaserenavall\/wp-content\/uploads\/usu114\/2026\/02\/P1.png\" alt=\"\" width=\"668\" height=\"881\" srcset=\"https:\/\/agora.xtec.cat\/escolaserenavall\/wp-content\/uploads\/usu114\/2026\/02\/P1.png 668w, https:\/\/agora.xtec.cat\/escolaserenavall\/wp-content\/uploads\/usu114\/2026\/02\/P1-227x300.png 227w\" sizes=\"auto, (max-width: 668px) 100vw, 668px\" \/><\/div>\n<div><img loading=\"lazy\" decoding=\"async\" class=\"alignnone wp-image-1780 size-full\" src=\"https:\/\/agora.xtec.cat\/escolaserenavall\/wp-content\/uploads\/usu114\/2026\/02\/P2.png\" alt=\"\" width=\"672\" height=\"885\" srcset=\"https:\/\/agora.xtec.cat\/escolaserenavall\/wp-content\/uploads\/usu114\/2026\/02\/P2.png 672w, https:\/\/agora.xtec.cat\/escolaserenavall\/wp-content\/uploads\/usu114\/2026\/02\/P2-228x300.png 228w\" sizes=\"auto, (max-width: 672px) 100vw, 672px\" \/><\/div>\n<div><img loading=\"lazy\" decoding=\"async\" class=\"alignnone wp-image-1781 size-full\" src=\"https:\/\/agora.xtec.cat\/escolaserenavall\/wp-content\/uploads\/usu114\/2026\/02\/P3.png\" alt=\"\" width=\"670\" height=\"813\" srcset=\"https:\/\/agora.xtec.cat\/escolaserenavall\/wp-content\/uploads\/usu114\/2026\/02\/P3.png 670w, https:\/\/agora.xtec.cat\/escolaserenavall\/wp-content\/uploads\/usu114\/2026\/02\/P3-247x300.png 247w\" sizes=\"auto, (max-width: 670px) 100vw, 670px\" \/><\/div>\n<div><\/div>\n<div>NORMATIVA DE MENJADOR<\/div>\n<div><\/div>\n<div>En aquesta sessi\u00f3 tamb\u00e9 s&#8217;aproven introduir a la normativa de menjador una s\u00e8rie de punts marcats pel nou <strong>Reial decret 315\/2025<\/strong>, de 15 d&#8217;abril, pel qual s&#8217;estableixen normes de desplegament de la Llei 17\/2011, de 5 de juliol, de seguretat aliment\u00e0ria i nutrici\u00f3, per al\u00a0<strong>foment d&#8217;una alimentaci\u00f3 saludable i sostenible en centres educatius.<\/strong><\/div>\n<div><\/div>\n<p><strong>FUNCIONAMENT:<\/strong><\/p>\n<div>\n<p><em>A l&#8217;espai de lleure de menjador s&#8217;ofereix joc lliure al pati de l&#8217;escola. Pels alumnes de cicle mitj\u00e0 i superior s&#8217;ofereix un temps a la biblioteca del centre on es podr\u00e0 llegir, fer deures o dibuixar en un entorn tranquil, afavorint h\u00e0bits educatius i una atmosfera relaxada, sota la tutela d&#8217;un\/a monitor\/a.<\/em><\/p>\n<p><em>Els horaris de la biblioteca s\u00f3n:<\/em><\/p>\n<p><em>3r i 4t: Dimecres de 13h a 14h<\/em><\/p>\n<p><em>5\u00e8 i 6\u00e8: Divendres de 13h a 14h<\/em><\/p>\n<p>&nbsp;<\/p>\n<p><strong>MEN\u00daS<\/strong><\/p>\n<p><em>La programaci\u00f3 dels\u00a0men\u00fas s&#8217;elabora mensualment amb una nutricionista col\u00b7legiada, seguint les prescripcions marcades pel\u00a0<strong>Reial decret<\/strong> esmentat abans.<\/em><\/p>\n<p><em>El men\u00fa mensual es pot consultar a la p\u00e0gina web del centre i \u00e9s com\u00fa a tots els alumnes del centre, amb alguna excepci\u00f3: per motius de salut ser\u00e0 imprescindible <\/em><em style=\"font-size: 16px;\">entregar un certificat m\u00e8dic. Per q\u00fcestions religioses o culturals caldr\u00e0 entregar un escrit signat pels tutors legals<\/em><em style=\"font-size: 16px;\">. Si hi ha un canvi de men\u00fa s\u2019informar\u00e0 a les fam\u00edlies.<\/em><\/p>\n<p>&nbsp;<\/p>\n<\/div>\n<div><\/div>\n<section id=\"h.3ffa5b5f555dba4a_112\" class=\"yaqOZd lQAHbd\">\n<div class=\"mYVXT\">\n<div class=\"LS81yb VICjCf j5pSsc db35Fc\" tabindex=\"-1\">\n<div class=\"hJDwNd-AhqUyc-uQSCkd Ft7HRd-AhqUyc-uQSCkd purZT-AhqUyc-II5mzb ZcASvf-AhqUyc-II5mzb pSzOP-AhqUyc-qWD73c Ktthjf-AhqUyc-qWD73c JNdkSc SQVYQc\">\n<div class=\"JNdkSc-SmKAyb LkDMRd\">\n<div class=\"\">\n<div class=\"oKdM2c ZZyype Kzv0Me\">\n<div id=\"h.3ffa5b5f555dba4a_115\" class=\"hJDwNd-AhqUyc-uQSCkd Ft7HRd-AhqUyc-uQSCkd jXK9ad D2fZ2 zu5uec OjCsFc dmUFtb wHaque g5GTcb\">\n<div class=\"jXK9ad-SmKAyb\">\n<div class=\"tyJCtd mGzaTb Depvyb baZpAe\">\n<p class=\"zfr3Q CDt4Ke \" dir=\"ltr\"><span style=\"color: #3366ff;\"><strong><span class=\"CGqCRe C9DxTc \">CURS 2024-25<\/span><\/strong><\/span><\/p>\n<p dir=\"ltr\">\n<\/div>\n<\/div>\n<\/div>\n<\/div>\n<\/div>\n<\/div>\n<\/div>\n<\/div>\n<\/div>\n<\/section>\n<section id=\"h.e70b641b4bc380d_23\" class=\"yaqOZd\">\n<div class=\"IFuOkc\"><strong><span class=\"jgG6ef C9DxTc \" style=\"font-size: 16px;\">ACORDS DEL CONSELL ESCOLAR ESTABLERTS A LA<\/span><span class=\"jgG6ef C9DxTc \" style=\"font-size: 16px;\">\u00a0SESSI\u00d3<\/span><span class=\"jgG6ef C9DxTc \" style=\"font-size: 16px;\">\u00a0DEL DIA\u00a0<\/span><span class=\"jgG6ef C9DxTc \" style=\"font-size: 16px;\">3<\/span><span class=\"jgG6ef C9DxTc \" style=\"font-size: 16px;\">\u00a0DE\u00a0<\/span><span class=\"jgG6ef C9DxTc \" style=\"font-size: 16px;\">JUNY<\/span><span class=\"jgG6ef C9DxTc \" style=\"font-size: 16px;\">\u00a0DE 202<\/span><span class=\"jgG6ef C9DxTc \" style=\"font-size: 16px;\">5<\/span><\/strong><\/div>\n<\/section>\n<section id=\"h.493777a3544ed10c_4\" class=\"yaqOZd qeLZfd\">\n<div class=\"IFuOkc\"><\/div>\n<div class=\"mYVXT\">\n<div class=\"LS81yb VICjCf j5pSsc db35Fc\" tabindex=\"-1\">\n<div class=\"hJDwNd-AhqUyc-uQSCkd Ft7HRd-AhqUyc-uQSCkd purZT-AhqUyc-II5mzb ZcASvf-AhqUyc-II5mzb pSzOP-AhqUyc-qWD73c Ktthjf-AhqUyc-qWD73c JNdkSc SQVYQc\">\n<div class=\"JNdkSc-SmKAyb LkDMRd\">\n<div class=\"\">\n<div class=\"oKdM2c ZZyype Kzv0Me\">\n<div id=\"h.493777a3544ed10c_7\" class=\"hJDwNd-AhqUyc-uQSCkd Ft7HRd-AhqUyc-uQSCkd jXK9ad D2fZ2 zu5uec OjCsFc dmUFtb wHaque g5GTcb\">\n<div class=\"jXK9ad-SmKAyb\">\n<div class=\"tyJCtd mGzaTb Depvyb baZpAe\">\n<p class=\"zfr3Q CDt4Ke \" dir=\"ltr\"><span class=\"jgG6ef C9DxTc \">A<\/span><span class=\"jgG6ef C9DxTc \">provaci\u00f3 de l\u2019increment de preu del menjador escolar a 7,54\u20ac per als usuaris fixos i de 8,29\u20ac per als espor\u00e0dics.\u00a0\u00a0<\/span><\/p>\n<\/div>\n<\/div>\n<\/div>\n<\/div>\n<\/div>\n<\/div>\n<\/div>\n<\/div>\n<\/div>\n<\/section>\n<section id=\"h.493777a3544ed10c_8\" class=\"yaqOZd qeLZfd\">\n<div class=\"IFuOkc\"><\/div>\n<div class=\"mYVXT\">\n<div class=\"LS81yb VICjCf j5pSsc db35Fc\" tabindex=\"-1\">\n<div class=\"hJDwNd-AhqUyc-uQSCkd Ft7HRd-AhqUyc-uQSCkd purZT-AhqUyc-II5mzb ZcASvf-AhqUyc-II5mzb pSzOP-AhqUyc-qWD73c Ktthjf-AhqUyc-qWD73c JNdkSc SQVYQc\">\n<div class=\"JNdkSc-SmKAyb LkDMRd\">\n<div class=\"\">\n<div class=\"oKdM2c ZZyype Kzv0Me\">\n<div id=\"h.493777a3544ed10c_11\" class=\"hJDwNd-AhqUyc-uQSCkd Ft7HRd-AhqUyc-uQSCkd jXK9ad D2fZ2 zu5uec OjCsFc dmUFtb wHaque g5GTcb\">\n<div class=\"jXK9ad-SmKAyb\">\n<div class=\"tyJCtd mGzaTb Depvyb baZpAe\">\n<p class=\"zfr3Q CDt4Ke \" dir=\"ltr\"><span class=\"jgG6ef C9DxTc \">Els membres del Consell Escolar estan d\u2019acord a suprimir un perfil professional per reconvertir-lo a un lloc de treball ordinari.<\/span><\/p>\n<\/div>\n<\/div>\n<\/div>\n<\/div>\n<\/div>\n<\/div>\n<\/div>\n<\/div>\n<\/div>\n<\/section>\n<section id=\"h.493777a3544ed10c_0\" class=\"yaqOZd\">\n<div class=\"IFuOkc\"><\/div>\n<div class=\"mYVXT\">\n<div class=\"LS81yb VICjCf j5pSsc db35Fc\" tabindex=\"-1\">\n<div class=\"hJDwNd-AhqUyc-uQSCkd Ft7HRd-AhqUyc-uQSCkd purZT-AhqUyc-II5mzb ZcASvf-AhqUyc-II5mzb pSzOP-AhqUyc-qWD73c Ktthjf-AhqUyc-qWD73c JNdkSc SQVYQc\">\n<div class=\"JNdkSc-SmKAyb LkDMRd\">\n<div class=\"\">\n<div class=\"oKdM2c ZZyype Kzv0Me\">\n<div id=\"h.493777a3544ed10c_3\" class=\"hJDwNd-AhqUyc-uQSCkd Ft7HRd-AhqUyc-uQSCkd jXK9ad D2fZ2 zu5uec OjCsFc dmUFtb wHaque g5GTcb\">\n<div class=\"jXK9ad-SmKAyb\">\n<div class=\"tyJCtd mGzaTb Depvyb baZpAe\">\n<p class=\"zfr3Q CDt4Ke \" dir=\"ltr\"><strong><span class=\"jgG6ef C9DxTc \">ACORDS DEL CONSELL ESCOLAR ESTABLERTS A LA<\/span><span class=\"jgG6ef C9DxTc \">\u00a0SESSI\u00d3<\/span><span class=\"jgG6ef C9DxTc \">\u00a0DEL DIA 29 DE GENER DE 2025<\/span><\/strong><\/p>\n<\/div>\n<\/div>\n<\/div>\n<\/div>\n<\/div>\n<\/div>\n<\/div>\n<\/div>\n<\/div>\n<\/section>\n<section id=\"h.2690a5dda8be1d76_12\" class=\"yaqOZd\">\n<div class=\"IFuOkc\"><\/div>\n<div class=\"mYVXT\">\n<div class=\"LS81yb VICjCf j5pSsc db35Fc\" tabindex=\"-1\">\n<div class=\"hJDwNd-AhqUyc-uQSCkd Ft7HRd-AhqUyc-uQSCkd purZT-AhqUyc-II5mzb ZcASvf-AhqUyc-II5mzb pSzOP-AhqUyc-qWD73c Ktthjf-AhqUyc-qWD73c JNdkSc SQVYQc\">\n<div class=\"JNdkSc-SmKAyb LkDMRd\">\n<div class=\"\">\n<div class=\"oKdM2c ZZyype Kzv0Me\">\n<div id=\"h.2690a5dda8be1d76_15\" class=\"hJDwNd-AhqUyc-uQSCkd Ft7HRd-AhqUyc-uQSCkd jXK9ad D2fZ2 zu5uec OjCsFc dmUFtb wHaque g5GTcb\">\n<div class=\"jXK9ad-SmKAyb\">\n<div class=\"tyJCtd mGzaTb Depvyb baZpAe\">\n<p class=\"zfr3Q CDt4Ke \" dir=\"ltr\"><span class=\"puwcIf C9DxTc \">Liquidaci\u00f3 exercici 202<\/span><span class=\"puwcIf C9DxTc \">4<\/span><\/p>\n<p dir=\"ltr\"><img loading=\"lazy\" decoding=\"async\" class=\"alignnone size-full wp-image-843\" style=\"font-style: inherit; font-weight: inherit;\" src=\"https:\/\/agora.xtec.cat\/escolaserenavall\/wp-content\/uploads\/usu114\/2025\/11\/Liquidacio-1-1.png\" alt=\"\" width=\"670\" height=\"891\" srcset=\"https:\/\/agora.xtec.cat\/escolaserenavall\/wp-content\/uploads\/usu114\/2025\/11\/Liquidacio-1-1.png 670w, https:\/\/agora.xtec.cat\/escolaserenavall\/wp-content\/uploads\/usu114\/2025\/11\/Liquidacio-1-1-226x300.png 226w\" sizes=\"auto, (max-width: 670px) 100vw, 670px\" \/><\/p>\n<\/div>\n<\/div>\n<\/div>\n<\/div>\n<\/div>\n<\/div>\n<\/div>\n<\/div>\n<\/div>\n<\/section>\n<p dir=\"ltr\"><img loading=\"lazy\" decoding=\"async\" class=\"alignnone size-full wp-image-844\" src=\"https:\/\/agora.xtec.cat\/escolaserenavall\/wp-content\/uploads\/usu114\/2025\/11\/Liquidacio-2-1.png\" alt=\"\" width=\"667\" height=\"886\" srcset=\"https:\/\/agora.xtec.cat\/escolaserenavall\/wp-content\/uploads\/usu114\/2025\/11\/Liquidacio-2-1.png 667w, https:\/\/agora.xtec.cat\/escolaserenavall\/wp-content\/uploads\/usu114\/2025\/11\/Liquidacio-2-1-226x300.png 226w\" sizes=\"auto, (max-width: 667px) 100vw, 667px\" \/><\/p>\n<p dir=\"ltr\"><img loading=\"lazy\" decoding=\"async\" class=\"alignnone size-full wp-image-845\" src=\"https:\/\/agora.xtec.cat\/escolaserenavall\/wp-content\/uploads\/usu114\/2025\/11\/Liquidacio-3.png\" alt=\"\" width=\"669\" height=\"861\" srcset=\"https:\/\/agora.xtec.cat\/escolaserenavall\/wp-content\/uploads\/usu114\/2025\/11\/Liquidacio-3.png 669w, https:\/\/agora.xtec.cat\/escolaserenavall\/wp-content\/uploads\/usu114\/2025\/11\/Liquidacio-3-233x300.png 233w\" sizes=\"auto, (max-width: 669px) 100vw, 669px\" \/><\/p>\n<p dir=\"ltr\"><img loading=\"lazy\" decoding=\"async\" class=\"alignnone size-full wp-image-846\" src=\"https:\/\/agora.xtec.cat\/escolaserenavall\/wp-content\/uploads\/usu114\/2025\/11\/Liquidacio-4.png\" alt=\"\" width=\"650\" height=\"874\" srcset=\"https:\/\/agora.xtec.cat\/escolaserenavall\/wp-content\/uploads\/usu114\/2025\/11\/Liquidacio-4.png 650w, https:\/\/agora.xtec.cat\/escolaserenavall\/wp-content\/uploads\/usu114\/2025\/11\/Liquidacio-4-223x300.png 223w\" sizes=\"auto, (max-width: 650px) 100vw, 650px\" \/><\/p>\n<section id=\"h.2690a5dda8be1d76_12\" class=\"yaqOZd\">\n<div class=\"mYVXT\">\n<div class=\"LS81yb VICjCf j5pSsc db35Fc\" tabindex=\"-1\">\n<div class=\"hJDwNd-AhqUyc-uQSCkd Ft7HRd-AhqUyc-uQSCkd purZT-AhqUyc-II5mzb ZcASvf-AhqUyc-II5mzb pSzOP-AhqUyc-qWD73c Ktthjf-AhqUyc-qWD73c JNdkSc SQVYQc\">\n<div class=\"JNdkSc-SmKAyb LkDMRd\">\n<div class=\"\">\n<div class=\"oKdM2c ZZyype Kzv0Me\">\n<div id=\"h.2690a5dda8be1d76_15\" class=\"hJDwNd-AhqUyc-uQSCkd Ft7HRd-AhqUyc-uQSCkd jXK9ad D2fZ2 zu5uec OjCsFc dmUFtb wHaque g5GTcb\">\n<div class=\"jXK9ad-SmKAyb\">\n<div class=\"tyJCtd mGzaTb Depvyb baZpAe\">\n<p dir=\"ltr\"><span class=\"puwcIf C9DxTc \">Pressupost 202<\/span><span class=\"puwcIf C9DxTc \">5<\/span><\/p>\n<p dir=\"ltr\"><img loading=\"lazy\" decoding=\"async\" class=\"alignnone size-full wp-image-847\" src=\"https:\/\/agora.xtec.cat\/escolaserenavall\/wp-content\/uploads\/usu114\/2025\/11\/Pressupost-1.png\" alt=\"\" width=\"673\" height=\"887\" srcset=\"https:\/\/agora.xtec.cat\/escolaserenavall\/wp-content\/uploads\/usu114\/2025\/11\/Pressupost-1.png 673w, https:\/\/agora.xtec.cat\/escolaserenavall\/wp-content\/uploads\/usu114\/2025\/11\/Pressupost-1-228x300.png 228w\" sizes=\"auto, (max-width: 673px) 100vw, 673px\" \/><\/p>\n<\/div>\n<\/div>\n<\/div>\n<\/div>\n<\/div>\n<p dir=\"ltr\"><img loading=\"lazy\" decoding=\"async\" class=\"alignnone size-full wp-image-848\" src=\"https:\/\/agora.xtec.cat\/escolaserenavall\/wp-content\/uploads\/usu114\/2025\/11\/Pressupost-2.png\" alt=\"\" width=\"668\" height=\"876\" srcset=\"https:\/\/agora.xtec.cat\/escolaserenavall\/wp-content\/uploads\/usu114\/2025\/11\/Pressupost-2.png 668w, https:\/\/agora.xtec.cat\/escolaserenavall\/wp-content\/uploads\/usu114\/2025\/11\/Pressupost-2-229x300.png 229w\" sizes=\"auto, (max-width: 668px) 100vw, 668px\" \/><\/p>\n<\/div>\n<\/div>\n<\/div>\n<p dir=\"ltr\"><img loading=\"lazy\" decoding=\"async\" class=\"alignnone size-full wp-image-849\" src=\"https:\/\/agora.xtec.cat\/escolaserenavall\/wp-content\/uploads\/usu114\/2025\/11\/Pressupost-3.png\" alt=\"\" width=\"668\" height=\"892\" srcset=\"https:\/\/agora.xtec.cat\/escolaserenavall\/wp-content\/uploads\/usu114\/2025\/11\/Pressupost-3.png 668w, https:\/\/agora.xtec.cat\/escolaserenavall\/wp-content\/uploads\/usu114\/2025\/11\/Pressupost-3-225x300.png 225w\" sizes=\"auto, (max-width: 668px) 100vw, 668px\" \/><\/p>\n<\/div>\n<\/section>\n","protected":false},"excerpt":{"rendered":"<p>COMPOSICI\u00d3 President:\u00a0Josep M. Mart\u00edn S\u00e1nchez Cap d\u2019Estudis: J\u00e9sica Ferrer Galeote Secretari: Enric Garcia Ferr\u00e9 Representant de l\u2019Ajuntament: Joan Arnau Vergel Representants de les fam\u00edlies: Meritxell Guzman, Carmen Herrero, Marc Palomar, Laura Pulido Representant AFA: Nacho Gonz\u00e1lez Representants dels mestres: N\u00faria Cols, Laia Dorda, Anna Nogueras, L\u00eddia Pradillo i N\u00faria Ruiz Representant del PAS: Mireia S\u00e1nchez [&hellip;]<\/p>\n","protected":false},"author":1,"featured_media":0,"parent":22,"menu_order":30,"comment_status":"closed","ping_status":"closed","template":"","meta":{"_bbp_topic_count":0,"_bbp_reply_count":0,"_bbp_total_topic_count":0,"_bbp_total_reply_count":0,"_bbp_voice_count":0,"_bbp_anonymous_reply_count":0,"_bbp_topic_count_hidden":0,"_bbp_reply_count_hidden":0,"_bbp_forum_subforum_count":0,"site-sidebar-layout":"default","site-content-layout":"","ast-site-content-layout":"default","site-content-style":"default","site-sidebar-style":"default","ast-global-header-display":"","ast-banner-title-visibility":"","ast-main-header-display":"","ast-hfb-above-header-display":"","ast-hfb-below-header-display":"","ast-hfb-mobile-header-display":"","site-post-title":"","ast-breadcrumbs-content":"","ast-featured-img":"","footer-sml-layout":"","theme-transparent-header-meta":"default","adv-header-id-meta":"","stick-header-meta":"","header-above-stick-meta":"","header-main-stick-meta":"","header-below-stick-meta":"","astra-migrate-meta-layouts":"set","ast-page-background-enabled":"default","ast-page-background-meta":{"desktop":{"background-color":"var(--ast-global-color-4)","background-image":"","background-repeat":"repeat","background-position":"center center","background-size":"auto","background-attachment":"scroll","background-type":"","background-media":"","overlay-type":"","overlay-color":"","overlay-opacity":"","overlay-gradient":""},"tablet":{"background-color":"","background-image":"","background-repeat":"repeat","background-position":"center center","background-size":"auto","background-attachment":"scroll","background-type":"","background-media":"","overlay-type":"","overlay-color":"","overlay-opacity":"","overlay-gradient":""},"mobile":{"background-color":"","background-image":"","background-repeat":"repeat","background-position":"center center","background-size":"auto","background-attachment":"scroll","background-type":"","background-media":"","overlay-type":"","overlay-color":"","overlay-opacity":"","overlay-gradient":""}},"ast-content-background-meta":{"desktop":{"background-color":"var(--ast-global-color-5)","background-image":"","background-repeat":"repeat","background-position":"center center","background-size":"auto","background-attachment":"scroll","background-type":"","background-media":"","overlay-type":"","overlay-color":"","overlay-opacity":"","overlay-gradient":""},"tablet":{"background-color":"var(--ast-global-color-5)","background-image":"","background-repeat":"repeat","background-position":"center center","background-size":"auto","background-attachment":"scroll","background-type":"","background-media":"","overlay-type":"","overlay-color":"","overlay-opacity":"","overlay-gradient":""},"mobile":{"background-color":"var(--ast-global-color-5)","background-image":"","background-repeat":"repeat","background-position":"center center","background-size":"auto","background-attachment":"scroll","background-type":"","background-media":"","overlay-type":"","overlay-color":"","overlay-opacity":"","overlay-gradient":""}},"footnotes":""},"class_list":["post-610","page","type-page","status-publish","hentry"],"post_mailing_queue_ids":[],"_links":{"self":[{"href":"https:\/\/agora.xtec.cat\/escolaserenavall\/wp-json\/wp\/v2\/pages\/610","targetHints":{"allow":["GET"]}}],"collection":[{"href":"https:\/\/agora.xtec.cat\/escolaserenavall\/wp-json\/wp\/v2\/pages"}],"about":[{"href":"https:\/\/agora.xtec.cat\/escolaserenavall\/wp-json\/wp\/v2\/types\/page"}],"author":[{"embeddable":true,"href":"https:\/\/agora.xtec.cat\/escolaserenavall\/wp-json\/wp\/v2\/users\/1"}],"replies":[{"embeddable":true,"href":"https:\/\/agora.xtec.cat\/escolaserenavall\/wp-json\/wp\/v2\/comments?post=610"}],"version-history":[{"count":6,"href":"https:\/\/agora.xtec.cat\/escolaserenavall\/wp-json\/wp\/v2\/pages\/610\/revisions"}],"predecessor-version":[{"id":1832,"href":"https:\/\/agora.xtec.cat\/escolaserenavall\/wp-json\/wp\/v2\/pages\/610\/revisions\/1832"}],"up":[{"embeddable":true,"href":"https:\/\/agora.xtec.cat\/escolaserenavall\/wp-json\/wp\/v2\/pages\/22"}],"wp:attachment":[{"href":"https:\/\/agora.xtec.cat\/escolaserenavall\/wp-json\/wp\/v2\/media?parent=610"}],"curies":[{"name":"wp","href":"https:\/\/api.w.org\/{rel}","templated":true}]}}