{"id":602,"date":"2019-11-08T12:59:11","date_gmt":"2019-11-08T11:59:11","guid":{"rendered":"https:\/\/agora.xtec.cat\/escolaserenavall\/?page_id=602"},"modified":"2026-02-02T10:18:08","modified_gmt":"2026-02-02T09:18:08","slug":"equip","status":"publish","type":"page","link":"https:\/\/agora.xtec.cat\/escolaserenavall\/lescola\/equip\/","title":{"rendered":"Equip educatiu"},"content":{"rendered":"<p><strong><u>EQUIP DIRECTIU<br \/>\n<\/u><\/strong><\/p>\n<p><strong>Director: <\/strong>Josep M. Mart\u00edn S\u00e1nchez<br \/>\n<strong>Cap d\u2019Estudis: <\/strong>J\u00e9sica Ferrer Galeote<br \/>\n<strong>Secretari: <\/strong>Enric Garcia Ferr\u00e9<\/p>\n<p><strong><u>CLAUSTRE DE MESTRES<br \/>\n<\/u><\/strong><\/p>\n<p><strong>Coordinadora d&#8217;Educaci\u00f3 Infantil: <\/strong>Elisabet Laso Moreno<\/p>\n<p><strong>Tutors i tutores:<\/strong><\/p>\n<table>\n<tbody>\n<tr>\n<td>I3 A: Elisabet Laso Moreno<\/td>\n<td>I3 B: Magda Benito Alcaraz<\/td>\n<\/tr>\n<tr>\n<td>I4 A: N\u00faria Ruiz Torres<\/td>\n<td>I4 B: Laia Dorda Cot<\/td>\n<\/tr>\n<tr>\n<td>I5 A: Georgina Mu\u00f1oz Raya<\/td>\n<td>I5 B: Mar S\u00e1nchez P\u00e9rez<\/td>\n<\/tr>\n<\/tbody>\n<\/table>\n<p>TEI: Marta Pe\u00f1a Sayol<\/p>\n<p><strong>Refor\u00e7:<\/strong> Meritxell Peralta Macarro<\/p>\n<p><strong>Psicomotricitat<\/strong>: Enric Garcia Ferr\u00e9, Meritxell Peralta Macarro,\u00a0<span class=\"C9DxTc \">\u00cdria Varela Trujillo i <\/span><span class=\"C9DxTc \">L\u00eddia Pradillo Sosa<\/span><\/p>\n<p><strong>Coordinadors <\/strong><strong>Cicle Inicial:\u00a0<\/strong>Jordi Ruiz Alonso<\/p>\n<p><strong>Tutors i tutores:<\/strong><\/p>\n<table>\n<tbody>\n<tr>\n<td>1r A: Adela Fern\u00e1ndez<\/td>\n<td>1r B: Ana Cervera Arcaya<\/td>\n<\/tr>\n<tr>\n<td>2n A: Olga S\u00e1chez Valenzuela<\/td>\n<td>2n B: Anna Nogueras Lozano<\/td>\n<\/tr>\n<\/tbody>\n<\/table>\n<p><strong>Coordinadora Cicle Mitj\u00e0: <\/strong>Gl\u00f2ria Jord\u00e0 Faiget<\/p>\n<table>\n<tbody>\n<tr>\n<td>3r A: Jenny Delgado Nu\u00f1ez<\/td>\n<td>3r B: Daniel Olivares Lucas<\/td>\n<\/tr>\n<tr>\n<td>4t A: Gl\u00f2ria Jord\u00e0 Faiget<\/td>\n<td>4t B: Lorena Mart\u00ednez Fern\u00e1ndez<\/td>\n<\/tr>\n<\/tbody>\n<\/table>\n<p><strong>Coordinadora Cicle Superior: <\/strong>Elisabeth L\u00f3pez Jim\u00e9nez<\/p>\n<table>\n<tbody>\n<tr>\n<td>5\u00e8 A: N\u00faria Cols Giron\u00e8s<\/td>\n<td>5\u00e8 B: Elisabeth L\u00f3pez Jim\u00e9nez<\/td>\n<\/tr>\n<tr>\n<td>6\u00e8 A: Celia Pozo Rodas<\/td>\n<td>6\u00e8 B: Pol Almar Ben\u00edtez<\/td>\n<\/tr>\n<\/tbody>\n<\/table>\n<p style=\"text-align: left;\"><strong>Mestra d&#8217;Audici\u00f3 i Llenguatge: <\/strong>Lidia Pradillo Sosa<\/p>\n<p style=\"text-align: left;\"><strong>Mestra d\u2019Educaci\u00f3 Especial: <\/strong>J\u00e9sica Ferrer , Mayte Mart\u00edn<br \/>\n<strong>Mestre de M\u00fasica: <\/strong>Mari Junco, Blai Mas\u00f3<br \/>\n<strong>Mestre d\u2019Educaci\u00f3 F\u00edsica: <\/strong>Jordi Ruiz, Celia Pozo, Josep M. Martin<br \/>\n<strong>Mestres d\u2019Angl\u00e8s: <\/strong>\u00cdria Varela , Ana Godoy, Laura Mart\u00ednez<br \/>\n<strong>Mestre de Religi\u00f3: <\/strong>Mireia Sim\u00f3n<\/p>\n<p><strong>Refor\u00e7:<\/strong> M\u00f2nica Salazar, Mireia Sim\u00f3n,<\/p>\n<p style=\"text-align: left;\"><strong>Equip d\u2019Assessorament Psicopedag\u00f2gic:\u00a0<\/strong>S\u00edlvia Gonz\u00e1lez Molinero<strong><br \/>\n<\/strong><\/p>\n<p><span style=\"text-decoration: underline;\"><strong>PERSONAL NO DOCENT <\/strong><\/span><br \/>\n<strong>Administrativa: <\/strong>Mireia S\u00e1nchez Lorite<br \/>\n<strong>Conserge: <\/strong>Ilde Andr\u00e9s P\u00e9rez<\/p>\n","protected":false},"excerpt":{"rendered":"<p>EQUIP DIRECTIU Director: Josep M. Mart\u00edn S\u00e1nchez Cap d\u2019Estudis: J\u00e9sica Ferrer Galeote Secretari: Enric Garcia Ferr\u00e9 CLAUSTRE DE MESTRES Coordinadora d&#8217;Educaci\u00f3 Infantil: Elisabet Laso Moreno Tutors i tutores: I3 A: Elisabet Laso Moreno I3 B: Magda Benito Alcaraz I4 A: N\u00faria Ruiz Torres I4 B: Laia Dorda Cot I5 A: Georgina Mu\u00f1oz Raya I5 B: [&hellip;]<\/p>\n","protected":false},"author":1,"featured_media":0,"parent":22,"menu_order":20,"comment_status":"closed","ping_status":"closed","template":"","meta":{"_bbp_topic_count":0,"_bbp_reply_count":0,"_bbp_total_topic_count":0,"_bbp_total_reply_count":0,"_bbp_voice_count":0,"_bbp_anonymous_reply_count":0,"_bbp_topic_count_hidden":0,"_bbp_reply_count_hidden":0,"_bbp_forum_subforum_count":0,"site-sidebar-layout":"default","site-content-layout":"","ast-site-content-layout":"default","site-content-style":"default","site-sidebar-style":"default","ast-global-header-display":"","ast-banner-title-visibility":"","ast-main-header-display":"","ast-hfb-above-header-display":"","ast-hfb-below-header-display":"","ast-hfb-mobile-header-display":"","site-post-title":"","ast-breadcrumbs-content":"","ast-featured-img":"","footer-sml-layout":"","theme-transparent-header-meta":"default","adv-header-id-meta":"","stick-header-meta":"","header-above-stick-meta":"","header-main-stick-meta":"","header-below-stick-meta":"","astra-migrate-meta-layouts":"set","ast-page-background-enabled":"default","ast-page-background-meta":{"desktop":{"background-color":"var(--ast-global-color-4)","background-image":"","background-repeat":"repeat","background-position":"center center","background-size":"auto","background-attachment":"scroll","background-type":"","background-media":"","overlay-type":"","overlay-color":"","overlay-opacity":"","overlay-gradient":""},"tablet":{"background-color":"","background-image":"","background-repeat":"repeat","background-position":"center center","background-size":"auto","background-attachment":"scroll","background-type":"","background-media":"","overlay-type":"","overlay-color":"","overlay-opacity":"","overlay-gradient":""},"mobile":{"background-color":"","background-image":"","background-repeat":"repeat","background-position":"center center","background-size":"auto","background-attachment":"scroll","background-type":"","background-media":"","overlay-type":"","overlay-color":"","overlay-opacity":"","overlay-gradient":""}},"ast-content-background-meta":{"desktop":{"background-color":"var(--ast-global-color-5)","background-image":"","background-repeat":"repeat","background-position":"center center","background-size":"auto","background-attachment":"scroll","background-type":"","background-media":"","overlay-type":"","overlay-color":"","overlay-opacity":"","overlay-gradient":""},"tablet":{"background-color":"var(--ast-global-color-5)","background-image":"","background-repeat":"repeat","background-position":"center center","background-size":"auto","background-attachment":"scroll","background-type":"","background-media":"","overlay-type":"","overlay-color":"","overlay-opacity":"","overlay-gradient":""},"mobile":{"background-color":"var(--ast-global-color-5)","background-image":"","background-repeat":"repeat","background-position":"center center","background-size":"auto","background-attachment":"scroll","background-type":"","background-media":"","overlay-type":"","overlay-color":"","overlay-opacity":"","overlay-gradient":""}},"footnotes":""},"class_list":["post-602","page","type-page","status-publish","hentry"],"post_mailing_queue_ids":[],"_links":{"self":[{"href":"https:\/\/agora.xtec.cat\/escolaserenavall\/wp-json\/wp\/v2\/pages\/602","targetHints":{"allow":["GET"]}}],"collection":[{"href":"https:\/\/agora.xtec.cat\/escolaserenavall\/wp-json\/wp\/v2\/pages"}],"about":[{"href":"https:\/\/agora.xtec.cat\/escolaserenavall\/wp-json\/wp\/v2\/types\/page"}],"author":[{"embeddable":true,"href":"https:\/\/agora.xtec.cat\/escolaserenavall\/wp-json\/wp\/v2\/users\/1"}],"replies":[{"embeddable":true,"href":"https:\/\/agora.xtec.cat\/escolaserenavall\/wp-json\/wp\/v2\/comments?post=602"}],"version-history":[{"count":6,"href":"https:\/\/agora.xtec.cat\/escolaserenavall\/wp-json\/wp\/v2\/pages\/602\/revisions"}],"predecessor-version":[{"id":1682,"href":"https:\/\/agora.xtec.cat\/escolaserenavall\/wp-json\/wp\/v2\/pages\/602\/revisions\/1682"}],"up":[{"embeddable":true,"href":"https:\/\/agora.xtec.cat\/escolaserenavall\/wp-json\/wp\/v2\/pages\/22"}],"wp:attachment":[{"href":"https:\/\/agora.xtec.cat\/escolaserenavall\/wp-json\/wp\/v2\/media?parent=602"}],"curies":[{"name":"wp","href":"https:\/\/api.w.org\/{rel}","templated":true}]}}