{"id":3414,"date":"2026-02-02T11:19:55","date_gmt":"2026-02-02T10:19:55","guid":{"rendered":"https:\/\/agora.xtec.cat\/escolasantamariacervello\/?page_id=3414"},"modified":"2026-02-02T15:28:36","modified_gmt":"2026-02-02T14:28:36","slug":"participacio-programes-dinnovacio","status":"publish","type":"page","link":"https:\/\/agora.xtec.cat\/escolasantamariacervello\/projecte-educatiu\/comaprenem\/participacio-programes-dinnovacio\/","title":{"rendered":"Participaci\u00f3 programes d&#8217;innovaci\u00f3"},"content":{"rendered":"\n<h2 class=\"wp-block-heading\"><strong>Participaci\u00f3 en programes d\u2019innovaci\u00f3: aprendre i compartir per millorar<\/strong><\/h2>\n\n\n\n<p class=\"has-medium-font-size\">A l\u2019escola creiem en la import\u00e0ncia de <strong>connectar el nostre projecte educatiu amb iniciatives educatives de refer\u00e8ncia<\/strong> impulsades pel Departament d\u2019Educaci\u00f3. La nostra participaci\u00f3 en programes d\u2019innovaci\u00f3 educativa ens permet enriquir les nostres pr\u00e0ctiques i compartir la nostra experi\u00e8ncia amb altres centres, amb l\u2019objectiu de millorar els aprenentatges de l\u2019alumnat.<\/p>\n\n\n\n<h3 class=\"wp-block-heading\"><strong>Xarxa de Compet\u00e8ncies B\u00e0siques (XdC)<\/strong><\/h3>\n\n\n\n<p class=\"has-medium-font-size\">La <strong>Xarxa de Compet\u00e8ncies B\u00e0siques<\/strong> \u00e9s una iniciativa de formaci\u00f3 permanent del Departament d\u2019Educaci\u00f3 que promou el desenvolupament professional dels docents a trav\u00e9s de l\u2019<strong>aprendre entre iguals i en xarxa<\/strong>. Equip de mestres de diferents escoles treballen conjuntament per reflexionar i actuar sobre el desenvolupament de l\u2019ensenyament per compet\u00e8ncies i sobre com transformar l\u2019escola perqu\u00e8 l\u2019aprenentatge de l\u2019alumnat sigui m\u00e9s significatiu i cohesionador.<\/p>\n\n\n\n<p class=\"has-medium-font-size\">Formar part d\u2019aquesta xarxa des del <strong>2022<\/strong> ens implica:<\/p>\n\n\n\n<ul class=\"wp-block-list\">\n<li class=\"has-medium-font-size\">Participar en espais de trobada i formaci\u00f3 amb altres centres.<\/li>\n\n\n\n<li class=\"has-medium-font-size\">Desenvolupar materials i instruments que ens ajuden a orientar la reflexi\u00f3 pedag\u00f2gica i l\u2019avaluaci\u00f3 competencial.<\/li>\n\n\n\n<li class=\"has-medium-font-size\">Millorar els processos d\u2019ensenyament-aprenentatge i l\u2019avaluaci\u00f3 formadora a partir d\u2019intercanvis i pr\u00e0ctiques reals.<br><\/li>\n<\/ul>\n\n\n\n<h3 class=\"wp-block-heading\"><strong>Xarxa de Compet\u00e8ncia Lectora (XCL)<\/strong><\/h3>\n\n\n\n<p class=\"has-medium-font-size\">Des del <strong>2024<\/strong>, l\u2019escola participa tamb\u00e9 a la <strong>Xarxa de Compet\u00e8ncia Lectora<\/strong>, que forma part del <strong>Pla per a la millora de la compet\u00e8ncia lectora<\/strong> impulsat pel Departament d\u2019Educaci\u00f3. Aquesta xarxa reuneix equips educatius d\u2019arreu de Catalunya per treballar de manera col\u00b7laborativa estrat\u00e8gies, materials i bones pr\u00e0ctiques que permetin potenciar la <strong>comprensi\u00f3 i la flu\u00efdesa lectora<\/strong> de l\u2019alumnat.<\/p>\n\n\n\n<p class=\"has-medium-font-size\">Els objectius principals d\u2019aquest programa s\u00f3n:<\/p>\n\n\n\n<ul class=\"wp-block-list\">\n<li class=\"has-medium-font-size\">Fomentar l\u2019<strong>aprenentatge entre iguals<\/strong> entre professionals i compartir experi\u00e8ncies sobre com treballar la lectura dins i fora de l\u2019aula.<\/li>\n\n\n\n<li class=\"has-medium-font-size\">Intercanviar recursos, activitats i estrat\u00e8gies did\u00e0ctiques per enriquir el treball lector de tots els centres implicats.<\/li>\n\n\n\n<li class=\"has-medium-font-size\">Contribuir a un enfocament integral de la lectura que ajudi els infants a comprendre, analitzar i interpretar els textos en diferents contextos educatius.&nbsp;<\/li>\n<\/ul>\n","protected":false},"excerpt":{"rendered":"<p>Participaci\u00f3 en programes d\u2019innovaci\u00f3: aprendre i compartir per millorar A l\u2019escola creiem en la import\u00e0ncia de connectar el nostre projecte educatiu amb iniciatives educatives de refer\u00e8ncia impulsades pel Departament d\u2019Educaci\u00f3. La nostra participaci\u00f3 en programes d\u2019innovaci\u00f3 educativa ens permet enriquir les nostres pr\u00e0ctiques i compartir la nostra experi\u00e8ncia amb altres centres, amb l\u2019objectiu de millorar [&hellip;]<\/p>\n","protected":false},"author":63,"featured_media":0,"parent":3051,"menu_order":0,"comment_status":"closed","ping_status":"close","template":"","meta":{"_bbp_topic_count":0,"_bbp_reply_count":0,"_bbp_total_topic_count":0,"_bbp_total_reply_count":0,"_bbp_voice_count":0,"_bbp_anonymous_reply_count":0,"_bbp_topic_count_hidden":0,"_bbp_reply_count_hidden":0,"_bbp_forum_subforum_count":0,"site-sidebar-layout":"default","site-content-layout":"","ast-site-content-layout":"default","site-content-style":"default","site-sidebar-style":"default","ast-global-header-display":"","ast-banner-title-visibility":"","ast-main-header-display":"","ast-hfb-above-header-display":"","ast-hfb-below-header-display":"","ast-hfb-mobile-header-display":"","site-post-title":"","ast-breadcrumbs-content":"","ast-featured-img":"","footer-sml-layout":"","theme-transparent-header-meta":"","adv-header-id-meta":"","stick-header-meta":"","header-above-stick-meta":"","header-main-stick-meta":"","header-below-stick-meta":"","astra-migrate-meta-layouts":"set","ast-page-background-enabled":"default","ast-page-background-meta":{"desktop":{"background-color":"var(--ast-global-color-4)","background-image":"","background-repeat":"repeat","background-position":"center center","background-size":"auto","background-attachment":"scroll","background-type":"","background-media":"","overlay-type":"","overlay-color":"","overlay-opacity":"","overlay-gradient":""},"tablet":{"background-color":"","background-image":"","background-repeat":"repeat","background-position":"center center","background-size":"auto","background-attachment":"scroll","background-type":"","background-media":"","overlay-type":"","overlay-color":"","overlay-opacity":"","overlay-gradient":""},"mobile":{"background-color":"","background-image":"","background-repeat":"repeat","background-position":"center center","background-size":"auto","background-attachment":"scroll","background-type":"","background-media":"","overlay-type":"","overlay-color":"","overlay-opacity":"","overlay-gradient":""}},"ast-content-background-meta":{"desktop":{"background-color":"var(--ast-global-color-5)","background-image":"","background-repeat":"repeat","background-position":"center center","background-size":"auto","background-attachment":"scroll","background-type":"","background-media":"","overlay-type":"","overlay-color":"","overlay-opacity":"","overlay-gradient":""},"tablet":{"background-color":"var(--ast-global-color-5)","background-image":"","background-repeat":"repeat","background-position":"center center","background-size":"auto","background-attachment":"scroll","background-type":"","background-media":"","overlay-type":"","overlay-color":"","overlay-opacity":"","overlay-gradient":""},"mobile":{"background-color":"var(--ast-global-color-5)","background-image":"","background-repeat":"repeat","background-position":"center center","background-size":"auto","background-attachment":"scroll","background-type":"","background-media":"","overlay-type":"","overlay-color":"","overlay-opacity":"","overlay-gradient":""}},"footnotes":""},"class_list":["post-3414","page","type-page","status-publish","hentry"],"post_mailing_queue_ids":[],"_links":{"self":[{"href":"https:\/\/agora.xtec.cat\/escolasantamariacervello\/wp-json\/wp\/v2\/pages\/3414","targetHints":{"allow":["GET"]}}],"collection":[{"href":"https:\/\/agora.xtec.cat\/escolasantamariacervello\/wp-json\/wp\/v2\/pages"}],"about":[{"href":"https:\/\/agora.xtec.cat\/escolasantamariacervello\/wp-json\/wp\/v2\/types\/page"}],"author":[{"embeddable":true,"href":"https:\/\/agora.xtec.cat\/escolasantamariacervello\/wp-json\/wp\/v2\/users\/63"}],"replies":[{"embeddable":true,"href":"https:\/\/agora.xtec.cat\/escolasantamariacervello\/wp-json\/wp\/v2\/comments?post=3414"}],"version-history":[{"count":3,"href":"https:\/\/agora.xtec.cat\/escolasantamariacervello\/wp-json\/wp\/v2\/pages\/3414\/revisions"}],"predecessor-version":[{"id":3438,"href":"https:\/\/agora.xtec.cat\/escolasantamariacervello\/wp-json\/wp\/v2\/pages\/3414\/revisions\/3438"}],"up":[{"embeddable":true,"href":"https:\/\/agora.xtec.cat\/escolasantamariacervello\/wp-json\/wp\/v2\/pages\/3051"}],"wp:attachment":[{"href":"https:\/\/agora.xtec.cat\/escolasantamariacervello\/wp-json\/wp\/v2\/media?parent=3414"}],"curies":[{"name":"wp","href":"https:\/\/api.w.org\/{rel}","templated":true}]}}