{"id":3165,"date":"2026-01-31T13:02:41","date_gmt":"2026-01-31T12:02:41","guid":{"rendered":"https:\/\/agora.xtec.cat\/escolasantamariacervello\/?page_id=3165"},"modified":"2026-02-01T12:10:11","modified_gmt":"2026-02-01T11:10:11","slug":"slow-food","status":"publish","type":"page","link":"https:\/\/agora.xtec.cat\/escolasantamariacervello\/eixos-transversals\/escola-verda\/projectes\/slow-food\/","title":{"rendered":"SLOW FOOD \ud83e\udedb\ud83e\udd6c\ud83e\udd66"},"content":{"rendered":"\n<p>La nostra escola forma part de la <strong>Slow Food Education Network<\/strong>, un <strong>projecte <\/strong>psicoeducatiu <strong>Km0<\/strong> que promou una <strong>educaci\u00f3 aliment\u00e0ria i ambiental<\/strong> integral, vivencial i arrelada al territori.<\/p>\n\n\n\n<p>A trav\u00e9s de Slow Food Educa, treballem amb tot l\u2019alumnat la <strong>sensorialitat <\/strong>i el <strong>gust <\/strong>com a punt de partida per entendre l\u2019<strong>alimentaci\u00f3<\/strong>, fomentant els <strong>valors de la proximitat<\/strong>, la <strong>sostenibilitat <\/strong>i la <strong>preservaci\u00f3 <\/strong>de la <strong>biodiversitat<\/strong>.<\/p>\n\n\n\n<p>El projecte impulsa la recuperaci\u00f3 d\u2019esp\u00e8cies vegetals d\u2019inter\u00e8s hort\u00edcola, contribuint a la reintroducci\u00f3 i conservaci\u00f3 de varietats tradicionals amb un alt valor agr\u00edcola, gastron\u00f2mic i cultural. A la nostra escola <strong>participem activament <\/strong>en la <strong>recuperaci\u00f3 <\/strong>de la <strong>Col Paperina<\/strong>, la <strong>Mongeta del Ramallet <\/strong>i el <strong>Br\u00f2quil de Santa Teresa<\/strong>.<\/p>\n\n\n\n<p>Un dels pilars del projecte \u00e9s el <strong>vincle directe<\/strong> entre l\u2019<strong>alumnat <\/strong>i els <strong>aliments<\/strong>, possible gr\u00e0cies a la xarxa que es crea entre la comunitat educativa, els productors locals i els cuiners. L\u2019hort i la cuina esdevenen aix\u00ed espais did\u00e0ctics d\u2019experimentaci\u00f3, aprenentatge i descoberta.<\/p>\n\n\n\n<p>Aquest treball en xarxa afavoreix la creaci\u00f3 d\u2019una <strong>comunitat educativa compromesa<\/strong>, on l\u2019alumnat assumeix un paper protagonista: participa activament i amb responsabilitat en tot el proc\u00e9s, des de la sembra fins a la collita i la cuina dels aliments, entenent l\u2019origen de qu\u00e8 mengem i el valor de cuidar el nostre entorn.<\/p>\n\n\n\n<div class=\"wp-block-getwid-images-slider has-arrows-inside has-dots-inside has-captions captions-style-dark captions-bottom-center has-images-center\"><div class=\"wp-block-getwid-images-slider__wrapper\" data-effect=\"slide\" data-slides-show=\"1\" data-slides-show-laptop=\"1\" data-slides-show-tablet=\"1\" data-slides-show-mobile=\"1\" data-slides-scroll=\"1\" data-autoplay=\"true\" data-pause-hover=\"true\" data-autoplay-speed=\"4000\" data-infinite=\"true\" data-animation-speed=\"800\" data-center-mode=\"false\" data-variable-width=\"false\" data-arrows=\"inside\" data-dots=\"inside\" data-spacing=\"none\"><div class=\"wp-block-getwid-images-slider__item\"><figure><img loading=\"lazy\" decoding=\"async\" width=\"729\" height=\"334\" src=\"https:\/\/agora.xtec.cat\/escolasantamariacervello\/wp-content\/uploads\/usu1763\/2026\/01\/imatge-1-1.png\" data-id=\"3027\" data-link=\"https:\/\/agora.xtec.cat\/escolasantamariacervello\/eixos-transversals\/escola-verda\/projectes\/attachment\/imatge-1\/\" data-original-link=\"https:\/\/agora.xtec.cat\/escolasantamariacervello\/wp-content\/uploads\/usu1763\/2026\/01\/imatge-1-1.png\" class=\"wp-block-getwid-images-slider__image wp-image-3027\" srcset=\"https:\/\/agora.xtec.cat\/escolasantamariacervello\/wp-content\/uploads\/usu1763\/2026\/01\/imatge-1-1.png 729w, https:\/\/agora.xtec.cat\/escolasantamariacervello\/wp-content\/uploads\/usu1763\/2026\/01\/imatge-1-1-300x137.png 300w\" sizes=\"auto, (max-width: 729px) 100vw, 729px\" \/><figcaption class=\"wp-block-getwid-images-slider__caption\">Cristina Roig de l&#8217;Hotel Can Rafel<\/figcaption><\/figure><\/div><div class=\"wp-block-getwid-images-slider__item\"><figure><img loading=\"lazy\" decoding=\"async\" width=\"646\" height=\"670\" src=\"https:\/\/agora.xtec.cat\/escolasantamariacervello\/wp-content\/uploads\/usu1763\/2026\/01\/imatge-3.png\" data-id=\"3028\" data-link=\"https:\/\/agora.xtec.cat\/escolasantamariacervello\/eixos-transversals\/escola-verda\/projectes\/attachment\/imatge-3-2\/\" data-original-link=\"https:\/\/agora.xtec.cat\/escolasantamariacervello\/wp-content\/uploads\/usu1763\/2026\/01\/imatge-3.png\" class=\"wp-block-getwid-images-slider__image wp-image-3028\" srcset=\"https:\/\/agora.xtec.cat\/escolasantamariacervello\/wp-content\/uploads\/usu1763\/2026\/01\/imatge-3.png 646w, https:\/\/agora.xtec.cat\/escolasantamariacervello\/wp-content\/uploads\/usu1763\/2026\/01\/imatge-3-289x300.png 289w\" sizes=\"auto, (max-width: 646px) 100vw, 646px\" \/><figcaption class=\"wp-block-getwid-images-slider__caption\">Daniel Pairada de la Mas\u00eda de Can Guitart Vell<\/figcaption><\/figure><\/div><div class=\"wp-block-getwid-images-slider__item\"><figure><img loading=\"lazy\" decoding=\"async\" width=\"643\" height=\"403\" src=\"https:\/\/agora.xtec.cat\/escolasantamariacervello\/wp-content\/uploads\/usu1763\/2026\/01\/Imatge-2-1.png\" data-id=\"3029\" data-link=\"https:\/\/agora.xtec.cat\/escolasantamariacervello\/eixos-transversals\/escola-verda\/projectes\/attachment\/imatge-2-2\/\" data-original-link=\"https:\/\/agora.xtec.cat\/escolasantamariacervello\/wp-content\/uploads\/usu1763\/2026\/01\/Imatge-2-1.png\" class=\"wp-block-getwid-images-slider__image wp-image-3029\" srcset=\"https:\/\/agora.xtec.cat\/escolasantamariacervello\/wp-content\/uploads\/usu1763\/2026\/01\/Imatge-2-1.png 643w, https:\/\/agora.xtec.cat\/escolasantamariacervello\/wp-content\/uploads\/usu1763\/2026\/01\/Imatge-2-1-300x188.png 300w\" sizes=\"auto, (max-width: 643px) 100vw, 643px\" \/><figcaption class=\"wp-block-getwid-images-slider__caption\">Sergi Poyatos del Secret del Vell<\/figcaption><\/figure><\/div><\/div><\/div>\n","protected":false},"excerpt":{"rendered":"<p>La nostra escola forma part de la Slow Food Education Network, un projecte psicoeducatiu Km0 que promou una educaci\u00f3 aliment\u00e0ria i ambiental integral, vivencial i arrelada al territori. A trav\u00e9s de Slow Food Educa, treballem amb tot l\u2019alumnat la sensorialitat i el gust com a punt de partida per entendre l\u2019alimentaci\u00f3, fomentant els valors de [&hellip;]<\/p>\n","protected":false},"author":63,"featured_media":0,"parent":2099,"menu_order":0,"comment_status":"closed","ping_status":"close","template":"","meta":{"_bbp_topic_count":0,"_bbp_reply_count":0,"_bbp_total_topic_count":0,"_bbp_total_reply_count":0,"_bbp_voice_count":0,"_bbp_anonymous_reply_count":0,"_bbp_topic_count_hidden":0,"_bbp_reply_count_hidden":0,"_bbp_forum_subforum_count":0,"site-sidebar-layout":"default","site-content-layout":"","ast-site-content-layout":"default","site-content-style":"default","site-sidebar-style":"default","ast-global-header-display":"","ast-banner-title-visibility":"","ast-main-header-display":"","ast-hfb-above-header-display":"","ast-hfb-below-header-display":"","ast-hfb-mobile-header-display":"","site-post-title":"","ast-breadcrumbs-content":"","ast-featured-img":"","footer-sml-layout":"","theme-transparent-header-meta":"","adv-header-id-meta":"","stick-header-meta":"","header-above-stick-meta":"","header-main-stick-meta":"","header-below-stick-meta":"","astra-migrate-meta-layouts":"set","ast-page-background-enabled":"default","ast-page-background-meta":{"desktop":{"background-color":"var(--ast-global-color-4)","background-image":"","background-repeat":"repeat","background-position":"center center","background-size":"auto","background-attachment":"scroll","background-type":"","background-media":"","overlay-type":"","overlay-color":"","overlay-opacity":"","overlay-gradient":""},"tablet":{"background-color":"","background-image":"","background-repeat":"repeat","background-position":"center center","background-size":"auto","background-attachment":"scroll","background-type":"","background-media":"","overlay-type":"","overlay-color":"","overlay-opacity":"","overlay-gradient":""},"mobile":{"background-color":"","background-image":"","background-repeat":"repeat","background-position":"center center","background-size":"auto","background-attachment":"scroll","background-type":"","background-media":"","overlay-type":"","overlay-color":"","overlay-opacity":"","overlay-gradient":""}},"ast-content-background-meta":{"desktop":{"background-color":"var(--ast-global-color-5)","background-image":"","background-repeat":"repeat","background-position":"center center","background-size":"auto","background-attachment":"scroll","background-type":"","background-media":"","overlay-type":"","overlay-color":"","overlay-opacity":"","overlay-gradient":""},"tablet":{"background-color":"var(--ast-global-color-5)","background-image":"","background-repeat":"repeat","background-position":"center center","background-size":"auto","background-attachment":"scroll","background-type":"","background-media":"","overlay-type":"","overlay-color":"","overlay-opacity":"","overlay-gradient":""},"mobile":{"background-color":"var(--ast-global-color-5)","background-image":"","background-repeat":"repeat","background-position":"center center","background-size":"auto","background-attachment":"scroll","background-type":"","background-media":"","overlay-type":"","overlay-color":"","overlay-opacity":"","overlay-gradient":""}},"footnotes":""},"class_list":["post-3165","page","type-page","status-publish","hentry"],"post_mailing_queue_ids":[],"_links":{"self":[{"href":"https:\/\/agora.xtec.cat\/escolasantamariacervello\/wp-json\/wp\/v2\/pages\/3165","targetHints":{"allow":["GET"]}}],"collection":[{"href":"https:\/\/agora.xtec.cat\/escolasantamariacervello\/wp-json\/wp\/v2\/pages"}],"about":[{"href":"https:\/\/agora.xtec.cat\/escolasantamariacervello\/wp-json\/wp\/v2\/types\/page"}],"author":[{"embeddable":true,"href":"https:\/\/agora.xtec.cat\/escolasantamariacervello\/wp-json\/wp\/v2\/users\/63"}],"replies":[{"embeddable":true,"href":"https:\/\/agora.xtec.cat\/escolasantamariacervello\/wp-json\/wp\/v2\/comments?post=3165"}],"version-history":[{"count":6,"href":"https:\/\/agora.xtec.cat\/escolasantamariacervello\/wp-json\/wp\/v2\/pages\/3165\/revisions"}],"predecessor-version":[{"id":3218,"href":"https:\/\/agora.xtec.cat\/escolasantamariacervello\/wp-json\/wp\/v2\/pages\/3165\/revisions\/3218"}],"up":[{"embeddable":true,"href":"https:\/\/agora.xtec.cat\/escolasantamariacervello\/wp-json\/wp\/v2\/pages\/2099"}],"wp:attachment":[{"href":"https:\/\/agora.xtec.cat\/escolasantamariacervello\/wp-json\/wp\/v2\/media?parent=3165"}],"curies":[{"name":"wp","href":"https:\/\/api.w.org\/{rel}","templated":true}]}}