{"id":2805,"date":"2026-01-25T11:24:42","date_gmt":"2026-01-25T10:24:42","guid":{"rendered":"https:\/\/agora.xtec.cat\/escolasantamariacervello\/?page_id=2805"},"modified":"2026-01-25T22:32:53","modified_gmt":"2026-01-25T21:32:53","slug":"afa","status":"publish","type":"page","link":"https:\/\/agora.xtec.cat\/escolasantamariacervello\/afa\/","title":{"rendered":"AFA"},"content":{"rendered":"\n<h3 class=\"wp-block-heading\">Benvinguts\/des<\/h3>\n\n\n\n<p>En aquesta p\u00e0gina podeu trobar tota la informaci\u00f3 referent a l&#8217;AFA del centre.<\/p>\n\n\n\n<p>Per contactar amb l&#8217;AFA: <a href=\"mailto:afa@esmc.cat\">afa@esmc.cat<\/a><\/p>\n\n\n\n<h4 class=\"wp-block-heading\">Recull de not\u00edcies<\/h4>\n\n\n\n<div class=\"wp-block-columns are-vertically-aligned-center has-border-color is-layout-flex wp-container-core-columns-is-layout-2 wp-block-columns-is-layout-flex\" style=\"border-color:#cf2e2e;border-style:dashed;border-radius:46px;margin-top:0;margin-bottom:0;padding-top:var(--wp--preset--spacing--30);padding-right:var(--wp--preset--spacing--50);padding-bottom:var(--wp--preset--spacing--30);padding-left:var(--wp--preset--spacing--50)\">\n<div class=\"wp-block-column is-vertically-aligned-center is-layout-flow wp-block-column-is-layout-flow\" style=\"flex-basis:100%\">\n<div class=\"wp-block-columns is-layout-flex wp-container-core-columns-is-layout-1 wp-block-columns-is-layout-flex\">\n<div class=\"wp-block-column is-layout-flow wp-block-column-is-layout-flow\" style=\"flex-basis:100%\">\n        <div class=\"wp-block-getwid-post-carousel custom-post-type-post has-slides-gap-small is-carousel has-arrows-inside has-dots-inside\">\n            <div data-slider-option=\"{&quot;sliderSlidesToShowDesktop&quot;:&quot;3&quot;,&quot;getwid_slidesToShowLaptop&quot;:&quot;1&quot;,&quot;getwid_slidesToShowTablet&quot;:&quot;1&quot;,&quot;getwid_slidesToShowMobile&quot;:&quot;1&quot;,&quot;getwid_autoplay_speed&quot;:800,&quot;getwid_animation_speed&quot;:800,&quot;getwid_slidesToScroll&quot;:&quot;1&quot;,&quot;getwid_autoplay&quot;:true,&quot;getwid_pause_on_hover&quot;:true,&quot;getwid_infinite&quot;:true,&quot;getwid_center_mode&quot;:false,&quot;getwid_arrows&quot;:&quot;inside&quot;,&quot;getwid_dots&quot;:&quot;inside&quot;}\" class=\"wp-block-getwid-post-carousel__wrapper\">\n                \t\t\t\t\t\t\t<div class=\"wp-block-getwid-post-carousel__slide\">\n\t\t\t\t\t\t\t\t\n<div class=\"wp-block-getwid-post-carousel__post\">\n            <div class=\"wp-block-getwid-post-carousel__post-thumbnail\">\n            <a href=\"https:\/\/agora.xtec.cat\/escolasantamariacervello\/actualitat\/reunio-inici-de-curs-presentacio-afa\/\"><img loading=\"lazy\" decoding=\"async\" width=\"1198\" height=\"667\" src=\"https:\/\/agora.xtec.cat\/escolasantamariacervello\/wp-content\/uploads\/usu1763\/2026\/01\/portada-AF-2.png\" class=\"attachment-post-thumbnail size-post-thumbnail wp-post-image\" alt=\"\" srcset=\"https:\/\/agora.xtec.cat\/escolasantamariacervello\/wp-content\/uploads\/usu1763\/2026\/01\/portada-AF-2.png 1198w, https:\/\/agora.xtec.cat\/escolasantamariacervello\/wp-content\/uploads\/usu1763\/2026\/01\/portada-AF-2-300x167.png 300w, https:\/\/agora.xtec.cat\/escolasantamariacervello\/wp-content\/uploads\/usu1763\/2026\/01\/portada-AF-2-1024x570.png 1024w, https:\/\/agora.xtec.cat\/escolasantamariacervello\/wp-content\/uploads\/usu1763\/2026\/01\/portada-AF-2-768x428.png 768w\" sizes=\"auto, (max-width: 1198px) 100vw, 1198px\" \/><\/a>\n        <\/div>\n        <div class=\"wp-block-getwid-post-carousel__post-content-wrapper\">\n        <div class=\"wp-block-getwid-post-carousel__post-header\">\n            <h3 class=\"wp-block-getwid-post-carousel__post-title\"><a href=\"https:\/\/agora.xtec.cat\/escolasantamariacervello\/actualitat\/reunio-inici-de-curs-presentacio-afa\/\">Reuni\u00f3 inici de curs &#8211; presentaci\u00f3 AFA<\/a><\/h3>        <\/div>\n        <div class=\"wp-block-getwid-post-carousel__post-excerpt\"><p>Presentaci\u00f3 inici de curs AFA ESMC<\/p>\n<\/div>\n    <\/div>\n<\/div>\n\n\t\t\t\t\t\t\t<\/div>\n\t\t\t\t\t\t\t\t\t\t\t\t\t<div class=\"wp-block-getwid-post-carousel__slide\">\n\t\t\t\t\t\t\t\t\n<div class=\"wp-block-getwid-post-carousel__post\">\n            <div class=\"wp-block-getwid-post-carousel__post-thumbnail\">\n            <a href=\"https:\/\/agora.xtec.cat\/escolasantamariacervello\/actualitat\/nou-material-de-psicomotricitat-a-lescola-santa-maria-gracies-a-lafa\/\"><img loading=\"lazy\" decoding=\"async\" width=\"1536\" height=\"2048\" src=\"https:\/\/agora.xtec.cat\/escolasantamariacervello\/wp-content\/uploads\/usu1763\/2026\/01\/b1b504b3-3cca-4e0b-8a3b-2b1da3b9b11e.jpg\" class=\"attachment-post-thumbnail size-post-thumbnail wp-post-image\" alt=\"\" srcset=\"https:\/\/agora.xtec.cat\/escolasantamariacervello\/wp-content\/uploads\/usu1763\/2026\/01\/b1b504b3-3cca-4e0b-8a3b-2b1da3b9b11e.jpg 1536w, https:\/\/agora.xtec.cat\/escolasantamariacervello\/wp-content\/uploads\/usu1763\/2026\/01\/b1b504b3-3cca-4e0b-8a3b-2b1da3b9b11e-225x300.jpg 225w, https:\/\/agora.xtec.cat\/escolasantamariacervello\/wp-content\/uploads\/usu1763\/2026\/01\/b1b504b3-3cca-4e0b-8a3b-2b1da3b9b11e-768x1024.jpg 768w, https:\/\/agora.xtec.cat\/escolasantamariacervello\/wp-content\/uploads\/usu1763\/2026\/01\/b1b504b3-3cca-4e0b-8a3b-2b1da3b9b11e-1152x1536.jpg 1152w\" sizes=\"auto, (max-width: 1536px) 100vw, 1536px\" \/><\/a>\n        <\/div>\n        <div class=\"wp-block-getwid-post-carousel__post-content-wrapper\">\n        <div class=\"wp-block-getwid-post-carousel__post-header\">\n            <h3 class=\"wp-block-getwid-post-carousel__post-title\"><a href=\"https:\/\/agora.xtec.cat\/escolasantamariacervello\/actualitat\/nou-material-de-psicomotricitat-a-lescola-santa-maria-gracies-a-lafa\/\">Nou material de psicomotricitat a l\u2019Escola Santa Maria gr\u00e0cies a l\u2019AFA<\/a><\/h3>        <\/div>\n        <div class=\"wp-block-getwid-post-carousel__post-excerpt\"><p>L\u2019Escola Santa Maria incorpora nou material de psicomotricitat gr\u00e0cies a la col\u00b7laboraci\u00f3 de l\u2019AFA, ampliant les propostes de moviment, joc i coordinaci\u00f3 per a tot l\u2019alumnat.<\/p>\n<\/div>\n    <\/div>\n<\/div>\n\n\t\t\t\t\t\t\t<\/div>\n\t\t\t\t\t\t\t\t\t\t\t\t\t<div class=\"wp-block-getwid-post-carousel__slide\">\n\t\t\t\t\t\t\t\t\n<div class=\"wp-block-getwid-post-carousel__post\">\n            <div class=\"wp-block-getwid-post-carousel__post-thumbnail\">\n            <a href=\"https:\/\/agora.xtec.cat\/escolasantamariacervello\/actualitat\/elcontedelanostraescola\/\"><img loading=\"lazy\" decoding=\"async\" width=\"1646\" height=\"1137\" src=\"https:\/\/agora.xtec.cat\/escolasantamariacervello\/wp-content\/uploads\/usu1763\/2025\/07\/PAG-71-escola-s-Maria-J-Jane-1.jpg\" class=\"attachment-post-thumbnail size-post-thumbnail wp-post-image\" alt=\"\" srcset=\"https:\/\/agora.xtec.cat\/escolasantamariacervello\/wp-content\/uploads\/usu1763\/2025\/07\/PAG-71-escola-s-Maria-J-Jane-1.jpg 1646w, https:\/\/agora.xtec.cat\/escolasantamariacervello\/wp-content\/uploads\/usu1763\/2025\/07\/PAG-71-escola-s-Maria-J-Jane-1-300x207.jpg 300w, https:\/\/agora.xtec.cat\/escolasantamariacervello\/wp-content\/uploads\/usu1763\/2025\/07\/PAG-71-escola-s-Maria-J-Jane-1-1024x707.jpg 1024w, https:\/\/agora.xtec.cat\/escolasantamariacervello\/wp-content\/uploads\/usu1763\/2025\/07\/PAG-71-escola-s-Maria-J-Jane-1-768x531.jpg 768w, https:\/\/agora.xtec.cat\/escolasantamariacervello\/wp-content\/uploads\/usu1763\/2025\/07\/PAG-71-escola-s-Maria-J-Jane-1-1536x1061.jpg 1536w\" sizes=\"auto, (max-width: 1646px) 100vw, 1646px\" \/><\/a>\n        <\/div>\n        <div class=\"wp-block-getwid-post-carousel__post-content-wrapper\">\n        <div class=\"wp-block-getwid-post-carousel__post-header\">\n            <h3 class=\"wp-block-getwid-post-carousel__post-title\"><a href=\"https:\/\/agora.xtec.cat\/escolasantamariacervello\/actualitat\/elcontedelanostraescola\/\">Un viatge de 50 anys: la hist\u00f2ria de la nostra escola!<\/a><\/h3>        <\/div>\n        <div class=\"wp-block-getwid-post-carousel__post-excerpt\"><p>Hi havia una vegada, en un petit poble anomenat Cervell\u00f3, l&#8217;any 1972, una pla\u00e7a anomenada del mestre que va rebre els primers alumnes acollits del parvulari, i prop de la vora del riu van al\u00e7ar-se vuit aules noves: l\u2019embri\u00f3 d&#8217;una escola, la nostra escola, l\u2019Escola Santa Maria de Cervell\u00f3. Per\u00f2 el conte no havia fet [&hellip;]<\/p>\n<\/div>\n    <\/div>\n<\/div>\n\n\t\t\t\t\t\t\t<\/div>\n\t\t\t\t\t\t\t\t\t\t\t\t\t<div class=\"wp-block-getwid-post-carousel__slide\">\n\t\t\t\t\t\t\t\t\n<div class=\"wp-block-getwid-post-carousel__post\">\n            <div class=\"wp-block-getwid-post-carousel__post-thumbnail\">\n            <a href=\"https:\/\/agora.xtec.cat\/escolasantamariacervello\/actualitat\/renovacio-quota-afa-esmc\/\"><img loading=\"lazy\" decoding=\"async\" width=\"320\" height=\"320\" src=\"https:\/\/agora.xtec.cat\/escolasantamariacervello\/wp-content\/uploads\/usu1763\/2025\/06\/logo-afa.jpg\" class=\"attachment-post-thumbnail size-post-thumbnail wp-post-image\" alt=\"\" srcset=\"https:\/\/agora.xtec.cat\/escolasantamariacervello\/wp-content\/uploads\/usu1763\/2025\/06\/logo-afa.jpg 320w, https:\/\/agora.xtec.cat\/escolasantamariacervello\/wp-content\/uploads\/usu1763\/2025\/06\/logo-afa-300x300.jpg 300w, https:\/\/agora.xtec.cat\/escolasantamariacervello\/wp-content\/uploads\/usu1763\/2025\/06\/logo-afa-150x150.jpg 150w\" sizes=\"auto, (max-width: 320px) 100vw, 320px\" \/><\/a>\n        <\/div>\n        <div class=\"wp-block-getwid-post-carousel__post-content-wrapper\">\n        <div class=\"wp-block-getwid-post-carousel__post-header\">\n            <h3 class=\"wp-block-getwid-post-carousel__post-title\"><a href=\"https:\/\/agora.xtec.cat\/escolasantamariacervello\/actualitat\/renovacio-quota-afa-esmc\/\">Renovaci\u00f3 Quota AFA Escola Santa Maria de Cervell\u00f3<\/a><\/h3>        <\/div>\n        <div class=\"wp-block-getwid-post-carousel__post-excerpt\"><p>Renovaci\u00f3 Quota AFA curs 2025-2026 Es paga una \u00fanica quota anual per fam\u00edlia de 30\u20ac indiferent del nombre de fills que tingueu a l&#8217;escola. \u00c9s molt important fer-se soci: \u00c9s obligatori per poder participar en les extraescolars i l&#8217;acollida, per a la compra de l&#8217;agenda escolar i acc\u00e9s al banc de llibres (7euros\/anuals). La quota [&hellip;]<\/p>\n<\/div>\n    <\/div>\n<\/div>\n\n\t\t\t\t\t\t\t<\/div>\n\t\t\t\t\t\t            <\/div>\n        <\/div>\n        <\/div>\n<\/div>\n<\/div>\n<\/div>\n\n\n\n<div style=\"height:100px\" aria-hidden=\"true\" class=\"wp-block-spacer\"><\/div>\n\n\n\n<h4 class=\"wp-block-heading has-text-align-left\">Segueix-nos!<\/h4>\n\n\n\n<iframe width=\"320\" height=\"440\"  scrolling=\"no\" \nsrc=\"https:\/\/www.instagram.com\/afa_esmc\/embed\/\" frameborder=\"0\"><\/iframe>\n\n\n\n<p><\/p>\n","protected":false},"excerpt":{"rendered":"<p>Benvinguts\/des En aquesta p\u00e0gina podeu trobar tota la informaci\u00f3 referent a l&#8217;AFA del centre. Per contactar amb l&#8217;AFA: afa@esmc.cat Recull de not\u00edcies Segueix-nos!<\/p>\n","protected":false},"author":64,"featured_media":0,"parent":0,"menu_order":0,"comment_status":"closed","ping_status":"close","template":"","meta":{"_bbp_topic_count":0,"_bbp_reply_count":0,"_bbp_total_topic_count":0,"_bbp_total_reply_count":0,"_bbp_voice_count":0,"_bbp_anonymous_reply_count":0,"_bbp_topic_count_hidden":0,"_bbp_reply_count_hidden":0,"_bbp_forum_subforum_count":0,"site-sidebar-layout":"left-sidebar","site-content-layout":"","ast-site-content-layout":"default","site-content-style":"default","site-sidebar-style":"default","ast-global-header-display":"","ast-banner-title-visibility":"","ast-main-header-display":"","ast-hfb-above-header-display":"","ast-hfb-below-header-display":"","ast-hfb-mobile-header-display":"","site-post-title":"","ast-breadcrumbs-content":"","ast-featured-img":"","footer-sml-layout":"","theme-transparent-header-meta":"","adv-header-id-meta":"","stick-header-meta":"","header-above-stick-meta":"","header-main-stick-meta":"","header-below-stick-meta":"","astra-migrate-meta-layouts":"set","ast-page-background-enabled":"default","ast-page-background-meta":{"desktop":{"background-color":"var(--ast-global-color-4)","background-image":"","background-repeat":"repeat","background-position":"center center","background-size":"auto","background-attachment":"scroll","background-type":"","background-media":"","overlay-type":"","overlay-color":"","overlay-opacity":"","overlay-gradient":""},"tablet":{"background-color":"","background-image":"","background-repeat":"repeat","background-position":"center center","background-size":"auto","background-attachment":"scroll","background-type":"","background-media":"","overlay-type":"","overlay-color":"","overlay-opacity":"","overlay-gradient":""},"mobile":{"background-color":"","background-image":"","background-repeat":"repeat","background-position":"center center","background-size":"auto","background-attachment":"scroll","background-type":"","background-media":"","overlay-type":"","overlay-color":"","overlay-opacity":"","overlay-gradient":""}},"ast-content-background-meta":{"desktop":{"background-color":"var(--ast-global-color-5)","background-image":"","background-repeat":"repeat","background-position":"center center","background-size":"auto","background-attachment":"scroll","background-type":"","background-media":"","overlay-type":"","overlay-color":"","overlay-opacity":"","overlay-gradient":""},"tablet":{"background-color":"var(--ast-global-color-5)","background-image":"","background-repeat":"repeat","background-position":"center center","background-size":"auto","background-attachment":"scroll","background-type":"","background-media":"","overlay-type":"","overlay-color":"","overlay-opacity":"","overlay-gradient":""},"mobile":{"background-color":"var(--ast-global-color-5)","background-image":"","background-repeat":"repeat","background-position":"center center","background-size":"auto","background-attachment":"scroll","background-type":"","background-media":"","overlay-type":"","overlay-color":"","overlay-opacity":"","overlay-gradient":""}},"footnotes":""},"class_list":["post-2805","page","type-page","status-publish","hentry"],"post_mailing_queue_ids":[],"_links":{"self":[{"href":"https:\/\/agora.xtec.cat\/escolasantamariacervello\/wp-json\/wp\/v2\/pages\/2805","targetHints":{"allow":["GET"]}}],"collection":[{"href":"https:\/\/agora.xtec.cat\/escolasantamariacervello\/wp-json\/wp\/v2\/pages"}],"about":[{"href":"https:\/\/agora.xtec.cat\/escolasantamariacervello\/wp-json\/wp\/v2\/types\/page"}],"author":[{"embeddable":true,"href":"https:\/\/agora.xtec.cat\/escolasantamariacervello\/wp-json\/wp\/v2\/users\/64"}],"replies":[{"embeddable":true,"href":"https:\/\/agora.xtec.cat\/escolasantamariacervello\/wp-json\/wp\/v2\/comments?post=2805"}],"version-history":[{"count":6,"href":"https:\/\/agora.xtec.cat\/escolasantamariacervello\/wp-json\/wp\/v2\/pages\/2805\/revisions"}],"predecessor-version":[{"id":2931,"href":"https:\/\/agora.xtec.cat\/escolasantamariacervello\/wp-json\/wp\/v2\/pages\/2805\/revisions\/2931"}],"wp:attachment":[{"href":"https:\/\/agora.xtec.cat\/escolasantamariacervello\/wp-json\/wp\/v2\/media?parent=2805"}],"curies":[{"name":"wp","href":"https:\/\/api.w.org\/{rel}","templated":true}]}}