{"id":26,"date":"2014-09-18T12:24:32","date_gmt":"2014-09-18T11:24:32","guid":{"rendered":"http:\/\/agora.xtec.cat\/escolasantamariacervello\/?page_id=26"},"modified":"2022-01-19T20:14:04","modified_gmt":"2022-01-19T19:14:04","slug":"historia","status":"publish","type":"page","link":"https:\/\/agora.xtec.cat\/escolasantamariacervello\/lescola\/historia\/","title":{"rendered":"Hist\u00f2ria"},"content":{"rendered":"<p class=\"discreet\" align=\"left\"><span style=\"font-family: terminal, monaco, monospace;\"><em><strong>Era l&#8217;any 1923, els nois de Cervell\u00f3 i el seu mestre<br \/>\nSalvador Puignau en l&#8217;antic col\u00b7legi Balmes.<\/strong><\/em><strong><em>\u00a0<\/em><\/strong><strong>\u00a0<\/strong><\/span><\/p>\n<div align=\"left\">\n<ul>\n<li>\n<div><span style=\"font-family: terminal, monaco, monospace;\">De llavors en\u00e7\u00e0 han passat molts anys, ja fa m\u00e9s de 35 anys que es va edificar l&#8217;actual escola i intentem recordar aquells fets m\u00e9s destacats que d&#8217;una manera o altra han anat deixant empremta a tots aquells que \u00faltimament han viscut la nostra escola: pares i mares, alumnes, personal no docent i professorat en general i que ens ha fet arribar on ara som.<\/span><\/div>\n<\/li>\n<\/ul>\n<\/div>\n<div align=\"left\">\n<ul>\n<li>\n<div><span style=\"font-family: terminal, monaco, monospace;\">Despr\u00e9s de molts anys de lluita per aconseguir una nova escola per al poble, l&#8217;estiu de 1974 s&#8217;inaugura el centre &#8220;Santa Maria de Cervell\u00f3&#8221;<\/span><\/div>\n<\/li>\n<\/ul>\n<\/div>\n<p class=\"callout\" align=\"left\"><a name=\"75-80\"><\/a><span style=\"font-family: terminal, monaco, monospace;\"><strong><a name=\"75-80\"><\/a><\/strong><\/span><a name=\"75-80\"><\/a><a id=\"7580\" name=\"7580\"><\/a><span style=\"font-family: terminal, monaco, monospace;\"><strong>Anys 1975 &#8211; 1980<\/strong><\/span><\/p>\n<div align=\"left\">\n<ul>\n<li>\n<div><span style=\"font-family: terminal, monaco, monospace;\">Van seguir uns anys de molts canvis que es reflecteixen a l&#8217;escola.<\/span><\/div>\n<\/li>\n<\/ul>\n<\/div>\n<div align=\"left\">\n<ul>\n<li>\n<div><span style=\"font-family: terminal, monaco, monospace;\">La llengua catalana, que havia estat arraconada a ser parlada nom\u00e9s a la llar, s&#8217;introdueix a l&#8217;escola com a segona llengua.<\/span><\/div>\n<\/li>\n<\/ul>\n<\/div>\n<div align=\"left\">\n<ul>\n<li>\n<div><span style=\"font-family: terminal, monaco, monospace;\">Tamb\u00e9 comencen els moviments de renovaci\u00f3 pedag\u00f2gica que, de mica en mica, van arribant a les aules.<\/span><\/div>\n<\/li>\n<\/ul>\n<\/div>\n<div align=\"left\">\n<ul>\n<li>\n<div><span style=\"font-family: terminal, monaco, monospace;\">Corrien els anys 1978-1979, un moment d&#8217;il\u00b7lusi\u00f3 per moltes coses, i la necessitat de comunicar-ho fa n\u00e9ixer la primera revista: &#8220;La veu de l&#8217;escola&#8221; ( l&#8217;editorial \u00e9s biling\u00fce i la resta s&#8217;escriu en castell\u00e0).<\/span><\/div>\n<\/li>\n<\/ul>\n<\/div>\n<div align=\"left\">\n<ul>\n<li>\n<div><span style=\"font-family: terminal, monaco, monospace;\">El curs 1979-1980 l&#8217;escola passa a ser una de les primeres Escoles Catalanes de Catalunya. Els alumnes de P-4, P-5 i 1r inicien el curs amb el catal\u00e0 com a primera llengua.<\/span><\/div>\n<\/li>\n<\/ul>\n<\/div>\n<p class=\"callout\" align=\"left\"><span style=\"font-family: terminal, monaco, monospace;\"><strong><a name=\"80-82\"><\/a><\/strong><\/span><a name=\"80-82\"><\/a><a id=\"8082\" name=\"8082\"><\/a><span style=\"font-family: terminal, monaco, monospace;\"><strong>Anys 1980 &#8211; 1982<\/strong><\/span><\/p>\n<div align=\"left\">\n<div align=\"left\">\n<ul>\n<li>\n<div><span style=\"font-family: terminal, monaco, monospace;\">El\u00a0<em>1980-1981<\/em>\u00a0s&#8217;inicien les primeres col\u00f2nies. Les instal\u00b7lacions eren escasses per aix\u00f2 alguns grups van anar d&#8217;acampada al Montseny i, fins i tot, es feien ells mateixos la intend\u00e8ncia.<\/span><\/div>\n<\/li>\n<\/ul>\n<\/div>\n<div align=\"left\">\n<ul>\n<li>\n<div><span style=\"font-family: terminal, monaco, monospace;\">L&#8217;escola es fa molt participativa i la direcci\u00f3 passa de ser unipersonal a ser una direcci\u00f3 col\u00b7legiada.<\/span><\/div>\n<\/li>\n<\/ul>\n<\/div>\n<div align=\"left\">\n<ul>\n<li>\n<div><span style=\"font-family: terminal, monaco, monospace;\">El\u00a0<em>1981-1982<\/em>\u00a0la necessitat de fer part\u00edcips els pares de l&#8217;educaci\u00f3 dels seus fills, fa que el professorat engegui la primera &#8220;Escola de pares&#8221; amb confer\u00e8ncies i taules rodones.<\/span><\/div>\n<\/li>\n<\/ul>\n<\/div>\n<div align=\"left\">\n<ul>\n<li>\n<div><span style=\"font-family: terminal, monaco, monospace;\">La il\u00b7lusi\u00f3 per millorar l&#8217;ensenyament i fer m\u00e9s l\u00fadics i atractius els aprenentatges fa que s&#8217;inici\u00ef el treball de racons des del parvulari fins al cicle mitj\u00e0 i els tallers en alguns cicles. A cicle inicial es comen\u00e7a a treballar el principi de globalitzaci\u00f3 a partir de temes escollits pels propis alumnes (actualment anomenats projectes). Apareixen les primeres exposicions per Nadal dels treballs realitzats al llarg del trimestre i se celebra la primera setmana cultural amb el Centenari del naixement de Picasso.<\/span><\/div>\n<\/li>\n<\/ul>\n<\/div>\n<\/div>\n<p class=\"callout\" align=\"left\"><span style=\"font-family: terminal, monaco, monospace;\"><strong><a name=\"82-88\"><\/a><\/strong><\/span><a name=\"82-88\"><\/a><a id=\"8288\" name=\"8288\"><\/a><span style=\"font-family: terminal, monaco, monospace;\"><strong>Anys 1982 &#8211; 1988<\/strong><\/span><\/p>\n<div align=\"left\">\n<ul>\n<li>\n<div><span style=\"font-family: terminal, monaco, monospace;\">El\u00a0<em>1982-1983<\/em>\u00a0la revista de l&#8217;escola passa a dir-se Onada i apareix ressenyada en el diari AVUI.<\/span><\/div>\n<\/li>\n<\/ul>\n<\/div>\n<div align=\"left\">\n<ul>\n<li>\n<div><span style=\"font-family: terminal, monaco, monospace;\">L&#8217;ajuntament i l&#8217;APA, recollint la reivindicaci\u00f3 del professorat, contracten el servei d&#8217;una psic\u00f2loga per a millorar la qualitat de l&#8217;ensenyament i per a tractar problemes espec\u00edfics d&#8217;alumnes amb dificultats.<\/span><\/div>\n<\/li>\n<\/ul>\n<\/div>\n<div align=\"left\">\n<ul>\n<li>\n<div><span style=\"font-family: terminal, monaco, monospace;\">Es constitueixen els primers \u00f2rgans de direcci\u00f3 col\u00b7legiats seguint les directrius de la Generalitat.<\/span><\/div>\n<\/li>\n<\/ul>\n<\/div>\n<div align=\"left\">\n<ul>\n<li>\n<div><span style=\"font-family: terminal, monaco, monospace;\">L&#8217;hort a l&#8217;escola esdev\u00e9 un taller a tots els cicles.<\/span><\/div>\n<\/li>\n<\/ul>\n<\/div>\n<div align=\"left\">\n<ul>\n<li>\n<div><span style=\"font-family: terminal, monaco, monospace;\">El curs seg\u00fcent, la necessitat de tenir dues aules m\u00e9s es resol amb la construcci\u00f3 d&#8217;un nou gimn\u00e0s.<\/span><\/div>\n<\/li>\n<\/ul>\n<\/div>\n<div align=\"left\">\n<ul>\n<li>\n<div><span style=\"font-family: terminal, monaco, monospace;\">L&#8217;Onada surt novament a l&#8217;AVUI i Catalunya R\u00e0dio s&#8217;interessa per la nostra publicaci\u00f3 escolar.<\/span><\/div>\n<\/li>\n<\/ul>\n<\/div>\n<div align=\"left\">\n<ul>\n<li>\n<div><span style=\"font-family: terminal, monaco, monospace;\">L&#8217;escola celebra una gran festa commemorativa dels 10 anys.<\/span><\/div>\n<\/li>\n<\/ul>\n<\/div>\n<div align=\"left\">\n<ul>\n<li>\n<div><span style=\"font-family: terminal, monaco, monospace;\">El curs\u00a0<em>1985-1986<\/em>\u00a0l&#8217;ONADA participa en les primeres jornades dels diaris a les escoles organitzades pel diari AVUI on alumnes i professors van presentar una pon\u00e8ncia.<\/span><\/div>\n<\/li>\n<\/ul>\n<\/div>\n<div align=\"left\">\n<ul>\n<li>\n<div><span style=\"font-family: terminal, monaco, monospace;\">Se celebren les primeres eleccions per triar els representants dels diferents estaments en el CONSELL ESCOLAR, legalitzant aix\u00ed el que s&#8217;havia estat fent fins ara.<\/span><\/div>\n<\/li>\n<\/ul>\n<\/div>\n<p class=\"callout\" align=\"left\"><span style=\"font-family: terminal, monaco, monospace;\"><strong><a name=\"88-92\"><\/a><\/strong><\/span><a name=\"88-92\"><\/a><a id=\"8892\" name=\"8892\"><\/a><span style=\"font-family: terminal, monaco, monospace;\"><strong>Anys 1988 &#8211; 1992<\/strong><\/span><\/p>\n<div align=\"left\">\n<ul>\n<li>\n<div align=\"left\"><span style=\"font-family: terminal, monaco, monospace;\">\u00a0El\u00a0<em>1988-1989<\/em>\u00a0es realitza la primera setmana d&#8217;educaci\u00f3 vial a iniciativa de l&#8217;ajuntament i organitzada per la policia local.<\/span><\/div>\n<\/li>\n<\/ul>\n<\/div>\n<ul>\n<li>\n<div align=\"left\"><span style=\"font-family: terminal, monaco, monospace;\">\u00a0S&#8217;inicia la m\u00fasica com a activitat extraescolar als migdies.<em>\u00a0<\/em><\/span><\/div>\n<\/li>\n<\/ul>\n<ul>\n<li><span style=\"font-family: terminal, monaco, monospace;\"><em>\u00a01989-1990<\/em>\u00a0despr\u00e9s de molt de temps reivindicant l&#8217;especialista de m\u00fasica, l&#8217;APA i l&#8217;Ajuntament fan l&#8217;esfor\u00e7 de dotar el centre amb aquest professor.<\/span><\/li>\n<\/ul>\n<ul>\n<li>\n<div align=\"left\"><span style=\"font-family: terminal, monaco, monospace;\">\u00a0A l&#8217;escola arriba el primer ordinador i la revista guanya en qualitat en comen\u00e7ar a confeccionar-se amb l&#8217;ajut de les noves tecnologies.<\/span><\/div>\n<\/li>\n<\/ul>\n<ul>\n<li>\n<div align=\"left\"><span style=\"font-family: terminal, monaco, monospace;\">\u00a0El curs\u00a0<em>1991-1992<\/em>\u00a0per a solucionar tots els problemes de diversitat s&#8217;inicia a 2a etapa una aula taller.<\/span><\/div>\n<\/li>\n<\/ul>\n<ul>\n<li>\n<div align=\"left\"><span style=\"font-family: terminal, monaco, monospace;\">\u00a0Es posa en funcionament la xarxa telem\u00e0tica a l&#8217;ordinador de secretaria.<\/span><\/div>\n<\/li>\n<\/ul>\n<ul>\n<li>\n<div align=\"left\"><span style=\"font-family: terminal, monaco, monospace;\">\u00a0L&#8217;APA organitza xerrades d&#8217;higiene dental per a l&#8217;alumnat de 6\u00e8 i 7\u00e8.<\/span><\/div>\n<\/li>\n<\/ul>\n<ul>\n<li>\n<div align=\"left\"><span style=\"font-family: terminal, monaco, monospace;\">\u00a0Amb motiu dels jocs ol\u00edmpics se celebra la setmana cultural-esportiva en finalitzar el segon trimestre.<\/span><\/div>\n<\/li>\n<\/ul>\n<p class=\"callout\" align=\"left\"><span style=\"font-family: terminal, monaco, monospace;\"><strong><a name=\"92-94\"><\/a><\/strong><\/span><a name=\"92-94\"><\/a><a id=\"9294\" name=\"9294\"><\/a><span style=\"font-family: terminal, monaco, monospace;\"><strong>Anys 1992 &#8211; 1994<\/strong><\/span><\/p>\n<div align=\"left\">\n<ul>\n<li>\n<div align=\"left\"><span style=\"font-family: terminal, monaco, monospace;\">\u00a0El curs\u00a0<em>1992-1993<\/em>\u00a0s&#8217;inicia l&#8217;ensenyament a partir dels 3 anys.<\/span><\/div>\n<\/li>\n<\/ul>\n<\/div>\n<ul>\n<li>\n<div align=\"left\"><span style=\"font-family: terminal, monaco, monospace;\">\u00a0Les noves tecnologies van arribant i, despr\u00e9s de l&#8217;elaboraci\u00f3 d&#8217;un projecte d&#8217;aula d&#8217;inform\u00e0tica, ens arriba la dotaci\u00f3 de 4 ordinadors i una central meteorol\u00f2gica autom\u00e0tica i informatitzada.<\/span><\/div>\n<\/li>\n<\/ul>\n<ul>\n<li>\n<div align=\"left\"><span style=\"font-family: terminal, monaco, monospace;\">\u00a0Se celebra el Mil\u00b7lenari de Cervell\u00f3 tot fent diferents activitats a l&#8217;escola.<\/span><\/div>\n<\/li>\n<\/ul>\n<ul>\n<li>\n<div align=\"left\"><span style=\"font-family: terminal, monaco, monospace;\">\u00a0El\u00a0<em>1993-1994<\/em>\u00a0s&#8217;introdueix el treball de c\u00e0lcul mental &#8220;el Quinzet&#8221;a l&#8217;escola d&#8217;una forma sistem\u00e0tica i a tots els nivells.<\/span><\/div>\n<\/li>\n<\/ul>\n<ul>\n<li>\n<div align=\"left\"><span style=\"font-family: terminal, monaco, monospace;\">\u00a0S&#8217;aprova el Projecte ling\u00fc\u00edstic, el Pla d&#8217;adaptaci\u00f3 de P-3 i el PEC (projecte educatiu de centre).<\/span><\/div>\n<\/li>\n<\/ul>\n<p class=\"callout\" align=\"left\"><span style=\"font-family: terminal, monaco, monospace;\"><strong><a name=\"94-99\"><\/a><\/strong><\/span><a name=\"94-99\"><\/a><a id=\"9499\" name=\"9499\"><\/a><span style=\"font-family: terminal, monaco, monospace;\"><strong>Anys 1994 &#8211; 1999<\/strong><\/span><\/p>\n<ul>\n<li>\n<div align=\"left\"><span style=\"font-family: terminal, monaco, monospace;\"><em>\u00a01994-1995<\/em>\u00a0L&#8217;administraci\u00f3 decideix la integraci\u00f3 del centre \u00c9nnec Bonfill al centre Santa Maria de Cervell\u00f3 i l&#8217;escola passa d&#8217;una l\u00ednia a dues, augmentant el nombre d&#8217;alumnes, de pares i de mestres.<\/span><\/div>\n<\/li>\n<\/ul>\n<div align=\"left\">\n<ul>\n<li><span style=\"font-family: terminal, monaco, monospace;\">\u00a0En la setmana cultural es commemora el centenari del naixement d&#8217;en Frederic Soler &#8220;Pitarra&#8221; .<\/span><\/li>\n<\/ul>\n<\/div>\n<div align=\"left\">\n<ul>\n<li><span style=\"font-family: terminal, monaco, monospace;\"><em>\u00a01995-1996<\/em>\u00a0La Reforma va avan\u00e7ant i \u00e9s l&#8217;\u00faltim curs que a l&#8217;escola tenim els 8\u00e8s.<\/span><\/li>\n<\/ul>\n<\/div>\n<div align=\"left\">\n<ul>\n<li><span style=\"font-family: terminal, monaco, monospace;\">\u00a0En aquest curs la setmana cultural girar\u00e0 al voltant del reciclatge i el medi ambient.<\/span><\/li>\n<\/ul>\n<\/div>\n<div align=\"left\">\n<ul>\n<li><span style=\"font-family: terminal, monaco, monospace;\"><em>\u00a01996-1997<\/em>\u00a0La revista ONADA celebra el seu 15\u00e8 aniversari i es realitza una exposici\u00f3 monogr\u00e0fica.<\/span><\/li>\n<\/ul>\n<\/div>\n<div align=\"left\">\n<ul>\n<li><span style=\"font-family: terminal, monaco, monospace;\"><em>\u00a01997-1998<\/em>\u00a0S&#8217;inicien les obres d&#8217;adequaci\u00f3 de l&#8217;edifici de prim\u00e0ria i la construcci\u00f3 del nou parvulari.<\/span><\/li>\n<\/ul>\n<\/div>\n<div align=\"left\">\n<ul>\n<li><span style=\"font-family: terminal, monaco, monospace;\">\u00a0Els alumnes de Cicle Superior i Cicle Mitj\u00e0 comencen a fer servir el Banc de Llibres en algunes \u00e0rees.<\/span><\/li>\n<\/ul>\n<\/div>\n<div align=\"left\">\n<ul>\n<li><span style=\"font-family: terminal, monaco, monospace;\">\u00a0Tot aprofitant que \u00e9s l&#8217;any de l&#8217;OCE\u00c0 s&#8217;organitza la setmana cultural sobre aquest tema.<\/span><\/li>\n<\/ul>\n<\/div>\n<div align=\"left\">\n<ul>\n<li><span style=\"font-family: terminal, monaco, monospace;\"><em>\u00a01998-1999<\/em>\u00a0S&#8217;inaugura la remodelaci\u00f3 de l&#8217;escola aix\u00ed com el nou parvulari i se celebren els 25 anys de la nostra escola.<\/span><\/li>\n<\/ul>\n<\/div>\n<div align=\"left\">\n<ul>\n<li><span style=\"font-family: terminal, monaco, monospace;\">\u00a0El 150\u00e8 aniversari del primer tren \u00e9s el nou tema a treballar aquest curs durant la setmana cultural.<\/span><\/li>\n<\/ul>\n<\/div>\n<p class=\"callout\" align=\"left\"><span style=\"font-family: terminal, monaco, monospace;\"><strong><a name=\"99-03\"><\/a><\/strong><\/span><a name=\"99-03\"><\/a><a id=\"9903\" name=\"9903\"><\/a><span style=\"font-family: terminal, monaco, monospace;\"><strong>Anys 1999 &#8211; 2003<\/strong><\/span><\/p>\n<div align=\"left\">\n<ul>\n<li>\n<div align=\"left\"><span style=\"font-family: terminal, monaco, monospace;\"><em>\u00a01999-2000<\/em>\u00a0Les obres sembla que mai s&#8217;acabin i aquest curs s&#8217;enderroca l&#8217;antic gimn\u00e0s per construir-ne un de nou m\u00e9s ampli i amb millors condicions.<\/span><\/div>\n<\/li>\n<\/ul>\n<\/div>\n<ul>\n<li>\n<div align=\"left\"><span style=\"font-family: terminal, monaco, monospace;\">\u00a0La setmana cultural d&#8217;aquest curs es fa sobre les matem\u00e0tiques aprofitant que se celebra a nivell internacional l&#8217;any de les matem\u00e0tiques.<\/span><\/div>\n<\/li>\n<\/ul>\n<ul>\n<li>\n<div align=\"left\"><span style=\"font-family: terminal, monaco, monospace;\"><em>\u00a02000-2001<\/em>\u00a0Setmana cultural: L&#8217;any de la m\u00fasica.<\/span><\/div>\n<\/li>\n<\/ul>\n<ul>\n<li>\n<div align=\"left\"><span style=\"font-family: terminal, monaco, monospace;\"><em>\u00a02001-2002<\/em>\u00a0S&#8217;introdueix la llengua anglesa a partir del primer curs de prim\u00e0ria.<\/span><\/div>\n<\/li>\n<\/ul>\n<ul>\n<li>\n<div align=\"left\"><span style=\"font-family: terminal, monaco, monospace;\">\u00a0\u00c9s el centenari de la mort de Gaud\u00ed i es treballa la seva obra durant la setmana cultural.<\/span><\/div>\n<\/li>\n<\/ul>\n<ul>\n<li>\n<div align=\"left\"><span style=\"font-family: terminal, monaco, monospace;\"><em>\u00a02002-2003<\/em>\u00a0La setmana de Carnestoltes coincideix amb la setmana cultural, que gira al voltant dels mitjans audiovisuals i de comunicaci\u00f3.<\/span><\/div>\n<\/li>\n<\/ul>\n<p class=\"callout\" align=\"left\"><a id=\"0306\" name=\"0306\"><\/a><span style=\"font-family: terminal, monaco, monospace;\"><strong>Anys\u00a02003 &#8211; 2006<\/strong><\/span><\/p>\n<div align=\"left\">\n<ul>\n<li>\n<div align=\"left\"><span style=\"font-family: terminal, monaco, monospace;\"><em>\u00a02003-2004<\/em>\u00a0Setmana cultural: Es treballa\u00a0el modernisme.<\/span><\/div>\n<\/li>\n<li>\n<div align=\"left\"><span style=\"font-family: terminal, monaco, monospace;\">\u00a0S&#8217;elabora un Pla d&#8217;actuaci\u00f3 per a l&#8217;alumnat de nacionalitat estrangera.<\/span><\/div>\n<\/li>\n<\/ul>\n<\/div>\n<div align=\"left\">\n<ul>\n<li>\n<div align=\"left\"><span style=\"font-family: terminal, monaco, monospace;\"><em>2004-2005<\/em>\u00a0Comen\u00e7a\u00a0el projecte de biblioteca punt-edu. Se&#8217;ns reconeix la nostra participaci\u00f3 en els Premis de Recollida selectiva i reducci\u00f3 de residus.<\/span><\/div>\n<\/li>\n<\/ul>\n<\/div>\n<ul>\n<li>\n<div align=\"left\"><span style=\"font-family: terminal, monaco, monospace;\"><em>2005-2006<\/em>\u00a0Es presenta, dins el programa d&#8217;Innovaci\u00f3 Educativa, el\u00a0projecte de\u00a0Mediambient &#8220;Cap a una escola sostenible&#8221;.<\/span><\/div>\n<\/li>\n<li>\n<div align=\"left\"><span style=\"font-family: terminal, monaco, monospace;\">La\u00a0Comissi\u00f3 Pedag\u00f2gica elabora un llistat de\u00a0t\u00e8cniques o procediments\u00a0que els alumnes han de dominar en acabar la Prim\u00e0ria.<\/span><\/div>\n<\/li>\n<li>\n<div align=\"left\"><span style=\"font-family: terminal, monaco, monospace;\">Aquest curs\u00a0tamb\u00e9 es revisa el RRI., i queda aprovat pel\u00a0Consell Escolar. La comissi\u00f3 d&#8217;Educaci\u00f3\u00a0F\u00edsica programa\u00a0i coordina el 1r Cross Escolar.<\/span><\/div>\n<\/li>\n<\/ul>\n<p class=\"callout\" align=\"left\"><a id=\"0609\" name=\"0609\"><\/a><span style=\"font-family: terminal, monaco, monospace;\"><strong>Anys\u00a02006 &#8211; 2009<\/strong><\/span><\/p>\n<div align=\"left\">\n<ul>\n<li>\n<div align=\"left\"><span style=\"font-family: terminal, monaco, monospace;\"><em>\u00a02006-2007<\/em>\u00a0Es fan les obres per ampliar les aules d&#8217;educaci\u00f3\u00a0infantil.<\/span><\/div>\n<\/li>\n<li>\n<div align=\"left\"><span style=\"font-family: terminal, monaco, monospace;\">Es revisa i s&#8217;actualitza el llibre de Cervell\u00f3.<\/span><\/div>\n<\/li>\n<li>\n<div align=\"left\"><span style=\"font-family: terminal, monaco, monospace;\">S&#8217;inicia l&#8217;activitat de piscina, dins l&#8217;\u00e0rea d&#8217;Educaci\u00f3 F\u00edsica per als cursos de 1r., 3r. i 5\u00e8.<\/span><\/div>\n<\/li>\n<li><span style=\"font-family: terminal, monaco, monospace;\">S&#8217;incia el Projecte de Relaxaci\u00f3 a l&#8217;escola amb els grups de Cicle Inicial.<\/span><\/li>\n<\/ul>\n<\/div>\n<ul>\n<li>\n<div align=\"left\"><span style=\"font-family: terminal, monaco, monospace;\"><em>2007-2008<\/em>\u00a0La LOE arriba al cicle inicial i es fa un nou plantejament pel que fa a les programacions.<\/span><\/div>\n<\/li>\n<li>\n<div align=\"left\"><span style=\"font-family: terminal, monaco, monospace;\">S\u2019implanta la sisena hora al nostre centre.<\/span><\/div>\n<\/li>\n<li>\n<div align=\"left\"><span style=\"font-family: terminal, monaco, monospace;\">Bona part del claustre participa en un curs de PDI.<\/span><\/div>\n<\/li>\n<li>\n<div align=\"left\"><span style=\"font-family: terminal, monaco, monospace;\"><em>2008-2009<\/em>\u00a0La LOE arriba al cicle mitj\u00e0 i es fa un nou plantejament pel que fa a les programacions.<\/span><\/div>\n<\/li>\n<li>\n<div align=\"left\"><span style=\"font-family: terminal, monaco, monospace;\">Part del claustre participa en un curs que es fa a l&#8217;escola de \u201cFilosofia 3-18\u201d.<\/span><\/div>\n<\/li>\n<li>\n<div align=\"left\"><span style=\"font-family: terminal, monaco, monospace;\">Iniciem amb l&#8217;escola \u201cBalmes\u201d de Sant Boi de Llobregat l&#8217;escolaritat compartida d&#8217;un alumne (un dia a la setmana).<\/span><\/div>\n<\/li>\n<\/ul>\n<p><span style=\"font-family: terminal, monaco, monospace;\"><strong>Anys\u00a02009 &#8211; 2012<\/strong><\/span><\/p>\n<ul>\n<li>\n<div align=\"left\"><span style=\"font-family: terminal, monaco, monospace;\">2009-2010 Entrem a formar part del Programa d&#8217;Escoles Verdes. Ja som Escola Verda!!!<\/span><\/div>\n<\/li>\n<li><span style=\"font-family: terminal, monaco, monospace;\">Iniciem la campanya setmanal &#8220;Menja fruita, menja sa&#8221;.<\/span><\/li>\n<li><span style=\"font-family: terminal, monaco, monospace;\">S&#8217;engega l&#8217;hort a Educaci\u00f3 Infantil.<\/span><\/li>\n<li><span style=\"font-family: terminal, monaco, monospace;\">S&#8217;actualitza la web de l&#8217;escola.<\/span><\/li>\n<li><span style=\"font-family: terminal, monaco, monospace;\">Es digitalitza el full informatiu mensual i la revista escola l&#8217;Onada (Informativa i Sant Jordi) i s&#8217;incorporen a la web de l&#8217;escola.<\/span><\/li>\n<li><span style=\"font-family: terminal, monaco, monospace;\">S&#8217;inicia el treball de Projectes Interdisiciplinars a cada cicle.<\/span><\/li>\n<li><span style=\"font-family: terminal, monaco, monospace;\">S&#8217;inicia la comunicaci\u00f3 amb les fam\u00edlies via email.<\/span><\/li>\n<li><span style=\"font-family: terminal, monaco, monospace;\">2010-2011 S&#8217;elabora la Carta de Comprom\u00eds entre escola i fam\u00edlies.<\/span><\/li>\n<li><span style=\"font-family: terminal, monaco, monospace;\">S&#8217;activa el Moodle de l&#8217;escola on els mestres preparen tot d&#8217;activitats pels alumnes.<\/span><\/li>\n<li><span style=\"font-family: terminal, monaco, monospace;\">S&#8217;actualitza el PEC de l&#8217;escola.<\/span><\/li>\n<li><span style=\"font-family: terminal, monaco, monospace;\">Es dur a terme la primera Festa de la Primavera a l&#8217;escola.<\/span><\/li>\n<li><span style=\"font-family: terminal, monaco, monospace;\">2011-2012 S&#8217;incia el Suport Escolar Personalitzat a l&#8217;escola (SEP)<\/span><\/li>\n<li><span style=\"font-family: terminal, monaco, monospace;\">Es fa la primera Jornada de Bricolatge a l&#8217;escola amb la participaci\u00f3 de m\u00e9s de 80 fam\u00edlies.<\/span><\/li>\n<li><span style=\"font-family: terminal, monaco, monospace;\">Es consoliden els Padrins de Lectura entre 6\u00e8 i P5.<\/span><\/li>\n<\/ul>\n<p><span style=\"font-family: terminal, monaco, monospace;\"><strong>Anys 2012-2015<\/strong><\/span><\/p>\n<ul>\n<li><span style=\"font-family: terminal, monaco, monospace;\">2012-2013 Iniciem el projecte Oliclak de recollida d&#8217;oli.<\/span><\/li>\n<li><span style=\"font-family: terminal, monaco, monospace;\">Iniciem el Projecte de Llegim en Parella a Cicle Superior.<\/span><\/li>\n<li><span style=\"font-family: terminal, monaco, monospace;\">Cicle Mitj\u00e0 participa a l&#8217;activitat &#8221; Ronda de Llibres&#8221;, promoguda pel CRP (Centre de Recursos Pedag\u00f2gics de Sant Vicen\u00e7 dels Horts).<\/span><\/li>\n<li><span style=\"font-family: terminal, monaco, monospace;\">Es realitza una activitat experimental de padrins d&#8217;escriptura amb alumnes del SES Cervell\u00f3.<\/span><\/li>\n<li><span style=\"font-family: terminal, monaco, monospace;\">S&#8217;afian\u00e7a la figura del pare\/mare delegat\/da.<\/span><\/li>\n<li><span style=\"font-family: terminal, monaco, monospace;\">2013-2014 Es dur a terme una activitat amb un grup d&#8217;alumnes Danesos que estan d&#8217;intercanvi amb alumnes del SES Cervell\u00f3.<\/span><\/li>\n<li><span style=\"font-family: terminal, monaco, monospace;\">Els alumnes de 5\u00e8 participen activament en l&#8217;activaci\u00f3 de l&#8217;hort de la Llar d&#8217;Infants del poble.<\/span><\/li>\n<li><span style=\"font-family: terminal, monaco, monospace;\">Es consolida i actualitza el Pla Lector de l&#8217;escola impulsant el gust per la lectura entre l&#8217;alumnat.<\/span><\/li>\n<li><span style=\"font-family: terminal, monaco, monospace;\">El Projecte d&#8217;expressi\u00f3 Escrita engegat el curs anterior es consolida.<\/span><\/li>\n<li><span style=\"font-family: terminal, monaco, monospace;\">Iniciem un grup de treball a nivell de municipi per a millorar les competencies en llengua anglesa de tot l&#8217;alumnat.<\/span><\/li>\n<li><span style=\"font-family: terminal, monaco, monospace;\">Totes les aules de prim\u00e0ria tenen un projector i cada nivell te una Pissarra Interactiva.<\/span><\/li>\n<li><span style=\"font-family: terminal, monaco, monospace;\">S&#8217;inicia a Educaci\u00f3 Infantil el treball amb tablets amb grups redu\u00efts.<\/span><\/li>\n<\/ul>\n","protected":false},"excerpt":{"rendered":"<p>Era l&#8217;any 1923, els nois de Cervell\u00f3 i el seu mestre Salvador Puignau en l&#8217;antic col\u00b7legi Balmes.\u00a0\u00a0 De llavors en\u00e7\u00e0 han passat molts anys, ja fa m\u00e9s de 35 anys que es va edificar l&#8217;actual escola i intentem recordar aquells fets m\u00e9s destacats que d&#8217;una manera o altra han anat deixant empremta a tots aquells [&hellip;]<\/p>\n","protected":false},"author":1,"featured_media":0,"parent":22,"menu_order":2,"comment_status":"closed","ping_status":"closed","template":"","meta":{"_bbp_topic_count":0,"_bbp_reply_count":0,"_bbp_total_topic_count":0,"_bbp_total_reply_count":0,"_bbp_voice_count":0,"_bbp_anonymous_reply_count":0,"_bbp_topic_count_hidden":0,"_bbp_reply_count_hidden":0,"_bbp_forum_subforum_count":0,"site-sidebar-layout":"default","site-content-layout":"","ast-site-content-layout":"","site-content-style":"default","site-sidebar-style":"default","ast-global-header-display":"","ast-banner-title-visibility":"","ast-main-header-display":"","ast-hfb-above-header-display":"","ast-hfb-below-header-display":"","ast-hfb-mobile-header-display":"","site-post-title":"","ast-breadcrumbs-content":"","ast-featured-img":"","footer-sml-layout":"","theme-transparent-header-meta":"","adv-header-id-meta":"","stick-header-meta":"","header-above-stick-meta":"","header-main-stick-meta":"","header-below-stick-meta":"","astra-migrate-meta-layouts":"default","ast-page-background-enabled":"default","ast-page-background-meta":{"desktop":{"background-color":"var(--ast-global-color-4)","background-image":"","background-repeat":"repeat","background-position":"center center","background-size":"auto","background-attachment":"scroll","background-type":"","background-media":"","overlay-type":"","overlay-color":"","overlay-opacity":"","overlay-gradient":""},"tablet":{"background-color":"","background-image":"","background-repeat":"repeat","background-position":"center center","background-size":"auto","background-attachment":"scroll","background-type":"","background-media":"","overlay-type":"","overlay-color":"","overlay-opacity":"","overlay-gradient":""},"mobile":{"background-color":"","background-image":"","background-repeat":"repeat","background-position":"center center","background-size":"auto","background-attachment":"scroll","background-type":"","background-media":"","overlay-type":"","overlay-color":"","overlay-opacity":"","overlay-gradient":""}},"ast-content-background-meta":{"desktop":{"background-color":"var(--ast-global-color-5)","background-image":"","background-repeat":"repeat","background-position":"center center","background-size":"auto","background-attachment":"scroll","background-type":"","background-media":"","overlay-type":"","overlay-color":"","overlay-opacity":"","overlay-gradient":""},"tablet":{"background-color":"var(--ast-global-color-5)","background-image":"","background-repeat":"repeat","background-position":"center center","background-size":"auto","background-attachment":"scroll","background-type":"","background-media":"","overlay-type":"","overlay-color":"","overlay-opacity":"","overlay-gradient":""},"mobile":{"background-color":"var(--ast-global-color-5)","background-image":"","background-repeat":"repeat","background-position":"center center","background-size":"auto","background-attachment":"scroll","background-type":"","background-media":"","overlay-type":"","overlay-color":"","overlay-opacity":"","overlay-gradient":""}},"footnotes":""},"class_list":["post-26","page","type-page","status-publish","hentry"],"post_mailing_queue_ids":[],"_links":{"self":[{"href":"https:\/\/agora.xtec.cat\/escolasantamariacervello\/wp-json\/wp\/v2\/pages\/26","targetHints":{"allow":["GET"]}}],"collection":[{"href":"https:\/\/agora.xtec.cat\/escolasantamariacervello\/wp-json\/wp\/v2\/pages"}],"about":[{"href":"https:\/\/agora.xtec.cat\/escolasantamariacervello\/wp-json\/wp\/v2\/types\/page"}],"author":[{"embeddable":true,"href":"https:\/\/agora.xtec.cat\/escolasantamariacervello\/wp-json\/wp\/v2\/users\/1"}],"replies":[{"embeddable":true,"href":"https:\/\/agora.xtec.cat\/escolasantamariacervello\/wp-json\/wp\/v2\/comments?post=26"}],"version-history":[{"count":3,"href":"https:\/\/agora.xtec.cat\/escolasantamariacervello\/wp-json\/wp\/v2\/pages\/26\/revisions"}],"predecessor-version":[{"id":2185,"href":"https:\/\/agora.xtec.cat\/escolasantamariacervello\/wp-json\/wp\/v2\/pages\/26\/revisions\/2185"}],"up":[{"embeddable":true,"href":"https:\/\/agora.xtec.cat\/escolasantamariacervello\/wp-json\/wp\/v2\/pages\/22"}],"wp:attachment":[{"href":"https:\/\/agora.xtec.cat\/escolasantamariacervello\/wp-json\/wp\/v2\/media?parent=26"}],"curies":[{"name":"wp","href":"https:\/\/api.w.org\/{rel}","templated":true}]}}