{"id":2105,"date":"2021-12-29T18:56:40","date_gmt":"2021-12-29T17:56:40","guid":{"rendered":"https:\/\/agora.xtec.cat\/escolasantamariacervello\/?page_id=2105"},"modified":"2026-02-01T09:08:46","modified_gmt":"2026-02-01T08:08:46","slug":"lhort-de-lescola","status":"publish","type":"page","link":"https:\/\/agora.xtec.cat\/escolasantamariacervello\/eixos-transversals\/escola-verda\/projectes\/lhort-de-lescola\/","title":{"rendered":"L&#8217;Hort \ud83c\udf45i la bassa \ud83d\udc38 de l&#8217;escola"},"content":{"rendered":"\n<h2 class=\"wp-block-heading\">Un projecte interdisciplinari d\u2019aprenentatge viu<\/h2>\n\n\n\n<p>A la nostra escola, l\u2019hort i la bassa s\u00f3n molt m\u00e9s que espais verds: s\u00f3n aut\u00e8ntics <strong>laboratoris <\/strong>d\u2019<strong>aprenentatge <\/strong>a l\u2019aire lliure. Es tracta d\u2019un projecte interdisciplinari on els infants aprenen a partir de l\u2019<strong>experi\u00e8ncia <\/strong>directa, el <strong>contacte <\/strong>amb la <strong>natura <\/strong>i l\u2019<strong>observaci\u00f3 <\/strong>del seu <strong>entorn <\/strong>m\u00e9s proper.<\/p>\n\n\n\n<p>Els mateixos nens i nenes s\u00f3n els responsables de <strong>plantar, cuidar i collir<\/strong> les hortalisses i verdures de l\u2019hort, desenvolupant la <strong>responsabilitat<\/strong>, l\u2019<strong>autonomia <\/strong>i el <strong>treball cooperatiu<\/strong>. Aquest espai es comparteix amb una zona d\u2019<strong>observaci\u00f3 <\/strong>d\u2019<strong>insectes <\/strong>i altres <strong>animals invertebrats<\/strong>, aix\u00ed com amb la <strong>bassa<\/strong>, on hi viuen <strong>granotes<\/strong>, que permet con\u00e8ixer els <strong>ecosistemes<\/strong>, els <strong>cicles vitals <\/strong>i la import\u00e0ncia del respecte pel <strong>medi ambient.<\/strong><\/p>\n\n\n\n<p>Al llarg del curs s\u2019hi duen a terme <strong>m\u00faltiples activitats <\/strong>educatives:<\/p>\n\n\n\n<ul class=\"wp-block-list\">\n<li><strong>Dibuix al natural amb carbonet:<\/strong> els infants van a l\u2019hort amb tot el material necessari per observar com la llum projecta ombres sobre les plantes i verdures. Cada infant escull un punt d\u2019observaci\u00f3 i realitza un dibuix realista, treballant la m\u00e0xima semblan\u00e7a amb la realitat, les zones brillants i les ombres.<\/li>\n\n\n\n<li><strong>Observaci\u00f3 i estudi de la natura: <\/strong>visites a l\u2019hort amb captura temporal d\u2019animals invertebrats en pots i observaci\u00f3 amb lupa; dibuix al natural de flors; observaci\u00f3 dels arbres fruiters.<\/li>\n\n\n\n<li><strong>Experimentaci\u00f3 i ci\u00e8ncia:<\/strong> germinaci\u00f3 de llegums o llavors en planter, trasp\u00e0s a l\u2019hort i aprenentatge de t\u00e8cniques com fer esqueixos.<\/li>\n\n\n\n<li><strong>Plantes arom\u00e0tiques i remeieres:<\/strong> coneixement de plantes amb usos medicinals, elaboraci\u00f3 d\u2019infusions i saquets d\u2019olor.<\/li>\n\n\n\n<li><strong>Matem\u00e0tiques a l\u2019hort: <\/strong>mesura del creixement de les plantes setmanalment, elaboraci\u00f3 de gr\u00e0fics, estad\u00edstiques de collites comptant les hortalisses recollides i representaci\u00f3 amb diagrames.<\/li>\n\n\n\n<li><strong>Digital: <\/strong>creaci\u00f3 de cartells amb codis QR elaborats per l\u2019alumnat, que contenen informaci\u00f3 sobre cada planta de l\u2019hort.<\/li>\n<\/ul>\n\n\n\n<p>A trav\u00e9s d\u2019aquest projecte, els infants aprenen fent, observant, experimentant i creant, desenvolupant una mirada curiosa, cient\u00edfica i respectuosa cap a la natura que els envolta.<\/p>\n\n\n\n<div class=\"wp-block-getwid-images-slider has-arrows-inside has-dots-inside has-images-center\"><div class=\"wp-block-getwid-images-slider__wrapper\" data-effect=\"slide\" data-slides-show=\"1\" data-slides-show-laptop=\"1\" data-slides-show-tablet=\"1\" data-slides-show-mobile=\"1\" data-slides-scroll=\"1\" data-autoplay=\"true\" data-pause-hover=\"true\" data-autoplay-speed=\"4000\" data-infinite=\"true\" data-animation-speed=\"800\" data-center-mode=\"true\" data-variable-width=\"true\" data-arrows=\"inside\" data-dots=\"inside\" data-spacing=\"none\"><div class=\"wp-block-getwid-images-slider__item\"><figure><img loading=\"lazy\" decoding=\"async\" width=\"768\" height=\"576\" src=\"https:\/\/agora.xtec.cat\/escolasantamariacervello\/wp-content\/uploads\/usu1763\/2026\/02\/image-9-768x576.jpeg\" alt=\"\" data-id=\"3200\" data-link=\"https:\/\/agora.xtec.cat\/escolasantamariacervello\/eixos-transversals\/escola-verda\/projectes\/lhort-de-lescola\/attachment\/image-12\/\" data-original-link=\"https:\/\/agora.xtec.cat\/escolasantamariacervello\/wp-content\/uploads\/usu1763\/2026\/02\/image-9.jpeg\" class=\"wp-block-getwid-images-slider__image wp-image-3200\" srcset=\"https:\/\/agora.xtec.cat\/escolasantamariacervello\/wp-content\/uploads\/usu1763\/2026\/02\/image-9-768x576.jpeg 768w, https:\/\/agora.xtec.cat\/escolasantamariacervello\/wp-content\/uploads\/usu1763\/2026\/02\/image-9-300x225.jpeg 300w, https:\/\/agora.xtec.cat\/escolasantamariacervello\/wp-content\/uploads\/usu1763\/2026\/02\/image-9-1024x768.jpeg 1024w, https:\/\/agora.xtec.cat\/escolasantamariacervello\/wp-content\/uploads\/usu1763\/2026\/02\/image-9-1536x1152.jpeg 1536w, https:\/\/agora.xtec.cat\/escolasantamariacervello\/wp-content\/uploads\/usu1763\/2026\/02\/image-9.jpeg 1600w\" sizes=\"auto, (max-width: 768px) 100vw, 768px\" \/><figcaption class=\"wp-block-getwid-images-slider__caption\">Collita<\/figcaption><\/figure><\/div><div class=\"wp-block-getwid-images-slider__item\"><figure><img loading=\"lazy\" decoding=\"async\" width=\"768\" height=\"576\" src=\"https:\/\/agora.xtec.cat\/escolasantamariacervello\/wp-content\/uploads\/usu1763\/2026\/02\/image-8-768x576.jpeg\" alt=\"\" data-id=\"3199\" data-link=\"https:\/\/agora.xtec.cat\/escolasantamariacervello\/eixos-transversals\/escola-verda\/projectes\/lhort-de-lescola\/attachment\/image-11\/\" data-original-link=\"https:\/\/agora.xtec.cat\/escolasantamariacervello\/wp-content\/uploads\/usu1763\/2026\/02\/image-8.jpeg\" class=\"wp-block-getwid-images-slider__image wp-image-3199\" srcset=\"https:\/\/agora.xtec.cat\/escolasantamariacervello\/wp-content\/uploads\/usu1763\/2026\/02\/image-8-768x576.jpeg 768w, https:\/\/agora.xtec.cat\/escolasantamariacervello\/wp-content\/uploads\/usu1763\/2026\/02\/image-8-300x225.jpeg 300w, https:\/\/agora.xtec.cat\/escolasantamariacervello\/wp-content\/uploads\/usu1763\/2026\/02\/image-8-1024x768.jpeg 1024w, https:\/\/agora.xtec.cat\/escolasantamariacervello\/wp-content\/uploads\/usu1763\/2026\/02\/image-8-1536x1152.jpeg 1536w, https:\/\/agora.xtec.cat\/escolasantamariacervello\/wp-content\/uploads\/usu1763\/2026\/02\/image-8.jpeg 1600w\" sizes=\"auto, (max-width: 768px) 100vw, 768px\" \/><figcaption class=\"wp-block-getwid-images-slider__caption\">Regant l&#8217;hort<\/figcaption><\/figure><\/div><div class=\"wp-block-getwid-images-slider__item\"><figure><img loading=\"lazy\" decoding=\"async\" width=\"461\" height=\"1024\" src=\"https:\/\/agora.xtec.cat\/escolasantamariacervello\/wp-content\/uploads\/usu1763\/2026\/02\/image-7-461x1024.jpeg\" alt=\"\" data-id=\"3198\" data-link=\"https:\/\/agora.xtec.cat\/escolasantamariacervello\/eixos-transversals\/escola-verda\/projectes\/lhort-de-lescola\/attachment\/image-10\/\" data-original-link=\"https:\/\/agora.xtec.cat\/escolasantamariacervello\/wp-content\/uploads\/usu1763\/2026\/02\/image-7.jpeg\" class=\"wp-block-getwid-images-slider__image wp-image-3198\" srcset=\"https:\/\/agora.xtec.cat\/escolasantamariacervello\/wp-content\/uploads\/usu1763\/2026\/02\/image-7-461x1024.jpeg 461w, https:\/\/agora.xtec.cat\/escolasantamariacervello\/wp-content\/uploads\/usu1763\/2026\/02\/image-7-135x300.jpeg 135w, https:\/\/agora.xtec.cat\/escolasantamariacervello\/wp-content\/uploads\/usu1763\/2026\/02\/image-7-691x1536.jpeg 691w, https:\/\/agora.xtec.cat\/escolasantamariacervello\/wp-content\/uploads\/usu1763\/2026\/02\/image-7.jpeg 720w\" sizes=\"auto, (max-width: 461px) 100vw, 461px\" \/><figcaption class=\"wp-block-getwid-images-slider__caption\">Planters<\/figcaption><\/figure><\/div><div class=\"wp-block-getwid-images-slider__item\"><figure><img loading=\"lazy\" decoding=\"async\" width=\"768\" height=\"358\" src=\"https:\/\/agora.xtec.cat\/escolasantamariacervello\/wp-content\/uploads\/usu1763\/2026\/02\/image-6-768x358.jpeg\" alt=\"\" data-id=\"3197\" data-link=\"https:\/\/agora.xtec.cat\/escolasantamariacervello\/eixos-transversals\/escola-verda\/projectes\/lhort-de-lescola\/attachment\/image-9\/\" data-original-link=\"https:\/\/agora.xtec.cat\/escolasantamariacervello\/wp-content\/uploads\/usu1763\/2026\/02\/image-6.jpeg\" class=\"wp-block-getwid-images-slider__image wp-image-3197\" srcset=\"https:\/\/agora.xtec.cat\/escolasantamariacervello\/wp-content\/uploads\/usu1763\/2026\/02\/image-6-768x358.jpeg 768w, https:\/\/agora.xtec.cat\/escolasantamariacervello\/wp-content\/uploads\/usu1763\/2026\/02\/image-6-300x140.jpeg 300w, https:\/\/agora.xtec.cat\/escolasantamariacervello\/wp-content\/uploads\/usu1763\/2026\/02\/image-6-1024x477.jpeg 1024w, https:\/\/agora.xtec.cat\/escolasantamariacervello\/wp-content\/uploads\/usu1763\/2026\/02\/image-6-1536x715.jpeg 1536w, https:\/\/agora.xtec.cat\/escolasantamariacervello\/wp-content\/uploads\/usu1763\/2026\/02\/image-6.jpeg 1600w\" sizes=\"auto, (max-width: 768px) 100vw, 768px\" \/><figcaption class=\"wp-block-getwid-images-slider__caption\">Muticultor<\/figcaption><\/figure><\/div><div class=\"wp-block-getwid-images-slider__item\"><figure><img loading=\"lazy\" decoding=\"async\" width=\"768\" height=\"346\" src=\"https:\/\/agora.xtec.cat\/escolasantamariacervello\/wp-content\/uploads\/usu1763\/2026\/02\/image-5-768x346.jpeg\" alt=\"\" data-id=\"3196\" data-link=\"https:\/\/agora.xtec.cat\/escolasantamariacervello\/eixos-transversals\/escola-verda\/projectes\/lhort-de-lescola\/attachment\/image-8\/\" data-original-link=\"https:\/\/agora.xtec.cat\/escolasantamariacervello\/wp-content\/uploads\/usu1763\/2026\/02\/image-5.jpeg\" class=\"wp-block-getwid-images-slider__image wp-image-3196\" srcset=\"https:\/\/agora.xtec.cat\/escolasantamariacervello\/wp-content\/uploads\/usu1763\/2026\/02\/image-5-768x346.jpeg 768w, https:\/\/agora.xtec.cat\/escolasantamariacervello\/wp-content\/uploads\/usu1763\/2026\/02\/image-5-300x135.jpeg 300w, https:\/\/agora.xtec.cat\/escolasantamariacervello\/wp-content\/uploads\/usu1763\/2026\/02\/image-5-1024x461.jpeg 1024w, https:\/\/agora.xtec.cat\/escolasantamariacervello\/wp-content\/uploads\/usu1763\/2026\/02\/image-5-1536x691.jpeg 1536w, https:\/\/agora.xtec.cat\/escolasantamariacervello\/wp-content\/uploads\/usu1763\/2026\/02\/image-5.jpeg 1600w\" sizes=\"auto, (max-width: 768px) 100vw, 768px\" \/><figcaption class=\"wp-block-getwid-images-slider__caption\">Planters<\/figcaption><\/figure><\/div><div class=\"wp-block-getwid-images-slider__item\"><figure><img loading=\"lazy\" decoding=\"async\" width=\"768\" height=\"346\" src=\"https:\/\/agora.xtec.cat\/escolasantamariacervello\/wp-content\/uploads\/usu1763\/2026\/02\/image-4-768x346.jpeg\" alt=\"\" data-id=\"3193\" data-link=\"https:\/\/agora.xtec.cat\/escolasantamariacervello\/eixos-transversals\/escola-verda\/projectes\/slow-food\/attachment\/image-7\/\" data-original-link=\"https:\/\/agora.xtec.cat\/escolasantamariacervello\/wp-content\/uploads\/usu1763\/2026\/02\/image-4.jpeg\" class=\"wp-block-getwid-images-slider__image wp-image-3193\" srcset=\"https:\/\/agora.xtec.cat\/escolasantamariacervello\/wp-content\/uploads\/usu1763\/2026\/02\/image-4-768x346.jpeg 768w, https:\/\/agora.xtec.cat\/escolasantamariacervello\/wp-content\/uploads\/usu1763\/2026\/02\/image-4-300x135.jpeg 300w, https:\/\/agora.xtec.cat\/escolasantamariacervello\/wp-content\/uploads\/usu1763\/2026\/02\/image-4-1024x461.jpeg 1024w, https:\/\/agora.xtec.cat\/escolasantamariacervello\/wp-content\/uploads\/usu1763\/2026\/02\/image-4-1536x691.jpeg 1536w, https:\/\/agora.xtec.cat\/escolasantamariacervello\/wp-content\/uploads\/usu1763\/2026\/02\/image-4.jpeg 1600w\" sizes=\"auto, (max-width: 768px) 100vw, 768px\" \/><figcaption class=\"wp-block-getwid-images-slider__caption\">Bassa<\/figcaption><\/figure><\/div><\/div><\/div>\n","protected":false},"excerpt":{"rendered":"<p>Un projecte interdisciplinari d\u2019aprenentatge viu A la nostra escola, l\u2019hort i la bassa s\u00f3n molt m\u00e9s que espais verds: s\u00f3n aut\u00e8ntics laboratoris d\u2019aprenentatge a l\u2019aire lliure. Es tracta d\u2019un projecte interdisciplinari on els infants aprenen a partir de l\u2019experi\u00e8ncia directa, el contacte amb la natura i l\u2019observaci\u00f3 del seu entorn m\u00e9s proper. Els mateixos nens [&hellip;]<\/p>\n","protected":false},"author":63,"featured_media":3193,"parent":2099,"menu_order":0,"comment_status":"closed","ping_status":"closed","template":"","meta":{"_bbp_topic_count":0,"_bbp_reply_count":0,"_bbp_total_topic_count":0,"_bbp_total_reply_count":0,"_bbp_voice_count":0,"_bbp_anonymous_reply_count":0,"_bbp_topic_count_hidden":0,"_bbp_reply_count_hidden":0,"_bbp_forum_subforum_count":0,"site-sidebar-layout":"default","site-content-layout":"","ast-site-content-layout":"default","site-content-style":"default","site-sidebar-style":"default","ast-global-header-display":"","ast-banner-title-visibility":"","ast-main-header-display":"","ast-hfb-above-header-display":"","ast-hfb-below-header-display":"","ast-hfb-mobile-header-display":"","site-post-title":"","ast-breadcrumbs-content":"","ast-featured-img":"","footer-sml-layout":"","theme-transparent-header-meta":"","adv-header-id-meta":"","stick-header-meta":"","header-above-stick-meta":"","header-main-stick-meta":"","header-below-stick-meta":"","astra-migrate-meta-layouts":"set","ast-page-background-enabled":"default","ast-page-background-meta":{"desktop":{"background-color":"var(--ast-global-color-4)","background-image":"","background-repeat":"repeat","background-position":"center center","background-size":"auto","background-attachment":"scroll","background-type":"","background-media":"","overlay-type":"","overlay-color":"","overlay-opacity":"","overlay-gradient":""},"tablet":{"background-color":"","background-image":"","background-repeat":"repeat","background-position":"center center","background-size":"auto","background-attachment":"scroll","background-type":"","background-media":"","overlay-type":"","overlay-color":"","overlay-opacity":"","overlay-gradient":""},"mobile":{"background-color":"","background-image":"","background-repeat":"repeat","background-position":"center center","background-size":"auto","background-attachment":"scroll","background-type":"","background-media":"","overlay-type":"","overlay-color":"","overlay-opacity":"","overlay-gradient":""}},"ast-content-background-meta":{"desktop":{"background-color":"var(--ast-global-color-5)","background-image":"","background-repeat":"repeat","background-position":"center center","background-size":"auto","background-attachment":"scroll","background-type":"","background-media":"","overlay-type":"","overlay-color":"","overlay-opacity":"","overlay-gradient":""},"tablet":{"background-color":"var(--ast-global-color-5)","background-image":"","background-repeat":"repeat","background-position":"center center","background-size":"auto","background-attachment":"scroll","background-type":"","background-media":"","overlay-type":"","overlay-color":"","overlay-opacity":"","overlay-gradient":""},"mobile":{"background-color":"var(--ast-global-color-5)","background-image":"","background-repeat":"repeat","background-position":"center center","background-size":"auto","background-attachment":"scroll","background-type":"","background-media":"","overlay-type":"","overlay-color":"","overlay-opacity":"","overlay-gradient":""}},"footnotes":""},"class_list":["post-2105","page","type-page","status-publish","has-post-thumbnail","hentry"],"post_mailing_queue_ids":[],"_links":{"self":[{"href":"https:\/\/agora.xtec.cat\/escolasantamariacervello\/wp-json\/wp\/v2\/pages\/2105","targetHints":{"allow":["GET"]}}],"collection":[{"href":"https:\/\/agora.xtec.cat\/escolasantamariacervello\/wp-json\/wp\/v2\/pages"}],"about":[{"href":"https:\/\/agora.xtec.cat\/escolasantamariacervello\/wp-json\/wp\/v2\/types\/page"}],"author":[{"embeddable":true,"href":"https:\/\/agora.xtec.cat\/escolasantamariacervello\/wp-json\/wp\/v2\/users\/63"}],"replies":[{"embeddable":true,"href":"https:\/\/agora.xtec.cat\/escolasantamariacervello\/wp-json\/wp\/v2\/comments?post=2105"}],"version-history":[{"count":5,"href":"https:\/\/agora.xtec.cat\/escolasantamariacervello\/wp-json\/wp\/v2\/pages\/2105\/revisions"}],"predecessor-version":[{"id":3201,"href":"https:\/\/agora.xtec.cat\/escolasantamariacervello\/wp-json\/wp\/v2\/pages\/2105\/revisions\/3201"}],"up":[{"embeddable":true,"href":"https:\/\/agora.xtec.cat\/escolasantamariacervello\/wp-json\/wp\/v2\/pages\/2099"}],"wp:featuredmedia":[{"embeddable":true,"href":"https:\/\/agora.xtec.cat\/escolasantamariacervello\/wp-json\/wp\/v2\/media\/3193"}],"wp:attachment":[{"href":"https:\/\/agora.xtec.cat\/escolasantamariacervello\/wp-json\/wp\/v2\/media?parent=2105"}],"curies":[{"name":"wp","href":"https:\/\/api.w.org\/{rel}","templated":true}]}}