{"id":686,"date":"2025-02-21T16:24:16","date_gmt":"2025-02-21T15:24:16","guid":{"rendered":"https:\/\/agora.xtec.cat\/escolasagradafamiliagracia\/?page_id=686"},"modified":"2025-03-17T10:01:16","modified_gmt":"2025-03-17T09:01:16","slug":"fundacio-claror","status":"publish","type":"page","link":"https:\/\/agora.xtec.cat\/escolasagradafamiliagracia\/fundacio-claror\/","title":{"rendered":"Fundaci\u00f3 Claror"},"content":{"rendered":"\n<p>El <a href=\"https:\/\/claror.cat\/club\/claror-sardenya\/\">CEM Claror<\/a> no nom\u00e9s \u00e9s un centre esportiu ve\u00ed amb el que l\u2019Escola t\u00e9 un conveni de col\u00b7laboraci\u00f3, \u00e9s molt m\u00e9s que aix\u00f2. El CEM Claror en particular, i la Fundaci\u00f3 Claror en general s\u00f3n, de fet, fills de l\u2019Escola Sagrada Fam\u00edlia. I \u00e9s que la hist\u00f2ria de l\u2019Esportiu i la Fundaci\u00f3 Claror no es podria entendre sense l\u2019Escola Sagrada Fam\u00edlia, a la qu\u00e8 estan \u00edntimament lligats.<\/p>\n\n\n\n<p><br><strong>Hist\u00f2ria del lligam<\/strong><br>Tal i com s\u2019explica a la p\u00e0gina de la hist\u00f2ria de l\u2019Escola Sagrada Fam\u00edlia, l\u2019any 1977 es va crear la Cooperativa Claror (prenent el nom de \u201cClaror\u201d del nom que havia tingut la pr\u00f2pia escola als anys 30, durant la Segona Rep\u00fablica), formada pels mestres i fam\u00edlies d\u2019alumnat de l\u2019escola, amb l\u2019objectiu de comprar-li l\u2019escola als Jesu\u00eftes, que havien fet fallida econ\u00f2mica, i gestionar-la fins que fos possible integrar-la a la xarxa d\u2019Escoles P\u00fabliques que anys despr\u00e9s pogu\u00e9s crear la Generalitat de Catalunya.<\/p>\n\n\n\n<p>Als soterranis de l\u2019Escola, els Jesu\u00eftes havien deixat a mig construir una piscina i un gimn\u00e0s. Una de les moltes decisions que en aquells anys va prendre la Cooperativa va ser acabar la construcci\u00f3 d\u2019aquella piscina i aquell gimn\u00e0s, al qu\u00e8 anomenarien Esportiu Claror, per qu\u00e8 don\u00e9s servei tant als alumnes de l\u2019Escola, com als ve\u00efns d\u2019un barri mancat d\u2019equipaments esportius. Aix\u00ed, l\u2019Esportiu Claror va ser inaugurat el 19 de desembre de 1982.<\/p>\n\n\n\n<p>A la segona meitat dels anys 80, un cop l\u2019Escola Sagrada Fam\u00edlia va entrar a formar de la xarxa d\u2019escoles p\u00fabliques de la Generalitat, la Cooperativa Claror va perdre la seva principal ra\u00f3 de ser, que era la gesti\u00f3 de l\u2019Escola, i mentre seguia gestionant l\u2019Esportiu Claror, que era un ens independent de l\u2019Escola, va iniciar un llarg proc\u00e9s de reflexi\u00f3 sobre el seu futur que va concloure, el 1989, amb la liquidaci\u00f3 de la Cooperativa Claror i la creaci\u00f3 d\u2019una fundaci\u00f3 sense \u00e0nim de lucre, la Fundaci\u00f3 Claror, que com a hereva de la cooperativa, assumiria la gesti\u00f3 de l\u2019Esportiu Claror en particular, i la promoci\u00f3 de l\u2019esport, la salut, la cultura i el lleure en general.<br><br><strong>El lligam actual<\/strong><br>Tot i el gran creixement que des d\u2019aleshores i al llarg dels anys ha experimentat la Fundaci\u00f3 Claror, que actualment gestiona cinc centres esportius (quatre a Barcelona i un a Llinars del Vall\u00e9s), l\u2019Escola Sagrada Fam\u00edlia mai ha perdut la forta vinculaci\u00f3 amb&nbsp; l\u2019Esportiu i la Fundaci\u00f3 que ella mateixa va crear, i avui dia segueix tenint un paper important\u00edssim en el m\u00e0xim \u00f2rgan de govern de&nbsp; la Fundaci\u00f3: el Patronat.<\/p>\n\n\n\n<p>El Patronat de la Fundaci\u00f3 Claror \u00e9s format per 10 persones, 3 de les quals estan directament vinculades a l\u2019Escola Sagrada Fam\u00edlia: dues persones representen el claustre de mestres i una a l\u2019AFA de l\u2019Escola. Aquesta pres\u00e8ncia al Patronat permet que aquestes persones participin directament en els debats i presa de decisions m\u00e9s importants de la Fundaci\u00f3 Claror, sigui quina sigui la q\u00fcesti\u00f3 a tractar.<\/p>\n\n\n\n<p>Per\u00f2 a m\u00e9s d\u2019aix\u00f2, l\u2019Escola Sagrada Fam\u00edlia i el CEM Claror tenen constitu\u00efda una comissi\u00f3 de seguiment per tal que hi hagi la m\u00e0xima complicitat en la relaci\u00f3 de col\u00b7laboraci\u00f3 entre ambdues parts en diversos \u00e0mbits d\u2019actuaci\u00f3.<strong><br><br>Avantatges per la comunitat de l\u2019Escola Sagrada Fam\u00edlia<\/strong><br>Els alumnes de l\u2019Escola Sagrada Fam\u00edlia gaudeixen d\u2019una s\u00e8rie d\u2019avantatges en l\u2019\u00fas del CEM Claror:<\/p>\n\n\n\n<ul class=\"wp-block-list\">\n<li>\u00das de la piscina: els alumnes de l\u2019escola fan classes de nataci\u00f3 a la piscina del CEM Claror a un preu redu\u00eft.<\/li>\n\n\n\n<li>Prefer\u00e8ncia en la inscripci\u00f3 als Esplais que el CEM Claror organitza en per\u00edodes vacacionals: estiu, Nadal i setmana santa.<\/li>\n\n\n\n<li>Prefer\u00e8ncia en l\u2019acc\u00e9s als equips de la secci\u00f3 de b\u00e0squet Safa-Claror, fins a la categoria cadet.<\/li>\n\n\n\n<li>Prefer\u00e8ncia en la inscripci\u00f3 de determinades activitats dirigides extra-escolars.<\/li>\n\n\n\n<li>L\u2019Escola t\u00e9 prefer\u00e8ncia d\u2019\u00fas de determinats espais del CEM Claror per a desenvolupar algunes activitats relacionades amb&nbsp; el programa lectiu.<\/li>\n\n\n\n<li>L&#8217;\u00fas del pati gran di\u00e0riament en horari escolar.<\/li>\n<\/ul>\n\n\n\n<p>A m\u00e9s, els familiars directes d&#8217;alumnes (mares, pares i germans) tamb\u00e9 gaudeixen d\u2019altres avantatges preferents.<\/p>\n\n\n\n<figure class=\"wp-block-image aligncenter size-full\"><a href=\"https:\/\/claror.cat\/club\/claror-sardenya\/\"><img loading=\"lazy\" decoding=\"async\" width=\"400\" height=\"150\" src=\"https:\/\/agora.xtec.cat\/escolasagradafamiliagracia\/wp-content\/uploads\/usu3051\/2025\/03\/Claror.webp\" alt=\"\" class=\"wp-image-747\" srcset=\"https:\/\/agora.xtec.cat\/escolasagradafamiliagracia\/wp-content\/uploads\/usu3051\/2025\/03\/Claror.webp 400w, https:\/\/agora.xtec.cat\/escolasagradafamiliagracia\/wp-content\/uploads\/usu3051\/2025\/03\/Claror-300x113.webp 300w\" sizes=\"auto, (max-width: 400px) 100vw, 400px\" \/><\/a><\/figure>\n","protected":false},"excerpt":{"rendered":"<p>El CEM Claror no nom\u00e9s \u00e9s un centre esportiu ve\u00ed amb el que l\u2019Escola t\u00e9 un conveni de col\u00b7laboraci\u00f3, \u00e9s [&hellip;]<\/p>\n","protected":false},"author":1,"featured_media":0,"parent":0,"menu_order":0,"comment_status":"closed","ping_status":"close","template":"","meta":{"site-sidebar-layout":"default","site-content-layout":"","ast-site-content-layout":"default","site-content-style":"default","site-sidebar-style":"default","ast-global-header-display":"","ast-banner-title-visibility":"","ast-main-header-display":"","ast-hfb-above-header-display":"","ast-hfb-below-header-display":"","ast-hfb-mobile-header-display":"","site-post-title":"","ast-breadcrumbs-content":"","ast-featured-img":"","footer-sml-layout":"","theme-transparent-header-meta":"","adv-header-id-meta":"","stick-header-meta":"","header-above-stick-meta":"","header-main-stick-meta":"","header-below-stick-meta":"","astra-migrate-meta-layouts":"set","ast-page-background-enabled":"default","ast-page-background-meta":{"desktop":{"background-color":"var(--ast-global-color-4)","background-image":"","background-repeat":"repeat","background-position":"center center","background-size":"auto","background-attachment":"scroll","background-type":"","background-media":"","overlay-type":"","overlay-color":"","overlay-opacity":"","overlay-gradient":""},"tablet":{"background-color":"","background-image":"","background-repeat":"repeat","background-position":"center center","background-size":"auto","background-attachment":"scroll","background-type":"","background-media":"","overlay-type":"","overlay-color":"","overlay-opacity":"","overlay-gradient":""},"mobile":{"background-color":"","background-image":"","background-repeat":"repeat","background-position":"center center","background-size":"auto","background-attachment":"scroll","background-type":"","background-media":"","overlay-type":"","overlay-color":"","overlay-opacity":"","overlay-gradient":""}},"ast-content-background-meta":{"desktop":{"background-color":"var(--ast-global-color-5)","background-image":"","background-repeat":"repeat","background-position":"center center","background-size":"auto","background-attachment":"scroll","background-type":"","background-media":"","overlay-type":"","overlay-color":"","overlay-opacity":"","overlay-gradient":""},"tablet":{"background-color":"var(--ast-global-color-5)","background-image":"","background-repeat":"repeat","background-position":"center center","background-size":"auto","background-attachment":"scroll","background-type":"","background-media":"","overlay-type":"","overlay-color":"","overlay-opacity":"","overlay-gradient":""},"mobile":{"background-color":"var(--ast-global-color-5)","background-image":"","background-repeat":"repeat","background-position":"center center","background-size":"auto","background-attachment":"scroll","background-type":"","background-media":"","overlay-type":"","overlay-color":"","overlay-opacity":"","overlay-gradient":""}},"footnotes":""},"class_list":["post-686","page","type-page","status-publish","hentry"],"post_mailing_queue_ids":[],"_links":{"self":[{"href":"https:\/\/agora.xtec.cat\/escolasagradafamiliagracia\/wp-json\/wp\/v2\/pages\/686","targetHints":{"allow":["GET"]}}],"collection":[{"href":"https:\/\/agora.xtec.cat\/escolasagradafamiliagracia\/wp-json\/wp\/v2\/pages"}],"about":[{"href":"https:\/\/agora.xtec.cat\/escolasagradafamiliagracia\/wp-json\/wp\/v2\/types\/page"}],"author":[{"embeddable":true,"href":"https:\/\/agora.xtec.cat\/escolasagradafamiliagracia\/wp-json\/wp\/v2\/users\/1"}],"replies":[{"embeddable":true,"href":"https:\/\/agora.xtec.cat\/escolasagradafamiliagracia\/wp-json\/wp\/v2\/comments?post=686"}],"version-history":[{"count":5,"href":"https:\/\/agora.xtec.cat\/escolasagradafamiliagracia\/wp-json\/wp\/v2\/pages\/686\/revisions"}],"predecessor-version":[{"id":751,"href":"https:\/\/agora.xtec.cat\/escolasagradafamiliagracia\/wp-json\/wp\/v2\/pages\/686\/revisions\/751"}],"wp:attachment":[{"href":"https:\/\/agora.xtec.cat\/escolasagradafamiliagracia\/wp-json\/wp\/v2\/media?parent=686"}],"curies":[{"name":"wp","href":"https:\/\/api.w.org\/{rel}","templated":true}]}}