{"id":826,"date":"2015-01-27T18:08:29","date_gmt":"2015-01-27T17:08:29","guid":{"rendered":"http:\/\/agora.xtec.cat\/escolarambletadelclot\/?page_id=826"},"modified":"2015-02-03T12:05:04","modified_gmt":"2015-02-03T11:05:04","slug":"un-nom-que-ve-de-lluny","status":"publish","type":"page","link":"https:\/\/agora.xtec.cat\/escolarambletadelclot\/lescola\/historia\/un-nom-que-ve-de-lluny\/","title":{"rendered":"Un nom que ve de lluny"},"content":{"rendered":"<p><a href=\"http:\/\/agora.xtec.cat\/escolarambletadelclot\/wp-content\/uploads\/usu436\/2015\/01\/01-R\u00e8tol-a-lentrada.jpg\"><img loading=\"lazy\" decoding=\"async\" class=\"aligncenter wp-image-475 size-medium\" src=\"http:\/\/agora.xtec.cat\/escolarambletadelclot\/wp-content\/uploads\/usu436\/2015\/01\/01-R\u00e8tol-a-lentrada-300x206.jpg\" alt=\"01-R\u00e8tol a l'entrada\" width=\"300\" height=\"206\" srcset=\"https:\/\/agora.xtec.cat\/escolarambletadelclot\/wp-content\/uploads\/usu436\/2015\/01\/01-R\u00e8tol-a-lentrada-300x206.jpg 300w, https:\/\/agora.xtec.cat\/escolarambletadelclot\/wp-content\/uploads\/usu436\/2015\/01\/01-R\u00e8tol-a-lentrada.jpg 319w\" sizes=\"auto, (max-width: 300px) 100vw, 300px\" \/><\/a><\/p>\n<p>L&#8217;escola\u00a0RAMBLETA DEL CLOT\u00a0es diu aix\u00ed des del curs 2011-2012 tot coincidint amb el 25\u00e8 aniversari de la construcci\u00f3 del nou edifici del Carrer Arag\u00f3.<br \/>\nL&#8217;escola est\u00e0 entre el carrer Arag\u00f3 i el carrer Escultors Claper\u00f3s tots dos urbanitzats en forma de passeig &#8220;ample i arbrat amb un passeig central on es pot passejar tranquil\u00b7lament&#8221;\u00a0(que \u00e9s justament el que diu el diccionari que \u00e9s una rambla).<br \/>\nPer\u00f2 \u00e9s que a m\u00e9s a m\u00e9s el nom de l&#8217;escola \u00e9s un\u00a0<strong>nom ben viu<\/strong>\u00a0entre els nens i les nenes que espont\u00e0niament acostumen a parlar sempre d&#8217;anar a jugar a la &#8220;rambleta&#8221;<\/p>\n<h4>Per\u00f2 aquest nom t\u00e9 algun precedent en el barri?<\/h4>\n<p>Si remeneu entre els llibres que parlen de la hist\u00f2ria de Barcelona en general i del Clot en particular topareu una i altra vegada amb\u00a0aquesta foto:<\/p>\n<p><a href=\"http:\/\/agora.xtec.cat\/escolarambletadelclot\/wp-content\/uploads\/usu436\/2015\/01\/02-La-Rambleta-del-Clot-1920.jpg\"><img loading=\"lazy\" decoding=\"async\" class=\"aligncenter wp-image-476 size-full\" src=\"http:\/\/agora.xtec.cat\/escolarambletadelclot\/wp-content\/uploads\/usu436\/2015\/01\/02-La-Rambleta-del-Clot-1920.jpg\" alt=\"02-La Rambleta del Clot (1920)\" width=\"563\" height=\"397\" srcset=\"https:\/\/agora.xtec.cat\/escolarambletadelclot\/wp-content\/uploads\/usu436\/2015\/01\/02-La-Rambleta-del-Clot-1920.jpg 563w, https:\/\/agora.xtec.cat\/escolarambletadelclot\/wp-content\/uploads\/usu436\/2015\/01\/02-La-Rambleta-del-Clot-1920-300x211.jpg 300w\" sizes=\"auto, (max-width: 563px) 100vw, 563px\" \/><\/a><\/p>\n<p style=\"text-align: center;\"><strong>[La Rambleta del Clot cap als anys 20]<\/strong><\/p>\n<p>Mireu-la b\u00e9. No s\u00e9 si reconeixeu el lloc.<br \/>\nSituem-nos: la foto est\u00e0 captada des del bell mig de la Meridiana mirant cap a la sortida de la ciutat.<br \/>\nCom veieu les vies del tren ocupen la part central de l&#8217;avinguda.<br \/>\nAl fons a la dreta l&#8217;antic edifici de l&#8217;esgl\u00e9sia de Sant Mart\u00ed del Clot (cremat durant la guerra civil)<br \/>\nTamb\u00e9 a la dreta el carrer Arag\u00f3 i el carrer S\u00e8quia Comtal.<br \/>\nA l&#8217;esquerra el comen\u00e7ament del Carrer Rogent (antiga riera Bogatell)<\/p>\n<p>Aquesta mateixa foto apareix en un article publicat el dimecres 4 de maig de 2011 al blog <strong>Barcelofilia<\/strong>:<\/p>\n<p><em>&#8220;<\/em>RAMBLETA DEL CLOT\u00a0 (1900-1962)<\/p>\n<p><em>A l&#8217;antic terme municipal de Sant Mart\u00ed de Proven\u00e7als, l&#8217;actual barri del Clot era el principal nucli problacional. Es concentrava al voltant de l&#8217;\u00e0rea actualment situada al nord de la pla\u00e7a de les Gl\u00f2ries. La linia de tren cap a Girona, Puigcerd\u00e0 i Fran\u00e7a constitu\u00efa una barrera que dividia el barri en dues zones, la m\u00e9s antiga al voltant del mercat i la nova ja inserida en la part m\u00e9s oriental de l&#8217;Eixample. Sobre aquest\u00a0trajecte ferroviari es va construir l&#8217;actual l&#8217;avinguda Meridiana un cop soterrada la l\u00ednia. La Rambleta del Clot ocupava el marge Bes\u00f2s de les vies entre els carrers Joan I i la S\u00e8quia Comtal, que avui encara existeixen. Era un petit passeig plantat de pl\u00e0tans d&#8217;ombra que conduia fins a l&#8217;antiga esgl\u00e9sia de Sant Mart\u00ed del Clot. Va desapar\u00e8ixer el 1962.&#8221;<\/em><\/p>\n<p style=\"text-align: center;\">(<a href=\"http:\/\/barcelofilia.blogspot.com\/2011\/05\/rambleta-del-clot-1900-1964.html\">http:\/\/barcelofilia.blogspot.com\/2011\/05\/rambleta-del-clot-1900-1964.html<\/a>)<\/p>\n<p>Efectivament l&#8217;any 1962\u00a0un cop soterrades les vies\u00a0\u00a0aquest paisatge\u00a0va desapar\u00e9ixerper sempre\u00a0(als anys 90 es va voler urbanitzar la Meridiana com una rambla fins a Gl\u00f2ries per\u00f2 ja no va ser el mateix!)\u00a0S\u00f3n molts els que creuen que malgrat la barrera que representaven les vies del tren els nuclis del Clot i del Camp de l&#8217;Arpa van quedar aleshores m\u00e9s a\u00efllats ja que l&#8217;Avinguda Meridiana pass\u00e0 a ser una aut\u00e8ntica autopista urbana.<\/p>\n<p>Hi ha poques fotografies de l&#8217;antic edifici de l&#8217;esgl\u00e9sia&#8230;<\/p>\n<p><a href=\"http:\/\/agora.xtec.cat\/escolarambletadelclot\/wp-content\/uploads\/usu436\/2015\/01\/03-Esgl\u00e9sia-de-StMart\u00ed-del-Clot-1940.jpg\"><img loading=\"lazy\" decoding=\"async\" class=\"aligncenter wp-image-477 size-full\" src=\"http:\/\/agora.xtec.cat\/escolarambletadelclot\/wp-content\/uploads\/usu436\/2015\/01\/03-Esgl\u00e9sia-de-StMart\u00ed-del-Clot-1940.jpg\" alt=\"03-Esgl\u00e9sia de StMart\u00ed del Clot (1940)\" width=\"320\" height=\"318\" srcset=\"https:\/\/agora.xtec.cat\/escolarambletadelclot\/wp-content\/uploads\/usu436\/2015\/01\/03-Esgl\u00e9sia-de-StMart\u00ed-del-Clot-1940.jpg 320w, https:\/\/agora.xtec.cat\/escolarambletadelclot\/wp-content\/uploads\/usu436\/2015\/01\/03-Esgl\u00e9sia-de-StMart\u00ed-del-Clot-1940-150x150.jpg 150w, https:\/\/agora.xtec.cat\/escolarambletadelclot\/wp-content\/uploads\/usu436\/2015\/01\/03-Esgl\u00e9sia-de-StMart\u00ed-del-Clot-1940-300x298.jpg 300w\" sizes=\"auto, (max-width: 320px) 100vw, 320px\" \/><\/a><\/p>\n<p style=\"text-align: center;\"><strong>[L&#8217;esgl\u00e9sia de Sant Mart\u00ed del Clot cap al 1940]<\/strong><\/p>\n<p>Publicada al blog de l\u2019AVV del Clot-Camp de l\u2019Arpa (<a href=\"http:\/\/avvclotcampdelarpa.cat\/qui-som\/\">http:\/\/avvclotcampdelarpa.cat\/qui-som\/<\/a>)<\/p>\n<p>A la p\u00e0gina 29 de la revista A CEL OBERT n\u00ba3 (any 2010) trobem l\u2019article\u00a0\u201c<strong>La rambleta del Clot\u00a0Homenatge a una desapareguda\u201d<\/strong><\/p>\n<p><a href=\"http:\/\/agora.xtec.cat\/escolarambletadelclot\/wp-content\/uploads\/usu436\/2015\/01\/04-A-Cel-Obert-n3.jpg\"><img loading=\"lazy\" decoding=\"async\" class=\"aligncenter wp-image-478 size-full\" src=\"http:\/\/agora.xtec.cat\/escolarambletadelclot\/wp-content\/uploads\/usu436\/2015\/01\/04-A-Cel-Obert-n3.jpg\" alt=\"04-A Cel Obert n3\" width=\"449\" height=\"618\" srcset=\"https:\/\/agora.xtec.cat\/escolarambletadelclot\/wp-content\/uploads\/usu436\/2015\/01\/04-A-Cel-Obert-n3.jpg 449w, https:\/\/agora.xtec.cat\/escolarambletadelclot\/wp-content\/uploads\/usu436\/2015\/01\/04-A-Cel-Obert-n3-217x300.jpg 217w\" sizes=\"auto, (max-width: 449px) 100vw, 449px\" \/><\/a><\/p>\n<p>Mireu si n&#8217;era un lloc principal la Rambleta del Clot que l\u2019<strong>Orfe\u00f3 Martinenc<\/strong>\u00a0va publicar a la seva revista OM (n\u00ba8, mar\u00e7 del 2011) un article titulat \u201c<strong>Corpus a la Rambleta<\/strong>\u201d<\/p>\n<p><a href=\"http:\/\/agora.xtec.cat\/escolarambletadelclot\/wp-content\/uploads\/usu436\/2015\/01\/05-OM-n8.jpg\"><img loading=\"lazy\" decoding=\"async\" class=\"aligncenter wp-image-479 size-full\" src=\"http:\/\/agora.xtec.cat\/escolarambletadelclot\/wp-content\/uploads\/usu436\/2015\/01\/05-OM-n8.jpg\" alt=\"05-OM n8\" width=\"450\" height=\"648\" srcset=\"https:\/\/agora.xtec.cat\/escolarambletadelclot\/wp-content\/uploads\/usu436\/2015\/01\/05-OM-n8.jpg 450w, https:\/\/agora.xtec.cat\/escolarambletadelclot\/wp-content\/uploads\/usu436\/2015\/01\/05-OM-n8-208x300.jpg 208w\" sizes=\"auto, (max-width: 450px) 100vw, 450px\" \/><\/a><\/p>\n<p>El nom de &#8220;<strong>Rambleta del Clot<\/strong>&#8221; a m\u00e9s a m\u00e9s de ser un nom popular apareix per exemple als anuncis de la premsa de l&#8217;\u00e9poca. Mireu per exemple la p\u00e0gina 25 dels anuncis de La Vanguardia del diumenge 20 d\u2019abril de 1924 la nota dient que es lloga un pis:<\/p>\n<p style=\"text-align: center;\"><strong><em>\u201cSOL, AIRE, AIGUA. Tenen els pisos que\u2019s llogan a la\u00a0Rambleta del Clot.\u00a0<\/em><\/strong><\/p>\n<p style=\"text-align: center;\"><strong><em>Propietari: Meridiana, 101. Primero, segunda, Clot.\u201d<\/em><\/strong><\/p>\n<p style=\"text-align: center;\">(<a href=\"http:\/\/hemeroteca.lavanguardia.com\/preview\/1923\/06\/27\/pagina-25\/33261330\/pdf.html?search=minuts\">http:\/\/hemeroteca.lavanguardia.com\/preview\/1923\/06\/27\/pagina-25\/33261330\/pdf.html?search=minuts<\/a>)<\/p>\n<p><a href=\"http:\/\/agora.xtec.cat\/escolarambletadelclot\/wp-content\/uploads\/usu436\/2015\/01\/06-La-Vanguardia-20-04-1924.jpg\"><img loading=\"lazy\" decoding=\"async\" class=\"aligncenter wp-image-480 size-full\" src=\"http:\/\/agora.xtec.cat\/escolarambletadelclot\/wp-content\/uploads\/usu436\/2015\/01\/06-La-Vanguardia-20-04-1924.jpg\" alt=\"06-La Vanguardia (20-04-1924)\" width=\"457\" height=\"376\" srcset=\"https:\/\/agora.xtec.cat\/escolarambletadelclot\/wp-content\/uploads\/usu436\/2015\/01\/06-La-Vanguardia-20-04-1924.jpg 457w, https:\/\/agora.xtec.cat\/escolarambletadelclot\/wp-content\/uploads\/usu436\/2015\/01\/06-La-Vanguardia-20-04-1924-300x246.jpg 300w\" sizes=\"auto, (max-width: 457px) 100vw, 457px\" \/><\/a><\/p>\n<p>La Rambleta era junt amb el Carrer Major (Carrer del Clot) el centre del barri i entre tots dos el Carrer S\u00e8quia Comtal amb el seu popular cinemat\u00f2graf &#8220;El Recreo Martinense&#8221;<\/p>\n<p><a href=\"http:\/\/agora.xtec.cat\/escolarambletadelclot\/wp-content\/uploads\/usu436\/2015\/01\/07-S\u00e8quia-Comtal-Cinematografo-del-Clot.jpg\"><img loading=\"lazy\" decoding=\"async\" class=\"aligncenter wp-image-481 size-full\" src=\"http:\/\/agora.xtec.cat\/escolarambletadelclot\/wp-content\/uploads\/usu436\/2015\/01\/07-S\u00e8quia-Comtal-Cinematografo-del-Clot.jpg\" alt=\"07-S\u00e8quia Comtal [Cinematografo del Clot]\" width=\"822\" height=\"552\" srcset=\"https:\/\/agora.xtec.cat\/escolarambletadelclot\/wp-content\/uploads\/usu436\/2015\/01\/07-S\u00e8quia-Comtal-Cinematografo-del-Clot.jpg 822w, https:\/\/agora.xtec.cat\/escolarambletadelclot\/wp-content\/uploads\/usu436\/2015\/01\/07-S\u00e8quia-Comtal-Cinematografo-del-Clot-300x201.jpg 300w\" sizes=\"auto, (max-width: 822px) 100vw, 822px\" \/><\/a><\/p>\n<p>Com s&#8217;explica al web\u00a0<a href=\"http:\/\/elmercatdesantantoni.blogspot.com\/2011\/05\/el-cinematograf-del-clot.html\">http:\/\/elmercatdesantantoni.blogspot.com\/2011\/05\/el-cinematograf-del-clot.html<\/a><\/p>\n<p>&#8220;El Rec o S\u00e8quia Comtal era una antiga canalitzaci\u00f3 que duia les aig\u00fces de Montcada a Barcelona des del segle XI.\u00a0Del seu pas pel Clot nom\u00e9s en queda el carrer de la S\u00e8quia Comtal, un petit carrer que hi ha entre els del Clot i l\u2019avinguda Meridiana, per on discorria aquest rec. En aquest carrer, en el qual tamb\u00e9 hi havia un pont, es va habilitar en el n\u00famero 4 una sala de cinema, amb capacitat per a 400 persones, anomenada Cinemat\u00f3grafo El Recreo Martinense.\u00a0Se\u2019n t\u00e9 const\u00e0ncia el 1914, i segons fonts orals, tamb\u00e9 era conegut com el cinema del mol\u00ed, pel fet que en aquell mateix indret havia existit un mol\u00ed mogut per l\u2019aigua del rec. Ara b\u00e9, segons explica Joan Muns\u00f3 Cab\u00fas en el seu llibre Els cinemes de Barcelona, de sala no n\u2019hi havia nom\u00e9s una, sin\u00f3 dues. La primera, El Recreo Martinense, entre 1914 i el 1935, i la segona, El Mol\u00ed, entre 1923 i 1932, totes duespropietat de Teresa Nolla o Molla. En contra, doncs, de la teoria de Joan Muns\u00f3, el m\u00e9s probable \u00e9s que nom\u00e9s exist\u00eds una sala, perqu\u00e8 les dades que les situen en el mateix carrer \u2013i un carrer molt curt\u2013, una mateixa propiet\u00e0ria i incloses gaireb\u00e9 dins de les mateixes dates, fa pensar que es tracti del mateix cinema.&#8221;<\/p>\n<p>Tamb\u00e9 la revista que reparteix l\u2019Ajuntament (\u201cS U P L E M E N T\u00a0\u00a0D E L\u00a0\u00a0D I S T R I C T E\u00a0\u00a0I\u00a0\u00a0D E L S\u00a0\u00a0B A R R I S\u201d)\u00a0al seu n\u00famero de Sant Mart\u00ed de novembre del 2005\u00a0en parla de la <strong>Rambleta del Clot<\/strong>:<\/p>\n<p style=\"text-align: center;\">(<a href=\"http:\/\/www.bcn.es\/publicacions\/b_barris\/arxiu\/05_novembre\/Sant_Marti.pdf\">http:\/\/www.bcn.es\/publicacions\/b_barris\/arxiu\/05_novembre\/Sant_Marti.pdf<\/a>)<\/p>\n<p><a href=\"http:\/\/agora.xtec.cat\/escolarambletadelclot\/wp-content\/uploads\/usu436\/2015\/01\/08-Abans-i-ara-2005.jpg\"><img loading=\"lazy\" decoding=\"async\" class=\"aligncenter wp-image-482 size-full\" src=\"http:\/\/agora.xtec.cat\/escolarambletadelclot\/wp-content\/uploads\/usu436\/2015\/01\/08-Abans-i-ara-2005.jpg\" alt=\"08-Abans i ara [2005]\" width=\"800\" height=\"606\" srcset=\"https:\/\/agora.xtec.cat\/escolarambletadelclot\/wp-content\/uploads\/usu436\/2015\/01\/08-Abans-i-ara-2005.jpg 800w, https:\/\/agora.xtec.cat\/escolarambletadelclot\/wp-content\/uploads\/usu436\/2015\/01\/08-Abans-i-ara-2005-300x227.jpg 300w\" sizes=\"auto, (max-width: 800px) 100vw, 800px\" \/><\/a><\/p>\n<p>Al blog de les \u201c<strong>Blogueres de Sant Mart\u00ed<\/strong>\u201d<\/p>\n<p style=\"text-align: center;\">(<a href=\"http:\/\/blogueresdesantmarti.net\/index.php\/itineraris\/itinerari-per-el-barri-del-clot\/#more-2766\">http:\/\/blogueresdesantmarti.net\/index.php\/itineraris\/itinerari-per-el-barri-del-clot\/#more-2766<\/a>)<\/p>\n<p>i al de \u201c<strong>La pizarra de Raimunda<\/strong>\u201d de la Raimunda P\u00e1mpols<\/p>\n<p style=\"text-align: center;\">(<a href=\"http:\/\/www.elblogdelapizarra.org\/2011\/04\/itinerari-per-el-barri-del-clot\/\">http:\/\/www.elblogdelapizarra.org\/2011\/04\/itinerari-per-el-barri-del-clot\/<\/a>)<\/p>\n<p>trobem un itinerari per el barri del Clot on es repeteix la mateixa descripci\u00f3 senyalada m\u00e9s amunt:<\/p>\n<p><em>\u201cIldefons Cerd\u00e0 va dissenyar, en el seu pla d\u2019Eixample, l\u2019avinguda Meridiana com un dels eixos de sortida de la ciutat. Calcul\u00e0 el pas exacte del meridi\u00e0 que passa per Par\u00eds, Dunkerque i Barcelona i que es va utilitzar per fixar la mesura del metre al final del segle XVIII i el va aplicar al seu projecte. Pel tros que travessava el barri del Clot hi circulava a l\u2019aire lliure el tren de la companyia del Nord. En el\u00a0\u00a0tram situat entre els carrers de Joan I i S\u00e8quia Comtal <strong>hi havia l\u2019antiga rambleta del Clot<\/strong>, un passeig paral\u00b7lel a la via del tren amb una doble filera de pl\u00e0tans. Despr\u00e9s del soterrament de les vies del tren, l\u2019any 1964, es van iniciar les obres per convertir la Meridiana en una via rapida de sortida i entrada de la ciutat, fent desapar\u00e8ixer les connexions que existien entre les dues bandes de l\u2019avinguda i separant per complet el barri. Les obres van finalitzar l\u2019any 1967. Actualment l\u2019avinguda Meridiana , entre els carrers de Valencia i Navas de Tolosa, s\u2019ha remodelat i s\u2019ha convertit en un bulevard.\u201d<\/em><\/p>\n<p>Tamb\u00e9 al web \u201c<strong>Descobrim Sant Mart\u00ed<\/strong>\u201d<\/p>\n<p style=\"text-align: center;\">(<a href=\"http:\/\/www.descobrimsantmarti.org\/wk\/Barri_del_Clot\">http:\/\/www.descobrimsantmarti.org\/wk\/Barri_del_Clot<\/a>)<\/p>\n<p>se\u2019ns recorda com el pas del tren marc\u00e0 el nostre barri:<\/p>\n<p><em>\u201cUn dels elements que ha contribu\u00eft a dibuixar la imatge d&#8217;aquest territori ha estat el pas del tren. L&#8217;any 1854 va comen\u00e7ar a circular la l\u00ednia en direcci\u00f3 a Fran\u00e7a, i uns quants anys despr\u00e9s, el 1861, la de Saragossa, que circulava per l&#8217;actual Meridiana. El posterior soterrament o desaparici\u00f3 de les vies del tren, ja al nostre segle, per\u00f2 substitu\u00efdes per una via r\u00e0pida, la Meridiana, que es va inaugurar l&#8217;any 1964, va fer que el territori es fragment\u00e9s i perd\u00e9s la seva identitat global.\u201d<\/em><\/p>\n<p style=\"text-align: center;\">Tant ha quedat en la mem\u00f2ria aquest nom que fins i tot de vegades s&#8217;identifica com a &#8220;Rambleta del Clot&#8221; altres indrets del barri. Veiem per exemple aquesta\u00a0resenya que es fa al blog de ICV al gener del 2010\u00a0 quan es parla de la colocaci\u00f3 d\u2019una placa (a Rogent-Mallorca antic C\/N\u00faria) recordant el Quim Sis\u00f3 referint-se al Carrer Rogent com\u00a0<em>\u201c<strong>la nova Rambleta del Clot-Camp de l\u2019Arpa<\/strong>\u201d<\/em><br \/>\n(<a href=\"http:\/\/ecosocialistes10.blogspot.com\/2010\/01\/una-placa-rogent-mallorca-nuria.html\">http:\/\/ecosocialistes10.blogspot.com\/2010\/01\/una-placa-rogent-mallorca-nuria.html<\/a>)<\/p>\n<p>El mateix Josep Maria Huertas Claveria al seu c\u00e8lebre llibre<br \/>\n&#8220;50 VEGADES BARCELONA. GUIA DE VISITA DE LA CIUTAT&#8221; (1995)<br \/>\nparla a la p\u00e0gina 197 de la &#8220;<strong>Rambla del Clot<\/strong>&#8221; referint-se al passeig del Carrer Arag\u00f3!<br \/>\nAqu\u00ed teniu algunes fotos del passat i del present d&#8217;aquest indret. Compareu, compareu&#8230;<\/p>\n<p><a href=\"http:\/\/agora.xtec.cat\/escolarambletadelclot\/wp-content\/uploads\/usu436\/2015\/01\/09-AvMeridiana-1950.jpg\"><img loading=\"lazy\" decoding=\"async\" class=\"aligncenter wp-image-483 size-full\" src=\"http:\/\/agora.xtec.cat\/escolarambletadelclot\/wp-content\/uploads\/usu436\/2015\/01\/09-AvMeridiana-1950.jpg\" alt=\"09-AvMeridiana [1950]\" width=\"600\" height=\"397\" srcset=\"https:\/\/agora.xtec.cat\/escolarambletadelclot\/wp-content\/uploads\/usu436\/2015\/01\/09-AvMeridiana-1950.jpg 600w, https:\/\/agora.xtec.cat\/escolarambletadelclot\/wp-content\/uploads\/usu436\/2015\/01\/09-AvMeridiana-1950-300x198.jpg 300w\" sizes=\"auto, (max-width: 600px) 100vw, 600px\" \/><\/a><\/p>\n<p style=\"text-align: center;\"><strong>[La Meridiana al 1950]<\/strong><\/p>\n<p style=\"text-align: left;\">Reconeixeu aquesta boca del metro?<\/p>\n<p><a href=\"http:\/\/agora.xtec.cat\/escolarambletadelclot\/wp-content\/uploads\/usu436\/2015\/01\/10-Metro-Clot.jpg\"><img loading=\"lazy\" decoding=\"async\" class=\"aligncenter wp-image-484\" src=\"http:\/\/agora.xtec.cat\/escolarambletadelclot\/wp-content\/uploads\/usu436\/2015\/01\/10-Metro-Clot.jpg\" alt=\"10-Metro Clot\" width=\"400\" height=\"262\" \/><\/a><\/p>\n<p style=\"text-align: center;\"><strong>[Avinguda Meridiana]<\/strong><\/p>\n<p style=\"text-align: left;\">Avui la Meridiana torna a tenir la forma d&#8217;una rambla&#8230; per\u00f2 no \u00e9s el mateix!<\/p>\n<p><a href=\"http:\/\/agora.xtec.cat\/escolarambletadelclot\/wp-content\/uploads\/usu436\/2015\/01\/11-AvMeridiana-avui.jpg\"><img loading=\"lazy\" decoding=\"async\" class=\"aligncenter wp-image-485 size-full\" src=\"http:\/\/agora.xtec.cat\/escolarambletadelclot\/wp-content\/uploads\/usu436\/2015\/01\/11-AvMeridiana-avui.jpg\" alt=\"11-AvMeridiana [avui]\" width=\"320\" height=\"240\" srcset=\"https:\/\/agora.xtec.cat\/escolarambletadelclot\/wp-content\/uploads\/usu436\/2015\/01\/11-AvMeridiana-avui.jpg 320w, https:\/\/agora.xtec.cat\/escolarambletadelclot\/wp-content\/uploads\/usu436\/2015\/01\/11-AvMeridiana-avui-300x225.jpg 300w, https:\/\/agora.xtec.cat\/escolarambletadelclot\/wp-content\/uploads\/usu436\/2015\/01\/11-AvMeridiana-avui-200x150.jpg 200w\" sizes=\"auto, (max-width: 320px) 100vw, 320px\" \/><\/a><\/p>\n<p style=\"text-align: center;\"><a href=\"http:\/\/agora.xtec.cat\/escolarambletadelclot\/wp-content\/uploads\/usu436\/2015\/01\/12-AvMeridiana-avui-3.jpg\"><img loading=\"lazy\" decoding=\"async\" class=\"aligncenter wp-image-486 size-full\" src=\"http:\/\/agora.xtec.cat\/escolarambletadelclot\/wp-content\/uploads\/usu436\/2015\/01\/12-AvMeridiana-avui-3.jpg\" alt=\"12-AvMeridiana [avui]-3\" width=\"320\" height=\"240\" srcset=\"https:\/\/agora.xtec.cat\/escolarambletadelclot\/wp-content\/uploads\/usu436\/2015\/01\/12-AvMeridiana-avui-3.jpg 320w, https:\/\/agora.xtec.cat\/escolarambletadelclot\/wp-content\/uploads\/usu436\/2015\/01\/12-AvMeridiana-avui-3-300x225.jpg 300w, https:\/\/agora.xtec.cat\/escolarambletadelclot\/wp-content\/uploads\/usu436\/2015\/01\/12-AvMeridiana-avui-3-200x150.jpg 200w\" sizes=\"auto, (max-width: 320px) 100vw, 320px\" \/><\/a><\/p>\n<p style=\"text-align: center;\"><strong>[Cantonada de l&#8217;Avinguda Meridiana amb el Carrer Joan I]<\/strong><\/p>\n<p>&nbsp;<\/p>\n<p><a href=\"http:\/\/agora.xtec.cat\/escolarambletadelclot\/wp-content\/uploads\/usu436\/2015\/01\/13-AvMeridiana-avui-2.jpg\"><img loading=\"lazy\" decoding=\"async\" class=\"aligncenter wp-image-487 size-full\" src=\"http:\/\/agora.xtec.cat\/escolarambletadelclot\/wp-content\/uploads\/usu436\/2015\/01\/13-AvMeridiana-avui-2.jpg\" alt=\"13-AvMeridiana [avui]-2\" width=\"400\" height=\"245\" srcset=\"https:\/\/agora.xtec.cat\/escolarambletadelclot\/wp-content\/uploads\/usu436\/2015\/01\/13-AvMeridiana-avui-2.jpg 400w, https:\/\/agora.xtec.cat\/escolarambletadelclot\/wp-content\/uploads\/usu436\/2015\/01\/13-AvMeridiana-avui-2-300x183.jpg 300w\" sizes=\"auto, (max-width: 400px) 100vw, 400px\" \/><\/a><\/p>\n<p style=\"text-align: center;\"><strong>[Avinguda Meridiana]<\/strong><\/p>\n<p>No \u00e9s f\u00e0cil trobar m\u00e9s informaci\u00f3 sobre un lloc tant prec\u00eds i que exist\u00ed nom\u00e9s unes quantes d\u00e8cades.<br \/>\nPer qui tingui curiositat l&#8217;Ajuntament de Barcelona t\u00e9 els 10\u00a0<strong>Arxius Municipals de Districte<\/strong>\u00a0(a m\u00e9s a m\u00e9s de\u00a0l&#8217;<strong>Arxiu Hist\u00f2ric de la Ciutat de Barcelona<\/strong>\u00a0o l&#8217;<strong>Arxiu Fotogr\u00e0fic<\/strong>). Concretament al nostre districte tenim l&#8217;Arxiu Municipal del Districte de Sant Mart\u00ed\u00a0(<a href=\"http:\/\/www.bcn.es\/arxiu\/santmarti\/\">http:\/\/www.bcn.es\/arxiu\/santmarti\/<\/a>) situat a l&#8217;Avinguda Bogatell, 17 on podeu trobar tota mena de documents, llibres, mapes,&#8230;<\/p>\n<p>A m\u00e9s a m\u00e9s d&#8217;aquests tamb\u00e9 podem trobar altres arxius que centren els seus estudis en zones m\u00e9s concretes. Al Clot i Camp de l&#8217;Arpa destaca el\u00a0<strong>Taller d&#8217;Historia Clot-Camp de l&#8217;Arpa<\/strong>\u00a0(<a href=\"https:\/\/thclotcarpa.wordpress.com\/\">https:\/\/thclotcarpa.wordpress.com\/<\/a>)\u00a0que fa les seves activitats al\u00a0Centre Cultural la Farinera (Gran Via Corts Catalanes,837) i a l&#8217;Espai Antoni Mir\u00f3 Peris (Pl. Carme Monturiol 10)<\/p>\n<p>Per\u00f2 n&#8217;hi ha d&#8217;altres grups i webs que podeu consultar si us interessa el passat del Clot. Us recomanem aquests:<\/p>\n<ul>\n<li>Blogueres de Sant Mart\u00ed (<a href=\"http:\/\/blogueresdesantmarti.net\/\">http:\/\/blogueresdesantmarti.net\/<\/a>)<\/li>\n<li>Ruta pel Clot llibertari i rebel (<a href=\"https:\/\/rutaclotllibertari.wordpress.com\/\">https:\/\/rutaclotllibertari.wordpress.com\/<\/a>)<\/li>\n<li>La Barcelona de antes (<a href=\"http:\/\/labarcelonadeantes.com\/el-clot.html\">http:\/\/labarcelonadeantes.com\/el-clot.html<\/a>)<\/li>\n<li>Hist\u00f2ria del Clot-Camp de l&#8217;Arpa [Associaci\u00f3 de Ve\u00efns] (<a href=\"http:\/\/avvclotcampdelarpa.cat\/qui-som\/\">http:\/\/avvclotcampdelarpa.cat\/qui-som\/<\/a>)<\/li>\n<li>Federaci\u00f3 d&#8217;entitats (<a href=\"http:\/\/federacioentitatsclotcampdelarpa.blogspot.com.es\/\">http:\/\/federacioentitatsclotcampdelarpa.blogspot.com.es\/<\/a>)<\/li>\n<li>Clot TV (<a href=\"http:\/\/www.tvclot.com\/barris\/el-clot\">http:\/\/www.tvclot.com\/barris\/el-clot<\/a>)<\/li>\n<li>Pla de Barcelona (<a href=\"https:\/\/pladebarcelona.wordpress.com\/category\/entrades-per-zona\/clot-camp-de-larpa\/\">https:\/\/pladebarcelona.wordpress.com\/category\/entrades-per-zona\/clot-camp-de-larpa\/<\/a>)<\/li>\n<li>La gran novel\u00b7la sobre Barcelona: &#8220;El ni\u00f1o asombrado&#8221; (Antonio Rabinad) (<a href=\"http:\/\/www.barcelonallibres.cat\/2013\/10\/el-nino-asombrado.html\">http:\/\/www.barcelonallibres.cat\/2013\/10\/el-nino-asombrado.html<\/a>)<\/li>\n<\/ul>\n<p>I encara m\u00e9s: si sou usuaris de la xarxa de biblioteques (<a href=\"http:\/\/www.diba.es\/biblioteques\/\">http:\/\/www.diba.es\/biblioteques\/<\/a>) podreu trobar detalls sobre l&#8217;antiga <strong>Rambleta del Clot<\/strong> sobretot al que denominen &#8220;Col\u00b7lecci\u00f3 local&#8221; on agrupen tots els llibres referits al barri (tamb\u00e9 en trobarem a la secci\u00f3 d&#8217;hist\u00f2ria, geografia,&#8230;)<\/p>\n<p>Aquesta \u00e9s nom\u00e9s una petita mostra:<br \/>\n&#8220;TOTS ELS BARRIS DE BARCELONA&#8221;<br \/>\n[J.Fabre, J.M.Huertas Claveria] Edicions 62 (1980)<br \/>\nAl volum n\u00ba1 p\u00e0gina 65 trobareu un comentari amb la &#8220;famosa foto&#8221;<br \/>\n*<br \/>\n&#8220;LA GENT I ELS BARRIS DE SANT MART\u00cd&#8221;<br \/>\n[J.M.Huertas Claveria]. Ajuntament de Barcelona (2001)<br \/>\nA la p\u00e0gina 50 tenim un extens article ple de refer\u00e8ncies al nostre barridestacant una bonica foto de l&#8217;antiga esgl\u00e9sia de Sant Mart\u00ed del Clot (p.54)<br \/>\n*<br \/>\n&#8220;ELS NOMS DELS CARRERS DEL CLOT I CAMP DE L&#8217;ARPA&#8221;<br \/>\n[ddaa] Arxiu Municipal del Districte de Sant Mart\u00ed (1988)<br \/>\nA la p\u00e0gina 35 hi ha una refer\u00e8ncia a la Rambleta (que curiosament durant la guerra civil port\u00e0 el nom de &#8220;Avinguda de la Uni\u00f3 Sovi\u00e8tica&#8221;!)<br \/>\n*<br \/>\n&#8220;SANT MART\u00cd DE PROVEN\u00c7ALS&#8221;<br \/>\nCol\u00b7lecci\u00f3 &#8220;Imatges i records&#8221; n\u00ba 52<br \/>\nA la p\u00e0gina 16 tenim la repetida foto de la Rambleta i a la p\u00e0gina 21 una bonica perspectiva del 1920 des de l&#8217;altra banda de la Meridiana.<br \/>\n*<br \/>\n&#8220;ELS PRIMERS BATECS HIST\u00d2RICS DE SANT MART\u00cd DE PROVEN\u00c7ALS&#8221;<br \/>\n[Josep de la Vega i G\u00f3mez] (Barcelona, 1993)<br \/>\nOn podem trobar diverses refer\u00e8ncies a aquest punt del Clot conflu\u00e8ncia de l&#8217;antic Rec Comtal i l&#8217;antiga Riera del Bogatell.<br \/>\n*<\/p>\n<p style=\"text-align: right;\">Jordi Salas Ballesteros<br \/>\n(Mestre de l&#8217;Escola Rambleta del Clot)<\/p>\n","protected":false},"excerpt":{"rendered":"<p>L&#8217;escola\u00a0RAMBLETA DEL CLOT\u00a0es diu aix\u00ed des del curs 2011-2012 tot coincidint amb el 25\u00e8 aniversari de la construcci\u00f3 del nou edifici del Carrer Arag\u00f3. L&#8217;escola est\u00e0 entre el carrer Arag\u00f3 i el carrer Escultors Claper\u00f3s tots dos urbanitzats en forma de passeig &#8220;ample i arbrat amb un passeig central on es pot passejar tranquil\u00b7lament&#8221;\u00a0(que \u00e9s [&hellip;]<\/p>\n","protected":false},"author":1,"featured_media":0,"parent":26,"menu_order":0,"comment_status":"closed","ping_status":"closed","template":"page-templates\/side-menu.php","meta":{"_bbp_topic_count":0,"_bbp_reply_count":0,"_bbp_total_topic_count":0,"_bbp_total_reply_count":0,"_bbp_voice_count":0,"_bbp_anonymous_reply_count":0,"_bbp_topic_count_hidden":0,"_bbp_reply_count_hidden":0,"_bbp_forum_subforum_count":0,"site-sidebar-layout":"default","site-content-layout":"","ast-site-content-layout":"","site-content-style":"default","site-sidebar-style":"default","ast-global-header-display":"","ast-banner-title-visibility":"","ast-main-header-display":"","ast-hfb-above-header-display":"","ast-hfb-below-header-display":"","ast-hfb-mobile-header-display":"","site-post-title":"","ast-breadcrumbs-content":"","ast-featured-img":"","footer-sml-layout":"","theme-transparent-header-meta":"","adv-header-id-meta":"","stick-header-meta":"","header-above-stick-meta":"","header-main-stick-meta":"","header-below-stick-meta":"","astra-migrate-meta-layouts":"default","ast-page-background-enabled":"default","ast-page-background-meta":{"desktop":{"background-color":"var(--ast-global-color-4)","background-image":"","background-repeat":"repeat","background-position":"center center","background-size":"auto","background-attachment":"scroll","background-type":"","background-media":"","overlay-type":"","overlay-color":"","overlay-opacity":"","overlay-gradient":""},"tablet":{"background-color":"","background-image":"","background-repeat":"repeat","background-position":"center center","background-size":"auto","background-attachment":"scroll","background-type":"","background-media":"","overlay-type":"","overlay-color":"","overlay-opacity":"","overlay-gradient":""},"mobile":{"background-color":"","background-image":"","background-repeat":"repeat","background-position":"center center","background-size":"auto","background-attachment":"scroll","background-type":"","background-media":"","overlay-type":"","overlay-color":"","overlay-opacity":"","overlay-gradient":""}},"ast-content-background-meta":{"desktop":{"background-color":"var(--ast-global-color-5)","background-image":"","background-repeat":"repeat","background-position":"center center","background-size":"auto","background-attachment":"scroll","background-type":"","background-media":"","overlay-type":"","overlay-color":"","overlay-opacity":"","overlay-gradient":""},"tablet":{"background-color":"var(--ast-global-color-5)","background-image":"","background-repeat":"repeat","background-position":"center center","background-size":"auto","background-attachment":"scroll","background-type":"","background-media":"","overlay-type":"","overlay-color":"","overlay-opacity":"","overlay-gradient":""},"mobile":{"background-color":"var(--ast-global-color-5)","background-image":"","background-repeat":"repeat","background-position":"center center","background-size":"auto","background-attachment":"scroll","background-type":"","background-media":"","overlay-type":"","overlay-color":"","overlay-opacity":"","overlay-gradient":""}},"footnotes":""},"class_list":["post-826","page","type-page","status-publish","hentry"],"post_mailing_queue_ids":[],"_links":{"self":[{"href":"https:\/\/agora.xtec.cat\/escolarambletadelclot\/wp-json\/wp\/v2\/pages\/826","targetHints":{"allow":["GET"]}}],"collection":[{"href":"https:\/\/agora.xtec.cat\/escolarambletadelclot\/wp-json\/wp\/v2\/pages"}],"about":[{"href":"https:\/\/agora.xtec.cat\/escolarambletadelclot\/wp-json\/wp\/v2\/types\/page"}],"author":[{"embeddable":true,"href":"https:\/\/agora.xtec.cat\/escolarambletadelclot\/wp-json\/wp\/v2\/users\/1"}],"replies":[{"embeddable":true,"href":"https:\/\/agora.xtec.cat\/escolarambletadelclot\/wp-json\/wp\/v2\/comments?post=826"}],"version-history":[{"count":4,"href":"https:\/\/agora.xtec.cat\/escolarambletadelclot\/wp-json\/wp\/v2\/pages\/826\/revisions"}],"predecessor-version":[{"id":974,"href":"https:\/\/agora.xtec.cat\/escolarambletadelclot\/wp-json\/wp\/v2\/pages\/826\/revisions\/974"}],"up":[{"embeddable":true,"href":"https:\/\/agora.xtec.cat\/escolarambletadelclot\/wp-json\/wp\/v2\/pages\/26"}],"wp:attachment":[{"href":"https:\/\/agora.xtec.cat\/escolarambletadelclot\/wp-json\/wp\/v2\/media?parent=826"}],"curies":[{"name":"wp","href":"https:\/\/api.w.org\/{rel}","templated":true}]}}