{"id":822,"date":"2015-01-27T18:07:21","date_gmt":"2015-01-27T17:07:21","guid":{"rendered":"http:\/\/agora.xtec.cat\/escolarambletadelclot\/?page_id=822"},"modified":"2015-02-23T20:50:30","modified_gmt":"2015-02-23T19:50:30","slug":"antiga-escola","status":"publish","type":"page","link":"https:\/\/agora.xtec.cat\/escolarambletadelclot\/lescola\/historia\/antiga-escola\/","title":{"rendered":"L&#8217;antiga escola"},"content":{"rendered":"<p>La nostra escola va n\u00e9ixer com a \u201c<strong>Escola Sant Joan de Ribera<\/strong>\u201d ocupant un edifici de pisos molt antic que estava situat al Carrer Ter n\u00ba10 (tocant al Carrer Arag\u00f3).<\/p>\n<p><a href=\"http:\/\/agora.xtec.cat\/escolarambletadelclot\/wp-content\/uploads\/usu436\/2015\/01\/10387458_10205207477280396_9187964922070048764_n.jpg\"><img loading=\"lazy\" decoding=\"async\" class=\"size-full wp-image-1080 aligncenter\" src=\"http:\/\/agora.xtec.cat\/escolarambletadelclot\/wp-content\/uploads\/usu436\/2015\/01\/10387458_10205207477280396_9187964922070048764_n.jpg\" alt=\"10387458_10205207477280396_9187964922070048764_n\" width=\"519\" height=\"462\" srcset=\"https:\/\/agora.xtec.cat\/escolarambletadelclot\/wp-content\/uploads\/usu436\/2015\/01\/10387458_10205207477280396_9187964922070048764_n.jpg 519w, https:\/\/agora.xtec.cat\/escolarambletadelclot\/wp-content\/uploads\/usu436\/2015\/01\/10387458_10205207477280396_9187964922070048764_n-300x267.jpg 300w\" sizes=\"auto, (max-width: 519px) 100vw, 519px\" \/><\/a><\/p>\n<p>&nbsp;<\/p>\n<p>Eren altres temps. Penseu que el curs 1976-1977 va ser el primer amb aules mixtes (nois i noies junts)<br \/>\nHavia estat un edifici llogat per l\u2019Ajuntament de forma \u201cprovisional\u201d per satisfer les necessitats del barri del Clot per\u00f2 amb el pas dels anys aquella \u201cprovisionalitat\u201d es va anar fent definitiva i l\u2019edifici patia cada cop una degradaci\u00f3 m\u00e9s insuportable.<br \/>\nL\u2019any 1978 es va crear la <strong>primera Associaci\u00f3 de Pares<\/strong> i l\u2019abril del 1979 juntament amb l\u2019Associaci\u00f3 de Ve\u00efns comencen les primeres mobilitzacions per demanar la construcci\u00f3 d\u2019un nou edifici al solar deixat per l\u2019antiga f\u00e0brica \u201cFibracolor\u201d<br \/>\nNo va ser fins al curs 1980-1981 que l\u2019Ajuntament no compr\u00e0 els terrenys instal\u2022lant uns \u201cm\u00f2duls provisionals\u201d per tal de complementar l\u2019antic edifici del Carrer Ter.<\/p>\n<p><img loading=\"lazy\" decoding=\"async\" class=\"size-full wp-image-940 aligncenter\" src=\"http:\/\/agora.xtec.cat\/escolarambletadelclot\/wp-content\/uploads\/usu436\/2015\/01\/Not\u00edcies.jpg.jpg\" alt=\"Not\u00edcies.jpg\" width=\"800\" height=\"450\" srcset=\"https:\/\/agora.xtec.cat\/escolarambletadelclot\/wp-content\/uploads\/usu436\/2015\/01\/Not\u00edcies.jpg.jpg 800w, https:\/\/agora.xtec.cat\/escolarambletadelclot\/wp-content\/uploads\/usu436\/2015\/01\/Not\u00edcies.jpg-300x168.jpg 300w\" sizes=\"auto, (max-width: 800px) 100vw, 800px\" \/><\/p>\n<p>Tot i aix\u00ed el temps anava passant i sobre el nou edifici de l&#8217;escola no es concretava res. Aquest retard en els tr\u00e0mits caus\u00e0 que durant els primers anys 80 la reivindicaci\u00f3 amb el suport de moltes entitats del barri va ser una constant incrementant-se m\u00e9s encara quan al 1983 la <strong>degradaci\u00f3 de l\u2019antic edifici<\/strong> arrib\u00e0 als mitjans de comunicaci\u00f3.<\/p>\n<p><a href=\"http:\/\/agora.xtec.cat\/escolarambletadelclot\/wp-content\/uploads\/usu436\/2015\/01\/Carnaval2.jpg.jpg\"><img loading=\"lazy\" decoding=\"async\" class=\"size-full wp-image-937 aligncenter\" src=\"http:\/\/agora.xtec.cat\/escolarambletadelclot\/wp-content\/uploads\/usu436\/2015\/01\/Carnaval2.jpg.jpg\" alt=\"Carnaval2.jpg\" width=\"800\" height=\"553\" srcset=\"https:\/\/agora.xtec.cat\/escolarambletadelclot\/wp-content\/uploads\/usu436\/2015\/01\/Carnaval2.jpg.jpg 800w, https:\/\/agora.xtec.cat\/escolarambletadelclot\/wp-content\/uploads\/usu436\/2015\/01\/Carnaval2.jpg-300x207.jpg 300w\" sizes=\"auto, (max-width: 800px) 100vw, 800px\" \/><\/a> <a href=\"http:\/\/agora.xtec.cat\/escolarambletadelclot\/wp-content\/uploads\/usu436\/2015\/01\/Carnaval1.jpg.jpg\"><img loading=\"lazy\" decoding=\"async\" class=\"size-full wp-image-936 aligncenter\" src=\"http:\/\/agora.xtec.cat\/escolarambletadelclot\/wp-content\/uploads\/usu436\/2015\/01\/Carnaval1.jpg.jpg\" alt=\"Carnaval1.jpg\" width=\"800\" height=\"561\" srcset=\"https:\/\/agora.xtec.cat\/escolarambletadelclot\/wp-content\/uploads\/usu436\/2015\/01\/Carnaval1.jpg.jpg 800w, https:\/\/agora.xtec.cat\/escolarambletadelclot\/wp-content\/uploads\/usu436\/2015\/01\/Carnaval1.jpg-300x210.jpg 300w\" sizes=\"auto, (max-width: 800px) 100vw, 800px\" \/><\/a> <a href=\"http:\/\/agora.xtec.cat\/escolarambletadelclot\/wp-content\/uploads\/usu436\/2015\/01\/Reivindicaci\u00f3.jpg.jpg\"><img loading=\"lazy\" decoding=\"async\" class=\"size-full wp-image-935 aligncenter\" src=\"http:\/\/agora.xtec.cat\/escolarambletadelclot\/wp-content\/uploads\/usu436\/2015\/01\/Reivindicaci\u00f3.jpg.jpg\" alt=\"Reivindicaci\u00f3.jpg\" width=\"800\" height=\"560\" srcset=\"https:\/\/agora.xtec.cat\/escolarambletadelclot\/wp-content\/uploads\/usu436\/2015\/01\/Reivindicaci\u00f3.jpg.jpg 800w, https:\/\/agora.xtec.cat\/escolarambletadelclot\/wp-content\/uploads\/usu436\/2015\/01\/Reivindicaci\u00f3.jpg-300x210.jpg 300w\" sizes=\"auto, (max-width: 800px) 100vw, 800px\" \/><\/a><br \/>\nManifestacions a la Pla\u00e7a Sant Jaume, talls a la Meridiana,\u2026 mobilitzacions que no van aturar-se l\u2019any 1984 quan es present\u00e0 un <strong>primer avantprojecte<\/strong>. Al maig del 1985\u00a0<strong>s\u2019adjudic\u00e0 la construcci\u00f3<\/strong> \u201cen plan de urgencias\u201d i finalment al juny les primeres m\u00e0quines comen\u00e7aren a treballar.<\/p>\n<p>Aqu\u00ed veiem en primer terme el <strong>futur Parc del Clot<\/strong> i al fons els <strong>solar triangular<\/strong> sobre el qual s&#8217;edific\u00e0 l&#8217;escola:<\/p>\n<p><a href=\"http:\/\/agora.xtec.cat\/escolarambletadelclot\/wp-content\/uploads\/usu436\/2015\/01\/14-Solar-de-lescola-i-del-parc2.jpg\"><img loading=\"lazy\" decoding=\"async\" class=\"aligncenter wp-image-497 size-large\" src=\"http:\/\/agora.xtec.cat\/escolarambletadelclot\/wp-content\/uploads\/usu436\/2015\/01\/14-Solar-de-lescola-i-del-parc2-1024x834.jpg\" alt=\"14-Solar de l'escola i del parc(2)\" width=\"1024\" height=\"834\" srcset=\"https:\/\/agora.xtec.cat\/escolarambletadelclot\/wp-content\/uploads\/usu436\/2015\/01\/14-Solar-de-lescola-i-del-parc2-1024x834.jpg 1024w, https:\/\/agora.xtec.cat\/escolarambletadelclot\/wp-content\/uploads\/usu436\/2015\/01\/14-Solar-de-lescola-i-del-parc2-300x244.jpg 300w, https:\/\/agora.xtec.cat\/escolarambletadelclot\/wp-content\/uploads\/usu436\/2015\/01\/14-Solar-de-lescola-i-del-parc2.jpg 1168w\" sizes=\"auto, (max-width: 1024px) 100vw, 1024px\" \/><\/a><br \/>\nI el gran moment arrib\u00e0\u00a0al setembre del <strong>1986 <\/strong>quan<strong> els primers alumnes<\/strong> del centre van fer servir les noves aules.<br \/>\nL\u2019any <strong>2011<\/strong> amb motiu del <strong>25\u00e8 aniversari<\/strong> de la construcci\u00f3 del nou edifici van organitzar-se moltes celebracions. Per comen\u00e7ar el centre va canviar l\u2019antic nom pel de \u201c<strong>Rambleta del Clot<\/strong>\u201d.<br \/>\nLes Jornades Culturals d\u2019aquell curs 2011-2012 van estar dedicades a la celebraci\u00f3 del 25\u00e8 aniversari amb diversos actes i una exposici\u00f3 al vest\u00edbul de l\u2019escola titulada <strong>\u201cRECORDANT EL PASSAT PER CONSTRUIR EL FUTUR\u201d<\/strong><br \/>\nL\u2019escola edit\u00e0 al juny del 2012 un n\u00famero especial de la seva revista \u201c<strong>Diari del Cole<\/strong>\u201d: un monogr\u00e0fic dedicat a la celebraci\u00f3 del 25\u00e8 aniversari. Tamb\u00e9 un imant per recordar la data.<\/p>\n<p><a href=\"http:\/\/agora.xtec.cat\/escolarambletadelclot\/wp-content\/uploads\/usu436\/2015\/01\/Diari-Imant.jpg.jpg\"><img loading=\"lazy\" decoding=\"async\" class=\"size-full wp-image-945 aligncenter\" src=\"http:\/\/agora.xtec.cat\/escolarambletadelclot\/wp-content\/uploads\/usu436\/2015\/01\/Diari-Imant.jpg.jpg\" alt=\"Diari+Imant.jpg\" width=\"701\" height=\"600\" srcset=\"https:\/\/agora.xtec.cat\/escolarambletadelclot\/wp-content\/uploads\/usu436\/2015\/01\/Diari-Imant.jpg.jpg 701w, https:\/\/agora.xtec.cat\/escolarambletadelclot\/wp-content\/uploads\/usu436\/2015\/01\/Diari-Imant.jpg-300x256.jpg 300w\" sizes=\"auto, (max-width: 701px) 100vw, 701px\" \/><\/a><\/p>\n<p>De l\u2019antic edifici de l\u2019escola avui desaparegut ens queda el record d\u2019una <strong>figura femenina<\/strong> que decorava la planta baixa de l\u2019escala i que avui ens acompanya al vest\u00edbul de la nostra escola.<\/p>\n<p><a href=\"http:\/\/agora.xtec.cat\/escolarambletadelclot\/wp-content\/uploads\/usu436\/2015\/01\/La-figureta-de-lescala.jpg.jpg\"><img loading=\"lazy\" decoding=\"async\" class=\"size-full wp-image-939 aligncenter\" src=\"http:\/\/agora.xtec.cat\/escolarambletadelclot\/wp-content\/uploads\/usu436\/2015\/01\/La-figureta-de-lescala.jpg.jpg\" alt=\"La figureta de l'escala.jpg\" width=\"374\" height=\"600\" srcset=\"https:\/\/agora.xtec.cat\/escolarambletadelclot\/wp-content\/uploads\/usu436\/2015\/01\/La-figureta-de-lescala.jpg.jpg 374w, https:\/\/agora.xtec.cat\/escolarambletadelclot\/wp-content\/uploads\/usu436\/2015\/01\/La-figureta-de-lescala.jpg-187x300.jpg 187w\" sizes=\"auto, (max-width: 374px) 100vw, 374px\" \/><\/a><\/p>\n<p>&nbsp;<\/p>\n<p><a title=\"25\u00e8 aniversari\" href=\"http:\/\/agora.xtec.cat\/escolarambletadelclot\/lescola\/historia\/25e-aniversari\/\">25\u00e8 aniversari del nou edifici de l&#8217;escola.<\/a><\/p>\n<p><a title=\"El nom &quot;Rambleta del Clot&quot;\" href=\"http:\/\/agora.xtec.cat\/escolarambletadelclot\/lescola\/historia\/un-nom-que-ve-de-lluny\/\">&#8220;Rambleta del Clot&#8221;: un nom que ve de lluny.<\/a><\/p>\n<p>&nbsp;<\/p>\n","protected":false},"excerpt":{"rendered":"<p>La nostra escola va n\u00e9ixer com a \u201cEscola Sant Joan de Ribera\u201d ocupant un edifici de pisos molt antic que estava situat al Carrer Ter n\u00ba10 (tocant al Carrer Arag\u00f3). &nbsp; Eren altres temps. Penseu que el curs 1976-1977 va ser el primer amb aules mixtes (nois i noies junts) Havia estat un edifici llogat [&hellip;]<\/p>\n","protected":false},"author":1,"featured_media":0,"parent":26,"menu_order":0,"comment_status":"closed","ping_status":"closed","template":"page-templates\/side-menu.php","meta":{"_bbp_topic_count":0,"_bbp_reply_count":0,"_bbp_total_topic_count":0,"_bbp_total_reply_count":0,"_bbp_voice_count":0,"_bbp_anonymous_reply_count":0,"_bbp_topic_count_hidden":0,"_bbp_reply_count_hidden":0,"_bbp_forum_subforum_count":0,"site-sidebar-layout":"default","site-content-layout":"","ast-site-content-layout":"","site-content-style":"default","site-sidebar-style":"default","ast-global-header-display":"","ast-banner-title-visibility":"","ast-main-header-display":"","ast-hfb-above-header-display":"","ast-hfb-below-header-display":"","ast-hfb-mobile-header-display":"","site-post-title":"","ast-breadcrumbs-content":"","ast-featured-img":"","footer-sml-layout":"","theme-transparent-header-meta":"","adv-header-id-meta":"","stick-header-meta":"","header-above-stick-meta":"","header-main-stick-meta":"","header-below-stick-meta":"","astra-migrate-meta-layouts":"default","ast-page-background-enabled":"default","ast-page-background-meta":{"desktop":{"background-color":"var(--ast-global-color-4)","background-image":"","background-repeat":"repeat","background-position":"center center","background-size":"auto","background-attachment":"scroll","background-type":"","background-media":"","overlay-type":"","overlay-color":"","overlay-opacity":"","overlay-gradient":""},"tablet":{"background-color":"","background-image":"","background-repeat":"repeat","background-position":"center center","background-size":"auto","background-attachment":"scroll","background-type":"","background-media":"","overlay-type":"","overlay-color":"","overlay-opacity":"","overlay-gradient":""},"mobile":{"background-color":"","background-image":"","background-repeat":"repeat","background-position":"center center","background-size":"auto","background-attachment":"scroll","background-type":"","background-media":"","overlay-type":"","overlay-color":"","overlay-opacity":"","overlay-gradient":""}},"ast-content-background-meta":{"desktop":{"background-color":"var(--ast-global-color-5)","background-image":"","background-repeat":"repeat","background-position":"center center","background-size":"auto","background-attachment":"scroll","background-type":"","background-media":"","overlay-type":"","overlay-color":"","overlay-opacity":"","overlay-gradient":""},"tablet":{"background-color":"var(--ast-global-color-5)","background-image":"","background-repeat":"repeat","background-position":"center center","background-size":"auto","background-attachment":"scroll","background-type":"","background-media":"","overlay-type":"","overlay-color":"","overlay-opacity":"","overlay-gradient":""},"mobile":{"background-color":"var(--ast-global-color-5)","background-image":"","background-repeat":"repeat","background-position":"center center","background-size":"auto","background-attachment":"scroll","background-type":"","background-media":"","overlay-type":"","overlay-color":"","overlay-opacity":"","overlay-gradient":""}},"footnotes":""},"class_list":["post-822","page","type-page","status-publish","hentry"],"post_mailing_queue_ids":[],"_links":{"self":[{"href":"https:\/\/agora.xtec.cat\/escolarambletadelclot\/wp-json\/wp\/v2\/pages\/822","targetHints":{"allow":["GET"]}}],"collection":[{"href":"https:\/\/agora.xtec.cat\/escolarambletadelclot\/wp-json\/wp\/v2\/pages"}],"about":[{"href":"https:\/\/agora.xtec.cat\/escolarambletadelclot\/wp-json\/wp\/v2\/types\/page"}],"author":[{"embeddable":true,"href":"https:\/\/agora.xtec.cat\/escolarambletadelclot\/wp-json\/wp\/v2\/users\/1"}],"replies":[{"embeddable":true,"href":"https:\/\/agora.xtec.cat\/escolarambletadelclot\/wp-json\/wp\/v2\/comments?post=822"}],"version-history":[{"count":4,"href":"https:\/\/agora.xtec.cat\/escolarambletadelclot\/wp-json\/wp\/v2\/pages\/822\/revisions"}],"predecessor-version":[{"id":1082,"href":"https:\/\/agora.xtec.cat\/escolarambletadelclot\/wp-json\/wp\/v2\/pages\/822\/revisions\/1082"}],"up":[{"embeddable":true,"href":"https:\/\/agora.xtec.cat\/escolarambletadelclot\/wp-json\/wp\/v2\/pages\/26"}],"wp:attachment":[{"href":"https:\/\/agora.xtec.cat\/escolarambletadelclot\/wp-json\/wp\/v2\/media?parent=822"}],"curies":[{"name":"wp","href":"https:\/\/api.w.org\/{rel}","templated":true}]}}