{"id":5449,"date":"2022-04-27T09:48:04","date_gmt":"2022-04-27T07:48:04","guid":{"rendered":"https:\/\/agora.xtec.cat\/escolarambletadelclot\/?page_id=5449"},"modified":"2026-02-04T14:02:15","modified_gmt":"2026-02-04T13:02:15","slug":"cultura-digital-de-centre","status":"publish","type":"page","link":"https:\/\/agora.xtec.cat\/escolarambletadelclot\/projectes\/estrategia-digital-de-centre\/cultura-digital-de-centre\/","title":{"rendered":"Cultura Digital de Centre"},"content":{"rendered":"<p><b>1.- DESPLEGAMENT CURRICULAR DE LA COMPET\u00c8NCIA DIGITAL DELS ALUMNES<\/b><\/p>\n<ul>\n<li style=\"font-weight: 400;\" aria-level=\"1\"><span style=\"font-weight: 400;\"><a href=\"https:\/\/agora.xtec.cat\/escolarambletadelclot\/wp-content\/uploads\/usu436\/2023\/05\/MENUDES-I-PETITES-CURRICULUM-DIGITAL.pdf\">Graella per compet\u00e8ncies Menudes i Petites<\/a><\/span><\/li>\n<li style=\"font-weight: 400;\" aria-level=\"1\"><a href=\"https:\/\/agora.xtec.cat\/escolarambletadelclot\/wp-content\/uploads\/usu436\/2023\/05\/MITJANES-CURRICULUM-.pdf\"><span style=\"font-weight: 400;\">Graella per compet\u00e8ncies Mitjanes<\/span><\/a><\/li>\n<li style=\"font-weight: 400;\" aria-level=\"1\"><span style=\"font-weight: 400;\"><a href=\"https:\/\/agora.xtec.cat\/escolarambletadelclot\/wp-content\/uploads\/usu436\/2023\/05\/GRANS-CURRICULUM.pdf\">Graella per compet\u00e8ncies Grans<\/a><\/span><\/li>\n<\/ul>\n<p><b>2.- ACOLLIMENT DIGITAL:\u00a0<\/b><\/p>\n<p><strong>Mestres:\u00a0<\/strong><\/p>\n<ul style=\"list-style-type: circle;\">\n<li style=\"font-weight: 400;\" aria-level=\"3\"><span style=\"font-weight: 400;\">Als mestres nouvinguts se\u2019ls fa entrega del pla d\u2019acollida en format digital (acc\u00e9s electr\u00f2nic, pen drive o acc\u00e9s al drive) on trobaran tota la documentaci\u00f3 m\u00e9s rellevant del centre. Hi ha 2 plans d\u2019acollida, un general d\u2019escola per a tothom i un m\u00e9s concret de cada comunitat.<\/span><\/li>\n<li style=\"font-weight: 400;\" aria-level=\"3\"><span style=\"font-weight: 400;\">Se\u2019ls crea un correu corporatiu per tenir acc\u00e9s al correu i al Drive.<\/span><\/li>\n<li style=\"font-weight: 400;\" aria-level=\"3\"><span style=\"font-weight: 400;\">Se\u2019ls informa de les xarxes wifi del centre i se\u2019ls fa entrega d\u2019un port\u00e0til concedit pel departament.<\/span><\/li>\n<li style=\"font-weight: 400;\" aria-level=\"3\"><span style=\"font-weight: 400;\">Se\u2019ls informa tamb\u00e9 de les via de comunicaci\u00f3 Fam\u00edlia &#8211; escola: Correu corporatiu, Whatsapp, Twitter, p\u00e0g. web i Drive.<\/span><\/li>\n<li style=\"font-weight: 400;\" aria-level=\"3\"><span style=\"font-weight: 400;\">Tamb\u00e9 se\u2019ls informa de l\u2019app per gestionar incid\u00e8ncies t\u00e8cniques per a qualsevol maquinari tecnol\u00f2gic a trav\u00e9s de la comissi\u00f3 digital del centre i dels recursos digitals i rob\u00f2tics de qu\u00e8 disposem.<\/span><\/li>\n<li style=\"font-weight: 400;\" aria-level=\"3\"><span style=\"font-weight: 400;\">S\u2019explica els sistemes d\u2019avaluaci\u00f3 via graelles al Drive i aplicaci\u00f3 d\u2019informes acad\u00e8mics..\u00a0<\/span><\/li>\n<\/ul>\n<p><strong>Alumnes:\u00a0<\/strong><\/p>\n<ul>\n<li style=\"list-style-type: none;\">\n<ul>\n<li style=\"font-weight: 400;\" aria-level=\"2\"><span style=\"font-weight: 400;\">Des de menudes a grans es fa el lliurament i s&#8217;arxiven totes les<\/span><a href=\"https:\/\/documents.espai.educacio.gencat.cat\/FormularisModels\/ProteccioDades\/A253.pdf\"> <b>autoritzacions per l&#8217;\u00fas de serveis i recursos digitals a Internet<\/b><span style=\"font-weight: 400;\">.<\/span><\/a><span style=\"font-weight: 400;\">\u00a0<\/span><\/li>\n<li style=\"font-weight: 400;\" aria-level=\"2\"><span style=\"font-weight: 400;\">Tamb\u00e9 es proporciona un compte de correu electr\u00f2nic <\/span><b><i>nom.cognom@rambletadelclot.cat<\/i><\/b><span style=\"font-weight: 400;\">, amb nom d&#8217;usuari i contrasenya que no es pot canviar i es genera aleat\u00f2riament, i que mantenen fins al final de la seva escolaritat. (mesura grans 2 num. mes)<\/span><\/li>\n<li style=\"font-weight: 400;\" aria-level=\"2\"><span style=\"font-weight: 400;\">Els alumnes de la comunitat de grans treballaran amb la plataforma Google Classroom on realitzen alguns treballs.<\/span><\/li>\n<li style=\"font-weight: 400;\" aria-level=\"2\"><span style=\"font-weight: 400;\">Cada alumne de la comunitat de grans disposar\u00e0 d\u2019un port\u00e0til entregat pel departament per a la seva feina di\u00e0ria. Un cop finalitzada la seva escolaritat quedar\u00e0 a disposici\u00f3 del centre.\u00a0<\/span><\/li>\n<li style=\"font-weight: 400;\" aria-level=\"2\"><span style=\"font-weight: 400;\">Aquest port\u00e0til \u00e9s d&#8217;\u00fas exclusiu al centre. I es valorar\u00e0 donar resposta dins l\u2019horari lectiu en aquells alumnes que tenen dificultats digitals a casa.<\/span><\/li>\n<li style=\"font-weight: 400;\" aria-level=\"2\"><span style=\"font-weight: 400;\">Els alumnes de la comunitat de grans que necessiten el m\u00f2bil en els despla\u00e7aments se\u2019ls demanar\u00e0 que l\u2019entreguin a l\u2019arribar a l\u2019escola, es custodien al despatx\u00a0 i se&#8217;ls retornar\u00e0 al finalitzar l\u2019horari lectiu.<\/span><\/li>\n<li style=\"font-weight: 400;\" aria-level=\"2\"><span style=\"font-weight: 400;\">Se&#8217;ls informa del<\/span> bon \u00fas de les tecnologies<span style=\"font-weight: 400;\">.<\/span><\/li>\n<\/ul>\n<\/li>\n<\/ul>\n<p><strong><span style=\"font-family: inherit; font-size: 1em;\">Fam\u00edlies:\u00a0<\/span><\/strong><\/p>\n<ul style=\"list-style-type: circle;\">\n<li><span style=\"font-weight: 400;\">Es demanen les<\/span><a href=\"https:\/\/documents.espai.educacio.gencat.cat\/FormularisModels\/ProteccioDades\/A253.pdf\"> <b>autoritzacions d&#8217;\u00fas d&#8217;imatge, publicaci\u00f3 de dades de car\u00e0cter personal i de material que elaboren<\/b><\/a><span style=\"font-weight: 400;\"> i les<\/span><a href=\"https:\/\/documents.espai.educacio.gencat.cat\/FormularisModels\/ProteccioDades\/A251.pdf\"> <b>autoritzacions per l&#8217;\u00fas de serveis i recursos digitals a Internet<\/b><span style=\"font-weight: 400;\">.<\/span><\/a><\/li>\n<li style=\"list-style-type: none;\">\n<ul>\n<li style=\"font-weight: 400;\" aria-level=\"2\"><span style=\"font-weight: 400;\">Al juliol l\u2019ED informa a les fam\u00edlies dels<\/span><b> tel\u00e8fons i correu de contacte de l&#8217;escola i al setembre el tutor\/a es presenta per correu electr\u00f2nic.<\/b><\/li>\n<li style=\"font-weight: 400;\" aria-level=\"2\"><span style=\"font-weight: 400;\">Totes les fam\u00edlies des d\u2019I3 fins a 6\u00e8 disposen del correu i contrasenya del seu fill\/a.\u00a0<\/span><\/li>\n<li style=\"font-weight: 400;\" aria-level=\"2\"><span style=\"font-weight: 400;\">A les fam\u00edlies d\u2019I3 se\u2019ls hi facilita els primers dies de curs i se\u2019ls adjunta la <\/span><a href=\"https:\/\/docs.google.com\/presentation\/d\/1FdrSA5eUnQ48_mx3yC-HVGEh2mmTO8RWsOszQt5bTEQ\/edit?usp=share_link\"><span style=\"font-weight: 400;\">PPT Families.\u00a0<\/span><\/a><\/li>\n<li style=\"font-weight: 400;\" aria-level=\"2\"><span style=\"font-weight: 400;\">Aquest proc\u00e9s es fa tamb\u00e9 amb les fam\u00edlies nouvingudes al llarg del curs.<\/span><\/li>\n<li style=\"font-weight: 400;\" aria-level=\"2\"><span style=\"font-weight: 400;\">Les comunicacions directes Tutor\/a &#8211; Fam\u00edlia es fan via correu electr\u00f2nic.<\/span><\/li>\n<li style=\"font-weight: 400;\" aria-level=\"2\"><span style=\"font-weight: 400;\">Les comunicacions grup classe-Fam\u00edlies es fan per Whatsapp.<\/span><\/li>\n<li style=\"font-weight: 400;\" aria-level=\"2\"><span style=\"font-weight: 400;\">Les comunicacions concretes escola-fam\u00edlia es fan a trav\u00e9s del correu electr\u00f2nic de comunicaci\u00f3.\u00a0<\/span><\/li>\n<li style=\"font-weight: 400;\" aria-level=\"2\"><span style=\"font-weight: 400;\">Les comunicacions generals escola-fam\u00edlies es fan a trav\u00e9s del web<\/span><\/li>\n<li style=\"font-weight: 400;\" aria-level=\"2\"><span style=\"font-weight: 400;\">A les trobades d&#8217;inici de curs s&#8217;explica quin treball digital es far\u00e0 amb l\u2019alumnat i s&#8217;assessora si ho demanen.<\/span><\/li>\n<li style=\"font-weight: 400;\" aria-level=\"2\"><span style=\"font-weight: 400;\">Se\u2019ls informa de l\u2019\u00fas del m\u00f2bil que poden fer els adults dins el recinte escolar. <\/span><span style=\"font-weight: 400;\">A les fam\u00edlies se\u2019ls demana que n<\/span><span style=\"font-weight: 400;\">o facin \u00fas del m\u00f2bil ni de cap dispositiu, quan visiten l\u2019escola ja que disposen d\u2019un espai al drive amb un recull d\u2019imatges.<\/span><\/li>\n<li style=\"font-weight: 400;\" aria-level=\"2\"><span style=\"font-weight: 400;\">Els alumnes de la comunitat de grans que necessiten el m\u00f2bil en els despla\u00e7aments se\u2019ls demanar\u00e0 que l\u2019entreguin a l\u2019arribar a l\u2019escola, es custodien al despatx\u00a0 i se&#8217;ls retornar\u00e0 al finalitzar l\u2019horari lectiu.<\/span><\/li>\n<\/ul>\n<\/li>\n<\/ul>\n<p><b>3.- PLA DE COMUNICACI\u00d3 FAM\u00cdLIA &#8211; ESCOLA:\u00a0<\/b><\/p>\n<ul style=\"list-style-type: circle;\">\n<li style=\"font-weight: 400;\" aria-level=\"2\"><span style=\"font-weight: 400;\">Aconseguir el seguiment d&#8217;un alt percentatge de les fam\u00edlies a trav\u00e9s de les diferents plataformes de l&#8217;escola, el web Nodes, Twitter, i l&#8217;aplicaci\u00f3 whatsapp i<\/span><span style=\"font-weight: 400;\"> el Drive.<\/span><\/li>\n<li style=\"font-weight: 400;\" aria-level=\"2\"><span style=\"font-weight: 400;\">Publicar\u00a0 quinzenalment de manera aproximada imatges i documents d\u2019activitats realitzades de\u00a0 cada comunitat dins l\u2019espai Drive Families.<\/span>\n<ul style=\"list-style-type: circle;\">\n<li style=\"font-weight: 400;\" aria-level=\"3\"><span style=\"font-weight: 400;\">Criteri per penjar imatges al Drive a proposta de la comissi\u00f3:<\/span>\n<ul style=\"list-style-type: circle;\">\n<li style=\"font-weight: 400;\" aria-level=\"4\"><span style=\"font-weight: 400;\">plans generals ( sortides i activ. culturals, col\u00f2nies) , plans de material sol i amb les mans (propostes, tallers\u2026)<\/span><span style=\"font-weight: 400;\">exemples de fotos<\/span><\/li>\n<\/ul>\n<\/li>\n<\/ul>\n<\/li>\n<li style=\"font-weight: 400;\" aria-level=\"2\"><span style=\"font-weight: 400;\">Mantenir la p\u00e0gina web\u00a0 actualitzada.<\/span><\/li>\n<li style=\"font-weight: 400;\" aria-level=\"2\"><span style=\"font-weight: 400;\">Fer arribar tots els avisos i informacions a les fam\u00edlies en format digital i tendir a la supressi\u00f3 del format paper.<\/span><span style=\"font-weight: 400;\"> En el pla d\u2019acollida del centre es recull que els informes trimestrals a les fam\u00edlies es comparteixen en l\u2019espai Drive.<\/span><\/li>\n<\/ul>\n<p><img loading=\"lazy\" decoding=\"async\" class=\"aligncenter wp-image-5788 size-medium\" src=\"https:\/\/agora.xtec.cat\/escolarambletadelclot\/wp-content\/uploads\/usu436\/2023\/05\/Captura5-300x181.png\" alt=\"\" width=\"300\" height=\"181\" srcset=\"https:\/\/agora.xtec.cat\/escolarambletadelclot\/wp-content\/uploads\/usu436\/2023\/05\/Captura5-300x181.png 300w, https:\/\/agora.xtec.cat\/escolarambletadelclot\/wp-content\/uploads\/usu436\/2023\/05\/Captura5.png 465w\" sizes=\"auto, (max-width: 300px) 100vw, 300px\" \/><\/p>\n<p><b>4.- PORTALS I XARXES:<\/b><\/p>\n<table>\n<tbody>\n<tr>\n<td><a href=\"https:\/\/agora.xtec.cat\/escolarambletadelclot\/wp-content\/uploads\/usu436\/2026\/02\/baixa.png\"><img loading=\"lazy\" decoding=\"async\" class=\"alignnone wp-image-6422 size-full\" src=\"https:\/\/agora.xtec.cat\/escolarambletadelclot\/wp-content\/uploads\/usu436\/2026\/02\/baixa.png\" alt=\"\" width=\"214\" height=\"148\" \/><\/a><\/td>\n<td><span style=\"font-weight: 400;\">El compte de l&#8217;escola \u00e9s <\/span><a href=\"https:\/\/twitter.com\/escrambletaclot?lang=es\"><span style=\"font-weight: 400;\">https:\/\/twitter.com\/escrambletaclot?lang=es<\/span><\/a><\/p>\n<p><span style=\"font-weight: 400;\">Les publicacions s\u00f3n informacions de diferents activitats escolars.<\/span><\/p>\n<p><span style=\"font-weight: 400;\">No publiquem primers plans dels alumnes. No tots tenen autoritzacions de drets d&#8217;imatge.<\/span><\/p>\n<p><span style=\"font-weight: 400;\">La persona encarregada de publicar \u00e9s algun membre de la comunitat escolar.<\/span><\/td>\n<\/tr>\n<\/tbody>\n<\/table>\n<p>&nbsp;<\/p>\n<table>\n<tbody>\n<tr>\n<td><a href=\"https:\/\/agora.xtec.cat\/escolarambletadelclot\/\"><img loading=\"lazy\" decoding=\"async\" class=\"alignnone size-full wp-image-5771\" src=\"https:\/\/agora.xtec.cat\/escolarambletadelclot\/wp-content\/uploads\/usu436\/2023\/04\/Captura3.png\" alt=\"\" width=\"232\" height=\"346\" srcset=\"https:\/\/agora.xtec.cat\/escolarambletadelclot\/wp-content\/uploads\/usu436\/2023\/04\/Captura3.png 232w, https:\/\/agora.xtec.cat\/escolarambletadelclot\/wp-content\/uploads\/usu436\/2023\/04\/Captura3-201x300.png 201w\" sizes=\"auto, (max-width: 232px) 100vw, 232px\" \/><\/a><\/td>\n<td>\n<h3><b>Web Nodes<\/b><\/h3>\n<p><span style=\"font-weight: 400;\">El web Nodes de l&#8217;escola \u00e9s: <\/span><a href=\"https:\/\/agora.xtec.cat\/escolarambletadelclot\/%20portada,%20a%20la%20part%20superior%20dreta,%20hi%20ha%206%20botons%20d'acc%C3%A9s%20r%C3%A0pid:%20fotos%20i%20v%C3%ADdeos%20d'activitats%20al%20centre,%20la%20p%C3%A0gina%20de%20l'AFA,%20la%20cerca%20de%20continguts,%20la%20secci%C3%B3%20del%20menjador,%20els%20diferents%20documents%20de%20centre%20i%20el%20men%C3%BA%20per%20acc\"><span style=\"font-weight: 400;\">Escola Rambleta del Clot.<\/span><\/a><\/p>\n<p><span style=\"font-weight: 400;\">A la portada, a la part superior dreta, hi ha 6 botons d&#8217;acc\u00e9s r\u00e0pid: fotos i v\u00eddeos d&#8217;activitats al centre, la p\u00e0gina de l&#8217;AFA, la cerca de continguts, la secci\u00f3 del menjador, els diferents documents de centre i el men\u00fa per accedir a totes les seccions.<\/span><\/td>\n<\/tr>\n<\/tbody>\n<\/table>\n<p>&nbsp;<\/p>\n<p><b>5.- NORMATIVES:<\/b><\/p>\n<p><b>PEC<\/b><\/p>\n<p><b>NOFC del centre: NOFC <\/b><b>Digitals<\/b><\/p>\n<p><a href=\"https:\/\/drive.google.com\/file\/d\/1JWr9WJr31Q9utQsW_zCDi_zhTPpMUp8l\/view?usp=drive_link\"><img loading=\"lazy\" decoding=\"async\" class=\"alignnone wp-image-5702 size-thumbnail\" src=\"https:\/\/agora.xtec.cat\/escolarambletadelclot\/wp-content\/uploads\/usu436\/2023\/01\/Captura-150x150.png\" alt=\"\" width=\"150\" height=\"150\" \/><\/a><\/p>\n<p><b>6.- DOCUMENTS:<\/b><\/p>\n<ul>\n<li aria-level=\"1\"><a href=\"https:\/\/educacio.gencat.cat\/web\/.content\/home\/departament\/publicacions\/colleccions\/pla-educacio-digital\/pla-educacio-digital-catalunya\/pla-educacio-digital.pdf\"><b>Pla d\u2019educaci\u00f3 digital de Catalunya<\/b><\/a><\/li>\n<li aria-level=\"1\"><a href=\"https:\/\/educacio.gencat.cat\/web\/.content\/home\/departament\/publicacions\/colleccions\/pla-educacio-digital\/estrategia-digital-centre\/estrategia-digital-centre.pdf\"><b>Estrat\u00e8gia Digital de centre<\/b><\/a><\/li>\n<\/ul>\n<ul>\n<li aria-level=\"1\"><a href=\"https:\/\/educacio.gencat.cat\/web\/.content\/home\/departament\/publicacions\/colleccions\/pla-educacio-digital\/funcions-comissio-estrategia-digital-centre\/funcions-comissio-estrategia-digital-centre.pdf\"><b>Funci\u00f3 i organitzaci\u00f3 de la comissi\u00f3 d\u2019estrat\u00e8gia digital<\/b><\/a><\/li>\n<\/ul>\n<ul>\n<li aria-level=\"1\"><a href=\"https:\/\/educacio.gencat.cat\/web\/.content\/home\/departament\/publicacions\/colleccions\/pla-educacio-digital\/funcions-comissio-estrategia-digital-centre\/funcions-comissio-estrategia-digital-centre.pdf\"><b>Orientacions per a la coordinaci\u00f3 digital<\/b><\/a><\/li>\n<\/ul>\n<p>&nbsp;<\/p>\n<p>&nbsp;<\/p>\n<p>&nbsp;<\/p>\n","protected":false},"excerpt":{"rendered":"<p>1.- DESPLEGAMENT CURRICULAR DE LA COMPET\u00c8NCIA DIGITAL DELS ALUMNES Graella per compet\u00e8ncies Menudes i Petites Graella per compet\u00e8ncies Mitjanes Graella per compet\u00e8ncies Grans 2.- ACOLLIMENT DIGITAL:\u00a0 Mestres:\u00a0 Als mestres nouvinguts se\u2019ls fa entrega del pla d\u2019acollida en format digital (acc\u00e9s electr\u00f2nic, pen drive o acc\u00e9s al drive) on trobaran tota la documentaci\u00f3 m\u00e9s rellevant del [&hellip;]<\/p>\n","protected":false},"author":1,"featured_media":0,"parent":5443,"menu_order":0,"comment_status":"closed","ping_status":"closed","template":"","meta":{"_bbp_topic_count":0,"_bbp_reply_count":0,"_bbp_total_topic_count":0,"_bbp_total_reply_count":0,"_bbp_voice_count":0,"_bbp_anonymous_reply_count":0,"_bbp_topic_count_hidden":0,"_bbp_reply_count_hidden":0,"_bbp_forum_subforum_count":0,"site-sidebar-layout":"default","site-content-layout":"","ast-site-content-layout":"default","site-content-style":"default","site-sidebar-style":"default","ast-global-header-display":"","ast-banner-title-visibility":"","ast-main-header-display":"","ast-hfb-above-header-display":"","ast-hfb-below-header-display":"","ast-hfb-mobile-header-display":"","site-post-title":"","ast-breadcrumbs-content":"","ast-featured-img":"","footer-sml-layout":"","theme-transparent-header-meta":"default","adv-header-id-meta":"","stick-header-meta":"","header-above-stick-meta":"","header-main-stick-meta":"","header-below-stick-meta":"","astra-migrate-meta-layouts":"set","ast-page-background-enabled":"default","ast-page-background-meta":{"desktop":{"background-color":"var(--ast-global-color-4)","background-image":"","background-repeat":"repeat","background-position":"center center","background-size":"auto","background-attachment":"scroll","background-type":"","background-media":"","overlay-type":"","overlay-color":"","overlay-opacity":"","overlay-gradient":""},"tablet":{"background-color":"","background-image":"","background-repeat":"repeat","background-position":"center center","background-size":"auto","background-attachment":"scroll","background-type":"","background-media":"","overlay-type":"","overlay-color":"","overlay-opacity":"","overlay-gradient":""},"mobile":{"background-color":"","background-image":"","background-repeat":"repeat","background-position":"center center","background-size":"auto","background-attachment":"scroll","background-type":"","background-media":"","overlay-type":"","overlay-color":"","overlay-opacity":"","overlay-gradient":""}},"ast-content-background-meta":{"desktop":{"background-color":"var(--ast-global-color-5)","background-image":"","background-repeat":"repeat","background-position":"center center","background-size":"auto","background-attachment":"scroll","background-type":"","background-media":"","overlay-type":"","overlay-color":"","overlay-opacity":"","overlay-gradient":""},"tablet":{"background-color":"var(--ast-global-color-5)","background-image":"","background-repeat":"repeat","background-position":"center center","background-size":"auto","background-attachment":"scroll","background-type":"","background-media":"","overlay-type":"","overlay-color":"","overlay-opacity":"","overlay-gradient":""},"mobile":{"background-color":"var(--ast-global-color-5)","background-image":"","background-repeat":"repeat","background-position":"center center","background-size":"auto","background-attachment":"scroll","background-type":"","background-media":"","overlay-type":"","overlay-color":"","overlay-opacity":"","overlay-gradient":""}},"footnotes":""},"class_list":["post-5449","page","type-page","status-publish","hentry"],"post_mailing_queue_ids":[],"_links":{"self":[{"href":"https:\/\/agora.xtec.cat\/escolarambletadelclot\/wp-json\/wp\/v2\/pages\/5449","targetHints":{"allow":["GET"]}}],"collection":[{"href":"https:\/\/agora.xtec.cat\/escolarambletadelclot\/wp-json\/wp\/v2\/pages"}],"about":[{"href":"https:\/\/agora.xtec.cat\/escolarambletadelclot\/wp-json\/wp\/v2\/types\/page"}],"author":[{"embeddable":true,"href":"https:\/\/agora.xtec.cat\/escolarambletadelclot\/wp-json\/wp\/v2\/users\/1"}],"replies":[{"embeddable":true,"href":"https:\/\/agora.xtec.cat\/escolarambletadelclot\/wp-json\/wp\/v2\/comments?post=5449"}],"version-history":[{"count":6,"href":"https:\/\/agora.xtec.cat\/escolarambletadelclot\/wp-json\/wp\/v2\/pages\/5449\/revisions"}],"predecessor-version":[{"id":6423,"href":"https:\/\/agora.xtec.cat\/escolarambletadelclot\/wp-json\/wp\/v2\/pages\/5449\/revisions\/6423"}],"up":[{"embeddable":true,"href":"https:\/\/agora.xtec.cat\/escolarambletadelclot\/wp-json\/wp\/v2\/pages\/5443"}],"wp:attachment":[{"href":"https:\/\/agora.xtec.cat\/escolarambletadelclot\/wp-json\/wp\/v2\/media?parent=5449"}],"curies":[{"name":"wp","href":"https:\/\/api.w.org\/{rel}","templated":true}]}}