{"id":5048,"date":"2021-01-20T15:57:54","date_gmt":"2021-01-20T14:57:54","guid":{"rendered":"http:\/\/agora.xtec.cat\/escolarambletadelclot\/?page_id=5048"},"modified":"2021-01-20T17:41:50","modified_gmt":"2021-01-20T16:41:50","slug":"afa","status":"publish","type":"page","link":"https:\/\/agora.xtec.cat\/escolarambletadelclot\/afa\/","title":{"rendered":"AFA"},"content":{"rendered":"<h3><b>QUI SOM I QU\u00c8 ES L\u2019AFA?<\/b><\/h3>\n<p><b>L\u2019AFA Rambleta del Clot<\/b>\u00a0\u00e9s una associaci\u00f3, sense afany de lucre, que agrupa les fam\u00edlies de la nostra escola que decideixen col\u00b7laborar-hi.<\/p>\n<h3><b>QU\u00c8 VOLEM?<\/b><\/h3>\n<ul>\n<li aria-level=\"1\">Donar\u00a0<b>suport i assist\u00e8ncia<\/b>\u00a0a tota la comunitat educativa.<\/li>\n<li aria-level=\"1\">Promoure la\u00a0<b>participaci\u00f3 activa i la representaci\u00f3<\/b>\u00a0de les fam\u00edlies.<\/li>\n<li aria-level=\"1\"><b>Col\u00b7laborar amb l\u2019Escola<\/b>\u00a0i cooperar amb el Consell Escolar.<\/li>\n<li aria-level=\"1\">Promoure i realitzar\u00a0<b>activitats l\u00fadiques, culturals, solid\u00e0ries, formatives i esportives.<\/b><\/li>\n<li aria-level=\"1\"><b>Facilitar la conciliaci\u00f3 familiar.<\/b><\/li>\n<li aria-level=\"1\">Potenciar la\u00a0<b>formaci\u00f3 integral<\/b>\u00a0dels infants.<\/li>\n<li aria-level=\"1\">Fomentar el\u00a0<b>treball en xarxa<\/b>\u00a0amb entitats del barri i la ciutat.<\/li>\n<li aria-level=\"1\">Fomentar la\u00a0<b>conviv\u00e8ncia i la interrelaci\u00f3.<\/b><\/li>\n<\/ul>\n<p><b>Els nostres valors:\u00a0<\/b><\/p>\n<p><b><img loading=\"lazy\" decoding=\"async\" class=\"alignnone wp-image-5042\" src=\"https:\/\/agora.xtec.cat\/escolarambletadelclot\/wp-content\/uploads\/usu436\/2015\/01\/valors.png\" sizes=\"auto, (max-width: 544px) 100vw, 544px\" srcset=\"https:\/\/agora.xtec.cat\/escolarambletadelclot\/wp-content\/uploads\/usu436\/2015\/01\/valors.png 882w, https:\/\/agora.xtec.cat\/escolarambletadelclot\/wp-content\/uploads\/usu436\/2015\/01\/valors-300x193.png 300w, https:\/\/agora.xtec.cat\/escolarambletadelclot\/wp-content\/uploads\/usu436\/2015\/01\/valors-768x493.png 768w\" alt=\"\" width=\"544\" height=\"349\" \/><\/b><\/p>\n<h3><b>COM ENS ORGANITZEM?<\/b><\/h3>\n<ul>\n<li aria-level=\"1\">La Junta Directiva s\u2019encarrega de la\u00a0<b>representaci\u00f3 i gesti\u00f3 di\u00e0ria<\/b>\u00a0de l\u2019associaci\u00f3.<\/li>\n<li aria-level=\"1\"><b>L\u2019\u00f2rgan sobir\u00e0 \u00e9s l\u2019assemblea<\/b>\u00a0general, que es convoca com a m\u00ednim un cop per curs.<\/li>\n<li aria-level=\"1\">Les\u00a0<strong>comissions de treball<\/strong>\u00a0focalitzen la seva tasca en activitats espec\u00edfiques: Activitats l\u00fadiques i solid\u00e0ries, Comunicaci\u00f3, Mercat Solidari, Sostenibilitat, Inclusi\u00f3 i Coeducaci\u00f3.<\/li>\n<li aria-level=\"1\">Treballem en\u00a0<strong>col\u00b7laboraci\u00f3 amb l\u2019Equip Directiu i amb entitats externes<\/strong>\u00a0del barri i de la ciutat.<\/li>\n<li aria-level=\"1\">Un professional remunerat coordina les\u00a0<strong>activitats extraescolars<\/strong>.<\/li>\n<\/ul>\n<h3><a href=\"http:\/\/afarambletadelclot.cat\/com-fer-se-soci\/\"><b>Ser soci \/s\u00f2cia de l\u2019AFA\u2026.<\/b><\/a><\/h3>\n<p>Fa possible que puguem\u00a0<strong>participar activament en la comunitat educativa<\/strong>.<br \/>\nL\u2019AFA som totes les\u00a0fam\u00edlies s\u00f2cies. Totes col\u00b7laborem en la mesura de les nostres possibilitats. Som persones volunt\u00e0ries, que dediquem el nostre temps i esfor\u00e7 en millorar la comunitat educativa, que reverteix inequ\u00edvocament en les nostres filles i fills, en tota l\u2019Escola, i en el seu entorn.<br \/>\nSi vols que es faci alguna cosa que penses que \u00e9s bo per l\u2019Escola, t\u2019animem a presentar la teva proposta i a participar en les comissions. Envia\u2019ns un\u00a0<a href=\"mailto:afa@rambletadelclot.cat\">mail<\/a>\u00a0o un\u00a0<a href=\"https:\/\/api.whatsapp.com\/send?phone=34665772120\">whatsapp<\/a>\u00a0i en parlem!<\/p>\n<p>Per contactar amb l\u2019AFA:<\/p>\n<p>Adre\u00e7a electr\u00f2nica:<br \/>\nafa@rambletadelclot.cat<\/p>\n<p>Tel\u00e8fon:<br \/>\n665 772 120 (nom\u00e9s WhatsApp)<\/p>\n<p><strong><a href=\"http:\/\/afarambletadelclot.cat\/\">Visiteu el nostre web: AFA RAMBLETA DEL CLOT<\/a><\/strong><\/p>\n","protected":false},"excerpt":{"rendered":"<p>QUI SOM I QU\u00c8 ES L\u2019AFA? L\u2019AFA Rambleta del Clot\u00a0\u00e9s una associaci\u00f3, sense afany de lucre, que agrupa les fam\u00edlies de la nostra escola que decideixen col\u00b7laborar-hi. QU\u00c8 VOLEM? Donar\u00a0suport i assist\u00e8ncia\u00a0a tota la comunitat educativa. Promoure la\u00a0participaci\u00f3 activa i la representaci\u00f3\u00a0de les fam\u00edlies. Col\u00b7laborar amb l\u2019Escola\u00a0i cooperar amb el Consell Escolar. Promoure i realitzar\u00a0activitats [&hellip;]<\/p>\n","protected":false},"author":1,"featured_media":0,"parent":0,"menu_order":0,"comment_status":"closed","ping_status":"closed","template":"","meta":{"_bbp_topic_count":0,"_bbp_reply_count":0,"_bbp_total_topic_count":0,"_bbp_total_reply_count":0,"_bbp_voice_count":0,"_bbp_anonymous_reply_count":0,"_bbp_topic_count_hidden":0,"_bbp_reply_count_hidden":0,"_bbp_forum_subforum_count":0,"site-sidebar-layout":"default","site-content-layout":"","ast-site-content-layout":"","site-content-style":"default","site-sidebar-style":"default","ast-global-header-display":"","ast-banner-title-visibility":"","ast-main-header-display":"","ast-hfb-above-header-display":"","ast-hfb-below-header-display":"","ast-hfb-mobile-header-display":"","site-post-title":"","ast-breadcrumbs-content":"","ast-featured-img":"","footer-sml-layout":"","theme-transparent-header-meta":"","adv-header-id-meta":"","stick-header-meta":"","header-above-stick-meta":"","header-main-stick-meta":"","header-below-stick-meta":"","astra-migrate-meta-layouts":"default","ast-page-background-enabled":"default","ast-page-background-meta":{"desktop":{"background-color":"var(--ast-global-color-4)","background-image":"","background-repeat":"repeat","background-position":"center center","background-size":"auto","background-attachment":"scroll","background-type":"","background-media":"","overlay-type":"","overlay-color":"","overlay-opacity":"","overlay-gradient":""},"tablet":{"background-color":"","background-image":"","background-repeat":"repeat","background-position":"center center","background-size":"auto","background-attachment":"scroll","background-type":"","background-media":"","overlay-type":"","overlay-color":"","overlay-opacity":"","overlay-gradient":""},"mobile":{"background-color":"","background-image":"","background-repeat":"repeat","background-position":"center center","background-size":"auto","background-attachment":"scroll","background-type":"","background-media":"","overlay-type":"","overlay-color":"","overlay-opacity":"","overlay-gradient":""}},"ast-content-background-meta":{"desktop":{"background-color":"var(--ast-global-color-5)","background-image":"","background-repeat":"repeat","background-position":"center center","background-size":"auto","background-attachment":"scroll","background-type":"","background-media":"","overlay-type":"","overlay-color":"","overlay-opacity":"","overlay-gradient":""},"tablet":{"background-color":"var(--ast-global-color-5)","background-image":"","background-repeat":"repeat","background-position":"center center","background-size":"auto","background-attachment":"scroll","background-type":"","background-media":"","overlay-type":"","overlay-color":"","overlay-opacity":"","overlay-gradient":""},"mobile":{"background-color":"var(--ast-global-color-5)","background-image":"","background-repeat":"repeat","background-position":"center center","background-size":"auto","background-attachment":"scroll","background-type":"","background-media":"","overlay-type":"","overlay-color":"","overlay-opacity":"","overlay-gradient":""}},"footnotes":""},"class_list":["post-5048","page","type-page","status-publish","hentry"],"post_mailing_queue_ids":[],"_links":{"self":[{"href":"https:\/\/agora.xtec.cat\/escolarambletadelclot\/wp-json\/wp\/v2\/pages\/5048","targetHints":{"allow":["GET"]}}],"collection":[{"href":"https:\/\/agora.xtec.cat\/escolarambletadelclot\/wp-json\/wp\/v2\/pages"}],"about":[{"href":"https:\/\/agora.xtec.cat\/escolarambletadelclot\/wp-json\/wp\/v2\/types\/page"}],"author":[{"embeddable":true,"href":"https:\/\/agora.xtec.cat\/escolarambletadelclot\/wp-json\/wp\/v2\/users\/1"}],"replies":[{"embeddable":true,"href":"https:\/\/agora.xtec.cat\/escolarambletadelclot\/wp-json\/wp\/v2\/comments?post=5048"}],"version-history":[{"count":3,"href":"https:\/\/agora.xtec.cat\/escolarambletadelclot\/wp-json\/wp\/v2\/pages\/5048\/revisions"}],"predecessor-version":[{"id":5056,"href":"https:\/\/agora.xtec.cat\/escolarambletadelclot\/wp-json\/wp\/v2\/pages\/5048\/revisions\/5056"}],"wp:attachment":[{"href":"https:\/\/agora.xtec.cat\/escolarambletadelclot\/wp-json\/wp\/v2\/media?parent=5048"}],"curies":[{"name":"wp","href":"https:\/\/api.w.org\/{rel}","templated":true}]}}