{"id":735,"date":"2021-09-27T16:22:06","date_gmt":"2021-09-27T14:22:06","guid":{"rendered":"https:\/\/agora.xtec.cat\/escolaprovencana\/?page_id=735"},"modified":"2024-06-13T12:38:32","modified_gmt":"2024-06-13T10:38:32","slug":"acords","status":"publish","type":"page","link":"https:\/\/agora.xtec.cat\/escolaprovencana\/acords\/","title":{"rendered":"Acords Consell Escolar"},"content":{"rendered":"<h3>ACORDS DEL CONSELL ESCOLAR\u00a0 18\/03\/2024<\/h3>\n<p><strong><u>Certificat dels acord que s\u2019han pres en el Consell Escolar<\/u><\/strong><\/p>\n<p>Josep Maria Bruna Foro, com a secretari del centre educatiu Escola Proven\u00e7ana,<\/p>\n<p><strong>Certifico:<\/strong><\/p>\n<p>Que en la reuni\u00f3 del consell escolar, de data 18 de mar\u00e7 de 2024, s\u2019han pres els acords seg\u00fcents:<\/p>\n<ol>\n<li>S&#8217;aprova:\n<ol>\n<li>Es ratifica l&#8217;aprovaci\u00f3 feta en Comissi\u00f3 Econ\u00f2mica i amb data de 23 de gener de 2024, del pressupost per l&#8217;any 2024\u00a0 i la liquidaci\u00f3\u00a0 econ\u00f2mica de l&#8217;any 2023.<\/li>\n<li>Es ratifica l&#8217;aprovaci\u00f3 feta en Comissi\u00f3 Permanent d&#8217;unes sortides escolars.<\/li>\n<li>S&#8217;aproven les noves instruccions d&#8217;\u00fas de m\u00f2bils a l&#8217;escola incloses a les NOFC i la modificaci\u00f3 de la Carta de Comprom\u00eds Educatiu, al respecte.<\/li>\n<li>S&#8217;aprova l&#8217;organitzaci\u00f3 de Col\u00f2nies\u00a0 Escolars a I5 i a un grup de prim\u00e0ria que es concretar\u00e0 en propera reuni\u00f3 del Consell.<\/li>\n<\/ol>\n<\/li>\n<li>S&#8217;informa de:\n<ol>\n<li>Les portes obertes realitzades el dia 20 de febrer de 2024, de la preinscripci\u00f3 escolar i matricula 2024-25<\/li>\n<li>S&#8217;informa\u00a0 sobre el proc\u00e9s d&#8217;avaluaci\u00f3 de la direcci\u00f3 del centre: AVALDIR. La Directora presenta la mem\u00f2ria de final de mandat.<\/li>\n<li>Es fa la presentaci\u00f3 del nou Equip directiu pel curs 2024-25.<\/li>\n<li>Del Projecte de Confort Clim\u00e0tic a l&#8217;escola Proven\u00e7ana i el moment d&#8217;aturada en que est\u00e0 la instal\u00b7laci\u00f3 de tendals al pati.<\/li>\n<li>De les gestions realitzades des del Centre en relaci\u00f3 a l&#8217;estat dels lavabos i del que est\u00e0 previst fer.<\/li>\n<li>El representant de l&#8217;ajuntament informa de la previsi\u00f3 de fer obres al pati per tal d&#8217;impermeabilitzar el p\u00e0rquing que es troba a sota.<\/li>\n<\/ol>\n<\/li>\n<li>Es fa la valoraci\u00f3 de les activitats d&#8217;escola: concert d&#8217;hivern i Carnaval.<\/li>\n<\/ol>\n<p><strong>_________________________________________________________<\/strong><\/p>\n<p>L\u2019Hospitalet de Llobregat, 18 de mar\u00e7 de 2024.<\/p>\n<p>&nbsp;<\/p>\n<h3>ACORDS DEL CONSELL ESCOLAR\u00a0 04\/12\/2023<\/h3>\n<p><strong><u>Certificat dels acord que s\u2019han pres en el Consell Escolar<\/u><\/strong><\/p>\n<p>Josep Maria Bruna Foro, com a secretari del centre educatiu Escola Proven\u00e7ana,<\/p>\n<p><strong>Certifico:<\/strong><\/p>\n<p>Que en la reuni\u00f3 extraordin\u00e0ria del consell escolar, de data 4 de desembre de 2023, es va constituir el nou Consell Escolar aix\u00ed com les comissions que el representen.<\/p>\n<p><strong>_______________________________________________________________<\/strong><\/p>\n<p>L\u2019Hospitalet de Llobregat, 04 de desembre de 2023<\/p>\n<h3><\/h3>\n<h3>ACORDS DEL CONSELL ESCOLAR\u00a0 09\/10\/2023<\/h3>\n<p><strong><u>Certificat dels acord que s\u2019han pres en el Consell Escolar<\/u><\/strong><\/p>\n<p>Josep Maria Bruna Foro, com a secretari del centre educatiu Escola Proven\u00e7ana,<\/p>\n<p><strong>Certifico:<\/strong><\/p>\n<p>Que en la reuni\u00f3 del consell escolar, de data 9 d&#8217;octubre de 2023, s\u2019han pres els acords seg\u00fcents:<\/p>\n<ol>\n<li>S&#8217;aprova:\n<ol>\n<li>Mem\u00f2ria del menjador escolar 2019-20.<\/li>\n<li>Les quantitats destinades a material i les destinades a sortides de les aportacions de les fam\u00edlies.<\/li>\n<\/ol>\n<\/li>\n<li>S&#8217;informa de:\n<ol>\n<li>Mem\u00f2ria escola 2022-23.<\/li>\n<li>Programaci\u00f3 General Anual escola 2023-24.<\/li>\n<li>Projecte de Confort Clim\u00e0tic a l&#8217;escola Proven\u00e7ana.<\/li>\n<li>Control de Gesti\u00f3 econ\u00f2mica del Departament d&#8217;Educaci\u00f3 en relaci\u00f3 a les aportacions de les fam\u00edlies.<\/li>\n<li>Col\u00f2nies escolars.<\/li>\n<li>Programaci\u00f3 de reunions de l&#8217;equip directiu amb les fam\u00edlies delegades.<\/li>\n<li>Tria de l&#8217;ODS &#8220;benestar i salut&#8221; com a centre d&#8217;inter\u00e8s de tot el curs 23-24.<\/li>\n<\/ol>\n<\/li>\n<\/ol>\n<p><strong>_________________________________________________________<\/strong><\/p>\n<p>L\u2019Hospitalet de Llobregat, 9 d&#8217;octubre de 2023.<\/p>\n<h3><\/h3>\n<h3>ACORDS DEL CONSELL ESCOLAR\u00a0 26\/06\/2023<\/h3>\n<p><strong><u>Certificat dels acord que s\u2019han pres en el Consell Escolar<\/u><\/strong><\/p>\n<p>Josep Maria Bruna Foro, com a secretari del centre educatiu Escola Proven\u00e7ana,<\/p>\n<p><strong>Certifico:<\/strong><\/p>\n<p>Que en la reuni\u00f3 del consell escolar, de data 26 de juny de 2023, s\u2019han pres els acords seg\u00fcents:<\/p>\n<ol>\n<li>S&#8217;aprova:\n<ol>\n<li>Calendari escolar 2023-24.<\/li>\n<li>Modificaci\u00f3 del pressupost de l&#8217;any 2023.<\/li>\n<li>Activitat de Nataci\u00f3 Educativa pel curs 2023-24.<\/li>\n<li>El Projecte TANDEM pel curs 2023-24.<\/li>\n<li>Participaci\u00f3 al Pla Catal\u00e0 de l&#8217;esport pel curs 2023-24.<\/li>\n<li>Aportacions econ\u00f2miques de les fam\u00edlies pel curs 2023-24.<\/li>\n<li>Organitzaci\u00f3 de les col\u00f2nies escolars pel curs 2023-24.<\/li>\n<\/ol>\n<\/li>\n<li>S&#8217;informa de:\n<ol>\n<li>Projecte de Confort Clim\u00e0tic a l&#8217;escola Proven\u00e7ana.<\/li>\n<li>Programa de suport vital a les escoles.<\/li>\n<li>Previsi\u00f3 de material pedag\u00f2gic i llibres de text pel curs 2023-24.<\/li>\n<li>Resultats de l&#8217;AVALDIR.<\/li>\n<li>Ventiladors a l&#8217;escola.<\/li>\n<li>Col\u00b7laboraci\u00f3 econ\u00f2mica de l&#8217;AFA en l&#8217;actualitzaci\u00f3 de l&#8217;aula d&#8217;I4.<\/li>\n<li>De l&#8217;organitzaci\u00f3 de sortides escolars.<\/li>\n<\/ol>\n<\/li>\n<li>Es fa la valoraci\u00f3 de les activitats d&#8217;escola: activitats de final de curs.<\/li>\n<\/ol>\n<p><strong>_________________________________________________________<\/strong><\/p>\n<p>L\u2019Hospitalet de Llobregat, 26 de juny de 2023.<\/p>\n<h3><\/h3>\n<h3>ACORDS DEL CONSELL ESCOLAR\u00a0 29\/03\/2023<\/h3>\n<p><strong><u>Certificat dels acord que s\u2019han pres en el Consell Escolar<\/u><\/strong><\/p>\n<p>Josep Maria Bruna Foro, com a secretari del centre educatiu Escola Proven\u00e7ana,<\/p>\n<p><strong>Certifico:<\/strong><\/p>\n<p>Que en la reuni\u00f3 del consell escolar, de data 29 de mar\u00e7 de 2023, s\u2019han pres els acords seg\u00fcents:<\/p>\n<ol>\n<li>Es ratifica el aprovat en la comissi\u00f3 econ\u00f2mica:\n<ol>\n<li>Liquidaci\u00f3 de comptes de l&#8217;any 2022.<\/li>\n<li>Pressupost per l&#8217;any 2023.<\/li>\n<\/ol>\n<\/li>\n<li>Es ratifica el aprovat en reuni\u00f3 de comissi\u00f3 permanent.\n<ol>\n<li>Sortides escolars.<\/li>\n<\/ol>\n<\/li>\n<li>S&#8217;informa de:\n<ol>\n<li>Modificacions del pressupost 2022.<\/li>\n<li>Les portes obertes febrer 2023 i preinscripci\u00f3 escolar 2023-24.<\/li>\n<li>Els ajuts alumnes I3 en situaci\u00f3 socioecon\u00f2mica desafavorida: Motxilles escolars.<\/li>\n<li>L&#8217;avaluaci\u00f3 de la direcci\u00f3 del centre: AVALDIR.<\/li>\n<li>Drets d&#8217;imatge a les festes de l&#8217;escola.<\/li>\n<li>Clic per al cole.<\/li>\n<li>activitats organitzades per l&#8217;AFA durant el 3r trimestre.<\/li>\n<li>Actuacions de l&#8217;AFA a la regidoria per tractar la neteja de la Pla\u00e7a de l&#8217;Escor\u00e7a<\/li>\n<\/ol>\n<\/li>\n<li>S&#8217;aprova modificaci\u00f3 a les NOFC amb addenda de normativa del menjador escolar.<\/li>\n<li>Es fa la valoraci\u00f3 de les activitats d&#8217;escola: concert d&#8217;hivern i rua de carnestoltes.<\/li>\n<\/ol>\n<p><strong>_________________________________________________________<\/strong><\/p>\n<p>L\u2019Hospitalet de Llobregat, 29 de mar\u00e7 de 2023.<\/p>\n<h3><\/h3>\n<h3>ACORDS DEL CONSELL ESCOLAR\u00a0 19\/10\/2022<\/h3>\n<p><strong><u>Certificat dels acord que s\u2019han pres en el Consell Escolar<\/u><\/strong><\/p>\n<p>Josep Maria Bruna Foro, com a secretari del centre educatiu Escola Proven\u00e7ana,<\/p>\n<p><strong>Certifico:<\/strong><\/p>\n<p>Que en la reuni\u00f3 del consell escolar, de data 19 d&#8217;octubre de 2022, s\u2019han pres els acords seg\u00fcents:<\/p>\n<ol>\n<li>S&#8217;aprova:\n<ol>\n<li>Dues modificacions del pressupost 2022.<\/li>\n<li>Modificaci\u00f3 del Calendari escolar 2022-23<\/li>\n<li>El balan\u00e7 econ\u00f2mic de l&#8217;AFA 2021-22.<\/li>\n<\/ol>\n<\/li>\n<li>S&#8217;informa:\n<ol>\n<li>De la Mem\u00f2ria escolar del curs 2021-22.<\/li>\n<li>De la Programaci\u00f3 General Anual de l&#8217;escola pel curs 2022-23.<\/li>\n<li>De l&#8217;aprovaci\u00f3 en reuni\u00f3 de la Comissi\u00f3 permanent de 2 sortides escolars.<\/li>\n<li>De l&#8217;aprovaci\u00f3 en claustre de l&#8217;organitzaci\u00f3 de Col\u00f2nies escolars per al curs 2023-24.<\/li>\n<\/ol>\n<\/li>\n<li>Es valoren el lleure de la tarda de setembre i el pati de 5\u00e8 i 6\u00e8 a la pla\u00e7a de l&#8217;escor\u00e7a.<\/li>\n<\/ol>\n<p><strong>_________________________________________________________<\/strong><\/p>\n<p>L\u2019Hospitalet de Llobregat, 19 d&#8217;octubre de 2022.<\/p>\n<h3>ACORDS DEL CONSELL ESCOLAR\u00a0 30\/06\/2022<\/h3>\n<p><strong><u>Certificat dels acord que s\u2019han pres en el Consell Escolar<\/u><\/strong><\/p>\n<p>Josep Maria Bruna Foro, com a secretari del centre educatiu Escola Proven\u00e7ana,<\/p>\n<p><strong>Certifico:<\/strong><\/p>\n<p>Que en la reuni\u00f3 del consell escolar, de data 30 de juny de 2022, s\u2019han pres els acords seg\u00fcents:<\/p>\n<ol>\n<li>S\u2019aprova:\n<ol>\n<li>La Mem\u00f2ria de l&#8217;AFA 2021-22.<\/li>\n<li>El Projecte Educatiu del menjador 2021-22.<\/li>\n<li>La mem\u00f2ria del menjador 2021-22.<\/li>\n<li>El preu del menjador escolar pel curs 2022-23<\/li>\n<\/ol>\n<\/li>\n<li>S&#8217;informa de la renovaci\u00f3 d&#8217;alguns membres del Consell Escolar.<\/li>\n<\/ol>\n<p><strong>_________________________________________________________<\/strong><\/p>\n<p>L\u2019Hospitalet de Llobregat, 30 de juny de 2022<\/p>\n<h3>ACORDS DEL CONSELL ESCOLAR\u00a0 20\/06\/2022<\/h3>\n<p><strong><u>Certificat dels acord que s\u2019han pres en el Consell Escolar<\/u><\/strong><\/p>\n<p>Josep Maria Bruna Foro, com a secretari del centre educatiu Escola Proven\u00e7ana,<\/p>\n<p><strong>Certifico:<\/strong><\/p>\n<p>Que en la reuni\u00f3 del consell escolar, de data 20 de juny de 2022, s\u2019han pres els acords seg\u00fcents:<\/p>\n<ol>\n<li>S\u2019aprova:\n<ol>\n<li>El calendari escolar 2022-23<\/li>\n<li>La sortida de tots els alumnes per fer el comiat dels alumnes de 6\u00e8<\/li>\n<li>La modificaci\u00f3 del pressupost del 2022<\/li>\n<li>La participaci\u00f3 al Programa Municipal de nataci\u00f3 pel curs 2022-23<\/li>\n<li>La participaci\u00f3 al projecte TANDEM amb l\u2019associaci\u00f3 de teatre Plaudit\u00e9 pel curs 2022-23<\/li>\n<li>La participaci\u00f3 en les activitats de Pla Catal\u00e0 de l\u2019Esport Escolar pel curs 2022-23<\/li>\n<\/ol>\n<\/li>\n<\/ol>\n<p>&nbsp;<\/p>\n<p>2. S\u2019informa de:<\/p>\n<ol>\n<li style=\"list-style-type: none;\">\n<ol>\n<li>La preinscripci\u00f3 i matr\u00edcula del curs 2022-23.<\/li>\n<li>De la resoluci\u00f3 del Departament referent a la renovaci\u00f3 dels membres del Consell Escolar.<\/li>\n<li>De la constituci\u00f3 de la comissi\u00f3 Digital de Centre.<\/li>\n<li>De la previsi\u00f3 de material, llibres i aportacions de les fam\u00edlies pel curs 2022-23.<\/li>\n<li>De l\u2019organitzaci\u00f3 de les tardes de lleure de setembre.<\/li>\n<li>De l\u2019estat de les instal\u00b7lacions del Centre i els problemes de manteniment.<\/li>\n<\/ol>\n<\/li>\n<\/ol>\n<p>&nbsp;<\/p>\n<p>3. Es comenten l\u2019organitzaci\u00f3 de la festa de carnestoltes i de Colonies a l\u2019escola\u00a0 i que 4es tractar\u00e0 en properes reunions del Consell.<\/p>\n<p><strong>_________________________________________________________<\/strong><\/p>\n<p>L\u2019Hospitalet de Llobregat, 20 de juny de 2022<\/p>\n<h3>ACORDS DEL CONSELL ESCOLAR\u00a0 03\/05\/2022<\/h3>\n<p><strong><u>Certificat dels acord que s\u2019han pres en el Consell Escolar<\/u><\/strong><\/p>\n<p>Josep Maria Bruna Foro, com a secretari del centre educatiu Escola Proven\u00e7ana,<\/p>\n<p><strong>Certifico:<\/strong><\/p>\n<p>Que en la reuni\u00f3 del consell escolar, de data 3 de maig de 2022, s\u2019han pres els acords seg\u00fcents:<\/p>\n<ol>\n<li>S&#8217;ha fet la votaci\u00f3 del Consell Educatiu de l&#8217;Hospitalet.<\/li>\n<\/ol>\n<p><strong>_______________________________________________________________<\/strong><\/p>\n<p>L\u2019Hospitalet de Llobregat, 3 de maig de 2022<\/p>\n<h3><\/h3>\n<h3>ACORDS DEL CONSELL ESCOLAR\u00a0 09\/02\/2022<\/h3>\n<p><strong><u>Certificat dels acord que s\u2019han pres en el Consell Escolar<\/u><\/strong><\/p>\n<p>Josep Maria Bruna Foro, com a secretari del centre educatiu Escola Proven\u00e7ana,<\/p>\n<p><strong>Certifico:<\/strong><\/p>\n<p>Que en la reuni\u00f3 del consell escolar, de data 9 de febrer de 2022, s\u2019han pres els acords seg\u00fcents:<\/p>\n<p>&nbsp;<\/p>\n<ol>\n<li>Es ratifica el que es va aprovar en dues reunions de la comissi\u00f3 econ\u00f2mica (26 de gener de 2022 i 15 de febrer de 2022):\n<ol>\n<li>Modificaci\u00f3 del pressupost 2021<\/li>\n<li>Informaci\u00f3 del Pressupost 2022<\/li>\n<li>Aprovaci\u00f3 de la Liquidaci\u00f3 econ\u00f2mica de l\u2019any 2021<\/li>\n<li>Modificaci\u00f3 del Pressupost 2022<\/li>\n<\/ol>\n<\/li>\n<li>S\u2019aprova la modificaci\u00f3 de les NOFC en refer\u00e8ncia al Pla digital de Centre.<\/li>\n<li>S\u2019aprova una modificaci\u00f3 del Pla d\u2019actuaci\u00f3 del curs 2021-22 referent a l\u2019\u00fas de l\u2019aula Polivalent per part de P3.<\/li>\n<li>Es ratifica el que es va aprovar en dues reunions de la comissi\u00f3 permanent referents a sortides escolars.<\/li>\n<li>S\u2019informa\n<ol>\n<li>De la renovaci\u00f3 del Consell Educatiu de l\u2019Hospitalet.<\/li>\n<li>De la propera realitzaci\u00f3 de la jornada de portes obertes i de les dates de preinscripci\u00f3.<\/li>\n<li>De les obres que s\u2019han fet a l\u2019escola i les que estan previstes.<\/li>\n<li>De l\u2019organitzaci\u00f3 de la festa de carnestoltes.<\/li>\n<li>Del nou calendari escolar pel curs 2022-23.<\/li>\n<\/ol>\n<\/li>\n<\/ol>\n<p><strong>_______________________________________________________________<\/strong><\/p>\n<p>L\u2019Hospitalet de Llobregat, 9 de febrer de 2022<\/p>\n<h3><\/h3>\n<h3>ACORDS DEL CONSELL ESCOLAR\u00a0 13\/12\/2021<\/h3>\n<p><strong><u>Certificat dels acord que s\u2019han pres en el Consell Escolar<\/u><\/strong><\/p>\n<p>Josep Maria Bruna Foro, com a secretari del centre educatiu Escola Proven\u00e7ana,<\/p>\n<p><strong>Certifico:<\/strong><\/p>\n<p>Que en la reuni\u00f3 extraordin\u00e0ria del consell escolar, de data 13 de desembre de 2021, es va constituir el nou Consell Escolar aix\u00ed com les comissions que el representen.<\/p>\n<p><strong>_______________________________________________________________<\/strong><\/p>\n<p>L\u2019Hospitalet de Llobregat, 13 de desembre de 2021<\/p>\n<h3><\/h3>\n<h3>ACORDS DEL CONSELL ESCOLAR 08\/11\/2021<\/h3>\n<p><strong><u>Certificat dels acord que s\u2019han pres en el Consell Escolar<\/u><\/strong><\/p>\n<p>Josep Maria Bruna Foro, com a secretari del centre educatiu Escola Proven\u00e7ana,<\/p>\n<p><strong>Certifico:<\/strong><\/p>\n<p>Que en la reuni\u00f3 del consell escolar, de data 8 de novembre de 2021, s\u2019han pres els acords seg\u00fcents:<\/p>\n<ol>\n<li>S\u2019aprova la Mem\u00f2ria del centre 2020-21.<\/li>\n<li>S\u2019aprova El Pla General Anual 2021-22.<\/li>\n<li>S\u2019aprova una modificaci\u00f3 del Pressupost del Centre de l\u2019any 2021.<\/li>\n<li>Es ratifica el que es va aprovar en dos reunions de la comissi\u00f3 permanent referents la primera a sortides i la segona a modificacions del Pla d\u2019Actuaci\u00f3.<\/li>\n<li>S\u2019informa\n<ol>\n<li>De la propera realitzaci\u00f3 d\u2019eleccions al Consell Escolar.<\/li>\n<li>De la reuni\u00f3 del centre amb el regidor d\u2019educaci\u00f3 i C.E. Dolmen per tractar de l\u2019\u00fas de la Pla\u00e7a de l\u2019Escor\u00e7a en hores de pati.<\/li>\n<li>Del paper de les fam\u00edlies delegades d\u2019aula.<\/li>\n<li>De les novetats del Pla d\u2019Educaci\u00f3 Digital.<\/li>\n<li>Del curs de Normalitzaci\u00f3 Ling\u00fc\u00edstica per a les fam\u00edlies.<\/li>\n<li>De l\u2019assignaci\u00f3 econ\u00f2mica del Departament per a libres de text.<\/li>\n<li>La posada en funcionament de la nova p\u00e0gina web de l\u2019escola.<\/li>\n<\/ol>\n<\/li>\n<\/ol>\n<p><strong>_______________________________________________________________<\/strong><\/p>\n<p>L\u2019Hospitalet de Llobregat, 8 de novembre de 2021<\/p>\n<h3><\/h3>\n<h3>ACORDS DEL CONSELL ESCOLAR 08\/09\/2021<\/h3>\n<p><strong><u>Certificat dels acord que s\u2019han pres \u00a0en el Consell Escolar<\/u><\/strong><\/p>\n<p>Josep Maria Bruna Foro, com a secretari del centre educatiu Escola Proven\u00e7ana,<\/p>\n<p><strong>Certifico:<\/strong><\/p>\n<p>Que en la reuni\u00f3 del consell escolar, de data 8 de setembre de 2021, s\u2019han pres els acords seg\u00fcents:<\/p>\n<ol>\n<li>S\u2019aprova el Pla d\u2019actuaci\u00f3 2021-22<\/li>\n<li>S\u2019aprova la mem\u00f2ria del menjador escolar 2020-21.<\/li>\n<li>S\u2019aprova el balan\u00e7 econ\u00f2mic del menjador del curs 2019-20.<\/li>\n<li>Es ratifica l\u2019aprovaci\u00f3 feta en comissi\u00f3 permanent de sortides escolars.<\/li>\n<li>S\u2019informa:\n<ol>\n<li>Del professorat nou del centre.<\/li>\n<li>De l\u2019\u00fas de la Pla\u00e7a de l\u2019escor\u00e7a en temps de pati..<\/li>\n<li>De la nova p\u00e0gina web del centre.<\/li>\n<li>De la matr\u00edcula d\u2019alumnes nous a l\u2019escola<\/li>\n<li>Del canvi de referent de coeducaci\u00f3.<\/li>\n<\/ol>\n<\/li>\n<\/ol>\n<p><strong>_______________________________________________________________<\/strong><\/p>\n<p>L\u2019Hospitalet de Llobregat, 8 de setembre de 2021.<\/p>\n<p>&nbsp;<\/p>\n<h3>ACORDS DEL CONSELL ESCOLAR 03\/06\/2021<\/h3>\n<p><strong><u>Certificat dels acord que s\u2019han pres \u00a0en el Consell Escolar<\/u><\/strong><\/p>\n<p>Josep Maria Bruna Foro, com a secretari del centre educatiu Escola Proven\u00e7ana,<\/p>\n<p><strong>Certifico:<\/strong><\/p>\n<p>Que en la reuni\u00f3 del consell escolar, de data 3 de juny de 2021, s\u2019han pres els acords seg\u00fcents:<\/p>\n<ol>\n<li>S\u2019aprova el Projecte de conviv\u00e8ncia<\/li>\n<li>S\u2019aproven les activitats de centre de:\n<ol>\n<li>Nataci\u00f3 Educativa a CM.<\/li>\n<li>Projecte T\u00e0ndem de teatre amb Plaudit\u00e9.<\/li>\n<li>Activitats extraescolars 2021-22.<\/li>\n<li>Participaci\u00f3 al Pla Catal\u00e0 d\u2019esport Escolar.<\/li>\n<\/ol>\n<\/li>\n<li>S\u2019aprova el Calendari escolar\u00a0 2021-22.<\/li>\n<li>S\u2019aproven les aportacions de les fam\u00edlies en concepte de materials i sortides pel curs 2021-22.<\/li>\n<li>S\u2019aprova el balan\u00e7 econ\u00f2mic de l\u2019AMPA del curs 2019-20.<\/li>\n<li>Es ratifica l\u2019aprovaci\u00f3 feta en comissi\u00f3 permanent de sortides escolars.<\/li>\n<li>S\u2019informa:\n<ol>\n<li>De la preinscripci\u00f3 del curs 2021-22.<\/li>\n<li>De l\u2019organitzaci\u00f3 del final de curs i l\u2019horari de jornada intensiva.<\/li>\n<li>Del Pla d\u2019actuaci\u00f3 previst pel curs 2021-22.<\/li>\n<li>De la sol\u00b7licitud de beques de menjador pel curs 2021-22.<\/li>\n<li>De la previsi\u00f3 de llibres de text pel curs 2021-22.<\/li>\n<li>De les demandes de manteniment.<\/li>\n<li>De la transformaci\u00f3 digital al centre.<\/li>\n<li>De l\u2019aplicaci\u00f3 al centre d\u2019un programa PMOE.<\/li>\n<\/ol>\n<\/li>\n<\/ol>\n<p><strong>_____________________________________________________________<\/strong><\/p>\n<p>L\u2019Hospitalet de Llobregat, 3 de juny de 2021.<\/p>\n<p>&nbsp;<\/p>\n<h3>ACORDS DEL CONSELL ESCOLAR 02\/02\/2021<\/h3>\n<p><strong><u>Certificat dels acord que s\u2019han pres \u00a0en el Consell Escolar<\/u><\/strong><\/p>\n<p>Josep Maria Bruna Foro, com a secretari del centre educatiu Escola Proven\u00e7ana,<\/p>\n<p><strong>Certifico:<\/strong><\/p>\n<p>Que en la reuni\u00f3 del consell escolar, de data 02 de febrer de 2021, s\u2019han pres els acords seg\u00fcents:<\/p>\n<ol>\n<li>S\u2019aprova una modificaci\u00f3 del pressupost 2020.<\/li>\n<li>Es ratifica l\u2019aprovaci\u00f3 del Pressupost 2021, realitzada en reuni\u00f3 de la Comissi\u00f3 Econ\u00f2mica del 27 de gener de 2021.<\/li>\n<li>Es ratifica l\u2019aprovaci\u00f3 de les activitats extraescolars 2020-21, realitzada en reuni\u00f3 de la Comissi\u00f3 Permanent del 30 de novembre de 2020.<\/li>\n<li>S\u2019informa de la Mem\u00f2ria escolar 2019-20 i del Pla General Anual\u00a0 (PGA) 2020-21 de l\u2019Escola Proven\u00e7ana.<\/li>\n<li>S\u2019informa de les dates previstes per fer les portes obertes de forma telem\u00e0tica i de la preinscripci\u00f3 2021-22.<\/li>\n<li>S\u2019aproven els seg\u00fcents documents de l\u2019AMPA:<\/li>\n<\/ol>\n<ul>\n<li>Protocol d\u2019impagats de l\u2019empresa de menjador<\/li>\n<li>Mem\u00f2ria AMPA 2019-20<\/li>\n<li>Pla de l\u2019AMPA 2020-21.<\/li>\n<\/ul>\n<p><strong>_______________________________________________________________<\/strong><\/p>\n<p>L\u2019Hospitalet de Llobregat, 02 de febrer de 2021<\/p>\n<p>&nbsp;<\/p>\n<h3>ACORDS CONSELL ESCOLAR 24\/11\/2020<\/h3>\n<p><strong><u>Certificat dels acord que s\u2019han pres\u00a0 en el consell escolar<\/u><\/strong><\/p>\n<p>Josep Maria Bruna Foro, com a secretari del centre educatiu Escola Proven\u00e7ana,<\/p>\n<p><strong>Certifico:<\/strong><\/p>\n<p>Que en la reuni\u00f3 del consell escolar, de data 24 de novembre de 2020, s\u2019han pres els acords seg\u00fcents:<\/p>\n<ol>\n<li>S\u2019aprova\u00a0 una modificaci\u00f3 del pressupost 2020<\/li>\n<li>S\u2019informa de:<\/li>\n<\/ol>\n<ul>\n<li>L&#8217;ajornament de les eleccions al Consell Escolar<\/li>\n<li>La Concessi\u00f3\u00a0d\u2019un monitor extra de menjador per causes de la pand\u00e8mia.<\/li>\n<li>La\u00a0posada en marxa del projecte d\u2019acceleraci\u00f3 digital per a la transformaci\u00f3 digital dels centres i els canvis que aix\u00f2 suposar\u00e0 per l\u2019escola.<\/li>\n<li>La posada en funcionament\u00a0de l\u2019APP de l\u2019escola Proven\u00e7ana i de l\u2019\u00fas que se\u2019n far\u00e0.<\/li>\n<li>Els nous protocols Covid-19<\/li>\n<li>El funcionament de\u00a0les activitats lectives de nataci\u00f3 educativa i de teatre a l\u2019escola.<\/li>\n<\/ul>\n<p><strong>_______________________________________________________________<\/strong><\/p>\n<p>L\u2019Hospitalet de Llobregat, 24 de novembre de 2020<\/p>\n<p>&nbsp;<\/p>\n<h3>ACORDS CONSELL ESCOLAR 04 \/09\/2020<\/h3>\n<p><strong><u>Certificat dels acord que s\u2019han pres \u00a0en el consell escolar<\/u><\/strong><\/p>\n<p>Josep Maria Bruna Foro, com a secretari del centre educatiu Escola Proven\u00e7ana,<\/p>\n<p><strong>Certifico:<\/strong><\/p>\n<p>Que en la reuni\u00f3 del consell escolar, de data 04 des setembre de 2020, s\u2019han pres els acords seg\u00fcents:<\/p>\n<ol>\n<li>S\u2019aprova el Pla d\u2019actuaci\u00f3 del curs 2020-21.<\/li>\n<li>S\u2019informa de les fuites d\u2019aigua que han tingut lloc a l\u2019escola i dels desperfectes causats<\/li>\n<li>S\u2019aproven la no compra de llibres de text per el curs 2020-21 i la substituci\u00f3 per una llic\u00e8ncia digital.<\/li>\n<li>\u00a0S\u2019aprova la renovaci\u00f3 del Pla Catal\u00e0 de l\u2019esport.<\/li>\n<li>S&#8217;aprova la nova Carta de Comprom\u00eds entre les fam\u00edlies i l&#8217;escola.<\/li>\n<\/ol>\n<p><strong>_______________________________________________________________<\/strong><\/p>\n<p style=\"font-weight: 400;\">L\u2019Hospitalet de Llobregat, 04 de setembre de 2020<\/p>\n<p>&nbsp;<\/p>\n<h3>ACORDS CONSELL ESCOLAR 26\/06\/2020<\/h3>\n<p><strong><u>Certificat dels acord que s\u2019han pres\u00a0\u00a0en el consell escolar<\/u><\/strong><\/p>\n<p>Josep Maria Bruna Foro, com a secretari del centre educatiu Escola Proven\u00e7ana,<\/p>\n<p><strong>Certifico:<\/strong><\/p>\n<p>Que en la reuni\u00f3 del consell escolar, de data 26 de juny de 2020, s\u2019han pres els acords seg\u00fcents:<\/p>\n<ol>\n<li>S\u2019informa del proc\u00e9s de preinscripci\u00f3.<\/li>\n<li>S\u2019aproven, de les aportacions de les fam\u00edlies del curs 2019-20 per material i sortides,\u00a0\u00a0les quantitats a retornar (la part proporcional al per\u00edode de confinament) i que el m\u00e8tode per fer-ho sigui restant de les aportacions del 2020-21.<\/li>\n<li>S\u2019aprova no organitzar sortides pels 2 primers trimestres del curs 2020-21 i valorar-ho un com iniciat el nou curs.<\/li>\n<li>S\u2019aproven les quantitats de les aportacions per material i sortides 2020-21.<\/li>\n<li>Es fa la valoraci\u00f3 del funcionament de l\u2019escola durant el per\u00edodes de confinament.<\/li>\n<li>S\u2019aprova l\u2019organitzaci\u00f3 del proc\u00e9s de presentaci\u00f3 de beques de menjador decidit per l\u2019equip directiu.<\/li>\n<li>S\u2019aprova prescindir del projecte Snappet pel proper curs 2020-21 i l\u2019organitzaci\u00f3 de l\u2019adquisici\u00f3 de llibres i llibretes.<\/li>\n<li>S\u2019expliquen al consell els problemes de fuites d\u2019aigua i de manteniment que esta tenint l\u2019escola.<\/li>\n<li>S\u2019aprova la sol\u00b7licitud del programa de Nataci\u00f3 Educativa\u00a0\u00a0pel curs 2020-21<\/li>\n<li>S\u2019aprova una modificaci\u00f3 del pressupost.<\/li>\n<li>S\u2019aprova continuar el projecte T\u00e0ndem amb Plaudit\u00e9 pel curs 2020-21.<\/li>\n<\/ol>\n<p><strong>_______________________________________________________________<\/strong><\/p>\n<p>L\u2019Hospitalet de Llobregat, 26 de juny de 2020<\/p>\n","protected":false},"excerpt":{"rendered":"<p>ACORDS DEL CONSELL ESCOLAR\u00a0 18\/03\/2024<br \/>\nCertificat dels acord que s\u2019han pres en el Consell Escolar<br \/>\nJosep Maria Bruna Foro, com a secretari del centre educatiu Escola Proven\u00e7ana,<br \/>\nCertifico:<br \/>\nQue en la reuni\u00f3 del consell escolar, de data 18 de mar\u00e7 de 2024, s\u2019han pres els acords seg\u00fcents:<\/p>\n<ol>\n<li>S&#8217;aprova:\n<ol>\n<li>Es ratifica l&#8217;aprovaci\u00f3&hellip;  <a href=\"https:\/\/agora.xtec.cat\/escolaprovencana\/acords\/\" title=\"Read Acords Consell Escolar\">Llegeix m\u00e9s\u00bb<\/a><br \/>\n","protected":false},"author":1,"featured_media":0,"parent":0,"menu_order":0,"comment_status":"closed","ping_status":"closed","template":"","meta":{"_bbp_topic_count":0,"_bbp_reply_count":0,"_bbp_total_topic_count":0,"_bbp_total_reply_count":0,"_bbp_voice_count":0,"_bbp_anonymous_reply_count":0,"_bbp_topic_count_hidden":0,"_bbp_reply_count_hidden":0,"_bbp_forum_subforum_count":0,"footnotes":""},"class_list":["post-735","page","type-page","status-publish","hentry"],"post_mailing_queue_ids":[],"_links":{"self":[{"href":"https:\/\/agora.xtec.cat\/escolaprovencana\/wp-json\/wp\/v2\/pages\/735","targetHints":{"allow":["GET"]}}],"collection":[{"href":"https:\/\/agora.xtec.cat\/escolaprovencana\/wp-json\/wp\/v2\/pages"}],"about":[{"href":"https:\/\/agora.xtec.cat\/escolaprovencana\/wp-json\/wp\/v2\/types\/page"}],"author":[{"embeddable":true,"href":"https:\/\/agora.xtec.cat\/escolaprovencana\/wp-json\/wp\/v2\/users\/1"}],"replies":[{"embeddable":true,"href":"https:\/\/agora.xtec.cat\/escolaprovencana\/wp-json\/wp\/v2\/comments?post=735"}],"version-history":[{"count":5,"href":"https:\/\/agora.xtec.cat\/escolaprovencana\/wp-json\/wp\/v2\/pages\/735\/revisions"}],"predecessor-version":[{"id":3995,"href":"https:\/\/agora.xtec.cat\/escolaprovencana\/wp-json\/wp\/v2\/pages\/735\/revisions\/3995"}],"wp:attachment":[{"href":"https:\/\/agora.xtec.cat\/escolaprovencana\/wp-json\/wp\/v2\/media?parent=735"}],"curies":[{"name":"wp","href":"https:\/\/api.w.org\/{rel}","templated":true}]}}