{"id":584,"date":"2021-06-29T09:52:12","date_gmt":"2021-06-29T07:52:12","guid":{"rendered":"https:\/\/agora.xtec.cat\/escolaprovencana\/?page_id=584"},"modified":"2021-06-29T10:29:45","modified_gmt":"2021-06-29T08:29:45","slug":"projecte-tandem-plaudite-teatre","status":"publish","type":"page","link":"https:\/\/agora.xtec.cat\/escolaprovencana\/projecte-tandem-plaudite-teatre\/","title":{"rendered":"Projecte t\u00e0ndem: Pl\u00e0udite teatre"},"content":{"rendered":"<p>L&#8217;escola Proven\u00e7ana participa en el projecte &#8220;Fem t\u00e0ndem: escola+cultura&#8221; amb Pl\u00e0udite Teatre.<\/p>\n<p>Es realitza al llarg de tot el curs i singularitza aquesta escola de L\u2019Hospitalet a trav\u00e9s del Teatre.<\/p>\n<p>El projecte consisteix en desenvolupar l\u2019activitat art\u00edstica de Teatre a l\u2019escola des de la t\u00e8cnica de teatre de moviment i text, l\u2019expressi\u00f3 corporal i oral, la compressi\u00f3 lectora, la creativitat i el muntatge.<\/p>\n<p>Es treballa a partir de dos blocs:<\/p>\n<ul>\n<li>Posant \u00e8mfasis en el fet de l\u2019escolta com eina de desenvolupament, creatiu, educatiu, emp\u00e0tic.<\/li>\n<li>Omplint de sentit aquesta paraula i el fet de l\u2019escolta, convertit ara en eix vertebrador de l\u2019expressi\u00f3 i la compressi\u00f3 d\u2019un mateix, de l\u2019altre i del que ens envolta.<\/li>\n<\/ul>\n<p>El valor de l\u2019escolta ens portar\u00e0 el descobriment de l\u2019altre, la pr\u00e0ctica de la qualitat esc\u00e8nica i l\u2019empatia.<\/p>\n<p>Els <strong>objectius<\/strong> d&#8217;aquest projecte s\u00f3n els seg\u00fcents:<\/p>\n<ul style=\"list-style-type: circle;\">\n<li>Apropar el teatre al centre com un nou llenguatge.<\/li>\n<li>Oferir una eina art\u00edstica-participativa a la comunitat educativa.<\/li>\n<li>Apropar l\u2019expressi\u00f3 teatral (cos, veu, actitud) des d\u2019un punt de vista actiu i art\u00edstic.<\/li>\n<li>Crear una xarxa entre la comunitat educativa.<\/li>\n<li>Treballar continguts des d\u2019una perspectiva innovadora i m\u00e9s engrescadora.<\/li>\n<li>Aportar un nou llenguatge a la comunitat educativa.<\/li>\n<li><span style=\"font-family: inherit; font-size: 1em;\">Realitzar un projecte de fort impacte emocional i art\u00edstic que pugui ser motor de la descoberta de les arts i contribueixi a l\u2019\u00e8xit educatiu i a la cohesi\u00f3 social.<\/span><\/li>\n<li><span style=\"font-family: inherit; font-size: 1em;\">Millorar els recursos expressius, aprendre a explicar, escoltar i a construir hist\u00f2ries.<\/span><\/li>\n<li><span style=\"font-family: inherit; font-size: 1em;\">Experimentar noves formes de transmissi\u00f3 de coneixements m\u00e9s implicades amb l\u2019entorn creatiu, que puguin ser \u00fatils en les formes d\u2019ensenyament i aprenentatge.<\/span><\/li>\n<li><span style=\"font-family: inherit; font-size: 1em;\">El coneixement de les pr\u00f2pies emocions i el reconeixement de les de l\u2019altre.<\/span><\/li>\n<li><span style=\"font-family: inherit; font-size: 1em;\">La cooperaci\u00f3 amb els altres per tal d\u2019assolir objectius compartits.<\/span><\/li>\n<li><span style=\"font-family: inherit; font-size: 1em;\">L\u2019enriquiment que suposa la cooperaci\u00f3 amb els altres per tal d\u2019assolir objectius compartits.<\/span><\/li>\n<li><span style=\"font-family: inherit; font-size: 1em;\">Gaudir de la bellesa de l\u2019acte creatiu.<\/span><\/li>\n<\/ul>\n","protected":false},"excerpt":{"rendered":"<p>L&#8217;escola Proven\u00e7ana participa en el projecte &#8220;Fem t\u00e0ndem: escola+cultura&#8221; amb Pl\u00e0udite Teatre.<br \/>\nEs realitza al llarg de tot el curs i singularitza aquesta escola de L\u2019Hospitalet a trav\u00e9s del Teatre.<br \/>\nEl projecte consisteix en desenvolupar l\u2019activitat art\u00edstica de Teatre a l\u2019escola des de la t\u00e8cnica de teatre&hellip;  <a href=\"https:\/\/agora.xtec.cat\/escolaprovencana\/projecte-tandem-plaudite-teatre\/\" title=\"Read Projecte t\u00e0ndem: Pl\u00e0udite teatre\">Llegeix m\u00e9s\u00bb<\/a><\/p>\n","protected":false},"author":1,"featured_media":0,"parent":0,"menu_order":0,"comment_status":"closed","ping_status":"closed","template":"","meta":{"_bbp_topic_count":0,"_bbp_reply_count":0,"_bbp_total_topic_count":0,"_bbp_total_reply_count":0,"_bbp_voice_count":0,"_bbp_anonymous_reply_count":0,"_bbp_topic_count_hidden":0,"_bbp_reply_count_hidden":0,"_bbp_forum_subforum_count":0,"footnotes":""},"class_list":["post-584","page","type-page","status-publish","hentry"],"post_mailing_queue_ids":[],"_links":{"self":[{"href":"https:\/\/agora.xtec.cat\/escolaprovencana\/wp-json\/wp\/v2\/pages\/584","targetHints":{"allow":["GET"]}}],"collection":[{"href":"https:\/\/agora.xtec.cat\/escolaprovencana\/wp-json\/wp\/v2\/pages"}],"about":[{"href":"https:\/\/agora.xtec.cat\/escolaprovencana\/wp-json\/wp\/v2\/types\/page"}],"author":[{"embeddable":true,"href":"https:\/\/agora.xtec.cat\/escolaprovencana\/wp-json\/wp\/v2\/users\/1"}],"replies":[{"embeddable":true,"href":"https:\/\/agora.xtec.cat\/escolaprovencana\/wp-json\/wp\/v2\/comments?post=584"}],"version-history":[{"count":3,"href":"https:\/\/agora.xtec.cat\/escolaprovencana\/wp-json\/wp\/v2\/pages\/584\/revisions"}],"predecessor-version":[{"id":595,"href":"https:\/\/agora.xtec.cat\/escolaprovencana\/wp-json\/wp\/v2\/pages\/584\/revisions\/595"}],"wp:attachment":[{"href":"https:\/\/agora.xtec.cat\/escolaprovencana\/wp-json\/wp\/v2\/media?parent=584"}],"curies":[{"name":"wp","href":"https:\/\/api.w.org\/{rel}","templated":true}]}}