{"id":28,"date":"2014-09-18T12:29:35","date_gmt":"2014-09-18T12:29:35","guid":{"rendered":"http:\/\/agora.xtec.cat\/escolapratdelariba\/?page_id=28"},"modified":"2026-01-14T10:46:42","modified_gmt":"2026-01-14T09:46:42","slug":"consell-escolar","status":"publish","type":"page","link":"https:\/\/agora.xtec.cat\/escolapratdelariba\/lescola\/consell-escolar\/","title":{"rendered":"Consell escolar"},"content":{"rendered":"<p><span style=\"font-weight: 400;\">El consell escolar del centre \u00e9s l\u2019\u00f2rgan col\u00b7legiat de participaci\u00f3 de la comunitat escolar en el govern del centre. En el consell escolar hi ha representats tots els col\u00b7lectius que intervenen en la comunitat educativa: direcci\u00f3, docents, personal d\u2019administraci\u00f3 i serveis, etc.<\/span><\/p>\n<p><span style=\"font-weight: 400;\">En els centres p\u00fablics, la funci\u00f3 principal del consell escolar \u00e9s participar en la presa de decisions en relaci\u00f3 amb aquells temes importants per al funcionament i l\u2019organitzaci\u00f3 del centre: el projecte educatiu, la programaci\u00f3 general, la gesti\u00f3 econ\u00f2mica, etc.<\/span><\/p>\n<p><span style=\"font-weight: 400;\">Els i les membres del consell escolar s\u00f3n elegits per un per\u00edode de quatre anys i es renoven per meitats cada dos anys.<\/span><\/p>\n<p><span style=\"font-weight: 400;\">Actualment el consell escolar est\u00e0 format per:<\/span><\/p>\n<ul>\n<li style=\"font-weight: 400;\" aria-level=\"1\"><span style=\"font-weight: 400;\">Equip directiu: Gemma Cabello, Mireia Ciruela i Carme Peralta.<\/span><\/li>\n<li style=\"font-weight: 400;\" aria-level=\"1\"><span style=\"font-weight: 400;\">Docents: Xabier Acordagoicoechea, Xesca Alcaide, Esther Igual, Gl\u00f2ria Mon\u00e9s i Carme Nu\u00f1ez.<\/span><\/li>\n<li style=\"font-weight: 400;\" aria-level=\"1\"><span style=\"font-weight: 400;\">Fam\u00edlies: Raquel Baster, Mireia Blasco, Gl\u00f2ria Bravo, Edith S\u00e1nchez i Raquel Pati\u00f1o.<\/span><\/li>\n<li style=\"font-weight: 400;\" aria-level=\"1\"><span style=\"font-weight: 400;\">AFA: Miguel Pizarro.<\/span><\/li>\n<li style=\"font-weight: 400;\" aria-level=\"1\"><span style=\"font-weight: 400;\">PAS: Rosana Arbeloa (Administrativa).<\/span><\/li>\n<li style=\"font-weight: 400;\" aria-level=\"1\"><span style=\"font-weight: 400;\">PAE: Vanesa Lara (TEEI)<\/span><\/li>\n<li style=\"font-weight: 400;\" aria-level=\"1\"><span style=\"font-weight: 400;\">Ajuntament: Claudia Acebr\u00f3n.<\/span><\/li>\n<\/ul>\n","protected":false},"excerpt":{"rendered":"<p>El consell escolar del centre \u00e9s l\u2019\u00f2rgan col\u00b7legiat de participaci\u00f3 de la comunitat escolar en el govern del centre. En el consell escolar hi ha representats tots els col\u00b7lectius que intervenen en la comunitat educativa: direcci\u00f3, docents, personal d\u2019administraci\u00f3 i serveis, etc. En els centres p\u00fablics, la funci\u00f3 principal del consell escolar \u00e9s participar en [&hellip;]<\/p>\n","protected":false},"author":2,"featured_media":0,"parent":22,"menu_order":30,"comment_status":"closed","ping_status":"closed","template":"","meta":{"_bbp_topic_count":0,"_bbp_reply_count":0,"_bbp_total_topic_count":0,"_bbp_total_reply_count":0,"_bbp_voice_count":0,"_bbp_anonymous_reply_count":0,"_bbp_topic_count_hidden":0,"_bbp_reply_count_hidden":0,"_bbp_forum_subforum_count":0,"site-sidebar-layout":"default","site-content-layout":"","ast-site-content-layout":"default","site-content-style":"default","site-sidebar-style":"default","ast-global-header-display":"","ast-banner-title-visibility":"","ast-main-header-display":"","ast-hfb-above-header-display":"","ast-hfb-below-header-display":"","ast-hfb-mobile-header-display":"","site-post-title":"","ast-breadcrumbs-content":"","ast-featured-img":"","footer-sml-layout":"","theme-transparent-header-meta":"default","adv-header-id-meta":"","stick-header-meta":"","header-above-stick-meta":"","header-main-stick-meta":"","header-below-stick-meta":"","astra-migrate-meta-layouts":"set","ast-page-background-enabled":"default","ast-page-background-meta":{"desktop":{"background-color":"var(--ast-global-color-4)","background-image":"","background-repeat":"repeat","background-position":"center center","background-size":"auto","background-attachment":"scroll","background-type":"","background-media":"","overlay-type":"","overlay-color":"","overlay-opacity":"","overlay-gradient":""},"tablet":{"background-color":"","background-image":"","background-repeat":"repeat","background-position":"center center","background-size":"auto","background-attachment":"scroll","background-type":"","background-media":"","overlay-type":"","overlay-color":"","overlay-opacity":"","overlay-gradient":""},"mobile":{"background-color":"","background-image":"","background-repeat":"repeat","background-position":"center center","background-size":"auto","background-attachment":"scroll","background-type":"","background-media":"","overlay-type":"","overlay-color":"","overlay-opacity":"","overlay-gradient":""}},"ast-content-background-meta":{"desktop":{"background-color":"var(--ast-global-color-5)","background-image":"","background-repeat":"repeat","background-position":"center center","background-size":"auto","background-attachment":"scroll","background-type":"","background-media":"","overlay-type":"","overlay-color":"","overlay-opacity":"","overlay-gradient":""},"tablet":{"background-color":"var(--ast-global-color-5)","background-image":"","background-repeat":"repeat","background-position":"center center","background-size":"auto","background-attachment":"scroll","background-type":"","background-media":"","overlay-type":"","overlay-color":"","overlay-opacity":"","overlay-gradient":""},"mobile":{"background-color":"var(--ast-global-color-5)","background-image":"","background-repeat":"repeat","background-position":"center center","background-size":"auto","background-attachment":"scroll","background-type":"","background-media":"","overlay-type":"","overlay-color":"","overlay-opacity":"","overlay-gradient":""}},"footnotes":""},"class_list":["post-28","page","type-page","status-publish","hentry"],"post_mailing_queue_ids":[],"_links":{"self":[{"href":"https:\/\/agora.xtec.cat\/escolapratdelariba\/wp-json\/wp\/v2\/pages\/28","targetHints":{"allow":["GET"]}}],"collection":[{"href":"https:\/\/agora.xtec.cat\/escolapratdelariba\/wp-json\/wp\/v2\/pages"}],"about":[{"href":"https:\/\/agora.xtec.cat\/escolapratdelariba\/wp-json\/wp\/v2\/types\/page"}],"author":[{"embeddable":true,"href":"https:\/\/agora.xtec.cat\/escolapratdelariba\/wp-json\/wp\/v2\/users\/2"}],"replies":[{"embeddable":true,"href":"https:\/\/agora.xtec.cat\/escolapratdelariba\/wp-json\/wp\/v2\/comments?post=28"}],"version-history":[{"count":6,"href":"https:\/\/agora.xtec.cat\/escolapratdelariba\/wp-json\/wp\/v2\/pages\/28\/revisions"}],"predecessor-version":[{"id":12544,"href":"https:\/\/agora.xtec.cat\/escolapratdelariba\/wp-json\/wp\/v2\/pages\/28\/revisions\/12544"}],"up":[{"embeddable":true,"href":"https:\/\/agora.xtec.cat\/escolapratdelariba\/wp-json\/wp\/v2\/pages\/22"}],"wp:attachment":[{"href":"https:\/\/agora.xtec.cat\/escolapratdelariba\/wp-json\/wp\/v2\/media?parent=28"}],"curies":[{"name":"wp","href":"https:\/\/api.w.org\/{rel}","templated":true}]}}