{"id":19053,"date":"2025-02-11T13:12:33","date_gmt":"2025-02-11T12:12:33","guid":{"rendered":"https:\/\/agora.xtec.cat\/escolaponent-tarragona\/?page_id=19053"},"modified":"2026-04-15T16:27:21","modified_gmt":"2026-04-15T14:27:21","slug":"informacio-practica","status":"publish","type":"page","link":"https:\/\/agora.xtec.cat\/escolaponent-tarragona\/","title":{"rendered":"Benvinguts i benvingudes"},"content":{"rendered":"\n<p style=\"font-size:28px\"><strong>Preinscripci\u00f3 curs 2026-2027<\/strong><\/p>\n\n\n\n<p>\ud83d\udcc4 <a href=\"https:\/\/agora.xtec.cat\/escolaponent-tarragona\/wp-content\/uploads\/usu422\/2026\/03\/INFORME_OFERTA_OME_INFORME_OFERTA-1.pdf\"><strong>(NOVETAT) Barem provisional<\/strong><\/a><\/p>\n\n\n\n<p>\ud83d\udcc4 <a href=\"https:\/\/agora.xtec.cat\/escolaponent-tarragona\/wp-content\/uploads\/usu422\/2026\/03\/INFORME_OFERTA_OME_INFORME_OFERTA-1.pdf\"><strong>Oferta inicial de places<\/strong><\/a><\/p>\n\n\n\n<p class=\"has-text-align-left\">\u2139\ufe0f <span><a style=\"font-weight: bold;\" href=\"https:\/\/agora.xtec.cat\/escolaponent-tarragona\/preinscripcio-2025-2026\/\" data-type=\"page\" data-id=\"19113\">Tota la informaci\u00f3<\/a><\/span><\/p>\n\n\n\n<h3 class=\"wp-block-heading\">Codi de centre: 43010396<\/h3>\n\n\n\n<div class=\"wp-block-getwid-toggle\">\n<div class=\"wp-block-getwid-toggle__row is-active\"><div class=\"wp-block-getwid-toggle__header-wrapper\"><span class=\"wp-block-getwid-toggle__header\"><a href=\"#\"><span class=\"wp-block-getwid-toggle__header-title\"><strong>Calendari<\/strong><\/span><span class=\"wp-block-getwid-toggle__icon is-active\"><i class=\"fas fa-plus\"><\/i><\/span><span class=\"wp-block-getwid-toggle__icon is-passive\"><i class=\"fas fa-minus\"><\/i><\/span><\/a><\/span><\/div><div class=\"wp-block-getwid-toggle__content-wrapper\"><div class=\"wp-block-getwid-toggle__content\">\n<p style=\"line-height:1.5\"><strong>Portes obertes<\/strong>: 25 de febrer al 3 de mar\u00e7 de 2026<\/p>\n\n\n\n<p><strong>Oferta inicial de places:<\/strong> 3 de mar\u00e7 de 2026                                                          <a href=\"https:\/\/agora.xtec.cat\/escolaponent-tarragona\/wp-content\/uploads\/usu422\/2026\/03\/INFORME_OFERTA_OME_INFORME_OFERTA-1.pdf\">Consulta<\/a><\/p>\n\n\n\n<p><strong>Presentaci\u00f3 de sol\u00b7licituds<\/strong>: 4 al 18 de mar\u00e7 de 2026<\/p>\n\n\n\n<p><strong>Presentaci\u00f3 de documentaci\u00f3<\/strong>: fins al 19 de mar\u00e7 de 2026<\/p>\n\n\n\n<p class=\"has-light-green-cyan-background-color has-background\"><strong>Publicaci\u00f3 de les llistes de sol\u00b7licituds amb la puntuaci\u00f3 provisional<\/strong>: 15 d&#8217;abril de 2026 <a href=\"https:\/\/agora.xtec.cat\/escolaponent-tarragona\/wp-content\/uploads\/usu422\/2026\/04\/INFORME_BAREM_PROVISIONAL_BAREM.pdf\">Consulta<\/a><\/p>\n\n\n\n<p><strong>Termini per presentar una reclamaci\u00f3<\/strong>: 15 al 20 d&#8217;abril de 2026<\/p>\n\n\n\n<p><strong>Sorteig del n\u00famero de desempat<\/strong>: 28 d&#8217;abril de 2026<\/p>\n\n\n\n<p><strong>Publicaci\u00f3 llista ordenada de sol\u00b7licituds<\/strong>: 29 d&#8217;abril de 2026<\/p>\n\n\n\n<p>&nbsp;<strong>Ampliaci\u00f3 de peticions de preinscripci\u00f3 per a alumnes sense pla\u00e7a assignada a cap centre:<\/strong> 1 al 3 de juny de 2026<\/p>\n\n\n\n<p><strong>Oferta final de places:<\/strong> 10 de juny de 2026 <\/p>\n\n\n\n<p><strong>Publicaci\u00f3 llista d&#8217;alumnes amb pla\u00e7a assignada i llista d&#8217;espera<\/strong>: 10 de juny de 2026<\/p>\n<\/div><\/div><\/div>\n\n\n\n<div class=\"wp-block-getwid-toggle__row\"><div class=\"wp-block-getwid-toggle__header-wrapper\"><span class=\"wp-block-getwid-toggle__header\"><a href=\"#\"><span class=\"wp-block-getwid-toggle__header-title\"><strong>Presentaci\u00f3 de sol\u00b7licituds<\/strong><\/span><span class=\"wp-block-getwid-toggle__icon is-active\"><i class=\"fas fa-plus\"><\/i><\/span><span class=\"wp-block-getwid-toggle__icon is-passive\"><i class=\"fas fa-minus\"><\/i><\/span><\/a><\/span><\/div><div class=\"wp-block-getwid-toggle__content-wrapper\"><div class=\"wp-block-getwid-toggle__content\">\n<p>\ud83d\udcc5 <strong>del 4 al 18 de mar\u00e7<\/strong><\/p>\n\n\n\n<p class=\"has-black-color has-text-color has-link-color wp-elements-d5c8513a1d93a4c3dd6ddbe6f7bdbf19\"><strong><a href=\"https:\/\/preinscripcio.gencat.cat\/ca\/inici\/\" target=\"_blank\" rel=\"noreferrer noopener\">Preinscripci\u00f3. Curs 2026-2027<\/a><\/strong><\/p>\n\n\n\n<p class=\"has-black-color has-text-color has-link-color wp-elements-f3a563e628adcafdb0868bc799a89e13\"><strong><a href=\"https:\/\/preinscripcio.gencat.cat\/ca\/estudis\/infantil-3-6\/preinscriute\/sollicitud\/\" target=\"_blank\" rel=\"noreferrer noopener\">Sol\u00b7licitud curs 2026-2027<\/a><\/strong><\/p>\n\n\n\n<p><strong>Si necessiteu ajuda, podeu demanar cita<\/strong>:<\/p>\n\n\n\n<p style=\"line-height:0.5\">\u260e\ufe0f977 260 701<\/p>\n\n\n\n<p style=\"line-height:1\">\ud83d\udce7 e3010396@xtec.cat<\/p>\n<\/div><\/div><\/div>\n\n\n\n<div class=\"wp-block-getwid-toggle__row\"><div class=\"wp-block-getwid-toggle__header-wrapper\"><span class=\"wp-block-getwid-toggle__header\"><a href=\"#\"><span class=\"wp-block-getwid-toggle__header-title\"><strong>Documentaci\u00f3<\/strong><\/span><span class=\"wp-block-getwid-toggle__icon is-active\"><i class=\"fas fa-plus\"><\/i><\/span><span class=\"wp-block-getwid-toggle__icon is-passive\"><i class=\"fas fa-minus\"><\/i><\/span><\/a><\/span><\/div><div class=\"wp-block-getwid-toggle__content-wrapper\"><div class=\"wp-block-getwid-toggle__content\">\n<ul class=\"wp-block-list\">\n<li style=\"padding-top:var(--wp--preset--spacing--20);padding-bottom:var(--wp--preset--spacing--20)\">N\u00famero d\u2019<strong>identificaci\u00f3 RALC<\/strong> de l\u2019alumne <\/li>\n\n\n\n<li style=\"padding-top:var(--wp--preset--spacing--20);padding-bottom:var(--wp--preset--spacing--20)\"><em>Original<\/em> i <em>fotoc\u00f2pia <\/em>del <strong>DNI o NIE<\/strong> dels tutors\/tutores legals i de l&#8217;alumne (si en t\u00e9)<\/li>\n\n\n\n<li style=\"padding-top:var(--wp--preset--spacing--20);padding-bottom:var(--wp--preset--spacing--20)\"><em>Original<\/em> i <em>fotoc\u00f2pia <\/em>del <strong>llibre de fam\u00edlia<\/strong><\/li>\n\n\n\n<li style=\"padding-top:var(--wp--preset--spacing--20);padding-bottom:var(--wp--preset--spacing--20)\"><em>Fotoc\u00f2pia <\/em>de la <strong>tarjeta sanit\u00e0ria<\/strong> (TIS)<\/li>\n\n\n\n<li style=\"padding-top:var(--wp--preset--spacing--20);padding-bottom:var(--wp--preset--spacing--20)\"><strong>Correu electr\u00f2nic<\/strong> on es vol rebre la informaci\u00f3<\/li>\n\n\n\n<li style=\"padding-top:var(--wp--preset--spacing--20);padding-bottom:var(--wp--preset--spacing--20)\">Certificat d&#8217;empadronament de l&#8217;Ajuntament (si el domicili familiar al\u00b7legat no coincideix amb el del DNI)<\/li>\n\n\n\n<li style=\"padding-top:var(--wp--preset--spacing--20);padding-bottom:var(--wp--preset--spacing--20)\">Fotoc\u00f2pia del <em>carnet de fam\u00edlia nombrosa o monoparental<\/em> (si \u00e9s el cas)<\/li>\n\n\n\n<li style=\"padding-top:var(--wp--preset--spacing--20);padding-bottom:var(--wp--preset--spacing--20)\">Fotoc\u00f2pia del <em>certificat de discapacitat<\/em> (si \u00e9s el cas)<\/li>\n<\/ul>\n<\/div><\/div><\/div>\n<\/div>\n\n\n\n<div style=\"height:20px\" aria-hidden=\"true\" class=\"wp-block-spacer\"><\/div>\n\n\n\n<p class=\"has-text-align-center has-border-color has-ast-global-color-0-border-color\" style=\"border-width:3px;border-radius:66px;font-size:25px;line-height:1.5\"><strong>Vols saber qu\u00e8 fem a l&#8217;Escola Ponent?<\/strong><\/p>\n\n\n\n<figure class=\"wp-block-embed is-type-video is-provider-youtube wp-block-embed-youtube wp-embed-aspect-16-9 wp-has-aspect-ratio\"><div class=\"wp-block-embed__wrapper\">\n<div class=\"ast-oembed-container \" style=\"height: 100%;\"><iframe loading=\"lazy\" title=\"Escola Ponent\" width=\"500\" height=\"281\" src=\"https:\/\/www.youtube.com\/embed\/TeYEBBH2Kkg?feature=oembed\" frameborder=\"0\" allow=\"accelerometer; autoplay; clipboard-write; encrypted-media; gyroscope; picture-in-picture; web-share\" referrerpolicy=\"strict-origin-when-cross-origin\" allowfullscreen><\/iframe><\/div>\n<\/div><\/figure>\n\n\n\n<div class=\"wp-block-columns is-layout-flex wp-container-core-columns-is-layout-1 wp-block-columns-is-layout-flex\">\n<div class=\"wp-block-column is-layout-flow wp-block-column-is-layout-flow\" style=\"flex-basis:16.67%\">\n<figure class=\"wp-block-image size-full\"><a href=\"https:\/\/agora.xtec.cat\/escolaponent-tarragona\/lescola\/calendari-del-curs\/\"><img loading=\"lazy\" decoding=\"async\" width=\"500\" height=\"500\" src=\"https:\/\/agora.xtec.cat\/escolaponent-tarragona\/wp-content\/uploads\/usu422\/2025\/02\/2.jpg\" alt=\"\" class=\"wp-image-19059\" srcset=\"https:\/\/agora.xtec.cat\/escolaponent-tarragona\/wp-content\/uploads\/usu422\/2025\/02\/2.jpg 500w, https:\/\/agora.xtec.cat\/escolaponent-tarragona\/wp-content\/uploads\/usu422\/2025\/02\/2-300x300.jpg 300w, https:\/\/agora.xtec.cat\/escolaponent-tarragona\/wp-content\/uploads\/usu422\/2025\/02\/2-150x150.jpg 150w\" sizes=\"auto, (max-width: 500px) 100vw, 500px\" \/><\/a><\/figure>\n\n\n\n<p class=\"has-text-align-center has-black-color has-text-color has-link-color wp-elements-2c79fda68852dd52dac822fa6590aa42\" style=\"font-style:normal;font-weight:600;line-height:1.5\"><strong><a href=\"https:\/\/agora.xtec.cat\/escolaponent-tarragona\/lescola\/calendari-del-curs\/\" data-type=\"page\" data-id=\"32\" rel=\"nofollow\">Calendari curs 2025-2026<\/a><\/strong><\/p>\n<\/div>\n\n\n\n<div class=\"wp-block-column is-layout-flow wp-block-column-is-layout-flow\" style=\"flex-basis:16.67%\">\n<figure class=\"wp-block-image size-full\"><a href=\"https:\/\/agora.xtec.cat\/escolaponent-tarragona\/lescola\/material-curs-2024-2025\/\"><img loading=\"lazy\" decoding=\"async\" width=\"500\" height=\"500\" src=\"https:\/\/agora.xtec.cat\/escolaponent-tarragona\/wp-content\/uploads\/usu422\/2025\/02\/3.jpg\" alt=\"\" class=\"wp-image-19058\" srcset=\"https:\/\/agora.xtec.cat\/escolaponent-tarragona\/wp-content\/uploads\/usu422\/2025\/02\/3.jpg 500w, https:\/\/agora.xtec.cat\/escolaponent-tarragona\/wp-content\/uploads\/usu422\/2025\/02\/3-300x300.jpg 300w, https:\/\/agora.xtec.cat\/escolaponent-tarragona\/wp-content\/uploads\/usu422\/2025\/02\/3-150x150.jpg 150w\" sizes=\"auto, (max-width: 500px) 100vw, 500px\" \/><\/a><\/figure>\n\n\n\n<p class=\"has-text-align-center has-black-color has-text-color has-link-color wp-elements-bf4c85b86da12644a832ceb948a3ce88\"><strong><a href=\"https:\/\/agora.xtec.cat\/escolaponent-tarragona\/material-curs-2025-2026\/\" data-type=\"page\" data-id=\"17647\" rel=\"nofollow\">Material curs 2025-2026<\/a><\/strong><\/p>\n<\/div>\n\n\n\n<div class=\"wp-block-column is-layout-flow wp-block-column-is-layout-flow\" style=\"flex-basis:16.67%\">\n<figure class=\"wp-block-image size-full\"><a href=\"https:\/\/agora.xtec.cat\/escolaponent-tarragona\/lescola\/llibres-de-text-2024-2025\/\"><img loading=\"lazy\" decoding=\"async\" width=\"500\" height=\"500\" src=\"https:\/\/agora.xtec.cat\/escolaponent-tarragona\/wp-content\/uploads\/usu422\/2025\/02\/1.jpg\" alt=\"\" class=\"wp-image-19057\" srcset=\"https:\/\/agora.xtec.cat\/escolaponent-tarragona\/wp-content\/uploads\/usu422\/2025\/02\/1.jpg 500w, https:\/\/agora.xtec.cat\/escolaponent-tarragona\/wp-content\/uploads\/usu422\/2025\/02\/1-300x300.jpg 300w, https:\/\/agora.xtec.cat\/escolaponent-tarragona\/wp-content\/uploads\/usu422\/2025\/02\/1-150x150.jpg 150w\" sizes=\"auto, (max-width: 500px) 100vw, 500px\" \/><\/a><\/figure>\n\n\n\n<p class=\"has-text-align-center has-black-color has-text-color has-link-color wp-elements-9d4c66521141ab696e7a5580923539f4\"><strong><a href=\"https:\/\/agora.xtec.cat\/escolaponent-tarragona\/material-curs-2025-2026\/\" data-type=\"page\" data-id=\"731\" rel=\"nofollow\">Llibres de text curs 2025-2026<\/a><\/strong><\/p>\n<\/div>\n\n\n\n<div class=\"wp-block-column is-layout-flow wp-block-column-is-layout-flow\" style=\"flex-basis:16.67%\">\n<figure class=\"wp-block-image size-full\"><a href=\"https:\/\/agora.xtec.cat\/escolaponent-tarragona\/wp-content\/uploads\/usu422\/2025\/06\/Icones.jpg\"><img loading=\"lazy\" decoding=\"async\" width=\"500\" height=\"500\" src=\"https:\/\/agora.xtec.cat\/escolaponent-tarragona\/wp-content\/uploads\/usu422\/2025\/06\/Icones.jpg\" alt=\"\" class=\"wp-image-19556\" srcset=\"https:\/\/agora.xtec.cat\/escolaponent-tarragona\/wp-content\/uploads\/usu422\/2025\/06\/Icones.jpg 500w, https:\/\/agora.xtec.cat\/escolaponent-tarragona\/wp-content\/uploads\/usu422\/2025\/06\/Icones-300x300.jpg 300w, https:\/\/agora.xtec.cat\/escolaponent-tarragona\/wp-content\/uploads\/usu422\/2025\/06\/Icones-150x150.jpg 150w\" sizes=\"auto, (max-width: 500px) 100vw, 500px\" \/><\/a><\/figure>\n\n\n\n<p class=\"has-text-align-center has-ast-global-color-6-color has-text-color has-link-color wp-elements-5f8c04e8bb07e9688af1054b9559a15a\"><strong><a href=\"https:\/\/valescolar.cat\/\" target=\"_blank\" rel=\"noreferrer noopener\">Val Escolar<\/a><\/strong><\/p>\n<\/div>\n\n\n\n<div class=\"wp-block-column is-layout-flow wp-block-column-is-layout-flow\" style=\"flex-basis:16.67%\">\n<figure class=\"wp-block-image size-full\"><a href=\"https:\/\/agora.xtec.cat\/escolaponent-tarragona\/lescola\/autoritzacions\/\"><img loading=\"lazy\" decoding=\"async\" width=\"500\" height=\"500\" src=\"https:\/\/agora.xtec.cat\/escolaponent-tarragona\/wp-content\/uploads\/usu422\/2025\/02\/4.jpg\" alt=\"\" class=\"wp-image-19060\" srcset=\"https:\/\/agora.xtec.cat\/escolaponent-tarragona\/wp-content\/uploads\/usu422\/2025\/02\/4.jpg 500w, https:\/\/agora.xtec.cat\/escolaponent-tarragona\/wp-content\/uploads\/usu422\/2025\/02\/4-300x300.jpg 300w, https:\/\/agora.xtec.cat\/escolaponent-tarragona\/wp-content\/uploads\/usu422\/2025\/02\/4-150x150.jpg 150w\" sizes=\"auto, (max-width: 500px) 100vw, 500px\" \/><\/a><\/figure>\n\n\n\n<p class=\"has-text-align-center has-black-color has-text-color has-link-color wp-elements-bf5c26a9ffe0bf3a2ef2313090165c1f\"><strong><a href=\"https:\/\/agora.xtec.cat\/escolaponent-tarragona\/lescola\/autoritzacions\/\" data-type=\"page\" data-id=\"302\" rel=\"nofollow\">Autoritzacions<\/a><\/strong><\/p>\n<\/div>\n<\/div>\n","protected":false},"excerpt":{"rendered":"<p>Preinscripci\u00f3 curs 2026-2027 \ud83d\udcc4 (NOVETAT) Barem provisional \ud83d\udcc4 Oferta inicial de places \u2139\ufe0f Tota la informaci\u00f3 Vols saber qu\u00e8 fem [&hellip;]<\/p>\n","protected":false},"author":1,"featured_media":0,"parent":0,"menu_order":0,"comment_status":"closed","ping_status":"close","template":"","meta":{"_bbp_topic_count":0,"_bbp_reply_count":0,"_bbp_total_topic_count":0,"_bbp_total_reply_count":0,"_bbp_voice_count":0,"_bbp_anonymous_reply_count":0,"_bbp_topic_count_hidden":0,"_bbp_reply_count_hidden":0,"_bbp_forum_subforum_count":0,"site-sidebar-layout":"left-sidebar","site-content-layout":"","ast-site-content-layout":"default","site-content-style":"default","site-sidebar-style":"default","ast-global-header-display":"","ast-banner-title-visibility":"","ast-main-header-display":"","ast-hfb-above-header-display":"","ast-hfb-below-header-display":"","ast-hfb-mobile-header-display":"","site-post-title":"disabled","ast-breadcrumbs-content":"","ast-featured-img":"","footer-sml-layout":"","theme-transparent-header-meta":"","adv-header-id-meta":"","stick-header-meta":"","header-above-stick-meta":"","header-main-stick-meta":"","header-below-stick-meta":"","astra-migrate-meta-layouts":"set","ast-page-background-enabled":"default","ast-page-background-meta":{"desktop":{"background-color":"var(--ast-global-color-4)","background-image":"","background-repeat":"repeat","background-position":"center center","background-size":"auto","background-attachment":"scroll","background-type":"","background-media":"","overlay-type":"","overlay-color":"","overlay-opacity":"","overlay-gradient":""},"tablet":{"background-color":"","background-image":"","background-repeat":"repeat","background-position":"center center","background-size":"auto","background-attachment":"scroll","background-type":"","background-media":"","overlay-type":"","overlay-color":"","overlay-opacity":"","overlay-gradient":""},"mobile":{"background-color":"","background-image":"","background-repeat":"repeat","background-position":"center center","background-size":"auto","background-attachment":"scroll","background-type":"","background-media":"","overlay-type":"","overlay-color":"","overlay-opacity":"","overlay-gradient":""}},"ast-content-background-meta":{"desktop":{"background-color":"var(--ast-global-color-5)","background-image":"","background-repeat":"repeat","background-position":"center center","background-size":"auto","background-attachment":"scroll","background-type":"","background-media":"","overlay-type":"","overlay-color":"","overlay-opacity":"","overlay-gradient":""},"tablet":{"background-color":"var(--ast-global-color-5)","background-image":"","background-repeat":"repeat","background-position":"center center","background-size":"auto","background-attachment":"scroll","background-type":"","background-media":"","overlay-type":"","overlay-color":"","overlay-opacity":"","overlay-gradient":""},"mobile":{"background-color":"var(--ast-global-color-5)","background-image":"","background-repeat":"repeat","background-position":"center center","background-size":"auto","background-attachment":"scroll","background-type":"","background-media":"","overlay-type":"","overlay-color":"","overlay-opacity":"","overlay-gradient":""}},"footnotes":""},"class_list":["post-19053","page","type-page","status-publish","hentry"],"post_mailing_queue_ids":[],"_links":{"self":[{"href":"https:\/\/agora.xtec.cat\/escolaponent-tarragona\/wp-json\/wp\/v2\/pages\/19053","targetHints":{"allow":["GET"]}}],"collection":[{"href":"https:\/\/agora.xtec.cat\/escolaponent-tarragona\/wp-json\/wp\/v2\/pages"}],"about":[{"href":"https:\/\/agora.xtec.cat\/escolaponent-tarragona\/wp-json\/wp\/v2\/types\/page"}],"author":[{"embeddable":true,"href":"https:\/\/agora.xtec.cat\/escolaponent-tarragona\/wp-json\/wp\/v2\/users\/1"}],"replies":[{"embeddable":true,"href":"https:\/\/agora.xtec.cat\/escolaponent-tarragona\/wp-json\/wp\/v2\/comments?post=19053"}],"version-history":[{"count":6,"href":"https:\/\/agora.xtec.cat\/escolaponent-tarragona\/wp-json\/wp\/v2\/pages\/19053\/revisions"}],"predecessor-version":[{"id":19761,"href":"https:\/\/agora.xtec.cat\/escolaponent-tarragona\/wp-json\/wp\/v2\/pages\/19053\/revisions\/19761"}],"wp:attachment":[{"href":"https:\/\/agora.xtec.cat\/escolaponent-tarragona\/wp-json\/wp\/v2\/media?parent=19053"}],"curies":[{"name":"wp","href":"https:\/\/api.w.org\/{rel}","templated":true}]}}