{"id":652,"date":"2021-11-12T16:22:00","date_gmt":"2021-11-12T15:22:00","guid":{"rendered":"https:\/\/agora.xtec.cat\/escolapaudelclos\/?page_id=652"},"modified":"2021-11-12T16:22:00","modified_gmt":"2021-11-12T15:22:00","slug":"la-nostra-escola","status":"publish","type":"page","link":"https:\/\/agora.xtec.cat\/escolapaudelclos\/la-nostra-escola\/","title":{"rendered":"La nostra escola"},"content":{"rendered":"<p>L\u2019Escola Pau Delcl\u00f2s \u00e9s un centre d\u2019ensenyament infantil i primari de dues l\u00ednies. L\u2019escola s\u2019ubica en un edifici de quatre plantes situat al centre de Tarragona, amb fa\u00e7anes als carrers M\u00e9ndez N\u00fa\u00f1ez i Armany\u00e0. Gaudeix com a patis de l\u2019ampli espai del centre de l\u2019illa de cases formada pels carrers M\u00e9ndez N\u00fa\u00f1ez, Armany\u00e0, Adri\u00e0 i Pons d\u2019Icart. Pertany a la zona educativa 3, delimitada per la Rambla Nova, l\u2019Avinguda de Roma i el riu Francol\u00ed. Est\u00e0 adscrita a l\u2019INS Pons d\u2019Icart.<\/p>\n<p>La nostra \u00e9s una escola urbana, integrada en el seu entorn. El Teatre Metropol, el Palau de Congressos, la Biblioteca P\u00fablica, els monuments romans o la Catedral ens embolcallen d\u2019hist\u00f2ria i de patrimoni. Aquests referents culturals estan molt presents en el nostre quefer quotidi\u00e0 i esdevenen punt de refer\u00e8ncia en el nostre cam\u00ed. Creiem que la suscitaci\u00f3 del sentiment d\u2019identitat i pertinen\u00e7a a l\u2019escola o a la ciutat fomenta la ciutadania i ajuda el nostre alumnat a esdevenir millor persona.<\/p>\n<p>L\u2019escola Pau Delcl\u00f2s \u00e9s tan antiga que no s\u2019ha pogut esbrinar l\u2019any de fundaci\u00f3. En un primera ubicaci\u00f3 va estar a la Pla\u00e7a Prim. All\u00ed va ser on va rebre el nom que porta actualment, el d\u2019un mestre de l\u2019escola que va obtenir un gran reconeixement fins el punt que els seus ex-alumnes van promoure-li l\u2019homenatge de posar el seu nom a l\u2019escola, l\u2019any 1951. El 1977 es va traslladar al seu actual empla\u00e7ament.<\/p>\n","protected":false},"excerpt":{"rendered":"<p>L\u2019Escola Pau Delcl\u00f2s \u00e9s un centre d\u2019ensenyament infantil i primari de dues l\u00ednies. L\u2019escola s\u2019ubica en un edifici de quatre plantes situat al centre de Tarragona, amb fa\u00e7anes als carrers M\u00e9ndez N\u00fa\u00f1ez i Armany\u00e0. Gaudeix com a patis de l\u2019ampli espai del centre de l\u2019illa de cases formada pels carrers M\u00e9ndez N\u00fa\u00f1ez, Armany\u00e0, Adri\u00e0 i [&hellip;]<\/p>\n","protected":false},"author":1,"featured_media":0,"parent":0,"menu_order":0,"comment_status":"closed","ping_status":"closed","template":"","meta":{"_bbp_topic_count":0,"_bbp_reply_count":0,"_bbp_total_topic_count":0,"_bbp_total_reply_count":0,"_bbp_voice_count":0,"_bbp_anonymous_reply_count":0,"_bbp_topic_count_hidden":0,"_bbp_reply_count_hidden":0,"_bbp_forum_subforum_count":0,"site-sidebar-layout":"default","site-content-layout":"","ast-site-content-layout":"","site-content-style":"default","site-sidebar-style":"default","ast-global-header-display":"","ast-banner-title-visibility":"","ast-main-header-display":"","ast-hfb-above-header-display":"","ast-hfb-below-header-display":"","ast-hfb-mobile-header-display":"","site-post-title":"","ast-breadcrumbs-content":"","ast-featured-img":"","footer-sml-layout":"","theme-transparent-header-meta":"","adv-header-id-meta":"","stick-header-meta":"","header-above-stick-meta":"","header-main-stick-meta":"","header-below-stick-meta":"","astra-migrate-meta-layouts":"default","ast-page-background-enabled":"default","ast-page-background-meta":{"desktop":{"background-color":"var(--ast-global-color-4)","background-image":"","background-repeat":"repeat","background-position":"center center","background-size":"auto","background-attachment":"scroll","background-type":"","background-media":"","overlay-type":"","overlay-color":"","overlay-opacity":"","overlay-gradient":""},"tablet":{"background-color":"","background-image":"","background-repeat":"repeat","background-position":"center center","background-size":"auto","background-attachment":"scroll","background-type":"","background-media":"","overlay-type":"","overlay-color":"","overlay-opacity":"","overlay-gradient":""},"mobile":{"background-color":"","background-image":"","background-repeat":"repeat","background-position":"center center","background-size":"auto","background-attachment":"scroll","background-type":"","background-media":"","overlay-type":"","overlay-color":"","overlay-opacity":"","overlay-gradient":""}},"ast-content-background-meta":{"desktop":{"background-color":"var(--ast-global-color-5)","background-image":"","background-repeat":"repeat","background-position":"center center","background-size":"auto","background-attachment":"scroll","background-type":"","background-media":"","overlay-type":"","overlay-color":"","overlay-opacity":"","overlay-gradient":""},"tablet":{"background-color":"var(--ast-global-color-5)","background-image":"","background-repeat":"repeat","background-position":"center center","background-size":"auto","background-attachment":"scroll","background-type":"","background-media":"","overlay-type":"","overlay-color":"","overlay-opacity":"","overlay-gradient":""},"mobile":{"background-color":"var(--ast-global-color-5)","background-image":"","background-repeat":"repeat","background-position":"center center","background-size":"auto","background-attachment":"scroll","background-type":"","background-media":"","overlay-type":"","overlay-color":"","overlay-opacity":"","overlay-gradient":""}},"footnotes":""},"class_list":["post-652","page","type-page","status-publish","hentry"],"post_mailing_queue_ids":[],"_links":{"self":[{"href":"https:\/\/agora.xtec.cat\/escolapaudelclos\/wp-json\/wp\/v2\/pages\/652","targetHints":{"allow":["GET"]}}],"collection":[{"href":"https:\/\/agora.xtec.cat\/escolapaudelclos\/wp-json\/wp\/v2\/pages"}],"about":[{"href":"https:\/\/agora.xtec.cat\/escolapaudelclos\/wp-json\/wp\/v2\/types\/page"}],"author":[{"embeddable":true,"href":"https:\/\/agora.xtec.cat\/escolapaudelclos\/wp-json\/wp\/v2\/users\/1"}],"replies":[{"embeddable":true,"href":"https:\/\/agora.xtec.cat\/escolapaudelclos\/wp-json\/wp\/v2\/comments?post=652"}],"version-history":[{"count":1,"href":"https:\/\/agora.xtec.cat\/escolapaudelclos\/wp-json\/wp\/v2\/pages\/652\/revisions"}],"predecessor-version":[{"id":653,"href":"https:\/\/agora.xtec.cat\/escolapaudelclos\/wp-json\/wp\/v2\/pages\/652\/revisions\/653"}],"wp:attachment":[{"href":"https:\/\/agora.xtec.cat\/escolapaudelclos\/wp-json\/wp\/v2\/media?parent=652"}],"curies":[{"name":"wp","href":"https:\/\/api.w.org\/{rel}","templated":true}]}}