{"id":3755,"date":"2025-11-07T09:35:04","date_gmt":"2025-11-07T08:35:04","guid":{"rendered":"https:\/\/agora.xtec.cat\/escolapaudelclos\/?page_id=3755"},"modified":"2025-11-07T09:51:16","modified_gmt":"2025-11-07T08:51:16","slug":"afa-qui-som","status":"publish","type":"page","link":"https:\/\/agora.xtec.cat\/escolapaudelclos\/afa-qui-som\/","title":{"rendered":"AFA &#8211; Qui som?"},"content":{"rendered":"<h2 data-start=\"299\" data-end=\"322\">\ud83d\udc68\u200d\ud83d\udc69\u200d\ud83d\udc67\u200d\ud83d\udc66 Qui som?<\/h2>\n<p data-start=\"323\" data-end=\"596\">Som l\u2019<strong data-start=\"329\" data-end=\"371\">Associaci\u00f3 de Fam\u00edlies d\u2019Alumnes (AFA)<\/strong> de l\u2019Escola Pau Delcl\u00f2s.<br data-start=\"396\" data-end=\"399\" \/>Un grup de mares i pares que treballem <strong data-start=\"438\" data-end=\"462\">de manera volunt\u00e0ria<\/strong> per millorar el dia a dia de l\u2019escola i oferir al nostre alumnat una experi\u00e8ncia educativa m\u00e9s completa, enriquidora i participativa.<\/p>\n<p data-start=\"598\" data-end=\"779\">No obtenim cap benefici personal: tot el que fem \u00e9s per <strong data-start=\"654\" data-end=\"699\">impulsar projectes, activitats i millores<\/strong> per a tots els nens i nenes i per a la comunitat educativa de la nostra escola.<\/p>\n<hr data-start=\"781\" data-end=\"784\" \/>\n<h2 data-start=\"786\" data-end=\"810\">\ud83c\udfaf El nostre objectiu<\/h2>\n<p data-start=\"811\" data-end=\"1055\">Volem una <strong data-start=\"821\" data-end=\"861\">escola viva, oberta i col\u00b7laborativa<\/strong>, on les fam\u00edlies siguem part activa del projecte educatiu.<br data-start=\"920\" data-end=\"923\" \/>L\u2019AFA \u00e9s una eina per fer-ho possible: com m\u00e9s siguem, <strong data-start=\"978\" data-end=\"999\">m\u00e9s podem aportar<\/strong> al benestar i a l\u2019educaci\u00f3 dels nostres fills i filles.<\/p>\n<hr data-start=\"1057\" data-end=\"1060\" \/>\n<h2 data-start=\"1062\" data-end=\"1100\">\ud83d\udcb6 Quota i avantatges de ser soci\/a<\/h2>\n<p data-start=\"1101\" data-end=\"1256\">La quota anual \u00e9s de <strong data-start=\"1122\" data-end=\"1142\">30 \u20ac per fam\u00edlia<\/strong> (curs 2025-2026).<br data-start=\"1160\" data-end=\"1163\" \/>Amb aquesta aportaci\u00f3, les fam\u00edlies s\u00f2cies poden gaudir de nombrosos <strong data-start=\"1232\" data-end=\"1255\">serveis i beneficis<\/strong>:<\/p>\n<ul data-start=\"1258\" data-end=\"2081\">\n<li data-start=\"1258\" data-end=\"1345\">\n<p data-start=\"1260\" data-end=\"1345\">Participaci\u00f3 a les <strong data-start=\"1279\" data-end=\"1307\">activitats extraescolars<\/strong> i al servei d\u2019<strong data-start=\"1322\" data-end=\"1342\">acollida matinal<\/strong>.<\/p>\n<\/li>\n<li data-start=\"1346\" data-end=\"1415\">\n<p data-start=\"1348\" data-end=\"1415\">Acc\u00e9s a les <strong data-start=\"1360\" data-end=\"1389\">col\u00f2nies de Setmana Santa<\/strong> i al <strong data-start=\"1395\" data-end=\"1412\">casal d\u2019estiu<\/strong>.<\/p>\n<\/li>\n<li data-start=\"1416\" data-end=\"1494\">\n<p data-start=\"1418\" data-end=\"1494\">Subvencions i petits <strong data-start=\"1439\" data-end=\"1458\">detalls festius<\/strong> (regal del ti\u00f3, dels Reis, etc.).<\/p>\n<\/li>\n<li data-start=\"1495\" data-end=\"1589\">\n<p data-start=\"1497\" data-end=\"1589\"><strong data-start=\"1497\" data-end=\"1520\">Finan\u00e7ament parcial<\/strong> d\u2019espectacles i activitats culturals (Castanyada, Carnaval, etc.).<\/p>\n<\/li>\n<li data-start=\"1590\" data-end=\"1683\">\n<p data-start=\"1592\" data-end=\"1683\"><strong data-start=\"1592\" data-end=\"1616\">Projectes de millora<\/strong> dels espais de l\u2019escola (pintades, adequacions, decoracions&#8230;).<\/p>\n<\/li>\n<li data-start=\"1684\" data-end=\"1780\">\n<p data-start=\"1686\" data-end=\"1780\"><strong data-start=\"1686\" data-end=\"1696\">Festes<\/strong> al llarg del curs: inici, Nadal, Setmana Santa, final de curs, graduaci\u00f3 de 6\u00e8&#8230;<\/p>\n<\/li>\n<li data-start=\"1781\" data-end=\"1853\">\n<p data-start=\"1783\" data-end=\"1853\"><strong data-start=\"1783\" data-end=\"1805\">Berenars solidaris<\/strong> i <strong data-start=\"1808\" data-end=\"1820\">sortejos<\/strong> (com el de la mona de Pasqua).<\/p>\n<\/li>\n<li data-start=\"1854\" data-end=\"1922\">\n<p data-start=\"1856\" data-end=\"1922\"><strong data-start=\"1856\" data-end=\"1889\">Subvenci\u00f3 de 4 \u20ac per alumne\/a<\/strong> a la sortida de final de curs.<\/p>\n<\/li>\n<li data-start=\"1923\" data-end=\"2081\">\n<p data-start=\"1925\" data-end=\"2081\">En el cas de Prim\u00e0ria, acc\u00e9s al <strong data-start=\"1957\" data-end=\"1997\">Programa de Reutilitzaci\u00f3 de Llibres<\/strong>, que permet un <strong data-start=\"2013\" data-end=\"2043\">estalvi aproximat de 300 \u20ac<\/strong> respecte a la compra de llibres nous.<\/p>\n<\/li>\n<\/ul>\n<hr data-start=\"2083\" data-end=\"2086\" \/>\n<h2 data-start=\"2088\" data-end=\"2136\">\ud83d\udce3 La figura del delegat o delegada de classe<\/h2>\n<p data-start=\"2137\" data-end=\"2228\">\u00c9s una pe\u00e7a clau dins la comunitat educativa. Ser <strong data-start=\"2187\" data-end=\"2219\">delegat o delegada de classe<\/strong> vol dir:<\/p>\n<ul data-start=\"2230\" data-end=\"2511\">\n<li data-start=\"2230\" data-end=\"2296\">\n<p data-start=\"2232\" data-end=\"2296\">Ser <strong data-start=\"2236\" data-end=\"2256\">l\u2019enlla\u00e7 directe<\/strong> entre l\u2019escola, l\u2019AFA i les fam\u00edlies.<\/p>\n<\/li>\n<li data-start=\"2297\" data-end=\"2360\">\n<p data-start=\"2299\" data-end=\"2360\">Formar part del <strong data-start=\"2315\" data-end=\"2338\">grup de comunicaci\u00f3<\/strong> amb direcci\u00f3 i AFA.<\/p>\n<\/li>\n<li data-start=\"2361\" data-end=\"2443\">\n<p data-start=\"2363\" data-end=\"2443\">Reenviar la informaci\u00f3 de manera <strong data-start=\"2396\" data-end=\"2412\">clara i \u00e0gil<\/strong> a les fam\u00edlies de la classe.<\/p>\n<\/li>\n<li data-start=\"2444\" data-end=\"2511\">\n<p data-start=\"2446\" data-end=\"2511\">Donar suport quan calen <strong data-start=\"2470\" data-end=\"2484\">voluntaris<\/strong> per a activitats o festes.<\/p>\n<\/li>\n<\/ul>\n<p data-start=\"2513\" data-end=\"2760\">\u00c9s una tasca <strong data-start=\"2526\" data-end=\"2549\">senzilla i flexible<\/strong>. Si es vol, la funci\u00f3 pot <strong data-start=\"2576\" data-end=\"2591\">anar rotant<\/strong> (per exemple, cada trimestre una fam\u00edlia diferent).<br data-start=\"2643\" data-end=\"2646\" \/>A m\u00e9s, el grup de delegats pot servir per <strong data-start=\"2688\" data-end=\"2721\">resoldre dubtes del dia a dia<\/strong> (deures, recordatoris, activitats&#8230;).<\/p>\n<hr data-start=\"2762\" data-end=\"2765\" \/>\n<h2 data-start=\"2767\" data-end=\"2789\">\ud83d\ude4c Necessitem mans!<\/h2>\n<p data-start=\"2790\" data-end=\"2967\">Cada curs som poques les fam\u00edlies implicades a l\u2019AFA, i els nostres fills i filles es fan grans.<br data-start=\"2886\" data-end=\"2889\" \/>Perqu\u00e8 el projecte continu\u00ef viu, <strong data-start=\"2922\" data-end=\"2967\">necessitem noves fam\u00edlies que s\u2019hi sumin!<\/strong><\/p>\n<p data-start=\"2969\" data-end=\"3169\">Qualsevol ajuda \u00e9s benvinguda: per muntar festes, preparar activitats, pintar el pati o donar un cop de m\u00e0 en l\u2019organitzaci\u00f3.<br data-start=\"3094\" data-end=\"3097\" \/>Com m\u00e9s siguem, <strong data-start=\"3113\" data-end=\"3145\">m\u00e9s coses podrem fer plegats<\/strong> per a la nostra escola.<\/p>\n","protected":false},"excerpt":{"rendered":"<p>\ud83d\udc68\u200d\ud83d\udc69\u200d\ud83d\udc67\u200d\ud83d\udc66 Qui som? Som l\u2019Associaci\u00f3 de Fam\u00edlies d\u2019Alumnes (AFA) de l\u2019Escola Pau Delcl\u00f2s.Un grup de mares i pares que treballem de manera volunt\u00e0ria per millorar el dia a dia de l\u2019escola i oferir al nostre alumnat una experi\u00e8ncia educativa m\u00e9s completa, enriquidora i participativa. No obtenim cap benefici personal: tot el que fem \u00e9s per [&hellip;]<\/p>\n","protected":false},"author":1,"featured_media":0,"parent":0,"menu_order":0,"comment_status":"closed","ping_status":"closed","template":"","meta":{"_bbp_topic_count":0,"_bbp_reply_count":0,"_bbp_total_topic_count":0,"_bbp_total_reply_count":0,"_bbp_voice_count":0,"_bbp_anonymous_reply_count":0,"_bbp_topic_count_hidden":0,"_bbp_reply_count_hidden":0,"_bbp_forum_subforum_count":0,"site-sidebar-layout":"default","site-content-layout":"","ast-site-content-layout":"","site-content-style":"default","site-sidebar-style":"default","ast-global-header-display":"","ast-banner-title-visibility":"","ast-main-header-display":"","ast-hfb-above-header-display":"","ast-hfb-below-header-display":"","ast-hfb-mobile-header-display":"","site-post-title":"","ast-breadcrumbs-content":"","ast-featured-img":"","footer-sml-layout":"","theme-transparent-header-meta":"","adv-header-id-meta":"","stick-header-meta":"","header-above-stick-meta":"","header-main-stick-meta":"","header-below-stick-meta":"","astra-migrate-meta-layouts":"default","ast-page-background-enabled":"default","ast-page-background-meta":{"desktop":{"background-color":"var(--ast-global-color-4)","background-image":"","background-repeat":"repeat","background-position":"center center","background-size":"auto","background-attachment":"scroll","background-type":"","background-media":"","overlay-type":"","overlay-color":"","overlay-opacity":"","overlay-gradient":""},"tablet":{"background-color":"","background-image":"","background-repeat":"repeat","background-position":"center center","background-size":"auto","background-attachment":"scroll","background-type":"","background-media":"","overlay-type":"","overlay-color":"","overlay-opacity":"","overlay-gradient":""},"mobile":{"background-color":"","background-image":"","background-repeat":"repeat","background-position":"center center","background-size":"auto","background-attachment":"scroll","background-type":"","background-media":"","overlay-type":"","overlay-color":"","overlay-opacity":"","overlay-gradient":""}},"ast-content-background-meta":{"desktop":{"background-color":"var(--ast-global-color-5)","background-image":"","background-repeat":"repeat","background-position":"center center","background-size":"auto","background-attachment":"scroll","background-type":"","background-media":"","overlay-type":"","overlay-color":"","overlay-opacity":"","overlay-gradient":""},"tablet":{"background-color":"var(--ast-global-color-5)","background-image":"","background-repeat":"repeat","background-position":"center center","background-size":"auto","background-attachment":"scroll","background-type":"","background-media":"","overlay-type":"","overlay-color":"","overlay-opacity":"","overlay-gradient":""},"mobile":{"background-color":"var(--ast-global-color-5)","background-image":"","background-repeat":"repeat","background-position":"center center","background-size":"auto","background-attachment":"scroll","background-type":"","background-media":"","overlay-type":"","overlay-color":"","overlay-opacity":"","overlay-gradient":""}},"footnotes":""},"class_list":["post-3755","page","type-page","status-publish","hentry"],"post_mailing_queue_ids":[],"_links":{"self":[{"href":"https:\/\/agora.xtec.cat\/escolapaudelclos\/wp-json\/wp\/v2\/pages\/3755","targetHints":{"allow":["GET"]}}],"collection":[{"href":"https:\/\/agora.xtec.cat\/escolapaudelclos\/wp-json\/wp\/v2\/pages"}],"about":[{"href":"https:\/\/agora.xtec.cat\/escolapaudelclos\/wp-json\/wp\/v2\/types\/page"}],"author":[{"embeddable":true,"href":"https:\/\/agora.xtec.cat\/escolapaudelclos\/wp-json\/wp\/v2\/users\/1"}],"replies":[{"embeddable":true,"href":"https:\/\/agora.xtec.cat\/escolapaudelclos\/wp-json\/wp\/v2\/comments?post=3755"}],"version-history":[{"count":5,"href":"https:\/\/agora.xtec.cat\/escolapaudelclos\/wp-json\/wp\/v2\/pages\/3755\/revisions"}],"predecessor-version":[{"id":3764,"href":"https:\/\/agora.xtec.cat\/escolapaudelclos\/wp-json\/wp\/v2\/pages\/3755\/revisions\/3764"}],"wp:attachment":[{"href":"https:\/\/agora.xtec.cat\/escolapaudelclos\/wp-json\/wp\/v2\/media?parent=3755"}],"curies":[{"name":"wp","href":"https:\/\/api.w.org\/{rel}","templated":true}]}}