{"id":9,"date":"2014-09-17T15:08:18","date_gmt":"2014-09-17T14:08:18","guid":{"rendered":"http:\/\/agora.xtec.cat\/escolapau\/?page_id=9"},"modified":"2022-03-10T14:02:06","modified_gmt":"2022-03-10T13:02:06","slug":"pagina-dinici-buida","status":"publish","type":"page","link":"https:\/\/agora.xtec.cat\/escolapau\/pagina-dinici-buida\/","title":{"rendered":"VOLEM INTERNACIONALITZAR-NOS!!!"},"content":{"rendered":"<p>El passat 23 de febrer va finalitzar la convocat\u00f2ria per participar en el Programa Europeu Erasmus+.<\/p>\n<p>El nostre centre hi va participar amb l&#8217;objectiu de poder realitzar en l&#8217;estranger la formaci\u00f3 del professorat que ens permeti:<img loading=\"lazy\" decoding=\"async\" class=\"alignleft\" src=\"https:\/\/agora.xtec.cat\/escolapau\/wp-content\/uploads\/usu1926\/2022\/03\/Erasmus.jpeg\" width=\"273\" height=\"273\" \/><\/p>\n<ul>\n<li>Millorar les compet\u00e8ncies b\u00e0siques de l&#8217;alumnat en llengua anglesa i en compet\u00e8ncia digital.<\/li>\n<li>Introduir de forma progressiva una metodologia competencial de projectes a l&#8217;\u00e0rea de llengua anglesa.<\/li>\n<\/ul>\n<p><span class=\"hiddenGrammarError\">Altre<\/span>\u00a0gran objectiu d&#8217;aquest projecte \u00e9s obrir la nostra escola a Europa i al m\u00f3n. \u00c9s el primer pas per consolidar una din\u00e0mica d&#8217;intercanvis de la que es pugui beneficiar el conjunt de la comunitat educativa.<\/p>\n<p>La presentaci\u00f3 d&#8217;aquest projecte va directament lligada amb la realitzaci\u00f3 d&#8217;un projecte<br \/>\ne-<span class=\"hiddenSpellError\">Twinning<\/span>\u00a0amb l&#8217;alumnat de cicle mitj\u00e0.<\/p>\n<p>Els projectes\u00a0<span class=\"hiddenSpellError\">eTwinning<\/span> promouen la col\u00b7laboraci\u00f3 escolar en Europa utilitzant les tecnologies de la informaci\u00f3 i la comunicaci\u00f3 (TIC) i recolzen als centres escolars oferint-los les eines i els serveis necessaris que facilitin la seva associaci\u00f3 pel desenvolupament d&#8217;un projecte en com\u00fa.<\/p>\n<p>El nostre projecte e-Twinning es titula:<\/p>\n<p><strong><span class=\"hiddenSpellError\">What<\/span>\u00a0do\u00a0<span class=\"hiddenSpellError\">you<\/span>\u00a0<span class=\"hiddenGreenError\" style=\"padding-bottom: 2px; background-image: url('..\/..\/..\/..\/..\/images\/squiggle_green.png'); background-repeat: repeat-x; background-position: left bottom; cursor: default; color: #000000; font-family: 'Open Sans', Helvetica, Arial, sans-serif; font-size: 16px; font-style: normal; font-variant-ligatures: normal; font-variant-caps: normal; letter-spacing: normal; orphans: 2; text-align: start; text-indent: 0px; text-transform: none; white-space: normal; widows: 2; word-spacing: 0px; -webkit-text-stroke-width: 0px; text-decoration-thickness: initial; text-decoration-style: initial; text-decoration-color: initial;\">play<\/span>\u00a0<span class=\"hiddenSpellError\">at<\/span>\u00a0<span class=\"hiddenSpellError\">your<\/span>\u00a0<span class=\"hiddenSpellError\">school<\/span>? Let&#8217;s\u00a0<span class=\"hiddenGreenError\" style=\"padding-bottom: 2px; background-image: url('..\/..\/..\/..\/..\/images\/squiggle_green.png'); background-repeat: repeat-x; background-position: left bottom; cursor: default; color: #000000; font-family: 'Open Sans', Helvetica, Arial, sans-serif; font-size: 16px; font-style: normal; font-variant-ligatures: normal; font-variant-caps: normal; letter-spacing: normal; orphans: 2; text-align: start; text-indent: 0px; text-transform: none; white-space: normal; widows: 2; word-spacing: 0px; -webkit-text-stroke-width: 0px; text-decoration-thickness: initial; text-decoration-style: initial; text-decoration-color: initial;\">play together!<\/span><img decoding=\"async\" class=\"alignright\" src=\"https:\/\/agora.xtec.cat\/escolapau\/wp-content\/uploads\/usu1926\/2022\/03\/etwinning_-_imagen-300x120.png\" \/><\/strong><\/p>\n<p>Aquest projecte l&#8217;iniciarem aquest curs amb una escola de Turquia. Mitjan\u00e7ant un seguit d&#8217;activitats diverses els infants hauran de presentar-se, presentar el seu centre, triar jocs, explicar-los i compartir-los amb els companys\/es de l&#8217;altra escola. Tot aix\u00f2 fent servir l&#8217;angl\u00e8s com a llengua de comunicaci\u00f3.<\/p>\n<p>Tot plegat \u00e9s un gran repte que afrontem amb ganes i il\u00b7lusi\u00f3. Esperem poder informar-vos que el projecte Erasmus ha estat aprovat i del desenvolupament de les activitats del projecte <span class=\"hiddenSpellError\">eTwinning<\/span>.<\/p>\n<p>&nbsp;<\/p>\n<p><a href=\"https:\/\/agora.xtec.cat\/escolapau\/wp-content\/uploads\/usu1926\/2022\/02\/coollogo_com-21030630-1.png\"><img loading=\"lazy\" decoding=\"async\" class=\"aligncenter size-full wp-image-2265\" src=\"https:\/\/agora.xtec.cat\/escolapau\/wp-content\/uploads\/usu1926\/2022\/02\/coollogo_com-21030630-1.png\" alt=\"\" width=\"973\" height=\"85\" srcset=\"https:\/\/agora.xtec.cat\/escolapau\/wp-content\/uploads\/usu1926\/2022\/02\/coollogo_com-21030630-1.png 973w, https:\/\/agora.xtec.cat\/escolapau\/wp-content\/uploads\/usu1926\/2022\/02\/coollogo_com-21030630-1-300x26.png 300w, https:\/\/agora.xtec.cat\/escolapau\/wp-content\/uploads\/usu1926\/2022\/02\/coollogo_com-21030630-1-768x67.png 768w\" sizes=\"auto, (max-width: 973px) 100vw, 973px\" \/><\/a><\/p>\n<p><a href=\"https:\/\/agora.xtec.cat\/escolapau\/wp-content\/uploads\/usu1926\/2022\/02\/IMG_20220225_155927-scaled.jpg\"><img loading=\"lazy\" decoding=\"async\" class=\"aligncenter size-large wp-image-2267\" src=\"https:\/\/agora.xtec.cat\/escolapau\/wp-content\/uploads\/usu1926\/2022\/02\/IMG_20220225_155927-1024x781.jpg\" alt=\"\" width=\"1024\" height=\"781\" srcset=\"https:\/\/agora.xtec.cat\/escolapau\/wp-content\/uploads\/usu1926\/2022\/02\/IMG_20220225_155927-1024x781.jpg 1024w, https:\/\/agora.xtec.cat\/escolapau\/wp-content\/uploads\/usu1926\/2022\/02\/IMG_20220225_155927-300x229.jpg 300w, https:\/\/agora.xtec.cat\/escolapau\/wp-content\/uploads\/usu1926\/2022\/02\/IMG_20220225_155927-768x586.jpg 768w, https:\/\/agora.xtec.cat\/escolapau\/wp-content\/uploads\/usu1926\/2022\/02\/IMG_20220225_155927-1536x1172.jpg 1536w, https:\/\/agora.xtec.cat\/escolapau\/wp-content\/uploads\/usu1926\/2022\/02\/IMG_20220225_155927-2048x1562.jpg 2048w\" sizes=\"auto, (max-width: 1024px) 100vw, 1024px\" \/><\/a>Quina setmana de bojos!! Aquesta setmana no hem parat.<\/p>\n<p>Dilluns, a primera hora ja ten\u00edem als nens i nenes del Cicle Superior comprovant que tothom hagu\u00e9s complert les consignes&#8230; Cada dia ha estat una diferent i ha sigut molt divertit veure&#8217;ns tot@s guarnits. Un dia en pijama, cara pintada, disfressats d&#8217;oficis, pentinat estramb\u00f2tic<span class=\"hiddenGrammarError\">&#8230;.<\/span><\/p>\n<p>Dimarts, tots hem hagut d&#8217;afanyar-nos a donar els \u00faltims retocs a les nostres disfresses que hem realitzat amb materials reciclats perqu\u00e8 cada vegada en som m\u00e9s conscients de la necessitat de tenir cura del medi ambient.<\/p>\n<p>Dimecres vam fer la segona part de la sortida dels RASTRES que vam iniciar la setmana passada. Va ser\u00a0<span class=\"hiddenSpellError\">s\u00faperinteressant<\/span>!! Les c\u00e0meres d&#8217;infrarojos que vam connectar van detectar ocells, ratolins, fins i tot un porc senglar!!!<\/p>\n<p>Les bi\u00f2logues de La <span class=\"hiddenSpellError\">Sorellona<\/span>\u00a0ens van fer jocs per aprendre a diferenciar els diferents rastres i tamb\u00e9 vam fer un taller de petjades en fang. Hem apr\u00e8s\u00a0<span class=\"hiddenSpellError\">mooolt<\/span>!!<\/p>\n<p>Dijous, al mat\u00ed vam fer els tallers d&#8217;emocions subvencionats per l&#8217;Ajuntament i a la tarda vam anar tots junts a menjar la botifarra d&#8217;ou fora de l&#8217;escola.<\/p>\n<p>Divendres, la nostra escola es va convertir en un gran museu. Cada classe representava les obres d&#8217;un pintor o pintora que hav\u00edem estat treballant les setmanes anteriors:<\/p>\n<p>Piet Mondrian,\u00a0<span class=\"hiddenSpellError\">Yayoi<\/span>\u00a0<span class=\"hiddenSpellError\">Kusana<\/span><span class=\"hiddenGrammarError\">\u00a0,<\/span> Leonardo da Vinci i la il\u00b7lustradora catalana Montse Casas Sur\u00f2s.<\/p>\n<p>I les mestres les vigilants del museu!!<\/p>\n<p>La setmana vinent m\u00e9s i millor!!!\u00a0Hem\u00a0d&#8217;enterrar la sardina!!<\/p>\n<p>En aquests enlla\u00e7os trobareu les millors imatges de la setmana i anirem afegint m\u00e9s <a href=\"https:\/\/photos.app.goo.gl\/Zdge2dcgyxgZM2E28\">\u00a0Google Fotos<\/a><\/p>\n<p><a href=\"https:\/\/drive.google.com\/file\/d\/1ATGTOckM3nl5q27Iz-C5HmjWdP6xIhEX\/view?usp=sharing\">Rastres Sortida del Parc Natural del Cap de Creus<\/a><\/p>\n<p><a href=\"https:\/\/drive.google.com\/drive\/folders\/1pwix8Ihtbb7b0lAsoScxwbSOodrVTNu_?usp=sharing\">Carnestoltes\u00b422<\/a><\/p>\n<p><a href=\"https:\/\/photos.app.goo.gl\/Zdge2dcgyxgZM2E28\">Carnestoltes 2022 Google fotos<\/a><\/p>\n<p>&nbsp;<\/p>\n<p>&nbsp;<\/p>\n<p><strong>Xarxa d&#8217;escoles del Parc Natural de Cap de Creus<\/strong><\/p>\n<p>Estem &#8220;on\u00a0<span class=\"hiddenGreenError\" style=\"padding-bottom: 2px; background-image: url('..\/..\/..\/..\/..\/images\/squiggle_green.png'); background-repeat: repeat-x; background-position: left bottom; cursor: default; color: #000000; font-family: 'Open Sans', Helvetica, Arial, sans-serif; font-size: 16px; font-style: normal; font-variant-ligatures: normal; font-variant-caps: normal; font-weight: 300; letter-spacing: normal; orphans: 2; text-align: start; text-indent: 0px; text-transform: none; white-space: normal; widows: 2; word-spacing: 0px; -webkit-text-stroke-width: 0px; text-decoration-thickness: initial; text-decoration-style: initial; text-decoration-color: initial;\">fire<\/span>&#8221; amb aquest projecte tan interessant. El passat dia 27 de gener vam connectar amb la mare d&#8217;en Kilian Jornet,(ell no va poder arribar<span class=\"hiddenGrammarError\" style=\"padding-bottom: 2px; background-image: url('..\/..\/..\/..\/..\/images\/squiggle.png'); background-repeat: repeat-x; background-position: left bottom; cursor: default; color: #000000; font-family: 'Open Sans', Helvetica, Arial, sans-serif; font-size: 16px; font-style: normal; font-variant-ligatures: normal; font-variant-caps: normal; font-weight: 300; letter-spacing: normal; orphans: 2; text-align: start; text-indent: 0px; text-transform: none; white-space: normal; widows: 2; word-spacing: 0px; -webkit-text-stroke-width: 0px; text-decoration-thickness: initial; text-decoration-style: initial; text-decoration-color: initial;\"> \u2639\ud83d\ude13),<\/span>\u00a0que ens va fer una xerrada molt did\u00e0ctica sobre la necessitat de preservar el medi natural.<br \/>\nAquesta foto \u00e9s molt curiosa&#8230; la tecnologia ens permet connectar Noruega, l&#8217;escola i la casa de les quatre companyes que estaven confinades.<br \/>\n<a href=\"https:\/\/agora.xtec.cat\/escolapau\/wp-content\/uploads\/usu1926\/2022\/02\/WhatsApp-Image-2022-02-10-at-15.36.21.jpeg\"><img loading=\"lazy\" decoding=\"async\" class=\"aligncenter size-large wp-image-2256\" src=\"https:\/\/agora.xtec.cat\/escolapau\/wp-content\/uploads\/usu1926\/2022\/02\/WhatsApp-Image-2022-02-10-at-15.36.21-1024x472.jpeg\" alt=\"\" width=\"1024\" height=\"472\" srcset=\"https:\/\/agora.xtec.cat\/escolapau\/wp-content\/uploads\/usu1926\/2022\/02\/WhatsApp-Image-2022-02-10-at-15.36.21-1024x472.jpeg 1024w, https:\/\/agora.xtec.cat\/escolapau\/wp-content\/uploads\/usu1926\/2022\/02\/WhatsApp-Image-2022-02-10-at-15.36.21-300x138.jpeg 300w, https:\/\/agora.xtec.cat\/escolapau\/wp-content\/uploads\/usu1926\/2022\/02\/WhatsApp-Image-2022-02-10-at-15.36.21-768x354.jpeg 768w, https:\/\/agora.xtec.cat\/escolapau\/wp-content\/uploads\/usu1926\/2022\/02\/WhatsApp-Image-2022-02-10-at-15.36.21-1536x708.jpeg 1536w, https:\/\/agora.xtec.cat\/escolapau\/wp-content\/uploads\/usu1926\/2022\/02\/WhatsApp-Image-2022-02-10-at-15.36.21.jpeg 1600w\" sizes=\"auto, (max-width: 1024px) 100vw, 1024px\" \/><\/a><\/p>\n<p>Amb els alumnes del Cicle Mitj\u00e0 vam treballar a Angl\u00e8s el verb TO\u00a0<span class=\"hiddenSpellError\">HAVE<\/span>\u00a0i els animals a partir de la descripci\u00f3 dels ocells m\u00e9s comuns al Cap de Creus.<br \/>\n<a href=\"https:\/\/agora.xtec.cat\/escolapau\/wp-content\/uploads\/usu1926\/2022\/02\/WhatsApp-Image-2022-02-10-at-16.00.09.jpeg\"><img loading=\"lazy\" decoding=\"async\" class=\"wp-image-2257 alignleft\" src=\"https:\/\/agora.xtec.cat\/escolapau\/wp-content\/uploads\/usu1926\/2022\/02\/WhatsApp-Image-2022-02-10-at-16.00.09-812x1024.jpeg\" alt=\"\" width=\"282\" height=\"356\" srcset=\"https:\/\/agora.xtec.cat\/escolapau\/wp-content\/uploads\/usu1926\/2022\/02\/WhatsApp-Image-2022-02-10-at-16.00.09-812x1024.jpeg 812w, https:\/\/agora.xtec.cat\/escolapau\/wp-content\/uploads\/usu1926\/2022\/02\/WhatsApp-Image-2022-02-10-at-16.00.09-238x300.jpeg 238w, https:\/\/agora.xtec.cat\/escolapau\/wp-content\/uploads\/usu1926\/2022\/02\/WhatsApp-Image-2022-02-10-at-16.00.09-768x969.jpeg 768w, https:\/\/agora.xtec.cat\/escolapau\/wp-content\/uploads\/usu1926\/2022\/02\/WhatsApp-Image-2022-02-10-at-16.00.09-1217x1536.jpeg 1217w, https:\/\/agora.xtec.cat\/escolapau\/wp-content\/uploads\/usu1926\/2022\/02\/WhatsApp-Image-2022-02-10-at-16.00.09.jpeg 1268w\" sizes=\"auto, (max-width: 282px) 100vw, 282px\" \/><\/a> <a href=\"https:\/\/agora.xtec.cat\/escolapau\/wp-content\/uploads\/usu1926\/2022\/02\/WhatsApp-Image-2022-02-10-at-16.00.07.jpeg\"><img loading=\"lazy\" decoding=\"async\" class=\"wp-image-2258 alignleft\" src=\"https:\/\/agora.xtec.cat\/escolapau\/wp-content\/uploads\/usu1926\/2022\/02\/WhatsApp-Image-2022-02-10-at-16.00.07-740x1024.jpeg\" alt=\"\" width=\"263\" height=\"364\" srcset=\"https:\/\/agora.xtec.cat\/escolapau\/wp-content\/uploads\/usu1926\/2022\/02\/WhatsApp-Image-2022-02-10-at-16.00.07-740x1024.jpeg 740w, https:\/\/agora.xtec.cat\/escolapau\/wp-content\/uploads\/usu1926\/2022\/02\/WhatsApp-Image-2022-02-10-at-16.00.07-217x300.jpeg 217w, https:\/\/agora.xtec.cat\/escolapau\/wp-content\/uploads\/usu1926\/2022\/02\/WhatsApp-Image-2022-02-10-at-16.00.07-768x1062.jpeg 768w, https:\/\/agora.xtec.cat\/escolapau\/wp-content\/uploads\/usu1926\/2022\/02\/WhatsApp-Image-2022-02-10-at-16.00.07-1111x1536.jpeg 1111w, https:\/\/agora.xtec.cat\/escolapau\/wp-content\/uploads\/usu1926\/2022\/02\/WhatsApp-Image-2022-02-10-at-16.00.07.jpeg 1157w\" sizes=\"auto, (max-width: 263px) 100vw, 263px\" \/><\/a> <a href=\"https:\/\/agora.xtec.cat\/escolapau\/wp-content\/uploads\/usu1926\/2022\/02\/WhatsApp-Image-2022-02-10-at-16.00.09-3.jpeg\"><img loading=\"lazy\" decoding=\"async\" class=\"wp-image-2259 alignleft\" src=\"https:\/\/agora.xtec.cat\/escolapau\/wp-content\/uploads\/usu1926\/2022\/02\/WhatsApp-Image-2022-02-10-at-16.00.09-3-894x1024.jpeg\" alt=\"\" width=\"316\" height=\"361\" srcset=\"https:\/\/agora.xtec.cat\/escolapau\/wp-content\/uploads\/usu1926\/2022\/02\/WhatsApp-Image-2022-02-10-at-16.00.09-3-894x1024.jpeg 894w, https:\/\/agora.xtec.cat\/escolapau\/wp-content\/uploads\/usu1926\/2022\/02\/WhatsApp-Image-2022-02-10-at-16.00.09-3-262x300.jpeg 262w, https:\/\/agora.xtec.cat\/escolapau\/wp-content\/uploads\/usu1926\/2022\/02\/WhatsApp-Image-2022-02-10-at-16.00.09-3-768x880.jpeg 768w, https:\/\/agora.xtec.cat\/escolapau\/wp-content\/uploads\/usu1926\/2022\/02\/WhatsApp-Image-2022-02-10-at-16.00.09-3-1341x1536.jpeg 1341w, https:\/\/agora.xtec.cat\/escolapau\/wp-content\/uploads\/usu1926\/2022\/02\/WhatsApp-Image-2022-02-10-at-16.00.09-3.jpeg 1397w\" sizes=\"auto, (max-width: 316px) 100vw, 316px\" \/><\/a> <a href=\"https:\/\/agora.xtec.cat\/escolapau\/wp-content\/uploads\/usu1926\/2022\/02\/WhatsApp-Image-2022-02-10-at-16.00.09-2.jpeg\"><img loading=\"lazy\" decoding=\"async\" class=\"wp-image-2260 aligncenter\" src=\"https:\/\/agora.xtec.cat\/escolapau\/wp-content\/uploads\/usu1926\/2022\/02\/WhatsApp-Image-2022-02-10-at-16.00.09-2-1024x715.jpeg\" alt=\"\" width=\"466\" height=\"326\" srcset=\"https:\/\/agora.xtec.cat\/escolapau\/wp-content\/uploads\/usu1926\/2022\/02\/WhatsApp-Image-2022-02-10-at-16.00.09-2-1024x715.jpeg 1024w, https:\/\/agora.xtec.cat\/escolapau\/wp-content\/uploads\/usu1926\/2022\/02\/WhatsApp-Image-2022-02-10-at-16.00.09-2-300x209.jpeg 300w, https:\/\/agora.xtec.cat\/escolapau\/wp-content\/uploads\/usu1926\/2022\/02\/WhatsApp-Image-2022-02-10-at-16.00.09-2-768x536.jpeg 768w, https:\/\/agora.xtec.cat\/escolapau\/wp-content\/uploads\/usu1926\/2022\/02\/WhatsApp-Image-2022-02-10-at-16.00.09-2.jpeg 1309w\" sizes=\"auto, (max-width: 466px) 100vw, 466px\" \/><\/a><\/p>\n<p>I la setmana vinent realitzarem dos tallers de Reconeixement de Rastres amb sortida de tot el dia inclosa.<\/p>\n<p>Visca la Natura!!<\/p>\n<p>&nbsp;<\/p>\n<p>&nbsp;<\/p>\n<p>&nbsp;<\/p>\n<p>&nbsp;<\/p>\n<p>&nbsp;<\/p>\n<p>&nbsp;<\/p>\n<p>&nbsp;<\/p>\n<p>&nbsp;<\/p>\n<p>&nbsp;<\/p>\n<p>&nbsp;<\/p>\n<p>&nbsp;<\/p>\n<p>&nbsp;<\/p>\n<p>&nbsp;<\/p>\n<p>&nbsp;<\/p>\n<p>&nbsp;<\/p>\n<p>&nbsp;<\/p>\n<p>&nbsp;<\/p>\n<p>&nbsp;<\/p>\n<p>CAMPIONAT DE CATALUNYA DE NATACI\u00d3<\/p>\n<p><a href=\"https:\/\/agora.xtec.cat\/escolapau\/wp-content\/uploads\/usu1926\/2022\/02\/IMG_20220203_150547-scaled.jpg\"><img loading=\"lazy\" decoding=\"async\" class=\" wp-image-2251 alignleft\" src=\"https:\/\/agora.xtec.cat\/escolapau\/wp-content\/uploads\/usu1926\/2022\/02\/IMG_20220203_150547-1024x768.jpg\" alt=\"\" width=\"477\" height=\"358\" srcset=\"https:\/\/agora.xtec.cat\/escolapau\/wp-content\/uploads\/usu1926\/2022\/02\/IMG_20220203_150547-1024x768.jpg 1024w, https:\/\/agora.xtec.cat\/escolapau\/wp-content\/uploads\/usu1926\/2022\/02\/IMG_20220203_150547-300x225.jpg 300w, https:\/\/agora.xtec.cat\/escolapau\/wp-content\/uploads\/usu1926\/2022\/02\/IMG_20220203_150547-768x576.jpg 768w, https:\/\/agora.xtec.cat\/escolapau\/wp-content\/uploads\/usu1926\/2022\/02\/IMG_20220203_150547-1536x1152.jpg 1536w, https:\/\/agora.xtec.cat\/escolapau\/wp-content\/uploads\/usu1926\/2022\/02\/IMG_20220203_150547-2048x1536.jpg 2048w, https:\/\/agora.xtec.cat\/escolapau\/wp-content\/uploads\/usu1926\/2022\/02\/IMG_20220203_150547-200x150.jpg 200w\" sizes=\"auto, (max-width: 477px) 100vw, 477px\" \/><\/a>EIS passats dies 28 i 29 de gener, les nostres alumnes Bruna i Vinyet van participar en el Campionat de Catalunya de Nataci\u00f3. Totes dues van participar en diferents estils, papallona, bra\u00e7a, crol i esquena.<\/p>\n<p>La Vinyet es va classificar a la prova de 100\u202fm de papallona quedant 4a de Catalunya de la categoria Alev\u00ed i obtenint un diploma de reconeixement.<\/p>\n<p>&nbsp;<\/p>\n<p>Bravo per les nostres esportistes!!!<\/p>\n<p>&nbsp;<\/p>\n<p>&nbsp;<\/p>\n<p>&nbsp;<\/p>\n<p>&nbsp;<\/p>\n<p>&nbsp;<\/p>\n<p>CONCURS DE DIBUIX LLAGOSNET<\/p>\n<p>Coincidint amb el DIA MUNDIAL DE LA NETEJA DE MANS, el 15 d&#8217;octubre, l&#8217;empresa LLAGOSNET de Serveis de Neteja va organitzar un concurs de dibuix entre totes les escoles de Catalunya que volguessin participar, per crear la imatge de la mascota &#8220;SOM NETES&#8221;.<\/p>\n<p>El nostre alumne Uriel A, de 2n, ha guanyat el premi de la categoria de 6 a 9 anys.<\/p>\n<p><strong>El felicitem!!!!<\/strong><\/p>\n<p>L&#8217;Uriel rebr\u00e0 un joc d&#8217;Eurekacefa, l&#8217;escola un lot de productes de neteja i els alumnes de C. Inicial una motxilla amb el dibuix guanyador impr\u00e8s.<\/p>\n<p><a href=\"https:\/\/agora.xtec.cat\/escolapau\/wp-content\/uploads\/usu1926\/2022\/01\/IMG_20220120_154411-scaled.jpg\"><img loading=\"lazy\" decoding=\"async\" class=\"aligncenter size-large wp-image-2246\" src=\"https:\/\/agora.xtec.cat\/escolapau\/wp-content\/uploads\/usu1926\/2022\/01\/IMG_20220120_154411-1024x768.jpg\" alt=\"\" width=\"1024\" height=\"768\" srcset=\"https:\/\/agora.xtec.cat\/escolapau\/wp-content\/uploads\/usu1926\/2022\/01\/IMG_20220120_154411-1024x768.jpg 1024w, https:\/\/agora.xtec.cat\/escolapau\/wp-content\/uploads\/usu1926\/2022\/01\/IMG_20220120_154411-300x225.jpg 300w, https:\/\/agora.xtec.cat\/escolapau\/wp-content\/uploads\/usu1926\/2022\/01\/IMG_20220120_154411-768x576.jpg 768w, https:\/\/agora.xtec.cat\/escolapau\/wp-content\/uploads\/usu1926\/2022\/01\/IMG_20220120_154411-1536x1152.jpg 1536w, https:\/\/agora.xtec.cat\/escolapau\/wp-content\/uploads\/usu1926\/2022\/01\/IMG_20220120_154411-2048x1536.jpg 2048w, https:\/\/agora.xtec.cat\/escolapau\/wp-content\/uploads\/usu1926\/2022\/01\/IMG_20220120_154411-200x150.jpg 200w\" sizes=\"auto, (max-width: 1024px) 100vw, 1024px\" \/><\/a><\/p>\n<p>&nbsp;<\/p>\n<p><a href=\"https:\/\/agora.xtec.cat\/escolapau\/wp-content\/uploads\/usu1926\/2022\/01\/FESTIVAL-DE-NADAL-2.jpg\">FESTIVAL DE NADAL<\/a><\/p>\n<p><a href=\"https:\/\/agora.xtec.cat\/escolapau\/wp-content\/uploads\/usu1926\/2022\/01\/FESTIVAL-DE-NADAL-2.jpg\"><img loading=\"lazy\" decoding=\"async\" class=\"wp-image-2234 aligncenter\" src=\"https:\/\/agora.xtec.cat\/escolapau\/wp-content\/uploads\/usu1926\/2022\/01\/FESTIVAL-DE-NADAL-2-1024x576.jpg\" alt=\"\" width=\"969\" height=\"545\" srcset=\"https:\/\/agora.xtec.cat\/escolapau\/wp-content\/uploads\/usu1926\/2022\/01\/FESTIVAL-DE-NADAL-2-1024x576.jpg 1024w, https:\/\/agora.xtec.cat\/escolapau\/wp-content\/uploads\/usu1926\/2022\/01\/FESTIVAL-DE-NADAL-2-300x169.jpg 300w, https:\/\/agora.xtec.cat\/escolapau\/wp-content\/uploads\/usu1926\/2022\/01\/FESTIVAL-DE-NADAL-2-768x432.jpg 768w, https:\/\/agora.xtec.cat\/escolapau\/wp-content\/uploads\/usu1926\/2022\/01\/FESTIVAL-DE-NADAL-2.jpg 1280w\" sizes=\"auto, (max-width: 969px) 100vw, 969px\" \/><\/a><\/p>\n<p>Benvolgudes fam\u00edlies, enguany celebrem el Festival de Nadal d&#8217;una manera diferent. L&#8217;actual situaci\u00f3 ens est\u00e0 ensenyant a reinventar-nos i adaptar-nos; a qu\u00e8 si les coses no es poden fer com es tenien previstes, no passa res, sempre hi haur\u00e0 una soluci\u00f3.<\/p>\n<p>Aix\u00ed doncs, us presentem el nostre Festival de Nadal que\u00a0 podeu veure en streaming a partir d&#8217;avui 14 d gener a les 20:00h.<\/p>\n<p>Gaudiu de l&#8217;espectacle!!!!<\/p>\n<p><a href=\"https:\/\/youtu.be\/wx3Kh-TxquU\">Festival de Nadal. Escola Pau 2021-22<\/a><\/p>\n<p>&nbsp;<\/p>\n<p><strong>GIMCANA COOPERATIVA DE NADAL<\/strong><\/p>\n<p>&nbsp;<\/p>\n<p><a href=\"https:\/\/agora.xtec.cat\/escolapau\/wp-content\/uploads\/usu1926\/2021\/12\/unnamed-e1640086704873.jpg\"><img loading=\"lazy\" decoding=\"async\" class=\"wp-image-2200 alignnone\" src=\"https:\/\/agora.xtec.cat\/escolapau\/wp-content\/uploads\/usu1926\/2021\/12\/unnamed-e1640086704873.jpg\" alt=\"\" width=\"520\" height=\"435\" srcset=\"https:\/\/agora.xtec.cat\/escolapau\/wp-content\/uploads\/usu1926\/2021\/12\/unnamed-e1640086704873.jpg 308w, https:\/\/agora.xtec.cat\/escolapau\/wp-content\/uploads\/usu1926\/2021\/12\/unnamed-e1640086704873-300x250.jpg 300w\" sizes=\"auto, (max-width: 520px) 100vw, 520px\" \/><\/a><a href=\"https:\/\/agora.xtec.cat\/escolapau\/wp-content\/uploads\/usu1926\/2021\/12\/unnamed-e1640086704873.jpg\"><img loading=\"lazy\" decoding=\"async\" class=\"wp-image-2200 alignnone\" src=\"https:\/\/agora.xtec.cat\/escolapau\/wp-content\/uploads\/usu1926\/2021\/12\/unnamed-e1640086704873.jpg\" alt=\"\" width=\"520\" height=\"435\" srcset=\"https:\/\/agora.xtec.cat\/escolapau\/wp-content\/uploads\/usu1926\/2021\/12\/unnamed-e1640086704873.jpg 308w, https:\/\/agora.xtec.cat\/escolapau\/wp-content\/uploads\/usu1926\/2021\/12\/unnamed-e1640086704873-300x250.jpg 300w\" sizes=\"auto, (max-width: 520px) 100vw, 520px\" \/><\/a><\/p>\n<p>&nbsp;<\/p>\n<p>&nbsp;<\/p>\n<p>&nbsp;<\/p>\n<p>&nbsp;<\/p>\n<p>Aquest Nadal a l&#8217;escola no ha estat com havien previst, <strong>HEM TROBAT MOLT A FALTAR<\/strong> als companys i companyes confinats!!<\/p>\n<p>Quan\u00a0 tornem a estar tots i totes\u00a0 \u00a0farem el Ti\u00f3 i el Concert de Nadal (<strong>Practiqueu les can\u00e7ons!!!<\/strong>), per\u00f2 mentrestant hem fet l&#8217;AMIC INVISIBLE i una GIMCANA COOPERATIVA DE NADAL.<\/p>\n<p>Cada grup tenia un MAPA del poble, en paper, amb els llocs a on estaven les proves. Les proves les hem hagut de descobrir llegint el missatge amagat en un codi QR i en totes elles hem hagut de treballar plegats per assolir el nostre objectiu&#8230; fer un pessebre vivent, fer un dibuix tots a la vegada amb un sol llapis, fer una torre humana, cantar Nadales o fer una composici\u00f3 natural ef\u00edmera&#8230; I al final&#8230; un petit premi per desitjar-nos un BON NADAL!!!<\/p>\n<p>Aqu\u00ed teniu l&#8217;enlla\u00e7 de totes les fotos i la nostra selecci\u00f3 de Pessebres Vivents, s\u00f3n divertid\u00edssims!!<\/p>\n<p><a href=\"https:\/\/drive.google.com\/drive\/folders\/1HyAQNlpEPcp9bQVkTxDpao5OYxsht4N4?usp=sharing\">FOTOS GIMKANA COOPERATIVA<\/a><\/p>\n<p><a href=\"https:\/\/agora.xtec.cat\/escolapau\/wp-content\/uploads\/usu1926\/2021\/12\/WhatsApp-Image-2021-12-22-at-13.43.52-1.jpeg\"><img loading=\"lazy\" decoding=\"async\" class=\"wp-image-2219 alignleft\" src=\"https:\/\/agora.xtec.cat\/escolapau\/wp-content\/uploads\/usu1926\/2021\/12\/WhatsApp-Image-2021-12-22-at-13.43.52-1-768x1024.jpeg\" alt=\"\" width=\"330\" height=\"440\" srcset=\"https:\/\/agora.xtec.cat\/escolapau\/wp-content\/uploads\/usu1926\/2021\/12\/WhatsApp-Image-2021-12-22-at-13.43.52-1-768x1024.jpeg 768w, https:\/\/agora.xtec.cat\/escolapau\/wp-content\/uploads\/usu1926\/2021\/12\/WhatsApp-Image-2021-12-22-at-13.43.52-1-225x300.jpeg 225w, https:\/\/agora.xtec.cat\/escolapau\/wp-content\/uploads\/usu1926\/2021\/12\/WhatsApp-Image-2021-12-22-at-13.43.52-1-1152x1536.jpeg 1152w, https:\/\/agora.xtec.cat\/escolapau\/wp-content\/uploads\/usu1926\/2021\/12\/WhatsApp-Image-2021-12-22-at-13.43.52-1.jpeg 1200w\" sizes=\"auto, (max-width: 330px) 100vw, 330px\" \/><\/a><a href=\"https:\/\/agora.xtec.cat\/escolapau\/wp-content\/uploads\/usu1926\/2021\/12\/WhatsApp-Image-2021-12-28-at-20.03.18.jpeg\"><img loading=\"lazy\" decoding=\"async\" class=\"aligncenter wp-image-2217\" src=\"https:\/\/agora.xtec.cat\/escolapau\/wp-content\/uploads\/usu1926\/2021\/12\/WhatsApp-Image-2021-12-28-at-20.03.18-1024x768.jpeg\" alt=\"\" width=\"469\" height=\"352\" srcset=\"https:\/\/agora.xtec.cat\/escolapau\/wp-content\/uploads\/usu1926\/2021\/12\/WhatsApp-Image-2021-12-28-at-20.03.18-1024x768.jpeg 1024w, https:\/\/agora.xtec.cat\/escolapau\/wp-content\/uploads\/usu1926\/2021\/12\/WhatsApp-Image-2021-12-28-at-20.03.18-300x225.jpeg 300w, https:\/\/agora.xtec.cat\/escolapau\/wp-content\/uploads\/usu1926\/2021\/12\/WhatsApp-Image-2021-12-28-at-20.03.18-768x576.jpeg 768w, https:\/\/agora.xtec.cat\/escolapau\/wp-content\/uploads\/usu1926\/2021\/12\/WhatsApp-Image-2021-12-28-at-20.03.18-1536x1152.jpeg 1536w, https:\/\/agora.xtec.cat\/escolapau\/wp-content\/uploads\/usu1926\/2021\/12\/WhatsApp-Image-2021-12-28-at-20.03.18-200x150.jpeg 200w, https:\/\/agora.xtec.cat\/escolapau\/wp-content\/uploads\/usu1926\/2021\/12\/WhatsApp-Image-2021-12-28-at-20.03.18.jpeg 1600w\" sizes=\"auto, (max-width: 469px) 100vw, 469px\" \/><\/a><a href=\"https:\/\/agora.xtec.cat\/escolapau\/wp-content\/uploads\/usu1926\/2021\/12\/WhatsApp-Image-2021-12-22-at-22.33.49.jpeg\"><img loading=\"lazy\" decoding=\"async\" class=\"aligncenter size-large wp-image-2215\" src=\"https:\/\/agora.xtec.cat\/escolapau\/wp-content\/uploads\/usu1926\/2021\/12\/WhatsApp-Image-2021-12-22-at-22.33.49-1024x768.jpeg\" alt=\"\" width=\"1024\" height=\"768\" srcset=\"https:\/\/agora.xtec.cat\/escolapau\/wp-content\/uploads\/usu1926\/2021\/12\/WhatsApp-Image-2021-12-22-at-22.33.49-1024x768.jpeg 1024w, https:\/\/agora.xtec.cat\/escolapau\/wp-content\/uploads\/usu1926\/2021\/12\/WhatsApp-Image-2021-12-22-at-22.33.49-300x225.jpeg 300w, https:\/\/agora.xtec.cat\/escolapau\/wp-content\/uploads\/usu1926\/2021\/12\/WhatsApp-Image-2021-12-22-at-22.33.49-768x576.jpeg 768w, https:\/\/agora.xtec.cat\/escolapau\/wp-content\/uploads\/usu1926\/2021\/12\/WhatsApp-Image-2021-12-22-at-22.33.49-1536x1152.jpeg 1536w, https:\/\/agora.xtec.cat\/escolapau\/wp-content\/uploads\/usu1926\/2021\/12\/WhatsApp-Image-2021-12-22-at-22.33.49-200x150.jpeg 200w, https:\/\/agora.xtec.cat\/escolapau\/wp-content\/uploads\/usu1926\/2021\/12\/WhatsApp-Image-2021-12-22-at-22.33.49.jpeg 1600w\" sizes=\"auto, (max-width: 1024px) 100vw, 1024px\" \/><\/a> <a href=\"https:\/\/agora.xtec.cat\/escolapau\/wp-content\/uploads\/usu1926\/2021\/12\/WhatsApp-Image-2021-12-22-at-12.41.08-1.jpeg\"><img loading=\"lazy\" decoding=\"async\" class=\"aligncenter size-large wp-image-2220\" src=\"https:\/\/agora.xtec.cat\/escolapau\/wp-content\/uploads\/usu1926\/2021\/12\/WhatsApp-Image-2021-12-22-at-12.41.08-1-768x1024.jpeg\" alt=\"\" width=\"768\" height=\"1024\" srcset=\"https:\/\/agora.xtec.cat\/escolapau\/wp-content\/uploads\/usu1926\/2021\/12\/WhatsApp-Image-2021-12-22-at-12.41.08-1-768x1024.jpeg 768w, https:\/\/agora.xtec.cat\/escolapau\/wp-content\/uploads\/usu1926\/2021\/12\/WhatsApp-Image-2021-12-22-at-12.41.08-1-225x300.jpeg 225w, https:\/\/agora.xtec.cat\/escolapau\/wp-content\/uploads\/usu1926\/2021\/12\/WhatsApp-Image-2021-12-22-at-12.41.08-1-1152x1536.jpeg 1152w, https:\/\/agora.xtec.cat\/escolapau\/wp-content\/uploads\/usu1926\/2021\/12\/WhatsApp-Image-2021-12-22-at-12.41.08-1.jpeg 1536w\" sizes=\"auto, (max-width: 768px) 100vw, 768px\" \/><\/a><a href=\"https:\/\/agora.xtec.cat\/escolapau\/wp-content\/uploads\/usu1926\/2021\/12\/WhatsApp-Image-2021-12-28-at-20.03.18-1.jpeg\"><img loading=\"lazy\" decoding=\"async\" class=\"aligncenter wp-image-2216\" src=\"https:\/\/agora.xtec.cat\/escolapau\/wp-content\/uploads\/usu1926\/2021\/12\/WhatsApp-Image-2021-12-28-at-20.03.18-1-1024x768.jpeg\" alt=\"\" width=\"651\" height=\"488\" srcset=\"https:\/\/agora.xtec.cat\/escolapau\/wp-content\/uploads\/usu1926\/2021\/12\/WhatsApp-Image-2021-12-28-at-20.03.18-1-1024x768.jpeg 1024w, https:\/\/agora.xtec.cat\/escolapau\/wp-content\/uploads\/usu1926\/2021\/12\/WhatsApp-Image-2021-12-28-at-20.03.18-1-300x225.jpeg 300w, https:\/\/agora.xtec.cat\/escolapau\/wp-content\/uploads\/usu1926\/2021\/12\/WhatsApp-Image-2021-12-28-at-20.03.18-1-768x576.jpeg 768w, https:\/\/agora.xtec.cat\/escolapau\/wp-content\/uploads\/usu1926\/2021\/12\/WhatsApp-Image-2021-12-28-at-20.03.18-1-1536x1152.jpeg 1536w, https:\/\/agora.xtec.cat\/escolapau\/wp-content\/uploads\/usu1926\/2021\/12\/WhatsApp-Image-2021-12-28-at-20.03.18-1-200x150.jpeg 200w, https:\/\/agora.xtec.cat\/escolapau\/wp-content\/uploads\/usu1926\/2021\/12\/WhatsApp-Image-2021-12-28-at-20.03.18-1.jpeg 1600w\" sizes=\"auto, (max-width: 651px) 100vw, 651px\" \/><\/a><a href=\"https:\/\/agora.xtec.cat\/escolapau\/wp-content\/uploads\/usu1926\/2021\/12\/WhatsApp-Image-2021-12-22-at-16.18.40-1.jpeg\"><img loading=\"lazy\" decoding=\"async\" class=\"wp-image-2218 alignright\" src=\"https:\/\/agora.xtec.cat\/escolapau\/wp-content\/uploads\/usu1926\/2021\/12\/WhatsApp-Image-2021-12-22-at-16.18.40-1-1024x871.jpeg\" alt=\"\" width=\"333\" height=\"283\" srcset=\"https:\/\/agora.xtec.cat\/escolapau\/wp-content\/uploads\/usu1926\/2021\/12\/WhatsApp-Image-2021-12-22-at-16.18.40-1-1024x871.jpeg 1024w, https:\/\/agora.xtec.cat\/escolapau\/wp-content\/uploads\/usu1926\/2021\/12\/WhatsApp-Image-2021-12-22-at-16.18.40-1-300x255.jpeg 300w, https:\/\/agora.xtec.cat\/escolapau\/wp-content\/uploads\/usu1926\/2021\/12\/WhatsApp-Image-2021-12-22-at-16.18.40-1-768x653.jpeg 768w, https:\/\/agora.xtec.cat\/escolapau\/wp-content\/uploads\/usu1926\/2021\/12\/WhatsApp-Image-2021-12-22-at-16.18.40-1-1536x1307.jpeg 1536w, https:\/\/agora.xtec.cat\/escolapau\/wp-content\/uploads\/usu1926\/2021\/12\/WhatsApp-Image-2021-12-22-at-16.18.40-1.jpeg 2048w\" sizes=\"auto, (max-width: 333px) 100vw, 333px\" \/><\/a><\/p>\n<p>&nbsp;<\/p>\n<p>i si voleu m\u00e9s , els v\u00eddeos de les Nadales. BONES FESTES!!!!<\/p>\n<!--[if lt IE 9]><script>document.createElement('video');<\/script><![endif]-->\n\t<div class=\"wp-playlist wp-video-playlist wp-playlist-light\">\n\t\t<video controls=\"controls\" preload=\"none\" width=\"640\"\n\t\t height=\"362\"\t><\/video>\n\t<div class=\"wp-playlist-next\"><\/div>\n\t<div class=\"wp-playlist-prev\"><\/div>\n\t<noscript>\n\t<ol>\n\t\t<li><a href='https:\/\/agora.xtec.cat\/escolapau\/wp-content\/uploads\/usu1926\/2021\/12\/WhatsApp-Video-2021-12-28-at-22.17.54.mp4'>WhatsApp Video 2021-12-28 at 22.17.54<\/a><\/li><li><a href='https:\/\/agora.xtec.cat\/escolapau\/wp-content\/uploads\/usu1926\/2021\/12\/WhatsApp-Video-2021-12-28-at-21.59.05-2.mp4'>WhatsApp Video 2021-12-28 at 21.59.05<\/a><\/li><li><a href='https:\/\/agora.xtec.cat\/escolapau\/wp-content\/uploads\/usu1926\/2021\/12\/WhatsApp-Video-2021-12-22-at-12.41.07-2.mp4'>Cantada de Nadales<\/a><\/li>\t<\/ol>\n\t<\/noscript>\n\t<script type=\"application\/json\" class=\"wp-playlist-script\">{\"type\":\"video\",\"tracklist\":true,\"tracknumbers\":true,\"images\":true,\"artists\":true,\"tracks\":[{\"src\":\"https:\\\/\\\/agora.xtec.cat\\\/escolapau\\\/wp-content\\\/uploads\\\/usu1926\\\/2021\\\/12\\\/WhatsApp-Video-2021-12-28-at-22.17.54.mp4\",\"type\":\"video\\\/mp4\",\"title\":\"WhatsApp Video 2021-12-28 at 22.17.54\",\"caption\":\"\",\"description\":\"\",\"meta\":{\"length_formatted\":\"0:31\"},\"dimensions\":{\"original\":{\"width\":640,\"height\":352},\"resized\":{\"width\":640,\"height\":352}},\"image\":{\"src\":\"https:\\\/\\\/agora.xtec.cat\\\/escolapau\\\/wp-includes\\\/images\\\/media\\\/video.svg\",\"width\":48,\"height\":64},\"thumb\":{\"src\":\"https:\\\/\\\/agora.xtec.cat\\\/escolapau\\\/wp-includes\\\/images\\\/media\\\/video.svg\",\"width\":48,\"height\":64}},{\"src\":\"https:\\\/\\\/agora.xtec.cat\\\/escolapau\\\/wp-content\\\/uploads\\\/usu1926\\\/2021\\\/12\\\/WhatsApp-Video-2021-12-28-at-21.59.05-2.mp4\",\"type\":\"video\\\/mp4\",\"title\":\"WhatsApp Video 2021-12-28 at 21.59.05\",\"caption\":\"\",\"description\":\"\",\"meta\":{\"length_formatted\":\"0:25\"},\"dimensions\":{\"original\":{\"width\":640,\"height\":352},\"resized\":{\"width\":640,\"height\":352}},\"image\":{\"src\":\"https:\\\/\\\/agora.xtec.cat\\\/escolapau\\\/wp-includes\\\/images\\\/media\\\/video.svg\",\"width\":48,\"height\":64},\"thumb\":{\"src\":\"https:\\\/\\\/agora.xtec.cat\\\/escolapau\\\/wp-includes\\\/images\\\/media\\\/video.svg\",\"width\":48,\"height\":64}},{\"src\":\"https:\\\/\\\/agora.xtec.cat\\\/escolapau\\\/wp-content\\\/uploads\\\/usu1926\\\/2021\\\/12\\\/WhatsApp-Video-2021-12-22-at-12.41.07-2.mp4\",\"type\":\"video\\\/mp4\",\"title\":\"Cantada de Nadales\",\"caption\":\"\",\"description\":\"\",\"meta\":{\"length_formatted\":\"0:12\"},\"dimensions\":{\"original\":{\"width\":848,\"height\":480},\"resized\":{\"width\":640,\"height\":362}},\"image\":{\"src\":\"https:\\\/\\\/agora.xtec.cat\\\/escolapau\\\/wp-includes\\\/images\\\/media\\\/video.svg\",\"width\":48,\"height\":64},\"thumb\":{\"src\":\"https:\\\/\\\/agora.xtec.cat\\\/escolapau\\\/wp-includes\\\/images\\\/media\\\/video.svg\",\"width\":48,\"height\":64}}]}<\/script>\n<\/div>\n\t\n<p><a href=\"https:\/\/agora.xtec.cat\/escolapau\/wp-content\/uploads\/usu1926\/2021\/12\/coollogo_com-3531760.gif\"><img loading=\"lazy\" decoding=\"async\" class=\"wp-image-2176 alignleft\" src=\"https:\/\/agora.xtec.cat\/escolapau\/wp-content\/uploads\/usu1926\/2021\/12\/coollogo_com-3531760.gif\" alt=\"\" width=\"243\" height=\"120\" \/><\/a><\/p>\n<p><span style=\"font-weight: 400;\">Aquesta setmana amb els alumnes de CS i CM hem estat classificant les diferents RASTRES que ens vau enviar al m\u00f2bil\u00a0 de l&#8217;escola. Si sortiu a passejar i trobeu noves restes no deixeu d&#8217;enviar-nos les. Gr\u00e0cies!!!<\/span><\/p>\n<p>Aqu\u00ed us passem algunes imatges fent l&#8217;activitat.<\/p>\n\r\n\t<div class=\"slideshow_container slideshow_container_style-light\" style=\"height: 300px; \" data-slideshow-id=\"2177\" data-style-name=\"style-light\" data-style-version=\"2.3.1\" >\r\n\r\n\t\t\t\t\t<div class=\"slideshow_loading_icon\"><\/div>\r\n\t\t\r\n\t\t<div class=\"slideshow_content\" style=\"display: none;\">\r\n\r\n\t\t\t<div class=\"slideshow_view\">\r\n\t\t\t\t<div class=\"slideshow_slide slideshow_slide_image\">\r\n\t\t\t\t\t\t\t\t\t\t\t<img src=\"https:\/\/agora.xtec.cat\/escolapau\/wp-content\/uploads\/usu1926\/2021\/12\/WhatsApp-Image-2021-12-21-at-11.29.43-e1640083339209.jpeg\" alt=\"WhatsApp Image 2021-12-21 at 11.29.43\" width=\"1264\" height=\"920\" \/>\r\n\t\t\t\t\t\t\t\t\t\t<div class=\"slideshow_description_box slideshow_transparent\">\r\n\t\t\t\t\t\t<div class=\"slideshow_title\">WhatsApp Image 2021-12-21 at 11.29.43<\/div>\t\t\t\t\t\t\t\t\t\t\t<\/div>\r\n\t\t\t\t<\/div>\r\n\r\n\t\t\t\t\t\t<div style=\"clear: both;\"><\/div><\/div><div class=\"slideshow_view\">\r\n\t\t\t\t<div class=\"slideshow_slide slideshow_slide_image\">\r\n\t\t\t\t\t\t\t\t\t\t\t<img src=\"https:\/\/agora.xtec.cat\/escolapau\/wp-content\/uploads\/usu1926\/2021\/12\/WhatsApp-Image-2021-12-16-at-16.52.14.jpeg\" alt=\"WhatsApp Image 2021-12-16 at 16.52.14\" width=\"2048\" height=\"1536\" \/>\r\n\t\t\t\t\t\t\t\t\t\t<div class=\"slideshow_description_box slideshow_transparent\">\r\n\t\t\t\t\t\t<div class=\"slideshow_title\">WhatsApp Image 2021-12-16 at 16.52.14<\/div>\t\t\t\t\t\t\t\t\t\t\t<\/div>\r\n\t\t\t\t<\/div>\r\n\r\n\t\t\t\t\t\t<div style=\"clear: both;\"><\/div><\/div><div class=\"slideshow_view\">\r\n\t\t\t\t<div class=\"slideshow_slide slideshow_slide_image\">\r\n\t\t\t\t\t\t\t\t\t\t\t<img src=\"https:\/\/agora.xtec.cat\/escolapau\/wp-content\/uploads\/usu1926\/2021\/12\/WhatsApp-Image-2021-12-16-at-16.52.15.jpeg\" alt=\"WhatsApp Image 2021-12-16 at 16.52.15\" width=\"2048\" height=\"1536\" \/>\r\n\t\t\t\t\t\t\t\t\t\t<div class=\"slideshow_description_box slideshow_transparent\">\r\n\t\t\t\t\t\t<div class=\"slideshow_title\">WhatsApp Image 2021-12-16 at 16.52.15<\/div>\t\t\t\t\t\t\t\t\t\t\t<\/div>\r\n\t\t\t\t<\/div>\r\n\r\n\t\t\t\t\t\t<div style=\"clear: both;\"><\/div><\/div><div class=\"slideshow_view\">\r\n\t\t\t\t<div class=\"slideshow_slide slideshow_slide_image\">\r\n\t\t\t\t\t\t\t\t\t\t\t<img src=\"https:\/\/agora.xtec.cat\/escolapau\/wp-content\/uploads\/usu1926\/2021\/12\/WhatsApp-Image-2021-12-16-at-16.52.15-1.jpeg\" alt=\"WhatsApp Image 2021-12-16 at 16.52.15 (1)\" width=\"2048\" height=\"1536\" \/>\r\n\t\t\t\t\t\t\t\t\t\t<div class=\"slideshow_description_box slideshow_transparent\">\r\n\t\t\t\t\t\t<div class=\"slideshow_title\">WhatsApp Image 2021-12-16 at 16.52.15 (1)<\/div>\t\t\t\t\t\t\t\t\t\t\t<\/div>\r\n\t\t\t\t<\/div>\r\n\r\n\t\t\t\t\t\t<div style=\"clear: both;\"><\/div><\/div><div class=\"slideshow_view\">\r\n\t\t\t\t<div class=\"slideshow_slide slideshow_slide_image\">\r\n\t\t\t\t\t\t\t\t\t\t\t<img src=\"https:\/\/agora.xtec.cat\/escolapau\/wp-content\/uploads\/usu1926\/2021\/12\/WhatsApp-Image-2021-12-16-at-16.52.15-2.jpeg\" alt=\"WhatsApp Image 2021-12-16 at 16.52.15 (2)\" width=\"1536\" height=\"2048\" \/>\r\n\t\t\t\t\t\t\t\t\t\t<div class=\"slideshow_description_box slideshow_transparent\">\r\n\t\t\t\t\t\t<div class=\"slideshow_title\">WhatsApp Image 2021-12-16 at 16.52.15 (2)<\/div>\t\t\t\t\t\t\t\t\t\t\t<\/div>\r\n\t\t\t\t<\/div>\r\n\r\n\t\t\t\t\t\t<div style=\"clear: both;\"><\/div><\/div><div class=\"slideshow_view\">\r\n\t\t\t\t<div class=\"slideshow_slide slideshow_slide_image\">\r\n\t\t\t\t\t\t\t\t\t\t\t<img src=\"https:\/\/agora.xtec.cat\/escolapau\/wp-content\/uploads\/usu1926\/2021\/12\/WhatsApp-Image-2021-12-16-at-16.52.16.jpeg\" alt=\"WhatsApp Image 2021-12-16 at 16.52.16\" width=\"2048\" height=\"1536\" \/>\r\n\t\t\t\t\t\t\t\t\t\t<div class=\"slideshow_description_box slideshow_transparent\">\r\n\t\t\t\t\t\t<div class=\"slideshow_title\">WhatsApp Image 2021-12-16 at 16.52.16<\/div>\t\t\t\t\t\t\t\t\t\t\t<\/div>\r\n\t\t\t\t<\/div>\r\n\r\n\t\t\t\t\t\t<div style=\"clear: both;\"><\/div><\/div><div class=\"slideshow_view\">\r\n\t\t\t\t<div class=\"slideshow_slide slideshow_slide_image\">\r\n\t\t\t\t\t\t\t\t\t\t\t<img src=\"https:\/\/agora.xtec.cat\/escolapau\/wp-content\/uploads\/usu1926\/2021\/12\/WhatsApp-Image-2021-12-17-at-11.22.46.jpeg\" alt=\"WhatsApp Image 2021-12-17 at 11.22.46\" width=\"1536\" height=\"2048\" \/>\r\n\t\t\t\t\t\t\t\t\t\t<div class=\"slideshow_description_box slideshow_transparent\">\r\n\t\t\t\t\t\t<div class=\"slideshow_title\">WhatsApp Image 2021-12-17 at 11.22.46<\/div>\t\t\t\t\t\t\t\t\t\t\t<\/div>\r\n\t\t\t\t<\/div>\r\n\r\n\t\t\t\t\t\t<div style=\"clear: both;\"><\/div><\/div><div class=\"slideshow_view\">\r\n\t\t\t\t<div class=\"slideshow_slide slideshow_slide_image\">\r\n\t\t\t\t\t\t\t\t\t\t\t<img src=\"https:\/\/agora.xtec.cat\/escolapau\/wp-content\/uploads\/usu1926\/2021\/12\/WhatsApp-Image-2021-12-17-at-11.22.46-1.jpeg\" alt=\"WhatsApp Image 2021-12-17 at 11.22.46 (1)\" width=\"1536\" height=\"2048\" \/>\r\n\t\t\t\t\t\t\t\t\t\t<div class=\"slideshow_description_box slideshow_transparent\">\r\n\t\t\t\t\t\t<div class=\"slideshow_title\">WhatsApp Image 2021-12-17 at 11.22.46 (1)<\/div>\t\t\t\t\t\t\t\t\t\t\t<\/div>\r\n\t\t\t\t<\/div>\r\n\r\n\t\t\t\t\t\t<div style=\"clear: both;\"><\/div><\/div><div class=\"slideshow_view\">\r\n\t\t\t\t<div class=\"slideshow_slide slideshow_slide_image\">\r\n\t\t\t\t\t\t\t\t\t\t\t<img src=\"https:\/\/agora.xtec.cat\/escolapau\/wp-content\/uploads\/usu1926\/2021\/12\/WhatsApp-Image-2021-12-17-at-11.22.46-2.jpeg\" alt=\"WhatsApp Image 2021-12-17 at 11.22.46 (2)\" width=\"1536\" height=\"2048\" \/>\r\n\t\t\t\t\t\t\t\t\t\t<div class=\"slideshow_description_box slideshow_transparent\">\r\n\t\t\t\t\t\t<div class=\"slideshow_title\">WhatsApp Image 2021-12-17 at 11.22.46 (2)<\/div>\t\t\t\t\t\t\t\t\t\t\t<\/div>\r\n\t\t\t\t<\/div>\r\n\r\n\t\t\t\t\t\t<div style=\"clear: both;\"><\/div><\/div><div class=\"slideshow_view\">\r\n\t\t\t\t<div class=\"slideshow_slide slideshow_slide_image\">\r\n\t\t\t\t\t\t\t\t\t\t\t<img src=\"https:\/\/agora.xtec.cat\/escolapau\/wp-content\/uploads\/usu1926\/2021\/12\/WhatsApp-Image-2021-12-17-at-11.22.46-3.jpeg\" alt=\"WhatsApp Image 2021-12-17 at 11.22.46 (3)\" width=\"2048\" height=\"1536\" \/>\r\n\t\t\t\t\t\t\t\t\t\t<div class=\"slideshow_description_box slideshow_transparent\">\r\n\t\t\t\t\t\t<div class=\"slideshow_title\">WhatsApp Image 2021-12-17 at 11.22.46 (3)<\/div>\t\t\t\t\t\t\t\t\t\t\t<\/div>\r\n\t\t\t\t<\/div>\r\n\r\n\t\t\t\t\t\t<div style=\"clear: both;\"><\/div><\/div><div class=\"slideshow_view\">\r\n\t\t\t\t<div class=\"slideshow_slide slideshow_slide_image\">\r\n\t\t\t\t\t\t\t\t\t\t\t<img src=\"https:\/\/agora.xtec.cat\/escolapau\/wp-content\/uploads\/usu1926\/2021\/12\/WhatsApp-Image-2021-12-17-at-11.22.47.jpeg\" alt=\"WhatsApp Image 2021-12-17 at 11.22.47\" width=\"2048\" height=\"1536\" \/>\r\n\t\t\t\t\t\t\t\t\t\t<div class=\"slideshow_description_box slideshow_transparent\">\r\n\t\t\t\t\t\t<div class=\"slideshow_title\">WhatsApp Image 2021-12-17 at 11.22.47<\/div>\t\t\t\t\t\t\t\t\t\t\t<\/div>\r\n\t\t\t\t<\/div>\r\n\r\n\t\t\t\t\t\t<div style=\"clear: both;\"><\/div><\/div><div class=\"slideshow_view\">\r\n\t\t\t\t<div class=\"slideshow_slide slideshow_slide_image\">\r\n\t\t\t\t\t\t\t\t\t\t\t<img src=\"https:\/\/agora.xtec.cat\/escolapau\/wp-content\/uploads\/usu1926\/2021\/12\/WhatsApp-Image-2021-12-17-at-11.22.47-1.jpeg\" alt=\"WhatsApp Image 2021-12-17 at 11.22.47 (1)\" width=\"2048\" height=\"1536\" \/>\r\n\t\t\t\t\t\t\t\t\t\t<div class=\"slideshow_description_box slideshow_transparent\">\r\n\t\t\t\t\t\t<div class=\"slideshow_title\">WhatsApp Image 2021-12-17 at 11.22.47 (1)<\/div>\t\t\t\t\t\t\t\t\t\t\t<\/div>\r\n\t\t\t\t<\/div>\r\n\r\n\t\t\t\t\t\t<div style=\"clear: both;\"><\/div><\/div><div class=\"slideshow_view\">\r\n\t\t\t\t<div class=\"slideshow_slide slideshow_slide_image\">\r\n\t\t\t\t\t\t\t\t\t\t\t<img src=\"https:\/\/agora.xtec.cat\/escolapau\/wp-content\/uploads\/usu1926\/2021\/12\/WhatsApp-Image-2021-12-17-at-11.22.48.jpeg\" alt=\"WhatsApp Image 2021-12-17 at 11.22.48\" width=\"1536\" height=\"2048\" \/>\r\n\t\t\t\t\t\t\t\t\t\t<div class=\"slideshow_description_box slideshow_transparent\">\r\n\t\t\t\t\t\t<div class=\"slideshow_title\">WhatsApp Image 2021-12-17 at 11.22.48<\/div>\t\t\t\t\t\t\t\t\t\t\t<\/div>\r\n\t\t\t\t<\/div>\r\n\r\n\t\t\t\t\t\t<div style=\"clear: both;\"><\/div><\/div><div class=\"slideshow_view\">\r\n\t\t\t\t<div class=\"slideshow_slide slideshow_slide_image\">\r\n\t\t\t\t\t\t\t\t\t\t\t<img src=\"https:\/\/agora.xtec.cat\/escolapau\/wp-content\/uploads\/usu1926\/2021\/12\/WhatsApp-Image-2021-12-21-at-11.29.43-e1640083339209.jpeg\" alt=\"WhatsApp Image 2021-12-21 at 11.29.43\" width=\"1264\" height=\"920\" \/>\r\n\t\t\t\t\t\t\t\t\t\t<div class=\"slideshow_description_box slideshow_transparent\">\r\n\t\t\t\t\t\t<div class=\"slideshow_title\">WhatsApp Image 2021-12-21 at 11.29.43<\/div>\t\t\t\t\t\t\t\t\t\t\t<\/div>\r\n\t\t\t\t<\/div>\r\n\r\n\t\t\t\t\t\t<div style=\"clear: both;\"><\/div><\/div><div class=\"slideshow_view\">\r\n\t\t\t\t<div class=\"slideshow_slide slideshow_slide_image\">\r\n\t\t\t\t\t\t\t\t\t\t\t<img src=\"https:\/\/agora.xtec.cat\/escolapau\/wp-content\/uploads\/usu1926\/2021\/12\/WhatsApp-Image-2021-12-21-at-11.29.43-1.jpeg\" alt=\"WhatsApp Image 2021-12-21 at 11.29.43 (1)\" width=\"1992\" height=\"920\" \/>\r\n\t\t\t\t\t\t\t\t\t\t<div class=\"slideshow_description_box slideshow_transparent\">\r\n\t\t\t\t\t\t<div class=\"slideshow_title\">WhatsApp Image 2021-12-21 at 11.29.43 (1)<\/div>\t\t\t\t\t\t\t\t\t\t\t<\/div>\r\n\t\t\t\t<\/div>\r\n\r\n\t\t\t\t\t\t<div style=\"clear: both;\"><\/div><\/div>\r\n\t\t<\/div>\r\n\r\n\t\t<div class=\"slideshow_controlPanel slideshow_transparent\" style=\"display: none;\"><ul><li class=\"slideshow_togglePlay\" data-play-text=\"Visualitza\" data-pause-text=\"Pausa\"><\/li><\/ul><\/div>\r\n\r\n\t\t<div class=\"slideshow_button slideshow_previous slideshow_transparent\" role=\"button\" data-previous-text=\"Anterior\" style=\"display: none;\"><\/div>\r\n\t\t<div class=\"slideshow_button slideshow_next slideshow_transparent\" role=\"button\" data-next-text=\"Seg\u00fcent\" style=\"display: none;\"><\/div>\r\n\r\n\t\t<div class=\"slideshow_pagination\" style=\"display: none;\" data-go-to-text=\"V\u00e9s a la diapositiva\"><div class=\"slideshow_pagination_center\"><\/div><\/div>\r\n\r\n\t\t<!-- WordPress Slideshow Version 2.3.1 -->\r\n\r\n\t\t\t<\/div>\r\n\r\n\n<p><span style=\"font-weight: 400;\">Tamb\u00e9 hem treballat el <\/span><b>2n repte <\/b><span style=\"font-weight: 400;\">de la Xarxa d&#8217;escoles de Cap de Creus, <\/span><\/p>\n<p><span style=\"font-weight: 400;\">\u00a0 \u00a0 \u00a0 \u00a0 \u00a0 \u00a0 \u00a0 \u00a0 \u00a0 \u00a0 \u00a0 \u00a0 \u00a0 \u00a0 \u00a0 \u00a0 \u00a0 \u00a0 \u00a0<\/span><strong>UN NADAL SOSTENIBLE<a href=\"https:\/\/agora.xtec.cat\/escolapau\/wp-content\/uploads\/usu1926\/2021\/12\/imatge_per_xarxes.jpg\"><img loading=\"lazy\" decoding=\"async\" class=\"aligncenter wp-image-2196\" src=\"https:\/\/agora.xtec.cat\/escolapau\/wp-content\/uploads\/usu1926\/2021\/12\/imatge_per_xarxes.jpg\" alt=\"\" width=\"423\" height=\"599\" srcset=\"https:\/\/agora.xtec.cat\/escolapau\/wp-content\/uploads\/usu1926\/2021\/12\/imatge_per_xarxes.jpg 452w, https:\/\/agora.xtec.cat\/escolapau\/wp-content\/uploads\/usu1926\/2021\/12\/imatge_per_xarxes-212x300.jpg 212w\" sizes=\"auto, (max-width: 423px) 100vw, 423px\" \/><\/a><\/strong><\/p>\n<p>Hem reflexionat sobre la import\u00e0ncia de REDUIR, REUTILITZAR, RECICLAR per preservar el nostre entorn.<\/p>\n<p>&nbsp;<\/p>\n<p>&nbsp;<\/p>\n<p>CLOENDA DE LA SETMANA DE LA M\u00daSICA<\/p>\n<p><span style=\"font-family: inherit; font-size: 1em;\">I arribem al final d&#8217;aquesta setmana tan musical i intensa!<\/span><\/p>\n<p><a href=\"https:\/\/agora.xtec.cat\/escolapau\/wp-content\/uploads\/usu1926\/2021\/11\/IMG_20211126_103607-scaled.jpg\"><img loading=\"lazy\" decoding=\"async\" class=\"aligncenter size-large wp-image-2169\" src=\"https:\/\/agora.xtec.cat\/escolapau\/wp-content\/uploads\/usu1926\/2021\/11\/IMG_20211126_103607-1024x768.jpg\" alt=\"\" width=\"1024\" height=\"768\" srcset=\"https:\/\/agora.xtec.cat\/escolapau\/wp-content\/uploads\/usu1926\/2021\/11\/IMG_20211126_103607-1024x768.jpg 1024w, https:\/\/agora.xtec.cat\/escolapau\/wp-content\/uploads\/usu1926\/2021\/11\/IMG_20211126_103607-300x225.jpg 300w, https:\/\/agora.xtec.cat\/escolapau\/wp-content\/uploads\/usu1926\/2021\/11\/IMG_20211126_103607-768x576.jpg 768w, https:\/\/agora.xtec.cat\/escolapau\/wp-content\/uploads\/usu1926\/2021\/11\/IMG_20211126_103607-1536x1152.jpg 1536w, https:\/\/agora.xtec.cat\/escolapau\/wp-content\/uploads\/usu1926\/2021\/11\/IMG_20211126_103607-2048x1536.jpg 2048w, https:\/\/agora.xtec.cat\/escolapau\/wp-content\/uploads\/usu1926\/2021\/11\/IMG_20211126_103607-200x150.jpg 200w\" sizes=\"auto, (max-width: 1024px) 100vw, 1024px\" \/><\/a><\/p>\n<p>Com a cloenda final de la setmana, avui, els m\u00e9s petits hem gaudit d&#8217;un regal molt especial!! En Pau, de &#8220;El Pot Petit&#8221; , acompanyat d&#8217;un m\u00fasic d&#8217;excepci\u00f3, en Dalai de sis\u00e8, ens ha fet ballar com bojos al ritme dels &#8220;Pirates&#8221;, &#8220;El Lle\u00f3\u00a0 Vergony\u00f3s&#8221; o la &#8220;Gallina Tica&#8221;.<\/p>\n<p>Ahir vam tenir l&#8217;oportunitat de presenciar en directe el concert d&#8217;en\u00a0 Ernest Prana, germ\u00e0 de la nostra mestra de m\u00fasica, la Marina, potser el coneixeu&#8230; Ja t\u00e9 m\u00e9s de 100.000 seguidors al Tik-Tok!!\u00a0 En Prana, ens va delitar amb les seves can\u00e7ons i la Marina, que \u00e9s una artistassa!, tamb\u00e9 ens va regalar algunes de les seves can\u00e7ons.<\/p>\n<p><a href=\"https:\/\/agora.xtec.cat\/escolapau\/wp-content\/uploads\/usu1926\/2021\/11\/IMG_1686.heic\"><img loading=\"lazy\" decoding=\"async\" class=\"aligncenter size-large wp-image-2170\" src=\"https:\/\/agora.xtec.cat\/escolapau\/wp-content\/uploads\/usu1926\/2021\/11\/IMG_1686.heic\" alt=\"\" width=\"1\" height=\"1\" \/><\/a><a href=\"https:\/\/agora.xtec.cat\/escolapau\/wp-content\/uploads\/usu1926\/2021\/11\/1638023947948.jpg\"><img loading=\"lazy\" decoding=\"async\" class=\"aligncenter wp-image-2171\" src=\"https:\/\/agora.xtec.cat\/escolapau\/wp-content\/uploads\/usu1926\/2021\/11\/1638023947948-882x1024.jpg\" alt=\"\" width=\"413\" height=\"480\" srcset=\"https:\/\/agora.xtec.cat\/escolapau\/wp-content\/uploads\/usu1926\/2021\/11\/1638023947948-882x1024.jpg 882w, https:\/\/agora.xtec.cat\/escolapau\/wp-content\/uploads\/usu1926\/2021\/11\/1638023947948-258x300.jpg 258w, https:\/\/agora.xtec.cat\/escolapau\/wp-content\/uploads\/usu1926\/2021\/11\/1638023947948-768x892.jpg 768w, https:\/\/agora.xtec.cat\/escolapau\/wp-content\/uploads\/usu1926\/2021\/11\/1638023947948-1323x1536.jpg 1323w, https:\/\/agora.xtec.cat\/escolapau\/wp-content\/uploads\/usu1926\/2021\/11\/1638023947948-1764x2048.jpg 1764w, https:\/\/agora.xtec.cat\/escolapau\/wp-content\/uploads\/usu1926\/2021\/11\/1638023947948.jpg 1840w\" sizes=\"auto, (max-width: 413px) 100vw, 413px\" \/><\/a><\/p>\n<p style=\"text-align: left;\"><a href=\"https:\/\/agora.xtec.cat\/escolapau\/wp-content\/uploads\/usu1926\/2021\/11\/IMG_1686.heic\"><img loading=\"lazy\" decoding=\"async\" class=\"aligncenter size-large wp-image-2170\" src=\"https:\/\/agora.xtec.cat\/escolapau\/wp-content\/uploads\/usu1926\/2021\/11\/IMG_1686.heic\" alt=\"\" width=\"1\" height=\"1\" \/><\/a>Avui l&#8217;alumnat de cicle mitj\u00e0 i superior\u00a0hem\u00a0conegut els or\u00edgens del Rap als barris marginals de\u00a0<span class=\"hiddenGrammarError\" style=\"padding-bottom: 2px; background-image: url('..\/..\/..\/..\/..\/images\/squiggle.png'); background-repeat: repeat-x; background-position: left bottom; cursor: default; color: #000000; font-family: 'Open Sans', Helvetica, Arial, sans-serif; font-size: 16px; font-style: normal; font-variant-ligatures: normal; font-variant-caps: normal; font-weight: 300; letter-spacing: normal; orphans: 2; text-align: start; text-indent: 0px; text-transform: none; white-space: normal; widows: 2; word-spacing: 0px; -webkit-text-stroke-width: 0px; text-decoration-thickness: initial; text-decoration-style: initial; text-decoration-color: initial;\">New York<\/span>. O Suret \u00e9s cantant raper valenci\u00e0. O Suret t\u00e9 un canal de\u00a0YouTube\u00a0(El Rap Brut de la Ribera) i en un dels seus v\u00eddeos surt acompanyat de joves\u00a0<span class=\"hiddenGrammarError\">&#8220;<\/span>MENA&#8221; amb els que treballa en un centre com a educador. Les seves explicacions han estat molt interessants i han obert proper tema de reflexi\u00f3 per als alumnes del cicle superior entorn de la immigraci\u00f3. Hem acabat el taller fent &#8220;<span class=\"hiddenGrammarError\">pinitos<\/span>&#8221; en aix\u00f2 de rapejar que tamb\u00e9 \u00e9s tot un art!<\/p>\n<p><a href=\"https:\/\/agora.xtec.cat\/escolapau\/wp-content\/uploads\/usu1926\/2021\/11\/1638024521464.jpg\"><img loading=\"lazy\" decoding=\"async\" class=\"aligncenter wp-image-2172\" src=\"https:\/\/agora.xtec.cat\/escolapau\/wp-content\/uploads\/usu1926\/2021\/11\/1638024521464-736x1024.jpg\" alt=\"\" width=\"381\" height=\"530\" srcset=\"https:\/\/agora.xtec.cat\/escolapau\/wp-content\/uploads\/usu1926\/2021\/11\/1638024521464-736x1024.jpg 736w, https:\/\/agora.xtec.cat\/escolapau\/wp-content\/uploads\/usu1926\/2021\/11\/1638024521464-216x300.jpg 216w, https:\/\/agora.xtec.cat\/escolapau\/wp-content\/uploads\/usu1926\/2021\/11\/1638024521464-768x1068.jpg 768w, https:\/\/agora.xtec.cat\/escolapau\/wp-content\/uploads\/usu1926\/2021\/11\/1638024521464-1104x1536.jpg 1104w, https:\/\/agora.xtec.cat\/escolapau\/wp-content\/uploads\/usu1926\/2021\/11\/1638024521464-1473x2048.jpg 1473w, https:\/\/agora.xtec.cat\/escolapau\/wp-content\/uploads\/usu1926\/2021\/11\/1638024521464.jpg 1615w\" sizes=\"auto, (max-width: 381px) 100vw, 381px\" \/><\/a><\/p>\n<p>Les i els m\u00fasics convidats han rebut un diploma d&#8217;agra\u00efment per part de l&#8217;escola, i tots els infants uns ous musicals com a record d&#8217;una setmana molt i molt especial que no hagu\u00e9s estat possible sense la il\u00b7lusi\u00f3 de tots i l&#8217;empenta de la Marina i en Vicen\u00e7.<\/p>\n<p>Molt\u00edssimes gr\u00e0cies a tots i totes!!<\/p>\n<p>No deixeu de veure els millors moments a l&#8217;enlla\u00e7:<\/p>\n<p><a href=\"https:\/\/drive.google.com\/drive\/folders\/1aLbItkn-KNZum25IUijO8KDCsW2d8kXE?usp=sharing\">https:\/\/drive.google.com\/drive\/folders\/1aLbItkn-KNZum25IUijO8KDCsW2d8kXE?usp=sharing<\/a><\/p>\n<p><a href=\"https:\/\/agora.xtec.cat\/escolapau\/wp-content\/uploads\/usu1926\/2021\/11\/coollogo_com-208845603.png\"><img loading=\"lazy\" decoding=\"async\" class=\"aligncenter size-large wp-image-2143\" src=\"https:\/\/agora.xtec.cat\/escolapau\/wp-content\/uploads\/usu1926\/2021\/11\/coollogo_com-208845603-1024x234.png\" alt=\"\" width=\"1024\" height=\"234\" srcset=\"https:\/\/agora.xtec.cat\/escolapau\/wp-content\/uploads\/usu1926\/2021\/11\/coollogo_com-208845603-1024x234.png 1024w, https:\/\/agora.xtec.cat\/escolapau\/wp-content\/uploads\/usu1926\/2021\/11\/coollogo_com-208845603-300x69.png 300w, https:\/\/agora.xtec.cat\/escolapau\/wp-content\/uploads\/usu1926\/2021\/11\/coollogo_com-208845603-768x176.png 768w, https:\/\/agora.xtec.cat\/escolapau\/wp-content\/uploads\/usu1926\/2021\/11\/coollogo_com-208845603.png 1280w\" sizes=\"auto, (max-width: 1024px) 100vw, 1024px\" \/><\/a><\/p>\n<p><a href=\"https:\/\/agora.xtec.cat\/escolapau\/wp-content\/uploads\/usu1926\/2021\/11\/WhatsApp-Image-2021-11-23-at-19.21.47.jpeg\"><img loading=\"lazy\" decoding=\"async\" class=\"aligncenter size-large wp-image-2145\" src=\"https:\/\/agora.xtec.cat\/escolapau\/wp-content\/uploads\/usu1926\/2021\/11\/WhatsApp-Image-2021-11-23-at-19.21.47-1024x760.jpeg\" alt=\"\" width=\"1024\" height=\"760\" srcset=\"https:\/\/agora.xtec.cat\/escolapau\/wp-content\/uploads\/usu1926\/2021\/11\/WhatsApp-Image-2021-11-23-at-19.21.47-1024x760.jpeg 1024w, https:\/\/agora.xtec.cat\/escolapau\/wp-content\/uploads\/usu1926\/2021\/11\/WhatsApp-Image-2021-11-23-at-19.21.47-300x223.jpeg 300w, https:\/\/agora.xtec.cat\/escolapau\/wp-content\/uploads\/usu1926\/2021\/11\/WhatsApp-Image-2021-11-23-at-19.21.47-768x570.jpeg 768w, https:\/\/agora.xtec.cat\/escolapau\/wp-content\/uploads\/usu1926\/2021\/11\/WhatsApp-Image-2021-11-23-at-19.21.47.jpeg 1536w\" sizes=\"auto, (max-width: 1024px) 100vw, 1024px\" \/><\/a><\/p>\n<p style=\"text-align: left;\">Si\u00a0 passeu per l&#8217;escola aquesta\u00a0 setmana, veure que portem un ritme fren\u00e8tic!!!<\/p>\n<p style=\"text-align: left;\">Els nostres mestres de m\u00fasica, la Marina i en Vicen\u00e7, ens han organitzat una setmana\u00a0 plena de tallers,\u00a0 concerts i sorpreses!!<\/p>\n<p style=\"text-align: left;\">El dilluns 22, dia de Santa Cec\u00edlia, patrona de la m\u00fasica, vam inaugurar la setmana amb la lectura del preg\u00f3 i una Batucada\u00a0 amb la participaci\u00f3 de tot\u00a0 l&#8217;alumnat.<\/p>\n<p>Avui dimarts al mat\u00ed, hem instal\u00b7lat\u00a0<strong> l&#8217;Exposici\u00f3 d&#8217;Instruments Reciclats<\/strong> que hem elaborat amb les tutores. Cada instrument t\u00e9 un codi Qr que podeu escanejar amb el vostre m\u00f2bil i descobrir que amaga&#8230;.qui ha fet l&#8217;instrument, com s&#8217;ha preparat&#8230;\u00a0 US CONVIDEM A VISITAR L&#8217;EXPOSICI\u00d3 aprofitant les ELECCIONS AL CONSELL ESCOLAR del proper divendres 27.<\/p>\n<p>Els alumnes de Cicle Inicial, aquest mat\u00ed, hem conegut\u00a0 de la m\u00e0 de la Xell (m\u00fasica convidada), dos instruments de vent, la Tenora i el Tible. Ha estat un taller molt did\u00e0ctic que hem finalitzat aprenent a ballar Sardanes.<\/p>\n<p>I aquesta tarda hem gaudit d&#8217;un concert molt i molt especial, ple d&#8217;energia positiva en el que hem descobert als nostres companys i companyes m\u00fasics: la <strong>Carlota,<\/strong> en <strong>Benja<\/strong>, en <strong>Dalai,<\/strong> l&#8217;<strong>Emma<\/strong>, en <strong>Gergely<\/strong>\u00a0 i la <strong>Kamar<\/strong>. Un gran aprenentatge per tots plegats!<\/p>\n<p>Aqu\u00ed us passem l&#8217;enlla\u00e7 dels millors moments viscuts, per\u00f2&#8230; encara queda molta setmana per davant!!<\/p>\n<p><a href=\"https:\/\/drive.google.com\/drive\/folders\/1aLbItkn-KNZum25IUijO8KDCsW2d8kXE?usp=sharing\">https:\/\/drive.google.com\/drive\/folders\/1aLbItkn-KNZum25IUijO8KDCsW2d8kXE?usp=sharing<\/a><\/p>\n<p>&nbsp;<\/p>\n<p><a href=\"https:\/\/drive.google.com\/drive\/folders\/1aLbItkn-KNZum25IUijO8KDCsW2d8kXE?usp=sharing\">Batucada Concert Alumnes Taller Tenora Tible<\/a><\/p>\n<p>&nbsp;<\/p>\n<p>&nbsp;<\/p>\n<p>&nbsp;<\/p>\n<p>&nbsp;<\/p>\n<p>&nbsp;<\/p>\n<p>&nbsp;<\/p>\n<p style=\"text-align: left;\"><a href=\"https:\/\/agora.xtec.cat\/escolapau\/wp-content\/uploads\/usu1926\/2021\/11\/coollogo_com-208845603.png\"><img loading=\"lazy\" decoding=\"async\" class=\"aligncenter size-large wp-image-2143\" src=\"https:\/\/agora.xtec.cat\/escolapau\/wp-content\/uploads\/usu1926\/2021\/11\/coollogo_com-208845603-1024x234.png\" alt=\"\" width=\"1024\" height=\"234\" srcset=\"https:\/\/agora.xtec.cat\/escolapau\/wp-content\/uploads\/usu1926\/2021\/11\/coollogo_com-208845603-1024x234.png 1024w, https:\/\/agora.xtec.cat\/escolapau\/wp-content\/uploads\/usu1926\/2021\/11\/coollogo_com-208845603-300x69.png 300w, https:\/\/agora.xtec.cat\/escolapau\/wp-content\/uploads\/usu1926\/2021\/11\/coollogo_com-208845603-768x176.png 768w, https:\/\/agora.xtec.cat\/escolapau\/wp-content\/uploads\/usu1926\/2021\/11\/coollogo_com-208845603.png 1280w\" sizes=\"auto, (max-width: 1024px) 100vw, 1024px\" \/><\/a><\/p>\n<p style=\"text-align: left;\"><a href=\"https:\/\/agora.xtec.cat\/escolapau\/wp-content\/uploads\/usu1926\/2021\/11\/WhatsApp-Image-2021-11-23-at-19.21.47.jpeg\"><img loading=\"lazy\" decoding=\"async\" class=\"aligncenter size-large wp-image-2145\" src=\"https:\/\/agora.xtec.cat\/escolapau\/wp-content\/uploads\/usu1926\/2021\/11\/WhatsApp-Image-2021-11-23-at-19.21.47-1024x760.jpeg\" alt=\"\" width=\"1024\" height=\"760\" srcset=\"https:\/\/agora.xtec.cat\/escolapau\/wp-content\/uploads\/usu1926\/2021\/11\/WhatsApp-Image-2021-11-23-at-19.21.47-1024x760.jpeg 1024w, https:\/\/agora.xtec.cat\/escolapau\/wp-content\/uploads\/usu1926\/2021\/11\/WhatsApp-Image-2021-11-23-at-19.21.47-300x223.jpeg 300w, https:\/\/agora.xtec.cat\/escolapau\/wp-content\/uploads\/usu1926\/2021\/11\/WhatsApp-Image-2021-11-23-at-19.21.47-768x570.jpeg 768w, https:\/\/agora.xtec.cat\/escolapau\/wp-content\/uploads\/usu1926\/2021\/11\/WhatsApp-Image-2021-11-23-at-19.21.47.jpeg 1536w\" sizes=\"auto, (max-width: 1024px) 100vw, 1024px\" \/><\/a><\/p>\n<p style=\"text-align: left;\">Si\u00a0 passeu per l&#8217;escola aquesta\u00a0 setmana, veure que portem un ritme fren\u00e8tic!!!<\/p>\n<p style=\"text-align: left;\">Els nostres mestres de m\u00fasica, la Marina i en Vicen\u00e7, ens han organitzat una setmana\u00a0 plena de tallers,\u00a0 concerts i sorpreses!!<\/p>\n<p style=\"text-align: left;\">El dilluns 22, dia de Santa Cec\u00edlia, patrona de la m\u00fasica, vam inaugurar la setmana amb la lectura del preg\u00f3 i una Batucada\u00a0 amb la participaci\u00f3 de tot\u00a0 l&#8217;alumnat.<\/p>\n<p>Avui dimarts al mat\u00ed, hem instal\u00b7lat\u00a0<strong> l&#8217;Exposici\u00f3 d&#8217;Instruments Reciclats<\/strong> que hem elaborat amb les tutores. Cada instrument t\u00e9 un codi Qr que podeu escanejar amb el vostre m\u00f2bil i descobrir que amaga&#8230;.qui ha fet l&#8217;instrument, com s&#8217;ha preparat&#8230;\u00a0 US CONVIDEM A VISITAR L&#8217;EXPOSICI\u00d3 aprofitant les ELECCIONS AL CONSELL ESCOLAR de dem\u00e0\u00a0 24.<\/p>\n<p>Els alumnes de Cicle Inicial, aquest mat\u00ed, hem conegut\u00a0 de la m\u00e0 de la Xell (m\u00fasica convidada), dos instruments de vent, la Tenora i el Tible. Ha estat un taller molt did\u00e0ctic que hem finalitzat aprenent a ballar Sardanes.<\/p>\n<p>I aquesta tarda hem gaudit d&#8217;un concert molt i molt especial, ple d&#8217;energia positiva en el que hem descobert als nostres companys i companyes m\u00fasics: la <strong>Carlota,<\/strong> en <strong>Benja<\/strong>, en <strong>Dalai,<\/strong> l&#8217;<strong>Emma<\/strong>, en <strong>Gergely<\/strong>\u00a0 i la <strong>Kamar<\/strong>. Un gran aprenentatge per tots plegats!<\/p>\n<p>Aqu\u00ed us passem l&#8217;enlla\u00e7 dels millors moments viscuts, per\u00f2&#8230; encara queda molta setmana per davant!!<\/p>\n<p><a href=\"https:\/\/drive.google.com\/drive\/folders\/1aLbItkn-KNZum25IUijO8KDCsW2d8kXE?usp=sharing\">https:\/\/drive.google.com\/drive\/folders\/1aLbItkn-KNZum25IUijO8KDCsW2d8kXE?usp=sharing<\/a><\/p>\n<p>&nbsp;<\/p>\n<p>HEM CELEBRAT LA CASTANYADA<\/p>\n<p>El passat divendres 31 vam celebrar La Castanyada tots plegats. Al mat\u00ed l&#8217;alumnat d&#8217;Infantil i cicle Inicial va\u00a0 elaborar uns panellets bon\u00edssims que feien molt bona pinta! Els alumnes del cicle mitj\u00e0 van posar-se mans a l&#8217;obra fent uns collarets superbonics de castanyes. L&#8217;alumnat del cicle superior va fer un &#8220;Halloween Make-up Workshop&#8221;\u00a0 on vam experimentar com maquillar-nos ferides terror\u00edfiques.<\/p>\n<p>A la tarda vam trobar l&#8217;escola plena de castanyers i castanyeres d&#8217;all\u00f2 m\u00e9s guapos i guapes!! Van interpretar les danses que hav\u00edem preparat amb\u00a0 la Marina i el Vicen\u00e7 i, encara que el vent no ens ho va posar f\u00e0cil, vam fer-ho genial!<\/p>\n<p>Per acomiadar-nos vam menjar les castanyes, que sense l&#8217;ajut de l&#8217;Ivan i el seu company de la brigada no haguessin pogut fer.<\/p>\n<p><a href=\"https:\/\/agora.xtec.cat\/escolapau\/wp-content\/uploads\/usu1926\/2021\/11\/IMG_20211029_104755-scaled.jpg\">Aqu\u00ed us deixem l&#8217;enlla\u00e7 a les imatges d&#8217;aquesta diada de tardor.<\/a><a href=\"https:\/\/drive.google.com\/drive\/folders\/10IbSiWxMJ_dAQ09RGSbnnFn5q1tIezSr?usp=sharing\">https:\/\/drive.google.com\/drive\/folders\/10IbSiWxMJ_dAQ09RGSbnnFn5q1tIezSr?usp=sharing<\/a><a href=\"https:\/\/agora.xtec.cat\/escolapau\/wp-content\/uploads\/usu1926\/2021\/11\/IMG_20211029_104755-scaled.jpg\"><img loading=\"lazy\" decoding=\"async\" class=\"aligncenter size-large wp-image-2128\" src=\"https:\/\/agora.xtec.cat\/escolapau\/wp-content\/uploads\/usu1926\/2021\/11\/IMG_20211029_104755-1024x768.jpg\" alt=\"\" width=\"1024\" height=\"768\" srcset=\"https:\/\/agora.xtec.cat\/escolapau\/wp-content\/uploads\/usu1926\/2021\/11\/IMG_20211029_104755-1024x768.jpg 1024w, https:\/\/agora.xtec.cat\/escolapau\/wp-content\/uploads\/usu1926\/2021\/11\/IMG_20211029_104755-300x225.jpg 300w, https:\/\/agora.xtec.cat\/escolapau\/wp-content\/uploads\/usu1926\/2021\/11\/IMG_20211029_104755-768x576.jpg 768w, https:\/\/agora.xtec.cat\/escolapau\/wp-content\/uploads\/usu1926\/2021\/11\/IMG_20211029_104755-1536x1152.jpg 1536w, https:\/\/agora.xtec.cat\/escolapau\/wp-content\/uploads\/usu1926\/2021\/11\/IMG_20211029_104755-2048x1536.jpg 2048w, https:\/\/agora.xtec.cat\/escolapau\/wp-content\/uploads\/usu1926\/2021\/11\/IMG_20211029_104755-200x150.jpg 200w\" sizes=\"auto, (max-width: 1024px) 100vw, 1024px\" \/><\/a><\/p>\n<p>&nbsp;<\/p>\n<p><a href=\"https:\/\/agora.xtec.cat\/escolapau\/wp-content\/uploads\/usu1926\/2021\/11\/IMG_20211029_120533-1-scaled.jpg\"><img loading=\"lazy\" decoding=\"async\" class=\"aligncenter size-large wp-image-2138\" src=\"https:\/\/agora.xtec.cat\/escolapau\/wp-content\/uploads\/usu1926\/2021\/11\/IMG_20211029_120533-1-768x1024.jpg\" alt=\"\" width=\"768\" height=\"1024\" srcset=\"https:\/\/agora.xtec.cat\/escolapau\/wp-content\/uploads\/usu1926\/2021\/11\/IMG_20211029_120533-1-768x1024.jpg 768w, https:\/\/agora.xtec.cat\/escolapau\/wp-content\/uploads\/usu1926\/2021\/11\/IMG_20211029_120533-1-225x300.jpg 225w, https:\/\/agora.xtec.cat\/escolapau\/wp-content\/uploads\/usu1926\/2021\/11\/IMG_20211029_120533-1-1152x1536.jpg 1152w, https:\/\/agora.xtec.cat\/escolapau\/wp-content\/uploads\/usu1926\/2021\/11\/IMG_20211029_120533-1-1536x2048.jpg 1536w, https:\/\/agora.xtec.cat\/escolapau\/wp-content\/uploads\/usu1926\/2021\/11\/IMG_20211029_120533-1-scaled.jpg 1920w\" sizes=\"auto, (max-width: 768px) 100vw, 768px\" \/><\/a><\/p>\n<p><a href=\"https:\/\/agora.xtec.cat\/escolapau\/wp-content\/uploads\/usu1926\/2021\/11\/IMG_20211029_104558-scaled.jpg\"><img loading=\"lazy\" decoding=\"async\" class=\"aligncenter wp-image-2125\" src=\"https:\/\/agora.xtec.cat\/escolapau\/wp-content\/uploads\/usu1926\/2021\/11\/IMG_20211029_104558-1024x768.jpg\" alt=\"\" width=\"675\" height=\"506\" srcset=\"https:\/\/agora.xtec.cat\/escolapau\/wp-content\/uploads\/usu1926\/2021\/11\/IMG_20211029_104558-1024x768.jpg 1024w, https:\/\/agora.xtec.cat\/escolapau\/wp-content\/uploads\/usu1926\/2021\/11\/IMG_20211029_104558-300x225.jpg 300w, https:\/\/agora.xtec.cat\/escolapau\/wp-content\/uploads\/usu1926\/2021\/11\/IMG_20211029_104558-768x576.jpg 768w, https:\/\/agora.xtec.cat\/escolapau\/wp-content\/uploads\/usu1926\/2021\/11\/IMG_20211029_104558-1536x1152.jpg 1536w, https:\/\/agora.xtec.cat\/escolapau\/wp-content\/uploads\/usu1926\/2021\/11\/IMG_20211029_104558-2048x1536.jpg 2048w, https:\/\/agora.xtec.cat\/escolapau\/wp-content\/uploads\/usu1926\/2021\/11\/IMG_20211029_104558-200x150.jpg 200w\" sizes=\"auto, (max-width: 675px) 100vw, 675px\" \/><\/a><\/p>\n<p>&nbsp;<\/p>\n<p>&nbsp;<\/p>\n<p>&nbsp;<\/p>\n<p><strong>HOMENATGE AL MESTRE JOAN<\/strong><\/p>\n<p style=\"text-align: left;\">Despr\u00e9s de trenta-vuit anys dedicat a la doc\u00e8ncia; trenta-sis dels quals a l&#8217;escola de Pau; el Mestre i director de l&#8217;escola s&#8217;ha jubilat. Tota la comunitat educativa ha volgut retre-li un merescut homenatge coordinat per l&#8217;AMPA i el claustre actual de l&#8217;escola. El dimecres trenta de junyes va celebrar un emotiu comiat on van participar alumnes, exalumnes, pares, mares, mestres, monitors, representants de l&#8217;Ajuntament i un llarg etc\u00e8tera.<\/p>\n<p><a href=\"https:\/\/agora.xtec.cat\/escolapau\/wp-content\/uploads\/usu1926\/2021\/07\/WhatsApp-Image-2021-07-06-at-10.08.37.jpeg\"><img loading=\"lazy\" decoding=\"async\" class=\"aligncenter size-medium wp-image-2101\" src=\"https:\/\/agora.xtec.cat\/escolapau\/wp-content\/uploads\/usu1926\/2021\/07\/WhatsApp-Image-2021-07-06-at-10.08.37-300x172.jpeg\" alt=\"\" width=\"300\" height=\"172\" srcset=\"https:\/\/agora.xtec.cat\/escolapau\/wp-content\/uploads\/usu1926\/2021\/07\/WhatsApp-Image-2021-07-06-at-10.08.37-300x172.jpeg 300w, https:\/\/agora.xtec.cat\/escolapau\/wp-content\/uploads\/usu1926\/2021\/07\/WhatsApp-Image-2021-07-06-at-10.08.37-768x441.jpeg 768w, https:\/\/agora.xtec.cat\/escolapau\/wp-content\/uploads\/usu1926\/2021\/07\/WhatsApp-Image-2021-07-06-at-10.08.37-1024x588.jpeg 1024w, https:\/\/agora.xtec.cat\/escolapau\/wp-content\/uploads\/usu1926\/2021\/07\/WhatsApp-Image-2021-07-06-at-10.08.37.jpeg 1600w\" sizes=\"auto, (max-width: 300px) 100vw, 300px\" \/><\/a><\/p>\n<p>L&#8217;acte va ser molt emotiu i va agafar per sorpresa al Mestre que mai es podria haver imaginat aquest gran homenatge. El mestre, molt emocionat, va acabar l&#8217;acte agraint la col\u00b7laboraci\u00f3 i l&#8217;estima que ha rebut per part de tota la comunitat al llarg d&#8217;aquests anys.<\/p>\n<p>L&#8217;homenatge va tenir una gran repercussi\u00f3 medi\u00e0tica que podeu veure clicant als seg\u00fcents enlla\u00e7os:<\/p>\n<p><a href=\"https:\/\/drive.google.com\/file\/d\/1MwG3mrU_0S_YKf4gN0sGqZyOWg32pznm\/view?usp=sharing\">Carta al mestre &#8211; Revista el Roenc<\/a><\/p>\n<p><a href=\"http:\/\/www.pau.cat\/promocio-variable\/emotiva-festa-sorpresa-de-comiat-al-mestre\/\">Web Ajuntament<\/a><\/p>\n<p><a href=\"https:\/\/www.emporda.info\/educacio\/2021\/07\/03\/joan-clotas-mestre-i-director-54628910.html\">Setmanari Empord\u00e0<\/a><\/p>\n<h3 style=\"text-align: center;\"><span style=\"text-decoration: underline;\"><a href=\"https:\/\/preinscripcio.gencat.cat\/ca\/estudis\/infantil-3-6\/inici\/\">PREINSCRIPCI\u00d3 CURS 2021-2022<\/a><\/span><\/h3>\n<h4><em>Clica damunt la paraula preinscripci\u00f3 per a seguir tot el proc\u00e9s!\u00a0<\/em><\/h4>\n<h4><em>Pots visualitzar la nostra presentaci\u00f3 clicant damunt el genially!\u00a0<\/em><\/h4>\n<h3><a href=\"https:\/\/view.genial.ly\/604269c3bfab4f44fdb6245e\/presentation-portes-obertes\"><img loading=\"lazy\" decoding=\"async\" class=\"aligncenter wp-image-1787\" src=\"https:\/\/agora.xtec.cat\/escolapau\/wp-content\/uploads\/usu1926\/2021\/03\/Captura-de-pantalla-2021-03-05-a-las-18.30.25-1024x578.png\" alt=\"\" width=\"533\" height=\"301\" srcset=\"https:\/\/agora.xtec.cat\/escolapau\/wp-content\/uploads\/usu1926\/2021\/03\/Captura-de-pantalla-2021-03-05-a-las-18.30.25-1024x578.png 1024w, https:\/\/agora.xtec.cat\/escolapau\/wp-content\/uploads\/usu1926\/2021\/03\/Captura-de-pantalla-2021-03-05-a-las-18.30.25-300x169.png 300w, https:\/\/agora.xtec.cat\/escolapau\/wp-content\/uploads\/usu1926\/2021\/03\/Captura-de-pantalla-2021-03-05-a-las-18.30.25-768x433.png 768w, https:\/\/agora.xtec.cat\/escolapau\/wp-content\/uploads\/usu1926\/2021\/03\/Captura-de-pantalla-2021-03-05-a-las-18.30.25.png 1069w\" sizes=\"auto, (max-width: 533px) 100vw, 533px\" \/><\/a><\/h3>\n<p style=\"text-align: center;\"><sub>Clica sobre la imatge per veure la presentaci\u00f3.<\/sub><\/p>\n<h4><em><strong>No dubteu i veniu a visitar-nos personalment, estarem encantats de poder-vos mostrar i explicar com \u00e9s el nostre dia a dia.<\/strong><\/em><\/h4>\n<p>&nbsp;<\/p>\n<p>&nbsp;<\/p>\n","protected":false},"excerpt":{"rendered":"<p>El passat 23 de febrer va finalitzar la convocat\u00f2ria per participar en el Programa Europeu Erasmus+.<br \/>\nEl nostre centre hi va participar amb l&#8217;objectiu de poder realitzar en l&#8217;estranger la formaci\u00f3 del professorat que ens permeti:<\/p>\n<ul>\n<li>Millorar les compet\u00e8ncies b\u00e0siques de l&#8217;alumnat en llengua anglesa i en&hellip;  <a href=\"https:\/\/agora.xtec.cat\/escolapau\/pagina-dinici-buida\/\" title=\"Read VOLEM INTERNACIONALITZAR-NOS!!!\">Llegeix m\u00e9s\u00bb<\/a><br \/>\n","protected":false},"author":1,"featured_media":0,"parent":0,"menu_order":0,"comment_status":"closed","ping_status":"closed","template":"page-templates\/side-menu.php","meta":{"_bbp_topic_count":0,"_bbp_reply_count":0,"_bbp_total_topic_count":0,"_bbp_total_reply_count":0,"_bbp_voice_count":0,"_bbp_anonymous_reply_count":0,"_bbp_topic_count_hidden":0,"_bbp_reply_count_hidden":0,"_bbp_forum_subforum_count":0,"footnotes":""},"class_list":["post-9","page","type-page","status-publish","hentry"],"post_mailing_queue_ids":[],"_links":{"self":[{"href":"https:\/\/agora.xtec.cat\/escolapau\/wp-json\/wp\/v2\/pages\/9","targetHints":{"allow":["GET"]}}],"collection":[{"href":"https:\/\/agora.xtec.cat\/escolapau\/wp-json\/wp\/v2\/pages"}],"about":[{"href":"https:\/\/agora.xtec.cat\/escolapau\/wp-json\/wp\/v2\/types\/page"}],"author":[{"embeddable":true,"href":"https:\/\/agora.xtec.cat\/escolapau\/wp-json\/wp\/v2\/users\/1"}],"replies":[{"embeddable":true,"href":"https:\/\/agora.xtec.cat\/escolapau\/wp-json\/wp\/v2\/comments?post=9"}],"version-history":[{"count":6,"href":"https:\/\/agora.xtec.cat\/escolapau\/wp-json\/wp\/v2\/pages\/9\/revisions"}],"predecessor-version":[{"id":2334,"href":"https:\/\/agora.xtec.cat\/escolapau\/wp-json\/wp\/v2\/pages\/9\/revisions\/2334"}],"wp:attachment":[{"href":"https:\/\/agora.xtec.cat\/escolapau\/wp-json\/wp\/v2\/media?parent=9"}],"curies":[{"name":"wp","href":"https:\/\/api.w.org\/{rel}","templated":true}]}}