{"id":543,"date":"2019-02-05T15:52:57","date_gmt":"2019-02-05T14:52:57","guid":{"rendered":"https:\/\/agora.xtec.cat\/escolapau\/?page_id=543"},"modified":"2019-04-30T13:42:09","modified_gmt":"2019-04-30T11:42:09","slug":"mes-de-les-mates-febrer","status":"publish","type":"page","link":"https:\/\/agora.xtec.cat\/escolapau\/recursos\/mes-de-les-mates-febrer\/","title":{"rendered":"El febrer de les mates"},"content":{"rendered":"<h1 style=\"text-align: center;\">EL MES DE&#8230;<\/h1>\n<h3 style=\"text-align: center;\">LES MATEM\u00c0TIQUES!<\/h3>\n<p>En els seg\u00fcents enlla\u00e7os, trobareu moltes activitats perqu\u00e8 pugueu repassar, practicar i ampliar els continguts matem\u00e0tics:<\/p>\n<h4 style=\"text-align: center;\">EDUCACI\u00d3 INFANTIL<\/h4>\n<p><iframe loading=\"lazy\" src=\"https:\/\/www.symbaloo.com\/embed\/matesei5?\" name=\"_symFrame\" width=\"920px\" height=\"600px\" frameborder=\"0\"><\/iframe><\/p>\n<h4><\/h4>\n<h4 style=\"text-align: center;\"><strong>EDUCACI\u00d3 PRIM\u00c0RIA<\/strong><br \/>\n<iframe loading=\"lazy\" src=\"https:\/\/www.symbaloo.com\/embed\/matesprimaria?\" name=\"_symFrame\" width=\"920px\" height=\"600px\" frameborder=\"0\"><\/iframe><\/h4>\n<h4><\/h4>\n<h4 style=\"text-align: center;\">Si coneixeu algun recurs interessant, ens ho podeu fer saber i l&#8217;afegirem al nostre banc de recursos (symbaloo).<\/h4>\n<p>Esperem que en traieu profit i us ho passeu molt b\u00e9 alhora que apreneu.<\/p>\n","protected":false},"excerpt":{"rendered":"<p>EL MES DE&#8230;<br \/>\nLES MATEM\u00c0TIQUES!<br \/>\nEn els seg\u00fcents enlla\u00e7os, trobareu moltes activitats perqu\u00e8 pugueu repassar, practicar i ampliar els continguts matem\u00e0tics:<br \/>\nEDUCACI\u00d3 INFANTIL<\/p>\n<p>EDUCACI\u00d3 PRIM\u00c0RIA<\/p>\n<p>Si coneixeu algun recurs interessant, ens ho podeu fer saber i l&#8217;afegirem al nostre banc de recursos (symbaloo).<br \/>\nEsperem que en traieu profit i us ho&hellip;  <a href=\"https:\/\/agora.xtec.cat\/escolapau\/recursos\/mes-de-les-mates-febrer\/\" title=\"Read El febrer de les mates\">Llegeix m\u00e9s\u00bb<\/a><\/p>\n","protected":false},"author":1,"featured_media":0,"parent":511,"menu_order":0,"comment_status":"closed","ping_status":"closed","template":"","meta":{"_bbp_topic_count":0,"_bbp_reply_count":0,"_bbp_total_topic_count":0,"_bbp_total_reply_count":0,"_bbp_voice_count":0,"_bbp_anonymous_reply_count":0,"_bbp_topic_count_hidden":0,"_bbp_reply_count_hidden":0,"_bbp_forum_subforum_count":0,"footnotes":""},"class_list":["post-543","page","type-page","status-publish","hentry"],"post_mailing_queue_ids":[],"_links":{"self":[{"href":"https:\/\/agora.xtec.cat\/escolapau\/wp-json\/wp\/v2\/pages\/543","targetHints":{"allow":["GET"]}}],"collection":[{"href":"https:\/\/agora.xtec.cat\/escolapau\/wp-json\/wp\/v2\/pages"}],"about":[{"href":"https:\/\/agora.xtec.cat\/escolapau\/wp-json\/wp\/v2\/types\/page"}],"author":[{"embeddable":true,"href":"https:\/\/agora.xtec.cat\/escolapau\/wp-json\/wp\/v2\/users\/1"}],"replies":[{"embeddable":true,"href":"https:\/\/agora.xtec.cat\/escolapau\/wp-json\/wp\/v2\/comments?post=543"}],"version-history":[{"count":3,"href":"https:\/\/agora.xtec.cat\/escolapau\/wp-json\/wp\/v2\/pages\/543\/revisions"}],"predecessor-version":[{"id":776,"href":"https:\/\/agora.xtec.cat\/escolapau\/wp-json\/wp\/v2\/pages\/543\/revisions\/776"}],"up":[{"embeddable":true,"href":"https:\/\/agora.xtec.cat\/escolapau\/wp-json\/wp\/v2\/pages\/511"}],"wp:attachment":[{"href":"https:\/\/agora.xtec.cat\/escolapau\/wp-json\/wp\/v2\/media?parent=543"}],"curies":[{"name":"wp","href":"https:\/\/api.w.org\/{rel}","templated":true}]}}