{"id":2147,"date":"2021-11-23T21:23:39","date_gmt":"2021-11-23T20:23:39","guid":{"rendered":"https:\/\/agora.xtec.cat\/escolapau\/?page_id=2147"},"modified":"2021-11-27T16:17:58","modified_gmt":"2021-11-27T15:17:58","slug":"la-setmana-de-la-musica","status":"publish","type":"page","link":"https:\/\/agora.xtec.cat\/escolapau\/la-setmana-de-la-musica\/","title":{"rendered":"La CLOENDA de Setmana de la M\u00fasica."},"content":{"rendered":"<p><span style=\"font-family: inherit; font-size: 1em;\">I arribem al final d&#8217;aquesta setmana tan musical i intensa!<\/span><\/p>\n<p><a href=\"https:\/\/agora.xtec.cat\/escolapau\/wp-content\/uploads\/usu1926\/2021\/11\/IMG_20211126_103607-scaled.jpg\"><img loading=\"lazy\" decoding=\"async\" class=\"aligncenter size-large wp-image-2169\" src=\"https:\/\/agora.xtec.cat\/escolapau\/wp-content\/uploads\/usu1926\/2021\/11\/IMG_20211126_103607-1024x768.jpg\" alt=\"\" width=\"1024\" height=\"768\" srcset=\"https:\/\/agora.xtec.cat\/escolapau\/wp-content\/uploads\/usu1926\/2021\/11\/IMG_20211126_103607-1024x768.jpg 1024w, https:\/\/agora.xtec.cat\/escolapau\/wp-content\/uploads\/usu1926\/2021\/11\/IMG_20211126_103607-300x225.jpg 300w, https:\/\/agora.xtec.cat\/escolapau\/wp-content\/uploads\/usu1926\/2021\/11\/IMG_20211126_103607-768x576.jpg 768w, https:\/\/agora.xtec.cat\/escolapau\/wp-content\/uploads\/usu1926\/2021\/11\/IMG_20211126_103607-1536x1152.jpg 1536w, https:\/\/agora.xtec.cat\/escolapau\/wp-content\/uploads\/usu1926\/2021\/11\/IMG_20211126_103607-2048x1536.jpg 2048w, https:\/\/agora.xtec.cat\/escolapau\/wp-content\/uploads\/usu1926\/2021\/11\/IMG_20211126_103607-200x150.jpg 200w\" sizes=\"auto, (max-width: 1024px) 100vw, 1024px\" \/><\/a><\/p>\n<p>Com a cloenda final de la setmana, avui, els m\u00e9s petits hem gaudit d&#8217;un regal molt especial!! En Pau, de &#8220;El Pot Petit&#8221; , acompanyat d&#8217;un m\u00fasic d&#8217;excepci\u00f3, en Dalai de sis\u00e8, ens ha fet ballar com bojos al ritme dels &#8220;Pirates&#8221;, &#8220;El Lle\u00f3\u00a0 Vergony\u00f3s&#8221; o la &#8220;Gallina Tica&#8221;.<\/p>\n<p>Ahir vam tenir l&#8217;oportunitat de presenciar en directe al concert d&#8217;en\u00a0 Ernest Prana, germ\u00e0 de la nostra mestra de m\u00fasica, la Marina, potser el coneixeu&#8230; Ja t\u00e9 m\u00e9s de 100.000 seguidors al Tik-Tok!!\u00a0 En Prana, ens va delitar amb les seves can\u00e7ons i la Marina, que \u00e9s una artistassa!, tamb\u00e9 ens va regalar algunes de les seves can\u00e7ons.<\/p>\n<p><a href=\"https:\/\/agora.xtec.cat\/escolapau\/wp-content\/uploads\/usu1926\/2021\/11\/IMG_1686.heic\"><img loading=\"lazy\" decoding=\"async\" class=\"aligncenter size-large wp-image-2170\" src=\"https:\/\/agora.xtec.cat\/escolapau\/wp-content\/uploads\/usu1926\/2021\/11\/IMG_1686.heic\" alt=\"\" width=\"1\" height=\"1\" \/><\/a><a href=\"https:\/\/agora.xtec.cat\/escolapau\/wp-content\/uploads\/usu1926\/2021\/11\/1638023947948.jpg\"><img loading=\"lazy\" decoding=\"async\" class=\"aligncenter wp-image-2171\" src=\"https:\/\/agora.xtec.cat\/escolapau\/wp-content\/uploads\/usu1926\/2021\/11\/1638023947948-882x1024.jpg\" alt=\"\" width=\"413\" height=\"480\" srcset=\"https:\/\/agora.xtec.cat\/escolapau\/wp-content\/uploads\/usu1926\/2021\/11\/1638023947948-882x1024.jpg 882w, https:\/\/agora.xtec.cat\/escolapau\/wp-content\/uploads\/usu1926\/2021\/11\/1638023947948-258x300.jpg 258w, https:\/\/agora.xtec.cat\/escolapau\/wp-content\/uploads\/usu1926\/2021\/11\/1638023947948-768x892.jpg 768w, https:\/\/agora.xtec.cat\/escolapau\/wp-content\/uploads\/usu1926\/2021\/11\/1638023947948-1323x1536.jpg 1323w, https:\/\/agora.xtec.cat\/escolapau\/wp-content\/uploads\/usu1926\/2021\/11\/1638023947948-1764x2048.jpg 1764w, https:\/\/agora.xtec.cat\/escolapau\/wp-content\/uploads\/usu1926\/2021\/11\/1638023947948.jpg 1840w\" sizes=\"auto, (max-width: 413px) 100vw, 413px\" \/><\/a><\/p>\n<p style=\"text-align: left;\"><a href=\"https:\/\/agora.xtec.cat\/escolapau\/wp-content\/uploads\/usu1926\/2021\/11\/IMG_1686.heic\"><img loading=\"lazy\" decoding=\"async\" class=\"aligncenter size-large wp-image-2170\" src=\"https:\/\/agora.xtec.cat\/escolapau\/wp-content\/uploads\/usu1926\/2021\/11\/IMG_1686.heic\" alt=\"\" width=\"1\" height=\"1\" \/><\/a>Avui l&#8217;alumnat de cicle mitj\u00e0 i superior\u00a0hem\u00a0conegut els or\u00edgens del Rap als barris marginals de\u00a0<span class=\"hiddenGrammarError\" style=\"padding-bottom: 2px; background-image: url('..\/..\/..\/..\/..\/images\/squiggle.png'); background-repeat: repeat-x; background-position: left bottom; cursor: default; color: #000000; font-family: 'Open Sans', Helvetica, Arial, sans-serif; font-size: 16px; font-style: normal; font-variant-ligatures: normal; font-variant-caps: normal; font-weight: 300; letter-spacing: normal; orphans: 2; text-align: start; text-indent: 0px; text-transform: none; white-space: normal; widows: 2; word-spacing: 0px; -webkit-text-stroke-width: 0px; text-decoration-thickness: initial; text-decoration-style: initial; text-decoration-color: initial;\">New York<\/span>. O Suret \u00e9s cantant raper valenci\u00e0. O Suret t\u00e9 un canal de\u00a0YouTube\u00a0(El Rap Brut de la Ribera) i en un dels seus v\u00eddeos surt acompanyat de joves\u00a0<span class=\"hiddenGrammarError\">&#8220;<\/span>MENA&#8221; amb els que treballa en un centre com a educador. Les seves explicacions han estat molt interessants i han obert proper tema de reflexi\u00f3 pels alumnes del cicle superior entorn de la immigraci\u00f3. Hem acabat el taller fent &#8220;<span class=\"hiddenGrammarError\">pinitos<\/span>&#8221; en aix\u00f2 de rapejar que tamb\u00e9 \u00e9s tot un art!<\/p>\n<p><a href=\"https:\/\/agora.xtec.cat\/escolapau\/wp-content\/uploads\/usu1926\/2021\/11\/1638024521464.jpg\"><img loading=\"lazy\" decoding=\"async\" class=\"aligncenter wp-image-2172\" src=\"https:\/\/agora.xtec.cat\/escolapau\/wp-content\/uploads\/usu1926\/2021\/11\/1638024521464-736x1024.jpg\" alt=\"\" width=\"381\" height=\"530\" srcset=\"https:\/\/agora.xtec.cat\/escolapau\/wp-content\/uploads\/usu1926\/2021\/11\/1638024521464-736x1024.jpg 736w, https:\/\/agora.xtec.cat\/escolapau\/wp-content\/uploads\/usu1926\/2021\/11\/1638024521464-216x300.jpg 216w, https:\/\/agora.xtec.cat\/escolapau\/wp-content\/uploads\/usu1926\/2021\/11\/1638024521464-768x1068.jpg 768w, https:\/\/agora.xtec.cat\/escolapau\/wp-content\/uploads\/usu1926\/2021\/11\/1638024521464-1104x1536.jpg 1104w, https:\/\/agora.xtec.cat\/escolapau\/wp-content\/uploads\/usu1926\/2021\/11\/1638024521464-1473x2048.jpg 1473w, https:\/\/agora.xtec.cat\/escolapau\/wp-content\/uploads\/usu1926\/2021\/11\/1638024521464.jpg 1615w\" sizes=\"auto, (max-width: 381px) 100vw, 381px\" \/><\/a><\/p>\n<p>Les i els m\u00fasics convidats han rebut un diploma d&#8217;agra\u00efment per part de l&#8217;escola, i tots els infants uns ous musicals com a record d&#8217;una setmana molt i molt especial que no hagu\u00e9s estat possible sense la il\u00b7lusi\u00f3 de tots i l&#8217;empenta de la Marina i en Vicen\u00e7.<\/p>\n<p>Molt\u00edssimes gr\u00e0cies a tots i totes!!<\/p>\n<p>No deixeu de veure els millors moments a l&#8217;enlla\u00e7:<\/p>\n<p><a href=\"https:\/\/drive.google.com\/drive\/folders\/1aLbItkn-KNZum25IUijO8KDCsW2d8kXE?usp=sharing\">https:\/\/drive.google.com\/drive\/folders\/1aLbItkn-KNZum25IUijO8KDCsW2d8kXE?usp=sharing<\/a><\/p>\n<p><a href=\"https:\/\/agora.xtec.cat\/escolapau\/wp-content\/uploads\/usu1926\/2021\/11\/coollogo_com-208845603.png\"><img loading=\"lazy\" decoding=\"async\" class=\"aligncenter size-large wp-image-2143\" src=\"https:\/\/agora.xtec.cat\/escolapau\/wp-content\/uploads\/usu1926\/2021\/11\/coollogo_com-208845603-1024x234.png\" alt=\"\" width=\"1024\" height=\"234\" srcset=\"https:\/\/agora.xtec.cat\/escolapau\/wp-content\/uploads\/usu1926\/2021\/11\/coollogo_com-208845603-1024x234.png 1024w, https:\/\/agora.xtec.cat\/escolapau\/wp-content\/uploads\/usu1926\/2021\/11\/coollogo_com-208845603-300x69.png 300w, https:\/\/agora.xtec.cat\/escolapau\/wp-content\/uploads\/usu1926\/2021\/11\/coollogo_com-208845603-768x176.png 768w, https:\/\/agora.xtec.cat\/escolapau\/wp-content\/uploads\/usu1926\/2021\/11\/coollogo_com-208845603.png 1280w\" sizes=\"auto, (max-width: 1024px) 100vw, 1024px\" \/><\/a><\/p>\n<p><a href=\"https:\/\/agora.xtec.cat\/escolapau\/wp-content\/uploads\/usu1926\/2021\/11\/WhatsApp-Image-2021-11-23-at-19.21.47.jpeg\"><img loading=\"lazy\" decoding=\"async\" class=\"aligncenter size-large wp-image-2145\" src=\"https:\/\/agora.xtec.cat\/escolapau\/wp-content\/uploads\/usu1926\/2021\/11\/WhatsApp-Image-2021-11-23-at-19.21.47-1024x760.jpeg\" alt=\"\" width=\"1024\" height=\"760\" srcset=\"https:\/\/agora.xtec.cat\/escolapau\/wp-content\/uploads\/usu1926\/2021\/11\/WhatsApp-Image-2021-11-23-at-19.21.47-1024x760.jpeg 1024w, https:\/\/agora.xtec.cat\/escolapau\/wp-content\/uploads\/usu1926\/2021\/11\/WhatsApp-Image-2021-11-23-at-19.21.47-300x223.jpeg 300w, https:\/\/agora.xtec.cat\/escolapau\/wp-content\/uploads\/usu1926\/2021\/11\/WhatsApp-Image-2021-11-23-at-19.21.47-768x570.jpeg 768w, https:\/\/agora.xtec.cat\/escolapau\/wp-content\/uploads\/usu1926\/2021\/11\/WhatsApp-Image-2021-11-23-at-19.21.47.jpeg 1536w\" sizes=\"auto, (max-width: 1024px) 100vw, 1024px\" \/><\/a><\/p>\n<p style=\"text-align: left;\">Si\u00a0 passeu per l&#8217;escola aquesta\u00a0 setmana, veure que portem un ritme fren\u00e8tic!!!<\/p>\n<p style=\"text-align: left;\">Els nostres mestres de m\u00fasica, la Marina i en Vicen\u00e7, ens han organitzat una setmana\u00a0 plena de tallers,\u00a0 concerts i sorpreses!!<\/p>\n<p style=\"text-align: left;\">El dilluns 22, dia de Santa Cec\u00edlia, patrona de la m\u00fasica, vam inaugurar la setmana amb la lectura del preg\u00f3 i una Batucada\u00a0 amb la participaci\u00f3 de tot\u00a0 l&#8217;alumnat.<\/p>\n<p>Avui dimarts al mat\u00ed, hem instal\u00b7lat\u00a0<strong> l&#8217;Exposici\u00f3 d&#8217;Instruments Reciclats<\/strong> que hem elaborat amb les tutores. Cada instrument t\u00e9 un codi Qr que podeu escanejar amb el vostre m\u00f2bil i descobrir que amaga&#8230;.qui ha fet l&#8217;instrument, com s&#8217;ha preparat&#8230;\u00a0 US CONVIDEM A VISITAR L&#8217;EXPOSICI\u00d3 aprofitant les ELECCIONS AL CONSELL ESCOLAR del proper divendres 27.<\/p>\n<p>Els alumnes de Cicle Inicial, aquest mat\u00ed, hem conegut\u00a0 de la m\u00e0 de la Xell (m\u00fasica convidada), dos instruments de vent, la Tenora i el Tible. Ha estat un taller molt did\u00e0ctic que hem finalitzat aprenent a ballar Sardanes.<\/p>\n<p>I aquesta tarda hem gaudit d&#8217;un concert molt i molt especial, ple d&#8217;energia positiva en el que hem descobert als nostres companys i companyes m\u00fasics: la <strong>Carlota,<\/strong> en <strong>Benja<\/strong>, en <strong>Dalai,<\/strong> l&#8217;<strong>Emma<\/strong>, en <strong>Gergely<\/strong>\u00a0 i la <strong>Kamar<\/strong>. Un gran aprenentatge per tots plegats!<\/p>\n<p>Aqu\u00ed us passem l&#8217;enlla\u00e7 dels millors moments viscuts, per\u00f2&#8230; encara queda molta setmana per davant!!<\/p>\n<p><a href=\"https:\/\/drive.google.com\/drive\/folders\/1aLbItkn-KNZum25IUijO8KDCsW2d8kXE?usp=sharing\">https:\/\/drive.google.com\/drive\/folders\/1aLbItkn-KNZum25IUijO8KDCsW2d8kXE?usp=sharing<\/a><\/p>\n<p>&nbsp;<\/p>\n<p><a href=\"https:\/\/drive.google.com\/drive\/folders\/1aLbItkn-KNZum25IUijO8KDCsW2d8kXE?usp=sharing\">Batucada Concert Alumnes Taller Tenora Tible<\/a><\/p>\n<p>&nbsp;<\/p>\n<p>&nbsp;<\/p>\n<p>&nbsp;<\/p>\n<p>&nbsp;<\/p>\n<p>&nbsp;<\/p>\n<p>&nbsp;<\/p>\n","protected":false},"excerpt":{"rendered":"<p>I arribem al final d&#8217;aquesta setmana tan musical i intensa!<br \/>\n<a href=\"https:\/\/agora.xtec.cat\/escolapau\/wp-content\/uploads\/usu1926\/2021\/11\/IMG_20211126_103607-scaled.jpg\"><\/a><br \/>\nCom a cloenda final de la setmana, avui, els m\u00e9s petits hem gaudit d&#8217;un regal molt especial!! En Pau, de &#8220;El Pot Petit&#8221; , acompanyat d&#8217;un m\u00fasic d&#8217;excepci\u00f3, en Dalai de sis\u00e8, ens ha fet&hellip;  <a href=\"https:\/\/agora.xtec.cat\/escolapau\/la-setmana-de-la-musica\/\" title=\"Read La CLOENDA de Setmana de la M\u00fasica.\">Llegeix m\u00e9s\u00bb<\/a><\/p>\n","protected":false},"author":1,"featured_media":0,"parent":0,"menu_order":0,"comment_status":"closed","ping_status":"closed","template":"","meta":{"_bbp_topic_count":0,"_bbp_reply_count":0,"_bbp_total_topic_count":0,"_bbp_total_reply_count":0,"_bbp_voice_count":0,"_bbp_anonymous_reply_count":0,"_bbp_topic_count_hidden":0,"_bbp_reply_count_hidden":0,"_bbp_forum_subforum_count":0,"footnotes":""},"class_list":["post-2147","page","type-page","status-publish","hentry"],"post_mailing_queue_ids":[],"_links":{"self":[{"href":"https:\/\/agora.xtec.cat\/escolapau\/wp-json\/wp\/v2\/pages\/2147","targetHints":{"allow":["GET"]}}],"collection":[{"href":"https:\/\/agora.xtec.cat\/escolapau\/wp-json\/wp\/v2\/pages"}],"about":[{"href":"https:\/\/agora.xtec.cat\/escolapau\/wp-json\/wp\/v2\/types\/page"}],"author":[{"embeddable":true,"href":"https:\/\/agora.xtec.cat\/escolapau\/wp-json\/wp\/v2\/users\/1"}],"replies":[{"embeddable":true,"href":"https:\/\/agora.xtec.cat\/escolapau\/wp-json\/wp\/v2\/comments?post=2147"}],"version-history":[{"count":3,"href":"https:\/\/agora.xtec.cat\/escolapau\/wp-json\/wp\/v2\/pages\/2147\/revisions"}],"predecessor-version":[{"id":2166,"href":"https:\/\/agora.xtec.cat\/escolapau\/wp-json\/wp\/v2\/pages\/2147\/revisions\/2166"}],"wp:attachment":[{"href":"https:\/\/agora.xtec.cat\/escolapau\/wp-json\/wp\/v2\/media?parent=2147"}],"curies":[{"name":"wp","href":"https:\/\/api.w.org\/{rel}","templated":true}]}}