{"id":886,"date":"2020-01-24T10:04:39","date_gmt":"2020-01-24T09:04:39","guid":{"rendered":"http:\/\/agora.xtec.cat\/escolapacocandel\/?page_id=886"},"modified":"2024-02-22T12:46:38","modified_gmt":"2024-02-22T11:46:38","slug":"educacio-emocional","status":"publish","type":"page","link":"https:\/\/agora.xtec.cat\/escolapacocandel\/projecte-educatiu\/educacio-emocional\/","title":{"rendered":"Educaci\u00f3 emocional"},"content":{"rendered":"<p style=\"text-align: justify;\">El Projecte d\u2019Educaci\u00f3 Emocional de l\u2019escola Paco Candel est\u00e0 orientat a afavorir els processos de desenvolupament integral de l\u2019alumnat, facilitant el seu creixement personal d\u2019aprenentatge.<br \/>\nQuan parlem d\u2019educaci\u00f3 emocional, parlem del desenvolupament d\u2019habilitats socioemocionals que activen la nostra intel\u00b7lig\u00e8ncia amb el fi de generar benestar intern, com a \u00e9ssers humans integrals, i externs, dins la comunitat. Creiem en educar les emocions, com a proc\u00e9s i com a objectiu, resulta ideal per poder potenciar les caracter\u00edstiques individuals i aix\u00ed generar una personalitat saludable que ens permet interactuar m\u00e9s adaptativament amb el nostre entorn (relacional i ambiental). Un clima de benestar a l\u2019escola presenta efectes psicol\u00f2gics positius en l\u2019estudiant, aix\u00f2 s\u2019associa a un desenvolupament saludable, individual i col\u00b7lectiu.<\/p>\n<h4>Com ho fem?<\/h4>\n<p style=\"text-align: justify;\">A l\u2019escola i a la vida, qualsevol moment \u00e9s una oportunitat per fer aprenentatges emocionals, \u00e9s per aquest motiu que no es treballa a trav\u00e9s d\u2019una \u00e0rea concreta sin\u00f3 tothora. Tot i que hi ha moments de la jornada escolar, com poden ser les sessions de tutoria (de grup o individual) o les assemblees, en qu\u00e8 es tracten concretament temes relacionats amb les emocions, la resoluci\u00f3 de conflictes, les habilitats socials&#8230; en general es fa un treball transversal que es va donant al llarg de tota l\u2019escolaritat i es va adequant als diferents cursos i \u00e0rees, facilitant aix\u00ed que les criatures vagin madurant emocionalment, gestionant i generant relacions saludables amb un mateix, amb els altres, l\u2019entorn i el m\u00f3n.<br \/>\nTamb\u00e9 fem una sessi\u00f3 setmanal de <strong>filosofia 3\/12<\/strong> que t\u00e9 la finalitat de refor\u00e7ar les habilitats de pensament l\u2019objectiu fonamental de la qual ser\u00e0 ajudar l&#8217;alumnat a <strong>pensar millor per si mateixos<\/strong>. Desenvolupem l\u2019activitat a partir de jocs i activitats l\u00fadiques, contes populars i tradicionals, l\u2019art, curtmetratges\u2026<br \/>\nAl tercer trimestre es desenvolupa un projecte per treballar aspectes relacionats amb l\u2019educaci\u00f3 emocional. A educaci\u00f3 infantil: La bimba. Aquest personatge ens ajuda a parlar d\u2019on venim, de les nostres fam\u00edlies&#8230;\u00a0A educaci\u00f3 prim\u00e0ria: La meva hist\u00f2ria, El meu nom, Com s\u00f3c jo&#8230;<\/p>\n<p style=\"text-align: justify;\">Tamb\u00e9 fem uns tallers d\u2019educaci\u00f3 Emocional gestionats per l\u2019<strong>equip SEER<\/strong> que formen parts dels <strong>projectes TANDEM<\/strong>, de l\u2019Ajuntament de l\u2019Hospitalet de Llobregat.<br \/>\nDins el marc del projecte T\u00e0ndem es fonamenta una relaci\u00f3 d\u2019acompanyament continuat per part de l\u2019Equip SEER cap a la comunitat educativa de Paco Candel.<br \/>\nEn aquest sentit, es pret\u00e9n que aquest acompanyament fomenti la inclusi\u00f3 d\u2019una figura de referent especialista en l\u2019educaci\u00f3 emocional i que sigui present al centre al llarg del curs.<br \/>\nLa proposta es basa en la inclusi\u00f3 d\u2019una persona facilitadora un dia a la setmana d\u2019octubre a maig. Les tasques d\u2019aquesta persona facilitadora es concreten en:<\/p>\n<ul>\n<li style=\"list-style-type: none;\">\n<ul>\n<li>Treball d\u2019acompanyament a tot l\u2019alumnat: tallers, espai escolta\u2026<\/li>\n<li>Assessorament a docents.<\/li>\n<li>Acompanyament en el pas a secund\u00e0ria als grups de sis\u00e8.<\/li>\n<li>Formaci\u00f3 a Claustre.<\/li>\n<li>Xerrades dirigides a les Fam\u00edlies.<\/li>\n<\/ul>\n<\/li>\n<\/ul>\n<p><img loading=\"lazy\" decoding=\"async\" class=\"wp-image-5188 alignleft\" src=\"https:\/\/agora.xtec.cat\/escolapacocandel\/wp-content\/uploads\/usu332\/2021\/11\/cf2d3364-526d-4a64-92e3-2eea439da0b0-e1637274632819-1024x743.jpg\" alt=\"\" width=\"289\" height=\"210\" srcset=\"https:\/\/agora.xtec.cat\/escolapacocandel\/wp-content\/uploads\/usu332\/2021\/11\/cf2d3364-526d-4a64-92e3-2eea439da0b0-e1637274632819-1024x743.jpg 1024w, https:\/\/agora.xtec.cat\/escolapacocandel\/wp-content\/uploads\/usu332\/2021\/11\/cf2d3364-526d-4a64-92e3-2eea439da0b0-e1637274632819-300x218.jpg 300w, https:\/\/agora.xtec.cat\/escolapacocandel\/wp-content\/uploads\/usu332\/2021\/11\/cf2d3364-526d-4a64-92e3-2eea439da0b0-e1637274632819-768x558.jpg 768w, https:\/\/agora.xtec.cat\/escolapacocandel\/wp-content\/uploads\/usu332\/2021\/11\/cf2d3364-526d-4a64-92e3-2eea439da0b0-e1637274632819.jpg 1080w\" sizes=\"auto, (max-width: 289px) 100vw, 289px\" \/><img loading=\"lazy\" decoding=\"async\" class=\"wp-image-5189 alignleft\" src=\"https:\/\/agora.xtec.cat\/escolapacocandel\/wp-content\/uploads\/usu332\/2021\/11\/IMG-0828-1024x576.jpg\" alt=\"\" width=\"374\" height=\"210\" srcset=\"https:\/\/agora.xtec.cat\/escolapacocandel\/wp-content\/uploads\/usu332\/2021\/11\/IMG-0828-1024x576.jpg 1024w, https:\/\/agora.xtec.cat\/escolapacocandel\/wp-content\/uploads\/usu332\/2021\/11\/IMG-0828-300x169.jpg 300w, https:\/\/agora.xtec.cat\/escolapacocandel\/wp-content\/uploads\/usu332\/2021\/11\/IMG-0828-768x432.jpg 768w, https:\/\/agora.xtec.cat\/escolapacocandel\/wp-content\/uploads\/usu332\/2021\/11\/IMG-0828-1536x864.jpg 1536w, https:\/\/agora.xtec.cat\/escolapacocandel\/wp-content\/uploads\/usu332\/2021\/11\/IMG-0828-2048x1152.jpg 2048w\" sizes=\"auto, (max-width: 374px) 100vw, 374px\" \/><\/p>\n","protected":false},"excerpt":{"rendered":"<p>El Projecte d\u2019Educaci\u00f3 Emocional de l\u2019escola Paco Candel est\u00e0 orientat a afavorir els processos de desenvolupament integral de l\u2019alumnat, facilitant el seu creixement personal d\u2019aprenentatge.<br \/>\nQuan parlem d\u2019educaci\u00f3 emocional, parlem del desenvolupament d\u2019habilitats socioemocionals que activen la nostra intel\u00b7lig\u00e8ncia amb el fi de generar benestar intern,&hellip;  <a href=\"https:\/\/agora.xtec.cat\/escolapacocandel\/projecte-educatiu\/educacio-emocional\/\" title=\"Read Educaci\u00f3 emocional\">Llegeix m\u00e9s\u00bb<\/a><\/p>\n","protected":false},"author":1,"featured_media":0,"parent":64,"menu_order":0,"comment_status":"closed","ping_status":"closed","template":"","meta":{"_bbp_topic_count":0,"_bbp_reply_count":0,"_bbp_total_topic_count":0,"_bbp_total_reply_count":0,"_bbp_voice_count":0,"_bbp_anonymous_reply_count":0,"_bbp_topic_count_hidden":0,"_bbp_reply_count_hidden":0,"_bbp_forum_subforum_count":0,"footnotes":""},"class_list":["post-886","page","type-page","status-publish","hentry"],"post_mailing_queue_ids":[],"_links":{"self":[{"href":"https:\/\/agora.xtec.cat\/escolapacocandel\/wp-json\/wp\/v2\/pages\/886","targetHints":{"allow":["GET"]}}],"collection":[{"href":"https:\/\/agora.xtec.cat\/escolapacocandel\/wp-json\/wp\/v2\/pages"}],"about":[{"href":"https:\/\/agora.xtec.cat\/escolapacocandel\/wp-json\/wp\/v2\/types\/page"}],"author":[{"embeddable":true,"href":"https:\/\/agora.xtec.cat\/escolapacocandel\/wp-json\/wp\/v2\/users\/1"}],"replies":[{"embeddable":true,"href":"https:\/\/agora.xtec.cat\/escolapacocandel\/wp-json\/wp\/v2\/comments?post=886"}],"version-history":[{"count":3,"href":"https:\/\/agora.xtec.cat\/escolapacocandel\/wp-json\/wp\/v2\/pages\/886\/revisions"}],"predecessor-version":[{"id":8811,"href":"https:\/\/agora.xtec.cat\/escolapacocandel\/wp-json\/wp\/v2\/pages\/886\/revisions\/8811"}],"up":[{"embeddable":true,"href":"https:\/\/agora.xtec.cat\/escolapacocandel\/wp-json\/wp\/v2\/pages\/64"}],"wp:attachment":[{"href":"https:\/\/agora.xtec.cat\/escolapacocandel\/wp-json\/wp\/v2\/media?parent=886"}],"curies":[{"name":"wp","href":"https:\/\/api.w.org\/{rel}","templated":true}]}}