{"id":5082,"date":"2021-11-15T22:58:13","date_gmt":"2021-11-15T21:58:13","guid":{"rendered":"https:\/\/agora.xtec.cat\/escolapacocandel\/?page_id=5082"},"modified":"2025-09-08T11:09:28","modified_gmt":"2025-09-08T09:09:28","slug":"qui-som","status":"publish","type":"page","link":"https:\/\/agora.xtec.cat\/escolapacocandel\/lescola\/qui-som\/","title":{"rendered":"Qui som"},"content":{"rendered":"<h6>Equip directiu<\/h6>\n<table style=\"border-collapse: collapse; width: 63.7839%; height: 126px;\">\n<tbody>\n<tr style=\"height: 47px;\">\n<td style=\"width: 14.5455%; height: 47px;\">Directora<\/td>\n<td style=\"width: 32.9402%; height: 47px;\">Lidia Rodr\u00edguez<\/td>\n<td style=\"width: 74.5383%; height: 126px;\" rowspan=\"3\"><a href=\"https:\/\/agora.xtec.cat\/escolapacocandel\/wp-content\/uploads\/usu332\/2024\/09\/1.png\"><img loading=\"lazy\" decoding=\"async\" class=\"alignnone wp-image-9436\" src=\"https:\/\/agora.xtec.cat\/escolapacocandel\/wp-content\/uploads\/usu332\/2024\/09\/1-212x300.png\" alt=\"\" width=\"185\" height=\"262\" srcset=\"https:\/\/agora.xtec.cat\/escolapacocandel\/wp-content\/uploads\/usu332\/2024\/09\/1-212x300.png 212w, https:\/\/agora.xtec.cat\/escolapacocandel\/wp-content\/uploads\/usu332\/2024\/09\/1.png 280w\" sizes=\"auto, (max-width: 185px) 100vw, 185px\" \/><\/a><\/td>\n<\/tr>\n<tr style=\"height: 47px;\">\n<td style=\"width: 14.5455%; height: 47px;\">Cap d&#8217;estudis<\/td>\n<td style=\"width: 32.9402%; height: 47px;\">Samantha Mateu<\/td>\n<\/tr>\n<tr style=\"height: 32px;\">\n<td style=\"width: 14.5455%; height: 32px;\">Secret\u00e0ria<\/td>\n<td style=\"width: 32.9402%; height: 32px;\">Yolanda Pino<\/td>\n<\/tr>\n<\/tbody>\n<\/table>\n<h6>Equip docent<\/h6>\n<p><strong><em>Comunitat de petits i petites<\/em><\/strong><\/p>\n<table style=\"border-collapse: collapse; width: 71.757%; height: 153px;\">\n<tbody>\n<tr style=\"height: 47px;\">\n<td style=\"width: 14.5455%; height: 74px;\">I3<\/td>\n<td style=\"width: 24.8477%; height: 74px;\">Elisabeth Caritg i Ana Baldov\u00ed<\/td>\n<td style=\"width: 94.8933%; height: 153px;\" rowspan=\"3\"><a href=\"https:\/\/agora.xtec.cat\/escolapacocandel\/wp-content\/uploads\/usu332\/2025\/09\/Petites.jpg\"><img loading=\"lazy\" decoding=\"async\" class=\"aligncenter size-full wp-image-10160\" src=\"https:\/\/agora.xtec.cat\/escolapacocandel\/wp-content\/uploads\/usu332\/2025\/09\/Petites.jpg\" alt=\"\" width=\"643\" height=\"433\" srcset=\"https:\/\/agora.xtec.cat\/escolapacocandel\/wp-content\/uploads\/usu332\/2025\/09\/Petites.jpg 643w, https:\/\/agora.xtec.cat\/escolapacocandel\/wp-content\/uploads\/usu332\/2025\/09\/Petites-300x202.jpg 300w\" sizes=\"auto, (max-width: 643px) 100vw, 643px\" \/><\/a><\/td>\n<\/tr>\n<tr style=\"height: 47px;\">\n<td style=\"width: 14.5455%; height: 47px;\">I4<\/td>\n<td style=\"width: 24.8477%; height: 47px;\">Sheila Ju\u00e1rez i V\u00edctor Ju\u00e1rez<\/td>\n<\/tr>\n<tr style=\"height: 32px;\">\n<td style=\"width: 14.5455%; height: 32px;\">I5<\/td>\n<td style=\"width: 24.8477%; height: 32px;\">Judith Puig i Cristina Mart\u00edn<\/td>\n<\/tr>\n<\/tbody>\n<\/table>\n<p><strong><em>Comunitat de mitjans i mitjanes<\/em><\/strong><\/p>\n<table style=\"border-collapse: collapse; width: 72.1624%; height: 126px;\">\n<tbody>\n<tr style=\"height: 47px;\">\n<td style=\"width: 14.5455%; height: 47px;\">1r<\/td>\n<td style=\"width: 24.8477%; height: 47px;\">Roger Berna i Roser Acevedo<\/td>\n<td style=\"width: 95.4714%; height: 126px;\" rowspan=\"3\"><a href=\"https:\/\/agora.xtec.cat\/escolapacocandel\/wp-content\/uploads\/usu332\/2025\/09\/mitjanes.jpg\"><img loading=\"lazy\" decoding=\"async\" class=\"aligncenter  wp-image-10161\" src=\"https:\/\/agora.xtec.cat\/escolapacocandel\/wp-content\/uploads\/usu332\/2025\/09\/mitjanes.jpg\" alt=\"\" width=\"348\" height=\"296\" srcset=\"https:\/\/agora.xtec.cat\/escolapacocandel\/wp-content\/uploads\/usu332\/2025\/09\/mitjanes.jpg 510w, https:\/\/agora.xtec.cat\/escolapacocandel\/wp-content\/uploads\/usu332\/2025\/09\/mitjanes-300x255.jpg 300w\" sizes=\"auto, (max-width: 348px) 100vw, 348px\" \/><\/a><\/td>\n<\/tr>\n<tr style=\"height: 47px;\">\n<td style=\"width: 14.5455%; height: 47px;\">2n<\/td>\n<td style=\"width: 24.8477%; height: 47px;\">Eva O\/Isabel V i Gen\u00eds Aguall\u00f3<\/td>\n<\/tr>\n<tr style=\"height: 32px;\">\n<td style=\"width: 14.5455%; height: 32px;\">3r<\/td>\n<td style=\"width: 24.8477%; height: 32px;\">\u00a0Janna \u00c0lvarez i Ver\u00f2nica Garcia<\/td>\n<\/tr>\n<\/tbody>\n<\/table>\n<p><strong><em>Comunitat de grans<\/em><\/strong><\/p>\n<table style=\"border-collapse: collapse; width: 72.1624%; height: 126px;\">\n<tbody>\n<tr style=\"height: 47px;\">\n<td style=\"width: 14.5455%; height: 47px;\">4t<\/td>\n<td style=\"width: 24.8477%; height: 47px;\">J\u00falia A\/Noelia E i Carles Cols<\/td>\n<td style=\"width: 95.4714%; height: 126px;\" rowspan=\"3\"><a href=\"https:\/\/agora.xtec.cat\/escolapacocandel\/wp-content\/uploads\/usu332\/2025\/09\/grans.jpg\"><img loading=\"lazy\" decoding=\"async\" class=\"aligncenter size-full wp-image-10162\" src=\"https:\/\/agora.xtec.cat\/escolapacocandel\/wp-content\/uploads\/usu332\/2025\/09\/grans.jpg\" alt=\"\" width=\"543\" height=\"444\" srcset=\"https:\/\/agora.xtec.cat\/escolapacocandel\/wp-content\/uploads\/usu332\/2025\/09\/grans.jpg 543w, https:\/\/agora.xtec.cat\/escolapacocandel\/wp-content\/uploads\/usu332\/2025\/09\/grans-300x245.jpg 300w\" sizes=\"auto, (max-width: 543px) 100vw, 543px\" \/><\/a><\/td>\n<\/tr>\n<tr style=\"height: 47px;\">\n<td style=\"width: 14.5455%; height: 47px;\">5\u00e8<\/td>\n<td style=\"width: 24.8477%; height: 47px;\">Bego\u00f1a Mart\u00ednez i Clara Borr\u00f3s<\/td>\n<\/tr>\n<tr style=\"height: 32px;\">\n<td style=\"width: 14.5455%; height: 32px;\">6\u00e8<\/td>\n<td style=\"width: 24.8477%; height: 32px;\">\u00a0Sergi Lagos i Anna Vicens<\/td>\n<\/tr>\n<\/tbody>\n<\/table>\n<p><strong><em>Equip de llengua estrangera i m\u00fasica<\/em><\/strong><\/p>\n<table style=\"border-collapse: collapse; width: 72.1624%; height: 126px;\">\n<tbody>\n<tr style=\"height: 47px;\">\n<td style=\"width: 14.5455%; height: 94px;\" rowspan=\"2\">Angl\u00e8s<\/td>\n<td style=\"width: 24.8477%; height: 47px;\">Aida M\/ Eduard o F<\/td>\n<td style=\"width: 95.4714%; height: 126px;\" rowspan=\"3\"><a href=\"https:\/\/agora.xtec.cat\/escolapacocandel\/wp-content\/uploads\/usu332\/2025\/09\/especialistes.jpg\"><img loading=\"lazy\" decoding=\"async\" class=\"aligncenter size-full wp-image-10163\" src=\"https:\/\/agora.xtec.cat\/escolapacocandel\/wp-content\/uploads\/usu332\/2025\/09\/especialistes.jpg\" alt=\"\" width=\"525\" height=\"444\" srcset=\"https:\/\/agora.xtec.cat\/escolapacocandel\/wp-content\/uploads\/usu332\/2025\/09\/especialistes.jpg 525w, https:\/\/agora.xtec.cat\/escolapacocandel\/wp-content\/uploads\/usu332\/2025\/09\/especialistes-300x254.jpg 300w\" sizes=\"auto, (max-width: 525px) 100vw, 525px\" \/><\/a><\/td>\n<\/tr>\n<tr style=\"height: 47px;\">\n<td style=\"width: 24.8477%; height: 47px;\">Borja Ramos i Ana\u00eds Reyes<\/td>\n<\/tr>\n<tr style=\"height: 32px;\">\n<td style=\"width: 14.5455%; height: 32px;\">M\u00fasica<\/td>\n<td style=\"height: 32px; width: 24.8477%;\">Alicia de Llanos i Jeaneth C<\/td>\n<\/tr>\n<\/tbody>\n<\/table>\n<p><!--more--><\/p>\n<p><strong><em>Equip d&#8217;educaci\u00f3 f\u00edsica i vetlladors<\/em><\/strong><\/p>\n<table style=\"border-collapse: collapse; width: 72.1624%; height: 126px;\">\n<tbody>\n<tr style=\"height: 47px;\">\n<td style=\"height: 47px; width: 14.6067%;\">Educaci\u00f3 f\u00edsica<\/td>\n<td style=\"width: 24.8477%; height: 47px;\">Sheila Galisteo i Abel Turrillo<\/td>\n<td style=\"width: 95.4714%; height: 126px;\" rowspan=\"2\"><a href=\"https:\/\/agora.xtec.cat\/escolapacocandel\/wp-content\/uploads\/usu332\/2024\/09\/7.png\"><img loading=\"lazy\" decoding=\"async\" class=\"alignnone wp-image-9442\" src=\"https:\/\/agora.xtec.cat\/escolapacocandel\/wp-content\/uploads\/usu332\/2024\/09\/7-289x300.png\" alt=\"\" width=\"233\" height=\"242\" srcset=\"https:\/\/agora.xtec.cat\/escolapacocandel\/wp-content\/uploads\/usu332\/2024\/09\/7-289x300.png 289w, https:\/\/agora.xtec.cat\/escolapacocandel\/wp-content\/uploads\/usu332\/2024\/09\/7.png 351w\" sizes=\"auto, (max-width: 233px) 100vw, 233px\" \/><\/a><\/td>\n<\/tr>\n<tr style=\"height: 47px;\">\n<td style=\"width: 14.6067%;\">Vetlladors<\/td>\n<td style=\"width: 24.8477%; height: 47px;\">Miquel i Cristina Portet<\/td>\n<\/tr>\n<\/tbody>\n<\/table>\n<p><strong><em>Equip d&#8217;especialistes<\/em><\/strong><\/p>\n<table style=\"border-collapse: collapse; width: 72.1624%; height: 175px;\">\n<tbody>\n<tr style=\"height: 47px;\">\n<td style=\"width: 20.7253%; height: 47px;\">Coordinadora de la comunitat de mitjanes<\/p>\n<p>Coordinadora de la comunitat de grans<\/td>\n<td style=\"width: 18.6679%; height: 47px;\">Sheila Galiste<\/p>\n<p>Ana\u00eds Reyes<\/td>\n<td style=\"width: 95.4714%; height: 175px;\" rowspan=\"6\"><a href=\"https:\/\/agora.xtec.cat\/escolapacocandel\/wp-content\/uploads\/usu332\/2025\/09\/especialistesI.jpg\"><img loading=\"lazy\" decoding=\"async\" class=\"aligncenter size-full wp-image-10164\" src=\"https:\/\/agora.xtec.cat\/escolapacocandel\/wp-content\/uploads\/usu332\/2025\/09\/especialistesI.jpg\" alt=\"\" width=\"833\" height=\"450\" srcset=\"https:\/\/agora.xtec.cat\/escolapacocandel\/wp-content\/uploads\/usu332\/2025\/09\/especialistesI.jpg 833w, https:\/\/agora.xtec.cat\/escolapacocandel\/wp-content\/uploads\/usu332\/2025\/09\/especialistesI-300x162.jpg 300w, https:\/\/agora.xtec.cat\/escolapacocandel\/wp-content\/uploads\/usu332\/2025\/09\/especialistesI-768x415.jpg 768w\" sizes=\"auto, (max-width: 833px) 100vw, 833px\" \/><\/a><\/td>\n<\/tr>\n<tr style=\"height: 32px;\">\n<td style=\"width: 20.7253%; height: 32px;\">T\u00e8cnica d&#8217;educaci\u00f3 infantil<\/td>\n<td style=\"width: 18.6679%; height: 32px;\">Montse P\u00e9rez<\/td>\n<\/tr>\n<tr style=\"height: 32px;\">\n<td style=\"width: 20.7253%; height: 32px;\">Mestra de la SEIE<\/p>\n<p>Educadora del SIEI<\/p>\n<p>Mestra de la SIEI plus<\/td>\n<td style=\"width: 18.6679%; height: 32px;\">Sara Bitxet<\/p>\n<p>Marta Carracedo<\/p>\n<p>Mireia Ucar<\/td>\n<\/tr>\n<tr style=\"height: 32px;\">\n<td style=\"width: 20.7253%; height: 32px;\">Mestra d&#8217;educaci\u00f3 especial<\/td>\n<td style=\"width: 18.6679%; height: 32px;\">Reyes Ruiz i Cristina Garcia<\/td>\n<\/tr>\n<tr style=\"height: 32px;\">\n<td style=\"width: 20.7253%; height: 32px;\">Mestra de l&#8217;aula d&#8217;acollida<\/td>\n<td style=\"width: 18.6679%; height: 32px;\">Ana M i Claudia T<\/td>\n<\/tr>\n<\/tbody>\n<\/table>\n<p><strong><em>Equip de consergeria i administraci\u00f3<\/em><\/strong><\/p>\n<table style=\"border-collapse: collapse; width: 72.1624%; height: 110px;\">\n<tbody>\n<tr style=\"height: 47px;\">\n<td style=\"height: 47px; width: 14.6067%;\">Consergeria<\/td>\n<td style=\"width: 22.975%; height: 47px;\">Gabriela i Fede<\/td>\n<td style=\"width: 97.3441%; height: 110px;\" rowspan=\"2\"><a href=\"https:\/\/agora.xtec.cat\/escolapacocandel\/wp-content\/uploads\/usu332\/2024\/09\/8.png\"><img loading=\"lazy\" decoding=\"async\" class=\"alignnone wp-image-9443\" src=\"https:\/\/agora.xtec.cat\/escolapacocandel\/wp-content\/uploads\/usu332\/2024\/09\/8-192x300.png\" alt=\"\" width=\"156\" height=\"244\" srcset=\"https:\/\/agora.xtec.cat\/escolapacocandel\/wp-content\/uploads\/usu332\/2024\/09\/8-192x300.png 192w, https:\/\/agora.xtec.cat\/escolapacocandel\/wp-content\/uploads\/usu332\/2024\/09\/8.png 247w\" sizes=\"auto, (max-width: 156px) 100vw, 156px\" \/><\/a><\/td>\n<\/tr>\n<tr style=\"height: 47px;\">\n<td style=\"width: 14.6067%; height: 63px;\">Administrativa<\/td>\n<td style=\"width: 22.975%; height: 63px;\">Alba Jim\u00e9nez<\/td>\n<\/tr>\n<\/tbody>\n<\/table>\n<p><strong><em>Equip de l&#8217;espai de migdia, extraescolars i de cuina<\/em><\/strong><\/p>\n<table style=\"border-collapse: collapse; width: 72.1624%; height: 110px;\">\n<tbody>\n<tr style=\"height: 47px;\">\n<td style=\"height: 47px; width: 14.6067%;\">Coordinadores de l&#8217;espai de migdia i extraescolars<\/td>\n<td style=\"width: 24.8477%; height: 47px;\">Marina i Sheila<\/td>\n<td style=\"width: 95.4714%; height: 110px;\" rowspan=\"2\"><a href=\"https:\/\/agora.xtec.cat\/escolapacocandel\/wp-content\/uploads\/usu332\/2024\/09\/9.png\"><img loading=\"lazy\" decoding=\"async\" class=\"alignnone wp-image-9444\" src=\"https:\/\/agora.xtec.cat\/escolapacocandel\/wp-content\/uploads\/usu332\/2024\/09\/9-300x186.png\" alt=\"\" width=\"277\" height=\"172\" srcset=\"https:\/\/agora.xtec.cat\/escolapacocandel\/wp-content\/uploads\/usu332\/2024\/09\/9-300x186.png 300w, https:\/\/agora.xtec.cat\/escolapacocandel\/wp-content\/uploads\/usu332\/2024\/09\/9.png 478w\" sizes=\"auto, (max-width: 277px) 100vw, 277px\" \/><\/a><\/td>\n<\/tr>\n<tr style=\"height: 47px;\">\n<td style=\"width: 14.6067%; height: 63px;\">Auxiliars de cuina<\/td>\n<td style=\"width: 24.8477%; height: 63px;\">Susi\/ Sonia i Cris<\/td>\n<\/tr>\n<\/tbody>\n<\/table>\n","protected":false},"excerpt":{"rendered":"<p>Equip directiu<\/p>\n<p>Directora<br \/>\nLidia Rodr\u00edguez<br \/>\n<a href=\"https:\/\/agora.xtec.cat\/escolapacocandel\/wp-content\/uploads\/usu332\/2024\/09\/1.png\"><\/a><\/p>\n<p>Cap d&#8217;estudis<br \/>\nSamantha Mateu<\/p>\n<p>Secret\u00e0ria<br \/>\nYolanda Pino<\/p>\n<p>Equip docent<br \/>\nComunitat de petits i petites<\/p>\n<p>I3<br \/>\nElisabeth Caritg i Ana Baldov\u00ed<br \/>\n<a href=\"https:\/\/agora.xtec.cat\/escolapacocandel\/wp-content\/uploads\/usu332\/2025\/09\/Petites.jpg\"><\/a><\/p>\n<p>I4<br \/>\nSheila Ju\u00e1rez i V\u00edctor Ju\u00e1rez<\/p>\n<p>I5<br \/>\nJudith Puig i Cristina Mart\u00edn<\/p>\n<p>Comunitat de mitjans i mitjanes<\/p>\n<p>1r<br \/>\nRoger Berna i Roser Acevedo<br \/>\n<a href=\"https:\/\/agora.xtec.cat\/escolapacocandel\/wp-content\/uploads\/usu332\/2025\/09\/mitjanes.jpg\"><\/a><\/p>\n<p>2n<br \/>\nEva O\/Isabel V i Gen\u00eds Aguall\u00f3<\/p>\n<p>3r<br \/>\n\u00a0Janna \u00c0lvarez i Ver\u00f2nica Garcia<\/p>\n<p>Comunitat de grans<\/p>\n<p>4t<br \/>\nJ\u00falia&hellip;  <a href=\"https:\/\/agora.xtec.cat\/escolapacocandel\/lescola\/qui-som\/\" title=\"Read Qui som\">Llegeix m\u00e9s\u00bb<\/a><\/p>\n","protected":false},"author":1,"featured_media":0,"parent":22,"menu_order":0,"comment_status":"closed","ping_status":"closed","template":"","meta":{"_bbp_topic_count":0,"_bbp_reply_count":0,"_bbp_total_topic_count":0,"_bbp_total_reply_count":0,"_bbp_voice_count":0,"_bbp_anonymous_reply_count":0,"_bbp_topic_count_hidden":0,"_bbp_reply_count_hidden":0,"_bbp_forum_subforum_count":0,"footnotes":""},"class_list":["post-5082","page","type-page","status-publish","hentry"],"post_mailing_queue_ids":[],"_links":{"self":[{"href":"https:\/\/agora.xtec.cat\/escolapacocandel\/wp-json\/wp\/v2\/pages\/5082","targetHints":{"allow":["GET"]}}],"collection":[{"href":"https:\/\/agora.xtec.cat\/escolapacocandel\/wp-json\/wp\/v2\/pages"}],"about":[{"href":"https:\/\/agora.xtec.cat\/escolapacocandel\/wp-json\/wp\/v2\/types\/page"}],"author":[{"embeddable":true,"href":"https:\/\/agora.xtec.cat\/escolapacocandel\/wp-json\/wp\/v2\/users\/1"}],"replies":[{"embeddable":true,"href":"https:\/\/agora.xtec.cat\/escolapacocandel\/wp-json\/wp\/v2\/comments?post=5082"}],"version-history":[{"count":6,"href":"https:\/\/agora.xtec.cat\/escolapacocandel\/wp-json\/wp\/v2\/pages\/5082\/revisions"}],"predecessor-version":[{"id":10165,"href":"https:\/\/agora.xtec.cat\/escolapacocandel\/wp-json\/wp\/v2\/pages\/5082\/revisions\/10165"}],"up":[{"embeddable":true,"href":"https:\/\/agora.xtec.cat\/escolapacocandel\/wp-json\/wp\/v2\/pages\/22"}],"wp:attachment":[{"href":"https:\/\/agora.xtec.cat\/escolapacocandel\/wp-json\/wp\/v2\/media?parent=5082"}],"curies":[{"name":"wp","href":"https:\/\/api.w.org\/{rel}","templated":true}]}}