{"id":28,"date":"2014-09-18T12:29:35","date_gmt":"2014-09-18T12:29:35","guid":{"rendered":"http:\/\/agora.xtec.cat\/escolapacocandel\/?page_id=28"},"modified":"2024-06-06T13:08:04","modified_gmt":"2024-06-06T11:08:04","slug":"consell-escolar","status":"publish","type":"page","link":"https:\/\/agora.xtec.cat\/escolapacocandel\/lescola\/consell-escolar\/","title":{"rendered":"Consell escolar"},"content":{"rendered":"<h6>QU\u00c8 \u00c9S EL CONSELL ESCOLAR?<\/h6>\n<p>\u00c9s l&#8217;\u00f2rgan de participaci\u00f3 en el control i gesti\u00f3 del centre des de diferents sectors que constitueixen la comunitat educativa: alumnat, mestres, fam\u00edlies i personal d&#8217;administraci\u00f3 i serveis.<\/p>\n<h6>CONSELL ESCOLAR<\/h6>\n<table style=\"border-collapse: collapse; width: 100%; height: 256px;\">\n<tbody>\n<tr style=\"height: 32px;\">\n<td style=\"width: 26.1363%; height: 32px;\">Directora<\/td>\n<td style=\"width: 73.8637%; height: 32px;\">Lidia Rodr\u00edguez<\/td>\n<\/tr>\n<tr style=\"height: 32px;\">\n<td style=\"width: 26.1363%; height: 32px;\">Cap d&#8217;estudis<\/td>\n<td style=\"width: 73.8637%; height: 32px;\">Samantha Mateu<\/td>\n<\/tr>\n<tr style=\"height: 32px;\">\n<td style=\"width: 26.1363%; height: 32px;\">Secretari<\/td>\n<td style=\"width: 73.8637%; height: 32px;\">Yolanda Pino<\/td>\n<\/tr>\n<tr style=\"height: 32px;\">\n<td style=\"width: 26.1363%; height: 32px;\">Representants dels mestres<\/td>\n<td style=\"width: 73.8637%; height: 32px;\">Alba Rubio, Janna \u00c1lvarez, Sheila Galisteo, Sandra Gonz\u00e1lez, Sheila Ju\u00e1rez.<\/td>\n<\/tr>\n<tr style=\"height: 32px;\">\n<td style=\"width: 26.1363%; height: 32px;\">Representants de les fam\u00edlies<\/td>\n<td style=\"width: 73.8637%; height: 32px;\"><span style=\"font-weight: 400;\">J\u00falia Celada, Anna Moya,<\/span> Raquel Anta, Xavier Garc\u00eda i Lorena Gonz\u00e1lez (AFA)<\/td>\n<\/tr>\n<tr style=\"height: 32px;\">\n<td style=\"width: 26.1363%; height: 32px;\">Representant del PAS<\/td>\n<td style=\"width: 73.8637%; height: 32px;\"><span style=\"font-weight: 400;\">Alba Jim\u00e9nez<\/span><\/td>\n<\/tr>\n<tr style=\"height: 32px;\">\n<td style=\"width: 26.1363%; height: 32px;\">Representant del PAE<\/td>\n<td style=\"width: 73.8637%; height: 32px;\">Marta Carracedo<\/td>\n<\/tr>\n<tr style=\"height: 32px;\">\n<td style=\"width: 26.1363%; height: 32px;\">Representant de l&#8217;ajuntament<\/td>\n<td style=\"width: 73.8637%; height: 32px;\"><span style=\"font-weight: 400;\">Im\u00e1n Aisa<\/span><\/td>\n<\/tr>\n<\/tbody>\n<\/table>\n<h6>QUINES S\u00d3N LES FUNCIONS DEL CONSELL ESCOLAR?<\/h6>\n<ul style=\"list-style-type: circle;\">\n<li>Aprovar el projecte educatiu i les modificacions corresponents per una majoria de tres cinquenes parts dels membres.<\/li>\n<li>Aprovar la programaci\u00f3 general anual del centre i avaluar-ne el desenvolupament i els resultats.<\/li>\n<li>Aprovar les propostes d&#8217;acord de corresponsabilitat, convenis i altres acords de col\u00b7laboraci\u00f3 del centre amb entitats o institucions.<\/li>\n<li>Aprovar les normes d&#8217;organitzaci\u00f3 i funcionament i les modificacions corresponents.<\/li>\n<li>Aprovar la carta de comprom\u00eds educatiu.<\/li>\n<li>Aprovar el pressupost del centre i el rendiment de comptes.<\/li>\n<li>Intervenir en el procediment d&#8217;admissi\u00f3 d&#8217;alumnes.<\/li>\n<li>Participar en el procediment de selecci\u00f3 i en la proposta de cessament del director o directora.<\/li>\n<li>Intervenir en la resoluci\u00f3 de conflictes i, si s&#8217;escau, revisar les sancions als alumnes.<\/li>\n<li>Aprovar les directrius per a la programaci\u00f3 d&#8217;activitats escolars complement\u00e0ries i d&#8217;activitats extraescolars, i avaluar-ne el desenvolupament.<\/li>\n<li>Participar en les an\u00e0lisis i les avaluacions del funcionament general del centre i con\u00e8ixer l&#8217;evoluci\u00f3 del rendiment escolar.<\/li>\n<li>Aprovar els criteris de col\u00b7laboraci\u00f3 amb altres centres i amb l&#8217;entorn.<\/li>\n<li>Qualsevol altra que li sigui atribu\u00efda per les normes legals o reglament\u00e0ries.<\/li>\n<\/ul>\n<p>&nbsp;<\/p>\n<p><a href=\"https:\/\/drive.google.com\/file\/d\/1kW3q5guCH3xbJqS9ArmNqJNtXi1bjYqX\/view?usp=drive_link\">ACTA CONSELL\u00a0 12-12-2023<\/a><\/p>\n<p><a href=\"https:\/\/drive.google.com\/file\/d\/1XHcjqyllS-ngTOb6T1DmEvwAbFonvgEY\/view?usp=sharing\">ACTA CONSELL 29-01-2024<\/a><\/p>\n<p><a href=\"https:\/\/drive.google.com\/file\/d\/1wQWNae6391fdcZ4TsL0yI7H2tXYqvot0\/view?usp=sharing\">ACTA CONSELL 28-05-2024<\/a><\/p>\n","protected":false},"excerpt":{"rendered":"<p>QU\u00c8 \u00c9S EL CONSELL ESCOLAR?<br \/>\n\u00c9s l&#8217;\u00f2rgan de participaci\u00f3 en el control i gesti\u00f3 del centre des de diferents sectors que constitueixen la comunitat educativa: alumnat, mestres, fam\u00edlies i personal d&#8217;administraci\u00f3 i serveis.<br \/>\nCONSELL ESCOLAR<\/p>\n<p>Directora<br \/>\nLidia Rodr\u00edguez<\/p>\n<p>Cap d&#8217;estudis<br \/>\nSamantha Mateu<\/p>\n<p>Secretari<br \/>\nYolanda Pino<\/p>\n<p>Representants dels mestres<br \/>\nAlba Rubio, Janna \u00c1lvarez, Sheila Galisteo, Sandra&hellip;  <a href=\"https:\/\/agora.xtec.cat\/escolapacocandel\/lescola\/consell-escolar\/\" title=\"Read Consell escolar\">Llegeix m\u00e9s\u00bb<\/a><\/p>\n","protected":false},"author":2,"featured_media":0,"parent":22,"menu_order":30,"comment_status":"closed","ping_status":"closed","template":"page-templates\/side-menu.php","meta":{"_bbp_topic_count":0,"_bbp_reply_count":0,"_bbp_total_topic_count":0,"_bbp_total_reply_count":0,"_bbp_voice_count":0,"_bbp_anonymous_reply_count":0,"_bbp_topic_count_hidden":0,"_bbp_reply_count_hidden":0,"_bbp_forum_subforum_count":0,"footnotes":""},"class_list":["post-28","page","type-page","status-publish","hentry"],"post_mailing_queue_ids":[],"_links":{"self":[{"href":"https:\/\/agora.xtec.cat\/escolapacocandel\/wp-json\/wp\/v2\/pages\/28","targetHints":{"allow":["GET"]}}],"collection":[{"href":"https:\/\/agora.xtec.cat\/escolapacocandel\/wp-json\/wp\/v2\/pages"}],"about":[{"href":"https:\/\/agora.xtec.cat\/escolapacocandel\/wp-json\/wp\/v2\/types\/page"}],"author":[{"embeddable":true,"href":"https:\/\/agora.xtec.cat\/escolapacocandel\/wp-json\/wp\/v2\/users\/2"}],"replies":[{"embeddable":true,"href":"https:\/\/agora.xtec.cat\/escolapacocandel\/wp-json\/wp\/v2\/comments?post=28"}],"version-history":[{"count":8,"href":"https:\/\/agora.xtec.cat\/escolapacocandel\/wp-json\/wp\/v2\/pages\/28\/revisions"}],"predecessor-version":[{"id":9338,"href":"https:\/\/agora.xtec.cat\/escolapacocandel\/wp-json\/wp\/v2\/pages\/28\/revisions\/9338"}],"up":[{"embeddable":true,"href":"https:\/\/agora.xtec.cat\/escolapacocandel\/wp-json\/wp\/v2\/pages\/22"}],"wp:attachment":[{"href":"https:\/\/agora.xtec.cat\/escolapacocandel\/wp-json\/wp\/v2\/media?parent=28"}],"curies":[{"name":"wp","href":"https:\/\/api.w.org\/{rel}","templated":true}]}}