{"id":84,"date":"2014-09-18T14:11:31","date_gmt":"2014-09-18T13:11:31","guid":{"rendered":"http:\/\/agora.xtec.cat\/escolapablopicasso\/\/?page_id=84"},"modified":"2025-09-11T22:06:31","modified_gmt":"2025-09-11T20:06:31","slug":"activitats-extraescolars","status":"publish","type":"page","link":"https:\/\/agora.xtec.cat\/escolapablopicasso\/afa\/activitats-extraescolars\/","title":{"rendered":"Activitats extraescolars"},"content":{"rendered":"<p>&nbsp;<\/p>\n<p style=\"text-align: center;\"><strong>CURS 2025<\/strong><strong>-26<\/strong><\/p>\n<p>A continuaci\u00f3 us presentem la programaci\u00f3 d\u2019activitats extraescolars per al curs 2025-2026. S&#8217;han de tenir en compte totes les normes a seguir i els aspectes m\u00e9s importants que us detallem a continuaci\u00f3.<\/p>\n<p><strong>NORMATIVA EXTRAESCOLARS<\/strong><br \/>\n1. Les activitats extraescolars es realitzaran en horari de 16:30 a 17:30h, des de l &#8216;1\/10\/2025 al 28\/05\/2026.<\/p>\n<p>2. El cobrament es far\u00e0 trimestralment els mesos d\u2019octubre, gener i abril, mitjan\u00e7ant remesa banc\u00e0ria<br \/>\nS\u2019haur\u00e0 de retornar l\u2019annex adjunt d\u2019autoritzaci\u00f3 de c\u00e0rrec en compte en el moment de realitzar la inscripci\u00f3. Un cop fet el pagament del trimestre, no es retornaran els diners!!<\/p>\n<p>3. Per donar de baixa als infant d\u2019alguna activitat, cal que ho feu abans del pagament del seg\u00fcent trimestre, avisant al local de l\u2019AFA.<\/p>\n<p>4. Si no es pagu\u00e9s alguna quota, el cost que s\u2019ocasioni com a despeses banc\u00e0ries ser\u00e0 a c\u00e0rrec de les fam\u00edlies.<br \/>\nLa devoluci\u00f3 de tot rebut ser\u00e0 comunicat a la fam\u00edlia, si no s\u2019ha liquidat, l\u2019infant ser\u00e0 donat\/da de baixa de l\u2019activitat extraescolar.<\/p>\n<p>5. La sortida dels infants de les extraescolars ser\u00e0 per la porta principal del carrer Can\u00e0ries.<br \/>\nEls infants mai sortiran sols de les extraescolars, tret que la fam\u00edlia o tutor legal ho autoritzi amb el formulari adjunt com a annex i que s&#8217;ha que lliurar en el moment de les inscripcions.<\/p>\n<p>6. L\u2019AFA es reserva el dret a modificar o anular alguna activitat en el cas de no arribar a un m\u00ednim d\u2019infants.<\/p>\n<p>\u00c9s imprescindible estar al corrent de pagament ja sigui acollida, menjador i extraescolar, d&#8217;aquest curs com dels anteriors per acceptar la nova inscripci\u00f3. En cas contrari, s&#8217;haur\u00e0 de fer l&#8217;abonament del deute abans de fer la inscripci\u00f3.<\/p>\n<p><strong>PREU DE LES ACTIVITATS<\/strong><br \/>\nEls preus de les activitats extraescolars per aquest curs \u00e9s el seg\u00fcent:<br \/>\n-Quota mensual si \u00e9s soci\/a AFA: 19\/20 euros\/mes (segons activitat)<br \/>\n-Quota mensual si no \u00e9s NO soci\/a AFA: 25\/26euros\/ mes (segons activitat)<\/p>\n<p>-Asseguran\u00e7a cobertura esportiva i no esportiva 5 euros (nom\u00e9s es paga un cop).<br \/>\n* L\u2019asseguran\u00e7a nom\u00e9s es pagar\u00e0 una vegada per infant encara que faci m\u00e9s d&#8217;una activitat extraescolar.<br \/>\n(Cal tenir en compte que els monitors se\u2019ls hi paga hagi o no activitat. Encara que hi hagi un dia festiu, el cobrament de les activitats tamb\u00e9 \u00e9s fa per mes complert.)<\/p>\n<p><strong>QU\u00c8 HE DE FER?<\/strong><br \/>\nRetornar el quadre d\u2019inscripcions d\u2019extraescolars adjunt emplenat i signat al local de l\u2019AFA.<br \/>\nAutoritzaci\u00f3 c\u00e0rrec en compte bancari<br \/>\nAutoritzaci\u00f3 sortida sol escola (nom\u00e9s si \u00e9s el cas)<\/p>\n<p><strong>FINS QUAN HO PUC FER?<\/strong><br \/>\nM\u00e0xim fins el dijous 25\/09\/2025.<br \/>\nEN CAP CAS S\u2019ACCEPTARAN INSCRIPCIONS FORA DE TERMINI<\/p>\n<p>*A LES ACTIVITATS ESPORTIVES HA DE PORTAR ROBA C\u00d2MODA QUE ELS FACILITI EL MOVIMENT, I A PATINATGE PATINS DE BOTA DE 4 RODES.<\/p>\n<p>A continuaci\u00f3 trobareu el dossier amb tota la informaci\u00f3 (inscripci\u00f3, quotes, normativa, autoritzacions\u2026)<\/p>\n<p>Vinga!!! Animeu-vos!!!!<\/p>\n<p style=\"text-align: left;\">(cliqueu la imatge)<\/p>\n<p><a href=\"https:\/\/drive.google.com\/file\/d\/1KvoB8JM-AdRw-22t1RPy4ay9xrqc1f92\/view?usp=sharing\"><img loading=\"lazy\" decoding=\"async\" class=\"aligncenter size-full wp-image-8496\" src=\"https:\/\/agora.xtec.cat\/escolapablopicasso\/wp-content\/uploads\/usu295\/2025\/09\/extraescolars-25-26.png\" alt=\"\" width=\"480\" height=\"728\" srcset=\"https:\/\/agora.xtec.cat\/escolapablopicasso\/wp-content\/uploads\/usu295\/2025\/09\/extraescolars-25-26.png 480w, https:\/\/agora.xtec.cat\/escolapablopicasso\/wp-content\/uploads\/usu295\/2025\/09\/extraescolars-25-26-198x300.png 198w\" sizes=\"auto, (max-width: 480px) 100vw, 480px\" \/><\/a><\/p>\n<p>&nbsp;<\/p>\n","protected":false},"excerpt":{"rendered":"<p>&nbsp;<br \/>\nCURS 2025-26<br \/>\nA continuaci\u00f3 us presentem la programaci\u00f3 d\u2019activitats extraescolars per al curs 2025-2026. S&#8217;han de tenir en compte totes les normes a seguir i els aspectes m\u00e9s importants que us detallem a continuaci\u00f3.<br \/>\nNORMATIVA EXTRAESCOLARS<br \/>\n1. Les activitats extraescolars es realitzaran en horari de 16:30 a 17:30h,&hellip;  <a href=\"https:\/\/agora.xtec.cat\/escolapablopicasso\/afa\/activitats-extraescolars\/\" title=\"Read Activitats extraescolars\">Llegeix m\u00e9s\u00bb<\/a><\/p>\n","protected":false},"author":2,"featured_media":0,"parent":66,"menu_order":4,"comment_status":"closed","ping_status":"closed","template":"page-templates\/side-menu.php","meta":{"_bbp_topic_count":0,"_bbp_reply_count":0,"_bbp_total_topic_count":0,"_bbp_total_reply_count":0,"_bbp_voice_count":0,"_bbp_anonymous_reply_count":0,"_bbp_topic_count_hidden":0,"_bbp_reply_count_hidden":0,"_bbp_forum_subforum_count":0,"footnotes":""},"class_list":["post-84","page","type-page","status-publish","hentry"],"post_mailing_queue_ids":[],"_links":{"self":[{"href":"https:\/\/agora.xtec.cat\/escolapablopicasso\/wp-json\/wp\/v2\/pages\/84","targetHints":{"allow":["GET"]}}],"collection":[{"href":"https:\/\/agora.xtec.cat\/escolapablopicasso\/wp-json\/wp\/v2\/pages"}],"about":[{"href":"https:\/\/agora.xtec.cat\/escolapablopicasso\/wp-json\/wp\/v2\/types\/page"}],"author":[{"embeddable":true,"href":"https:\/\/agora.xtec.cat\/escolapablopicasso\/wp-json\/wp\/v2\/users\/2"}],"replies":[{"embeddable":true,"href":"https:\/\/agora.xtec.cat\/escolapablopicasso\/wp-json\/wp\/v2\/comments?post=84"}],"version-history":[{"count":7,"href":"https:\/\/agora.xtec.cat\/escolapablopicasso\/wp-json\/wp\/v2\/pages\/84\/revisions"}],"predecessor-version":[{"id":8500,"href":"https:\/\/agora.xtec.cat\/escolapablopicasso\/wp-json\/wp\/v2\/pages\/84\/revisions\/8500"}],"up":[{"embeddable":true,"href":"https:\/\/agora.xtec.cat\/escolapablopicasso\/wp-json\/wp\/v2\/pages\/66"}],"wp:attachment":[{"href":"https:\/\/agora.xtec.cat\/escolapablopicasso\/wp-json\/wp\/v2\/media?parent=84"}],"curies":[{"name":"wp","href":"https:\/\/api.w.org\/{rel}","templated":true}]}}